    
{"id":88768,"date":"2026-01-05T12:42:05","date_gmt":"2026-01-05T11:42:05","guid":{"rendered":"https:\/\/www.praha7.cz\/?page_id=88768"},"modified":"2026-01-06T11:14:39","modified_gmt":"2026-01-06T10:14:39","slug":"oddeleni-podpory-bydleni","status":"publish","type":"page","link":"https:\/\/www.praha7.cz\/radnice\/organizacni-struktura\/odbor-socialniho-zaclenovani\/oddeleni-podpory-bydleni\/","title":{"rendered":"Odd\u011blen\u00ed podpory bydlen\u00ed"},"content":{"rendered":"<p>[perex]<\/p>\r\n<p><strong>Odd\u011blen\u00ed podpory bydlen\u00ed (<a href=\"https:\/\/www.praha7.cz\/temata\/pomahame\/kontaktni-misto\/\">Kontaktn\u00ed m\u00edsto pro bydlen\u00ed<\/a>, KMB)<\/strong> zaji\u0161\u0165uje odborn\u00e9 poradenstv\u00ed v&nbsp;oblasti bydlen\u00ed, posuzuje bytovou nouzi a&nbsp;koordinuje podp\u016frn\u00e1 opat\u0159en\u00ed pro osoby v&nbsp;bytov\u00e9 nouzi. Spravuje agendu \u017e\u00e1dost\u00ed o&nbsp;obecn\u00ed byty, v\u010detn\u011b evidence, zm\u011bn a&nbsp;prodlu\u017eov\u00e1n\u00ed n\u00e1jemn\u00edch vztah\u016f. V\u011bnuje se tak\u00e9 seniorsk\u00e9 politice, provozuje p\u016fj\u010dovnu kompenza\u010dn\u00edch pom\u016fcek a&nbsp;souvisej\u00edc\u00ed slu\u017eby podpory senior\u016f a&nbsp;pe\u010duj\u00edc\u00edch, v\u010detn\u011b komunitn\u00ed pr\u00e1ce v&nbsp;domech s&nbsp;byty zvl\u00e1\u0161tn\u00edho ur\u010den\u00ed. Sou\u010dasn\u011b vykon\u00e1v\u00e1 koncep\u010dn\u00ed a&nbsp;koordina\u010dn\u00ed \u010dinnost v&nbsp;oblasti bydlen\u00ed a&nbsp;soci\u00e1ln\u00ed politiky na \u00fazem\u00ed Prahy&nbsp;7.<\/p>\r\n<p>[\/perex]<br \/>\r\n        <div class=\"collapse-block\">\r\n            <div class=\"card-header\" role=\"tab\" id=\"headinge5307ffe0d85f3a078a67571df8a680e8372114b\">\r\n                                    <h3 class=\"mb-0\">\r\n                        <a data-toggle=\"collapse\" href=\"#collapsee5307ffe0d85f3a078a67571df8a680e8372114b\" aria-controls=\"collapsee5307ffe0d85f3a078a67571df8a680e8372114b\">\r\n                            Podrobn\u00fd popis \u010dinnosti                            <i class=\"fa fa-2x fa-angle-down\" aria-hidden=\"true\"><\/i>\r\n                        <\/a>\r\n                    <\/h3>\r\n                                \r\n            <\/div>\r\n\r\n            <div id=\"collapsee5307ffe0d85f3a078a67571df8a680e8372114b\" class=\"collapse\" data-id=\"e5307ffe0d85f3a078a67571df8a680e8372114b\" role=\"tabpanel\" aria-labelledby=\"headinge5307ffe0d85f3a078a67571df8a680e8372114b\">\r\n                <div class=\"card-block\">\r\n    <\/p>\r\n<p><strong>1.\u00a0\u00a0\u00a0\u00a0\u00a0 Odd\u011blen\u00ed podpory bydlen\u00ed \u2013 KMB<\/strong><\/p>\r\n<p><strong>V\u00a0p\u0159enesen\u00e9 p\u016fsobnosti:<\/strong><\/p>\r\n<p>a)\u00a0\u00a0\u00a0\u00a0\u00a0 Z\u00e1kladn\u00ed a&nbsp;specializovan\u00e9 poradenstv\u00ed v\u00a0oblasti bydlen\u00ed<br \/>\r\nb)\u00a0\u00a0\u00a0\u00a0\u00a0 Kontrola a&nbsp;sb\u011br dat<br \/>\r\nc)\u00a0\u00a0\u00a0\u00a0\u00a0 Posouzen\u00ed bytov\u00e9 nouze a&nbsp;n\u00e1vrh podpory<br \/>\r\nd)\u00a0\u00a0\u00a0\u00a0\u00a0 Koordinace poskytov\u00e1n\u00ed podp\u016frn\u00fdch opat\u0159en\u00ed<br \/>\r\ne)\u00a0\u00a0\u00a0\u00a0\u00a0 Z\u00e1pisy a&nbsp;zm\u011bny v\u202fevidenci<br \/>\r\nf)\u00a0\u00a0\u00a0\u00a0\u00a0\u00a0 Vyrozum\u011bn\u00ed pot\u0159ebn\u00e9ho \/ podporovan\u00e9 osoby o&nbsp;z\u00e1pisu, zm\u011bn\u011b nebo v\u00fdmazu<br \/>\r\ng)\u00a0\u00a0\u00a0\u00a0\u00a0 Prodlu\u017eov\u00e1n\u00ed platnosti z\u00e1pisu pot\u0159ebn\u00e9ho<br \/>\r\nh)\u00a0\u00a0\u00a0\u00a0\u00a0 Vy\u0159izov\u00e1n\u00ed zm\u011bn evidovan\u00fdch \u00fadaj\u016f o&nbsp;pot\u0159ebn\u00e9m<br \/>\r\ni)\u00a0\u00a0\u00a0\u00a0\u00a0\u00a0\u00a0 Zpracov\u00e1n\u00ed zpr\u00e1vy o&nbsp;bydlen\u00ed<br \/>\r\nj)\u00a0\u00a0\u00a0\u00a0\u00a0\u00a0\u00a0 Depist\u00e1\u017e p\u0159i instituc\u00edch<br \/>\r\nk)\u00a0\u00a0\u00a0\u00a0\u00a0 Svol\u00e1v\u00e1n\u00ed p\u0159\u00edpadov\u00fdch setk\u00e1n\u00ed<br \/>\r\nl)\u00a0\u00a0\u00a0\u00a0\u00a0\u00a0\u00a0 Svol\u00e1v\u00e1n\u00ed jedn\u00e1n\u00ed k\u202fukon\u010den\u00ed asistence<br \/>\r\nm)\u00a0\u00a0 Svol\u00e1v\u00e1n\u00ed jedn\u00e1n\u00ed k\u202fprodlou\u017een\u00ed asistence<br \/>\r\nn)\u00a0\u00a0\u00a0\u00a0\u00a0 Svol\u00e1v\u00e1n\u00ed metodicko-koordina\u010dn\u00edch setk\u00e1n\u00ed\u00a0<br \/>\r\no)\u00a0\u00a0\u00a0\u00a0\u00a0 Monitoring kapacit soci\u00e1ln\u00ed pr\u00e1ce v&nbsp;\u00fazem\u00ed<br \/>\r\np)\u00a0\u00a0\u00a0\u00a0\u00a0 Monitoring kapacit bytov\u00e9ho fondu v&nbsp;\u00fazem\u00ed<br \/>\r\nq)\u00a0\u00a0\u00a0\u00a0\u00a0 Tvorba mapy slu\u017eeb a&nbsp;podp\u016frn\u00fdch opat\u0159en\u00ed<br \/>\r\nr)\u00a0\u00a0\u00a0\u00a0\u00a0\u00a0 Zprost\u0159edkov\u00e1n\u00ed kontaktu klient\u016f s&nbsp;poskytovateli slu\u017eeb<\/p>\r\n<p><strong>V\u00a0samostatn\u00e9 p\u016fsobnosti:<\/strong><\/p>\r\n<p>a)\u00a0\u00a0\u00a0\u00a0\u00a0 Zaji\u0161\u0165uje funkci tajemn\u00edka V\u00fdboru pro vzd\u011bl\u00e1v\u00e1n\u00ed, soci\u00e1ln\u00ed politiku a&nbsp;zdravotnictv\u00ed v\u010detn\u011b souvisej\u00edc\u00ed samospr\u00e1vn\u00ed administrativn\u00ed agendy v&nbsp;oblasti soci\u00e1ln\u00ed politiky a&nbsp;zdravotnictv\u00ed.<br \/>\r\nb)\u00a0\u00a0\u00a0\u00a0\u00a0 Zaji\u0161\u0165uje funkci tajemn\u00edka Komise pro bezbari\u00e9rovost.\u00a0<br \/>\r\nc)\u00a0\u00a0\u00a0\u00a0\u00a0 Zaji\u0161\u0165uje p\u0159\u00edjem \u017e\u00e1dost\u00ed a&nbsp;evidenci \u017e\u00e1dost\u00ed o\u00a0obecn\u00ed byty.<br \/>\r\nd)\u00a0\u00a0\u00a0\u00a0 Realizuje agendu \u017e\u00e1dost\u00ed o&nbsp;slu\u017eebn\u00ed byty, komunikuje s&nbsp;veden\u00edm instituc\u00ed a&nbsp;hl\u00edd\u00e1 kv\u00f3ty obsazenosti slu\u017eebn\u00edch byt\u016f.<br \/>\r\ne)\u00a0\u00a0\u00a0\u00a0\u00a0 Ve spolupr\u00e1ci s\u00a0OMA realizuje agendu prodlu\u017eov\u00e1n\u00ed n\u00e1jemn\u00edch smluv n\u00e1jemn\u00edk\u016fm byt\u016f M\u010c Prahy&nbsp;7.<br \/>\r\nf)\u00a0\u00a0\u00a0\u00a0\u00a0\u00a0 Koordinuje agendu Bytov\u00e9 komise.<\/p>\r\n<p><strong>Oblast seniorsk\u00e9 politiky:<\/strong><\/p>\r\n<p>a)\u00a0\u00a0\u00a0\u00a0\u00a0 Pod\u00edl\u00ed se na pl\u00e1nov\u00e1n\u00ed a&nbsp;koordinaci seniorsk\u00e9 politiky a&nbsp;zav\u00e1d\u011bn\u00ed nov\u00fdch postup\u016f v&nbsp;Praze 7.<br \/>\r\nb)\u00a0\u00a0\u00a0\u00a0\u00a0 Zaji\u0161tuje \u010dinnost P\u016fj\u010dovny kompenza\u010dn\u00edch pom\u016fcek.<br \/>\r\nc)\u00a0\u00a0\u00a0\u00a0\u00a0\u00a0 Zaji\u0161\u0165uje administrativn\u00ed \u00fakony, souvisej\u00edc\u00ed s&nbsp;finan\u010dn\u00ed podporu soci\u00e1ln\u00ed slu\u017eby T\u00eds\u0148ov\u00e1 p\u00e9\u010de.<br \/>\r\nd)\u00a0\u00a0\u00a0\u00a0\u00a0 Zaji\u0161\u0165uje \u010dinnost Senior poradny.<br \/>\r\ne)\u00a0\u00a0\u00a0\u00a0\u00a0 Spravuje showroom kompenza\u010dn\u00edch pom\u016fcek.<br \/>\r\nf)\u00a0\u00a0\u00a0\u00a0\u00a0\u00a0 Zaji\u0161\u0165uje \u010dinnosti spojen\u00e9 s\u00a0podporou neform\u00e1ln\u00edch pe\u010duj\u00edc\u00edch.<br \/>\r\ng)\u00a0\u00a0\u00a0\u00a0\u00a0 Spolupracuje s\u00a0koordin\u00e1tory sousedsk\u00fdch spolk\u016f.<\/p>\r\n                <\/div>\r\n            <\/div>\r\n        <\/div>\r\n    \r\n<div class=\"shortcode-container container-fluid no-bottom-padding division-detail  \">    \n    <div class=\"row\">\n\t\t <div class=\"row div-dept\">\n            <div class=\"col-xs-12 col-md-12 contact-info\">\n                <h4>Kontakt<\/h4>\n                <span>                   \n                    \u00da\u0159ad m\u011bstsk\u00e9 \u010d\u00e1sti Praha 7                   \n                <\/span><br>\n                <span>\n                    Odbor soci\u00e1ln\u00edho za\u010dle\u0148ov\u00e1n\u00ed\n                <\/span><br>\n                    <span>\n                        U Pr\u016fhonu 1338\/38\n                    <\/span><br>\n                    <span>\n                        Praha 7\n                    <\/span><br>\n                \n                \n\n            <\/div>\n        <\/div>\n    <\/div>\n<\/div>\r\n\n<div class=\"shortcode-container no-bottom-padding  \">    \n\t<div class=\"row\">\n\t\t<div class=\"col-xs-12 col-md-7\">\n\t\t\t<h3>Odd\u011blen\u00ed podpory bydlen\u00ed \u2013 KMB<\/h3>\n\t\t<\/div>\n\t<\/div>\n\t\t<div class=\"row\">\n\t\t\t<div class=\"col-xs-12 col-sm-4 col-md-3\">\n\t\t\t\t<span>pond\u011bl\u00ed<\/span>\n\t\t\t<\/div>\n\t\t\t\t<div class=\"col-xs-12 col-sm-8 col-md-9\">\n\t\t\t\t\t<span>7.30\u201318.00  kancel\u00e1\u0159 \u010d. 2.11 \/ kancel\u00e1\u0159 \u010d. 2.10 zav\u0159eno<\/span>\n\t\t\t\t<\/div>\n\t\t<\/div>\n\t\t<div class=\"row\">\n\t\t\t<div class=\"col-xs-12 col-sm-4 col-md-3\">\n\t\t\t\t<span>\u00fater\u00fd a p\u00e1tek<\/span>\n\t\t\t<\/div>\n\t\t\t\t<div class=\"col-xs-12 col-sm-8 col-md-9\">\n\t\t\t\t\t<span>zav\u0159eno<\/span>\n\t\t\t\t<\/div>\n\t\t<\/div>\n\t\t<div class=\"row\">\n\t\t\t<div class=\"col-xs-12 col-sm-4 col-md-3\">\n\t\t\t\t<span>st\u0159eda<\/span>\n\t\t\t<\/div>\n\t\t\t\t<div class=\"col-xs-12 col-sm-8 col-md-9\">\n\t\t\t\t\t<span>7.30\u201318.00  kancel\u00e1\u0159 \u010d. 2.11 a kancel\u00e1\u0159 \u010d. 2.10<\/span>\n\t\t\t\t<\/div>\n\t\t<\/div>\n\t\t<div class=\"row\">\n\t\t\t<div class=\"col-xs-12 col-sm-4 col-md-3\">\n\t\t\t\t<span>\u010dtvrtek<\/span>\n\t\t\t<\/div>\n\t\t\t\t<div class=\"col-xs-12 col-sm-8 col-md-9\">\n\t\t\t\t\t<span>7.30\u201314.00  kancel\u00e1\u0159 \u010d. 2.10 \/ kancel\u00e1\u0159 \u010d. 2.11 zav\u0159eno<\/span>\n\t\t\t\t<\/div>\n\t\t<\/div>\n\t<div class=\"row\">\n\t\t<div class=\"col-xs-12 col-md-12 office_hours_info\">\n\t\t\t\n\t\t<\/div>\t\n\t<\/div>\n<\/div>\r\n<div class=\"shortcode-container container-fluid text-xs-center no-bottom-padding \">\n\t<div class=\"row shortcode-row \">\n        <div class=\"row contact-item\">\n\n            <div class=\"col-xs-8 col-md-5 contact-info\">\n                <h3>Peterkov\u00e1 Korn\u00e9lie, Bc.<\/h3>\n                <span>vedouc\u00ed odd\u011blen\u00ed<\/span><br>\n                \n                <span>gsm. <a href=\"tel:+420608703876\">+420608703876<\/a><\/span><br>\n                <a href=\"mailto:peterkovak@praha7.cz\">peterkovak@praha7.cz<\/a><br>\n                <span>dve\u0159e 2.13<\/span>\n            <\/div>\n        <\/div>\n\t<\/div>\n\n        <div class=\"row shortcode-row \">\n            <div class=\"col-xs-6 contact-info sub-contact-info\">\n                <div class=\"row contact-item\">\n                    <h3>Zad\u00e1kov\u00e1 Kate\u0159ina, Dis.<\/h3>\n                    <span>navig\u00e1tor Kontaktn\u00edho m\u00edsta pro bydlen\u00ed<\/span><br>\n                    \n                    <span>gsm. <a href=\"tel:+420778966213\">+420778966213<\/a><\/span><br>\n                    <a href=\"mailto:zadakovak@praha7.cz\">zadakovak@praha7.cz<\/a><br>\n                    <span>dve\u0159e 2.11<\/span>\n                <\/div>\n            <\/div>\n            <div class=\"col-xs-6 contact-info sub-contact-info\">\n                <div class=\"contact-item\">\n                    <h3>Smereka Maryna, Mgr.<\/h3>\n                    <span>navig\u00e1tor Kontaktn\u00edho m\u00edsta pro bydlen\u00ed<\/span><br>\n                    \n                    <span>gsm. <a href=\"tel:+420603466352\">+420603466352<\/a><\/span><br>\n                    <a href=\"mailto:smerekam@praha7.cz\">smerekam@praha7.cz<\/a><br>\n                    <span>dve\u0159e 2.11<\/span>\n                <\/div>\n            <\/div>\n        <\/div>\n        <div class=\"row shortcode-row no-bottom-border\">\n            <div class=\"col-xs-6 contact-info sub-contact-info-last\">\n                <div class=\"row contact-item\">\n                    <h3>Panko Michaela<\/h3>\n                    <span>koordin\u00e1torka seniorsk\u00e9 politiky a sousedsk\u00fdch spolk\u016f<\/span><br>\n                    \n                    <span>gsm. <a href=\"tel:+420777482466\">+420777482466<\/a><\/span><br>\n                    <a href=\"mailto:pankom@praha7.cz\">pankom@praha7.cz<\/a><br>\n                    <span>dve\u0159e 2.09<\/span>\n                <\/div>\n            <\/div>\n        <\/div>\n<\/div>\n","protected":false},"excerpt":{"rendered":"[perex] Odd\u011blen\u00ed podpory bydlen\u00ed (Kontaktn\u00ed m\u00edsto pro bydlen\u00ed, KMB) zaji\u0161\u0165uje odborn\u00e9 poradenstv\u00ed v&nbsp;oblasti bydlen\u00ed, posuzuje bytovou nouzi a&nbsp;koordinuje podp\u016frn\u00e1 opat\u0159en\u00ed pro osoby v&nbsp;bytov\u00e9 nouzi. Spravuje agendu \u017e\u00e1dost\u00ed o&nbsp;obecn\u00ed byty, v\u010detn\u011b evidence, zm\u011bn a&nbsp;prodlu\u017eov\u00e1n\u00ed n\u00e1jemn\u00edch vztah\u016f. V\u011bnuje se tak\u00e9 seniorsk\u00e9 politice, provozuje p\u016fj\u010dovnu kompenza\u010dn\u00edch pom\u016fcek a&nbsp;souvisej\u00edc\u00ed slu\u017eby podpory senior\u016f a&nbsp;pe\u010duj\u00edc\u00edch, v\u010detn\u011b komunitn\u00ed pr\u00e1ce v&nbsp;domech s&nbsp;byty zvl\u00e1\u0161tn\u00edho [&hellip;]","protected":false},"author":76,"featured_media":0,"parent":1868,"menu_order":0,"comment_status":"closed","ping_status":"closed","template":"","meta":[],"_links":{"self":[{"href":"https:\/\/www.praha7.cz\/api\/wp\/v2\/pages\/88768"}],"collection":[{"href":"https:\/\/www.praha7.cz\/api\/wp\/v2\/pages"}],"about":[{"href":"https:\/\/www.praha7.cz\/api\/wp\/v2\/types\/page"}],"author":[{"embeddable":true,"href":"https:\/\/www.praha7.cz\/api\/wp\/v2\/users\/76"}],"replies":[{"embeddable":true,"href":"https:\/\/www.praha7.cz\/api\/wp\/v2\/comments?post=88768"}],"version-history":[{"count":13,"href":"https:\/\/www.praha7.cz\/api\/wp\/v2\/pages\/88768\/revisions"}],"predecessor-version":[{"id":88816,"href":"https:\/\/www.praha7.cz\/api\/wp\/v2\/pages\/88768\/revisions\/88816"}],"up":[{"embeddable":true,"href":"https:\/\/www.praha7.cz\/api\/wp\/v2\/pages\/1868"}],"wp:attachment":[{"href":"https:\/\/www.praha7.cz\/api\/wp\/v2\/media?parent=88768"}],"curies":[{"name":"wp","href":"https:\/\/api.w.org\/{rel}","templated":true}]}}