    
{"id":8817,"date":"2017-11-03T18:49:35","date_gmt":"2017-11-03T17:49:35","guid":{"rendered":"https:\/\/praha7.cz\/?page_id=8817"},"modified":"2025-01-03T12:39:06","modified_gmt":"2025-01-03T11:39:06","slug":"pro-media","status":"publish","type":"page","link":"https:\/\/www.praha7.cz\/radnice\/pro-media\/","title":{"rendered":"Pro m\u00e9dia a&nbsp;ke sta\u017een\u00ed"},"content":{"rendered":"<p>Pot\u0159ebujete-li jak\u00e9koli tiskov\u00e9 informace, obra\u0165te se na tiskov\u00e9ho mluv\u010d\u00edho m\u011bstsk\u00e9 \u010d\u00e1sti Praha&nbsp;7.<\/p>\r\n<div class=\"shortcode-container container-fluid no-bottom-padding \">\n\t<div class=\"row shortcode-row \">\n\t\t <div class=\"row contact-item\">\n\t\t\t<div class=\"col-xs-4 col-md-2 contact-photo\">\t\t\n\t\t\t\t<img src=\"https:\/\/www.praha7.cz\/wp-content\/uploads\/2018\/01\/IMG_9703-martin-vokus-400x400.jpg\" alt=\"placeholder\">\n\t\t\t<\/div>\n\t\t\t<div class=\"col-xs-8 col-md-5 contact-info\">\n\t\t\t\t<h3>Voku\u0161 Martin<\/h3>\n\t\t\t\t<span>vedouc\u00ed odd\u011blen\u00ed, tiskov\u00fd mluv\u010d\u00ed<\/span><br>\n\t\t\t\t<span>dve\u0159e 7.12\/7.13<\/span><br>\n\t\t\t\t<span>tel. <a>+420220144007<\/a><\/span><br>\n                <span>gsm. <a href=\"tel:+420603464810\">+420603464810<\/a><\/span><br>\n\t\t\t\t<a href=\"mailto:vokusm@praha7.cz\">vokusm@praha7.cz<\/a><br>\n\t\t\t<\/div>\n\t\t<\/div>\n\t<\/div>\n<\/div>\r\n<h2><a href=\"https:\/\/www.praha7.cz\/kategorie\/aktuality\/pro-media\/\">Tiskov\u00e9 zpr\u00e1vy<\/a><\/h2>\r\n<hr \/>\r\n<h3><strong>Loga ke sta\u017een\u00ed<\/strong><\/h3>\r\n<p>Loga jsou ur\u010dena pouze opr\u00e1vn\u011bn\u00fdm u\u017eivatel\u016fm z&nbsp;\u0159ad tiskov\u00fdch m\u00e9di\u00ed, medi\u00e1ln\u00edm partner\u016fm a&nbsp;organiz\u00e1tor\u016fm akc\u00ed, kter\u00fdm ud\u011blil z\u00e1\u0161titu n\u011bkter\u00fd z&nbsp;org\u00e1n\u016f m\u011bstsk\u00e9 \u010d\u00e1sti. Loga jsou registrovan\u00e9 ochrann\u00e9 zn\u00e1mky a&nbsp;poru\u0161en\u00ed pr\u00e1v k&nbsp;u\u017eit\u00ed ochrann\u00e9 zn\u00e1mky je trestn\u00e9 podle z\u00e1kona.<\/p>\r\n<p>&nbsp;<\/p>\r\n<h3>Logo M\u010c Praha&nbsp;7<\/h3>\r\n<p>&nbsp;<\/p>\r\n<p><img loading=\"lazy\" src=\"https:\/\/www.praha7.cz\/wp-content\/uploads\/2025\/01\/Praha-7-lg-bar-RGB-1500x322.png\" alt=\"\" width=\"463\" height=\"99\" class=\"alignnone  wp-image-81332\" srcset=\"https:\/\/www.praha7.cz\/wp-content\/uploads\/2025\/01\/Praha-7-lg-bar-RGB-1500x322.png 1500w, https:\/\/www.praha7.cz\/wp-content\/uploads\/2025\/01\/Praha-7-lg-bar-RGB-600x129.png 600w, https:\/\/www.praha7.cz\/wp-content\/uploads\/2025\/01\/Praha-7-lg-bar-RGB-768x165.png 768w, https:\/\/www.praha7.cz\/wp-content\/uploads\/2025\/01\/Praha-7-lg-bar-RGB-1536x330.png 1536w, https:\/\/www.praha7.cz\/wp-content\/uploads\/2025\/01\/Praha-7-lg-bar-RGB-2048x440.png 2048w\" sizes=\"(max-width: 463px) 100vw, 463px\" \/><\/p>\r\n<p><a href=\"https:\/\/www.praha7.cz\/wp-content\/uploads\/2025\/01\/Praha-7-logolist.pdf\" target=\"_blank\" rel=\"noopener\">Praha-7-logolist<\/a><\/p>\r\n<p><a href=\"https:\/\/www.praha7.cz\/wp-content\/uploads\/2025\/01\/Praha-7-lg-bar-RGB.png\" target=\"_blank\" rel=\"noopener\">Praha-7-lg-bar-RGB<\/a><\/p>\r\n<p><a href=\"https:\/\/www.praha7.cz\/wp-content\/uploads\/2025\/01\/Praha-7-lg-bar-CMYK.pdf\" target=\"_blank\" rel=\"noopener\">Praha-7-lg-bar-CMYK<\/a><\/p>\r\n<p><a href=\"https:\/\/www.praha7.cz\/wp-content\/uploads\/2025\/01\/Praha-7-lg-bar-PMS.pdf\" target=\"_blank\" rel=\"noopener\">Praha-7-lg-bar-PMS<\/a><\/p>\r\n<p><a href=\"https:\/\/www.praha7.cz\/wp-content\/uploads\/2025\/01\/Praha-7-lg-cb-RGB.png\" target=\"_blank\" rel=\"noopener\">Praha-7-lg-cb-RGB<\/a><\/p>\r\n<p><a href=\"https:\/\/www.praha7.cz\/wp-content\/uploads\/2025\/01\/Praha-7-lg-cb-CMYK.pdf\" target=\"_blank\" rel=\"noopener\">Praha-7-lg-cb-CMYK<\/a><\/p>\r\n<p><a href=\"https:\/\/www.praha7.cz\/wp-content\/uploads\/2025\/01\/Praha-7-lg-inv-RGB.png\" target=\"_blank\" rel=\"noopener\">Praha-7-lg-inv-RGB<\/a><\/p>\r\n<p><a href=\"https:\/\/www.praha7.cz\/wp-content\/uploads\/2025\/01\/Praha-7-lg-inv-CMYK.pdf\" target=\"_blank\" rel=\"noopener\">Praha-7-lg-inv-CMYK<\/a><\/p>\r\n<p>&nbsp;<\/p>\r\n<p><img loading=\"lazy\" src=\"https:\/\/www.praha7.cz\/wp-content\/uploads\/2025\/01\/Prague-7-lg-col-RGB-1500x280.png\" alt=\"\" width=\"544\" height=\"101\" class=\"alignnone  wp-image-81336\" srcset=\"https:\/\/www.praha7.cz\/wp-content\/uploads\/2025\/01\/Prague-7-lg-col-RGB-1500x280.png 1500w, https:\/\/www.praha7.cz\/wp-content\/uploads\/2025\/01\/Prague-7-lg-col-RGB-600x112.png 600w, https:\/\/www.praha7.cz\/wp-content\/uploads\/2025\/01\/Prague-7-lg-col-RGB-768x143.png 768w, https:\/\/www.praha7.cz\/wp-content\/uploads\/2025\/01\/Prague-7-lg-col-RGB-1536x287.png 1536w, https:\/\/www.praha7.cz\/wp-content\/uploads\/2025\/01\/Prague-7-lg-col-RGB-2048x383.png 2048w\" sizes=\"(max-width: 544px) 100vw, 544px\" \/><\/p>\r\n<p><a href=\"https:\/\/www.praha7.cz\/wp-content\/uploads\/2025\/01\/Praha-7-logolist-1.pdf\" target=\"_blank\" rel=\"noopener\">Prague-7-logolist<\/a><\/p>\r\n<p><a href=\"https:\/\/www.praha7.cz\/wp-content\/uploads\/2025\/01\/Prague-7-lg-col-RGB.png\" target=\"_blank\" rel=\"noopener\">Prague-7-lg-col-RGB<\/a><\/p>\r\n<p><a href=\"https:\/\/www.praha7.cz\/wp-content\/uploads\/2025\/01\/Prague-7-lg-col-CMYK.pdf\" target=\"_blank\" rel=\"noopener\">Prague-7-lg-col-CMYK<\/a><\/p>\r\n<p><a href=\"https:\/\/www.praha7.cz\/wp-content\/uploads\/2025\/01\/Prague-7-lg-col-PMS.pdf\" target=\"_blank\" rel=\"noopener\">Prague-7-lg-col-PMS<\/a><\/p>\r\n<p><a href=\"https:\/\/www.praha7.cz\/wp-content\/uploads\/2025\/01\/Prague-7-lg-bw-RGB.png\" target=\"_blank\" rel=\"noopener\">Prague-7-lg-bw-RGB<\/a><\/p>\r\n<p><a href=\"https:\/\/www.praha7.cz\/wp-content\/uploads\/2025\/01\/Prague-7-lg-bw-CMYK.pdf\" target=\"_blank\" rel=\"noopener\">Prague-7-lg-bw-CMYK<\/a><\/p>\r\n<p><a href=\"https:\/\/www.praha7.cz\/wp-content\/uploads\/2025\/01\/Prague-7-lg-inv-RGB.png\" target=\"_blank\" rel=\"noopener\">Prague-7-lg-inv-RGB<\/a><\/p>\r\n<p><a href=\"https:\/\/www.praha7.cz\/wp-content\/uploads\/2025\/01\/Prague-7-lg-inv-CMYK.pdf\" target=\"_blank\" rel=\"noopener\">Prague-7-lg-inv-CMYK<\/a><\/p>\r\n<p>&nbsp;<\/p>\r\n<h3>Logo Art District 7<\/h3>\r\n<p>Logo Art District 7 pou\u017e\u00edvejte pouze pokud po\u0159\u00e1d\u00e1te kulturn\u00ed akci na \u00fazem\u00ed M\u010c Praha&nbsp;7.<\/p>\r\n<p>&nbsp;<\/p>\r\n<p><img loading=\"lazy\" src=\"https:\/\/www.praha7.cz\/wp-content\/uploads\/2025\/01\/Art-District-7-lg-bar-RGB-1500x937.png\" alt=\"\" width=\"445\" height=\"278\" class=\"alignnone  wp-image-81346\" srcset=\"https:\/\/www.praha7.cz\/wp-content\/uploads\/2025\/01\/Art-District-7-lg-bar-RGB-1500x937.png 1500w, https:\/\/www.praha7.cz\/wp-content\/uploads\/2025\/01\/Art-District-7-lg-bar-RGB-600x375.png 600w, https:\/\/www.praha7.cz\/wp-content\/uploads\/2025\/01\/Art-District-7-lg-bar-RGB-768x480.png 768w, https:\/\/www.praha7.cz\/wp-content\/uploads\/2025\/01\/Art-District-7-lg-bar-RGB-1536x959.png 1536w, https:\/\/www.praha7.cz\/wp-content\/uploads\/2025\/01\/Art-District-7-lg-bar-RGB-2048x1279.png 2048w\" sizes=\"(max-width: 445px) 100vw, 445px\" \/><\/p>\r\n<p>&nbsp;<\/p>\r\n<p><a href=\"https:\/\/www.praha7.cz\/wp-content\/uploads\/2025\/01\/Art-District-7-logolist.pdf\" target=\"_blank\" rel=\"noopener\">Art-District-7-logolist<\/a><\/p>\r\n<p><a href=\"https:\/\/www.praha7.cz\/wp-content\/uploads\/2025\/01\/Art-District-7-lg-bar-RGB.png\" target=\"_blank\" rel=\"noopener\">Art-District-7-lg-bar-RGB<\/a><\/p>\r\n<p><a href=\"https:\/\/www.praha7.cz\/wp-content\/uploads\/2025\/01\/Art-District-7-lg-bar-CMYK.pdf\" target=\"_blank\" rel=\"noopener\">Art-District-7-lg-bar-CMYK<\/a><\/p>\r\n<p><a href=\"https:\/\/www.praha7.cz\/wp-content\/uploads\/2025\/01\/Art-District-7-lg-bar-PMS.pdf\" target=\"_blank\" rel=\"noopener\">Art-District-7-lg-bar-PMS<\/a><\/p>\r\n<p><a href=\"https:\/\/www.praha7.cz\/wp-content\/uploads\/2025\/01\/Art-District-7-lg-cb-RGB.png\" target=\"_blank\" rel=\"noopener\">Art-District-7-lg-cb-RGB<\/a><\/p>\r\n<p><a href=\"https:\/\/www.praha7.cz\/wp-content\/uploads\/2025\/01\/Art-District-7-lg-cb-CMYK.pdf\">Art-District-7-lg-cb-CMYK<\/a><\/p>\r\n<p><a href=\"https:\/\/www.praha7.cz\/wp-content\/uploads\/2025\/01\/Art-District-7-lg-inv-RGB.png\">Art-District-7-lg-inv-RGB<\/a><\/p>\r\n<p><a href=\"https:\/\/www.praha7.cz\/wp-content\/uploads\/2025\/01\/Art-District-7-lg-inv-CMYK.pdf\">Art-District-7-lg-inv-CMYK<\/a><\/p>\r\n<p>&nbsp;<\/p>\r\n<p>&nbsp;<\/p>\r\n<p>&nbsp;<\/p>\r\n<p>&nbsp;<\/p>\r\n<p>&nbsp;<\/p>\r\n<h2><\/h2>\r\n<p>&nbsp;<\/p>","protected":false},"excerpt":{"rendered":"Pot\u0159ebujete-li jak\u00e9koli tiskov\u00e9 informace, obra\u0165te se na tiskov\u00e9ho mluv\u010d\u00edho m\u011bstsk\u00e9 \u010d\u00e1sti Praha&nbsp;7. Tiskov\u00e9 zpr\u00e1vy Loga ke sta\u017een\u00ed Loga jsou ur\u010dena pouze opr\u00e1vn\u011bn\u00fdm u\u017eivatel\u016fm z&nbsp;\u0159ad tiskov\u00fdch m\u00e9di\u00ed, medi\u00e1ln\u00edm partner\u016fm a&nbsp;organiz\u00e1tor\u016fm akc\u00ed, kter\u00fdm ud\u011blil z\u00e1\u0161titu n\u011bkter\u00fd z&nbsp;org\u00e1n\u016f m\u011bstsk\u00e9 \u010d\u00e1sti. Loga jsou registrovan\u00e9 ochrann\u00e9 zn\u00e1mky a&nbsp;poru\u0161en\u00ed pr\u00e1v k&nbsp;u\u017eit\u00ed ochrann\u00e9 zn\u00e1mky je trestn\u00e9 podle z\u00e1kona. &nbsp; Logo M\u010c Praha&nbsp;7 [&hellip;]","protected":false},"author":17,"featured_media":0,"parent":135,"menu_order":10,"comment_status":"closed","ping_status":"closed","template":"","meta":[],"_links":{"self":[{"href":"https:\/\/www.praha7.cz\/api\/wp\/v2\/pages\/8817"}],"collection":[{"href":"https:\/\/www.praha7.cz\/api\/wp\/v2\/pages"}],"about":[{"href":"https:\/\/www.praha7.cz\/api\/wp\/v2\/types\/page"}],"author":[{"embeddable":true,"href":"https:\/\/www.praha7.cz\/api\/wp\/v2\/users\/17"}],"replies":[{"embeddable":true,"href":"https:\/\/www.praha7.cz\/api\/wp\/v2\/comments?post=8817"}],"version-history":[{"count":33,"href":"https:\/\/www.praha7.cz\/api\/wp\/v2\/pages\/8817\/revisions"}],"predecessor-version":[{"id":50828,"href":"https:\/\/www.praha7.cz\/api\/wp\/v2\/pages\/8817\/revisions\/50828"}],"up":[{"embeddable":true,"href":"https:\/\/www.praha7.cz\/api\/wp\/v2\/pages\/135"}],"wp:attachment":[{"href":"https:\/\/www.praha7.cz\/api\/wp\/v2\/media?parent=8817"}],"curies":[{"name":"wp","href":"https:\/\/api.w.org\/{rel}","templated":true}]}}