    
{"id":84997,"date":"2025-06-18T10:21:28","date_gmt":"2025-06-18T08:21:28","guid":{"rendered":"https:\/\/www.praha7.cz\/?page_id=84997"},"modified":"2025-10-03T15:43:55","modified_gmt":"2025-10-03T13:43:55","slug":"volby-do-poslanecke-snemovny-parlamentu-ceske-republiky-v-roce-2025","status":"publish","type":"page","link":"https:\/\/www.praha7.cz\/potrebuji-zaridit\/volby\/volby-do-poslanecke-snemovny-parlamentu-ceske-republiky-v-roce-2025\/","title":{"rendered":"Volby do Poslaneck\u00e9 sn\u011bmovny Parlamentu \u010cesk\u00e9 republiky v&nbsp;roce 2025"},"content":{"rendered":"<p>[perex]<\/p>\r\n<p>Rozhodnut\u00edm prezidenta republiky publikovan\u00e9m ve Sb\u00edrce z\u00e1kon\u016f \u010d. 138\/2025 Sb., dne 14.5.2025 byly vyhl\u00e1\u0161eny volby do Poslaneck\u00e9 sn\u011bmovny Parlamentu \u010cesk\u00e9 republiky. Term\u00edn voleb byl stanoven na p\u00e1tek 3.&nbsp;\u0159\u00edjna 2025 od 14.00 hodin do 22.00 hodin a&nbsp;sobotu 4.&nbsp;\u0159\u00edjna 2025 od 08.00 hodin do 14.00 hodin.\u00a0<\/p>\r\n<p>[\/perex]<\/p>\r\n<p><strong><span style=\"color: #0000ff;\">VOLI\u010cSK\u00dd PR\u016eKAZ<\/span><\/strong><\/p>\r\n<p>Voli\u010d, kter\u00fd nem\u016f\u017ee nebo nehodl\u00e1 volit ve sv\u00e9m volebn\u00edm okrsku, m\u016f\u017ee po\u017e\u00e1dat o\u00a0voli\u010dsk\u00fd pr\u016fkaz. S\u00a0voli\u010dsk\u00fdm pr\u016fkazem m\u016f\u017ee voli\u010d hlasovat v\u00a0kter\u00e9mkoliv volebn\u00edm okrsku\u00a0na \u00fazem\u00ed \u010cR nebo na ur\u010den\u00fdch zastupitelsk\u00fdch \u00fa\u0159adech v\u00a0zahrani\u010d\u00ed.<\/p>\r\n<p>Voli\u010dsk\u00fd pr\u016fkaz vyd\u00e1v\u00e1 \u00fa\u0159ad p\u0159\u00edslu\u0161n\u00fd podle m\u00edsta trval\u00e9ho pobytu voli\u010de (tj. ten, kde je voli\u010d zaps\u00e1n v\u00a0seznamu voli\u010d\u016f).<\/p>\r\n<p>\u017d\u00e1dost o\u00a0vyd\u00e1n\u00ed voli\u010dsk\u00e9ho pr\u016fkazu lze od 14.&nbsp;5.&nbsp;2025 pod\u00e1vat n\u011bkolika zp\u016fsoby:<\/p>\r\n<ul>\r\n\t<li>\u017e\u00e1dost v&nbsp;listinn\u00e9 podob\u011b opat\u0159en\u00e1 \u00fa\u0159edn\u011b ov\u011b\u0159en\u00fdm podpisem voli\u010de a&nbsp;zaslan\u00e1 po\u0161tou nebo nep\u0159edan\u00e1 osobn\u011b mus\u00ed b\u00fdt doru\u010dena \u00da\u0159adu m\u011bstsk\u00e9 \u010d\u00e1sti Praha&nbsp;7 nejpozd\u011bji 26.&nbsp;9.&nbsp;2025;<\/li>\r\n\t<li>\u017e\u00e1dost v&nbsp;elektronick\u00e9 podob\u011b zaslan\u00e1 prost\u0159ednictv\u00edm datov\u00e9 schr\u00e1nky (ID: r44b2x7); \u017e\u00e1dost mus\u00ed b\u00fdt doru\u010dena \u00da\u0159adu m\u011bstsk\u00e9 \u010d\u00e1sti Praha&nbsp;7 nejpozd\u011bji 26.&nbsp;9.&nbsp;2025;<\/li>\r\n\t<li>\u017e\u00e1dost p\u0159es port\u00e1l ob\u010dana \u2013 <a href=\"http:\/\/www.obcan.portal.gov.cz\/sluzba\/volicsky-prukaz\">www.obcan.portal.gov.cz\/sluzba\/volicsky-prukaz<\/a> (pouze pro dr\u017eitele DS nebo identity ob\u010dana)<\/li>\r\n\t<li>osobn\u011b v&nbsp;ur\u010den\u00fdch hodin\u00e1ch <a href=\"https:\/\/www.praha7.cz\/radnice\/organizacni-struktura\/odbor-spravnich-agend\/\">odbor spr\u00e1vn\u00edch agend, odd\u011blen\u00ed p\u0159estupk\u016f<\/a>.<\/li>\r\n<\/ul>\r\n<hr \/>\r\n<p><span style=\"color: #0000ff;\"><strong>\u017d\u00c1DOST O&nbsp;VOLI\u010cSK\u00dd PR\u016eKAZ<\/strong><\/span><\/p>\r\n<p><strong>Osobn\u011b je mo\u017eno o&nbsp;voli\u010dsk\u00fd pr\u016fkaz po\u017e\u00e1dat nejpozd\u011bji do 1.&nbsp;10.&nbsp;2025&nbsp;16.00 hodin<\/strong>, \u017e\u00e1dosti o&nbsp;vystaven\u00ed voli\u010dsk\u00e9ho pr\u016fkazu podan\u00e9 jin\u00fdm zp\u016fsobem mus\u00ed b\u00fdt doru\u010deny \u00da\u0159adu m\u011bstsk\u00e9 \u010d\u00e1sti Praha&nbsp;7 nejpozd\u011bji 26.&nbsp;9.&nbsp;2025. Voli\u010dsk\u00e9 pr\u016fkazy budou vyd\u00e1v\u00e1ny nebo p\u0159ed\u00e1v\u00e1ny k&nbsp;po\u0161tovn\u00ed p\u0159eprav\u011b dle volby \u017eadatele nejd\u0159\u00edve dne 18.&nbsp;9.&nbsp;2025. P\u0159i osobn\u00ed pod\u00e1n\u00ed \u017e\u00e1dost ve dnech 18.&nbsp;9.&nbsp;2025 a\u017e 1.&nbsp;10.&nbsp;2025 do 16.00 hodin budou voli\u010dsk\u00e9 pr\u016fkazy p\u0159ed\u00e1v\u00e1ny \u017eadateli na m\u00edst\u011b. <strong>Lh\u016fty pro p\u0159ij\u00edm\u00e1n\u00ed \u017e\u00e1dost\u00ed a\u00a0vyd\u00e1v\u00e1n\u00ed voli\u010dsk\u00fdch pr\u016fkaz\u016f jsou stanoveny z\u00e1konem a\u00a0nelze je m\u011bnit<\/strong>.\u00a0Za vystaven\u00e9 voli\u010dsk\u00e9 pr\u016fkazy nen\u00ed mo\u017en\u00e9 v\u00a0p\u0159\u00edpad\u011b jejich ztr\u00e1ty \u010di po\u0161kozen\u00ed vystavit duplik\u00e1t. Ov\u011b\u0159ov\u00e1n\u00ed podpis\u016f na \u017e\u00e1dostech o\u00a0voli\u010dsk\u00fdch pr\u016fkaz prov\u00e1d\u00ed spr\u00e1vn\u00ed org\u00e1ny (nikoliv not\u00e1\u0159i, \u010cesk\u00e1 po\u0161ta apod.) bezplatn\u011b.<\/p>\r\n<p>Kontaktn\u00ed m\u00edsto pro vyd\u00e1v\u00e1n\u00ed voli\u010dsk\u00fdch pr\u016fkaz\u016f, pro kontrolu st\u00e1l\u00e9ho seznamu voli\u010d\u016f, pro kontrolu seznamu voli\u010d\u016f do Poslaneck\u00e9 sn\u011bmovny Parlamentu \u010cR:<br \/>\r\n<a href=\"https:\/\/www.praha7.cz\/radnice\/organizacni-struktura\/odbor-spravnich-agend\/\">\u00da\u0159ad m\u011bstsk\u00e9 \u010d\u00e1sti Praha\u00a07, odbor spr\u00e1vn\u00edch agend, odd\u011blen\u00ed p\u0159estupk\u016f, deta\u0161ovan\u00e9 pracovi\u0161t\u011b \u2013 U\u00a0Pr\u016fhonu 1493\/11<\/a>, Praha\u00a07 \u2013 Hole\u0161ovice, vchod B<\/p>\r\n<p>PO: 8.00 \u2013 11.45, 13.00 \u2013 17.45<br \/>\r\n\u00daT: 8.00 \u2013 11.45<br \/>\r\nST: 8.00 \u2013 11.45, 13.00 \u2013 17.45 (dne 1.10.2025 jen do 16.00)<br \/>\r\n\u010cT: 8.00 \u2013 11.45\u00a0 (po p\u0159edchoz\u00ed telefonick\u00e9 domluv\u011b na tel. 778\u00a0110\u00a0015)<br \/>\r\nP\u00c1: 8.00 \u2013 11.45\u00a0 (po p\u0159edchoz\u00ed telefonick\u00e9 domluv\u011b na tel. 778\u00a0110\u00a0015)<\/p>\r\n<hr \/>\r\n<p><strong><a href=\"https:\/\/www.praha7.cz\/wp-content\/uploads\/2025\/06\/Zadost-o-VP-Poslanecka-snemovna-2025-1.docx\">\u017d\u00e1dost o&nbsp;voli\u010dsk\u00fd pr\u016fkaz\u00a0<\/a><\/strong><\/p>\r\n<hr \/>\r\n<p><strong><a href=\"https:\/\/www.praha7.cz\/wp-content\/uploads\/2025\/06\/Seznam-okrsku-s-ulicemi-a-cp.pdf\">SEZNAM VOLEBN\u00cdCH M\u00cdSTNOST\u00cd<\/a><\/strong><\/p>\r\n<hr \/>\r\n<p><a href=\"https:\/\/edoklady.gov.cz\/\"><span style=\"color: #0000ff;\"><strong>eDoklady<\/strong><\/span><\/a><\/p>\r\n<p>\u200b\u200bOd leto\u0161n\u00edho roku mohou voli\u010di nov\u011b prok\u00e1zat svou toto\u017enost u&nbsp;voleb tak\u00e9 pomoc\u00ed aplikace <a href=\"https:\/\/edoklady.gov.cz\/\">eDoklady<\/a>. Informace a&nbsp;doporu\u010den\u00ed pro voli\u010de s&nbsp;eDoklady najdete <a href=\"https:\/\/edoklady.gov.cz\/podpora-obcanu\/clanky-a-navody\/tipy-volby\" target=\"_blank\" rel=\"noopener\">zde<\/a>.<\/p>\r\n<hr \/>\r\n<p><strong><span style=\"color: #0000ff;\">Nemohu se k\u00a0volb\u00e1m dostavit, mohu i\u00a0p\u0159esto volit?<\/span><\/strong><\/p>\r\n<p>V od\u016fvodn\u011bn\u00fdch p\u0159\u00edpadech, p\u0159edev\u0161\u00edm ze zdravotn\u00edch d\u016fvod\u016f, je mo\u017en\u00e9 po\u017e\u00e1dat o&nbsp;vysl\u00e1n\u00ed \u010dlen\u016f okrskov\u00e9 volebn\u00ed komise ve dnech voleb do m\u00edsta bydli\u0161t\u011b. \u017d\u00e1dost o&nbsp;doru\u010den\u00ed p\u0159enosn\u00e9 schr\u00e1nky lze p\u0159edem nahl\u00e1sit na Odboru spr\u00e1vn\u00edch agend \u00da\u0159adu M\u010c Praha&nbsp;7 na telefonn\u00edm \u010d\u00edsle: 778&nbsp;499&nbsp;608. Ve volebn\u00ed dny je mo\u017en\u00e9 si p\u0159enosnou schr\u00e1nku domluvit tak\u00e9 p\u0159\u00edmo ve volebn\u00edch m\u00edstnostech podle okrsku, do kter\u00e9ho n\u00e1le\u017e\u00edte (\u010d\u00edslo okrsku najdete na ob\u00e1lce s&nbsp;hlasovac\u00edmi l\u00edstky).\u00a0<\/p>\r\n<p><strong>Telefonn\u00ed kontakty do volebn\u00edch m\u00edstnost\u00ed jsou uvedeny\u00a0<a href=\"https:\/\/www.praha7.cz\/wp-content\/uploads\/2025\/09\/Seznam-zapisovatelu-a-volebnich-okrsku-PSP-CR.pdf\" target=\"_blank\" rel=\"noopener\">ZDE<\/a>.<\/strong><\/p>\r\n<hr \/>\r\n<div class=\"shortcode-container container-fluid no-bottom-padding \">\n\t<div class=\"row shortcode-row no-bottom-border\">\n\t\t <div class=\"row contact-item\">\n\t\t\t<div class=\"col-xs-4 col-md-2 contact-photo\">\t\t\n\t\t\t\t<img src=\"https:\/\/www.praha7.cz\/wp-content\/uploads\/2024\/02\/Janackova_A-400x400.jpg\" alt=\"placeholder\">\n\t\t\t<\/div>\n\t\t\t<div class=\"col-xs-8 col-md-5 contact-info\">\n\t\t\t\t<h3>Jan\u00e1\u010dkov\u00e1 Alexandra, Ing.<\/h3>\n\t\t\t\t<span>vedouc\u00ed odboru<\/span><br>\n\t\t\t\t<span>U Pr\u016fhonu 11B<\/span><br>\n\t\t\t\t\n                <span>gsm. <a href=\"tel:+420770168333\">+420770168333<\/a><\/span><br>\n\t\t\t\t<a href=\"mailto:janackovaa@praha7.cz\">janackovaa@praha7.cz<\/a><br>\n\t\t\t<\/div>\n\t\t<\/div>\n\t<\/div>\n<\/div>","protected":false},"excerpt":{"rendered":"[perex] Rozhodnut\u00edm prezidenta republiky publikovan\u00e9m ve Sb\u00edrce z\u00e1kon\u016f \u010d. 138\/2025 Sb., dne 14.5.2025 byly vyhl\u00e1\u0161eny volby do Poslaneck\u00e9 sn\u011bmovny Parlamentu \u010cesk\u00e9 republiky. Term\u00edn voleb byl stanoven na p\u00e1tek 3.&nbsp;\u0159\u00edjna 2025 od 14.00 hodin do 22.00 hodin a&nbsp;sobotu 4.&nbsp;\u0159\u00edjna 2025 od 08.00 hodin do 14.00 hodin.\u00a0 [\/perex] VOLI\u010cSK\u00dd PR\u016eKAZ Voli\u010d, kter\u00fd nem\u016f\u017ee nebo nehodl\u00e1 volit ve [&hellip;]","protected":false},"author":14,"featured_media":0,"parent":6574,"menu_order":0,"comment_status":"closed","ping_status":"closed","template":"","meta":[],"_links":{"self":[{"href":"https:\/\/www.praha7.cz\/api\/wp\/v2\/pages\/84997"}],"collection":[{"href":"https:\/\/www.praha7.cz\/api\/wp\/v2\/pages"}],"about":[{"href":"https:\/\/www.praha7.cz\/api\/wp\/v2\/types\/page"}],"author":[{"embeddable":true,"href":"https:\/\/www.praha7.cz\/api\/wp\/v2\/users\/14"}],"replies":[{"embeddable":true,"href":"https:\/\/www.praha7.cz\/api\/wp\/v2\/comments?post=84997"}],"version-history":[{"count":13,"href":"https:\/\/www.praha7.cz\/api\/wp\/v2\/pages\/84997\/revisions"}],"predecessor-version":[{"id":87107,"href":"https:\/\/www.praha7.cz\/api\/wp\/v2\/pages\/84997\/revisions\/87107"}],"up":[{"embeddable":true,"href":"https:\/\/www.praha7.cz\/api\/wp\/v2\/pages\/6574"}],"wp:attachment":[{"href":"https:\/\/www.praha7.cz\/api\/wp\/v2\/media?parent=84997"}],"curies":[{"name":"wp","href":"https:\/\/api.w.org\/{rel}","templated":true}]}}