    
{"id":8410,"date":"2017-10-24T19:07:01","date_gmt":"2017-10-24T17:07:01","guid":{"rendered":"https:\/\/praha7.cz\/?page_id=8410"},"modified":"2021-12-06T11:33:38","modified_gmt":"2021-12-06T10:33:38","slug":"mistni-agenda-ma21","status":"publish","type":"page","link":"https:\/\/www.praha7.cz\/temata\/mistni-agenda-ma21\/","title":{"rendered":"M\u00edstn\u00ed agenda MA21"},"content":{"rendered":"<p style=\"text-align: justify;\">[perex]<\/p>\r\n<p style=\"text-align: justify;\">MA21 je obecn\u00fd soubor doporu\u010den\u00ed pro kvalitn\u00ed spr\u00e1vu v\u011bc\u00ed ve\u0159ejn\u00fdch na nejni\u017e\u0161\u00ed m\u00edstn\u00ed \u00farovni. Vznikla na summitu OSN v&nbsp;Rio de Janeiru 1992 v&nbsp;r\u00e1mci \u0161ir\u0161\u00ed snahy o&nbsp;nastolen\u00ed udr\u017eiteln\u00e9ho sm\u011b\u0159ov\u00e1n\u00ed sv\u011bta.<\/p>\r\n<p style=\"text-align: justify;\">[\/perex]<\/p>\r\n\n    <div class=\"container-fluid guide-links-list guidelist\">\n        <div class=\"guidelist-container col-xs-12 col-md-6 grey-border-box\">\n            <h3><a href=\"https:\/\/www.praha7.cz\/temata\/mistni-agenda-ma21\/odpovedna-7\/\">Odpov\u011bdn\u00e1 7<\/a><\/h3>\n            <h3><a href=\"https:\/\/www.praha7.cz\/temata\/mistni-agenda-ma21\/sedmicka-ji-zdrave\/\">Sedmi\u010dka j\u00ed zdrav\u011b<\/a><\/h3>\n        <\/div>\n    <\/div>   \n\n\r\n<p style=\"text-align: justify;\"><strong>Pil\u00ed\u0159i MA21 jsou:<\/strong><\/p>\r\n<ul style=\"text-align: justify;\">\r\n\t<li>dobr\u00e1 komunikace s&nbsp;ve\u0159ejnost\u00ed a&nbsp;jej\u00ed aktivn\u00ed participace na rozhodov\u00e1n\u00ed<\/li>\r\n\t<li>strategick\u00e9 pl\u00e1nov\u00e1n\u00ed a&nbsp;\u0159\u00edzen\u00ed v\u010detn\u011b transparentn\u00edch financ\u00ed<\/li>\r\n\t<li>sm\u011b\u0159ov\u00e1n\u00ed k&nbsp;udr\u017eiteln\u00e9mu rozvoji<\/li>\r\n<\/ul>\r\n<p style=\"text-align: justify;\">A\u010dkoliv se nenab\u00edz\u00ed jednoduch\u00fd recept, jak tyto c\u00edle konkr\u00e9tn\u011b uskute\u010d\u0148ovat, existuje cel\u00e1 \u0159ada p\u0159\u00edklad\u016f dobr\u00e9 praxe, kterou mezi sebou obce sd\u00edlej\u00ed. V&nbsp;\u010cR se zav\u00e1d\u011bn\u00edm MA21 zab\u00fdv\u00e1 Ministerstvo vnitra a&nbsp;Ministerstvo \u017eivotn\u00edho prost\u0159ed\u00ed. P\u0159\u00edmo za \u00fa\u010delem s\u00ed\u0165ov\u00e1n\u00ed a&nbsp;sd\u00edlen\u00ed funguj\u00edc\u00edch recept\u016f nav\u00edc vznikla MSZM (N\u00e1rodn\u00ed s\u00ed\u0165 zdrav\u00fdch m\u011bst), kter\u00e1 propojuje jednotliv\u00e9 akt\u00e9ry, po\u0159\u00e1d\u00e1 spole\u010dn\u00e9 workshopy a&nbsp;poskytuje odborn\u00e9 konzultace. Praha&nbsp;7 je jej\u00edm \u010dlenem a&nbsp;dlouhodob\u011b se soust\u0159ed\u00ed na <a href=\"https:\/\/praha7.cz\/temata\/participace\/\">zapojov\u00e1n\u00ed ob\u010dan\u016f do rozhodov\u00e1n\u00ed<\/a>, <a href=\"https:\/\/praha7.cz\/temata\/strategicky-plan\/\">koncep\u010dn\u00ed strategick\u00e9 pl\u00e1nov\u00e1n\u00ed<\/a> a&nbsp;p\u0159ij\u00edm\u00e1n\u00ed opat\u0159en\u00ed na podporu udr\u017eitelnosti.<\/p>\r\n<hr \/>\r\n<ul>\r\n\t<li><a href=\"https:\/\/www.praha7.cz\/wp-content\/uploads\/2021\/12\/Plan_zlepsovani_MA21_2022.pdf\">Pl\u00e1n zlep\u0161ov\u00e1n\u00ed procesu MA 21 pro rok 2022<\/a><\/li>\r\n\t<li><a href=\"https:\/\/www.praha7.cz\/wp-content\/uploads\/2021\/12\/Zpr\u00e1va-o-aktivit\u00e1ch-MA-21-za-rok-2021.pdf\">Zpr\u00e1va o&nbsp;aktivit\u00e1ch MA 21 za rok 2021<\/a><\/li>\r\n\t<li><a href=\"https:\/\/www.praha7.cz\/wp-content\/uploads\/2021\/05\/Pl\u00e1n-zlep\u0161ov\u00e1n\u00ed-procesu-MA-21-pro-rok-2021.pdf\">Pl\u00e1n zlep\u0161ov\u00e1n\u00ed procesu MA 21 pro rok 2021<\/a><\/li>\r\n\t<li><a href=\"https:\/\/www.praha7.cz\/wp-content\/uploads\/2021\/05\/Zpr\u00e1va-o-aktivit\u00e1ch-m\u00edstn\u00ed-Agendy-21-za-rok-2020.pdf\">Zpr\u00e1va o\u00a0aktivit\u00e1ch m\u00edstn\u00ed Agendy 21 za rok 2020<\/a><\/li>\r\n\t<li><a href=\"https:\/\/www.praha7.cz\/wp-content\/uploads\/2020\/11\/PlanzlepsovaniprocesuMA212020_601369.pdf\">Pl\u00e1n zlep\u0161ov\u00e1n\u00ed procesu MA 21 pro rok 2020<\/a><\/li>\r\n\t<li><a href=\"https:\/\/www.praha7.cz\/wp-content\/uploads\/2020\/11\/ZpravaoaktivitachMA21zarok2019_601370.pdf\">Zpr\u00e1va o&nbsp;aktivit\u00e1ch m\u00edstn\u00ed Agendy 21 za rok 2019<\/a><\/li>\r\n\t<li><a href=\"https:\/\/www.praha7.cz\/wp-content\/uploads\/2019\/02\/pl\u00e1n-ma21-2019.pdf\" style=\"color: #0000ff;\">Pl\u00e1n zlep\u0161ov\u00e1n\u00ed implementace m\u00edstn\u00ed Agendy 21 pro rok 2019 v&nbsp;r\u00e1mci M\u010c Praha&nbsp;7<\/a><\/li>\r\n\t<li><a href=\"https:\/\/www.praha7.cz\/wp-content\/uploads\/2019\/02\/zpr\u00e1va-ma21-2017-a-2018.pdf\" style=\"color: #0000ff;\">Zpr\u00e1va o&nbsp;aktivit\u00e1ch m\u00edstn\u00ed Agendy 21 za roky 2017 a&nbsp;2018 v&nbsp;r\u00e1mci M\u010c Praha&nbsp;7<\/a>\u00a0<\/li>\r\n<\/ul>\r\n<hr \/>\r\n<p style=\"text-align: justify;\"><strong>Audity udr\u017eiteln\u00e9ho rozvoje MA21<\/strong> \u2013 <a href=\"https:\/\/audity.ma21.cenia.cz\/\">audity.ma21.cenia.cz<\/a><\/p>\r\n<p style=\"text-align: justify;\"><div class=\"shortcode-container container-fluid no-bottom-padding division-detail  \">    \n    <div class=\"row\">\n\t\t <div class=\"row div-dept\">\n            <div class=\"col-xs-12 col-md-12 contact-info\">\n                <h4>Kontakt<\/h4>\n                <span>                   \n                    \u00da\u0159ad m\u011bstsk\u00e9 \u010d\u00e1sti Praha 7                   \n                <\/span><br>\n                <span>\n                    Odbor vzd\u011bl\u00e1v\u00e1n\u00ed a projektov\u00e9ho \u0159\u00edzen\u00ed\n                <\/span><br>\n                    <span>\n                        Franti\u0161ka K\u0159\u00ed\u017eka 17\n                    <\/span><br>\n                    <span>\n                        Praha 7\n                    <\/span><br>\n                \n                \n\n            <\/div>\n        <\/div>\n    <\/div>\n<\/div><\/p>\r\n\n<div class=\"shortcode-container no-bottom-padding  \">    \n\t<div class=\"row\">\n\t\t<div class=\"col-xs-12 col-md-7\">\n\t\t\t<h3>\u00da\u0159edn\u00ed hodiny \u00da\u0159adu M\u010c Praha 7<\/h3>\n\t\t<\/div>\n\t<\/div>\n\t\t<div class=\"row\">\n\t\t\t<div class=\"col-xs-12 col-sm-4 col-md-3\">\n\t\t\t\t<span>pond\u011bl\u00ed a st\u0159eda<\/span>\n\t\t\t<\/div>\n\t\t\t\t<div class=\"col-xs-6 col-sm-4 col-md-3\">\n\t\t\t\t\t<span>7.30\u201312.00<\/span>\n\t\t\t\t<\/div>\n\t\t\t\t\t<div class=\"col-xs-6 col-sm-4 col-md-3\">\n\t\t\t\t\t\t<span>13.00\u201318.00<\/span>\n\t\t\t\t\t<\/div>\n\t\t<\/div>\n\t\t<div class=\"row\">\n\t\t\t<div class=\"col-xs-12 col-sm-4 col-md-3\">\n\t\t\t\t<span>\u00fater\u00fd, \u010dtvrtek a p\u00e1tek<\/span>\n\t\t\t<\/div>\n\t\t\t\t<div class=\"col-xs-12 col-sm-8 col-md-9\">\n\t\t\t\t\t<span>po p\u0159edchoz\u00ed domluv\u011b \/ po objedn\u00e1n\u00ed<\/span>\n\t\t\t\t<\/div>\n\t\t<\/div>\n\t<div class=\"row\">\n\t\t<div class=\"col-xs-12 col-md-12 office_hours_info\">\n\t\t\t\n\t\t<\/div>\t\n\t<\/div>\n<\/div>","protected":false},"excerpt":{"rendered":"[perex] MA21 je obecn\u00fd soubor doporu\u010den\u00ed pro kvalitn\u00ed spr\u00e1vu v\u011bc\u00ed ve\u0159ejn\u00fdch na nejni\u017e\u0161\u00ed m\u00edstn\u00ed \u00farovni. Vznikla na summitu OSN v&nbsp;Rio de Janeiru 1992 v&nbsp;r\u00e1mci \u0161ir\u0161\u00ed snahy o&nbsp;nastolen\u00ed udr\u017eiteln\u00e9ho sm\u011b\u0159ov\u00e1n\u00ed sv\u011bta. [\/perex] Pil\u00ed\u0159i MA21 jsou: dobr\u00e1 komunikace s&nbsp;ve\u0159ejnost\u00ed a&nbsp;jej\u00ed aktivn\u00ed participace na rozhodov\u00e1n\u00ed strategick\u00e9 pl\u00e1nov\u00e1n\u00ed a&nbsp;\u0159\u00edzen\u00ed v\u010detn\u011b transparentn\u00edch financ\u00ed sm\u011b\u0159ov\u00e1n\u00ed k&nbsp;udr\u017eiteln\u00e9mu rozvoji A\u010dkoliv se nenab\u00edz\u00ed jednoduch\u00fd [&hellip;]","protected":false},"author":17,"featured_media":0,"parent":4798,"menu_order":0,"comment_status":"closed","ping_status":"closed","template":"","meta":[],"_links":{"self":[{"href":"https:\/\/www.praha7.cz\/api\/wp\/v2\/pages\/8410"}],"collection":[{"href":"https:\/\/www.praha7.cz\/api\/wp\/v2\/pages"}],"about":[{"href":"https:\/\/www.praha7.cz\/api\/wp\/v2\/types\/page"}],"author":[{"embeddable":true,"href":"https:\/\/www.praha7.cz\/api\/wp\/v2\/users\/17"}],"replies":[{"embeddable":true,"href":"https:\/\/www.praha7.cz\/api\/wp\/v2\/comments?post=8410"}],"version-history":[{"count":28,"href":"https:\/\/www.praha7.cz\/api\/wp\/v2\/pages\/8410\/revisions"}],"predecessor-version":[{"id":52913,"href":"https:\/\/www.praha7.cz\/api\/wp\/v2\/pages\/8410\/revisions\/52913"}],"up":[{"embeddable":true,"href":"https:\/\/www.praha7.cz\/api\/wp\/v2\/pages\/4798"}],"wp:attachment":[{"href":"https:\/\/www.praha7.cz\/api\/wp\/v2\/media?parent=8410"}],"curies":[{"name":"wp","href":"https:\/\/api.w.org\/{rel}","templated":true}]}}