    
{"id":83172,"date":"2025-03-31T05:21:34","date_gmt":"2025-03-31T03:21:34","guid":{"rendered":"https:\/\/www.praha7.cz\/?page_id=83172"},"modified":"2025-03-31T05:21:34","modified_gmt":"2025-03-31T03:21:34","slug":"parklet","status":"publish","type":"page","link":"https:\/\/www.praha7.cz\/potrebuji-zaridit\/doprava\/zvlastni-uzivani-komunikace\/predzahradky\/parklet\/","title":{"rendered":"Parklet"},"content":{"rendered":"<p>[perex]<\/p>\r\n<p>Parklet je speci\u00e1ln\u00ed typ p\u0159edzahr\u00e1dky, kter\u00e1 je um\u00edst\u011bna v&nbsp;parkovac\u00edm pruhu ve vozovce v&nbsp;dopravn\u011b zklidn\u011bn\u00e9 oblast, ide\u00e1ln\u011b v&nbsp;z\u00f3n\u011b 30, v&nbsp;obytn\u00e9 \u010di p\u011b\u0161\u00ed z\u00f3n\u011b. Um\u00edst\u011bn\u00ed parkletu se povoluje stejn\u00fdm zp\u016fsobem jako p\u0159edzahr\u00e1dka, ale pouze v&nbsp;m\u00edstech, kde p\u0159ed provozovnou nen\u00ed dostate\u010dn\u011b \u0161irok\u00fd chodn\u00edk umo\u017e\u0148uj\u00edc\u00ed um\u00edst\u011bn\u00ed p\u0159edzahr\u00e1dky. [\/perex]<\/p>\r\n<p>Podm\u00ednkou povolen\u00ed um\u00edst\u011bn\u00ed parkletu ze strany Prahy&nbsp;7 je jeho kvalitn\u00ed proveden\u00ed, kter\u00e9 p\u0159isp\u00edv\u00e1 k&nbsp;o\u017eiven\u00ed dan\u00e9ho m\u00edsta (viz n\u00ed\u017ee), intenzivn\u00ed \u00fadr\u017eba samotn\u00e9ho parkletu a&nbsp;p\u0159ilehl\u00e9ho chodn\u00edku p\u0159ed provozovnou a&nbsp;dostate\u010dn\u00e9 \u0161\u00ed\u0159kov\u00e9 a&nbsp;dopravn\u011b-bezpe\u010dnostn\u00ed parametry p\u0159edm\u011btn\u00e9 komunikace (odstup od proj\u00ed\u017ed\u011bj\u00edc\u00edch vozidel, intenzita provozu vozidel i&nbsp;chodc\u016f, bl\u00edzkost tramvajov\u00e9 trati \u010di existence p\u0159echodu pro chodce apod.).<\/p>\r\n<div class=\"shortcode-container container-fluid no-bottom-padding division-detail  \"> \n    <div class=\"row\">\n\t\t <div class=\"row div-dept\">\n            <div class=\"col-xs-12 col-md-12 contact-info\">\n                <h4>Kontakt<\/h4>\n                <span>\n                    \u00da\u0159ad m\u011bstsk\u00e9 \u010d\u00e1sti Praha 7\n                <\/span><br>\n                <span>\n                    Odbor dopravy - odd\u011blen\u00ed silni\u010dn\u00edho spr\u00e1vn\u00edho \u00fa\u0159adu\n                <\/span><br>\n                    <span>\n                        U Pr\u016fhonu 1338\/38\n                    <\/span><br>\n                    <span>\n                        Praha 7\n                    <\/span><br>\n                \n                \n            <\/div>\n        <\/div>\n    <\/div>\n<\/div>\r\n\n<div class=\"shortcode-container no-bottom-padding  \">    \n\t<div class=\"row\">\n\t\t<div class=\"col-xs-12 col-md-7\">\n\t\t\t<h3>\u00da\u0159edn\u00ed hodiny \u00da\u0159adu M\u010c Praha 7<\/h3>\n\t\t<\/div>\n\t<\/div>\n\t\t<div class=\"row\">\n\t\t\t<div class=\"col-xs-12 col-sm-4 col-md-3\">\n\t\t\t\t<span>pond\u011bl\u00ed a st\u0159eda<\/span>\n\t\t\t<\/div>\n\t\t\t\t<div class=\"col-xs-6 col-sm-4 col-md-3\">\n\t\t\t\t\t<span>7.30\u201312.00<\/span>\n\t\t\t\t<\/div>\n\t\t\t\t\t<div class=\"col-xs-6 col-sm-4 col-md-3\">\n\t\t\t\t\t\t<span>13.00\u201318.00<\/span>\n\t\t\t\t\t<\/div>\n\t\t<\/div>\n\t\t<div class=\"row\">\n\t\t\t<div class=\"col-xs-12 col-sm-4 col-md-3\">\n\t\t\t\t<span>\u00fater\u00fd, \u010dtvrtek a p\u00e1tek<\/span>\n\t\t\t<\/div>\n\t\t\t\t<div class=\"col-xs-12 col-sm-8 col-md-9\">\n\t\t\t\t\t<span>po p\u0159edchoz\u00ed domluv\u011b \/ po objedn\u00e1n\u00ed<\/span>\n\t\t\t\t<\/div>\n\t\t<\/div>\n\t<div class=\"row\">\n\t\t<div class=\"col-xs-12 col-md-12 office_hours_info\">\n\t\t\t\n\t\t<\/div>\t\n\t<\/div>\n<\/div>\r\n<div class=\"shortcode-container container-fluid no-bottom-padding \">\n\t<div class=\"row shortcode-row no-bottom-border\">\n\t\t <div class=\"row contact-item\">\n\t\t\t<div class=\"col-xs-4 col-md-2 contact-photo\">\t\t\n\t\t\t\t<img src=\"https:\/\/www.praha7.cz\/wp-content\/uploads\/2018\/01\/IMG_7980-zdenka-fialova-600x400.jpg\" alt=\"placeholder\">\n\t\t\t<\/div>\n\t\t\t<div class=\"col-xs-8 col-md-5 contact-info\">\n\t\t\t\t<h3>Fialov\u00e1 Zde\u0148ka<\/h3>\n\t\t\t\t<span>vedouc\u00ed odd\u011blen\u00ed<\/span><br>\n\t\t\t\t<span>dve\u0159e 4.14<\/span><br>\n\t\t\t\t<span>tel. <a>+420220144027<\/a><\/span><br>\n                <span>gsm. <a href=\"tel:+420732867247\">+420732867247<\/a><\/span><br>\n\t\t\t\t<a href=\"mailto:fialovaz@praha7.cz\">fialovaz@praha7.cz<\/a><br>\n\t\t\t<\/div>\n\t\t<\/div>\n\t<\/div>\n<\/div>\r\n<h3>Jak postupovat p\u0159i povolov\u00e1n\u00ed<\/h3>\r\n<ol>\r\n\t<li>Vytipujte m\u00edsto, kam byste cht\u011bli parklet um\u00edstit (zpravidla p\u0159\u00edmo p\u0159ed provozovnou), vytvo\u0159te jednoduchou skicu (t\u0159eba z\u00e1kres do sn\u00edmku ulice v&nbsp;n\u011bkter\u00e9 z&nbsp;dostupn\u00fdch internetov\u00fdch map) v\u010d. z\u00e1kladn\u00edch rozm\u011br\u016f a&nbsp;tento z\u00e1m\u011br zkonzultujte s&nbsp;odborem dopravy Prahy&nbsp;7.<\/li>\r\n\t<li>V p\u0159\u00edpad\u011b, \u017ee je provozovna v&nbsp;pam\u00e1tkov\u00e9 z\u00f3n\u011b, pak na z\u00e1klad\u011b domluven\u00e9ho um\u00edst\u011bn\u00ed a&nbsp;velikosti (po konzultaci s&nbsp;odborem dopravy) vytvo\u0159te n\u00e1vrh proveden\u00ed parkletu podle metodiky Odboru pam\u00e1tkov\u00e9 p\u00e9\u010de (OPP) magistr\u00e1tu hl. m. Prahy a&nbsp;n\u00e1vrh p\u0159\u00edpadn\u011b <a href=\"https:\/\/praha.eu\/web\/pamatky\/oblasti-pusobnosti-odbornych-referentu\" target=\"_blank\" rel=\"noopener\">s pam\u00e1tk\u00e1\u0159i zkonzultujte<\/a> a&nbsp;po\u017e\u00e1dejte OPP o&nbsp;stanovisko.<\/li>\r\n\t<li>Po\u017e\u00e1dejte spr\u00e1vce komunikace TSK, a. s., o&nbsp;n\u00e1jemn\u00ed smlouvu.<\/li>\r\n\t<li>S kladn\u00fdm stanoviskem OPP a&nbsp;uzav\u0159enou n\u00e1jemn\u00ed smlouvou TSK po\u017e\u00e1dejte odbor dopravy o&nbsp;vyd\u00e1n\u00ed rozhodnut\u00ed ve v\u011bci povolen\u00ed p\u0159edzahr\u00e1dky (parkletu).<\/li>\r\n<\/ol>\r\n<h4>Upozorn\u011bn\u00ed<\/h4>\r\n<p>Parklet mus\u00ed b\u00fdt opat\u0159en stabiln\u00edm z\u00e1bradl\u00edm ne vy\u0161\u0161\u00edm ne\u017e 110 cm na v\u0161ech t\u0159ech stran\u00e1ch p\u0159il\u00e9haj\u00edc\u00edch do vozovky. Ve vybran\u00fdch p\u0159\u00edpadech bude nutn\u00e9 zpracovat n\u00e1vrh dopravn\u00edho omezen\u00ed, a&nbsp;to i&nbsp;pro dobu\u00a0 provozu parkletu. Parklet bude um\u00edst\u011bn na pevn\u00e9 podest\u011b tak, aby byla pochoz\u00ed plocha parkletu v&nbsp;jedn\u00e9 v\u00fd\u0161ce \u010di v\u00fd\u0161e ne\u017e pochoz\u00ed plocha chodn\u00edku.<\/p>\r\n<p>P\u0159i povolen\u00ed z\u00e1boru se hrad\u00ed spr\u00e1vn\u00ed poplatek v&nbsp;hotovosti p\u0159i vyd\u00e1n\u00ed rozhodnut\u00ed p\u0159\u00edmo na odboru dopravy podle d\u00e9lky akce, kter\u00fd \u010din\u00ed:<\/p>\r\n<ul>\r\n\t<li>do 10 dn\u016f 100 K\u010d, do 6 m\u011bs\u00edc\u016f 500 K\u010d,<\/li>\r\n\t<li>do 12 m\u011bs\u00edc\u016f 1&nbsp;000&nbsp;K\u010d.<\/li>\r\n<\/ul>\r\n<p>D\u00e1le je nutn\u00e9 uhradit m\u00edstn\u00ed poplatek ve v\u00fd\u0161i 10 K\u010d\/m<sup>2<\/sup>\/den, zp\u016fsob platby si \u017eadatel domluv\u00ed na finan\u010dn\u00edm odboru \u00da\u0159adu m\u011bstsk\u00e9 \u010d\u00e1sti Praha&nbsp;7. Posta\u010d\u00ed k&nbsp;tomu rozhodnut\u00ed o&nbsp;povolen\u00ed z\u00e1boru.<\/p>\r\n<p>V pam\u00e1tkov\u011b chr\u00e1n\u011bn\u00e9m \u00fazem\u00ed vzhled restaura\u010dn\u00ed p\u0159edzahr\u00e1dky podl\u00e9h\u00e1 konkr\u00e9tn\u00edm po\u017eadavk\u016fm hlavn\u00edho m\u011bsta. P\u0159e\u010dt\u011bte si je v&nbsp;<a href=\"https:\/\/kultivovana.praha.eu\/\" target=\"_blank\" rel=\"noopener\">Manu\u00e1lu pro kultivovanou Prahu<\/a>.<\/p>\r\n<h3>Co je nutn\u00e9 p\u0159ilo\u017eit k&nbsp;\u017e\u00e1dosti<\/h3>\r\n<ul>\r\n\t<li><a href=\"https:\/\/www.tsk-praha.cz\/wps\/portal\/root\/jak-si-zaridit\">n\u00e1jemn\u00ed smlouvu<\/a> s&nbsp;Technickou spr\u00e1vou komunikac\u00ed hl. m. Prahy (TSK), Veletr\u017en\u00ed 1623\/24, Praha&nbsp;7 \u2013 Hole\u0161ovice (bude vy\u0159\u00edzena do 30 dn\u016f)<\/li>\r\n\t<li>2\u00d7 situa\u010dn\u00ed pl\u00e1nek \u00fapravy dopravn\u00edho re\u017eimu (nejl\u00e9pe v&nbsp;m\u011b\u0159\u00edtku 1&nbsp;:&nbsp;500, ok\u00f3tovanou \u0161\u00ed\u0159i chodn\u00edku s&nbsp;navr\u017een\u00fdmi rozm\u011bry um\u00edst\u011bn\u00ed p\u0159edzahr\u00e1dky)<\/li>\r\n\t<li>\u017e\u00e1dost pro Policii \u010cR spolu se situa\u010dn\u00edm pl\u00e1nkem s&nbsp;dopravn\u00edm zna\u010den\u00edm (s&nbsp;Polici\u00ed projedn\u00e1 Odbor dopravy)<\/li>\r\n\t<li>kopii v\u00fdpisu z&nbsp;obchodn\u00edho rejst\u0159\u00edku nebo \u017eivnostensk\u00e9ho listu \u017eadatele, ne star\u0161\u00ed 3 m\u011bs\u00edc\u016f<\/li>\r\n\t<li>v p\u0159\u00edpad\u011b zastupov\u00e1n\u00ed pln\u00e1 moc k&nbsp;jedn\u00e1n\u00ed ve v\u011bci vy\u0159\u00edzen\u00ed z\u00e1boru pro p\u0159edzahr\u00e1dku, opat\u0159en\u00e1 podpisem statut\u00e1rn\u00edho z\u00e1stupce \u017eadatele a&nbsp;podpisem pov\u011b\u0159en\u00e9 osoby s&nbsp;uveden\u00edm, \u017ee pov\u011b\u0159en\u00e1 osoba plnou moc p\u0159ij\u00edm\u00e1. (Pokud bude pln\u00e1 moc obsahovat formulaci \u201ejmenovan\u00fd je opr\u00e1vn\u011bn vzd\u00e1t se opravn\u00fdch prost\u0159edk\u016f\u201c, nab\u00fdv\u00e1 rozhodnut\u00ed pr\u00e1vn\u00ed moci n\u00e1sleduj\u00edc\u00ed den po p\u0159evzet\u00ed rozhodnut\u00ed, jinak po 15 dnech od p\u0159evzet\u00ed.)<\/li>\r\n<\/ul>\r\n<h3>Formul\u00e1\u0159e<\/h3>\r\n<div class=\"files_box align_left\">\n    <p>\n        <i class=\"fa fa-cloud-download\"><\/i>\n        <a href=\"https:\/\/www.praha7.cz\/wp-content\/uploads\/2021\/12\/P\u0159edzahr\u00e1dka.doc\" target=\"_blank\" class=\"post-documents\">P\u0159edzahr\u00e1dka\n        (DOC 28 KB)\n        <\/a>\n    <\/p>\n    <p>\n        <i class=\"fa fa-cloud-download\"><\/i>\n        <a href=\"https:\/\/www.praha7.cz\/wp-content\/uploads\/2023\/10\/Plna-moc-doprava-mistni-poplatky_2023.doc\" target=\"_blank\" class=\"post-documents\">Pln\u00e1 moc-doprava + m\u00edstn\u00ed poplatky_2023\n        (DOC 25 KB)\n        <\/a>\n    <\/p>\n<\/div>","protected":false},"excerpt":{"rendered":"[perex] Parklet je speci\u00e1ln\u00ed typ p\u0159edzahr\u00e1dky, kter\u00e1 je um\u00edst\u011bna v&nbsp;parkovac\u00edm pruhu ve vozovce v&nbsp;dopravn\u011b zklidn\u011bn\u00e9 oblast, ide\u00e1ln\u011b v&nbsp;z\u00f3n\u011b 30, v&nbsp;obytn\u00e9 \u010di p\u011b\u0161\u00ed z\u00f3n\u011b. Um\u00edst\u011bn\u00ed parkletu se povoluje stejn\u00fdm zp\u016fsobem jako p\u0159edzahr\u00e1dka, ale pouze v&nbsp;m\u00edstech, kde p\u0159ed provozovnou nen\u00ed dostate\u010dn\u011b \u0161irok\u00fd chodn\u00edk umo\u017e\u0148uj\u00edc\u00ed um\u00edst\u011bn\u00ed p\u0159edzahr\u00e1dky. [\/perex] Podm\u00ednkou povolen\u00ed um\u00edst\u011bn\u00ed parkletu ze strany Prahy&nbsp;7 je jeho kvalitn\u00ed [&hellip;]","protected":false},"author":9,"featured_media":83183,"parent":1193,"menu_order":1,"comment_status":"closed","ping_status":"closed","template":"","meta":[],"_links":{"self":[{"href":"https:\/\/www.praha7.cz\/api\/wp\/v2\/pages\/83172"}],"collection":[{"href":"https:\/\/www.praha7.cz\/api\/wp\/v2\/pages"}],"about":[{"href":"https:\/\/www.praha7.cz\/api\/wp\/v2\/types\/page"}],"author":[{"embeddable":true,"href":"https:\/\/www.praha7.cz\/api\/wp\/v2\/users\/9"}],"replies":[{"embeddable":true,"href":"https:\/\/www.praha7.cz\/api\/wp\/v2\/comments?post=83172"}],"version-history":[{"count":12,"href":"https:\/\/www.praha7.cz\/api\/wp\/v2\/pages\/83172\/revisions"}],"predecessor-version":[{"id":83185,"href":"https:\/\/www.praha7.cz\/api\/wp\/v2\/pages\/83172\/revisions\/83185"}],"up":[{"embeddable":true,"href":"https:\/\/www.praha7.cz\/api\/wp\/v2\/pages\/1193"}],"wp:featuredmedia":[{"embeddable":true,"href":"https:\/\/www.praha7.cz\/api\/wp\/v2\/media\/83183"}],"wp:attachment":[{"href":"https:\/\/www.praha7.cz\/api\/wp\/v2\/media?parent=83172"}],"curies":[{"name":"wp","href":"https:\/\/api.w.org\/{rel}","templated":true}]}}