    
{"id":7942,"date":"2017-10-11T20:14:57","date_gmt":"2017-10-11T18:14:57","guid":{"rendered":"https:\/\/praha7.cz\/?page_id=7942"},"modified":"2025-10-07T11:23:14","modified_gmt":"2025-10-07T09:23:14","slug":"zvlastni-prijemce-duchodu","status":"publish","type":"page","link":"https:\/\/www.praha7.cz\/potrebuji-zaridit\/socialni-oblast\/zvlastni-prijemce-duchodu\/","title":{"rendered":"Zvl\u00e1\u0161tn\u00ed p\u0159\u00edjemce d\u016fchodu"},"content":{"rendered":"<p>[perex]<\/p>\r\n<p>V p\u0159\u00edpad\u011b, \u017ee v\u00e1\u0161 p\u0159\u00edbuzn\u00fd nen\u00ed ze z\u00e1va\u017en\u00fdch zdravotn\u00edch d\u016fvod\u016f schopen p\u0159eb\u00edrat sv\u016fj d\u016fchod, m\u016f\u017eete po\u017e\u00e1dat o&nbsp;ustanoven\u00ed zvl\u00e1\u0161tn\u00edho p\u0159\u00edjemce d\u016fchodu.<\/p>\r\n<p>[\/perex]<\/p>\r\n<p>Z\u00e1kladn\u00ed podm\u00ednkou je pod\u00e1n\u00ed \u017e\u00e1dosti a&nbsp;p\u0159edlo\u017een\u00ed pot\u0159ebn\u00fdch doklad\u016f \u2013 potvrzen\u00ed o\u0161et\u0159uj\u00edc\u00edho l\u00e9ka\u0159e, pr\u016fkazu toto\u017enosti a&nbsp;vypln\u011bn\u00e9 \u017e\u00e1dosti. Pot\u00e9 bude zah\u00e1jeno spr\u00e1vn\u00ed \u0159\u00edzen\u00ed. Spr\u00e1vn\u00ed org\u00e1n vyd\u00e1 Rozhodnut\u00ed o&nbsp;ustanoven\u00ed zvl\u00e1\u0161tn\u00edho p\u0159\u00edjemce d\u016fchodu, kter\u00e9 za\u0161le \u017eadateli, opr\u00e1vn\u011bn\u00e9mu a&nbsp;\u010cesk\u00e9 spr\u00e1v\u011b soci\u00e1ln\u00edho zabezpe\u010den\u00ed, kter\u00e1 d\u016fchody vypl\u00e1c\u00ed.<\/p>\r\n<p>Pokud odpadnou d\u016fvody, pro kter\u00e9 byl zvl\u00e1\u0161tn\u00ed p\u0159\u00edjemce d\u016fchodu ustanoven, m\u016f\u017ee b\u00fdt na \u017e\u00e1dost p\u016fvodn\u00edho p\u0159\u00edjemce nebo ustanoven\u00e9ho zvl\u00e1\u0161tn\u00edho p\u0159\u00edjemce zah\u00e1jeno spr\u00e1vn\u00ed \u0159\u00edzen\u00ed o&nbsp;zru\u0161en\u00ed ustanoven\u00ed zvl\u00e1\u0161tn\u00edho p\u0159\u00edjemce d\u00e1vek d\u016fchodov\u00e9ho poji\u0161t\u011bn\u00ed.<\/p>\r\n<div class=\"shortcode-container container-fluid no-bottom-padding division-detail  \"> \n    <div class=\"row\">\n\t\t <div class=\"row div-dept\">\n            <div class=\"col-xs-12 col-md-12 contact-info\">\n                <h4>Kontakt<\/h4>\n                <span>\n                    \u00da\u0159ad m\u011bstsk\u00e9 \u010d\u00e1sti Praha 7\n                <\/span><br>\n                <span>\n                    Odbor soci\u00e1ln\u00edch v\u011bc\u00ed - odd\u011blen\u00ed soci\u00e1ln\u00ed pr\u00e1ce\n                <\/span><br>\n                    <span>\n                        U Pr\u016fhonu 1338\/38\n                    <\/span><br>\n                    <span>\n                        Praha 7\n                    <\/span><br>\n                \n                \n            <\/div>\n        <\/div>\n    <\/div>\n<\/div>\r\n\n<div class=\"shortcode-container no-bottom-padding  \">    \n\t<div class=\"row\">\n\t\t<div class=\"col-xs-12 col-md-7\">\n\t\t\t<h3>\u00da\u0159edn\u00ed hodiny \u00da\u0159adu M\u010c Praha 7<\/h3>\n\t\t<\/div>\n\t<\/div>\n\t\t<div class=\"row\">\n\t\t\t<div class=\"col-xs-12 col-sm-4 col-md-3\">\n\t\t\t\t<span>pond\u011bl\u00ed a st\u0159eda<\/span>\n\t\t\t<\/div>\n\t\t\t\t<div class=\"col-xs-6 col-sm-4 col-md-3\">\n\t\t\t\t\t<span>7.30\u201312.00<\/span>\n\t\t\t\t<\/div>\n\t\t\t\t\t<div class=\"col-xs-6 col-sm-4 col-md-3\">\n\t\t\t\t\t\t<span>13.00\u201318.00<\/span>\n\t\t\t\t\t<\/div>\n\t\t<\/div>\n\t\t<div class=\"row\">\n\t\t\t<div class=\"col-xs-12 col-sm-4 col-md-3\">\n\t\t\t\t<span>\u00fater\u00fd, \u010dtvrtek a p\u00e1tek<\/span>\n\t\t\t<\/div>\n\t\t\t\t<div class=\"col-xs-12 col-sm-8 col-md-9\">\n\t\t\t\t\t<span>po p\u0159edchoz\u00ed domluv\u011b \/ po objedn\u00e1n\u00ed<\/span>\n\t\t\t\t<\/div>\n\t\t<\/div>\n\t<div class=\"row\">\n\t\t<div class=\"col-xs-12 col-md-12 office_hours_info\">\n\t\t\t\n\t\t<\/div>\t\n\t<\/div>\n<\/div>\r\n<div class=\"shortcode-container container-fluid no-bottom-padding \">\n\t<div class=\"row shortcode-row no-bottom-border\">\n\t\t <div class=\"row contact-item\">\n\t\t\t<div class=\"col-xs-4 col-md-2 contact-photo\">\t\t\n\t\t\t\t<img src=\"https:\/\/www.praha7.cz\/wp-content\/uploads\/2017\/11\/miroslav-luczka.png\" alt=\"placeholder\">\n\t\t\t<\/div>\n\t\t\t<div class=\"col-xs-8 col-md-5 contact-info\">\n\t\t\t\t<h3>Luczka Miroslav, PaedDr.<\/h3>\n\t\t\t\t<span>vedouc\u00ed odboru<\/span><br>\n\t\t\t\t<span>dve\u0159e 2.06<\/span><br>\n\t\t\t\t<span>tel. <a>+420220144147<\/a><\/span><br>\n                <span>gsm. <a href=\"tel:+420735793146\">+420735793146<\/a><\/span><br>\n\t\t\t\t<a href=\"mailto:luczkam@praha7.cz\">luczkam@praha7.cz<\/a><br>\n\t\t\t<\/div>\n\t\t<\/div>\n\t<\/div>\n<\/div>\r\n<p><span style=\"color: #0000ff;\"><strong>FORMUL\u00c1\u0158E<br \/>\r\n<br \/>\r\n<\/strong><a href=\"https:\/\/www.praha7.cz\/wp-content\/uploads\/2025\/10\/OSV-OSP-01-f01_Zadost_o_ustanoveni_zvlastniho_prijemce_davky_duchodoveho....docx\" target=\"_blank\" rel=\"noopener\"><span style=\"color: #000000;\">\u017d\u00e1dost o&nbsp;ustanoven\u00ed zvl\u00e1\u0161tn\u00edho p\u0159\u00edjemce d\u00e1vky d\u016fchodov\u00e9ho poji\u0161t\u011bn\u00ed<\/span><\/a><strong><br \/>\r\n<\/strong><\/span><\/p>","protected":false},"excerpt":{"rendered":"[perex] V&nbsp;p\u0159\u00edpad\u011b, \u017ee v\u00e1\u0161 p\u0159\u00edbuzn\u00fd nen\u00ed ze z\u00e1va\u017en\u00fdch zdravotn\u00edch d\u016fvod\u016f schopen p\u0159eb\u00edrat sv\u016fj d\u016fchod, m\u016f\u017eete po\u017e\u00e1dat o&nbsp;ustanoven\u00ed zvl\u00e1\u0161tn\u00edho p\u0159\u00edjemce d\u016fchodu. [\/perex] Z\u00e1kladn\u00ed podm\u00ednkou je pod\u00e1n\u00ed \u017e\u00e1dosti a&nbsp;p\u0159edlo\u017een\u00ed pot\u0159ebn\u00fdch doklad\u016f \u2013 potvrzen\u00ed o\u0161et\u0159uj\u00edc\u00edho l\u00e9ka\u0159e, pr\u016fkazu toto\u017enosti a&nbsp;vypln\u011bn\u00e9 \u017e\u00e1dosti. Pot\u00e9 bude zah\u00e1jeno spr\u00e1vn\u00ed \u0159\u00edzen\u00ed. Spr\u00e1vn\u00ed org\u00e1n vyd\u00e1 Rozhodnut\u00ed o&nbsp;ustanoven\u00ed zvl\u00e1\u0161tn\u00edho p\u0159\u00edjemce d\u016fchodu, kter\u00e9 za\u0161le \u017eadateli, opr\u00e1vn\u011bn\u00e9mu [&hellip;]","protected":false},"author":17,"featured_media":0,"parent":1728,"menu_order":0,"comment_status":"closed","ping_status":"closed","template":"","meta":[],"_links":{"self":[{"href":"https:\/\/www.praha7.cz\/api\/wp\/v2\/pages\/7942"}],"collection":[{"href":"https:\/\/www.praha7.cz\/api\/wp\/v2\/pages"}],"about":[{"href":"https:\/\/www.praha7.cz\/api\/wp\/v2\/types\/page"}],"author":[{"embeddable":true,"href":"https:\/\/www.praha7.cz\/api\/wp\/v2\/users\/17"}],"replies":[{"embeddable":true,"href":"https:\/\/www.praha7.cz\/api\/wp\/v2\/comments?post=7942"}],"version-history":[{"count":17,"href":"https:\/\/www.praha7.cz\/api\/wp\/v2\/pages\/7942\/revisions"}],"predecessor-version":[{"id":87143,"href":"https:\/\/www.praha7.cz\/api\/wp\/v2\/pages\/7942\/revisions\/87143"}],"up":[{"embeddable":true,"href":"https:\/\/www.praha7.cz\/api\/wp\/v2\/pages\/1728"}],"wp:attachment":[{"href":"https:\/\/www.praha7.cz\/api\/wp\/v2\/media?parent=7942"}],"curies":[{"name":"wp","href":"https:\/\/api.w.org\/{rel}","templated":true}]}}