    
{"id":7940,"date":"2017-10-11T20:01:05","date_gmt":"2017-10-11T18:01:05","guid":{"rendered":"https:\/\/praha7.cz\/?page_id=7940"},"modified":"2025-08-18T15:53:55","modified_gmt":"2025-08-18T13:53:55","slug":"socialni-davky-podpora","status":"publish","type":"page","link":"https:\/\/www.praha7.cz\/potrebuji-zaridit\/socialni-oblast\/socialni-davky\/socialni-davky-podpora\/","title":{"rendered":"Soci\u00e1ln\u00ed d\u00e1vky, podpora"},"content":{"rendered":"<p>[perex]<\/p>\r\n<p>Pokud jste v&nbsp;evidenci \u00da\u0159adu pr\u00e1ce jako uchaze\u010d o&nbsp;zam\u011bstn\u00e1n\u00ed, ale nem\u00e1te n\u00e1rok na podporu v&nbsp;nezam\u011bstnanosti ani dostatek finan\u010dn\u00edch prost\u0159edk\u016f, obra\u0165te se na pobo\u010dku <a href=\"https:\/\/www.uradprace.cz\/praha-8\" target=\"_blank\" rel=\"noopener\">\u00da\u0159adu pr\u00e1ce<\/a>. Na \u00da\u0159adu pr\u00e1ce\u00a0\u00a0m\u016f\u017eete po\u017e\u00e1dat o&nbsp;p\u0159\u00edsp\u011bvek na \u017eivobyt\u00ed, p\u0159\u00edsp\u011bvek na bydlen\u00ed, mimo\u0159\u00e1dnou okam\u017eitou pomoc.<\/p>\r\n<p>[\/perex]<\/p>\r\n<div class=\"shortcode-container container-fluid no-bottom-padding division-detail  \">    \n    <div class=\"row\">\n\t\t <div class=\"row div-dept\">\n            <div class=\"col-xs-12 col-md-12 contact-info\">\n                <h4>Kontakt<\/h4>\n                <span>                   \n                    \u00da\u0159ad m\u011bstsk\u00e9 \u010d\u00e1sti Praha 7                   \n                <\/span><br>\n                <span>\n                    Odbor soci\u00e1ln\u00edho za\u010dle\u0148ov\u00e1n\u00ed\n                <\/span><br>\n                    <span>\n                        U Pr\u016fhonu 1338\/38\n                    <\/span><br>\n                    <span>\n                        Praha 7\n                    <\/span><br>\n                \n                \n\n            <\/div>\n        <\/div>\n    <\/div>\n<\/div>\r\n\n<div class=\"shortcode-container no-bottom-padding  \">    \n\t<div class=\"row\">\n\t\t<div class=\"col-xs-12 col-md-7\">\n\t\t\t<h3><\/h3>\n\t\t<\/div>\n\t<\/div>\n\t<div class=\"row\">\n\t\t<div class=\"col-xs-12 col-md-12 office_hours_info\">\n\t\t\t\n\t\t<\/div>\t\n\t<\/div>\n<\/div>\r\n<div class=\"shortcode-container container-fluid no-bottom-padding \">\n\t<div class=\"row shortcode-row no-bottom-border\">\n\t\t <div class=\"row contact-item\">\n\t\t\t<div class=\"col-xs-4 col-md-2 contact-photo\">\t\t\n\t\t\t\t<img src=\"https:\/\/www.praha7.cz\/wp-content\/uploads\/2017\/11\/miroslav-luczka.png\" alt=\"placeholder\">\n\t\t\t<\/div>\n\t\t\t<div class=\"col-xs-8 col-md-5 contact-info\">\n\t\t\t\t<h3>Luczka Miroslav, PaedDr.<\/h3>\n\t\t\t\t<span>vedouc\u00ed odboru<\/span><br>\n\t\t\t\t<span>dve\u0159e 2.06<\/span><br>\n\t\t\t\t<span>tel. <a>+420220144147<\/a><\/span><br>\n                <span>gsm. <a href=\"tel:+420735793146\">+420735793146<\/a><\/span><br>\n\t\t\t\t<a href=\"mailto:luczkam@praha7.cz\">luczkam@praha7.cz<\/a><br>\n\t\t\t<\/div>\n\t\t<\/div>\n\t<\/div>\n<\/div>\r\n<p>&nbsp;<\/p>","protected":false},"excerpt":{"rendered":"[perex] Pokud jste v&nbsp;evidenci \u00da\u0159adu pr\u00e1ce jako uchaze\u010d o&nbsp;zam\u011bstn\u00e1n\u00ed, ale nem\u00e1te n\u00e1rok na podporu v&nbsp;nezam\u011bstnanosti ani dostatek finan\u010dn\u00edch prost\u0159edk\u016f, obra\u0165te se na pobo\u010dku \u00da\u0159adu pr\u00e1ce. Na \u00da\u0159adu pr\u00e1ce\u00a0\u00a0m\u016f\u017eete po\u017e\u00e1dat o&nbsp;p\u0159\u00edsp\u011bvek na \u017eivobyt\u00ed, p\u0159\u00edsp\u011bvek na bydlen\u00ed, mimo\u0159\u00e1dnou okam\u017eitou pomoc. [\/perex] &nbsp;","protected":false},"author":17,"featured_media":0,"parent":6981,"menu_order":0,"comment_status":"closed","ping_status":"closed","template":"","meta":[],"_links":{"self":[{"href":"https:\/\/www.praha7.cz\/api\/wp\/v2\/pages\/7940"}],"collection":[{"href":"https:\/\/www.praha7.cz\/api\/wp\/v2\/pages"}],"about":[{"href":"https:\/\/www.praha7.cz\/api\/wp\/v2\/types\/page"}],"author":[{"embeddable":true,"href":"https:\/\/www.praha7.cz\/api\/wp\/v2\/users\/17"}],"replies":[{"embeddable":true,"href":"https:\/\/www.praha7.cz\/api\/wp\/v2\/comments?post=7940"}],"version-history":[{"count":11,"href":"https:\/\/www.praha7.cz\/api\/wp\/v2\/pages\/7940\/revisions"}],"predecessor-version":[{"id":86114,"href":"https:\/\/www.praha7.cz\/api\/wp\/v2\/pages\/7940\/revisions\/86114"}],"up":[{"embeddable":true,"href":"https:\/\/www.praha7.cz\/api\/wp\/v2\/pages\/6981"}],"wp:attachment":[{"href":"https:\/\/www.praha7.cz\/api\/wp\/v2\/media?parent=7940"}],"curies":[{"name":"wp","href":"https:\/\/api.w.org\/{rel}","templated":true}]}}