    
{"id":7839,"date":"2017-10-10T19:26:54","date_gmt":"2017-10-10T17:26:54","guid":{"rendered":"https:\/\/praha7.cz\/?page_id=7839"},"modified":"2025-05-15T10:42:01","modified_gmt":"2025-05-15T08:42:01","slug":"oddeleni-dokladu-a-evidence-obyvatel-2","status":"publish","type":"page","link":"https:\/\/www.praha7.cz\/radnice\/organizacni-struktura\/odbor-spravnich-agend\/oddeleni-dokladu-a-evidence-obyvatel-2\/","title":{"rendered":"odd\u011blen\u00ed doklad\u016f a&nbsp;evidence obyvatel"},"content":{"rendered":"<p>[perex]<\/p>\r\n<p><strong>Odd\u011blen\u00ed doklad\u016f a&nbsp;evidence obyvatel (ODEO)<\/strong> zpracov\u00e1v\u00e1 \u00fadaje z&nbsp;informa\u010dn\u00edho syst\u00e9mu Ministerstvo vnitra a&nbsp;informa\u010dn\u00edho syst\u00e9mu o&nbsp;obyvatel\u00edch. Zaji\u0161\u0165uje agendu trval\u00e9ho pobytu, vyd\u00e1v\u00e1 ob\u010dansk\u00e9 pr\u016fkazy a&nbsp;pasy.<\/p>\r\n<p>[\/perex]<\/p>\r\n        <div class=\"collapse-block\">\r\n            <div class=\"card-header\" role=\"tab\" id=\"heading502d45a08bcc18363c1786177ff9b7567771fd8c\">\r\n                                    <h3 class=\"mb-0\">\r\n                        <a data-toggle=\"collapse\" href=\"#collapse502d45a08bcc18363c1786177ff9b7567771fd8c\" aria-controls=\"collapse502d45a08bcc18363c1786177ff9b7567771fd8c\">\r\n                            Podrobn\u00fd popis \u010dinnosti                            <i class=\"fa fa-2x fa-angle-down\" aria-hidden=\"true\"><\/i>\r\n                        <\/a>\r\n                    <\/h3>\r\n                                \r\n            <\/div>\r\n\r\n            <div id=\"collapse502d45a08bcc18363c1786177ff9b7567771fd8c\" class=\"collapse\" data-id=\"502d45a08bcc18363c1786177ff9b7567771fd8c\" role=\"tabpanel\" aria-labelledby=\"heading502d45a08bcc18363c1786177ff9b7567771fd8c\">\r\n                <div class=\"card-block\">\r\n    \r\n<p><strong>Odd\u011blen\u00ed doklad\u016f a&nbsp;evidence obyvatel \u2013 ODEO<\/strong><\/p>\r\n<ul>\r\n\t<li>Zpracov\u00e1v\u00e1 \u00fadaje veden\u00e9 v&nbsp;informa\u010dn\u00edm syst\u00e9mu pro Ministerstvo vnitra a&nbsp;u\u017e\u00edv\u00e1 \u00fadaje z&nbsp;informa\u010dn\u00edho syst\u00e9mu o&nbsp;obyvatel\u00edch.<\/li>\r\n\t<li>Poskytuje \u00fadaje z&nbsp;informa\u010dn\u00edho syst\u00e9mu, pokud tak stanov\u00ed zvl\u00e1\u0161tn\u00ed pr\u00e1vn\u00ed p\u0159edpis nebo pokud to vy\u017eaduje \u010dinnost org\u00e1n\u016f st\u00e1tn\u00ed spr\u00e1vy a&nbsp;org\u00e1n\u016f pov\u011b\u0159en\u00fdch v\u00fdkonem st\u00e1tn\u00ed spr\u00e1vy.<\/li>\r\n\t<li>Ve spolupr\u00e1ci s&nbsp;p\u0159\u00edslu\u0161n\u00fdmi zdroji informa\u010dn\u00edho syst\u00e9mu zaji\u0161\u0165uje aktu\u00e1ln\u00ed spr\u00e1vnost a&nbsp;\u00faplnost \u00fadaj\u016f veden\u00fdch v&nbsp;informa\u010dn\u00edm syst\u00e9mu.<\/li>\r\n\t<li>Poskytuje \u00fadaje z&nbsp;informa\u010dn\u00edho syst\u00e9mu ob\u010dan\u016fm, pokud jde o&nbsp;\u00fadaje k&nbsp;jejich osob\u011b.<\/li>\r\n\t<li>Rozhoduje o&nbsp;zru\u0161en\u00ed \u00fadaje o&nbsp;m\u00edstu trval\u00e9ho pobytu, byl-li z\u00e1pis proveden na z\u00e1klad\u011b pozm\u011bn\u011bn\u00fdch, neplatn\u00fdch nebo pad\u011blan\u00fdch doklad\u016f nebo nepravdiv\u011b nebo nespr\u00e1vn\u011b uveden\u00fdch skute\u010dnost\u00ed.<\/li>\r\n\t<li>Rozhoduje o&nbsp;zru\u0161en\u00ed \u00fadaje o&nbsp;m\u00edstu trval\u00e9ho pobytu, byl-li objekt, na jeho\u017e adrese je ob\u010dan hl\u00e1\u0161en k&nbsp;trval\u00e9mu pobytu, odstran\u011bn nebo zanikl nebo je podle zvl\u00e1\u0161tn\u00edch pr\u00e1vn\u00edch p\u0159edpis\u016f nezp\u016fsobil\u00fd k&nbsp;u\u017e\u00edv\u00e1n\u00ed za \u00fa\u010delem bydlen\u00ed.<\/li>\r\n\t<li>Rozhoduje o&nbsp;zru\u0161en\u00ed \u00fadaje o&nbsp;m\u00edstu trval\u00e9ho pobytu, zaniklo-li u\u017e\u00edvac\u00ed pr\u00e1vo ob\u010dana k&nbsp;objektu nebo jeho \u010d\u00e1sti a&nbsp;neu\u017e\u00edv\u00e1-li ob\u010dan tento objekt nebo jeho vymezenou \u010d\u00e1st.<\/li>\r\n\t<li>P\u0159ij\u00edm\u00e1 ohl\u00e1\u0161en\u00ed ob\u010dana o&nbsp;zm\u011bn\u011b m\u00edsta trval\u00e9ho pobytu a&nbsp;vyd\u00e1v\u00e1 potvrzen\u00ed o&nbsp;zm\u011bn\u011b m\u00edsta trval\u00e9ho pobytu.<\/li>\r\n\t<li>K \u017e\u00e1dosti vlastn\u00edka objektu nebo jeho vymezen\u00e9 \u010d\u00e1sti sd\u011bluje jm\u00e9na, p\u0159\u00edjmen\u00ed a&nbsp;data narozen\u00ed ob\u010dana, k&nbsp;n\u011bmu\u017e vede \u00fadaj o&nbsp;m\u00edst\u011b trval\u00e9ho pobytu v&nbsp;objektu.<\/li>\r\n\t<li>P\u0159ij\u00edm\u00e1 \u017e\u00e1dosti o&nbsp;zprost\u0159edkov\u00e1n\u00ed kontaktu.<\/li>\r\n\t<li>P\u0159ij\u00edm\u00e1 sd\u011blen\u00ed ob\u010dana, \u017ee se rozhodl ukon\u010dit trval\u00fd pobyt na \u00fazem\u00ed \u010cesk\u00e9 republiky.<\/li>\r\n\t<li>Vede v&nbsp;evidenci obyvatel (na p\u00edsemnou \u017e\u00e1dost ob\u010dana) \u00fadaj o&nbsp;adrese, na kterou mu maj\u00ed b\u00fdt doru\u010dov\u00e1ny p\u00edsemnosti podle zvl\u00e1\u0161tn\u00edho pr\u00e1vn\u00edho p\u0159edpisu.<\/li>\r\n\t<li>P\u0159ij\u00edm\u00e1 \u017e\u00e1dosti o&nbsp;vyd\u00e1n\u00ed ob\u010dansk\u00e9ho pr\u016fkazu se strojov\u011b \u010diteln\u00fdmi \u00fadaji a&nbsp;s&nbsp;kontaktn\u00edm elektronick\u00fdm \u010dipem, ob\u010dansk\u00e9ho pr\u016fkazu se strojov\u011b \u010diteln\u00fdmi \u00fadaji, nebo ob\u010dansk\u00e9ho pr\u016fkazu bez strojov\u011b \u010diteln\u00fdch \u00fadaj\u016f a&nbsp;tyto pr\u016fkazy vyd\u00e1v\u00e1.<\/li>\r\n\t<li>Vyd\u00e1v\u00e1 potvrzen\u00ed o&nbsp;ob\u010dansk\u00e9m pr\u016fkazu, rozhoduje o&nbsp;skon\u010den\u00ed platnosti ob\u010dansk\u00e9ho pr\u016fkazu a&nbsp;p\u0159ij\u00edm\u00e1 od ob\u010dan\u016f hl\u00e1\u0161en\u00ed o&nbsp;po\u0161kozen\u00ed, zni\u010den\u00ed, ztr\u00e1t\u011b, odcizen\u00ed nebo zneu\u017eit\u00ed ob\u010dansk\u00e9ho pr\u016fkazu.<\/li>\r\n\t<li>P\u0159ij\u00edm\u00e1 nalezen\u00e9 ob\u010dansk\u00e9 pr\u016fkazy, potvrzen\u00ed o&nbsp;ob\u010dansk\u00fdch pr\u016fkazech, d\u00e1le ob\u010dansk\u00e9 pr\u016fkazy zem\u0159el\u00e9ho ob\u010dana nebo ob\u010dana prohl\u00e1\u0161en\u00e9ho za mrtv\u00e9ho. P\u0159ij\u00edm\u00e1 ob\u010dansk\u00fd pr\u016fkaz ob\u010dana, kter\u00fd ukon\u010dil trval\u00fd pobyt na \u00fazem\u00ed \u010cR, pozbyl st\u00e1tn\u00edho ob\u010danstv\u00ed.<\/li>\r\n\t<li>M\u00e1 opr\u00e1vn\u011bn\u00ed zadr\u017eet ob\u010danovi neplatn\u00fd ob\u010dansk\u00fd pr\u016fkaz a&nbsp;povinnost vydat mu o&nbsp;t\u00e9to skute\u010dnosti potvrzen\u00ed o&nbsp;ob\u010dansk\u00e9m pr\u016fkazu.<\/li>\r\n\t<li>P\u0159ij\u00edm\u00e1 ozn\u00e1men\u00ed policie o&nbsp;ohl\u00e1\u0161en\u00ed odcizen\u00ed ob\u010dansk\u00e9ho pr\u016fkazu a&nbsp;\u010d\u00edsle vydan\u00e9ho potvrzen\u00ed o&nbsp;ob\u010dansk\u00e9m pr\u016fkazu.<\/li>\r\n\t<li>Na \u017e\u00e1dost ob\u010dana p\u0159eb\u00edr\u00e1 do \u00faschovy ob\u010dansk\u00fd pr\u016fkaz ob\u010dana po dobu jeho dlouhodob\u00e9ho pobytu v&nbsp;zahrani\u010d\u00ed.<\/li>\r\n\t<li>Vede evidenci vydan\u00fdch ob\u010dansk\u00fdch pr\u016fkaz\u016f a&nbsp;zaji\u0161\u0165uje znehodnocov\u00e1n\u00ed neplatn\u00fdch ob\u010dansk\u00fdch pr\u016fkaz\u016f.<\/li>\r\n\t<li>Vy\u0159izuje \u017e\u00e1dosti o&nbsp;vyd\u00e1n\u00ed cestovn\u00edho pasu se strojov\u011b \u010diteln\u00fdmi \u00fadaji a&nbsp;s&nbsp;nosi\u010dem dat s&nbsp;biometrick\u00fdmi \u00fadaji s&nbsp;vyu\u017eit\u00edm \u00fadaj\u016f veden\u00fdch v&nbsp;informa\u010dn\u00edm syst\u00e9mu evidence obyvatel a&nbsp;evidence cestovn\u00edch doklad\u016f a&nbsp;sou\u010dasn\u011b po\u0159izuje biometrick\u00e9 \u00fadaje ob\u010dana.<\/li>\r\n\t<li>Rozhoduje o&nbsp;p\u0159eru\u0161en\u00ed \u010di zastaven\u00ed \u0159\u00edzen\u00ed, pokud nejsou opr\u00e1vn\u011bnou osobou p\u0159edlo\u017eeny v\u0161echny doklady pot\u0159ebn\u00e9 pro vyd\u00e1n\u00ed cestovn\u00edho dokladu.<\/li>\r\n\t<li>Vede spisovou dokumentaci \u017e\u00e1dost\u00ed a&nbsp;dal\u0161\u00edch p\u00edsemnost\u00ed, pot\u0159ebn\u00fdch k&nbsp;vyd\u00e1n\u00ed cestovn\u00edho dokladu.<\/li>\r\n\t<li>P\u0159ij\u00edm\u00e1 ohl\u00e1\u0161en\u00ed ztr\u00e1ty, odcizen\u00ed nebo n\u00e1lezu cestovn\u00edho dokladu a&nbsp;vystavuje potvrzen\u00ed o&nbsp;ztr\u00e1t\u011b nebo odcizen\u00ed cestovn\u00edho dokladu. P\u0159ij\u00edm\u00e1 ohl\u00e1\u0161en\u00ed ztr\u00e1ty nebo odcizen\u00ed cestovn\u00edho dokladu v&nbsp;zahrani\u010d\u00ed. P\u0159ij\u00edm\u00e1 odevzdan\u00fd cestovn\u00ed doklad jin\u00e9ho ob\u010dana.<\/li>\r\n\t<li>M\u00e1 mo\u017enost zadr\u017eet neplatn\u00fd cestovn\u00ed doklad dr\u017eiteli a&nbsp;ciz\u00ed cestovn\u00ed doklad tomu, kdo nesplnil povinnost jej odevzdat nebo kter\u00fd se stal neplatn\u00fdm; povinnost vydat ob\u010danovi potvrzen\u00ed o&nbsp;zadr\u017een\u00ed cestovn\u00edho dokladu.<\/li>\r\n\t<li>Zaji\u0161\u0165uje znehodnocov\u00e1n\u00ed neplatn\u00fdch cestovn\u00edch doklad\u016f.<\/li>\r\n\t<li>Projedn\u00e1v\u00e1 p\u0159estupky na \u00faseku ob\u010dansk\u00fdch pr\u016fkaz\u016f, cestovn\u00edch doklad\u016f a&nbsp;evidence obyvatel.<\/li>\r\n<\/ul>\r\n                <\/div>\r\n            <\/div>\r\n        <\/div>\r\n    \r\n\n<div class=\"shortcode-container no-bottom-padding  \">    \n\t<div class=\"row\">\n\t\t<div class=\"col-xs-12 col-md-7\">\n\t\t\t<h3>\u00da\u0159edn\u00ed hodiny \u2013 Odd\u011blen\u00ed doklad\u016f a evidence obyvatel, U Pr\u016fhonu 1338\/38<\/h3>\n\t\t<\/div>\n\t<\/div>\n\t\t<div class=\"row\">\n\t\t\t<div class=\"col-xs-12 col-sm-4 col-md-3\">\n\t\t\t\t<span>pond\u011bl\u00ed a st\u0159eda<\/span>\n\t\t\t<\/div>\n\t\t\t\t<div class=\"col-xs-6 col-sm-4 col-md-3\">\n\t\t\t\t\t<span>7.30\u201312.00<\/span>\n\t\t\t\t<\/div>\n\t\t\t\t\t<div class=\"col-xs-6 col-sm-4 col-md-3\">\n\t\t\t\t\t\t<span>13.00\u201318.00<\/span>\n\t\t\t\t\t<\/div>\n\t\t<\/div>\n\t\t<div class=\"row\">\n\t\t\t<div class=\"col-xs-12 col-sm-4 col-md-3\">\n\t\t\t\t<span>\u00fater\u00fd a \u010dtvrtek<\/span>\n\t\t\t<\/div>\n\t\t\t\t<div class=\"col-xs-6 col-sm-4 col-md-3\">\n\t\t\t\t\t<span>7.30\u201312.00<\/span>\n\t\t\t\t<\/div>\n\t\t\t\t\t<div class=\"col-xs-6 col-sm-4 col-md-3\">\n\t\t\t\t\t\t<span>13.00\u201314.00<\/span>\n\t\t\t\t\t<\/div>\n\t\t<\/div>\n\t<div class=\"row\">\n\t\t<div class=\"col-xs-12 col-md-12 office_hours_info\">\n\t\t\tPosledn\u00ed p\u0159\u00edjem \u017e\u00e1dost\u00ed pro odbaven\u00ed je 30 minut p\u0159ed koncem \u00fa\u0159edn\u00edch hodin.\n\n\t\t<\/div>\t\n\t<\/div>\n<\/div>\r\n<div class=\"shortcode-container container-fluid no-bottom-padding division-detail  \"> \n    <div class=\"row\">\n\t\t <div class=\"row div-dept\">\n            <div class=\"col-xs-12 col-md-12 contact-info\">\n                <h4>Kontakt<\/h4>\n                <span>\n                    \u00da\u0159ad m\u011bstsk\u00e9 \u010d\u00e1sti Praha 7\n                <\/span><br>\n                <span>\n                    Odbor spr\u00e1vn\u00edch agend - odd\u011blen\u00ed doklad\u016f a evidence obyvatel\n                <\/span><br>\n                    <span>\n                        U Pr\u016fhonu 1338\/38\n                    <\/span><br>\n                    <span>\n                        Praha 7\n                    <\/span><br>\n                \n                \n            <\/div>\n        <\/div>\n    <\/div>\n<\/div>\r\n<div class=\"shortcode-container container-fluid text-xs-center no-bottom-padding \">\n\t<div class=\"row shortcode-row \">\n        <div class=\"row contact-item\">\n            <div class=\"col-xs-4 col-md-2 contact-photo\">\t\t\n                <img src=\"https:\/\/www.praha7.cz\/wp-content\/uploads\/2018\/07\/stepanka-koziskova-400x400.jpg\" alt=\"placeholder\">\n            <\/div>\n\n            <div class=\"col-xs-8 col-md-5 contact-info\">\n                <h3>Ko\u017e\u00ed\u0161kov\u00e1 \u0160t\u011bp\u00e1nka<\/h3>\n                <span>vedouc\u00ed odd\u011blen\u00ed<\/span><br>\n                <span>tel. <a href=\"tel:+420220144210\">+420220144210<\/a><\/span><br>\n                \n                <a href=\"mailto:koziskovas@praha7.cz\">koziskovas@praha7.cz<\/a><br>\n                <span>dve\u0159e 1.08\/1.08a<\/span>\n            <\/div>\n        <\/div>\n\t<\/div>\n\n        <div class=\"row shortcode-row \">\n            <div class=\"col-xs-6 contact-info sub-contact-info\">\n                <div class=\"row contact-item\">\n                    <h3>Feixov\u00e1 V\u011bra<\/h3>\n                    <span>referentka<\/span><br>\n                    <span>tel. <a href=\"tel:+420220144207\">+420220144207<\/a><\/span><br>\n                    \n                    <a href=\"mailto:feixovav@praha7.cz\">feixovav@praha7.cz<\/a><br>\n                    <span>dve\u0159e 1.08\/1.08a<\/span>\n                <\/div>\n            <\/div>\n            <div class=\"col-xs-6 contact-info sub-contact-info\">\n                <div class=\"contact-item\">\n                    <h3>Pek Alexandr<\/h3>\n                    <span>referent<\/span><br>\n                    <span>tel. <a href=\"tel:+420220144207\">+420220144207<\/a><\/span><br>\n                    \n                    <a href=\"mailto:peka@praha7.cz\">peka@praha7.cz<\/a><br>\n                    <span>dve\u0159e 1.08\/1.08a<\/span>\n                <\/div>\n            <\/div>\n        <\/div>\n        <div class=\"row shortcode-row \">\n            <div class=\"col-xs-6 contact-info sub-contact-info\">\n                <div class=\"row contact-item\">\n                    <h3>Votrubov\u00e1 Zde\u0148ka<\/h3>\n                    <span>referentka<\/span><br>\n                    <span>tel. <a href=\"tel:+420220144203\">+420220144203<\/a><\/span><br>\n                    \n                    <a href=\"mailto:votrubovaz@praha7.cz\">votrubovaz@praha7.cz<\/a><br>\n                    <span>dve\u0159e 1.08\/1.08a<\/span>\n                <\/div>\n            <\/div>\n            <div class=\"col-xs-6 contact-info sub-contact-info\">\n                <div class=\"contact-item\">\n                    <h3>Smith Jen\u00edk<\/h3>\n                    <span>referent<\/span><br>\n                    <span>tel. <a href=\"tel:+420220144206\">+420220144206<\/a><\/span><br>\n                    \n                    <a href=\"mailto:smithj@praha7.cz\">smithj@praha7.cz<\/a><br>\n                    <span>dve\u0159e 1.08\/1.08a<\/span>\n                <\/div>\n            <\/div>\n        <\/div>\n        <div class=\"row shortcode-row no-bottom-border\">\n            <div class=\"col-xs-6 contact-info sub-contact-info-last\">\n                <div class=\"row contact-item\">\n                    <h3>\u0160patzov\u00e1 Ivana<\/h3>\n                    <span>referentka<\/span><br>\n                    <span>tel. <a href=\"tel:+420220144204\">+420220144204<\/a><\/span><br>\n                    \n                    <a href=\"mailto:spatzovai@praha7.cz\">spatzovai@praha7.cz<\/a><br>\n                    <span>dve\u0159e 1.08\/1.08a<\/span>\n                <\/div>\n            <\/div>\n        <\/div>\n<\/div>\n","protected":false},"excerpt":{"rendered":"[perex] Odd\u011blen\u00ed doklad\u016f a&nbsp;evidence obyvatel (ODEO) zpracov\u00e1v\u00e1 \u00fadaje z&nbsp;informa\u010dn\u00edho syst\u00e9mu Ministerstvo vnitra a&nbsp;informa\u010dn\u00edho syst\u00e9mu o&nbsp;obyvatel\u00edch. Zaji\u0161\u0165uje agendu trval\u00e9ho pobytu, vyd\u00e1v\u00e1 ob\u010dansk\u00e9 pr\u016fkazy a&nbsp;pasy. [\/perex] Odd\u011blen\u00ed doklad\u016f a&nbsp;evidence obyvatel \u2013 ODEO Zpracov\u00e1v\u00e1 \u00fadaje veden\u00e9 v&nbsp;informa\u010dn\u00edm syst\u00e9mu pro Ministerstvo vnitra a&nbsp;u\u017e\u00edv\u00e1 \u00fadaje z&nbsp;informa\u010dn\u00edho syst\u00e9mu o&nbsp;obyvatel\u00edch. Poskytuje \u00fadaje z&nbsp;informa\u010dn\u00edho syst\u00e9mu, pokud tak stanov\u00ed zvl\u00e1\u0161tn\u00ed pr\u00e1vn\u00ed p\u0159edpis nebo pokud [&hellip;]","protected":false},"author":17,"featured_media":0,"parent":7082,"menu_order":0,"comment_status":"closed","ping_status":"closed","template":"","meta":[],"_links":{"self":[{"href":"https:\/\/www.praha7.cz\/api\/wp\/v2\/pages\/7839"}],"collection":[{"href":"https:\/\/www.praha7.cz\/api\/wp\/v2\/pages"}],"about":[{"href":"https:\/\/www.praha7.cz\/api\/wp\/v2\/types\/page"}],"author":[{"embeddable":true,"href":"https:\/\/www.praha7.cz\/api\/wp\/v2\/users\/17"}],"replies":[{"embeddable":true,"href":"https:\/\/www.praha7.cz\/api\/wp\/v2\/comments?post=7839"}],"version-history":[{"count":18,"href":"https:\/\/www.praha7.cz\/api\/wp\/v2\/pages\/7839\/revisions"}],"predecessor-version":[{"id":84163,"href":"https:\/\/www.praha7.cz\/api\/wp\/v2\/pages\/7839\/revisions\/84163"}],"up":[{"embeddable":true,"href":"https:\/\/www.praha7.cz\/api\/wp\/v2\/pages\/7082"}],"wp:attachment":[{"href":"https:\/\/www.praha7.cz\/api\/wp\/v2\/media?parent=7839"}],"curies":[{"name":"wp","href":"https:\/\/api.w.org\/{rel}","templated":true}]}}