    
{"id":77661,"date":"2024-07-08T07:34:21","date_gmt":"2024-07-08T05:34:21","guid":{"rendered":"https:\/\/www.praha7.cz\/?page_id=77661"},"modified":"2024-07-08T14:49:07","modified_gmt":"2024-07-08T12:49:07","slug":"oddeleni-podpory-socialni-pedagogiky","status":"publish","type":"page","link":"https:\/\/www.praha7.cz\/radnice\/organizacni-struktura\/odbor-vzdelavani-a-projektoveho-rizeni\/oddeleni-podpory-socialni-pedagogiky\/","title":{"rendered":"odd\u011blen\u00ed podpory soci\u00e1ln\u00ed pedagogiky"},"content":{"rendered":"<p>[perex]<\/p>\r\n<p><strong>Odd\u011blen\u00ed podpory soci\u00e1ln\u00ed pedagogiky (PSP)<\/strong> p\u0159ipravuje, aktualizuje a&nbsp;implementuje aktu\u00e1ln\u00ed koncepce t\u00fdkaj\u00edc\u00ed se rozvoje \u0161kolsk\u00e9 soci\u00e1ln\u00ed pedagogiky v&nbsp;z\u00e1kladn\u00edch a&nbsp;mate\u0159sk\u00fdch \u0161kol\u00e1ch z\u0159izovan\u00fdch M\u010c Praha&nbsp;7 a&nbsp;\u00fazce spolupracuje na propojen\u00ed koncepc\u00ed a&nbsp;strategi\u00ed u&nbsp;\u0161kolsk\u00fdch za\u0159\u00edzen\u00ed (M\u0160 a&nbsp;Z\u0160) v&nbsp;\u00fazem\u00ed, kter\u00e9 jsou z\u0159izov\u00e1ny c\u00edrkevn\u00edmi a&nbsp;priv\u00e1tn\u00edmi institucemi.<\/p>\r\n<p>[\/perex]<\/p>\r\n        <div class=\"collapse-block\">\r\n            <div class=\"card-header\" role=\"tab\" id=\"heading63ce536aa6229ef4c36e90469841cb9e9c458afb\">\r\n                                    <h3 class=\"mb-0\">\r\n                        <a data-toggle=\"collapse\" href=\"#collapse63ce536aa6229ef4c36e90469841cb9e9c458afb\" aria-controls=\"collapse63ce536aa6229ef4c36e90469841cb9e9c458afb\">\r\n                            Podrobn\u00fd popis \u010dinnosti                            <i class=\"fa fa-2x fa-angle-down\" aria-hidden=\"true\"><\/i>\r\n                        <\/a>\r\n                    <\/h3>\r\n                                \r\n            <\/div>\r\n\r\n            <div id=\"collapse63ce536aa6229ef4c36e90469841cb9e9c458afb\" class=\"collapse\" data-id=\"63ce536aa6229ef4c36e90469841cb9e9c458afb\" role=\"tabpanel\" aria-labelledby=\"heading63ce536aa6229ef4c36e90469841cb9e9c458afb\">\r\n                <div class=\"card-block\">\r\n    \r\n<p><strong>Odd\u011blen\u00ed podpory soci\u00e1ln\u00ed pedagogiky \u2013 PSP<\/strong><\/p>\r\n<ul>\r\n\t<li>P\u0159ipravuje, aktualizuje a&nbsp;implementuje aktu\u00e1ln\u00ed koncepce t\u00fdkaj\u00edc\u00ed se rozvoje \u0161kolsk\u00e9 soci\u00e1ln\u00ed pedagogiky v&nbsp;z\u00e1kladn\u00edch a&nbsp;mate\u0159sk\u00fdch \u0161kol\u00e1ch z\u0159izovan\u00fdch M\u010c Praha&nbsp;7 a&nbsp;\u00fazce spolupracuje na propojen\u00ed koncepc\u00ed a&nbsp;strategi\u00ed u&nbsp;\u0161kolsk\u00fdch za\u0159\u00edzen\u00ed (M\u0160 a&nbsp;Z\u0160) v&nbsp;\u00fazem\u00ed, kter\u00e9 jsou z\u0159izov\u00e1ny c\u00edrkevn\u00edmi a&nbsp;priv\u00e1tn\u00edmi institucemi.<\/li>\r\n\t<li>Spolupracuje se v\u0161emi akt\u00e9ry vzd\u011bl\u00e1v\u00e1n\u00ed v&nbsp;\u00fazem\u00ed spr\u00e1vn\u00edho obvodu Praha&nbsp;7 a&nbsp;s&nbsp;relevantn\u00edmi \u0161kolsk\u00fdmi poradensk\u00fdmi pracovi\u0161ti a&nbsp;pracovi\u0161ti v&nbsp;oboru dan\u00e9 kompetence za \u00fa\u010delem koncep\u010dn\u00edho \u0159e\u0161en\u00ed probl\u00e9m\u016f \u017e\u00e1k\u016f ohro\u017een\u00fdch \u0161koln\u00edm ne\u00fasp\u011bchem.<\/li>\r\n\t<li>Dodr\u017euje povinn\u00e9 \u00fakony dan\u00e9 z\u00e1konnou agendou dle z\u00e1kona \u010d. 561\/2004 Sb., o&nbsp;p\u0159ed\u0161koln\u00edm, z\u00e1kladn\u00edm, st\u0159edn\u00edm, vy\u0161\u0161\u00edm odborn\u00e9m a&nbsp;jin\u00e9m vzd\u011bl\u00e1v\u00e1n\u00ed (d\u00e1le jen \u0161kolsk\u00fd z\u00e1kon), a&nbsp;d\u00e1le dle obecn\u011b platn\u00e9 z\u00e1konn\u00e9 legislativy.<\/li>\r\n\t<li>Dodr\u017euje povinn\u00e9 \u00fakony dan\u00e9 z\u00e1konnou agendou dle z\u00e1kona \u010d. 108\/2006 Sb., o&nbsp;soci\u00e1ln\u00edch slu\u017eb\u00e1ch a&nbsp;souvisej\u00edc\u00ed p\u0159edpisy.<\/li>\r\n\t<li>Zaji\u0161\u0165uje metodickou podporu \u0161kol\u00e1m a&nbsp;\u0161kolsk\u00fdm za\u0159\u00edzen\u00edm v&nbsp;oblastech: ukotven\u00ed pozice soci\u00e1ln\u00edho pedagoga, kompetence soci\u00e1ln\u00edho pedagoga a&nbsp;jeho pozice v&nbsp;\u0160PP (\u0161koln\u00ed poradensk\u00e9 pracovi\u0161t\u011b) i&nbsp;v&nbsp;M\u0160 a&nbsp;s&nbsp;t\u00edm souvisej\u00edc\u00ed administrativn\u00ed \u010dinnosti.<\/li>\r\n\t<li>Podporuje a&nbsp;hled\u00e1 formy zlep\u0161en\u00ed \u0161koln\u00edho \u00fasp\u011bchu u&nbsp;pot\u0159ebn\u00fdch \u017e\u00e1k\u016f a&nbsp;napom\u00e1h\u00e1 jejich za\u010dlen\u011bn\u00ed do spole\u010dnosti.<\/li>\r\n\t<li>Poskytuje p\u0159\u00edmou pr\u00e1ci s&nbsp;rodinou (i&nbsp;ter\u00e9nn\u00ed), uskute\u010d\u0148uje r\u016fzn\u00e9 preventivn\u00ed aktivity pro \u0161kolu, orientuje se v&nbsp;prost\u0159ed\u00ed konkr\u00e9tn\u00ed \u0161koly a&nbsp;navazuje spolupr\u00e1ci s&nbsp;jednotliv\u00fdmi pedagogick\u00fdmi pracovn\u00edky a&nbsp;identifikuje \u017e\u00e1ky ohro\u017een\u00e9 \u0161koln\u00edm ne\u00fasp\u011bchem a&nbsp;individu\u00e1ln\u011b s&nbsp;nimi pracuje.<\/li>\r\n\t<li>Vytv\u00e1\u0159\u00ed prostor pro komunikaci, spolupr\u00e1ci a&nbsp;pozn\u00e1n\u00ed v\u0161ech akt\u00e9r\u016f vzd\u011bl\u00e1v\u00e1n\u00ed (\u017e\u00e1k, z\u00e1konn\u00fd z\u00e1stupce, \u0161kolsk\u00e9 za\u0159\u00edzen\u00ed, komunita).<\/li>\r\n\t<li>Poskytuje podporu p\u0159i vzd\u011bl\u00e1v\u00e1n\u00ed a&nbsp;posilov\u00e1n\u00ed kompetenc\u00ed \u017e\u00e1ka v&nbsp;r\u00e1mci prevence p\u0159ed\u010dasn\u00fdch odchod\u016f ze vzd\u011bl\u00e1v\u00e1n\u00ed a&nbsp;zvl\u00e1d\u00e1n\u00ed nep\u0159\u00edzniv\u00e9 soci\u00e1ln\u00ed situace v&nbsp;\u017eivot\u011b, zaji\u0161t\u011bn\u00ed podm\u00ednek pro vzd\u011bl\u00e1v\u00e1n\u00ed v&nbsp;r\u00e1mci rovn\u00fdch p\u0159\u00edle\u017eitost\u00ed ke vzd\u011bl\u00e1v\u00e1n\u00ed, zaji\u0161t\u011bn\u00ed podm\u00ednek pro \u00fa\u010dast na \u0161koln\u00edch a&nbsp;mimo\u0161koln\u00edch\/volno\u010dasov\u00fdch aktivit\u00e1ch, aktivit\u00e1ch prevence rizikov\u00e9ho chov\u00e1n\u00ed.<\/li>\r\n\t<li>Poskytuje z\u00e1kladn\u00ed soci\u00e1ln\u00ed poradenstv\u00ed a&nbsp;ter\u00e9nn\u00ed pr\u00e1ci dan\u00e9 c\u00edlov\u00e9 skupin\u011b.<\/li>\r\n\t<li>Ve spolupr\u00e1ci s&nbsp;P\u0158 navrhuje projekty z&nbsp;oblasti soci\u00e1ln\u00ed a&nbsp;vzd\u011bl\u00e1vac\u00ed sm\u011b\u0159uj\u00edc\u00ed k&nbsp;podpo\u0159e \u017e\u00e1k\u016f ohro\u017een\u00fdch \u0161koln\u00edm ne\u00fasp\u011bchem.<\/li>\r\n\t<li>Vede spisovou slu\u017ebu, zaji\u0161\u0165uje jednotn\u00fd postup spisov\u00e9 agendy. P\u0159ij\u00edm\u00e1, vy\u0159izuje, eviduje a&nbsp;ukl\u00e1d\u00e1 korespondenci.<\/li>\r\n\t<li>P\u0159ipravuje materi\u00e1ly na jedn\u00e1n\u00ed Rady a&nbsp;Zastupitelstva.<\/li>\r\n\t<li>Pln\u00ed \u00fakoly dle pokyn\u016f Rady a&nbsp;tajemn\u00edka \u00da\u0159adu.<\/li>\r\n<\/ul>\r\n                <\/div>\r\n            <\/div>\r\n        <\/div>\r\n    \r\n<div class=\"shortcode-container container-fluid no-bottom-padding division-detail  \"> \n    <div class=\"row\">\n\t\t <div class=\"row div-dept\">\n            <div class=\"col-xs-12 col-md-12 contact-info\">\n                <h4>Kontakt<\/h4>\n                <span>\n                    \u00da\u0159ad m\u011bstsk\u00e9 \u010d\u00e1sti Praha 7\n                <\/span><br>\n                <span>\n                    Odbor vzd\u011bl\u00e1v\u00e1n\u00ed a projektov\u00e9ho \u0159\u00edzen\u00ed - odd\u011blen\u00ed podpory soci\u00e1ln\u00ed pedagogiky\n                <\/span><br>\n                    <span>\n                        Franti\u0161ka K\u0159\u00ed\u017eka 17\n                    <\/span><br>\n                    <span>\n                        Praha 7\n                    <\/span><br>\n                \n                \n            <\/div>\n        <\/div>\n    <\/div>\n<\/div>\r\n\n<div class=\"shortcode-container no-bottom-padding  \">    \n\t<div class=\"row\">\n\t\t<div class=\"col-xs-12 col-md-7\">\n\t\t\t<h3>\u00da\u0159edn\u00ed hodiny \u00da\u0159adu M\u010c Praha 7<\/h3>\n\t\t<\/div>\n\t<\/div>\n\t\t<div class=\"row\">\n\t\t\t<div class=\"col-xs-12 col-sm-4 col-md-3\">\n\t\t\t\t<span>pond\u011bl\u00ed a st\u0159eda<\/span>\n\t\t\t<\/div>\n\t\t\t\t<div class=\"col-xs-6 col-sm-4 col-md-3\">\n\t\t\t\t\t<span>7.30\u201312.00<\/span>\n\t\t\t\t<\/div>\n\t\t\t\t\t<div class=\"col-xs-6 col-sm-4 col-md-3\">\n\t\t\t\t\t\t<span>13.00\u201318.00<\/span>\n\t\t\t\t\t<\/div>\n\t\t<\/div>\n\t\t<div class=\"row\">\n\t\t\t<div class=\"col-xs-12 col-sm-4 col-md-3\">\n\t\t\t\t<span>\u00fater\u00fd, \u010dtvrtek a p\u00e1tek<\/span>\n\t\t\t<\/div>\n\t\t\t\t<div class=\"col-xs-12 col-sm-8 col-md-9\">\n\t\t\t\t\t<span>po p\u0159edchoz\u00ed domluv\u011b \/ po objedn\u00e1n\u00ed<\/span>\n\t\t\t\t<\/div>\n\t\t<\/div>\n\t<div class=\"row\">\n\t\t<div class=\"col-xs-12 col-md-12 office_hours_info\">\n\t\t\t\n\t\t<\/div>\t\n\t<\/div>\n<\/div>\r\n<div class=\"shortcode-container container-fluid text-xs-center no-bottom-padding \">\n\t<div class=\"row shortcode-row \">\n        <div class=\"row contact-item\">\n            <div class=\"col-xs-4 col-md-2 contact-photo\">\t\t\n                <img src=\"https:\/\/www.praha7.cz\/wp-content\/uploads\/2024\/07\/BeranovaN-400x400.jpg\" alt=\"placeholder\">\n            <\/div>\n\n            <div class=\"col-xs-8 col-md-5 contact-info\">\n                <h3>Beranov\u00e1 Nela, Mgr.<\/h3>\n                <span>vedouc\u00ed odd\u011blen\u00ed<\/span><br>\n                \n                <span>gsm. <a href=\"tel:+420778110028\">+420778110028<\/a><\/span><br>\n                <a href=\"mailto:beranovan@praha7.cz\">beranovan@praha7.cz<\/a><br>\n                <span>Franti\u0161ka K\u0159\u00ed\u017eka 17<\/span>\n            <\/div>\n        <\/div>\n\t<\/div>\n\n        <div class=\"row shortcode-row \">\n            <div class=\"col-xs-6 contact-info sub-contact-info\">\n                <div class=\"row contact-item\">\n                    <h3>Turjansk\u00e1 Ji\u0159ina, Bc.<\/h3>\n                    <span>soci\u00e1ln\u00ed pedago\u017eka<\/span><br>\n                    \n                    <span>gsm. <a href=\"tel:+420736702947\">+420736702947<\/a><\/span><br>\n                    <a href=\"mailto:turjanskaj@praha7.cz\">turjanskaj@praha7.cz<\/a><br>\n                    <span>Franti\u0161ka K\u0159\u00ed\u017eka 17<\/span>\n                <\/div>\n            <\/div>\n            <div class=\"col-xs-6 contact-info sub-contact-info\">\n                <div class=\"contact-item\">\n                    <h3>Piz\u00farov\u00e1 Lenka, Mgr.<\/h3>\n                    <span>soci\u00e1ln\u00ed pedago\u017eka<\/span><br>\n                    \n                    <span>gsm. <a href=\"tel:+420777492022\">+420777492022<\/a><\/span><br>\n                    <a href=\"mailto:pizuroval@praha7.cz\">pizuroval@praha7.cz<\/a><br>\n                    <span>Franti\u0161ka K\u0159\u00ed\u017eka 17<\/span>\n                <\/div>\n            <\/div>\n        <\/div>\n        <div class=\"row shortcode-row \">\n            <div class=\"col-xs-6 contact-info sub-contact-info\">\n                <div class=\"row contact-item\">\n                    <h3>Brtek Filip, DiS.<\/h3>\n                    <span>soci\u00e1ln\u00ed pedagog<\/span><br>\n                    \n                    <span>gsm. <a href=\"tel:+420777492033\">+420777492033<\/a><\/span><br>\n                    <a href=\"mailto:brtekf@praha7.cz\">brtekf@praha7.cz<\/a><br>\n                    <span>Franti\u0161ka K\u0159\u00ed\u017eka 17<\/span>\n                <\/div>\n            <\/div>\n            <div class=\"col-xs-6 contact-info sub-contact-info\">\n                <div class=\"contact-item\">\n                    <h3>Derflov\u00e1 Kate\u0159ina, Mgr.<\/h3>\n                    <span>soci\u00e1ln\u00ed pedago\u017eka<\/span><br>\n                    \n                    <span>gsm. <a href=\"tel:+420777364632\">+420777364632<\/a><\/span><br>\n                    <a href=\"mailto:derflovak@praha7.cz\">derflovak@praha7.cz<\/a><br>\n                    <span>Franti\u0161ka K\u0159\u00ed\u017eka 17<\/span>\n                <\/div>\n            <\/div>\n        <\/div>\n        <div class=\"row shortcode-row \">\n            <div class=\"col-xs-6 contact-info sub-contact-info\">\n                <div class=\"row contact-item\">\n                    <h3>Dohnalov\u00e1 Nikola, DiS.<\/h3>\n                    <span>soci\u00e1ln\u00ed pedago\u017eka<\/span><br>\n                    \n                    <span>gsm. <a href=\"tel:+420777365257\">+420777365257<\/a><\/span><br>\n                    <a href=\"mailto:dohnalovan@praha7.cz\">dohnalovan@praha7.cz<\/a><br>\n                    <span>Franti\u0161ka K\u0159\u00ed\u017eka 17<\/span>\n                <\/div>\n            <\/div>\n            <div class=\"col-xs-6 contact-info sub-contact-info\">\n                <div class=\"contact-item\">\n                    <h3>K\u0159ehlov\u00e1 Daniela, Bc.<\/h3>\n                    <span>soci\u00e1ln\u00ed pedago\u017eka<\/span><br>\n                    \n                    <span>gsm. <a href=\"tel:+420778710056\">+420778710056<\/a><\/span><br>\n                    <a href=\"mailto:krehlovad@praha7.cz\">krehlovad@praha7.cz<\/a><br>\n                    <span>Franti\u0161ka K\u0159\u00ed\u017eka 17<\/span>\n                <\/div>\n            <\/div>\n        <\/div>\n        <div class=\"row shortcode-row \">\n            <div class=\"col-xs-6 contact-info sub-contact-info\">\n                <div class=\"row contact-item\">\n                    <h3>Plech\u00e1\u010dek Samuel, Bc.<\/h3>\n                    <span>soci\u00e1ln\u00ed pedagog<\/span><br>\n                    \n                    <span>gsm. <a href=\"tel:+420771522703\">+420771522703<\/a><\/span><br>\n                    <a href=\"mailto:plechaceks@praha7.cz\">plechaceks@praha7.cz<\/a><br>\n                    <span>Franti\u0161ka K\u0159\u00ed\u017eka 17<\/span>\n                <\/div>\n            <\/div>\n            <div class=\"col-xs-6 contact-info sub-contact-info\">\n                <div class=\"contact-item\">\n                    <h3>Ham\u00e1\u010dkov\u00e1 Michaela, Mgr. et Mgr.<\/h3>\n                    <span>soci\u00e1ln\u00ed pedago\u017eka<\/span><br>\n                    \n                    <span>gsm. <a href=\"tel:+420773002178\">+420773002178<\/a><\/span><br>\n                    <a href=\"mailto:hamackovam@praha7.cz\">hamackovam@praha7.cz<\/a><br>\n                    <span>Franti\u0161ka K\u0159\u00ed\u017eka 17<\/span>\n                <\/div>\n            <\/div>\n        <\/div>\n        <div class=\"row shortcode-row no-bottom-border\">\n            <div class=\"col-xs-6 contact-info sub-contact-info-last\">\n                <div class=\"row contact-item\">\n                    <h3>Bu\u0161inov\u00e1 Magdal\u00e9na, Mgr.<\/h3>\n                    <span>soci\u00e1ln\u00ed pedago\u017eka<\/span><br>\n                    \n                    <span>gsm. <a href=\"tel:+420737484682\">+420737484682<\/a><\/span><br>\n                    <a href=\"mailto:businovam@praha7.cz\">businovam@praha7.cz<\/a><br>\n                    <span>Franti\u0161ka K\u0159\u00ed\u017eka 17<\/span>\n                <\/div>\n            <\/div>\n        <\/div>\n<\/div>\n\r\n<p>&nbsp;<\/p>","protected":false},"excerpt":{"rendered":"[perex] Odd\u011blen\u00ed podpory soci\u00e1ln\u00ed pedagogiky (PSP) p\u0159ipravuje, aktualizuje a&nbsp;implementuje aktu\u00e1ln\u00ed koncepce t\u00fdkaj\u00edc\u00ed se rozvoje \u0161kolsk\u00e9 soci\u00e1ln\u00ed pedagogiky v&nbsp;z\u00e1kladn\u00edch a&nbsp;mate\u0159sk\u00fdch \u0161kol\u00e1ch z\u0159izovan\u00fdch M\u010c Praha&nbsp;7 a&nbsp;\u00fazce spolupracuje na propojen\u00ed koncepc\u00ed a&nbsp;strategi\u00ed u&nbsp;\u0161kolsk\u00fdch za\u0159\u00edzen\u00ed (M\u0160 a&nbsp;Z\u0160) v&nbsp;\u00fazem\u00ed, kter\u00e9 jsou z\u0159izov\u00e1ny c\u00edrkevn\u00edmi a&nbsp;priv\u00e1tn\u00edmi institucemi. [\/perex] Odd\u011blen\u00ed podpory soci\u00e1ln\u00ed pedagogiky \u2013 PSP P\u0159ipravuje, aktualizuje a&nbsp;implementuje aktu\u00e1ln\u00ed koncepce t\u00fdkaj\u00edc\u00ed se rozvoje [&hellip;]","protected":false},"author":14,"featured_media":0,"parent":7086,"menu_order":0,"comment_status":"closed","ping_status":"closed","template":"","meta":[],"_links":{"self":[{"href":"https:\/\/www.praha7.cz\/api\/wp\/v2\/pages\/77661"}],"collection":[{"href":"https:\/\/www.praha7.cz\/api\/wp\/v2\/pages"}],"about":[{"href":"https:\/\/www.praha7.cz\/api\/wp\/v2\/types\/page"}],"author":[{"embeddable":true,"href":"https:\/\/www.praha7.cz\/api\/wp\/v2\/users\/14"}],"replies":[{"embeddable":true,"href":"https:\/\/www.praha7.cz\/api\/wp\/v2\/comments?post=77661"}],"version-history":[{"count":4,"href":"https:\/\/www.praha7.cz\/api\/wp\/v2\/pages\/77661\/revisions"}],"predecessor-version":[{"id":77669,"href":"https:\/\/www.praha7.cz\/api\/wp\/v2\/pages\/77661\/revisions\/77669"}],"up":[{"embeddable":true,"href":"https:\/\/www.praha7.cz\/api\/wp\/v2\/pages\/7086"}],"wp:attachment":[{"href":"https:\/\/www.praha7.cz\/api\/wp\/v2\/media?parent=77661"}],"curies":[{"name":"wp","href":"https:\/\/api.w.org\/{rel}","templated":true}]}}