    
{"id":77136,"date":"2024-06-20T13:29:23","date_gmt":"2024-06-20T11:29:23","guid":{"rendered":"https:\/\/www.praha7.cz\/?page_id=77136"},"modified":"2026-01-25T22:31:50","modified_gmt":"2026-01-25T21:31:50","slug":"zdravotni-pomucky-pro-seniory","status":"publish","type":"page","link":"https:\/\/www.praha7.cz\/potrebuji-zaridit\/socialni-oblast\/jsem-senior-ka\/zdravotni-pomucky-pro-seniory\/","title":{"rendered":"Zdravotn\u00ed pom\u016fcky pro seniory"},"content":{"rendered":"<p>[perex]<\/p>\r\n<p>M\u010c Praha&nbsp;7 disponuje fondem kompenza\u010dn\u00edch pom\u016fcek. Najdete zde chod\u00edtka, seda\u010dky a&nbsp;madla na vanu, n\u00e1stavce a&nbsp;madla na toaletu, mechanick\u00e9 voz\u00edky, podlo\u017eky pro p\u0159esun a&nbsp;dal\u0161\u00ed drobn\u00e9 pom\u016fcky. V\u0161e si m\u016f\u017eete zdarma vyzkou\u0161et doma, abyste v\u011bd\u011bli, jak\u00fd typ pom\u016fcky v\u00e1m bude vyhovovat, ne\u017e si ji nech\u00e1te p\u0159edepsat l\u00e9ka\u0159em nebo se ji rozhodnete zakoupit. Pom\u016fcky se p\u016fj\u010duj\u00ed na dobu dvou m\u011bs\u00edc\u016f ob\u010dan\u016fm Prahy&nbsp;7 a&nbsp;nen\u00ed za n\u011b t\u0159eba skl\u00e1dat z\u00e1lohu. Sep\u00ed\u0161eme s&nbsp;v\u00e1mi pouze smlouvu o&nbsp;v\u00fdp\u016fj\u010dce.<\/p>\r\n<p>[\/perex]<\/p>\r\n<p>Pro v\u00edce informac\u00ed kontaktujte koordin\u00e1torku seniorsk\u00e9 politiky Michaelu \u0160ormovou na\u00a0<a href=\"mailto:sormovam@praha7.cz\">sormovam@praha7.cz<\/a>\u00a0nebo na tel. <strong>777\u00a0482\u00a0466<\/strong>.\u00a0<\/p>\r\n<p>Pom\u016fcky v\u00e1m budou n\u00e1sledn\u011b vyd\u00e1ny na adrese V\u00a0H\u00e1ji 35, Praha\u00a07.<\/p>\r\n<p><span style=\"color: #0000ff;\"><strong>P\u016fj\u010dovna kompenza\u010dn\u00edch pom\u016fcek<\/strong><\/span><br \/>\r\nAdresa: V\u00a0H\u00e1ji 35, Praha&nbsp;7<br \/>\r\nTelefon: 777\u00a0482\u00a0466<br \/>\r\nPom\u016fcky se vyd\u00e1vaj\u00ed Po-P\u00e1 8-16 hod V\u017dDY PO P\u0158EDCHOZ\u00cd DOMLUV\u011a<\/p>\r\n<p>P\u0159ipom\u00ednky ke slu\u017eb\u011b sm\u011b\u0159ujte na <a href=\"https:\/\/www.praha7.cz\/radnice\/organizacni-struktura\/odbor-socialniho-zaclenovani\/\">Odbor soci\u00e1ln\u00edho za\u010dle\u0148ov\u00e1n\u00ed<\/a><\/p>\r\n<p>Kontakty na dal\u0161\u00ed organizace provozuj\u00edc\u00ed p\u016fj\u010dovny nebo prodejny kompenza\u010dn\u00edch pom\u016fcek naleznete v\u00a0bro\u017eu\u0159e <a href=\"https:\/\/www.praha7.cz\/wp-content\/uploads\/2026\/01\/INFORMACE_SENIORI_P7_260122.pdf\" target=\"_blank\" rel=\"noopener\">Informace pro seniory z\u00a0Prahy\u00a07<\/a>.<\/p>\r\n<hr \/>\r\n<p><a href=\"https:\/\/www.praha7.cz\/wp-content\/uploads\/2024\/08\/KATALOG-POMUCEK-S-POPISEM-7.xlsx\"><strong>SEZNAM KOMPENZA\u010cN\u00cdCH POM\u016eCEK<\/strong><\/a><\/p>\r\n<hr \/>\r\n<p>Pokud n\u011bjak\u00e1 pom\u016fcka nen\u00ed hrazena ze zdravotn\u00edho poji\u0161t\u011bn\u00ed, je mo\u017en\u00e9 v&nbsp;p\u0159\u00edpad\u011b n\u00e1kladn\u011bj\u0161\u00edch pom\u016fcek za\u017e\u00e1dat na \u00da\u0159adu pr\u00e1ce o&nbsp;<strong>P\u0159\u00edsp\u011bvek na zvl\u00e1\u0161tn\u00ed pom\u016fcku<\/strong>.<br \/>\r\n<a href=\"http:\/\/www.mpsv.cz\/web\/cz\/-\/zadost-o-prispevek-na-zvlastni-pomucku\">www.mpsv.cz\/web\/cz\/-\/zadost-o-prispevek-na-zvlastni-pomucku<\/a><\/p>\r\n<p><strong>\u00da\u0159ad pr\u00e1ce pro Prahu 7 (pod Prahou 8)<\/strong><br \/>\r\nAdresa: B\u011blehradsk\u00e1 214\/86, Praha 2<br \/>\r\n<a href=\"http:\/\/www.uradprace.cz\/web\/cz\/praha-8\">www.uradprace.cz\/web\/cz\/praha-8<\/a><\/p>","protected":false},"excerpt":{"rendered":"[perex] M\u010c Praha&nbsp;7 disponuje fondem kompenza\u010dn\u00edch pom\u016fcek. Najdete zde chod\u00edtka, seda\u010dky a&nbsp;madla na vanu, n\u00e1stavce a&nbsp;madla na toaletu, mechanick\u00e9 voz\u00edky, podlo\u017eky pro p\u0159esun a&nbsp;dal\u0161\u00ed drobn\u00e9 pom\u016fcky. V\u0161e si m\u016f\u017eete zdarma vyzkou\u0161et doma, abyste v\u011bd\u011bli, jak\u00fd typ pom\u016fcky v\u00e1m bude vyhovovat, ne\u017e si ji nech\u00e1te p\u0159edepsat l\u00e9ka\u0159em nebo se ji rozhodnete zakoupit. Pom\u016fcky se p\u016fj\u010duj\u00ed na [&hellip;]","protected":false},"author":76,"featured_media":0,"parent":1730,"menu_order":0,"comment_status":"closed","ping_status":"closed","template":"","meta":[],"_links":{"self":[{"href":"https:\/\/www.praha7.cz\/api\/wp\/v2\/pages\/77136"}],"collection":[{"href":"https:\/\/www.praha7.cz\/api\/wp\/v2\/pages"}],"about":[{"href":"https:\/\/www.praha7.cz\/api\/wp\/v2\/types\/page"}],"author":[{"embeddable":true,"href":"https:\/\/www.praha7.cz\/api\/wp\/v2\/users\/76"}],"replies":[{"embeddable":true,"href":"https:\/\/www.praha7.cz\/api\/wp\/v2\/comments?post=77136"}],"version-history":[{"count":10,"href":"https:\/\/www.praha7.cz\/api\/wp\/v2\/pages\/77136\/revisions"}],"predecessor-version":[{"id":78168,"href":"https:\/\/www.praha7.cz\/api\/wp\/v2\/pages\/77136\/revisions\/78168"}],"up":[{"embeddable":true,"href":"https:\/\/www.praha7.cz\/api\/wp\/v2\/pages\/1730"}],"wp:attachment":[{"href":"https:\/\/www.praha7.cz\/api\/wp\/v2\/media?parent=77136"}],"curies":[{"name":"wp","href":"https:\/\/api.w.org\/{rel}","templated":true}]}}