    
{"id":76400,"date":"2024-05-29T10:16:51","date_gmt":"2024-05-29T08:16:51","guid":{"rendered":"https:\/\/www.praha7.cz\/?page_id=76400"},"modified":"2026-04-23T15:28:38","modified_gmt":"2026-04-23T13:28:38","slug":"seznam-detskych-skupin","status":"publish","type":"page","link":"https:\/\/www.praha7.cz\/potrebuji-zaridit\/skolstvi\/detske-skupiny\/seznam-detskych-skupin\/","title":{"rendered":"Seznam d\u011btsk\u00fdch skupin"},"content":{"rendered":"        <div class=\"collapse-block\">\r\n            <div class=\"card-header\" role=\"tab\" id=\"heading0e5815390efc119a3d6482c14064131899140fe5\">\r\n                                    <h3 class=\"mb-0\">\r\n                        <a data-toggle=\"collapse\" href=\"#collapse0e5815390efc119a3d6482c14064131899140fe5\" aria-controls=\"collapse0e5815390efc119a3d6482c14064131899140fe5\">\r\n                            D\u011btsk\u00e1 skupina Kulihr\u00e1\u0161ek                            <i class=\"fa fa-2x fa-angle-down\" aria-hidden=\"true\"><\/i>\r\n                        <\/a>\r\n                    <\/h3>\r\n                                \r\n            <\/div>\r\n\r\n            <div id=\"collapse0e5815390efc119a3d6482c14064131899140fe5\" class=\"collapse\" data-id=\"0e5815390efc119a3d6482c14064131899140fe5\" role=\"tabpanel\" aria-labelledby=\"heading0e5815390efc119a3d6482c14064131899140fe5\">\r\n                <div class=\"card-block\">\r\n    \r\n<p><strong>1. DS Kulihr\u00e1\u0161ek<\/strong> \u2013 spad\u00e1 pod M\u0160 Kosteln\u00ed<\/p>\r\n<p><strong>D\u011btsk\u00e1 skupina Kulihr\u00e1\u0161ek<\/strong> byla z\u0159\u00edzena p\u0159i Mate\u0159sk\u00e9 \u0161kole Kosteln\u00ed, Praha&nbsp;7, Kosteln\u00ed 37\/7.<br \/>\r\n<strong><br \/>\r\nKapacita d\u011btsk\u00e9 skupiny<\/strong>: 12 d\u011bt\u00ed ve v\u011bku od 2 let do za\u010d\u00e1tku \u0161koln\u00ed doch\u00e1zky<br \/>\r\n<strong>M\u00edsto provozu d\u011btsk\u00e9 skupiny<\/strong>: Veletr\u017en\u00ed 33, Praha7<br \/>\r\n<strong>Provoz za\u0159\u00edzen\u00ed<\/strong>: ve v\u0161edn\u00ed dny od 8 do 16 hodin<br \/>\r\n<strong>Kontaktn\u00ed osoba:<br \/>\r\n<\/strong>\u0159editelka: Mark\u00e9ta Albatros, telefon: +420&nbsp;233&nbsp;374&nbsp;436, email: <a href=\"mailto:dskulihrasek@mskostelni.cz\" target=\"_blank\" rel=\"noopener\">dskulihrasek@mskostelni.cz<\/a><\/p>\r\n<p>V\u00edce informac\u00ed naleznete na: <a href=\"https:\/\/www.mskostelni.cz\/\" target=\"_blank\" rel=\"noopener\">M\u0160 Kosteln\u00ed<\/a><\/p>\r\n                <\/div>\r\n            <\/div>\r\n        <\/div>\r\n    \r\n        <div class=\"collapse-block\">\r\n            <div class=\"card-header\" role=\"tab\" id=\"heading5a91365b5d8e0256a8aa1ec596908b8185b1cf40\">\r\n                                    <h3 class=\"mb-0\">\r\n                        <a data-toggle=\"collapse\" href=\"#collapse5a91365b5d8e0256a8aa1ec596908b8185b1cf40\" aria-controls=\"collapse5a91365b5d8e0256a8aa1ec596908b8185b1cf40\">\r\n                            D\u011btsk\u00e1 skupina Dome\u010dek                            <i class=\"fa fa-2x fa-angle-down\" aria-hidden=\"true\"><\/i>\r\n                        <\/a>\r\n                    <\/h3>\r\n                                \r\n            <\/div>\r\n\r\n            <div id=\"collapse5a91365b5d8e0256a8aa1ec596908b8185b1cf40\" class=\"collapse\" data-id=\"5a91365b5d8e0256a8aa1ec596908b8185b1cf40\" role=\"tabpanel\" aria-labelledby=\"heading5a91365b5d8e0256a8aa1ec596908b8185b1cf40\">\r\n                <div class=\"card-block\">\r\n    \r\n<p><strong>2. DS Dome\u010dek<\/strong> \u2013 spad\u00e1 pod FM\u0160 Na V\u00fd\u0161in\u00e1ch<\/p>\r\n<p><strong>D\u011btsk\u00e1 skupina Dome\u010dek<\/strong> byla z\u0159\u00edzena p\u0159i Fakultn\u00ed mate\u0159sk\u00e9 \u0161kole Na V\u00fd\u0161in\u00e1ch, Praha&nbsp;7, Na V\u00fd\u0161in\u00e1ch 3\/1075.<br \/>\r\n<strong><br \/>\r\nKapacita d\u011btsk\u00e9 skupiny<\/strong>: 12 d\u011bt\u00ed ve v\u011bku od 2 let do za\u010d\u00e1tku \u0161koln\u00ed doch\u00e1zky<br \/>\r\n<strong>M\u00edsto provozu d\u011btsk\u00e9 skupiny<\/strong>: Kr\u00e1lov\u00e1 obora 74, Praha7<br \/>\r\n<strong>Provoz za\u0159\u00edzen\u00ed<\/strong>: ve v\u0161edn\u00ed dny od 8 do 16 hodin<br \/>\r\n<strong>Kontaktn\u00ed osoba:<br \/>\r\n<\/strong>\u0159editelka: Mgr. Michaela Eklov\u00e1, email: <a href=\"mailto:skolka@msnavysinach.cz\" target=\"_blank\" rel=\"noopener\">skolka@msnavysinach.cz<\/a><br \/>\r\nz\u00e1stupkyn\u011b \u0159editelky: Bc. Krist\u00fdna \u0160ebest\u00edkov\u00e1 email: <a href=\"mailto:zastupkyne@msnavysinach.cz\" target=\"_blank\" rel=\"noopener\">zastupkyne@msnavysinach.cz<\/a>.<\/p>\r\n<p>V\u00edce informac\u00ed naleznete na: <a href=\"https:\/\/www.msnavysinach.cz\/\" target=\"_blank\" rel=\"noopener\">FM\u0160 Na V\u00fd\u0161in\u00e1ch<\/a><\/p>\r\n                <\/div>\r\n            <\/div>\r\n        <\/div>\r\n    \r\n        <div class=\"collapse-block\">\r\n            <div class=\"card-header\" role=\"tab\" id=\"heading4bdef214822b76f63c64a0d56e1ce8b3e2ea3fc8\">\r\n                                    <h3 class=\"mb-0\">\r\n                        <a data-toggle=\"collapse\" href=\"#collapse4bdef214822b76f63c64a0d56e1ce8b3e2ea3fc8\" aria-controls=\"collapse4bdef214822b76f63c64a0d56e1ce8b3e2ea3fc8\">\r\n                            D\u011btsk\u00e1 skupina Jesli\u010dky                            <i class=\"fa fa-2x fa-angle-down\" aria-hidden=\"true\"><\/i>\r\n                        <\/a>\r\n                    <\/h3>\r\n                                \r\n            <\/div>\r\n\r\n            <div id=\"collapse4bdef214822b76f63c64a0d56e1ce8b3e2ea3fc8\" class=\"collapse\" data-id=\"4bdef214822b76f63c64a0d56e1ce8b3e2ea3fc8\" role=\"tabpanel\" aria-labelledby=\"heading4bdef214822b76f63c64a0d56e1ce8b3e2ea3fc8\">\r\n                <div class=\"card-block\">\r\n    \r\n<p><strong>3. DS Jesli\u010dky<\/strong> \u2013 spad\u00e1 pod M\u0160 U&nbsp;Uranie<\/p>\r\n<p><strong>D\u011btsk\u00e1 skupina Jesli\u010dky<\/strong> byla z\u0159\u00edzena p\u0159i Mate\u0159sk\u00e9 \u0161kole U&nbsp;Uranie, Praha&nbsp;7, Na Manin\u00e1ch 1080\/29a.\u00a0<\/p>\r\n<p><strong>Kapacita d\u011btsk\u00e9 skupiny<\/strong>: 15 d\u011bt\u00ed ve v\u011bku zpravidla od 18 do 36 m\u011bs\u00edc\u016f<br \/>\r\n<strong>M\u00edsto provozu d\u011btsk\u00e9 skupiny<\/strong>: U&nbsp;Pergamenky 1144\/1a, Praha7<br \/>\r\n<strong>Provoz za\u0159\u00edzen\u00ed<\/strong>: ve v\u0161edn\u00ed dny od 8 do 16 hodin<br \/>\r\n<strong>Kontaktn\u00ed osoba:<br \/>\r\n<\/strong>vedouc\u00ed ch\u016fva: Aneta Jon\u00e1\u0161ov\u00e1, tel.: 730&nbsp;128&nbsp;746, email: <a href=\"mailto:aneta.jonasova@msuranie.cz\" target=\"_blank\" rel=\"noopener\">aneta.jonasova@msuranie.cz<\/a><br \/>\r\nz\u00e1stupce statut\u00e1rn\u00edho org\u00e1nu \u0161koly: Ing. et Bc. Zuzana Strakov\u00e1, telefon: +420&nbsp;777&nbsp;460&nbsp;706, email: <a href=\"mailto:zuzana.strakova@msuranie.cz\" target=\"_blank\" rel=\"noopener\">zuzana.strakova@msuranie.cz<\/a><\/p>\r\n<p>V\u00edce informac\u00ed naleznete na: <a href=\"https:\/\/msuranie.cz\/jeslicky\/\" target=\"_blank\" rel=\"noopener\">M\u0160 U&nbsp;Uranie\/Jesli\u010dky<\/a><\/p>\r\n                <\/div>\r\n            <\/div>\r\n        <\/div>\r\n    \r\n        <div class=\"collapse-block\">\r\n            <div class=\"card-header\" role=\"tab\" id=\"headingddb5cf15d81503af27541f1018db7416e5304906\">\r\n                                    <h3 class=\"mb-0\">\r\n                        <a data-toggle=\"collapse\" href=\"#collapseddb5cf15d81503af27541f1018db7416e5304906\" aria-controls=\"collapseddb5cf15d81503af27541f1018db7416e5304906\">\r\n                            D\u011btsk\u00e1 skupina Panorama                            <i class=\"fa fa-2x fa-angle-down\" aria-hidden=\"true\"><\/i>\r\n                        <\/a>\r\n                    <\/h3>\r\n                                \r\n            <\/div>\r\n\r\n            <div id=\"collapseddb5cf15d81503af27541f1018db7416e5304906\" class=\"collapse\" data-id=\"ddb5cf15d81503af27541f1018db7416e5304906\" role=\"tabpanel\" aria-labelledby=\"headingddb5cf15d81503af27541f1018db7416e5304906\">\r\n                <div class=\"card-block\">\r\n    \r\n<p><strong>4. DS Panorama<\/strong> \u2013 spad\u00e1 pod FZ\u0160 Um\u011bleck\u00e1<\/p>\r\n<p><strong>D\u011btsk\u00e1 skupina Panorama<\/strong> byla z\u0159\u00edzena p\u0159i Fakultn\u00ed z\u00e1kladn\u00ed \u0161kole Pedf UK a&nbsp;Mate\u0159sk\u00e9 \u0161kole U&nbsp;Stud\u00e1nky, Praha&nbsp;7, Um\u011bleck\u00e1 850\/8.<br \/>\r\n<strong>Kapacita d\u011btsk\u00e9 skupiny<\/strong>: 12 d\u011bt\u00ed ve v\u011bku od 2 let a\u017e do p\u0159ed\u0161koln\u00edho v\u011bku<br \/>\r\n<strong>M\u00edsto provozu d\u011btsk\u00e9 skupiny<\/strong>: Maroldovo panorama \u2013 V\u00fdstavi\u0161t\u011b 417, Praha&nbsp;7 \u2013 Bubene\u010d, PS\u010c 170&nbsp;00<br \/>\r\n<strong>Provoz za\u0159\u00edzen\u00ed<\/strong>: ve v\u0161edn\u00ed dny od 8 do 16 hodin<br \/>\r\n<strong>Kontaktn\u00ed osoba<\/strong>: Lucie Nyklov\u00e1, z\u00e1stupkyn\u011b \u0159editele, tel.: 725&nbsp;818&nbsp;879, mail: <a href=\"mailto:msustudanky@seznam.cz\" target=\"_blank\" rel=\"noopener\">msustudanky@seznam.cz<\/a><\/p>\r\n<p>V\u00edce informac\u00ed naleznete na: <a href=\"https:\/\/ds-panorama.fzsumelecka.cz\/\" target=\"_blank\" rel=\"noopener\">DS Panorama<\/a><\/p>\r\n                <\/div>\r\n            <\/div>\r\n        <\/div>\r\n    \r\n        <div class=\"collapse-block\">\r\n            <div class=\"card-header\" role=\"tab\" id=\"headingab587c4a09a1aceaa7113e2c261b46b7ede841f8\">\r\n                                    <h3 class=\"mb-0\">\r\n                        <a data-toggle=\"collapse\" href=\"#collapseab587c4a09a1aceaa7113e2c261b46b7ede841f8\" aria-controls=\"collapseab587c4a09a1aceaa7113e2c261b46b7ede841f8\">\r\n                            D\u011btsk\u00e1 skupina Kor\u00e1lek                            <i class=\"fa fa-2x fa-angle-down\" aria-hidden=\"true\"><\/i>\r\n                        <\/a>\r\n                    <\/h3>\r\n                                \r\n            <\/div>\r\n\r\n            <div id=\"collapseab587c4a09a1aceaa7113e2c261b46b7ede841f8\" class=\"collapse\" data-id=\"ab587c4a09a1aceaa7113e2c261b46b7ede841f8\" role=\"tabpanel\" aria-labelledby=\"headingab587c4a09a1aceaa7113e2c261b46b7ede841f8\">\r\n                <div class=\"card-block\">\r\n    \r\n<p><strong>DS Kor\u00e1lek \u2013 spad\u00e1 pod FM\u0160 Na V\u00fd\u0161in\u00e1ch<\/strong><\/p>\r\n<p>D\u011btsk\u00e1 skupina Kor\u00e1lek byla z\u0159\u00edzena p\u0159i Fakultn\u00ed mate\u0159sk\u00e9 \u0161kole Na V\u00fd\u0161in\u00e1ch, Praha&nbsp;7, Na V\u00fd\u0161in\u00e1ch 3\/1075.<br \/>\r\n<strong>Kapacita d\u011btsk\u00e9 skupiny<\/strong>: 12 d\u011bt\u00ed ve v\u011bku od 2 let do za\u010d\u00e1tku \u0161koln\u00ed doch\u00e1zky<br \/>\r\n<strong>M\u00edsto provozu d\u011btsk\u00e9 skupiny<\/strong>: \u010cechova 17, Praha&nbsp;7<br \/>\r\n<strong>Provoz za\u0159\u00edzen\u00ed<\/strong>: ve v\u0161edn\u00ed dny od 8 do 16 hodin<br \/>\r\n<br \/>\r\n<strong>Kontaktn\u00ed osoba:<\/strong><br \/>\r\n\u0159editelka: Mgr. Michaela Eklov\u00e1, email: skolka@msnavysinach.cz<br \/>\r\nz\u00e1stupkyn\u011b \u0159editelky: Bc. Krist\u00fdna \u0160ebest\u00edkov\u00e1 email: zastupkyne@msnavysinach.cz.<\/p>\r\n<p>V\u00edce informac\u00ed naleznete na: FM\u0160 Na V\u00fd\u0161in\u00e1ch (<a href=\"http:\/\/msnavysinach.cz\" target=\"_blank\" rel=\"noopener\">msnavysinach.cz<\/a>)<\/p>\r\n                <\/div>\r\n            <\/div>\r\n        <\/div>\r\n    \r\n<p>&nbsp;<\/p>\r\n<p>Pokud m\u00e1te ohledn\u011b d\u011btsk\u00fdch skupin jak\u00e9koli dotazy, obracejte se na <a href=\"https:\/\/www.praha7.cz\/radnice\/organizacni-struktura\/odbor-vzdelavani-a-projektoveho-rizeni\/oddeleni-vzdelavani\/\">odd\u011blen\u00ed vzd\u011bl\u00e1v\u00e1n\u00ed<\/a>.<\/p>","protected":false},"excerpt":{"rendered":"1. DS Kulihr\u00e1\u0161ek \u2013 spad\u00e1 pod M\u0160 Kosteln\u00ed D\u011btsk\u00e1 skupina Kulihr\u00e1\u0161ek byla z\u0159\u00edzena p\u0159i Mate\u0159sk\u00e9 \u0161kole Kosteln\u00ed, Praha&nbsp;7, Kosteln\u00ed 37\/7. Kapacita d\u011btsk\u00e9 skupiny: 12 d\u011bt\u00ed ve v\u011bku od 2 let do za\u010d\u00e1tku \u0161koln\u00ed doch\u00e1zky M\u00edsto provozu d\u011btsk\u00e9 skupiny: Veletr\u017en\u00ed 33, Praha7 Provoz za\u0159\u00edzen\u00ed: ve v\u0161edn\u00ed dny od 8 do 16 hodin Kontaktn\u00ed osoba: \u0159editelka: Mark\u00e9ta [&hellip;]","protected":false},"author":292,"featured_media":0,"parent":29638,"menu_order":0,"comment_status":"closed","ping_status":"closed","template":"","meta":[],"_links":{"self":[{"href":"https:\/\/www.praha7.cz\/api\/wp\/v2\/pages\/76400"}],"collection":[{"href":"https:\/\/www.praha7.cz\/api\/wp\/v2\/pages"}],"about":[{"href":"https:\/\/www.praha7.cz\/api\/wp\/v2\/types\/page"}],"author":[{"embeddable":true,"href":"https:\/\/www.praha7.cz\/api\/wp\/v2\/users\/292"}],"replies":[{"embeddable":true,"href":"https:\/\/www.praha7.cz\/api\/wp\/v2\/comments?post=76400"}],"version-history":[{"count":15,"href":"https:\/\/www.praha7.cz\/api\/wp\/v2\/pages\/76400\/revisions"}],"predecessor-version":[{"id":91439,"href":"https:\/\/www.praha7.cz\/api\/wp\/v2\/pages\/76400\/revisions\/91439"}],"up":[{"embeddable":true,"href":"https:\/\/www.praha7.cz\/api\/wp\/v2\/pages\/29638"}],"wp:attachment":[{"href":"https:\/\/www.praha7.cz\/api\/wp\/v2\/media?parent=76400"}],"curies":[{"name":"wp","href":"https:\/\/api.w.org\/{rel}","templated":true}]}}