    
{"id":74414,"date":"2024-03-12T18:19:51","date_gmt":"2024-03-12T17:19:51","guid":{"rendered":"https:\/\/www.praha7.cz\/?page_id=74414"},"modified":"2024-05-23T15:37:59","modified_gmt":"2024-05-23T13:37:59","slug":"volby-do-evropskeho-parlamentu-2024","status":"publish","type":"page","link":"https:\/\/www.praha7.cz\/potrebuji-zaridit\/volby\/volby-do-evropskeho-parlamentu-2024\/","title":{"rendered":"Volby do Evropsk\u00e9ho parlamentu 2024"},"content":{"rendered":"<p>[perex]<\/p>\r\n<p>Rozhodnut\u00edm prezidenta republiky ze dne 26.&nbsp;ledna 2024 publikovan\u00e9m ve Sb\u00edrce z\u00e1kon\u016f \u010d. 38\/2024 Sb., dne 27.&nbsp;2.&nbsp;2024 byly vyhl\u00e1\u0161eny volby do Evropsk\u00e9ho parlamentu. Term\u00edn voleb byl stanoven na: <strong>p\u00e1tek 7.&nbsp;\u010dervna 2024 od 14.00 hodin do 22.00 hodin a&nbsp;sobotu 8.&nbsp;\u010dervna 2024 od 08.00 hodin do 14.00 hodin<\/strong><\/p>\r\n<p>[\/perex]<\/p>\r\n<p><span style=\"color: #ff0000;\"><a href=\"https:\/\/www.praha7.cz\/wp-content\/uploads\/2024\/04\/Informace_pro_volice_zmena_trvaleho_pobytu-od-29_4_2024.pdf\" target=\"_blank\" rel=\"noopener\" style=\"color: #ff0000;\"><strong>Informace pro voli\u010de, kte\u0159\u00ed zm\u011bnili trval\u00fd pobyt od 29.&nbsp;dubna 2024 do 7.&nbsp;\u010dervna 2024<\/strong><\/a><br \/>\r\n<\/span><\/p>\r\n<p><a href=\"https:\/\/www.praha7.cz\/nabor-clenu-do-komisi-pro-cervnove-volby\/\"><strong><span style=\"color: #ff0000;\">N\u00e1bor \u010dlen\u016f do komis\u00ed<\/span><\/strong><\/a><\/p>\r\n<p>&nbsp;<\/p>\r\n<p><span style=\"color: #0000ff;\"><strong>UPOZORN\u011aN\u00cd PRO VOLI\u010cE<\/strong><\/span><\/p>\r\n<p><span style=\"font-size: 16px;\"><span style=\"color: #0000ff;\"><strong>St\u00e1tn\u00ed ob\u010dan\u00e9<\/strong><strong><span style=\"color: #000000;\"><span style=\"color: #0000ff;\">\u00a0\u010cR s&nbsp;trval\u00fdm pobytem na \u00fazem\u00ed M\u010c Praha&nbsp;7<\/span><br \/>\r\n<\/span><\/strong><\/span>Ka\u017ed\u00fd voli\u010d si m\u016f\u017ee osobn\u011b po p\u0159edlo\u017een\u00ed platn\u00e9ho ob\u010dansk\u00e9ho pr\u016fkazu v&nbsp;ur\u010den\u00fdch hodin\u00e1ch ov\u011b\u0159it, zda je zaps\u00e1n ve st\u00e1l\u00e9m seznamu voli\u010d\u016f, kter\u00fd pro voli\u010de s&nbsp;trval\u00fdm pobytem na \u00fazem\u00ed M\u011bstsk\u00e9 \u010d\u00e1sti Praha&nbsp;7 vede pro v\u0161echny druhy voleb na \u00fazem\u00ed \u010cR <a href=\"https:\/\/www.praha7.cz\/radnice\/organizacni-struktura\/odbor-spravnich-agend\/\">\u00da\u0159ad m\u011bstsk\u00e9 \u010d\u00e1sti Praha&nbsp;7, odbor spr\u00e1vn\u00edch agend, odd\u011blen\u00ed p\u0159estupk\u016f, deta\u0161ovan\u00e9 pracovi\u0161t\u011b &#8211; U&nbsp;Pr\u016fhonu 1493\/11<\/a>, Praha&nbsp;7 \u2013 Hole\u0161ovice. Seznam voli\u010d\u016f pro volby do Evropsk\u00e9ho parlamentu je sestavov\u00e1n 40 dn\u016f p\u0159ed prvn\u00edm dnem voleb, tedy po\u010d\u00ednaje 28.&nbsp;dubnem 2024 si voli\u010d m\u016f\u017ee v\u00a0ur\u010den\u00fdch hodin\u00e1ch na v\u00fd\u0161e uveden\u00e9 adrese ov\u011b\u0159it, zda byl zanesen do tohoto seznamu voli\u010d\u016f.<\/span><br \/>\r\n<br \/>\r\n<span style=\"font-size: 16px;\"><strong><span style=\"color: #0000ff;\"><br \/>\r\nOb\u010dan\u00e9 jin\u00e9ho \u010dlensk\u00e9ho st\u00e1tu EU, kte\u0159\u00ed jsou p\u0159ihl\u00e1\u0161eni k&nbsp;trval\u00e9mu nebo p\u0159echodn\u00e9mu pobytu na \u00fazem\u00ed M\u010c Praha&nbsp;7<\/span><br \/>\r\n<\/strong>Ob\u010dan jin\u00e9ho \u010dlensk\u00e9ho st\u00e1tu EU, kter\u00fd m\u00e1 pr\u00e1vo volit ve volb\u00e1ch do Evropsk\u00e9ho parlamentu na \u00fazem\u00ed \u010cesk\u00e9 republiky, je automaticky veden v&nbsp;seznamu voli\u010d\u016f pro volby do Evropsk\u00e9ho parlamentu jen za podm\u00ednky, \u017ee ji\u017e hlasoval ve volb\u00e1ch do Evropsk\u00e9ho parlamentu na \u00fazem\u00ed \u010cR v&nbsp;minul\u00fdch volb\u00e1ch a&nbsp;\u017ee od t\u00e9 doby nepo\u017e\u00e1dal o&nbsp;vy\u0161krtnut\u00ed z&nbsp;tohoto seznamu. <strong>Ostatn\u00ed ob\u010dan\u00e9 jin\u00e9ho \u010dlensk\u00e9ho st\u00e1tu EU nejsou zaneseni do seznamu voli\u010d\u016f automaticky.<\/strong> Tito voli\u010di mus\u00ed svou v\u016fli hlasovat ve volb\u00e1ch do Evropsk\u00e9ho parlamentu projevit tak, \u017ee osobn\u011b v\u00a0ur\u010den\u00fdch hodin\u00e1ch podaj\u00ed \u017e\u00e1dost o&nbsp;z\u00e1pis do seznamu voli\u010d\u016f pro volby do Evropsk\u00e9ho parlamentu, a&nbsp;to nejpozd\u011bji 40 dn\u016f p\u0159ede dnem voleb, tj. do dne 28.&nbsp;dubna 2024, 16:00 hodin na <a href=\"https:\/\/www.praha7.cz\/radnice\/organizacni-struktura\/odbor-spravnich-agend\/\">\u00da\u0159ad m\u011bstsk\u00e9 \u010d\u00e1sti Praha&nbsp;7, odbor spr\u00e1vn\u00edch agend, odd\u011blen\u00ed p\u0159estupk\u016f, deta\u0161ovan\u00e9 pracovi\u0161t\u011b &#8211; U&nbsp;Pr\u016fhonu 1493\/11<\/a>, Praha&nbsp;7 \u2013 Hole\u0161ovice, vchod B. V&nbsp;ned\u011bli 28.&nbsp;dubna 2024 je z&nbsp;tohoto d\u016fvodu pracovi\u0161t\u011b odboru spr\u00e1vn\u00edch agend otev\u0159eno v&nbsp;\u010dase 8.00-16.00. V\u00edce informac\u00ed <a href=\"https:\/\/www.praha7.cz\/cizinci-ze-zemi-eu-mohou-pozadat-o-zapsani-do-seznamu-volicu-do-nedele-28-4\/\">ZDE<\/a>.\u00a0<\/span><\/p>\r\n<hr \/>\r\n<p><span style=\"color: #0000ff;\"><strong>VOLI\u010cSK\u00dd PR\u016eKAZ<br \/>\r\n<\/strong><\/span>Voli\u010d, kter\u00fd nem\u016f\u017ee nebo nehodl\u00e1 volit ve sv\u00e9m volebn\u00edm okrsku, m\u016f\u017ee po\u017e\u00e1dat o&nbsp;voli\u010dsk\u00fd pr\u016fkaz. S&nbsp;voli\u010dsk\u00fdm pr\u016fkazem m\u016f\u017ee voli\u010d hlasovat v&nbsp;kter\u00e9mkoliv volebn\u00edm okrsku\u00a0na \u00fazem\u00ed \u010cR nebo na ur\u010den\u00fdch zastupitelsk\u00fdch \u00fa\u0159adech v\u00a0zahrani\u010d\u00ed.<\/p>\r\n<p>Voli\u010dsk\u00fd pr\u016fkaz vyd\u00e1v\u00e1 \u00fa\u0159ad p\u0159\u00edslu\u0161n\u00fd podle m\u00edsta trval\u00e9ho pobytu voli\u010de (tj. ten, kde je voli\u010d zaps\u00e1n v&nbsp;seznamu voli\u010d\u016f).<\/p>\r\n<p>\u017d\u00e1dost o&nbsp;vyd\u00e1n\u00ed voli\u010dsk\u00e9ho pr\u016fkazu lze od 27.&nbsp;\u00fanora 2024 pod\u00e1vat n\u011bkolika zp\u016fsoby:<\/p>\r\n<ul>\r\n\t<li>\u017e\u00e1dost v&nbsp;listinn\u00e9 podob\u011b opat\u0159en\u00e1 \u00fa\u0159edn\u011b ov\u011b\u0159en\u00fdm podpisem voli\u010de a&nbsp;zaslan\u00e1 po\u0161tou nebo nep\u0159edan\u00e1 osobn\u011b mus\u00ed b\u00fdt doru\u010dena \u00da\u0159adu m\u011bstsk\u00e9 \u010d\u00e1sti Praha&nbsp;7 nejpozd\u011bji 31.&nbsp;5.&nbsp;2024;<\/li>\r\n\t<li>\u017e\u00e1dost v&nbsp;elektronick\u00e9 podob\u011b zaslan\u00e1 prost\u0159ednictv\u00edm datov\u00e9 schr\u00e1nky (ID: r44b2x7); \u017e\u00e1dost mus\u00ed b\u00fdt doru\u010dena \u00da\u0159adu m\u011bstsk\u00e9 \u010d\u00e1sti Praha&nbsp;7 nejpozd\u011bji 31.&nbsp;5.&nbsp;2024;<\/li>\r\n\t<li>osobn\u011b v&nbsp;ur\u010den\u00fdch hodin\u00e1ch <a href=\"https:\/\/www.praha7.cz\/radnice\/organizacni-struktura\/odbor-spravnich-agend\/\">odbor spr\u00e1vn\u00edch agend, odd\u011blen\u00ed p\u0159estupk\u016f<\/a>.<br \/>\r\n<br \/>\r\n<\/li>\r\n<\/ul>\r\n<p><a href=\"https:\/\/www.praha7.cz\/wp-content\/uploads\/2024\/03\/zadost-o-volicsky-prukaz-pro-volby-do-EP.docx\"><strong>\u017d\u00c1DOST O&nbsp;VOLI\u010cSK\u00dd PR\u016eKAZ<\/strong><\/a><\/p>\r\n<hr \/>\r\n<p><strong>Osobn\u011b je mo\u017eno o&nbsp;voli\u010dsk\u00fd pr\u016fkaz po\u017e\u00e1dat nejpozd\u011bji do 5.&nbsp;6.&nbsp;2024&nbsp;16:00<\/strong>, \u017e\u00e1dosti o&nbsp;vystaven\u00ed voli\u010dsk\u00e9ho pr\u016fkazu podan\u00e9 jin\u00fdm zp\u016fsobem mus\u00ed b\u00fdt doru\u010deny \u00da\u0159adu m\u011bstsk\u00e9 \u010d\u00e1sti Praha&nbsp;7 nejpozd\u011bji 31.&nbsp;5.&nbsp;2024. Voli\u010dsk\u00e9 pr\u016fkazy budou vyd\u00e1v\u00e1ny nebo p\u0159ed\u00e1v\u00e1ny k\u00a0po\u0161tovn\u00ed p\u0159eprav\u011b dle volby \u017eadatele nejd\u0159\u00edve dne 23.&nbsp;5.&nbsp;2024. P\u0159i osobn\u00ed pod\u00e1n\u00ed \u017e\u00e1dost ve dnech 23.&nbsp;5.&nbsp;2024 a\u017e 5.&nbsp;6.&nbsp;2024 do 16:00 budou voli\u010dsk\u00e9 pr\u016fkazy p\u0159ed\u00e1v\u00e1ny \u017eadateli na m\u00edst\u011b. <strong>Lh\u016fty pro p\u0159ij\u00edm\u00e1n\u00ed \u017e\u00e1dost\u00ed a&nbsp;vyd\u00e1v\u00e1n\u00ed voli\u010dsk\u00fdch pr\u016fkaz\u016f jsou stanoveny z\u00e1konem a&nbsp;nelze je m\u011bnit.<\/strong> Za vystaven\u00e9 voli\u010dsk\u00e9 pr\u016fkazy nen\u00ed mo\u017en\u00e9 v\u00a0p\u0159\u00edpad\u011b jejich ztr\u00e1ty \u010di po\u0161kozen\u00ed vystavit duplik\u00e1t. Ov\u011b\u0159ov\u00e1n\u00ed podpis\u016f na \u017e\u00e1dostech o&nbsp;voli\u010dsk\u00fdch pr\u016fkaz prov\u00e1d\u00ed spr\u00e1vn\u00ed org\u00e1ny (nikoliv not\u00e1\u0159i, \u010cesk\u00e1 po\u0161ta apod.) bezplatn\u011b.<\/p>\r\n<p>Kontaktn\u00ed m\u00edsto pro vyd\u00e1v\u00e1n\u00ed voli\u010dsk\u00fdch pr\u016fkaz\u016f, pro kontrolu st\u00e1l\u00e9ho seznamu voli\u010d\u016f, pro kontrolu seznamu voli\u010d\u016f do Evropsk\u00e9ho parlamentu a&nbsp;pro \u017e\u00e1dosti ob\u010dan\u016f jin\u00e9ho \u010dlensk\u00e9ho st\u00e1tu EU:<br \/>\r\n<a href=\"https:\/\/www.praha7.cz\/radnice\/organizacni-struktura\/odbor-spravnich-agend\/\">\u00da\u0159ad m\u011bstsk\u00e9 \u010d\u00e1sti Praha&nbsp;7, odbor spr\u00e1vn\u00edch agend, odd\u011blen\u00ed p\u0159estupk\u016f, deta\u0161ovan\u00e9 pracovi\u0161t\u011b &#8211; U&nbsp;Pr\u016fhonu 1493\/11<\/a>, Praha&nbsp;7 \u2013 Hole\u0161ovice, vchod B<\/p>\r\n<p>PO: 8.00 \u2013 11.45, 13.00 \u2013 17.45<br \/>\r\n\u00daT: 8.00 \u2013 11.45<br \/>\r\nST: 8.00 \u2013 11.45, 13.00 \u2013 17.45 (dne 5.&nbsp;6.&nbsp;2024 jen do 16.00)<br \/>\r\n\u010cT: 8.00 \u2013 11.45\u00a0 (po p\u0159edchoz\u00ed telefonick\u00e9 domluv\u011b na tel. 778&nbsp;110&nbsp;015)<br \/>\r\nP\u00c1: 8.00 \u2013 11.45\u00a0 (po p\u0159edchoz\u00ed telefonick\u00e9 domluv\u011b na tel. 778&nbsp;110&nbsp;015)<\/p>\r\n<hr \/>\r\n<p><br \/>\r\n<a href=\"https:\/\/www.praha7.cz\/wp-content\/uploads\/2024\/03\/seznam-volebnich-okrsku.pdf\"><strong>SEZNAM VOLEBN\u00cdCH M\u00cdSTNOST\u00cd<\/strong><\/a><\/p>\r\n<p>&nbsp;<\/p>\r\n<h3><span style=\"color: #0000ff;\">Nemohu se k\u00a0volb\u00e1m dostavit, mohu i\u00a0p\u0159esto volit?<\/span><\/h3>\r\n<p>V od\u016fvodn\u011bn\u00fdch p\u0159\u00edpadech, p\u0159edev\u0161\u00edm ze zdravotn\u00edch d\u016fvod\u016f, je mo\u017en\u00e9 po\u017e\u00e1dat o&nbsp;vysl\u00e1n\u00ed \u010dlen\u016f okrskov\u00e9 volebn\u00ed komise ve dnech voleb do m\u00edsta bydli\u0161t\u011b. \u017d\u00e1dost o&nbsp;doru\u010den\u00ed p\u0159enosn\u00e9 schr\u00e1nky lze p\u0159edem nahl\u00e1sit na Odboru spr\u00e1vn\u00edch agend \u00da\u0159adu M\u010c Praha&nbsp;7 na telefonn\u00edm \u010d\u00edsle: 778&nbsp;499&nbsp;608. Ve volebn\u00ed dny je mo\u017en\u00e9 si p\u0159enosnou schr\u00e1nku domluvit tak\u00e9 p\u0159\u00edmo ve volebn\u00edch m\u00edstnostech podle okrsku, do kter\u00e9ho n\u00e1le\u017e\u00edte (\u010d\u00edslo okrsku najdete na ob\u00e1lce s&nbsp;hlasovac\u00edmi l\u00edstky). Telefonn\u00ed kontakty do volebn\u00edch m\u00edstnost\u00ed budou zve\u0159ejn\u011bny.\u00a0<\/p>\r\n<p><br \/>\r\n<div class=\"shortcode-container container-fluid no-bottom-padding \">\n\t<div class=\"row shortcode-row no-bottom-border\">\n\t\t <div class=\"row contact-item\">\n\t\t\t<div class=\"col-xs-4 col-md-2 contact-photo\">\t\t\n\t\t\t\t<img src=\"https:\/\/www.praha7.cz\/wp-content\/uploads\/2024\/02\/Janackova_A-400x400.jpg\" alt=\"placeholder\">\n\t\t\t<\/div>\n\t\t\t<div class=\"col-xs-8 col-md-5 contact-info\">\n\t\t\t\t<h3>Jan\u00e1\u010dkov\u00e1 Alexandra, Ing.<\/h3>\n\t\t\t\t<span>vedouc\u00ed odboru<\/span><br>\n\t\t\t\t<span>U Pr\u016fhonu 11B<\/span><br>\n\t\t\t\t\n                <span>gsm. <a href=\"tel:+420770168333\">+420770168333<\/a><\/span><br>\n\t\t\t\t<a href=\"mailto:janackovaa@praha7.cz\">janackovaa@praha7.cz<\/a><br>\n\t\t\t<\/div>\n\t\t<\/div>\n\t<\/div>\n<\/div><\/p>","protected":false},"excerpt":{"rendered":"[perex] Rozhodnut\u00edm prezidenta republiky ze dne 26.&nbsp;ledna 2024 publikovan\u00e9m ve Sb\u00edrce z\u00e1kon\u016f \u010d. 38\/2024 Sb., dne 27.&nbsp;2.&nbsp;2024 byly vyhl\u00e1\u0161eny volby do Evropsk\u00e9ho parlamentu. Term\u00edn voleb byl stanoven na: p\u00e1tek 7.&nbsp;\u010dervna 2024 od 14.00 hodin do 22.00 hodin a&nbsp;sobotu 8.&nbsp;\u010dervna 2024 od 08.00 hodin do 14.00 hodin [\/perex] Informace pro voli\u010de, kte\u0159\u00ed zm\u011bnili trval\u00fd pobyt od [&hellip;]","protected":false},"author":76,"featured_media":0,"parent":6574,"menu_order":0,"comment_status":"closed","ping_status":"closed","template":"","meta":[],"_links":{"self":[{"href":"https:\/\/www.praha7.cz\/api\/wp\/v2\/pages\/74414"}],"collection":[{"href":"https:\/\/www.praha7.cz\/api\/wp\/v2\/pages"}],"about":[{"href":"https:\/\/www.praha7.cz\/api\/wp\/v2\/types\/page"}],"author":[{"embeddable":true,"href":"https:\/\/www.praha7.cz\/api\/wp\/v2\/users\/76"}],"replies":[{"embeddable":true,"href":"https:\/\/www.praha7.cz\/api\/wp\/v2\/comments?post=74414"}],"version-history":[{"count":26,"href":"https:\/\/www.praha7.cz\/api\/wp\/v2\/pages\/74414\/revisions"}],"predecessor-version":[{"id":84998,"href":"https:\/\/www.praha7.cz\/api\/wp\/v2\/pages\/74414\/revisions\/84998"}],"up":[{"embeddable":true,"href":"https:\/\/www.praha7.cz\/api\/wp\/v2\/pages\/6574"}],"wp:attachment":[{"href":"https:\/\/www.praha7.cz\/api\/wp\/v2\/media?parent=74414"}],"curies":[{"name":"wp","href":"https:\/\/api.w.org\/{rel}","templated":true}]}}