    
{"id":74362,"date":"2024-03-12T11:34:57","date_gmt":"2024-03-12T10:34:57","guid":{"rendered":"https:\/\/www.praha7.cz\/?page_id=74362"},"modified":"2026-04-08T14:55:18","modified_gmt":"2026-04-08T12:55:18","slug":"vnitroblok-u-uranie","status":"publish","type":"page","link":"https:\/\/www.praha7.cz\/potrebuji-zaridit\/planujte-sedmicku-s-nami\/vnitroblok-u-uranie\/","title":{"rendered":"Vnitroblok U&nbsp;Uranie"},"content":{"rendered":"<p>Vnitroblok v&nbsp;ulici U&nbsp;Uranie vedle Ortenova n\u00e1m\u011bst\u00ed se do\u010dkal kompletn\u00ed rekonstrukce a&nbsp;26.&nbsp;b\u0159ezna 2025 se otev\u0159el ve\u0159ejnosti. Prob\u011bhly zde rozs\u00e1hl\u00e9 \u00fapravy zelen\u011b, cest, osv\u011btlen\u00ed a\u00a0mobili\u00e1\u0159e. Praha\u00a07 t\u00edmto projektem pokra\u010duje v\u00a0postupn\u00e9 revitalizaci vnitroblok\u016f ve spr\u00e1v\u011b m\u011bstsk\u00e9 \u010d\u00e1sti.<\/p>\r\n<p><strong>Otv\u00edrac\u00ed doba<\/strong><br \/>\r\n<strong>1.&nbsp;4. \u2014 31.&nbsp;10.&nbsp;7\u201420&nbsp;h<\/strong><br \/>\r\n<strong>1.&nbsp;11. \u2014 31.&nbsp;3.&nbsp;8\u201418&nbsp;h<\/strong><br \/>\r\nVodn\u00ed prvky jsou v&nbsp;provozu od dubna do \u0159\u00edjna.<\/p>\r\n<p><strong><span style=\"color: #008000;\"><em>Mil\u00ed soused\u00e9,<\/em><\/span><\/strong><br \/>\r\n<strong><span style=\"color: #008000;\"><em>od \u010dtvrtka 2.&nbsp;dubna 2026&nbsp;14.30 do p\u00e1tku 3.&nbsp;dubna 2026 do ve\u010dern\u00edch hodin uzav\u0159eme vnitroblok U&nbsp;Uranie, pot\u0159ebujeme vybudovat z\u00e1vlahov\u00fd syst\u00e9m travnat\u00e9 plochy.<\/em><\/span><\/strong><br \/>\r\n<strong><span style=\"color: #008000;\"><em>\u00a0<\/em><\/span><\/strong><br \/>\r\n<strong><span style=\"color: #008000;\"><em>D\u011bkujeme za pochopen\u00ed.<\/em><\/span><\/strong><\/p>\r\n<hr \/>\r\n<p>Vnitroblok se do\u010dkal v\u00fdrazn\u00fdch dispozi\u010dn\u00edch zm\u011bn. Prob\u011bhly zde \u00fapravy ter\u00e9nu, jejich\u017e c\u00edlem bylo odstran\u011bn\u00ed bari\u00e9r, kter\u00e9 br\u00e1nily pohodln\u00e9mu pohybu cel\u00fdm prostorem. Ter\u00e9n byl z\u00e1rove\u0148 uzp\u016fsoben\u00fd pro novou v\u00fdsadbu. Ve vnitrobloku bylo vysazeno celkem 14 strom\u016f, v\u00edce ne\u017e 700 ke\u0159\u016f, p\u0159es 5&nbsp;000 trvalek a&nbsp;v\u00edce ne\u017e 1&nbsp;300 cibulovin. Zalo\u017eeny byly tak\u00e9 nov\u00e9 travnat\u00e9 plochy.<\/p>\r\n<p><img loading=\"lazy\" src=\"https:\/\/www.praha7.cz\/wp-content\/uploads\/2025\/03\/U-Uranie_pred_po-1125x1000.jpg\" alt=\"\" width=\"640\" height=\"569\" class=\"alignnone size-large wp-image-83065\" srcset=\"https:\/\/www.praha7.cz\/wp-content\/uploads\/2025\/03\/U-Uranie_pred_po-1125x1000.jpg 1125w, https:\/\/www.praha7.cz\/wp-content\/uploads\/2025\/03\/U-Uranie_pred_po-450x400.jpg 450w, https:\/\/www.praha7.cz\/wp-content\/uploads\/2025\/03\/U-Uranie_pred_po-768x683.jpg 768w, https:\/\/www.praha7.cz\/wp-content\/uploads\/2025\/03\/U-Uranie_pred_po-1536x1365.jpg 1536w, https:\/\/www.praha7.cz\/wp-content\/uploads\/2025\/03\/U-Uranie_pred_po-2048x1820.jpg 2048w\" sizes=\"(max-width: 640px) 100vw, 640px\" \/><\/p>\r\n<p><img loading=\"lazy\" src=\"https:\/\/www.praha7.cz\/wp-content\/uploads\/2025\/03\/U-Uranie-1-1500x871.jpeg\" alt=\"\" width=\"640\" height=\"372\" class=\"alignnone size-large wp-image-83057\" srcset=\"https:\/\/www.praha7.cz\/wp-content\/uploads\/2025\/03\/U-Uranie-1-1500x871.jpeg 1500w, https:\/\/www.praha7.cz\/wp-content\/uploads\/2025\/03\/U-Uranie-1-600x348.jpeg 600w, https:\/\/www.praha7.cz\/wp-content\/uploads\/2025\/03\/U-Uranie-1-768x446.jpeg 768w, https:\/\/www.praha7.cz\/wp-content\/uploads\/2025\/03\/U-Uranie-1-1536x892.jpeg 1536w, https:\/\/www.praha7.cz\/wp-content\/uploads\/2025\/03\/U-Uranie-1-2048x1189.jpeg 2048w\" sizes=\"(max-width: 640px) 100vw, 640px\" \/><\/p>\r\n<p><img loading=\"lazy\" src=\"https:\/\/www.praha7.cz\/wp-content\/uploads\/2025\/03\/U-Uranie-5-1500x844.jpeg\" alt=\"\" width=\"640\" height=\"360\" class=\"alignnone size-large wp-image-83061\" srcset=\"https:\/\/www.praha7.cz\/wp-content\/uploads\/2025\/03\/U-Uranie-5-1500x844.jpeg 1500w, https:\/\/www.praha7.cz\/wp-content\/uploads\/2025\/03\/U-Uranie-5-600x338.jpeg 600w, https:\/\/www.praha7.cz\/wp-content\/uploads\/2025\/03\/U-Uranie-5-768x432.jpeg 768w, https:\/\/www.praha7.cz\/wp-content\/uploads\/2025\/03\/U-Uranie-5-1536x864.jpeg 1536w, https:\/\/www.praha7.cz\/wp-content\/uploads\/2025\/03\/U-Uranie-5-2048x1152.jpeg 2048w\" sizes=\"(max-width: 640px) 100vw, 640px\" \/><\/p>\r\n<p>Tak jako u&nbsp;dal\u0161\u00edch projekt\u016f i&nbsp;zde m\u011bstsk\u00e1 \u010d\u00e1st zapojila do p\u0159\u00edprav m\u00edstn\u00ed obyvatele a&nbsp;uplatnila prvky modrozelen\u00e9 infrastruktury. Do\u0161lo ke zv\u00fd\u0161en\u00ed reten\u010dn\u00ed schopnosti p\u016fdy a&nbsp;dosavadn\u00ed syst\u00e9m odvodn\u011bn\u00ed byl dopln\u011bn o&nbsp;opat\u0159en\u00ed, kter\u00e1 zaji\u0161\u0165uj\u00ed, aby voda v&nbsp;co nejv\u011bt\u0161\u00ed m\u00ed\u0159e z\u016fst\u00e1vala v&nbsp;m\u00edstech, kde je pot\u0159eba. To je \u0159e\u0161eno prost\u0159ednictv\u00edm modelace ter\u00e9nu a&nbsp;vy\u00fast\u011bn\u00edm dren\u00e1\u017ee do de\u0161\u0165ov\u00e9 zahrady.<\/p>\r\n<p><img loading=\"lazy\" src=\"https:\/\/www.praha7.cz\/wp-content\/uploads\/2025\/03\/U-Uranie-4-1500x874.jpeg\" alt=\"\" width=\"640\" height=\"373\" class=\"alignnone size-large wp-image-83060\" srcset=\"https:\/\/www.praha7.cz\/wp-content\/uploads\/2025\/03\/U-Uranie-4-1500x874.jpeg 1500w, https:\/\/www.praha7.cz\/wp-content\/uploads\/2025\/03\/U-Uranie-4-600x350.jpeg 600w, https:\/\/www.praha7.cz\/wp-content\/uploads\/2025\/03\/U-Uranie-4-768x447.jpeg 768w, https:\/\/www.praha7.cz\/wp-content\/uploads\/2025\/03\/U-Uranie-4-1536x895.jpeg 1536w, https:\/\/www.praha7.cz\/wp-content\/uploads\/2025\/03\/U-Uranie-4-2048x1193.jpeg 2048w\" sizes=\"(max-width: 640px) 100vw, 640px\" \/><\/p>\r\n<p><img loading=\"lazy\" src=\"https:\/\/www.praha7.cz\/wp-content\/uploads\/2025\/03\/U-Uranie-2-1500x963.jpeg\" alt=\"\" width=\"640\" height=\"411\" class=\"alignnone size-large wp-image-83058\" srcset=\"https:\/\/www.praha7.cz\/wp-content\/uploads\/2025\/03\/U-Uranie-2-1500x963.jpeg 1500w, https:\/\/www.praha7.cz\/wp-content\/uploads\/2025\/03\/U-Uranie-2-600x385.jpeg 600w, https:\/\/www.praha7.cz\/wp-content\/uploads\/2025\/03\/U-Uranie-2-768x493.jpeg 768w, https:\/\/www.praha7.cz\/wp-content\/uploads\/2025\/03\/U-Uranie-2-1536x986.jpeg 1536w, https:\/\/www.praha7.cz\/wp-content\/uploads\/2025\/03\/U-Uranie-2-2048x1314.jpeg 2048w\" sizes=\"(max-width: 640px) 100vw, 640px\" \/><\/p>\r\n<p>Ve vnitrobloku byla vybudov\u00e1na nov\u00e1 s\u00ed\u0165 cest s\u00a0r\u016fzn\u00fdmi povrchy a\u00a0dopln\u011bno ve\u0159ejn\u00e9 osv\u011btlen\u00ed. Prostor byl rozd\u011blen do t\u0159\u00ed hlavn\u00edch z\u00f3n \u2013 tr\u00e1vn\u00edkov\u00e9ho palouku s\u00a0pergolou, h\u00e1jku s\u00a0vysokokmenn\u00fdmi stromy a\u00a0modrou zahradu. V\u0161echna m\u00edsta nyn\u00ed poskytuj\u00ed mo\u017enost p\u0159\u00edjemn\u00e9ho posezen\u00ed i\u00a0aktivn\u00edho tr\u00e1ven\u00ed voln\u00e9ho \u010dasu. Dopln\u011bny zde byly lavi\u010dky, stoly, odpadkov\u00e9 ko\u0161e, autorsk\u00e9 um\u011bleck\u00e9 prvky od design\u00e9rky Anny Kozov\u00e9 a\u00a0dal\u0161\u00ed mobili\u00e1\u0159. Nechyb\u00ed ani p\u00edtko a\u00a0ml\u017e\u00edtko pro hork\u00e9 letn\u00ed dny.<\/p>\r\n<p>Vizu\u00e1ln\u011b se do prostoru vnitrobloku prom\u00edtaj\u00ed odkazy na planetu Uran i&nbsp;dal\u0161\u00ed vesm\u00edrn\u00e1 t\u011blesa a&nbsp;souhv\u011bzd\u00ed. P\u0159ipom\u00edn\u00e1 se zde tak\u00e9 n\u011bkdej\u0161\u00ed divadlo U&nbsp;Uranie, kter\u00e9 zde bylo otev\u0159eno 12.&nbsp;\u010dervna 1902.<\/p>\r\n<p>V r\u00e1mci \u00faprav byl zrekonstruov\u00e1n tak\u00e9 chodn\u00edk, kter\u00fd spojuje ulice U\u00a0Uranie a\u00a0U\u00a0Pergamenky, a\u00a0zpevn\u011bn\u00e1 plocha p\u0159ed p\u0159ilehlou M\u0160 U\u00a0Uranie. Tak\u00e9 tento prostor byl osazen nov\u00fdmi lampami a\u00a0zelen\u00ed.<\/p>\r\n<p><a href=\"https:\/\/www.praha7.cz\/wp-content\/uploads\/2025\/03\/vnitroblok-uranie-mapa.png\"><img loading=\"lazy\" src=\"https:\/\/www.praha7.cz\/wp-content\/uploads\/2025\/03\/vnitroblok-uranie-mapa-1343x1000.png\" alt=\"\" width=\"640\" height=\"477\" class=\"alignnone size-large wp-image-83066\" srcset=\"https:\/\/www.praha7.cz\/wp-content\/uploads\/2025\/03\/vnitroblok-uranie-mapa-1343x1000.png 1343w, https:\/\/www.praha7.cz\/wp-content\/uploads\/2025\/03\/vnitroblok-uranie-mapa-537x400.png 537w, https:\/\/www.praha7.cz\/wp-content\/uploads\/2025\/03\/vnitroblok-uranie-mapa-768x572.png 768w, https:\/\/www.praha7.cz\/wp-content\/uploads\/2025\/03\/vnitroblok-uranie-mapa-1536x1143.png 1536w, https:\/\/www.praha7.cz\/wp-content\/uploads\/2025\/03\/vnitroblok-uranie-mapa.png 1592w\" sizes=\"(max-width: 640px) 100vw, 640px\" \/><\/a><\/p>\r\n<p>Autorem projektu rekonstrukce je\u00a0ateli\u00e9r YYYY. Celkov\u00e9 n\u00e1klady na realizaci vy\u0161ly na cca 13,6 mil. K\u010d bez DPH, 10 mil. K\u010d pokryla dotace hl. m. Prahy.<\/p>\r\n\r\n<figure id=\"attachment_20919\" aria-describedby=\"caption-attachment-20919\" style=\"width: 640px\" class=\"wp-caption alignnone\"><img loading=\"lazy\" src=\"https:\/\/www.praha7.cz\/wp-content\/uploads\/2018\/11\/\u00fapravy-vnitrobloku-u-u-ranie-1500x818.jpg\" alt=\"\" width=\"640\" height=\"349\" class=\"wp-image-20919 size-large\" srcset=\"https:\/\/www.praha7.cz\/wp-content\/uploads\/2018\/11\/\u00fapravy-vnitrobloku-u-u-ranie-1500x818.jpg 1500w, https:\/\/www.praha7.cz\/wp-content\/uploads\/2018\/11\/\u00fapravy-vnitrobloku-u-u-ranie-600x327.jpg 600w, https:\/\/www.praha7.cz\/wp-content\/uploads\/2018\/11\/\u00fapravy-vnitrobloku-u-u-ranie-768x419.jpg 768w\" sizes=\"(max-width: 640px) 100vw, 640px\" \/><figcaption id=\"caption-attachment-20919\" class=\"wp-caption-text\">autor vizualizace: YYYY<\/figcaption><\/figure>\r\n\r\n<hr \/>\r\n<p><strong>M\u00e1te v&nbsp;souvislosti s&nbsp;vnitroblokem U&nbsp;Uranie n\u011bjak\u00e9 dotazy? Napi\u0161te na adresu <a href=\"mailto:uranie@praha7.cz\">uranie@praha7.cz<\/a>.<\/strong><\/p>\r\n<div class=\"shortcode-container container-fluid no-bottom-padding \">\n\t<div class=\"row shortcode-row no-bottom-border\">\n\t\t <div class=\"row contact-item\">\n\t\t\t<div class=\"col-xs-8 col-md-7 contact-info\">\n\t\t\t\t<h3>Bittnerov\u00e1 Marie, Ing.<\/h3>\n\t\t\t\t<span>odborn\u00e1 referentka<\/span><br>\n\t\t\t\t<span>dve\u0159e 4.05<\/span><br>\n\t\t\t\t<span>tel. <a>+420220144152<\/a><\/span><br>\n                <span>gsm. <a href=\"tel:+420605385373\">+420605385373<\/a><\/span><br>\n\t\t\t\t<a href=\"mailto:bittnerovam@praha7.cz\">bittnerovam@praha7.cz<\/a><br>\n\t\t\t<\/div>\n\t\t<\/div>\n\t<\/div>\n<\/div>","protected":false},"excerpt":{"rendered":"Vnitroblok v&nbsp;ulici U&nbsp;Uranie vedle Ortenova n\u00e1m\u011bst\u00ed se do\u010dkal kompletn\u00ed rekonstrukce a&nbsp;26.&nbsp;b\u0159ezna 2025 se otev\u0159el ve\u0159ejnosti. Prob\u011bhly zde rozs\u00e1hl\u00e9 \u00fapravy zelen\u011b, cest, osv\u011btlen\u00ed a\u00a0mobili\u00e1\u0159e. Praha\u00a07 t\u00edmto projektem pokra\u010duje v\u00a0postupn\u00e9 revitalizaci vnitroblok\u016f ve spr\u00e1v\u011b m\u011bstsk\u00e9 \u010d\u00e1sti. Otv\u00edrac\u00ed doba 1.&nbsp;4. \u2014 31.&nbsp;10.&nbsp;7\u201420&nbsp;h 1.&nbsp;11. \u2014 31.&nbsp;3.&nbsp;8\u201418&nbsp;h Vodn\u00ed prvky jsou v&nbsp;provozu od dubna do \u0159\u00edjna. Mil\u00ed soused\u00e9, od \u010dtvrtka 2.&nbsp;dubna [&hellip;]","protected":false},"author":251,"featured_media":20919,"parent":37223,"menu_order":0,"comment_status":"closed","ping_status":"closed","template":"","meta":[],"_links":{"self":[{"href":"https:\/\/www.praha7.cz\/api\/wp\/v2\/pages\/74362"}],"collection":[{"href":"https:\/\/www.praha7.cz\/api\/wp\/v2\/pages"}],"about":[{"href":"https:\/\/www.praha7.cz\/api\/wp\/v2\/types\/page"}],"author":[{"embeddable":true,"href":"https:\/\/www.praha7.cz\/api\/wp\/v2\/users\/251"}],"replies":[{"embeddable":true,"href":"https:\/\/www.praha7.cz\/api\/wp\/v2\/comments?post=74362"}],"version-history":[{"count":23,"href":"https:\/\/www.praha7.cz\/api\/wp\/v2\/pages\/74362\/revisions"}],"predecessor-version":[{"id":90838,"href":"https:\/\/www.praha7.cz\/api\/wp\/v2\/pages\/74362\/revisions\/90838"}],"up":[{"embeddable":true,"href":"https:\/\/www.praha7.cz\/api\/wp\/v2\/pages\/37223"}],"wp:featuredmedia":[{"embeddable":true,"href":"https:\/\/www.praha7.cz\/api\/wp\/v2\/media\/20919"}],"wp:attachment":[{"href":"https:\/\/www.praha7.cz\/api\/wp\/v2\/media?parent=74362"}],"curies":[{"name":"wp","href":"https:\/\/api.w.org\/{rel}","templated":true}]}}