    
{"id":73506,"date":"2024-02-07T13:01:17","date_gmt":"2024-02-07T12:01:17","guid":{"rendered":"https:\/\/www.praha7.cz\/?page_id=73506"},"modified":"2026-02-09T15:14:28","modified_gmt":"2026-02-09T14:14:28","slug":"prednasky-pro-seniory","status":"publish","type":"page","link":"https:\/\/www.praha7.cz\/volny-cas-prehled\/seniori\/prednasky-pro-seniory\/","title":{"rendered":"P\u0159edn\u00e1\u0161ky pro seniory z&nbsp;Prahy&nbsp;7"},"content":{"rendered":"<p>[perex]<\/p>\r\n<p>M\u011bstsk\u00e1 \u010d\u00e1st Praha&nbsp;7 pro seniory ze Sedmi\u010dky p\u0159ipravuje nov\u00fd cyklus pravideln\u00fdch tematick\u00fdch p\u0159edn\u00e1\u0161ek. <strong>P\u0159edn\u00e1\u0161ky jsou zdarma, bez p\u0159edchoz\u00ed rezervace a&nbsp;prob\u00edhaj\u00ed v&nbsp;zastupitelsk\u00e9m s\u00e1le radnice, U&nbsp;Pr\u016fhonu 38<\/strong> (suter\u00e9n, p\u0159\u00edstupn\u00fd po schodech i&nbsp;v\u00fdtahem) <strong>v\u017edy ve st\u0159edu od 15 do 16.30 hodin<\/strong>. Zm\u011bna programu vyhrazena.\u00a0<\/p>\r\n<p><span style=\"color: #000000;\">[\/perex]<\/span><\/p>\r\n<p><strong>18.&nbsp;3. Praha za hranicemi UNESCO \u2013 Nusle<\/strong>. Jak vznikly Nusle, co je Fidlova\u010dka a&nbsp;jak se vyv\u00edjela \u010dtvr\u0165 za hradbami Nov\u00e9ho M\u011bsta pra\u017esk\u00e9ho?<\/p>\r\n<hr \/>\r\n<p><strong>1.&nbsp;4. Zaj\u00edmav\u00e9 pra\u017esk\u00e9 \u010dtvrti \u2013 Podvy\u0161ehrad\u00ed<\/strong>. Vy\u0161ehrad, to nen\u00ed jen pevnost, ale bylo to tak\u00e9 v\u00fdznamn\u00e9 m\u011bsto. Jak se vyv\u00edjela jeho\u00a0historie a&nbsp;zaj\u00edmav\u00e1 architektura?<\/p>\r\n<p><strong>8.&nbsp;4. Zaj\u00edmav\u00e9 pra\u017esk\u00e9 \u010dtvrti \u2013 Podol\u00ed<\/strong>. Osada Podol\u00ed u&nbsp;kostela sv. Archand\u011bla Michaela pat\u0159ila a\u017e do 19.&nbsp;stolet\u00ed k&nbsp;zapomenut\u00fdm kout\u016fm nedaleko Prahy, kam chodili Pra\u017ean\u00e9 na celodenn\u00ed v\u00fdlet. A\u017e vybudov\u00e1n\u00ed tunelu pod Vy\u0161ehradem tuto situaci zm\u011bnilo. \u00a0A jak je to dnes?<\/p>\r\n<p><strong>15.&nbsp;4. Zaj\u00edmav\u00e9 pra\u017esk\u00e9 \u010dtvrti \u2013 Michle<\/strong>. Jak se p\u016fvodn\u00ed mal\u00fd hospod\u00e1\u0159sk\u00fd dv\u016fr prom\u011bnil na pr\u016fmyslovou \u010d\u00e1st Prahy? Kdy vznikly nouzov\u00e9 kolonie a&nbsp;jak se \u017eije v&nbsp;Michli?<\/p>\r\n<p><strong>22.&nbsp;4. Zaj\u00edmav\u00e9 pra\u017esk\u00e9 \u010dtvrti \u2013 Stra\u0161nice<\/strong>. \u00dazem\u00ed p\u016fvodn\u011b dvora a&nbsp;vsi lid\u00ed \u201eStra\u0161nov\u00fdch\u201c se teprve za\u010d\u00e1tkem 20.&nbsp;stolet\u00ed za\u010dalo prom\u011b\u0148ovat. Postupn\u011b se ze Stra\u0161nic stala vyhled\u00e1van\u00e1 pra\u017esk\u00e1 \u010dtvr\u0165 se zaj\u00edmavou modern\u00ed architekturou. Co je nejzaj\u00edmav\u011bj\u0161\u00ed? \u00a0\u00a0<\/p>\r\n<p><strong>29.&nbsp;4. Zaj\u00edmav\u00e9 pra\u017esk\u00e9 \u010dtvrti \u2013 Bran\u00edk<\/strong>. M\u00e1lokter\u00e1 pra\u017esk\u00e1 \u010dtvr\u0165 nab\u00edz\u00ed tak pestr\u00e9 \u010d\u00e1sti sv\u00e9ho \u00fazem\u00ed, jako pr\u00e1v\u011b Bran\u00edk. \u00a0Kr\u00e1sn\u00e9 skalnat\u00e9 \u00fatvary, ale tak\u00e9 modern\u00ed bytov\u00e1 z\u00e1stavba, meziv\u00e1le\u010dn\u00e9 vily i&nbsp;historick\u00fd pivovar. \u00a0Jak se prom\u011bnil Bran\u00edk?<\/p>\r\n<hr \/>\r\n<p><strong>6.&nbsp;5. Zaj\u00edmav\u00e9 pra\u017esk\u00e9 \u010dtvrti \u2013 Kobylisy a&nbsp;\u010e\u00e1blice<\/strong>. A\u017e do prehistorick\u00e9 doby spadaj\u00ed n\u00e1lezy, kter\u00e9 byly archeologicky objeven\u00e9 na \u00fazem\u00ed Kobylis. \u00a0Historie t\u00e9to \u010dtvrti je v\u0161ak pln\u00e1 p\u0159ekvapen\u00ed nap\u0159\u00ed\u010d stalet\u00edmi.<\/p>\r\n<p><strong>13.&nbsp;5. Zaj\u00edmav\u00e9 pra\u017esk\u00e9 \u010dtvrti \u2013 St\u0159e\u0161ovice<\/strong>. V&nbsp;bl\u00edzkosti kr\u00e1lovsk\u00fdch Hrad\u010dan a&nbsp;B\u0159evnova le\u017e\u00ed St\u0159e\u0161ovice, kter\u00e9 byly rodinn\u00fdm majetkem p\u0159emyslovsk\u00fdch kn\u00ed\u017eat. V&nbsp;pr\u016fb\u011bhu 20.&nbsp;stolet\u00ed se v\u0161ak z&nbsp;venkovsk\u00e9 oblasti stalo d\u016fle\u017eit\u00e9 stavebn\u00ed z\u00e1zem\u00ed metropole. Co p\u0159edstavuj\u00ed St\u0159e\u0161ovice dnes?<\/p>\r\n<p><strong>20.&nbsp;5. Zaj\u00edmav\u00e9 pra\u017esk\u00e9 \u010dtvrti \u2013 Radlice<\/strong>. P\u0159ed t\u00edm, ne\u017e se Radlice staly v\u00fdznamnou pr\u016fmyslovou \u010dtvrt\u00ed Prahy, vyv\u00edjely se jako zem\u011bd\u011blsky prosperuj\u00edc\u00ed vesnice. Velk\u00e1 prom\u011bna v\u0161ak nastala po vzniku nov\u00e9ho \u010ceskoslovenska. \u010c\u00edm se Radlice proslavily?<\/p>\r\n<div class=\"shortcode-container container-fluid no-bottom-padding \">\n\t<div class=\"row shortcode-row no-bottom-border\">\n\t\t <div class=\"row contact-item\">\n\t\t\t<div class=\"col-xs-8 col-md-7 contact-info\">\n\t\t\t\t<h3>Philippov\u00e1 Krist\u00fdna, Bc., DiS.<\/h3>\n\t\t\t\t<span>referentka<\/span><br>\n\t\t\t\t<span>dve\u0159e 7.01<\/span><br>\n\t\t\t\t<span>tel. <a>+420220144014<\/a><\/span><br>\n                <span>gsm. <a href=\"tel:+420603574459\">+420603574459<\/a><\/span><br>\n\t\t\t\t<a href=\"mailto:philippovak@praha7.cz\">philippovak@praha7.cz<\/a><br>\n\t\t\t<\/div>\n\t\t<\/div>\n\t<\/div>\n<\/div>","protected":false},"excerpt":{"rendered":"[perex] M\u011bstsk\u00e1 \u010d\u00e1st Praha&nbsp;7 pro seniory ze Sedmi\u010dky p\u0159ipravuje nov\u00fd cyklus pravideln\u00fdch tematick\u00fdch p\u0159edn\u00e1\u0161ek. P\u0159edn\u00e1\u0161ky jsou zdarma, bez p\u0159edchoz\u00ed rezervace a&nbsp;prob\u00edhaj\u00ed v&nbsp;zastupitelsk\u00e9m s\u00e1le radnice, U&nbsp;Pr\u016fhonu 38 (suter\u00e9n, p\u0159\u00edstupn\u00fd po schodech i&nbsp;v\u00fdtahem) v\u017edy ve st\u0159edu od 15 do 16.30 hodin. Zm\u011bna programu vyhrazena.\u00a0 [\/perex] 18.&nbsp;3. Praha za hranicemi UNESCO \u2013 Nusle. Jak vznikly Nusle, co je [&hellip;]","protected":false},"author":292,"featured_media":0,"parent":5872,"menu_order":0,"comment_status":"closed","ping_status":"closed","template":"","meta":[],"_links":{"self":[{"href":"https:\/\/www.praha7.cz\/api\/wp\/v2\/pages\/73506"}],"collection":[{"href":"https:\/\/www.praha7.cz\/api\/wp\/v2\/pages"}],"about":[{"href":"https:\/\/www.praha7.cz\/api\/wp\/v2\/types\/page"}],"author":[{"embeddable":true,"href":"https:\/\/www.praha7.cz\/api\/wp\/v2\/users\/292"}],"replies":[{"embeddable":true,"href":"https:\/\/www.praha7.cz\/api\/wp\/v2\/comments?post=73506"}],"version-history":[{"count":22,"href":"https:\/\/www.praha7.cz\/api\/wp\/v2\/pages\/73506\/revisions"}],"predecessor-version":[{"id":89621,"href":"https:\/\/www.praha7.cz\/api\/wp\/v2\/pages\/73506\/revisions\/89621"}],"up":[{"embeddable":true,"href":"https:\/\/www.praha7.cz\/api\/wp\/v2\/pages\/5872"}],"wp:attachment":[{"href":"https:\/\/www.praha7.cz\/api\/wp\/v2\/media?parent=73506"}],"curies":[{"name":"wp","href":"https:\/\/api.w.org\/{rel}","templated":true}]}}