    
{"id":73460,"date":"2024-02-06T15:33:00","date_gmt":"2024-02-06T14:33:00","guid":{"rendered":"https:\/\/www.praha7.cz\/?page_id=73460"},"modified":"2024-05-23T10:59:52","modified_gmt":"2024-05-23T08:59:52","slug":"rodiny-a-deti","status":"publish","type":"page","link":"https:\/\/www.praha7.cz\/potrebuji-zaridit\/socialni-oblast\/rodiny-a-deti\/","title":{"rendered":"Rodiny a&nbsp;d\u011bti"},"content":{"rendered":"<p>[perex]<\/p>\r\n<p>Uv\u00edtali byste pomoc \u010di radu v&nbsp;oblasti vzd\u011bl\u00e1v\u00e1n\u00ed \u010di volno\u010dasov\u00fdch aktivit va\u0161ich d\u011bt\u00ed, pot\u0159ebujete podporu ve slo\u017eit\u00fdch \u017eivotn\u00edch situac\u00edch? Nab\u00edz\u00edme v\u00e1m odkazy na nej\u010dast\u011bji popt\u00e1van\u00e1 t\u00e9mata. M\u016f\u017eete se tak\u00e9 obr\u00e1tit na <a href=\"https:\/\/www.praha7.cz\/radnice\/organizacni-struktura\/odbor-vzdelavani-a-projektoveho-rizeni\/oddeleni-vzdelavani\/\">Odd\u011blen\u00ed vzd\u011bl\u00e1v\u00e1n\u00ed<\/a> nebo soci\u00e1ln\u00ed pracovn\u00edky <a href=\"https:\/\/www.praha7.cz\/radnice\/organizacni-struktura\/odbor-socialnich-veci\/\">Odboru soci\u00e1ln\u00edch v\u011bc\u00ed<\/a> nebo <a href=\"https:\/\/www.praha7.cz\/radnice\/organizacni-struktura\/odbor-socialnich-veci\/ospod\/\">OSPOD<\/a>, kte\u0159\u00ed v\u00e1m pomohou va\u0161i situaci \u0159e\u0161it, p\u0159\u00edpadn\u011b v\u00e1s nasm\u011bruj\u00ed na dal\u0161\u00ed spolupracuj\u00edc\u00ed organizace.<\/p>\r\n<p>[\/perex]<\/p>\r\n\n    <div class=\"container-fluid guidelist text-center\">\n        <div class=\"row\">\n            <div class=\"col-xs-12 col-md-6 guidelist-container\">\n                <a href=\"https:\/\/www.praha7.cz\/potrebuji-zaridit\/socialni-oblast\/rodiny-a-deti\/co-delat-ve-volnem-case\/\" class=\"btn btn-block\">Co d\u011blat ve voln\u00e9m \u010dase<\/a>\n            <\/div>\n            <div class=\"col-xs-12 col-md-6 guidelist-container\">\n                <a href=\"https:\/\/www.praha7.cz\/volny-cas-prehled\/deti\/detska-hriste\/\" class=\"btn btn-block\">D\u011btsk\u00e1 h\u0159i\u0161t\u011b<\/a>\n            <\/div>\n            <div class=\"col-xs-12 col-md-6 guidelist-container\">\n                <a href=\"https:\/\/www.praha7.cz\/potrebuji-zaridit\/skolstvi\/\" class=\"btn btn-block\">\u0160kolsk\u00e1 za\u0159\u00edzen\u00ed<\/a>\n            <\/div>\n            <div class=\"col-xs-12 col-md-6 guidelist-container\">\n                <a href=\"https:\/\/www.praha7.cz\/volny-cas-prehled\/deti\/prispevek-na-krouzky\/\" class=\"btn btn-block\">P\u0159\u00edsp\u011bvek na krou\u017eky<\/a>\n            <\/div>\n            <div class=\"col-xs-12 col-md-6 guidelist-container\">\n                <a href=\"https:\/\/www.praha7.cz\/potrebuji-zaridit\/socialni-oblast\/rodiny-a-deti\/socialne-pravni-ochrana-deti\/\" class=\"btn btn-block\">Soci\u00e1ln\u011b-pr\u00e1vn\u00ed ochrana d\u011bt\u00ed<\/a>\n            <\/div>\n            <div class=\"col-xs-12 col-md-6 guidelist-container\">\n                <a href=\"https:\/\/www.praha7.cz\/temata\/pomahame\/verejne-sbirky\/obedove-konto\/\" class=\"btn btn-block\">Ob\u011bdov\u00e9 konto<\/a>\n            <\/div>\n            <div class=\"col-xs-12 col-md-6 guidelist-container\">\n                <a href=\"https:\/\/www.praha7.cz\/potrebuji-zaridit\/socialni-oblast\/samozivitele\/\" class=\"btn btn-block\">Samo\u017eivitel\u00e9<\/a>\n            <\/div>\n            <div class=\"col-xs-12 col-md-6 guidelist-container\">\n                <a href=\"https:\/\/www.praha7.cz\/volny-cas-prehled\/deti\/primestske-tabory\/\" class=\"btn btn-block\">P\u0159\u00edm\u011bstsk\u00e9 t\u00e1bory<\/a>\n            <\/div>\n            <div class=\"col-xs-12 col-md-6 guidelist-container\">\n                <a href=\"https:\/\/www.praha7.cz\/volny-cas-prehled\/deti\/vitani-obcanku\/\" class=\"btn btn-block\">V\u00edt\u00e1n\u00ed ob\u010d\u00e1nk\u016f<\/a>\n            <\/div>\n            <div class=\"col-xs-12 col-md-6 guidelist-container\">\n                <a href=\"https:\/\/www.praha7.cz\/potrebuji-zaridit\/socialni-oblast\/podpora-pro-rodiny\/\" class=\"btn btn-block\">Podpora pro rodiny<\/a>\n            <\/div>\n        <\/div>\n    <\/div>\n\n","protected":false},"excerpt":{"rendered":"[perex] Uv\u00edtali byste pomoc \u010di radu v&nbsp;oblasti vzd\u011bl\u00e1v\u00e1n\u00ed \u010di volno\u010dasov\u00fdch aktivit va\u0161ich d\u011bt\u00ed, pot\u0159ebujete podporu ve slo\u017eit\u00fdch \u017eivotn\u00edch situac\u00edch? Nab\u00edz\u00edme v\u00e1m odkazy na nej\u010dast\u011bji popt\u00e1van\u00e1 t\u00e9mata. M\u016f\u017eete se tak\u00e9 obr\u00e1tit na Odd\u011blen\u00ed vzd\u011bl\u00e1v\u00e1n\u00ed nebo soci\u00e1ln\u00ed pracovn\u00edky Odboru soci\u00e1ln\u00edch v\u011bc\u00ed nebo OSPOD, kte\u0159\u00ed v\u00e1m pomohou va\u0161i situaci \u0159e\u0161it, p\u0159\u00edpadn\u011b v\u00e1s nasm\u011bruj\u00ed na dal\u0161\u00ed spolupracuj\u00edc\u00ed organizace. [\/perex]","protected":false},"author":292,"featured_media":0,"parent":1728,"menu_order":0,"comment_status":"closed","ping_status":"closed","template":"","meta":[],"_links":{"self":[{"href":"https:\/\/www.praha7.cz\/api\/wp\/v2\/pages\/73460"}],"collection":[{"href":"https:\/\/www.praha7.cz\/api\/wp\/v2\/pages"}],"about":[{"href":"https:\/\/www.praha7.cz\/api\/wp\/v2\/types\/page"}],"author":[{"embeddable":true,"href":"https:\/\/www.praha7.cz\/api\/wp\/v2\/users\/292"}],"replies":[{"embeddable":true,"href":"https:\/\/www.praha7.cz\/api\/wp\/v2\/comments?post=73460"}],"version-history":[{"count":5,"href":"https:\/\/www.praha7.cz\/api\/wp\/v2\/pages\/73460\/revisions"}],"predecessor-version":[{"id":76159,"href":"https:\/\/www.praha7.cz\/api\/wp\/v2\/pages\/73460\/revisions\/76159"}],"up":[{"embeddable":true,"href":"https:\/\/www.praha7.cz\/api\/wp\/v2\/pages\/1728"}],"wp:attachment":[{"href":"https:\/\/www.praha7.cz\/api\/wp\/v2\/media?parent=73460"}],"curies":[{"name":"wp","href":"https:\/\/api.w.org\/{rel}","templated":true}]}}