    
{"id":7115,"date":"2017-10-04T16:55:45","date_gmt":"2017-10-04T14:55:45","guid":{"rendered":"https:\/\/praha7.cz\/?page_id=7115"},"modified":"2024-02-28T16:56:08","modified_gmt":"2024-02-28T15:56:08","slug":"vybory","status":"publish","type":"page","link":"https:\/\/www.praha7.cz\/radnice\/voleni-zastupci-mistni-samospravy\/zastupitelstvo\/vybory\/","title":{"rendered":"V\u00fdbory"},"content":{"rendered":"\n    <div class=\"container-fluid guide-links-list guidelist\">\n        <div class=\"guidelist-container col-xs-12 col-md-6 grey-border-box\">\n            <h3><a href=\"https:\/\/www.praha7.cz\/radnice\/voleni-zastupci-mistni-samospravy\/zastupitelstvo\/vybory\/financni-vybor-zastupitelstva-mc-praha-7-2\/\">Finan\u010dn\u00ed v\u00fdbor<\/a><\/h3>\n            <h3><a href=\"https:\/\/www.praha7.cz\/radnice\/voleni-zastupci-mistni-samospravy\/zastupitelstvo\/vybory\/kontrolni-vybor-zastupitelstva-mc-praha-7-2\/\">Kontroln\u00ed v\u00fdbor<\/a><\/h3>\n            <h3><a href=\"https:\/\/www.praha7.cz\/radnice\/voleni-zastupci-mistni-samospravy\/zastupitelstvo\/vybory\/vybor-pro-vzdelavani-socialni-politiku-a-zdravotnictvi-zastupitelstva-mc-praha-7\/\">V\u00fdbor pro vzd\u011bl\u00e1v\u00e1n\u00ed, soci\u00e1ln\u00ed politiku a zdravotnictv\u00ed<\/a><\/h3>\n        <\/div>\n    <\/div>   \n\n\r\n<h3><a href=\"https:\/\/www.praha7.cz\/wp-content\/uploads\/2022\/11\/JR-vyboru_final-ke-zverejneni.pdf\">Jednac\u00ed \u0159\u00e1d V\u00fdbor\u016f Zastupitelstva M\u010c Praha&nbsp;7<\/a><\/h3>\r\n<hr \/>\r\n<h3><a href=\"https:\/\/www.praha7.cz\/radnice\/voleni-zastupci-mistni-samospravy\/rada-mc-praha-7\/komise-praha-7\/archiv-vyboru-2014-2018\/\">Archiv v\u00fdbor\u016f (2014-2018)<\/a><\/h3>\r\n<hr \/>\r\n<p>&nbsp;<\/p>","protected":false},"excerpt":{"rendered":"Jednac\u00ed \u0159\u00e1d V\u00fdbor\u016f Zastupitelstva M\u010c Praha&nbsp;7 Archiv v\u00fdbor\u016f (2014-2018) &nbsp;","protected":false},"author":17,"featured_media":0,"parent":7146,"menu_order":2,"comment_status":"closed","ping_status":"closed","template":"","meta":[],"_links":{"self":[{"href":"https:\/\/www.praha7.cz\/api\/wp\/v2\/pages\/7115"}],"collection":[{"href":"https:\/\/www.praha7.cz\/api\/wp\/v2\/pages"}],"about":[{"href":"https:\/\/www.praha7.cz\/api\/wp\/v2\/types\/page"}],"author":[{"embeddable":true,"href":"https:\/\/www.praha7.cz\/api\/wp\/v2\/users\/17"}],"replies":[{"embeddable":true,"href":"https:\/\/www.praha7.cz\/api\/wp\/v2\/comments?post=7115"}],"version-history":[{"count":9,"href":"https:\/\/www.praha7.cz\/api\/wp\/v2\/pages\/7115\/revisions"}],"predecessor-version":[{"id":74036,"href":"https:\/\/www.praha7.cz\/api\/wp\/v2\/pages\/7115\/revisions\/74036"}],"up":[{"embeddable":true,"href":"https:\/\/www.praha7.cz\/api\/wp\/v2\/pages\/7146"}],"wp:attachment":[{"href":"https:\/\/www.praha7.cz\/api\/wp\/v2\/media?parent=7115"}],"curies":[{"name":"wp","href":"https:\/\/api.w.org\/{rel}","templated":true}]}}