    
{"id":7108,"date":"2017-10-04T16:48:01","date_gmt":"2017-10-04T14:48:01","guid":{"rendered":"https:\/\/praha7.cz\/?page_id=7108"},"modified":"2021-06-04T15:43:35","modified_gmt":"2021-06-04T13:43:35","slug":"odbor-personalnich-cinnosti","status":"publish","type":"page","link":"https:\/\/www.praha7.cz\/radnice\/organizacni-struktura\/odbor-personalnich-cinnosti\/","title":{"rendered":"Odbor person\u00e1ln\u00edch \u010dinnost\u00ed"},"content":{"rendered":"<p>[perex]<\/p>\r\n<p><strong>Odbor person\u00e1ln\u00edch \u010dinnost\u00ed (OP\u010c)<\/strong> m\u00e1 na starosti n\u00e1stupy nov\u00fdch zam\u011bstnanc\u016f a&nbsp;odchody st\u00e1vaj\u00edc\u00edch, vede osobn\u00ed spisy, zpracov\u00e1v\u00e1 mzdy a&nbsp;dovolen\u00e9. Organizuje v\u00fdb\u011brov\u00e1 \u0159\u00edzen\u00ed na voln\u00e9 pozice. Zaji\u0161\u0165uje vzd\u011bl\u00e1v\u00e1n\u00ed zam\u011bstnanc\u016f. Administrativn\u011b vede agendu hodnocen\u00ed zam\u011bstnanc\u016f \u010di adapta\u010dn\u00ed pl\u00e1n nov\u00fdch zam\u011bstnanc\u016f.<\/p>\r\n<p>[\/perex]<\/p>\r\n        <div class=\"collapse-block\">\r\n            <div class=\"card-header\" role=\"tab\" id=\"heading9d997059e73da3171667636c7a30b4151c438ad1\">\r\n                                    <h3 class=\"mb-0\">\r\n                        <a data-toggle=\"collapse\" href=\"#collapse9d997059e73da3171667636c7a30b4151c438ad1\" aria-controls=\"collapse9d997059e73da3171667636c7a30b4151c438ad1\">\r\n                            Podrobn\u00fd popis \u010dinnosti                            <i class=\"fa fa-2x fa-angle-down\" aria-hidden=\"true\"><\/i>\r\n                        <\/a>\r\n                    <\/h3>\r\n                                \r\n            <\/div>\r\n\r\n            <div id=\"collapse9d997059e73da3171667636c7a30b4151c438ad1\" class=\"collapse\" data-id=\"9d997059e73da3171667636c7a30b4151c438ad1\" role=\"tabpanel\" aria-labelledby=\"heading9d997059e73da3171667636c7a30b4151c438ad1\">\r\n                <div class=\"card-block\">\r\n    \r\n<p><strong>Odbor person\u00e1ln\u00edch \u010dinnost\u00ed \u2013 OP\u010c<\/strong><\/p>\r\n<ul>\r\n\t<li>Administrativn\u011b zaji\u0161\u0165uje n\u00e1stupy nov\u00fdch zam\u011bstnanc\u016f a&nbsp;v\u00fdstupy st\u00e1vaj\u00edc\u00edch zam\u011bstnanc\u016f se v\u0161emi n\u00e1le\u017eitostmi.<\/li>\r\n\t<li>Vede evidenci osobn\u00edch spis\u016f, zpracov\u00e1v\u00e1 stanoven\u00e9 \u00fadaje o&nbsp;zam\u011bstnanc\u00edch v&nbsp;person\u00e1ln\u00edm programu v&nbsp;elektronick\u00e9 podob\u011b.<\/li>\r\n\t<li>Vede evidenci p\u0159ijat\u00fdch a&nbsp;propu\u0161t\u011bn\u00fdch zam\u011bstnanc\u016f, p\u0159ehled o&nbsp;stavu a&nbsp;pohybu zam\u011bstnanc\u016f.<\/li>\r\n\t<li>Zpracov\u00e1v\u00e1 \u017e\u00e1dosti o&nbsp;\u00fapravu pracovn\u00ed doby a&nbsp;poskytov\u00e1n\u00ed neplacen\u00e9ho volna.<\/li>\r\n\t<li>Potvrzuje doby zam\u011bstn\u00e1n\u00ed b\u00fdval\u00fdch zam\u011bstnanc\u016f, vyd\u00e1v\u00e1 a&nbsp;eviduje slu\u017eebn\u00ed pr\u016fkazy.<\/li>\r\n\t<li>Prov\u00e1d\u00ed ve\u0161kerou \u010dinnost spojenou se zaji\u0161t\u011bn\u00edm v\u00fdb\u011brov\u00fdch \u0159\u00edzen\u00ed na obsazen\u00ed uvoln\u011bn\u00fdch pozic nejen dle z\u00e1kona \u010d. 312\/2002 Sb., o&nbsp;\u00fa\u0159edn\u00edc\u00edch \u00fazemn\u00edch samospr\u00e1vn\u00fdch celk\u016f a&nbsp;o&nbsp;zm\u011bn\u011b n\u011bkter\u00fdch z\u00e1kon\u016f.<\/li>\r\n\t<li>Organizuje a&nbsp;zaji\u0161\u0165uje \u00fa\u010dast zam\u011bstnanc\u016f na odborn\u00fdch kurzech a&nbsp;semin\u00e1\u0159\u00edch.<\/li>\r\n\t<li>Navrhuje tajemn\u00edkovi platov\u00e9 za\u0159azen\u00ed zam\u011bstnanc\u016f M\u010c Praha&nbsp;7 a&nbsp;povolen\u00ed v\u00fdjimek z&nbsp;p\u0159edepsan\u00e9 kvalifikace ve smyslu mzdov\u00fdch p\u0159edpis\u016f.<\/li>\r\n\t<li>P\u0159ipravuje rozpo\u010dtov\u00fd n\u00e1vrh a&nbsp;z\u00e1rove\u0148 projedn\u00e1v\u00e1 ve\u0161ker\u00e9 zm\u011bny \u010di \u00fapravy rozpo\u010dtu.<\/li>\r\n\t<li>Sleduje ve\u0161kerou tvorbu i&nbsp;\u010derp\u00e1n\u00ed finan\u010dn\u00edch prost\u0159edk\u016f na z\u00e1klad\u011b schv\u00e1len\u00e9ho, p\u0159\u00edpadn\u011b upraven\u00e9ho rozpo\u010dtu, vyhotovuje a&nbsp;n\u00e1sledn\u011b prov\u011b\u0159uje rozpo\u010dtov\u00e1 kryt\u00ed u&nbsp;p\u0159\u00edkaz\u016f k&nbsp;\u00fahrad\u011b.<\/li>\r\n\t<li>Zaji\u0161\u0165uje komplexn\u00ed automatizovan\u00e9 zpracov\u00e1n\u00ed plat\u016f a&nbsp;odm\u011bn \u010dlen\u016f Zastupitelstva v\u010detn\u011b zabezpe\u010den\u00ed v\u0161ech doklad\u016f nutn\u00fdch pro za\u00fa\u010dtov\u00e1n\u00ed v\u00fd\u0161e uveden\u00e9ho.<\/li>\r\n\t<li>Zaji\u0161\u0165uje v\u00fdplatu plat\u016f, mzdov\u00fdch n\u00e1hrad a&nbsp;odm\u011bn zam\u011bstnanc\u016fm, p\u0159iznan\u00fdch podle pr\u00e1vn\u00edch p\u0159edpis\u016f, obdob\u011b tak i&nbsp;\u010dlen\u016fm Zastupitelstva uvoln\u011bn\u00fdch pro v\u00fdkon funkce.<\/li>\r\n\t<li>Prov\u00e1d\u00ed hmotn\u00e9 zabezpe\u010den\u00ed \u010dlen\u016f Zastupitelstva v\u010detn\u011b n\u00e1hrad u\u0161l\u00e9ho zisku.<\/li>\r\n\t<li>P\u0159ij\u00edm\u00e1 od zam\u011bstnanc\u016f \u017e\u00e1dosti o&nbsp;d\u00e1vky nemocensk\u00e9ho poji\u0161t\u011bn\u00ed. K&nbsp;\u017e\u00e1dosti p\u0159ipojuje vypln\u011bn\u00fd tiskopis a&nbsp;v\u0161e neprodlen\u011b pos\u00edl\u00e1 PSSZ.<\/li>\r\n\t<li>Vede evidenci \u010derp\u00e1n\u00ed dovolen\u00fdch zam\u011bstnanc\u016f, pracovn\u00ed neschopnosti a&nbsp;celkovou agendu poji\u0161t\u011bn\u00ed.<\/li>\r\n\t<li>Zpracov\u00e1v\u00e1 dle p\u0159\u00edslu\u0161n\u00fdch pokyn\u016f Statistick\u00e9ho \u00fa\u0159adu \u010dtvrtletn\u00ed v\u00fdkaz P2-04, pololetn\u00ed a&nbsp;ro\u010dn\u00ed v\u00fdkaz ISP.<\/li>\r\n\t<li>Prov\u00e1d\u00ed kontrolu mzdov\u00fdch a&nbsp;eviden\u010dn\u00edch list\u016f. Zpracovan\u00e9 eviden\u010dn\u00ed listy odes\u00edl\u00e1 na PSSZ.<\/li>\r\n\t<li>Prov\u00e1d\u00ed v\u00fdpo\u010det dan\u011b z&nbsp;platu a&nbsp;odm\u011bn zastupitel\u016f (kap. 912), vede evidenci a&nbsp;zabezpe\u010duje odvod dan\u011b ve stanoven\u00e9m term\u00ednu.<\/li>\r\n\t<li>Vyd\u00e1v\u00e1 ve\u0161ker\u00e1 potvrzen\u00ed o&nbsp;p\u0159\u00edjmu (pro soci\u00e1ln\u00ed d\u00e1vky, soudn\u00ed \u0159\u00edzen\u00ed, \u00fav\u011bry).<\/li>\r\n\t<li>Kontroluje dodr\u017eov\u00e1n\u00ed p\u0159edpis\u016f v&nbsp;oblasti pracovn\u00edho pr\u00e1va.<\/li>\r\n\t<li>Prov\u00e1d\u00ed kontrolu \u010derp\u00e1n\u00ed platov\u00fdch a&nbsp;mzdov\u00fdch prost\u0159edk\u016f na \u00faseku H\u010c i&nbsp;VH\u010c.<\/li>\r\n\t<li>M\u011bs\u00ed\u010dn\u011b vy\u010d\u00edsluje \u010d\u00e1stku odpov\u00eddaj\u00edc\u00ed platov\u00fdm n\u00e1klad\u016fm v\u010detn\u011b pojistn\u00e9ho (placen\u00e9ho zam\u011bstnavatelem), vynalo\u017een\u00fdm v&nbsp;oblasti ZPS, OSPOD, JKM a&nbsp;VH\u010c.<\/li>\r\n\t<li>Zaji\u0161\u0165uje vzd\u011bl\u00e1v\u00e1n\u00ed zam\u011bstnanc\u016f dle z\u00e1kona \u010d. 312\/2002 Sb., o&nbsp;\u00fa\u0159edn\u00edc\u00edch \u00fazemn\u00edch samospr\u00e1vn\u00fdch celk\u016f a&nbsp;o&nbsp;zm\u011bn\u011b n\u011bkter\u00fdch z\u00e1kon\u016f.<\/li>\r\n\t<li>Vede evidenci vzd\u011bl\u00e1v\u00e1n\u00ed zam\u011bstnanc\u016f a&nbsp;zkou\u0161ek odborn\u00e9 zp\u016fsobilosti dle z\u00e1kona \u010d. 312\/2002 Sb., o&nbsp;\u00fa\u0159edn\u00edc\u00edch \u00fazemn\u00edch samospr\u00e1vn\u00fdch celk\u016f a&nbsp;o&nbsp;zm\u011bn\u011b n\u011bkter\u00fdch z\u00e1kon\u016f.<\/li>\r\n\t<li>Zaji\u0161\u0165uje za\u0161kolov\u00e1n\u00ed nov\u011b nastupuj\u00edc\u00edch zam\u011bstnanc\u016f \u00da\u0159adu, seznamuje je se z\u00e1vazn\u00fdmi pracovn\u011bpr\u00e1vn\u00edmi p\u0159edpisy.<\/li>\r\n\t<li>Administrativn\u011b zaji\u0161\u0165uje hodnocen\u00ed zam\u011bstnanc\u016f \u00da\u0159adu a&nbsp;uchov\u00e1v\u00e1 hodnot\u00edc\u00ed dotazn\u00edky.<\/li>\r\n\t<li>Administrativn\u011b za\u0161ti\u0165uje adapta\u010dn\u00ed proces zam\u011bstnanc\u016f \u00da\u0159adu.<\/li>\r\n\t<li>Vede a&nbsp;eviduje elektronick\u00fd doch\u00e1zkov\u00fd syst\u00e9m.<\/li>\r\n\t<li>Eviduje \u017eivotn\u00ed a&nbsp;pracovn\u00ed jubilea zam\u011bstnanc\u016f a&nbsp;s&nbsp;t\u00edm souvisej\u00edc\u00ed v\u00fdplatu pen\u011b\u017en\u00edch dar\u016f ze SFZ.<\/li>\r\n<\/ul>\r\n                <\/div>\r\n            <\/div>\r\n        <\/div>\r\n    \r\n\n<div class=\"shortcode-container no-bottom-padding  \">    \n\t<div class=\"row\">\n\t\t<div class=\"col-xs-12 col-md-7\">\n\t\t\t<h3>\u00da\u0159edn\u00ed hodiny \u00da\u0159adu M\u010c Praha 7<\/h3>\n\t\t<\/div>\n\t<\/div>\n\t\t<div class=\"row\">\n\t\t\t<div class=\"col-xs-12 col-sm-4 col-md-3\">\n\t\t\t\t<span>pond\u011bl\u00ed a st\u0159eda<\/span>\n\t\t\t<\/div>\n\t\t\t\t<div class=\"col-xs-6 col-sm-4 col-md-3\">\n\t\t\t\t\t<span>7.30\u201312.00<\/span>\n\t\t\t\t<\/div>\n\t\t\t\t\t<div class=\"col-xs-6 col-sm-4 col-md-3\">\n\t\t\t\t\t\t<span>13.00\u201318.00<\/span>\n\t\t\t\t\t<\/div>\n\t\t<\/div>\n\t\t<div class=\"row\">\n\t\t\t<div class=\"col-xs-12 col-sm-4 col-md-3\">\n\t\t\t\t<span>\u00fater\u00fd, \u010dtvrtek a p\u00e1tek<\/span>\n\t\t\t<\/div>\n\t\t\t\t<div class=\"col-xs-12 col-sm-8 col-md-9\">\n\t\t\t\t\t<span>po p\u0159edchoz\u00ed domluv\u011b \/ po objedn\u00e1n\u00ed<\/span>\n\t\t\t\t<\/div>\n\t\t<\/div>\n\t<div class=\"row\">\n\t\t<div class=\"col-xs-12 col-md-12 office_hours_info\">\n\t\t\t\n\t\t<\/div>\t\n\t<\/div>\n<\/div>\r\n<div class=\"shortcode-container container-fluid no-bottom-padding division-detail  \">    \n    <div class=\"row\">\n\t\t <div class=\"row div-dept\">\n            <div class=\"col-xs-12 col-md-12 contact-info\">\n                <h4>Kontakt<\/h4>\n                <span>                   \n                    \u00da\u0159ad m\u011bstsk\u00e9 \u010d\u00e1sti Praha 7                   \n                <\/span><br>\n                <span>\n                    Odbor person\u00e1ln\u00edch \u010dinnost\u00ed\n                <\/span><br>\n                    <span>\n                        U Pr\u016fhonu 1338\/38\n                    <\/span><br>\n                \n                \n\n            <\/div>\n        <\/div>\n    <\/div>\n<\/div>\r\n<div class=\"shortcode-container container-fluid text-xs-center no-bottom-padding \">\n\t<div class=\"row shortcode-row \">\n        <div class=\"row contact-item\">\n            <div class=\"col-xs-4 col-md-2 contact-photo\">\t\t\n                <img src=\"https:\/\/www.praha7.cz\/wp-content\/uploads\/2018\/10\/IMG_8004-eva-pouzarova-400x400.jpg\" alt=\"placeholder\">\n            <\/div>\n\n            <div class=\"col-xs-8 col-md-5 contact-info\">\n                <h3>Pouzarov\u00e1 Eva<\/h3>\n                <span>vedouc\u00ed odboru<\/span><br>\n                <span>tel. <a href=\"tel:+420220144172\">+420220144172<\/a><\/span><br>\n                <span>gsm. <a href=\"tel:+420739686421\">+420739686421<\/a><\/span><br>\n                <a href=\"mailto:pouzarovae@praha7.cz\">pouzarovae@praha7.cz<\/a><br>\n                <span>dve\u0159e 4.01<\/span>\n            <\/div>\n        <\/div>\n\t<\/div>\n\n        <div class=\"row shortcode-row  no-bottom-border\">\n            <div class=\"col-xs-6 contact-info sub-contact-info\">\n                <div class=\"row contact-item\">\n                    <h3>Mare\u010dkov\u00e1 Jitka<\/h3>\n                    <span>mzdov\u00e1 \u00fa\u010detn\u00ed<\/span><br>\n                    <span>tel. <a href=\"tel:+420220144101\">+420220144101<\/a><\/span><br>\n                    <span>gsm. <a href=\"tel:+420737110417\">+420737110417<\/a><\/span><br>\n                    <a href=\"mailto:mareckovaj@praha7.cz\">mareckovaj@praha7.cz<\/a><br>\n                    <span>dve\u0159e 4.02<\/span>\n                <\/div>\n            <\/div>\n            <div class=\"col-xs-6 contact-info sub-contact-info\">\n                <div class=\"contact-item\">\n                    <h3>Havlov\u00e1 Monika<\/h3>\n                    <span>referentka vzd\u011bl\u00e1v\u00e1n\u00ed<\/span><br>\n                    <span>tel. <a href=\"tel:+420220144099\">+420220144099<\/a><\/span><br>\n                    <span>gsm. <a href=\"tel:+420739431800\">+420739431800<\/a><\/span><br>\n                    <a href=\"mailto:havlovam@praha7.cz\">havlovam@praha7.cz<\/a><br>\n                    <span>dve\u0159e 4.02<\/span>\n                <\/div>\n            <\/div>\n        <\/div>\n<\/div>\n","protected":false},"excerpt":{"rendered":"[perex] Odbor person\u00e1ln\u00edch \u010dinnost\u00ed (OP\u010c) m\u00e1 na starosti n\u00e1stupy nov\u00fdch zam\u011bstnanc\u016f a&nbsp;odchody st\u00e1vaj\u00edc\u00edch, vede osobn\u00ed spisy, zpracov\u00e1v\u00e1 mzdy a&nbsp;dovolen\u00e9. Organizuje v\u00fdb\u011brov\u00e1 \u0159\u00edzen\u00ed na voln\u00e9 pozice. Zaji\u0161\u0165uje vzd\u011bl\u00e1v\u00e1n\u00ed zam\u011bstnanc\u016f. Administrativn\u011b vede agendu hodnocen\u00ed zam\u011bstnanc\u016f \u010di adapta\u010dn\u00ed pl\u00e1n nov\u00fdch zam\u011bstnanc\u016f. [\/perex] Odbor person\u00e1ln\u00edch \u010dinnost\u00ed \u2013 OP\u010c Administrativn\u011b zaji\u0161\u0165uje n\u00e1stupy nov\u00fdch zam\u011bstnanc\u016f a&nbsp;v\u00fdstupy st\u00e1vaj\u00edc\u00edch zam\u011bstnanc\u016f se v\u0161emi n\u00e1le\u017eitostmi. [&hellip;]","protected":false},"author":17,"featured_media":0,"parent":129,"menu_order":0,"comment_status":"closed","ping_status":"closed","template":"","meta":[],"_links":{"self":[{"href":"https:\/\/www.praha7.cz\/api\/wp\/v2\/pages\/7108"}],"collection":[{"href":"https:\/\/www.praha7.cz\/api\/wp\/v2\/pages"}],"about":[{"href":"https:\/\/www.praha7.cz\/api\/wp\/v2\/types\/page"}],"author":[{"embeddable":true,"href":"https:\/\/www.praha7.cz\/api\/wp\/v2\/users\/17"}],"replies":[{"embeddable":true,"href":"https:\/\/www.praha7.cz\/api\/wp\/v2\/comments?post=7108"}],"version-history":[{"count":17,"href":"https:\/\/www.praha7.cz\/api\/wp\/v2\/pages\/7108\/revisions"}],"predecessor-version":[{"id":48745,"href":"https:\/\/www.praha7.cz\/api\/wp\/v2\/pages\/7108\/revisions\/48745"}],"up":[{"embeddable":true,"href":"https:\/\/www.praha7.cz\/api\/wp\/v2\/pages\/129"}],"wp:attachment":[{"href":"https:\/\/www.praha7.cz\/api\/wp\/v2\/media?parent=7108"}],"curies":[{"name":"wp","href":"https:\/\/api.w.org\/{rel}","templated":true}]}}