    
{"id":7096,"date":"2017-10-04T16:30:22","date_gmt":"2017-10-04T14:30:22","guid":{"rendered":"https:\/\/praha7.cz\/?page_id=7096"},"modified":"2025-11-18T12:50:45","modified_gmt":"2025-11-18T11:50:45","slug":"odbor-zivnostensky","status":"publish","type":"page","link":"https:\/\/www.praha7.cz\/radnice\/organizacni-struktura\/odbor-zivnostensky\/","title":{"rendered":"Odbor \u017eivnostensk\u00fd"},"content":{"rendered":"<p>[perex]<\/p>\r\n<p style=\"text-align: left;\"><strong>Odbor \u017eivnostensk\u00fd (O\u017dV) <\/strong>vykon\u00e1v\u00e1 \u010dinnosti v\u00a0rozsahu stanoven\u00e9m z\u00e1konem \u010d. 455\/1991 Sb., o\u00a0\u017eivnostensk\u00e9m podnik\u00e1n\u00ed (\u017eivnostensk\u00fd z\u00e1kon), ve zn\u011bn\u00ed pozd\u011bj\u0161\u00edch p\u0159edpis\u016f, \u010dinnosti stanoven\u00e9 z\u00e1konem \u010d. 570\/1991 Sb., o\u00a0\u017eivnostensk\u00fdch \u00fa\u0159adech, ve zn\u011bn\u00ed pozd\u011bj\u0161\u00edch p\u0159edpis\u016f a\u00a0pln\u00ed dal\u0161\u00ed \u00fakoly stanoven\u00e9 zvl\u00e1\u0161tn\u00edmi pr\u00e1vn\u00edmi p\u0159edpisy. O\u017dV vyd\u00e1v\u00e1 fyzick\u00fdm a\u00a0pr\u00e1vnick\u00fdm osob\u00e1m \u017eivnostensk\u00e1 opr\u00e1vn\u011bn\u00ed (v\u00fdpisy z\u00a0\u017eivnostensk\u00e9ho rejst\u0159\u00edku), p\u0159ij\u00edm\u00e1 zm\u011bny \u00fadaj\u016f uveden\u00fdch v\u00a0ohl\u00e1\u0161en\u00ed \u017eivnosti\/\u017e\u00e1dosti o\u00a0koncesi, vyd\u00e1v\u00e1 v\u00fdpisy ze \u017eivnostensk\u00e9ho rejst\u0159\u00edku, prov\u00e1d\u00ed kontrolu dodr\u017eov\u00e1n\u00ed povinnost\u00ed stanoven\u00fdch \u017eivnostensk\u00fdm z\u00e1konem a\u00a0ustanoven\u00edmi zvl\u00e1\u0161tn\u00edch pr\u00e1vn\u00edch p\u0159edpis\u016f vztahuj\u00edc\u00edmi se k\u00a0\u017eivnostensk\u00e9mu podnik\u00e1n\u00ed, vede evidenci zem\u011bd\u011blsk\u00fdch podnikatel\u016f a\u00a0z\u00e1rove\u0148 pln\u00ed funkci Jednotn\u00e9ho kontaktn\u00edho m\u00edsta. \u010cinnosti vykon\u00e1van\u00e9 O\u017dV jsou v\u00fdkonem st\u00e1tn\u00ed spr\u00e1vy v\u00a0p\u0159enesen\u00e9 p\u016fsobnosti.<\/p>\r\n<p>[\/perex]<\/p>\r\n<h3><a href=\"https:\/\/praha7.cz\/radnice\/organizacni-struktura\/odbor-zivnostensky\/oddeleni-kontrolni\/\">odd\u011blen\u00ed kontroln\u00ed<\/a><\/h3>\r\n<h3><a href=\"https:\/\/praha7.cz\/radnice\/organizacni-struktura\/odbor-zivnostensky\/oddeleni-registracni\/\">odd\u011blen\u00ed registra\u010dn\u00ed<\/a><\/h3>\r\n<h3><a href=\"https:\/\/praha7.cz\/radnice\/organizacni-struktura\/odbor-zivnostensky\/oddeleni-jednotne-kontaktni-misto\/\">odd\u011blen\u00ed jednotn\u00e9 kontaktn\u00ed m\u00edsto<\/a><\/h3>\r\n<h3><a href=\"https:\/\/www.praha7.cz\/radnice\/organizacni-struktura\/odbor-zivnostensky\/oddeleni-administrativne-spravni\/\">odd\u011blen\u00ed administrativn\u011b spr\u00e1vn\u00ed<\/a><\/h3>\r\n<div class=\"shortcode-container container-fluid no-bottom-padding division-detail  \">    \n    <div class=\"row\">\n\t\t <div class=\"row div-dept\">\n            <div class=\"col-xs-12 col-md-7 contact-info\">\n                <h4>Kontakt<\/h4>\n                <span>                   \n                    \u00da\u0159ad m\u011bstsk\u00e9 \u010d\u00e1sti Praha 7                   \n                <\/span><br>\n                <span>\n                    Odbor \u017eivnostensk\u00fd\n                <\/span><br>\n                    <span>\n                        U Pr\u016fhonu 1338\/38\n                    <\/span><br>\n                \n                \n\n            <\/div>\n                <div class=\"col-xs-12 col-md-5 text-center\">\n                    <a href=\"https:\/\/www.praha7.cz\/objednat-online\" class=\"btn btn-block\">Objednat online<\/a>\n                <\/div>\n        <\/div>\n    <\/div>\n<\/div>\r\n\n<div class=\"shortcode-container no-bottom-padding  \">    \n\t<div class=\"row\">\n\t\t<div class=\"col-xs-12 col-md-7\">\n\t\t\t<h3>Odbor \u017eivnostensk\u00fd<\/h3>\n\t\t<\/div>\n\t<\/div>\n\t\t<div class=\"row\">\n\t\t\t<div class=\"col-xs-12 col-sm-4 col-md-3\">\n\t\t\t\t<span>pond\u011bl\u00ed a st\u0159eda<\/span>\n\t\t\t<\/div>\n\t\t\t\t<div class=\"col-xs-6 col-sm-4 col-md-3\">\n\t\t\t\t\t<span>7.30\u201312.00<\/span>\n\t\t\t\t<\/div>\n\t\t\t\t\t<div class=\"col-xs-6 col-sm-4 col-md-3\">\n\t\t\t\t\t\t<span>13.00\u201318.00<\/span>\n\t\t\t\t\t<\/div>\n\t\t<\/div>\n\t\t<div class=\"row\">\n\t\t\t<div class=\"col-xs-12 col-sm-4 col-md-3\">\n\t\t\t\t<span>\u00fater\u00fd a \u010dtvrtek<\/span>\n\t\t\t<\/div>\n\t\t\t\t<div class=\"col-xs-12 col-sm-8 col-md-9\">\n\t\t\t\t\t<span>po objedn\u00e1n\u00ed online<\/span>\n\t\t\t\t<\/div>\n\t\t<\/div>\n\t<div class=\"row\">\n\t\t<div class=\"col-xs-12 col-md-12 office_hours_info\">\n\t\t\t\n\t\t<\/div>\t\n\t<\/div>\n<\/div>\r\n<div class=\"shortcode-container container-fluid no-bottom-padding \">\n\t<div class=\"row shortcode-row no-bottom-border\">\n\t\t <div class=\"row contact-item\">\n\t\t\t<div class=\"col-xs-4 col-md-2 contact-photo\">\t\t\n\t\t\t\t<img src=\"https:\/\/www.praha7.cz\/wp-content\/uploads\/2023\/01\/blahakovam-401x400.jpg\" alt=\"placeholder\">\n\t\t\t<\/div>\n\t\t\t<div class=\"col-xs-8 col-md-5 contact-info\">\n\t\t\t\t<h3>Blah\u00e1kov\u00e1 Monika, Mgr.<\/h3>\n\t\t\t\t<span>vedouc\u00ed odboru<\/span><br>\n\t\t\t\t<span>dve\u0159e 1.02<\/span><br>\n\t\t\t\t<span>tel. <a>+420220144160<\/a><\/span><br>\n                <span>gsm. <a href=\"tel:+420732557975\">+420732557975<\/a><\/span><br>\n\t\t\t\t<a href=\"mailto:blahakovam@praha7.cz\">blahakovam@praha7.cz<\/a><br>\n\t\t\t<\/div>\n\t\t<\/div>\n\t<\/div>\n<\/div>\r\n<p><strong>V \u00fa\u0159edn\u00edch dnech je posledn\u00ed klient odbaven dopoledne v&nbsp;11.45 hodin a&nbsp;odpoledne v&nbsp;17.30 hodin. D\u011bkujeme za pochopen\u00ed.<br \/>\r\n<\/strong><\/p>","protected":false},"excerpt":{"rendered":"[perex] Odbor \u017eivnostensk\u00fd (O\u017dV) vykon\u00e1v\u00e1 \u010dinnosti v\u00a0rozsahu stanoven\u00e9m z\u00e1konem \u010d. 455\/1991 Sb., o\u00a0\u017eivnostensk\u00e9m podnik\u00e1n\u00ed (\u017eivnostensk\u00fd z\u00e1kon), ve zn\u011bn\u00ed pozd\u011bj\u0161\u00edch p\u0159edpis\u016f, \u010dinnosti stanoven\u00e9 z\u00e1konem \u010d. 570\/1991 Sb., o\u00a0\u017eivnostensk\u00fdch \u00fa\u0159adech, ve zn\u011bn\u00ed pozd\u011bj\u0161\u00edch p\u0159edpis\u016f a\u00a0pln\u00ed dal\u0161\u00ed \u00fakoly stanoven\u00e9 zvl\u00e1\u0161tn\u00edmi pr\u00e1vn\u00edmi p\u0159edpisy. O\u017dV vyd\u00e1v\u00e1 fyzick\u00fdm a\u00a0pr\u00e1vnick\u00fdm osob\u00e1m \u017eivnostensk\u00e1 opr\u00e1vn\u011bn\u00ed (v\u00fdpisy z\u00a0\u017eivnostensk\u00e9ho rejst\u0159\u00edku), p\u0159ij\u00edm\u00e1 zm\u011bny \u00fadaj\u016f uveden\u00fdch v\u00a0ohl\u00e1\u0161en\u00ed \u017eivnosti\/\u017e\u00e1dosti [&hellip;]","protected":false},"author":17,"featured_media":0,"parent":129,"menu_order":0,"comment_status":"closed","ping_status":"closed","template":"","meta":[],"_links":{"self":[{"href":"https:\/\/www.praha7.cz\/api\/wp\/v2\/pages\/7096"}],"collection":[{"href":"https:\/\/www.praha7.cz\/api\/wp\/v2\/pages"}],"about":[{"href":"https:\/\/www.praha7.cz\/api\/wp\/v2\/types\/page"}],"author":[{"embeddable":true,"href":"https:\/\/www.praha7.cz\/api\/wp\/v2\/users\/17"}],"replies":[{"embeddable":true,"href":"https:\/\/www.praha7.cz\/api\/wp\/v2\/comments?post=7096"}],"version-history":[{"count":66,"href":"https:\/\/www.praha7.cz\/api\/wp\/v2\/pages\/7096\/revisions"}],"predecessor-version":[{"id":87968,"href":"https:\/\/www.praha7.cz\/api\/wp\/v2\/pages\/7096\/revisions\/87968"}],"up":[{"embeddable":true,"href":"https:\/\/www.praha7.cz\/api\/wp\/v2\/pages\/129"}],"wp:attachment":[{"href":"https:\/\/www.praha7.cz\/api\/wp\/v2\/media?parent=7096"}],"curies":[{"name":"wp","href":"https:\/\/api.w.org\/{rel}","templated":true}]}}