    
{"id":7086,"date":"2017-10-04T16:10:10","date_gmt":"2017-10-04T14:10:10","guid":{"rendered":"https:\/\/praha7.cz\/?page_id=7086"},"modified":"2024-07-08T14:51:58","modified_gmt":"2024-07-08T12:51:58","slug":"odbor-vzdelavani-a-projektoveho-rizeni","status":"publish","type":"page","link":"https:\/\/www.praha7.cz\/radnice\/organizacni-struktura\/odbor-vzdelavani-a-projektoveho-rizeni\/","title":{"rendered":"Odbor vzd\u011bl\u00e1v\u00e1n\u00ed a&nbsp;projektov\u00e9ho \u0159\u00edzen\u00ed"},"content":{"rendered":"<p>[perex]<\/p>\r\n<p><strong>Odbor vzd\u011bl\u00e1v\u00e1n\u00ed a\u00a0projektov\u00e9ho \u0159\u00edzen\u00ed (OVP\u0158)\u00a0<\/strong>vede ve\u0161kerou agendu souvisej\u00edc\u00ed s\u00a0rozvojem a\u00a0vzd\u011bl\u00e1v\u00e1n\u00edm v\u00a0\u00fazem\u00ed spr\u00e1vn\u00edho obvodu Praha\u00a07, \u0159\u00edd\u00ed a\u00a0koordinuje pr\u00e1ci pod\u0159\u00edzen\u00fdch odd\u011blen\u00ed.\u00a0<\/p>\r\n<p>[\/perex]<\/p>\r\n<h3><a href=\"https:\/\/www.praha7.cz\/radnice\/organizacni-struktura\/odbor-vzdelavani-a-projektoveho-rizeni\/oddeleni-projektoveho-rizeni\/\"><span style=\"font-size: 20px;\">odd\u011blen\u00ed projektov\u00e9ho \u0159\u00edzen\u00ed<\/span><\/a><\/h3>\r\n<h3><span style=\"font-size: 20px;\"><a href=\"https:\/\/www.praha7.cz\/radnice\/organizacni-struktura\/odbor-vzdelavani-a-projektoveho-rizeni\/oddeleni-strategickeho-rizeni\/\" rel=\"noopener\">odd\u011blen\u00ed strategick\u00e9ho \u0159\u00edzen\u00ed<\/a><\/span><\/h3>\r\n<h3><span style=\"font-size: 20px;\"><a href=\"https:\/\/www.praha7.cz\/radnice\/organizacni-struktura\/odbor-vzdelavani-a-projektoveho-rizeni\/oddeleni-vzdelavani\/\">odd\u011blen\u00ed vzd\u011bl\u00e1v\u00e1n\u00ed\u00a0<\/a><\/span><\/h3>\r\n<h3><span style=\"font-size: 20px;\"><a href=\"https:\/\/www.praha7.cz\/radnice\/organizacni-struktura\/odbor-vzdelavani-a-projektoveho-rizeni\/oddeleni-podpory-socialni-pedagogiky\/\">odd\u011blen\u00ed podpory soci\u00e1ln\u00ed pedagogiky<\/a><\/span><\/h3>\r\n<div class=\"shortcode-container container-fluid no-bottom-padding division-detail  \">    \n    <div class=\"row\">\n\t\t <div class=\"row div-dept\">\n            <div class=\"col-xs-12 col-md-12 contact-info\">\n                <h4>Kontakt<\/h4>\n                <span>                   \n                    \u00da\u0159ad m\u011bstsk\u00e9 \u010d\u00e1sti Praha 7                   \n                <\/span><br>\n                <span>\n                    Odbor vzd\u011bl\u00e1v\u00e1n\u00ed a projektov\u00e9ho \u0159\u00edzen\u00ed\n                <\/span><br>\n                    <span>\n                        Franti\u0161ka K\u0159\u00ed\u017eka 17\n                    <\/span><br>\n                    <span>\n                        Praha 7\n                    <\/span><br>\n                \n                \n\n            <\/div>\n        <\/div>\n    <\/div>\n<\/div>\r\n\n<div class=\"shortcode-container no-bottom-padding  \">    \n\t<div class=\"row\">\n\t\t<div class=\"col-xs-12 col-md-7\">\n\t\t\t<h3>\u00da\u0159edn\u00ed hodiny \u00da\u0159adu M\u010c Praha 7<\/h3>\n\t\t<\/div>\n\t<\/div>\n\t\t<div class=\"row\">\n\t\t\t<div class=\"col-xs-12 col-sm-4 col-md-3\">\n\t\t\t\t<span>pond\u011bl\u00ed a st\u0159eda<\/span>\n\t\t\t<\/div>\n\t\t\t\t<div class=\"col-xs-6 col-sm-4 col-md-3\">\n\t\t\t\t\t<span>7.30\u201312.00<\/span>\n\t\t\t\t<\/div>\n\t\t\t\t\t<div class=\"col-xs-6 col-sm-4 col-md-3\">\n\t\t\t\t\t\t<span>13.00\u201318.00<\/span>\n\t\t\t\t\t<\/div>\n\t\t<\/div>\n\t\t<div class=\"row\">\n\t\t\t<div class=\"col-xs-12 col-sm-4 col-md-3\">\n\t\t\t\t<span>\u00fater\u00fd, \u010dtvrtek a p\u00e1tek<\/span>\n\t\t\t<\/div>\n\t\t\t\t<div class=\"col-xs-12 col-sm-8 col-md-9\">\n\t\t\t\t\t<span>po p\u0159edchoz\u00ed domluv\u011b \/ po objedn\u00e1n\u00ed<\/span>\n\t\t\t\t<\/div>\n\t\t<\/div>\n\t<div class=\"row\">\n\t\t<div class=\"col-xs-12 col-md-12 office_hours_info\">\n\t\t\t\n\t\t<\/div>\t\n\t<\/div>\n<\/div>\r\n<div class=\"shortcode-container container-fluid text-xs-center no-bottom-padding \">\n\t<div class=\"row shortcode-row no-bottom-border\">\n        <div class=\"row contact-item\">\n            <div class=\"col-xs-4 col-md-2 contact-photo\">\t\t\n                <img src=\"https:\/\/www.praha7.cz\/wp-content\/uploads\/2018\/01\/IMG_8122-sona-hradecka-600x400.jpg\" alt=\"placeholder\">\n            <\/div>\n\n            <div class=\"col-xs-8 col-md-5 contact-info\">\n                <h3>Hradeck\u00e1 So\u0148a, Bc.<\/h3>\n                <span>vedouc\u00ed odboru<\/span><br>\n                \n                <span>gsm. <a href=\"tel:+420608771700\">+420608771700<\/a><\/span><br>\n                <a href=\"mailto:hradeckas@praha7.cz\">hradeckas@praha7.cz<\/a><br>\n                <span>Franti\u0161ka K\u0159\u00ed\u017eka 17<\/span>\n            <\/div>\n        <\/div>\n\t<\/div>\n\n<\/div>\n","protected":false},"excerpt":{"rendered":"[perex] Odbor vzd\u011bl\u00e1v\u00e1n\u00ed a\u00a0projektov\u00e9ho \u0159\u00edzen\u00ed (OVP\u0158)\u00a0vede ve\u0161kerou agendu souvisej\u00edc\u00ed s\u00a0rozvojem a\u00a0vzd\u011bl\u00e1v\u00e1n\u00edm v\u00a0\u00fazem\u00ed spr\u00e1vn\u00edho obvodu Praha\u00a07, \u0159\u00edd\u00ed a\u00a0koordinuje pr\u00e1ci pod\u0159\u00edzen\u00fdch odd\u011blen\u00ed.\u00a0 [\/perex] odd\u011blen\u00ed projektov\u00e9ho \u0159\u00edzen\u00ed odd\u011blen\u00ed strategick\u00e9ho \u0159\u00edzen\u00ed odd\u011blen\u00ed vzd\u011bl\u00e1v\u00e1n\u00ed\u00a0 odd\u011blen\u00ed podpory soci\u00e1ln\u00ed pedagogiky","protected":false},"author":17,"featured_media":0,"parent":129,"menu_order":0,"comment_status":"closed","ping_status":"closed","template":"","meta":[],"_links":{"self":[{"href":"https:\/\/www.praha7.cz\/api\/wp\/v2\/pages\/7086"}],"collection":[{"href":"https:\/\/www.praha7.cz\/api\/wp\/v2\/pages"}],"about":[{"href":"https:\/\/www.praha7.cz\/api\/wp\/v2\/types\/page"}],"author":[{"embeddable":true,"href":"https:\/\/www.praha7.cz\/api\/wp\/v2\/users\/17"}],"replies":[{"embeddable":true,"href":"https:\/\/www.praha7.cz\/api\/wp\/v2\/comments?post=7086"}],"version-history":[{"count":66,"href":"https:\/\/www.praha7.cz\/api\/wp\/v2\/pages\/7086\/revisions"}],"predecessor-version":[{"id":77670,"href":"https:\/\/www.praha7.cz\/api\/wp\/v2\/pages\/7086\/revisions\/77670"}],"up":[{"embeddable":true,"href":"https:\/\/www.praha7.cz\/api\/wp\/v2\/pages\/129"}],"wp:attachment":[{"href":"https:\/\/www.praha7.cz\/api\/wp\/v2\/media?parent=7086"}],"curies":[{"name":"wp","href":"https:\/\/api.w.org\/{rel}","templated":true}]}}