    
{"id":7082,"date":"2017-10-04T15:59:45","date_gmt":"2017-10-04T13:59:45","guid":{"rendered":"https:\/\/praha7.cz\/?page_id=7082"},"modified":"2025-05-15T10:43:05","modified_gmt":"2025-05-15T08:43:05","slug":"odbor-spravnich-agend","status":"publish","type":"page","link":"https:\/\/www.praha7.cz\/radnice\/organizacni-struktura\/odbor-spravnich-agend\/","title":{"rendered":"Odbor spr\u00e1vn\u00edch agend"},"content":{"rendered":"<p>[perex]<\/p>\r\n<p><strong>Odbor spr\u00e1vn\u00edch agend (OSA)<\/strong> zpracov\u00e1v\u00e1 agendu p\u0159estupk\u016f, agendu evidence obyvatel, ob\u010dansk\u00fdch pr\u016fkaz\u016f, cestovn\u00edch pas\u016f, matriku a&nbsp;agendu st\u00e1tn\u00edch ob\u010danstv\u00ed. D\u00e1le pod n\u011bj spad\u00e1 Czech POINT, vidimace a&nbsp;legalizace a&nbsp;dal\u0161\u00ed \u010dinnosti informa\u010dn\u00edch center. Odbor spr\u00e1vn\u00edch agend zaji\u0161\u0165uje kon\u00e1n\u00ed voleb a&nbsp;m\u00edstn\u00edho referenda.<\/p>\r\n<p>[\/perex]<\/p>\r\n<h3><a href=\"https:\/\/www.praha7.cz\/radnice\/organizacni-struktura\/odbor-spravnich-agend\/oddeleni-dokladu-a-evidence-obyvatel-2\/\">odd\u011blen\u00ed doklad\u016f a&nbsp;evidence obyvatel<\/a><\/h3>\r\n<h3><a href=\"https:\/\/praha7.cz\/radnice\/organizacni-struktura\/odbor-spravnich-agend\/oddeleni-matrik\/\">odd\u011blen\u00ed matrik<\/a><\/h3>\r\n<h3><a href=\"https:\/\/praha7.cz\/radnice\/organizacni-struktura\/odbor-spravnich-agend\/oddeleni-prestupku\/\">odd\u011blen\u00ed p\u0159estupk\u016f<\/a><\/h3>\r\n<h3><a href=\"https:\/\/www.praha7.cz\/radnice\/organizacni-struktura\/odbor-spravnich-agend\/oddeleni-sluzeb-obcanum\/\">odd\u011blen\u00ed slu\u017eeb ob\u010dan\u016fm<\/a><br \/>\r\n<br \/>\r\n<\/h3>\r\n\n<div class=\"shortcode-container no-bottom-padding  \">    \n\t<div class=\"row\">\n\t\t<div class=\"col-xs-12 col-md-7\">\n\t\t\t<h3>\u00da\u0159edn\u00ed hodiny \u00da\u0159adu M\u010c Praha 7<\/h3>\n\t\t<\/div>\n\t<\/div>\n\t\t<div class=\"row\">\n\t\t\t<div class=\"col-xs-12 col-sm-4 col-md-3\">\n\t\t\t\t<span>pond\u011bl\u00ed a st\u0159eda<\/span>\n\t\t\t<\/div>\n\t\t\t\t<div class=\"col-xs-6 col-sm-4 col-md-3\">\n\t\t\t\t\t<span>7.30\u201312.00<\/span>\n\t\t\t\t<\/div>\n\t\t\t\t\t<div class=\"col-xs-6 col-sm-4 col-md-3\">\n\t\t\t\t\t\t<span>13.00\u201318.00<\/span>\n\t\t\t\t\t<\/div>\n\t\t<\/div>\n\t\t<div class=\"row\">\n\t\t\t<div class=\"col-xs-12 col-sm-4 col-md-3\">\n\t\t\t\t<span>\u00fater\u00fd, \u010dtvrtek a p\u00e1tek<\/span>\n\t\t\t<\/div>\n\t\t\t\t<div class=\"col-xs-12 col-sm-8 col-md-9\">\n\t\t\t\t\t<span>po p\u0159edchoz\u00ed domluv\u011b \/ po objedn\u00e1n\u00ed<\/span>\n\t\t\t\t<\/div>\n\t\t<\/div>\n\t<div class=\"row\">\n\t\t<div class=\"col-xs-12 col-md-12 office_hours_info\">\n\t\t\t\n\t\t<\/div>\t\n\t<\/div>\n<\/div>\r\n\n<div class=\"shortcode-container no-bottom-padding  \">    \n\t<div class=\"row\">\n\t\t<div class=\"col-xs-12 col-md-7\">\n\t\t\t<h3>\u00da\u0159edn\u00ed hodiny \u2013 Odd\u011blen\u00ed doklad\u016f a evidence obyvatel, U Pr\u016fhonu 1338\/38<\/h3>\n\t\t<\/div>\n\t<\/div>\n\t\t<div class=\"row\">\n\t\t\t<div class=\"col-xs-12 col-sm-4 col-md-3\">\n\t\t\t\t<span>pond\u011bl\u00ed a st\u0159eda<\/span>\n\t\t\t<\/div>\n\t\t\t\t<div class=\"col-xs-6 col-sm-4 col-md-3\">\n\t\t\t\t\t<span>7.30\u201312.00<\/span>\n\t\t\t\t<\/div>\n\t\t\t\t\t<div class=\"col-xs-6 col-sm-4 col-md-3\">\n\t\t\t\t\t\t<span>13.00\u201318.00<\/span>\n\t\t\t\t\t<\/div>\n\t\t<\/div>\n\t\t<div class=\"row\">\n\t\t\t<div class=\"col-xs-12 col-sm-4 col-md-3\">\n\t\t\t\t<span>\u00fater\u00fd a \u010dtvrtek<\/span>\n\t\t\t<\/div>\n\t\t\t\t<div class=\"col-xs-6 col-sm-4 col-md-3\">\n\t\t\t\t\t<span>7.30\u201312.00<\/span>\n\t\t\t\t<\/div>\n\t\t\t\t\t<div class=\"col-xs-6 col-sm-4 col-md-3\">\n\t\t\t\t\t\t<span>13.00\u201314.00<\/span>\n\t\t\t\t\t<\/div>\n\t\t<\/div>\n\t<div class=\"row\">\n\t\t<div class=\"col-xs-12 col-md-12 office_hours_info\">\n\t\t\tPosledn\u00ed p\u0159\u00edjem \u017e\u00e1dost\u00ed pro odbaven\u00ed je 30 minut p\u0159ed koncem \u00fa\u0159edn\u00edch hodin.\n\n\t\t<\/div>\t\n\t<\/div>\n<\/div>\r\n<div class=\"shortcode-container container-fluid no-bottom-padding \">\n\t<div class=\"row shortcode-row no-bottom-border\">\n\t\t <div class=\"row contact-item\">\n\t\t\t<div class=\"col-xs-4 col-md-2 contact-photo\">\t\t\n\t\t\t\t<img src=\"https:\/\/www.praha7.cz\/wp-content\/uploads\/2024\/02\/Janackova_A-400x400.jpg\" alt=\"placeholder\">\n\t\t\t<\/div>\n\t\t\t<div class=\"col-xs-8 col-md-5 contact-info\">\n\t\t\t\t<h3>Jan\u00e1\u010dkov\u00e1 Alexandra, Ing.<\/h3>\n\t\t\t\t<span>vedouc\u00ed odboru<\/span><br>\n\t\t\t\t<span>U Pr\u016fhonu 11B<\/span><br>\n\t\t\t\t\n                <span>gsm. <a href=\"tel:+420770168333\">+420770168333<\/a><\/span><br>\n\t\t\t\t<a href=\"mailto:janackovaa@praha7.cz\">janackovaa@praha7.cz<\/a><br>\n\t\t\t<\/div>\n\t\t<\/div>\n\t<\/div>\n<\/div>","protected":false},"excerpt":{"rendered":"[perex] Odbor spr\u00e1vn\u00edch agend (OSA) zpracov\u00e1v\u00e1 agendu p\u0159estupk\u016f, agendu evidence obyvatel, ob\u010dansk\u00fdch pr\u016fkaz\u016f, cestovn\u00edch pas\u016f, matriku a&nbsp;agendu st\u00e1tn\u00edch ob\u010danstv\u00ed. D\u00e1le pod n\u011bj spad\u00e1 Czech POINT, vidimace a&nbsp;legalizace a&nbsp;dal\u0161\u00ed \u010dinnosti informa\u010dn\u00edch center. Odbor spr\u00e1vn\u00edch agend zaji\u0161\u0165uje kon\u00e1n\u00ed voleb a&nbsp;m\u00edstn\u00edho referenda. [\/perex] odd\u011blen\u00ed doklad\u016f a&nbsp;evidence obyvatel odd\u011blen\u00ed matrik odd\u011blen\u00ed p\u0159estupk\u016f odd\u011blen\u00ed slu\u017eeb ob\u010dan\u016fm","protected":false},"author":17,"featured_media":0,"parent":129,"menu_order":0,"comment_status":"closed","ping_status":"closed","template":"","meta":[],"_links":{"self":[{"href":"https:\/\/www.praha7.cz\/api\/wp\/v2\/pages\/7082"}],"collection":[{"href":"https:\/\/www.praha7.cz\/api\/wp\/v2\/pages"}],"about":[{"href":"https:\/\/www.praha7.cz\/api\/wp\/v2\/types\/page"}],"author":[{"embeddable":true,"href":"https:\/\/www.praha7.cz\/api\/wp\/v2\/users\/17"}],"replies":[{"embeddable":true,"href":"https:\/\/www.praha7.cz\/api\/wp\/v2\/comments?post=7082"}],"version-history":[{"count":37,"href":"https:\/\/www.praha7.cz\/api\/wp\/v2\/pages\/7082\/revisions"}],"predecessor-version":[{"id":84164,"href":"https:\/\/www.praha7.cz\/api\/wp\/v2\/pages\/7082\/revisions\/84164"}],"up":[{"embeddable":true,"href":"https:\/\/www.praha7.cz\/api\/wp\/v2\/pages\/129"}],"wp:attachment":[{"href":"https:\/\/www.praha7.cz\/api\/wp\/v2\/media?parent=7082"}],"curies":[{"name":"wp","href":"https:\/\/api.w.org\/{rel}","templated":true}]}}