    
{"id":68119,"date":"2023-06-30T17:00:22","date_gmt":"2023-06-30T15:00:22","guid":{"rendered":"https:\/\/www.praha7.cz\/?page_id=68119"},"modified":"2026-01-28T10:51:14","modified_gmt":"2026-01-28T09:51:14","slug":"oddeleni-rozvoje-urbanismu-architektury-a-verejneho-prostoru","status":"publish","type":"page","link":"https:\/\/www.praha7.cz\/radnice\/organizacni-struktura\/odbor-rozvoje-a-pece-o-verejny-prostor\/oddeleni-rozvoje-urbanismu-architektury-a-verejneho-prostoru\/","title":{"rendered":"odd\u011blen\u00ed rozvoje urbanismu, architektury a&nbsp;ve\u0159ejn\u00e9ho prostoru"},"content":{"rendered":"<p>[perex]<\/p>\r\n<p><strong>Odd\u011blen\u00ed rozvoje urbanismu, architektury a&nbsp;ve\u0159ejn\u00e9ho prostoru \u2013 ORZ<\/strong> zaji\u0161\u0165uje urbanistickou koncepci M\u010c Praha&nbsp;7, p\u0159ipravuje a&nbsp;zad\u00e1v\u00e1 urbanistick\u00e9 a&nbsp;architektonick\u00e9 studie, koncepce \u0159e\u0161en\u00ed ve\u0159ejn\u00fdch prostranstv\u00ed. Vyjad\u0159uje se k&nbsp;tvorb\u011b a&nbsp;zm\u011bn\u00e1m \u00fazemn\u011b pl\u00e1novac\u00ed dokumentace, k&nbsp;dal\u0161\u00edm koncepc\u00edm celom\u011bstsk\u00e9ho rozvoje, k&nbsp;\u00fazemn\u00edm z\u00e1m\u011br\u016fm, studi\u00edm a&nbsp;dal\u0161\u00edm zm\u011bn\u00e1m, kter\u00e9 se dot\u00fdkaj\u00ed \u00fazem\u00ed M\u010c Praha&nbsp;7. Poskytuje konzultace z\u00e1m\u011br\u016f, odpov\u00edd\u00e1 na dotazy ohledn\u011b \u00fazemn\u00edho rozvoje. Ve\u0161ker\u00e9 situace, ve kter\u00fdch je vhodn\u00e9 se na odbor obr\u00e1tit, jsou zpracov\u00e1ny v&nbsp;sekci <a href=\"https:\/\/www.praha7.cz\/potrebuji-zaridit\/stavba-rekonstrukce\/planovani-stavby\/\" target=\"_blank\" rel=\"noopener\">Pl\u00e1nov\u00e1n\u00ed stavby<\/a>.\u00a0<\/p>\r\n<p>[\/perex]<\/p>\r\n<p style=\"text-align: justify;\">        <div class=\"collapse-block\">\r\n            <div class=\"card-header\" role=\"tab\" id=\"heading47eba17fbb4e21ac5b12d7633482f1c63fd4c5b5\">\r\n                                    <h3 class=\"mb-0\">\r\n                        <a data-toggle=\"collapse\" href=\"#collapse47eba17fbb4e21ac5b12d7633482f1c63fd4c5b5\" aria-controls=\"collapse47eba17fbb4e21ac5b12d7633482f1c63fd4c5b5\">\r\n                            Podrobn\u00fd popis \u010dinnosti                            <i class=\"fa fa-2x fa-angle-down\" aria-hidden=\"true\"><\/i>\r\n                        <\/a>\r\n                    <\/h3>\r\n                                \r\n            <\/div>\r\n\r\n            <div id=\"collapse47eba17fbb4e21ac5b12d7633482f1c63fd4c5b5\" class=\"collapse\" data-id=\"47eba17fbb4e21ac5b12d7633482f1c63fd4c5b5\" role=\"tabpanel\" aria-labelledby=\"heading47eba17fbb4e21ac5b12d7633482f1c63fd4c5b5\">\r\n                <div class=\"card-block\">\r\n    <\/p>\r\n<p><strong>Odd\u011blen\u00ed rozvoje urbanismu, architektury a&nbsp;ve\u0159ejn\u00e9ho prostoru \u2013 ORZ<\/strong><\/p>\r\n<ul>\r\n\t<li>Zaji\u0161\u0165uje kompletn\u00ed urbanistickou koncepci M\u010c Praha&nbsp;7 a&nbsp;to s&nbsp;c\u00edlem zkvalit\u0148ovat st\u00e1vaj\u00edc\u00ed lokality v&nbsp;kontextu hl. m. Prahy. Spolupracuje s&nbsp;ostatn\u00edmi odbory \u00da\u0159adu s&nbsp;c\u00edlem stanovit priority \u00fazemn\u00edho \u0159e\u0161en\u00ed.<\/li>\r\n\t<li>Navrhuje z\u00e1kladn\u00ed strategii rozvoje \u00fazem\u00ed na \u00fazem\u00ed M\u010c Praha&nbsp;7. Pod\u00edl\u00ed se na tvorb\u011b a&nbsp;aktualizac\u00edch strategick\u00e9ho pl\u00e1nu \u00da\u0159adu pro oblast \u00fazemn\u00edho rozvoje.<\/li>\r\n\t<li>Pod\u00edl\u00ed se po odborn\u00e9 str\u00e1nce na vyjedn\u00e1v\u00e1n\u00ed smluv o&nbsp;spolupr\u00e1ci s&nbsp;developery.<\/li>\r\n\t<li>P\u0159ipravuje a&nbsp;zad\u00e1v\u00e1 zpracov\u00e1n\u00ed koncepc\u00ed rozvoje \u00fazem\u00ed a&nbsp;jeho funk\u010dn\u00edho vyu\u017eit\u00ed z&nbsp;hlediska urbanistick\u00e9ho, architektonick\u00e9ho, dopravn\u00edho, \u017eivotn\u00edho prost\u0159ed\u00ed, ekonomick\u00e9ho, demografick\u00e9ho, soci\u00e1ln\u00edho a&nbsp;energetick\u00e9ho. Za t\u00edmto \u00fa\u010delem spolupracuje s&nbsp;dal\u0161\u00edmi odbory, zejm\u00e9na S\u00da, ODO, O\u017dP, OMA, OK\u0158 KST a&nbsp;MHMP. Zaji\u0161\u0165uje zad\u00e1n\u00ed zpracov\u00e1n\u00ed urbanisticko-architektonick\u00fdch studi\u00ed do v\u00fd\u0161e finan\u010dn\u00edch \u010d\u00e1stek schv\u00e1len\u00fdch rozpo\u010dtem, kter\u00e9 slou\u017e\u00ed jako podklad pro rozvoj \u00fazem\u00ed nebo p\u0159\u00edpadn\u00e9 zm\u011bny \u00fazemn\u00edho pl\u00e1nu.<\/li>\r\n\t<li>Vyjad\u0159uje se k&nbsp;\u00fazemn\u00edm z\u00e1m\u011br\u016fm, studi\u00edm a&nbsp;zad\u00e1n\u00edm dot\u00fdkaj\u00edc\u00ed se M\u010c Praha&nbsp;7 a&nbsp;p\u0159ipravuje pro Radu n\u00e1vrhy stanovisek, p\u0159ipom\u00ednek a&nbsp;n\u00e1mitek M\u010c Praha&nbsp;7 k&nbsp;\u00fazemn\u00edmu \u010di jin\u00e9mu typu spr\u00e1vn\u00edho \u0159\u00edzen\u00ed.<\/li>\r\n\t<li>Zaji\u0161\u0165uje p\u0159\u00edpravu a&nbsp;zpracov\u00e1n\u00ed neinvesti\u010dn\u00edch akc\u00ed na z\u00e1m\u011bry a&nbsp;projekty ve\u0159ejn\u00fdch prostranstv\u00ed ve vlastnictv\u00ed hl. m. Prahy zahrnuj\u00edc\u00ed p\u0159\u00edpravu p\u0159edm\u011btu ve\u0159ejn\u00fdch zak\u00e1zek na zpracov\u00e1n\u00ed dokumentace a&nbsp;pot\u0159ebn\u00fdch povolen\u00ed v\u010detn\u011b in\u017een\u00fdringu dle rozsahu a&nbsp;koordinace se spr\u00e1vcem dan\u00fdch pozemk\u016f.<\/li>\r\n\t<li>Spolupracuje s&nbsp;MHMP \u2013 se sekc\u00ed rozhodov\u00e1n\u00ed o&nbsp;\u00fazem\u00ed a&nbsp;s&nbsp;Institutem pl\u00e1nov\u00e1n\u00ed a&nbsp;rozvoje hl. m. Prahy p\u0159i tvorb\u011b a&nbsp;zm\u011bn\u00e1ch \u00fazemn\u00edch pl\u00e1n\u016f, p\u0159i po\u0159izov\u00e1n\u00ed \u00fazemn\u011b pl\u00e1novac\u00edch podklad\u016f a&nbsp;dokumentac\u00ed a&nbsp;dal\u0161\u00edch koncepc\u00edch rozvoje m\u011bsta v\u010detn\u011b Strategick\u00e9ho pl\u00e1nu hl. m. Prahy. Spolupracuje s&nbsp;org\u00e1ny pam\u00e1tkov\u00e9 p\u00e9\u010de a&nbsp;vypracov\u00e1v\u00e1 podklady pro program regenerace m\u011bstsk\u00e9 pam\u00e1tkov\u00e9 z\u00f3ny.<\/li>\r\n\t<li>P\u0159ij\u00edm\u00e1 pod\u00e1n\u00ed podn\u011bt\u016f od fyzick\u00fdch a&nbsp;pr\u00e1vnick\u00fdch osob a&nbsp;zpracov\u00e1v\u00e1 nov\u00e9 podn\u011bty na po\u0159\u00edzen\u00ed zm\u011bny \u00daP S\u00da hl. m. Prahy, jejich\u017e p\u0159edm\u011bt zm\u011bny se nach\u00e1z\u00ed na \u00fazem\u00ed M\u010c Praha&nbsp;7. Tyto zm\u011bny projedn\u00e1v\u00e1 s&nbsp;\u017eadateli a&nbsp;p\u0159ipravuje n\u00e1vrh stanoviska M\u010c Praha&nbsp;7 formou usnesen\u00ed Zastupitelstva, kter\u00e9 je spolu s&nbsp;podn\u011btem na po\u0159\u00edzen\u00ed zm\u011bny \u00daP S\u00da hl. m. Prahy p\u0159ed\u00e1v\u00e1no MHMP.<\/li>\r\n<\/ul>\r\n                <\/div>\r\n            <\/div>\r\n        <\/div>\r\n    \r\n<div class=\"shortcode-container container-fluid no-bottom-padding division-detail  \"> \n    <div class=\"row\">\n\t\t <div class=\"row div-dept\">\n            <div class=\"col-xs-12 col-md-12 contact-info\">\n                <h4>Kontakt<\/h4>\n                <span>\n                    \u00da\u0159ad m\u011bstsk\u00e9 \u010d\u00e1sti Praha 7\n                <\/span><br>\n                <span>\n                    Odbor rozvoje a p\u00e9\u010de o ve\u0159ejn\u00fd prostor - odd\u011blen\u00ed rozvoje urbanismu, architektury a ve\u0159ejn\u00e9ho prostoru\n                <\/span><br>\n                \n                \n            <\/div>\n        <\/div>\n    <\/div>\n<\/div>\r\n<div class=\"shortcode-container container-fluid text-xs-center no-bottom-padding \">\n\t<div class=\"row shortcode-row \">\n        <div class=\"row contact-item\">\n            <div class=\"col-xs-4 col-md-2 contact-photo\">\t\t\n                <img src=\"https:\/\/www.praha7.cz\/wp-content\/uploads\/2017\/11\/martina-fialova.png\" alt=\"placeholder\">\n            <\/div>\n\n            <div class=\"col-xs-8 col-md-5 contact-info\">\n                <h3>\u010cerm\u00e1kov\u00e1 Martina, Ing. arch.<\/h3>\n                <span>vedouc\u00ed odd\u011blen\u00ed<\/span><br>\n                <span>tel. <a href=\"tel:+420220144103\">+420220144103<\/a><\/span><br>\n                <span>gsm. <a href=\"tel:+420778110012\">+420778110012<\/a><\/span><br>\n                <a href=\"mailto:cermakovam@praha7.cz\">cermakovam@praha7.cz<\/a><br>\n                <span>dve\u0159e 7.06<\/span>\n            <\/div>\n        <\/div>\n\t<\/div>\n\n        <div class=\"row shortcode-row \">\n            <div class=\"col-xs-6 contact-info sub-contact-info\">\n                <div class=\"row contact-item\">\n                    <h3>\u0160indel\u00e1\u0159ov\u00e1 Jitka, Ing. arch.<\/h3>\n                    <span>referentka<\/span><br>\n                    <span>tel. <a href=\"tel:+420220144102\">+420220144102<\/a><\/span><br>\n                    <span>gsm. <a href=\"tel:+420778110026\">+420778110026<\/a><\/span><br>\n                    <a href=\"mailto:sindelarovaj@praha7.cz\">sindelarovaj@praha7.cz<\/a><br>\n                    <span>dve\u0159e 7.06<\/span>\n                <\/div>\n            <\/div>\n            <div class=\"col-xs-6 contact-info sub-contact-info\">\n                <div class=\"contact-item\">\n                    <h3>K\u0159\u00ed\u017eov\u00e1 Milu\u0161e, Ing. arch.<\/h3>\n                    <span>referent koncepce rozvoje<\/span><br>\n                    <span>tel. <a href=\"tel:+420220144140\">+420220144140<\/a><\/span><br>\n                    <span>gsm. <a href=\"tel:+420770104990\">+420770104990<\/a><\/span><br>\n                    <a href=\"mailto:krizovam@praha7.cz\">krizovam@praha7.cz<\/a><br>\n                    <span>dve\u0159e 7.06<\/span>\n                <\/div>\n            <\/div>\n        <\/div>\n        <div class=\"row shortcode-row no-bottom-border\">\n            <div class=\"col-xs-6 contact-info sub-contact-info-last\">\n                <div class=\"row contact-item\">\n                    <h3>Mach Marek, Ing. arch.<\/h3>\n                    <span>referent<\/span><br>\n                    \n                    <span>gsm. <a href=\"tel:+420770112905\">+420770112905<\/a><\/span><br>\n                    <a href=\"mailto:machm@praha7.cz\">machm@praha7.cz<\/a><br>\n                    <span>dve\u0159e 7.06<\/span>\n                <\/div>\n            <\/div>\n        <\/div>\n<\/div>\n","protected":false},"excerpt":{"rendered":"[perex] Odd\u011blen\u00ed rozvoje urbanismu, architektury a&nbsp;ve\u0159ejn\u00e9ho prostoru \u2013 ORZ zaji\u0161\u0165uje urbanistickou koncepci M\u010c Praha&nbsp;7, p\u0159ipravuje a&nbsp;zad\u00e1v\u00e1 urbanistick\u00e9 a&nbsp;architektonick\u00e9 studie, koncepce \u0159e\u0161en\u00ed ve\u0159ejn\u00fdch prostranstv\u00ed. Vyjad\u0159uje se k&nbsp;tvorb\u011b a&nbsp;zm\u011bn\u00e1m \u00fazemn\u011b pl\u00e1novac\u00ed dokumentace, k&nbsp;dal\u0161\u00edm koncepc\u00edm celom\u011bstsk\u00e9ho rozvoje, k&nbsp;\u00fazemn\u00edm z\u00e1m\u011br\u016fm, studi\u00edm a&nbsp;dal\u0161\u00edm zm\u011bn\u00e1m, kter\u00e9 se dot\u00fdkaj\u00ed \u00fazem\u00ed M\u010c Praha&nbsp;7. Poskytuje konzultace z\u00e1m\u011br\u016f, odpov\u00edd\u00e1 na dotazy ohledn\u011b \u00fazemn\u00edho rozvoje. Ve\u0161ker\u00e9 [&hellip;]","protected":false},"author":14,"featured_media":0,"parent":7079,"menu_order":0,"comment_status":"closed","ping_status":"closed","template":"","meta":[],"_links":{"self":[{"href":"https:\/\/www.praha7.cz\/api\/wp\/v2\/pages\/68119"}],"collection":[{"href":"https:\/\/www.praha7.cz\/api\/wp\/v2\/pages"}],"about":[{"href":"https:\/\/www.praha7.cz\/api\/wp\/v2\/types\/page"}],"author":[{"embeddable":true,"href":"https:\/\/www.praha7.cz\/api\/wp\/v2\/users\/14"}],"replies":[{"embeddable":true,"href":"https:\/\/www.praha7.cz\/api\/wp\/v2\/comments?post=68119"}],"version-history":[{"count":7,"href":"https:\/\/www.praha7.cz\/api\/wp\/v2\/pages\/68119\/revisions"}],"predecessor-version":[{"id":89404,"href":"https:\/\/www.praha7.cz\/api\/wp\/v2\/pages\/68119\/revisions\/89404"}],"up":[{"embeddable":true,"href":"https:\/\/www.praha7.cz\/api\/wp\/v2\/pages\/7079"}],"wp:attachment":[{"href":"https:\/\/www.praha7.cz\/api\/wp\/v2\/media?parent=68119"}],"curies":[{"name":"wp","href":"https:\/\/api.w.org\/{rel}","templated":true}]}}