    
{"id":6655,"date":"2017-09-25T09:46:53","date_gmt":"2017-09-25T07:46:53","guid":{"rendered":"https:\/\/praha7.cz\/?page_id=6655"},"modified":"2023-12-13T14:25:32","modified_gmt":"2023-12-13T13:25:32","slug":"pudni-vestavby-a-nastavby","status":"publish","type":"page","link":"https:\/\/www.praha7.cz\/potrebuji-zaridit\/stavba-rekonstrukce\/planovani-stavby\/pudni-vestavby-a-nastavby\/","title":{"rendered":"P\u016fdn\u00ed vestavby a&nbsp;n\u00e1stavby"},"content":{"rendered":"<p>[perex]<\/p>\r\n<p>P\u0159i nar\u016fstaj\u00edc\u00edm tlaku na maxim\u00e1ln\u00ed vy\u017eit\u00ed podkrovn\u00edch prostor\u016f za \u00fa\u010delem vytvo\u0159en\u00ed nov\u00fdch bytov\u00fdch \u010di jin\u00fdch ploch nar\u016fst\u00e1 i&nbsp;pot\u0159eba ochrany st\u0159e\u0161n\u00ed krajiny. Podobu st\u0159echy je t\u0159eba respektovat jako ned\u00edlnou sou\u010d\u00e1st architektonick\u00e9ho a&nbsp;objemov\u00e9ho \u0159e\u0161en\u00ed domu a&nbsp;jako prvek, kter\u00fd se v\u00fdznamn\u00fdm zp\u016fsobem pod\u00edl\u00ed na uplatn\u011bn\u00ed domu v\u00a0\u0161ir\u0161\u00edm urbanistick\u00e9m kontextu. Z&nbsp;d\u016fvodu pot\u0159eby zv\u00fd\u0161en\u00e9 ochrany st\u0159e\u0161n\u00ed krajiny v\u00a0r\u00e1mci pam\u00e1tkov\u00e9 z\u00f3ny, kter\u00e1 zahrnuje cel\u00e9 \u00fazem\u00ed z\u00e1stavby Letn\u00e9, M\u010c Praha&nbsp;7 vytvo\u0159ila jednoduch\u00e1 pravidla pro p\u016fdn\u00ed vestavby, p\u016fdn\u00ed n\u00e1stavby a&nbsp;n\u00e1stavby objekt\u016f na \u00fazem\u00ed M\u010c Prahy&nbsp;7 v&nbsp;pam\u00e1tkov\u00fdch z\u00f3n\u00e1ch.<\/p>\r\n<p>[\/perex]<\/p>\r\n<p>P\u0159i stavebn\u00edm z\u00e1m\u011bru p\u016fdn\u00ed vestavby, p\u016fdn\u00ed n\u00e1stavby \u010di n\u00e1stavby objektu na \u00fazem\u00ed pam\u00e1tkov\u00e9 z\u00f3ny doporu\u010dujeme postupovat podle dokumentu \u201ePravidla pro p\u016fdn\u00ed vestavby, p\u016fdn\u00ed n\u00e1stavby a&nbsp;n\u00e1stavby objekt\u016f na \u00fazem\u00ed M\u010c Praha&nbsp;7 v&nbsp;pam\u00e1tkov\u00e9 z\u00f3n\u011b\u201c a&nbsp;p\u0159edjednat z\u00e1m\u011br s&nbsp;M\u010c Praha&nbsp;7.<\/p>\r\n<ul>\r\n\t<li><a href=\"https:\/\/www.praha7.cz\/wp-content\/uploads\/2019\/03\/Pravidla-pro-p\u016fdn\u00ed-vestavby-p\u016fdn\u00ed-n\u00e1stavby-a-n\u00e1stavby-objekt\u016f-v-pam\u00e1tkov\u00e9-z\u00f3n\u011b-na-\u00fazem\u00ed-m\u011bstsk\u00e9-\u010d\u00e1sti-Praha-7.pdf\">Pravidla pro p\u016fdn\u00ed vestavby, p\u016fdn\u00ed n\u00e1stavby a&nbsp;n\u00e1stavby objekt\u016f na \u00fazem\u00ed M\u010c Praha&nbsp;7 v&nbsp;pam\u00e1tkov\u00e9 z\u00f3n\u011b<\/a><\/li>\r\n<\/ul>\r\n<div class=\"shortcode-container container-fluid no-bottom-padding division-detail  \"> \n    <div class=\"row\">\n\t\t <div class=\"row div-dept\">\n            <div class=\"col-xs-12 col-md-12 contact-info\">\n                <h4>Kontakt<\/h4>\n                <span>\n                    \u00da\u0159ad m\u011bstsk\u00e9 \u010d\u00e1sti Praha 7\n                <\/span><br>\n                <span>\n                    Odbor rozvoje a p\u00e9\u010de o ve\u0159ejn\u00fd prostor - odd\u011blen\u00ed rozvoje urbanismu, architektury a ve\u0159ejn\u00e9ho prostoru\n                <\/span><br>\n                \n                \n            <\/div>\n        <\/div>\n    <\/div>\n<\/div>\r\n\n<div class=\"shortcode-container no-bottom-padding  \">    \n\t<div class=\"row\">\n\t\t<div class=\"col-xs-12 col-md-7\">\n\t\t\t<h3>\u00da\u0159edn\u00ed hodiny \u00da\u0159adu M\u010c Praha 7<\/h3>\n\t\t<\/div>\n\t<\/div>\n\t\t<div class=\"row\">\n\t\t\t<div class=\"col-xs-12 col-sm-4 col-md-3\">\n\t\t\t\t<span>pond\u011bl\u00ed a st\u0159eda<\/span>\n\t\t\t<\/div>\n\t\t\t\t<div class=\"col-xs-6 col-sm-4 col-md-3\">\n\t\t\t\t\t<span>7.30\u201312.00<\/span>\n\t\t\t\t<\/div>\n\t\t\t\t\t<div class=\"col-xs-6 col-sm-4 col-md-3\">\n\t\t\t\t\t\t<span>13.00\u201318.00<\/span>\n\t\t\t\t\t<\/div>\n\t\t<\/div>\n\t\t<div class=\"row\">\n\t\t\t<div class=\"col-xs-12 col-sm-4 col-md-3\">\n\t\t\t\t<span>\u00fater\u00fd, \u010dtvrtek a p\u00e1tek<\/span>\n\t\t\t<\/div>\n\t\t\t\t<div class=\"col-xs-12 col-sm-8 col-md-9\">\n\t\t\t\t\t<span>po p\u0159edchoz\u00ed domluv\u011b \/ po objedn\u00e1n\u00ed<\/span>\n\t\t\t\t<\/div>\n\t\t<\/div>\n\t<div class=\"row\">\n\t\t<div class=\"col-xs-12 col-md-12 office_hours_info\">\n\t\t\t\n\t\t<\/div>\t\n\t<\/div>\n<\/div>\r\n<div class=\"shortcode-container container-fluid no-bottom-padding \">\n\t<div class=\"row shortcode-row no-bottom-border\">\n\t\t <div class=\"row contact-item\">\n\t\t\t<div class=\"col-xs-4 col-md-2 contact-photo\">\t\t\n\t\t\t\t<img src=\"https:\/\/www.praha7.cz\/wp-content\/uploads\/2019\/08\/tomas-richtr-400x400.jpg\" alt=\"placeholder\">\n\t\t\t<\/div>\n\t\t\t<div class=\"col-xs-8 col-md-5 contact-info\">\n\t\t\t\t<h3>Richtr Tom\u00e1\u0161, Ing. arch.<\/h3>\n\t\t\t\t<span>vedouc\u00ed odboru<\/span><br>\n\t\t\t\t<span>dve\u0159e 7.05<\/span><br>\n\t\t\t\t\n                <span>gsm. <a href=\"tel:+420778739161\">+420778739161<\/a><\/span><br>\n\t\t\t\t<a href=\"mailto:richtrt@praha7.cz\">richtrt@praha7.cz<\/a><br>\n\t\t\t<\/div>\n\t\t<\/div>\n\t<\/div>\n<\/div>","protected":false},"excerpt":{"rendered":"[perex] P\u0159i nar\u016fstaj\u00edc\u00edm tlaku na maxim\u00e1ln\u00ed vy\u017eit\u00ed podkrovn\u00edch prostor\u016f za \u00fa\u010delem vytvo\u0159en\u00ed nov\u00fdch bytov\u00fdch \u010di jin\u00fdch ploch nar\u016fst\u00e1 i&nbsp;pot\u0159eba ochrany st\u0159e\u0161n\u00ed krajiny. Podobu st\u0159echy je t\u0159eba respektovat jako ned\u00edlnou sou\u010d\u00e1st architektonick\u00e9ho a&nbsp;objemov\u00e9ho \u0159e\u0161en\u00ed domu a&nbsp;jako prvek, kter\u00fd se v\u00fdznamn\u00fdm zp\u016fsobem pod\u00edl\u00ed na uplatn\u011bn\u00ed domu v\u00a0\u0161ir\u0161\u00edm urbanistick\u00e9m kontextu. Z&nbsp;d\u016fvodu pot\u0159eby zv\u00fd\u0161en\u00e9 ochrany st\u0159e\u0161n\u00ed krajiny v\u00a0r\u00e1mci pam\u00e1tkov\u00e9 [&hellip;]","protected":false},"author":2,"featured_media":0,"parent":6640,"menu_order":6,"comment_status":"closed","ping_status":"closed","template":"","meta":[],"_links":{"self":[{"href":"https:\/\/www.praha7.cz\/api\/wp\/v2\/pages\/6655"}],"collection":[{"href":"https:\/\/www.praha7.cz\/api\/wp\/v2\/pages"}],"about":[{"href":"https:\/\/www.praha7.cz\/api\/wp\/v2\/types\/page"}],"author":[{"embeddable":true,"href":"https:\/\/www.praha7.cz\/api\/wp\/v2\/users\/2"}],"replies":[{"embeddable":true,"href":"https:\/\/www.praha7.cz\/api\/wp\/v2\/comments?post=6655"}],"version-history":[{"count":22,"href":"https:\/\/www.praha7.cz\/api\/wp\/v2\/pages\/6655\/revisions"}],"predecessor-version":[{"id":72207,"href":"https:\/\/www.praha7.cz\/api\/wp\/v2\/pages\/6655\/revisions\/72207"}],"up":[{"embeddable":true,"href":"https:\/\/www.praha7.cz\/api\/wp\/v2\/pages\/6640"}],"wp:attachment":[{"href":"https:\/\/www.praha7.cz\/api\/wp\/v2\/media?parent=6655"}],"curies":[{"name":"wp","href":"https:\/\/api.w.org\/{rel}","templated":true}]}}