    
{"id":66549,"date":"2023-05-09T12:53:07","date_gmt":"2023-05-09T10:53:07","guid":{"rendered":"https:\/\/www.praha7.cz\/?page_id=66549"},"modified":"2023-05-09T13:13:50","modified_gmt":"2023-05-09T11:13:50","slug":"informace-poskytnute-mc-praha-7-archiv-2016-2020","status":"publish","type":"page","link":"https:\/\/www.praha7.cz\/radnice\/povinne-zverejnovane-informace\/informace-poskytnute-mc-praha-7-archiv-2016-2020\/","title":{"rendered":"Informace poskytnut\u00e9 M\u010c Praha&nbsp;7 &#8211; archiv 2016-2020"},"content":{"rendered":"<p>Informace poskytnut\u00e9 M\u010c Praha&nbsp;7 ve smyslu z\u00e1kona 106\/1999 Sb., o&nbsp;svobodn\u00e9m p\u0159\u00edstupu k&nbsp;informac\u00edm, ve zn\u011bn\u00ed pozd\u011bj\u0161\u00edch p\u0159edpis\u016f.<\/p>\r\n<p>archiv 2016-2020<\/p>\r\n        <div class=\"collapse-block\">\r\n            <div class=\"card-header\" role=\"tab\" id=\"headingb0da2e99b34486c9231f9329f6d85e7f5e0f2a5c\">\r\n                                    <h3 class=\"mb-0\">\r\n                        <a data-toggle=\"collapse\" href=\"#collapseb0da2e99b34486c9231f9329f6d85e7f5e0f2a5c\" aria-controls=\"collapseb0da2e99b34486c9231f9329f6d85e7f5e0f2a5c\">\r\n                            Rok 2020                            <i class=\"fa fa-2x fa-angle-down\" aria-hidden=\"true\"><\/i>\r\n                        <\/a>\r\n                    <\/h3>\r\n                                \r\n            <\/div>\r\n\r\n            <div id=\"collapseb0da2e99b34486c9231f9329f6d85e7f5e0f2a5c\" class=\"collapse\" data-id=\"b0da2e99b34486c9231f9329f6d85e7f5e0f2a5c\" role=\"tabpanel\" aria-labelledby=\"headingb0da2e99b34486c9231f9329f6d85e7f5e0f2a5c\">\r\n                <div class=\"card-block\">\r\n    \r\n<p>\u010c.j. &#8211; 1\/2020: \u017e\u00e1dost o&nbsp;poskytnut\u00ed informace ve v\u011bci:<br \/>\r\n<strong>Agenda p\u0159estupk\u016f ze ZPS.<\/strong><\/p>\r\n<p><a href=\"https:\/\/www.praha7.cz\/wp-content\/uploads\/2020\/01\/Odpov\u011b\u010f-TV.pdf\">odpov\u011b\u010f<\/a> (PDF, 509 kB) <a href=\"https:\/\/www.praha7.cz\/wp-content\/uploads\/2020\/01\/Odpov\u011b\u010f-TV-4.rtf\">odpov\u011b\u010f<\/a> (RTF, 374 kB)<\/p>\r\n<hr \/>\r\n<p>\u010c.j. &#8211; 2\/2020: \u017e\u00e1dost o&nbsp;poskytnut\u00ed informace ve v\u011bci:<br \/>\r\n<strong>Adaptace suter\u00e9nu bytov\u00e9ho domu.<\/strong><\/p>\r\n<p><a href=\"https:\/\/www.praha7.cz\/wp-content\/uploads\/2020\/01\/Odpov\u011b\u010f-JD.pdf\">odpov\u011b\u010f<\/a> (PDF, 493 kB) <a href=\"https:\/\/www.praha7.cz\/wp-content\/uploads\/2020\/01\/Odpov\u011b\u010f-JD-1.rtf\">odpov\u011b\u010f<\/a> (RTF, 288 kB)<\/p>\r\n<p><a href=\"https:\/\/www.praha7.cz\/wp-content\/uploads\/2020\/01\/P\u0159\u00edloha-\u010d.-1.pdf\">p\u0159\u00edloha \u010d. 1<\/a> (PDF, 835 kB)<\/p>\r\n<hr \/>\r\n<p>\u010c.j. &#8211; 3\/2020: \u017e\u00e1dost o&nbsp;poskytnut\u00ed informace ve v\u011bci:<br \/>\r\n<strong>Seznam a&nbsp;funk\u010dn\u00ed obdob\u00ed tajemn\u00edk\u016f \u00da\u0159adu M\u010c Praha&nbsp;7.<\/strong><\/p>\r\n<p><a href=\"https:\/\/www.praha7.cz\/wp-content\/uploads\/2020\/01\/Odpov\u011b\u010f-M.pdf\">odpov\u011b\u010f<\/a> (PDF, 481 kB) <a href=\"https:\/\/www.praha7.cz\/wp-content\/uploads\/2020\/01\/Odpov\u011b\u010f-M-1.rtf\">odpov\u011b\u010f<\/a> (RTF, 289 kB)<\/p>\r\n<hr \/>\r\n<p>\u010c.j. &#8211; 4\/2020: \u017e\u00e1dost o&nbsp;poskytnut\u00ed informace ve v\u011bci:<br \/>\r\n<strong>Poskytnut\u00ed dotac\u00ed konkr\u00e9tn\u00edmu subjektu.<\/strong><\/p>\r\n<p><a href=\"https:\/\/www.praha7.cz\/wp-content\/uploads\/2020\/02\/Odpov\u011b\u010f-JD.pdf\">odpov\u011b\u010f<\/a> (PDF, 316 kB) <a href=\"https:\/\/www.praha7.cz\/wp-content\/uploads\/2020\/02\/Odpov\u011b\u010f-JD-1.rtf\">odpov\u011b\u010f<\/a> (RTF, 272 kB)<\/p>\r\n<hr \/>\r\n<p>\u010c.j. &#8211; 5\/2020: \u017e\u00e1dost o&nbsp;poskytnut\u00ed informace ve v\u011bci:<br \/>\r\n<strong>Stavebn\u00ed \u0159\u00edzen\u00ed bytov\u00e9ho domu.<\/strong><\/p>\r\n<p><a href=\"https:\/\/www.praha7.cz\/wp-content\/uploads\/2020\/02\/Odpov\u011b\u010f-TT.pdf\">odpov\u011b\u010f<\/a> (PDF, 501 kB) <a href=\"https:\/\/www.praha7.cz\/wp-content\/uploads\/2020\/02\/Odpov\u011b\u010f-TT-1.rtf\">odpov\u011b\u010f<\/a> (RTF, 293 kB)<\/p>\r\n<p><a href=\"https:\/\/www.praha7.cz\/wp-content\/uploads\/2020\/02\/P\u0159\u00edloha-\u010d.-1.pdf\">p\u0159\u00edloha \u010d. 1<\/a> (PDF, 14,1 MB)<\/p>\r\n<hr \/>\r\n<p>\u010c.j. &#8211; 6\/2020: \u017e\u00e1dost o&nbsp;poskytnut\u00ed informace ve v\u011bci:<br \/>\r\n<strong>Stavebn\u00edch projekt\u016f.<\/strong><\/p>\r\n<p><a href=\"https:\/\/www.praha7.cz\/wp-content\/uploads\/2020\/02\/Odpov\u011b\u010f-KVE-1.pdf\">odpov\u011b\u010f<\/a> (PDF, 571 kB) <a href=\"https:\/\/www.praha7.cz\/wp-content\/uploads\/2020\/02\/Odpov\u011b\u010f-KVE-1-1.rtf\">odpov\u011b\u010f<\/a> (RTF, 303 kB)<\/p>\r\n<hr \/>\r\n<p>\u010c.j. &#8211; 7\/2020: \u017e\u00e1dost o&nbsp;poskytnut\u00ed informace ve v\u011bci:<br \/>\r\n<strong>Doru\u010den\u00ed p\u00edsemnosti.<\/strong><\/p>\r\n<p><a href=\"https:\/\/www.praha7.cz\/wp-content\/uploads\/2020\/02\/Odpov\u011b\u010f-LM-106.pdf\">odpov\u011b\u010f<\/a> (PDF, 317 kB) <a href=\"https:\/\/www.praha7.cz\/wp-content\/uploads\/2020\/02\/Odpov\u011b\u010f-LM-106-1.rtf\">odpov\u011b\u010f<\/a> (RTF, 293 kB)<\/p>\r\n<hr \/>\r\n<p>\u010c.j. &#8211; 8\/2020: \u017e\u00e1dost o&nbsp;poskytnut\u00ed informace ve v\u011bci:<br \/>\r\n<strong>Provoz m\u011bstsk\u00e9ho \u00fatulku.<\/strong><\/p>\r\n<p><a href=\"https:\/\/www.praha7.cz\/wp-content\/uploads\/2020\/02\/Odpov\u011b\u010f-JK-106.pdf\">odpov\u011b\u010f<\/a> (PDF, 483 kB) <a href=\"https:\/\/www.praha7.cz\/wp-content\/uploads\/2020\/02\/Odpov\u011b\u010f-JK-106-1.rtf\">odpov\u011b\u010f<\/a> (RTF, 287 kB)<\/p>\r\n<hr \/>\r\n<p>\u010c.j. &#8211; 9\/2020: \u017e\u00e1dost o&nbsp;poskytnut\u00ed informace ve v\u011bci:<br \/>\r\n<strong>Zm\u011bna nebytov\u00e9 jednotky.<\/strong><\/p>\r\n<p><a href=\"https:\/\/www.praha7.cz\/wp-content\/uploads\/2020\/02\/Odpov\u011b\u010f-1JD-.pdf\">odpov\u011b\u010f<\/a> (PDF, 486 kB) <a href=\"https:\/\/www.praha7.cz\/wp-content\/uploads\/2020\/02\/Odpov\u011b\u010f-1JD-1.rtf\">odpov\u011b\u010f<\/a> (RTF, 281 kB)<\/p>\r\n<hr \/>\r\n<p>\u010c.j. &#8211; 10\/2020: \u017e\u00e1dost o&nbsp;poskytnut\u00ed informace ve v\u011bci:<br \/>\r\n<strong>N\u00e1mitky podjatosti &#8211; spr\u00e1vn\u00ed \u0159\u00edzen\u00ed.<\/strong><\/p>\r\n<p><a href=\"https:\/\/www.praha7.cz\/wp-content\/uploads\/2020\/03\/Odpov\u011b\u010f-JN-106.pdf\">odpov\u011b\u010f<\/a> (PDF, 311 kB) <a href=\"https:\/\/www.praha7.cz\/wp-content\/uploads\/2020\/03\/Odpov\u011b\u010f-JN-106-1.rtf\">odpov\u011b\u010f<\/a> (RTF, 296 kB)<\/p>\r\n<hr \/>\r\n<p>\u010c.j. &#8211; 11\/2020: \u017e\u00e1dost o&nbsp;poskytnut\u00ed informace ve v\u011bci:<br \/>\r\n<strong>Po\u010det byt\u016f sv\u011b\u0159en\u00fdch M\u010c Praha&nbsp;7.<\/strong><\/p>\r\n<p><a href=\"https:\/\/www.praha7.cz\/wp-content\/uploads\/2020\/03\/Odpov\u011b\u010f-JV-106.pdf\">odpov\u011b\u010f<\/a> (PDF, 360 kB) <a href=\"https:\/\/www.praha7.cz\/wp-content\/uploads\/2020\/03\/Odpov\u011b\u010f-JV-106-1.rtf\">odpov\u011b\u010f<\/a> (RTF, 280 kB)<\/p>\r\n<hr \/>\r\n<p>\u010c.j. &#8211; 12\/2020: \u017e\u00e1dost o&nbsp;poskytnut\u00ed informace ve v\u011bci:<br \/>\r\n<strong>N\u00e1mitky podjatosti &#8211; stavebn\u00ed \u0159\u00edzen\u00ed.<\/strong><\/p>\r\n<p><a href=\"https:\/\/www.praha7.cz\/wp-content\/uploads\/2020\/03\/Odpov\u011b\u010f-1JN-106.pdf\">odpov\u011b\u010f<\/a> (PDF, 310 kB) <a href=\"https:\/\/www.praha7.cz\/wp-content\/uploads\/2020\/03\/Odpov\u011b\u010f-1JN-106-1.rtf\">odpov\u011b\u010f<\/a> (RTF, 299 kB)<\/p>\r\n<hr \/>\r\n<p>\u010c.j. &#8211; 13\/2020: \u017e\u00e1dost o&nbsp;poskytnut\u00ed informace ve v\u011bci:<br \/>\r\n<strong>Vyu\u017eit\u00ed mediace v&nbsp;praxi OSPOD.<\/strong><\/p>\r\n<p><a href=\"https:\/\/www.praha7.cz\/wp-content\/uploads\/2020\/03\/Odpov\u011b\u010f-PK-106.pdf\">odpov\u011b\u010f<\/a> (PDF, 323 kB)<a href=\"https:\/\/www.praha7.cz\/wp-content\/uploads\/2020\/03\/Odpov\u011b\u010f-PK-106-1.rtf\"> odpov\u011b\u010f<\/a> (RTF, 290 kB)<\/p>\r\n<hr \/>\r\n<p>\u010c.j. &#8211; 14\/2020: \u017e\u00e1dost o&nbsp;poskytnut\u00ed informace ve v\u011bci:<br \/>\r\n<strong>P\u0159ij\u00edm\u00e1n\u00ed podn\u011bt\u016f podle z\u00e1kona o&nbsp;ochran\u011b ovzdu\u0161\u00ed.<\/strong><\/p>\r\n<p><a href=\"https:\/\/www.praha7.cz\/wp-content\/uploads\/2020\/03\/Odpov\u011b\u010f-LP-106.pdf\">odpov\u011b\u010f<\/a> (PDF, 318 kB)<a href=\"https:\/\/www.praha7.cz\/wp-content\/uploads\/2020\/03\/Odpov\u011b\u010f-LP-106-1.rtf\"> odpov\u011b\u010f<\/a> (RTF, 287 kB)<\/p>\r\n<hr \/>\r\n<p>\u010c.j. &#8211; 15\/2020: \u017e\u00e1dost o&nbsp;poskytnut\u00ed informace ve v\u011bci:<br \/>\r\n<strong>Um\u00edst\u011bn\u00ed bytov\u00e9ho komplexu.<\/strong><\/p>\r\n<p><a href=\"https:\/\/www.praha7.cz\/wp-content\/uploads\/2020\/03\/Odpov\u011b\u010f-KVE-2.pdf\">odpov\u011b\u010f<\/a> (PDF, 482 kB) <a href=\"https:\/\/www.praha7.cz\/wp-content\/uploads\/2020\/03\/Odpov\u011b\u010f-KVE-2-1.rtf\">odpov\u011b\u010f<\/a> (RTF, 275 kB)<\/p>\r\n<hr \/>\r\n<p>\u010c.j. &#8211; 16\/2020: \u017e\u00e1dost o&nbsp;poskytnut\u00ed informace ve v\u011bci:<br \/>\r\n<strong>Mo\u017enost odprodeje ur\u010dit\u00fdch objekt\u016f.<\/strong><\/p>\r\n<p><a href=\"https:\/\/www.praha7.cz\/wp-content\/uploads\/2020\/03\/Odpov\u011b\u010f-VV-106.pdf\">odpov\u011b\u010f<\/a> (PDF, 308 kB)<a href=\"https:\/\/www.praha7.cz\/wp-content\/uploads\/2020\/03\/Odpov\u011b\u010f-VV-106-1.rtf\"> odpov\u011b\u010f<\/a> (RTF, 283 kB)<\/p>\r\n<hr \/>\r\n<p>\u010c.j. &#8211; 17\/2020: \u017e\u00e1dost o&nbsp;poskytnut\u00ed informace ve v\u011bci:<br \/>\r\n<strong>Profil zadavatele.<\/strong><\/p>\r\n<p><a href=\"https:\/\/www.praha7.cz\/wp-content\/uploads\/2020\/03\/Odpov\u011b\u010f-JA-106.pdf\">odpov\u011b\u010f<\/a> (PDF, 470 kB) <a href=\"https:\/\/www.praha7.cz\/wp-content\/uploads\/2020\/03\/Odpov\u011b\u010f-JA-106-1.rtf\">odpov\u011b\u010f<\/a> (RTF, 268 kB)<\/p>\r\n<hr \/>\r\n<p>\u010c.j. &#8211; 18\/2020: \u017e\u00e1dost o&nbsp;poskytnut\u00ed informace ve v\u011bci:<br \/>\r\n<strong>Stavba &#8222;Beton\u00e1rka TBG Metrostav&#8220;.<\/strong><\/p>\r\n<p><a href=\"https:\/\/www.praha7.cz\/wp-content\/uploads\/2020\/03\/Odpov\u011b\u010f-TV-20.pdf\">odpov\u011b\u010f<\/a> (PDF, 322 kB) <a href=\"https:\/\/www.praha7.cz\/wp-content\/uploads\/2020\/03\/Odpov\u011b\u010f-TV-20-1.rtf\">odpov\u011b\u010f<\/a> (RTF, 330 kB)<\/p>\r\n<p><a href=\"https:\/\/www.praha7.cz\/wp-content\/uploads\/2020\/03\/P\u0159\u00edloha-\u010d.-1.pdf\">p\u0159\u00edloha \u010d. 1<\/a> (PDF, 455 kB)<\/p>\r\n<hr \/>\r\n<p>\u010c.j. &#8211; 19\/2020: \u017e\u00e1dost o&nbsp;poskytnut\u00ed informace ve v\u011bci:<br \/>\r\n<strong>P\u0159ijat\u00e1 opat\u0159en\u00ed po vyhl\u00e1\u0161en\u00ed nouzov\u00e9ho stavu.<\/strong><\/p>\r\n<p><a href=\"https:\/\/www.praha7.cz\/wp-content\/uploads\/2020\/03\/Odpov\u011b\u010f-OM-106.pdf\">odpov\u011b\u010f<\/a> (PDF, 237 kB) <a href=\"https:\/\/www.praha7.cz\/wp-content\/uploads\/2020\/03\/Odpov\u011b\u010f-OM-106-1.rtf\">odpov\u011b\u010f<\/a> (RTF, 295 kB)<\/p>\r\n<p><a href=\"https:\/\/www.praha7.cz\/wp-content\/uploads\/2020\/05\/Odpov\u011b\u010f-OM-106-1.pdf\">odpov\u011b\u010f<\/a> (PDF, 236 kB) <a href=\"https:\/\/www.praha7.cz\/wp-content\/uploads\/2020\/05\/Odpov\u011b\u010f-OM-106-1-1.rtf\">odpov\u011b\u010f<\/a> (RTF, 301kB)<\/p>\r\n<hr \/>\r\n<p>\u010c.j. &#8211; 20\/2020: \u017e\u00e1dost o&nbsp;poskytnut\u00ed informace ve v\u011bci:<br \/>\r\n<strong>Poskytnut\u00e9 dotace v\u00a0 oblasti sportu.<\/strong><\/p>\r\n<p><a href=\"https:\/\/www.praha7.cz\/wp-content\/uploads\/2020\/04\/Odpov\u011b\u010f-TU-106.pdf\">odpov\u011b\u010f<\/a> (PDF, 538 kB) <a href=\"https:\/\/www.praha7.cz\/wp-content\/uploads\/2020\/04\/Odpov\u011b\u010f-TU-106-1.rtf\">odpov\u011b\u010f<\/a> (RTF, 365 kB)<\/p>\r\n<p><a href=\"https:\/\/www.praha7.cz\/wp-content\/uploads\/2020\/04\/P\u0159\u00edloha-\u010d.-1-PD-HC-Sparta-Praha-z.s_2015_19_AN.pdf\">p\u0159\u00edloha \u010d. 1<\/a> (PDF, 1,21 MB) \u00a0\u00a0 <a href=\"https:\/\/www.praha7.cz\/wp-content\/uploads\/2020\/04\/P\u0159\u00edloha-\u010d.-2-PD-HC-Sparta-Praha-z.s_2015_50_AN.pdf\">p\u0159\u00edloha \u010d. 2<\/a> (PDF, 907 kB)<\/p>\r\n<p><a href=\"https:\/\/www.praha7.cz\/wp-content\/uploads\/2020\/04\/P\u0159\u00edloha-\u010d.-3-PD-HC-Sparta-Praha-z.s_2016_01_AN.pdf\">p\u0159\u00edloha \u010d. 3<\/a> (PDF, 605 kB) \u00a0\u00a0 <a href=\"https:\/\/www.praha7.cz\/wp-content\/uploads\/2020\/04\/P\u0159\u00edloha-\u010d.-4-PD-HC-Sparta-Praha-z.s_2016_05_AN.pdf\">p\u0159\u00edloha \u010d. 4<\/a> (PDF, 732 kB)<\/p>\r\n<p><a href=\"https:\/\/www.praha7.cz\/wp-content\/uploads\/2020\/04\/P\u0159\u00edloha-\u010d.-5-PD-HC-Sparta-Praha-z.s_2017_2_AN.pdf\">p\u0159\u00edloha \u010d. 5<\/a> (PDF, 1,44 MB) \u00a0\u00a0 <a href=\"https:\/\/www.praha7.cz\/wp-content\/uploads\/2020\/04\/P\u0159\u00edloha-\u010d.-6-PD-HC-Sparta-Praha-z.s_2018_2_AN.pdf\">p\u0159\u00edloha \u010d. 6<\/a> (PDF, 1,05 MB)<\/p>\r\n<p><a href=\"https:\/\/www.praha7.cz\/wp-content\/uploads\/2020\/04\/P\u0159\u00edloha-\u010d.-7-PD-HC-Sparta-Praha-z.s_2018_8_AN.pdf\">p\u0159\u00edloha \u010d. 7<\/a> (PDF, 0,98 MB) \u00a0\u00a0 <a href=\"https:\/\/www.praha7.cz\/wp-content\/uploads\/2020\/04\/P\u0159\u00edloha-\u010d.-8-PD-HC-Sparta-Praha-z.s_2019_003_AN.pdf\">p\u0159\u00edloha \u010d. 8<\/a> (PDF, 1,14 MB)<\/p>\r\n<p><a href=\"https:\/\/www.praha7.cz\/wp-content\/uploads\/2020\/04\/P\u0159\u00edloha-\u010d.-9-PD-HC-Sparta-Praha-z.s_2019_15_AN.pdf\">p\u0159\u00edloha \u010d. 9<\/a> (PDF, 1,02 MB)<\/p>\r\n<hr \/>\r\n<p>\u010c.j. &#8211; 21\/2020: \u017e\u00e1dost o&nbsp;poskytnut\u00ed informace ve v\u011bci:<br \/>\r\n<b>N\u00e1jem slu\u017eebn\u00edho bytu.<\/b><\/p>\r\n<p><b><\/b><a href=\"https:\/\/www.praha7.cz\/wp-content\/uploads\/2020\/04\/Odpov\u011b\u010f-A\u0160-106.pdf\">odpov\u011b\u010f<\/a> (PDF, 487 kB) <a href=\"https:\/\/www.praha7.cz\/wp-content\/uploads\/2020\/04\/Odpov\u011b\u010f-A\u0160-106-1.rtf\">odpov\u011b\u010f<\/a> (RTF, 292 kB)<\/p>\r\n<hr \/>\r\n<p>\u010c.j. &#8211; 22\/2020: \u017e\u00e1dost o&nbsp;poskytnut\u00ed informace ve v\u011bci:<br \/>\r\n<strong>Stavebn\u00edch \u0159\u00edzen\u00ed.<\/strong><\/p>\r\n<p><a href=\"https:\/\/www.praha7.cz\/wp-content\/uploads\/2020\/04\/Odpov\u011b\u010f-JH.pdf\">odpov\u011b\u010f<\/a> (PDF, 404 kB) <a href=\"https:\/\/www.praha7.cz\/wp-content\/uploads\/2020\/04\/Odpov\u011b\u010f-JH-1.rtf\">odpov\u011b\u010f<\/a> (RTF, 321 kB)<\/p>\r\n<p><a href=\"https:\/\/www.praha7.cz\/wp-content\/uploads\/2020\/04\/P\u0159\u00edloha-\u010d.-1-2017-022357-kotelna.pdf\">p\u0159\u00edloha \u010d. 1<\/a> (PDF, 738 kB) \u00a0\u00a0 <a href=\"https:\/\/www.praha7.cz\/wp-content\/uploads\/2020\/04\/P\u0159\u00edloha-\u010d.-2-2017-027619-kotelna.pdf\">p\u0159\u00edloha \u010d. 2<\/a> (PDF, 388 kB)<\/p>\r\n<p><a href=\"https:\/\/www.praha7.cz\/wp-content\/uploads\/2020\/04\/P\u0159\u00edloha-\u010d.-3-2017-033052-kotelna.pdf\">p\u0159\u00edloha \u010d. 3<\/a> (PDF, 375 kB) \u00a0\u00a0 <a href=\"https:\/\/www.praha7.cz\/wp-content\/uploads\/2020\/04\/P\u0159\u00edloha-\u010d.-4-2017-073229-kotelna.pdf\">p\u0159\u00edloha \u010d. 4<\/a> (PDF, 379 kB)<\/p>\r\n<p><a href=\"https:\/\/www.praha7.cz\/wp-content\/uploads\/2020\/04\/P\u0159\u00edloha-\u010d.-5-2018-020632-kotelna.pdf\">p\u0159\u00edloha \u010d. 5<\/a> (PDF, 362 kB) \u00a0\u00a0 <a href=\"https:\/\/www.praha7.cz\/wp-content\/uploads\/2020\/04\/P\u0159\u00edloha-\u010d.-6-2018-031091-kotelna.pdf\">p\u0159\u00edloha \u010d. 6<\/a> (PDF, 519 kB)<\/p>\r\n<p><a href=\"https:\/\/www.praha7.cz\/wp-content\/uploads\/2020\/04\/P\u0159\u00edloha-\u010d.-7-2018-038036-kotelna.pdf\">p\u0159\u00edloha \u010d. 7<\/a> (PDF, 556 kB) \u00a0\u00a0 <a href=\"https:\/\/www.praha7.cz\/wp-content\/uploads\/2020\/04\/P\u0159\u00edloha-\u010d.-8-2018-057872-kotelna.pdf\">p\u0159\u00edloha \u010d. 8<\/a> (PDF, 429 kB)<\/p>\r\n<hr \/>\r\n<p>\u010c.j. &#8211; 23\/2020: \u017e\u00e1dost o&nbsp;poskytnut\u00ed informace ve v\u011bci:<br \/>\r\n<strong>Dokumenty ze stavebn\u00edch \u0159\u00edzen\u00ed.<\/strong><\/p>\r\n<p><a href=\"https:\/\/www.praha7.cz\/wp-content\/uploads\/2020\/04\/Odpov\u011b\u010f-CM-2020-106.pdf\">odpov\u011b\u010f<\/a> (PDF, 401 kB) <a href=\"https:\/\/www.praha7.cz\/wp-content\/uploads\/2020\/04\/Odpov\u011b\u010f-CM-2020-106-1.rtf\">odpov\u011b\u010f<\/a> (RTF, 281 kB)<\/p>\r\n<p><a href=\"https:\/\/www.praha7.cz\/wp-content\/uploads\/2020\/04\/P\u0159\u00edloha.pdf\">p\u0159\u00edloha<\/a> (PDF, 2,15 MB)<\/p>\r\n<hr \/>\r\n<p>\u010c.j. &#8211; 24\/2020: \u017e\u00e1dost o&nbsp;poskytnut\u00ed informace ve v\u011bci:<br \/>\r\n<strong>Zalo\u017een\u00ed dru\u017estva.<\/strong><\/p>\r\n<p><a href=\"https:\/\/www.praha7.cz\/wp-content\/uploads\/2020\/04\/Odpov\u011b\u010f-LP-106-1.pdf\">odpov\u011b\u010f<\/a> (PDF, 494 kB) <a href=\"https:\/\/www.praha7.cz\/wp-content\/uploads\/2020\/04\/Odpov\u011b\u010f-LP-106-1-2.rtf\">odpov\u011b\u010f<\/a> (RTF, 325 kB)<\/p>\r\n<hr \/>\r\n<p>\u010c.j. &#8211; 25\/2020: \u017e\u00e1dost o&nbsp;poskytnut\u00ed informace ve v\u011bci:<br \/>\r\n<strong>Pr\u016ftahy v&nbsp;\u0159\u00edzen\u00ed<\/strong>.<\/p>\r\n<p><a href=\"https:\/\/www.praha7.cz\/wp-content\/uploads\/2020\/04\/Odpov\u011b\u010f-M\u0160-106.pdf\">odpov\u011b\u010f<\/a> (PDF, 311 kB) <a href=\"https:\/\/www.praha7.cz\/wp-content\/uploads\/2020\/04\/Odpov\u011b\u010f-M\u0160-106-1.rtf\">odpov\u011b\u010f<\/a> (RTF, 296 kB)<\/p>\r\n<hr \/>\r\n<p>\u010c.j. &#8211; 26\/2020: \u017e\u00e1dost o&nbsp;poskytnut\u00ed informace ve v\u011bci:<br \/>\r\n<strong>Dokumenty ze stavebn\u00edch \u0159\u00edzen\u00ed.<\/strong><\/p>\r\n<p><a href=\"https:\/\/www.praha7.cz\/wp-content\/uploads\/2020\/04\/Odpov\u011b\u010f-1JN-SU.pdf\">odpov\u011b\u010f<\/a> (PDF, 298 kB) <a href=\"https:\/\/www.praha7.cz\/wp-content\/uploads\/2020\/04\/Odpov\u011b\u010f-1JN-SU-1.rtf\">odpov\u011b\u010f<\/a> (RTF, 270 kB)<\/p>\r\n<p><a href=\"https:\/\/www.praha7.cz\/wp-content\/uploads\/2020\/04\/P\u0159\u00edloha-\u010d.-1-N\u00e1mitka-podjatosti.pdf\">p\u0159\u00edloha \u010d. 1<\/a> (PDF, 126 kB) \u00a0\u00a0 <a href=\"https:\/\/www.praha7.cz\/wp-content\/uploads\/2020\/04\/P\u0159\u00edloha-\u010d.-2-Rozhodnut\u00ed.pdf\">p\u0159\u00edloha \u010d. 2<\/a> (PDF, 356 kB)<\/p>\r\n<hr \/>\r\n<p>\u010c.j. &#8211; 27\/2020: \u017e\u00e1dost o&nbsp;poskytnut\u00ed informace ve v\u011bci:<br \/>\r\n<strong>Dokumenty ze spr\u00e1vn\u00edch \u0159\u00edzen\u00ed.<\/strong><\/p>\r\n<p><a href=\"https:\/\/www.praha7.cz\/wp-content\/uploads\/2020\/04\/Odpov\u011b\u010f-JN-OSA.pdf\">odpov\u011b\u010f<\/a> (PDF, 305 kB) <a href=\"https:\/\/www.praha7.cz\/wp-content\/uploads\/2020\/04\/Odpov\u011b\u010f-JN-OSA-1.rtf\">odpov\u011b\u010f<\/a> (RTF, 280 kB)<\/p>\r\n<hr \/>\r\n<p>\u010c.j. &#8211; 28\/2020: \u017e\u00e1dost o&nbsp;poskytnut\u00ed informace ve v\u011bci:<br \/>\r\n<strong>Dislokace odd\u011blen\u00ed.<\/strong><\/p>\r\n<p><a href=\"https:\/\/www.praha7.cz\/wp-content\/uploads\/2020\/05\/Odpov\u011b\u010f-JD-4-106.pdf\">odpov\u011b\u010f<\/a> (PDF, 301 kB) <a href=\"https:\/\/www.praha7.cz\/wp-content\/uploads\/2020\/05\/Odpov\u011b\u010f-JD-4-106-1.rtf\">odpov\u011b\u010f<\/a> (RTF, 267 kB)<\/p>\r\n<p><a href=\"https:\/\/www.praha7.cz\/wp-content\/uploads\/2020\/06\/Odpov\u011b\u010f-JD-po-rozhodnut\u00ed.pdf\">odpov\u011b\u010f<\/a> (PDF, 304 kB) <a href=\"https:\/\/www.praha7.cz\/wp-content\/uploads\/2020\/06\/Odpov\u011b\u010f-JD-po-rozhodnut\u00ed-1.rtf\">odpov\u011b\u010f<\/a> (RTF, 279 kB)<\/p>\r\n<hr \/>\r\n<p>\u010c.j. &#8211; 29\/2020: \u017e\u00e1dost o&nbsp;poskytnut\u00ed informace ve v\u011bci:<br \/>\r\n<strong>Uplatn\u011bn\u00ed n\u00e1roku.<\/strong><\/p>\r\n<p><a href=\"https:\/\/www.praha7.cz\/wp-content\/uploads\/2020\/05\/Odpov\u011b\u010f-RM-106.pdf\">odpov\u011b\u010f<\/a> (PDF, 310 kB) <a href=\"https:\/\/www.praha7.cz\/wp-content\/uploads\/2020\/05\/Odpov\u011b\u010f-RM-106-1.rtf\">odpov\u011b\u010f<\/a> (RTF, 295 kB)<\/p>\r\n<hr \/>\r\n<p>\u010c.j. &#8211; 30\/2020: \u017e\u00e1dost o&nbsp;poskytnut\u00ed informace ve v\u011bci:<br \/>\r\n<strong>Dota\u010dn\u00ed \u0159\u00edzen\u00ed.<\/strong><\/p>\r\n<p><a href=\"https:\/\/www.praha7.cz\/wp-content\/uploads\/2020\/05\/Odpov\u011b\u010f-NJ-106.pdf\">odpov\u011b\u010f<\/a> (PDF, 304 kB) <a href=\"https:\/\/www.praha7.cz\/wp-content\/uploads\/2020\/05\/Odpov\u011b\u010f-NJ-106-1.rtf\">odpov\u011b\u010f<\/a> (RTF, 288 kB)<\/p>\r\n<hr \/>\r\n<p>\u010c.j. &#8211; 31\/2020: \u017e\u00e1dost o&nbsp;poskytnut\u00ed informace ve v\u011bci:<br \/>\r\n<strong>Stavebn\u00edch \u0159\u00edzen\u00ed.<\/strong><\/p>\r\n<p><a href=\"https:\/\/www.praha7.cz\/wp-content\/uploads\/2020\/06\/Odpov\u011b\u010f-IM-106.pdf\">odpov\u011b\u010f<\/a> (PDF, 487 kB) <a href=\"https:\/\/www.praha7.cz\/wp-content\/uploads\/2020\/06\/Odpov\u011b\u010f-IM-106-1.rtf\">odpov\u011b\u010f<\/a> (RTF, 296 kB)<\/p>\r\n<p><a href=\"https:\/\/www.praha7.cz\/wp-content\/uploads\/2020\/06\/P\u0159\u00edloha-\u010d.-1.xls\">p\u0159\u00edloha \u010d. 1<\/a> (XLS, 24,5 kB) \u00a0\u00a0<\/p>\r\n<hr \/>\r\n<p>\u010c.j. &#8211; 32\/2020: \u017e\u00e1dost o&nbsp;poskytnut\u00ed informace ve v\u011bci:<br \/>\r\n<strong>Reklamn\u00ed plochy.<\/strong><\/p>\r\n<p><a href=\"https:\/\/www.praha7.cz\/wp-content\/uploads\/2020\/06\/Odpov\u011b\u010f-ZJ-106.pdf\">odpov\u011b\u010f<\/a> (PDF, 302 kB) <a href=\"https:\/\/www.praha7.cz\/wp-content\/uploads\/2020\/06\/Odpov\u011b\u010f-ZJ-106-1.rtf\">odpov\u011b\u010f<\/a> (RTF, 300 kB)<\/p>\r\n<hr \/>\r\n<p>\u010c.j. &#8211; 33\/2020: \u017e\u00e1dost o&nbsp;poskytnut\u00ed informace ve v\u011bci:<br \/>\r\n<strong>Restaura\u010dn\u00ed za\u0159\u00edzen\u00ed.<\/strong><\/p>\r\n<p><a href=\"https:\/\/www.praha7.cz\/wp-content\/uploads\/2020\/06\/Odpov\u011b\u010f-LG-20.pdf\">odpov\u011b\u010f<\/a> (PDF, 322 kB) <a href=\"https:\/\/www.praha7.cz\/wp-content\/uploads\/2020\/06\/Odpov\u011b\u010f-LG-20-1.rtf\">odpov\u011b\u010f<\/a> (RTF, 296 kB)<\/p>\r\n<p><a href=\"https:\/\/www.praha7.cz\/wp-content\/uploads\/2020\/06\/P\u0159\u00edloha-\u010d.-1-\u017d\u00e1dost-o-povolen\u00ed-.pdf\">p\u0159\u00edloha \u010d. 1<\/a> (PDF, 81 kB) \u00a0\u00a0 <a href=\"https:\/\/www.praha7.cz\/wp-content\/uploads\/2020\/06\/P\u0159\u00edloha-\u010d.-2-Smlouva-o-v\u00fdp\u016fj\u010dce-TSK.pdf\">p\u0159\u00edloha \u010d. 2<\/a> (PDF, 306 kB)<\/p>\r\n<p><a href=\"https:\/\/www.praha7.cz\/wp-content\/uploads\/2020\/06\/P\u0159\u00edloha-\u010d.-3-Stanovisko-P\u010cR.pdf\">p\u0159\u00edloha \u010d. 3<\/a> (PDF, 373 kB) \u00a0\u00a0<a href=\"https:\/\/www.praha7.cz\/wp-content\/uploads\/2020\/06\/P\u0159\u00edloha-\u010d.-4-Rozhodnut\u00ed-odboru-pam\u00e1tkov\u00e9-p\u00e9\u010de.pdf\"> p\u0159\u00edloha \u010d. 4<\/a> (PDF, 579 kB)<\/p>\r\n<p><a href=\"https:\/\/www.praha7.cz\/wp-content\/uploads\/2020\/06\/P\u0159\u00edloha-\u010d.-5-Rozhodnut\u00ed-o-povolen\u00ed-z\u00e1boru.pdf\">p\u0159\u00edloha \u010d. 5<\/a> (PDF, 127 kB) \u00a0\u00a0 <a href=\"https:\/\/www.praha7.cz\/wp-content\/uploads\/2020\/06\/P\u0159\u00edloha-\u010d.-6-Rozhodnuti_o_prominuti_Ve\u0159ejn\u00e9-prostranstv\u00ed-MHMP-2020.pdf\">p\u0159\u00edloha \u010d. 6<\/a> (PDF, 266 kB)<\/p>\r\n<hr \/>\r\n<p>\u010c.j. &#8211; 34\/2020: \u017e\u00e1dost o&nbsp;poskytnut\u00ed informace ve v\u011bci:<br \/>\r\n<strong>Kopie rozhodnut\u00ed povolen\u00ed v&nbsp;zm\u011bn\u011b u\u017e\u00edv\u00e1n\u00ed.<\/strong><\/p>\r\n<p><a href=\"https:\/\/www.praha7.cz\/wp-content\/uploads\/2020\/06\/Odpov\u011b\u010f-JD-6-106.pdf\">odpov\u011b\u010f<\/a> (PDF, 301 kB) <a href=\"https:\/\/www.praha7.cz\/wp-content\/uploads\/2020\/06\/Odpov\u011b\u010f-JD-6-106-1.rtf\">odpov\u011b\u010f<\/a> (RTF, 298 kB)<\/p>\r\n<p><a href=\"https:\/\/www.praha7.cz\/wp-content\/uploads\/2020\/06\/P\u0159\u00edloha-Rozhodnut\u00ed-o-zm\u011bn\u011b-u\u017e\u00edv\u00e1n\u00ed_Letohradsk\u00e1-7B.pdf\">p\u0159\u00edloha<\/a>\u00a0 (PDF, 99 kB) \u00a0\u00a0<\/p>\r\n<hr \/>\r\n<p>\u010c.j. &#8211; 35\/2020: \u017e\u00e1dost o&nbsp;poskytnut\u00ed informace ve v\u011bci:<br \/>\r\n<strong>Restaura\u010dn\u00ed za\u0159\u00edzen\u00ed.<\/strong><\/p>\r\n<p><a href=\"https:\/\/www.praha7.cz\/wp-content\/uploads\/2020\/06\/Odpov\u011b\u010f-LG-1-20.pdf\">odpov\u011b\u010f<\/a> (PDF, 322 kB)\u00a0<a href=\"https:\/\/www.praha7.cz\/wp-content\/uploads\/2020\/06\/Odpov\u011b\u010f-LG-1-20-1.rtf\">odpov\u011b\u010f<\/a> (RTF, 288 kB)<\/p>\r\n<hr \/>\r\n<p>\u010c.j. &#8211; 36\/2020: \u017e\u00e1dost o&nbsp;poskytnut\u00ed informace ve v\u011bci:<br \/>\r\n<strong>Evidence nemovit\u00e9ho majetku.<\/strong><\/p>\r\n<p><a href=\"https:\/\/www.praha7.cz\/wp-content\/uploads\/2020\/07\/Odpov\u011b\u010f-MH-106.pdf\">odpov\u011b\u010f<\/a> (PDF, 322 kB)\u00a0<a href=\"https:\/\/www.praha7.cz\/wp-content\/uploads\/2020\/07\/Odpov\u011b\u010f-MH-106-1.rtf\">odpov\u011b\u010f<\/a> (RTF, 315 kB)<\/p>\r\n<hr \/>\r\n<p>\u010c.j. &#8211; 37\/2020: \u017e\u00e1dost o&nbsp;poskytnut\u00ed informace ve v\u011bci:<br \/>\r\n<strong>Statistika stavebn\u00edch \u0159\u00edzen\u00ed.<\/strong><\/p>\r\n<p><a href=\"https:\/\/www.praha7.cz\/wp-content\/uploads\/2020\/07\/Odpov\u011b\u010f-MF106.pdf\">odpov\u011b\u010f<\/a> (PDF, 316 kB)\u00a0<a href=\"https:\/\/www.praha7.cz\/wp-content\/uploads\/2020\/07\/Odpov\u011b\u010f-MF106-1.rtf\">odpov\u011b\u010f<\/a> (RTF, 318 kB)<\/p>\r\n<hr \/>\r\n<p>\u010c.j. &#8211; 38\/2020: \u017e\u00e1dost o&nbsp;poskytnut\u00ed informace ve v\u011bci:<br \/>\r\n<strong>Po\u010dty trvale \u017eij\u00edc\u00edch osob.<\/strong><\/p>\r\n<p><a href=\"https:\/\/www.praha7.cz\/wp-content\/uploads\/2020\/07\/Odpov\u011b\u010f-SBCP-106.pdf\">odpov\u011b\u010f<\/a> (PDF, 322 kB)\u00a0<a href=\"https:\/\/www.praha7.cz\/wp-content\/uploads\/2020\/07\/Odpov\u011b\u010f-SBCP-106-1.rtf\">odpov\u011b\u010f<\/a> (RTF, 288 kB)<\/p>\r\n<hr \/>\r\n<p>\u010c.j. &#8211; 39\/2020: \u017e\u00e1dost o&nbsp;poskytnut\u00ed informace ve v\u011bci:<br \/>\r\n<strong>Kopie n\u00e1jemn\u00ed smlouvy.<\/strong><\/p>\r\n<p><a href=\"https:\/\/www.praha7.cz\/wp-content\/uploads\/2020\/07\/Odpov\u011b\u010f-ZB-106.pdf\">odpov\u011b\u010f<\/a> (PDF, 305 kB) <a href=\"https:\/\/www.praha7.cz\/wp-content\/uploads\/2020\/07\/Odpov\u011b\u010f-ZB-106-1.rtf\">odpov\u011b\u010f<\/a> (RTF, 285 kB)<\/p>\r\n<p><a href=\"https:\/\/www.praha7.cz\/wp-content\/uploads\/2020\/07\/P\u0159\u00edloha-.pdf\">p\u0159\u00edloha<\/a>\u00a0 (PDF, 1,28 MB) \u00a0\u00a0<\/p>\r\n<hr \/>\r\n<p>\u010c.j. &#8211; 40\/2020: \u017e\u00e1dost o&nbsp;poskytnut\u00ed informace ve v\u011bci:<br \/>\r\n<strong>Seznam voln\u00fdch prostor.<\/strong><\/p>\r\n<p><a href=\"https:\/\/www.praha7.cz\/wp-content\/uploads\/2020\/08\/Odpov\u011b\u010f-\u0160K-106.pdf\">odpov\u011b\u010f<\/a> (PDF, 306 kB) <a href=\"https:\/\/www.praha7.cz\/wp-content\/uploads\/2020\/08\/Odpov\u011b\u010f-\u0160K-106-1.rtf\">odpov\u011b\u010f<\/a> (RTF, 298 kB)<\/p>\r\n<hr \/>\r\n<p>\u010c.j. &#8211; 41\/2020: \u017e\u00e1dost o&nbsp;poskytnut\u00ed informace ve v\u011bci:<br \/>\r\n<strong>Koncepce boje proti ru\u0161en\u00ed no\u010dn\u00edho klidu<\/strong>.<\/p>\r\n<p><a href=\"https:\/\/www.praha7.cz\/wp-content\/uploads\/2020\/08\/Odpov\u011b\u010f-LG-20-21.pdf\">odpov\u011b\u010f<\/a> (PDF, 411 kB) <a href=\"https:\/\/www.praha7.cz\/wp-content\/uploads\/2020\/08\/Odpov\u011b\u010f-LG-20-21-1.rtf\">odpov\u011b\u010f<\/a> (RTF, 276 kB)<\/p>\r\n<hr \/>\r\n<p>\u010c.j. &#8211; 42\/2020: \u017e\u00e1dost o&nbsp;poskytnut\u00ed informace ve v\u011bci:<br \/>\r\n<strong>Seznam byt\u016f k&nbsp;privatizaci.<\/strong><\/p>\r\n<p><a href=\"https:\/\/www.praha7.cz\/wp-content\/uploads\/2020\/08\/Odpov\u011b\u010f-PJ-106.pdf\">odpov\u011b\u010f<\/a> (PDF, 306 kB) <a href=\"https:\/\/www.praha7.cz\/wp-content\/uploads\/2020\/08\/Odpov\u011b\u010f-PJ-106-1.rtf\">odpov\u011b\u010f<\/a> (RTF, 281 kB)<\/p>\r\n<hr \/>\r\n<p>\u010c.j. &#8211; 43\/2020: \u017e\u00e1dost o&nbsp;poskytnut\u00ed informace ve v\u011bci:<br \/>\r\n<strong>Statut komunikace a&nbsp;pozemku.<\/strong><\/p>\r\n<p><a href=\"https:\/\/www.praha7.cz\/wp-content\/uploads\/2020\/08\/Odpov\u011b\u010f-GA-106.pdf\">odpov\u011b\u010f<\/a> (PDF, 300 kB) <a href=\"https:\/\/www.praha7.cz\/wp-content\/uploads\/2020\/08\/Odpov\u011b\u010f-GA-106-1.rtf\">odpov\u011b\u010f<\/a> (RTF, 284 kB)<\/p>\r\n<hr \/>\r\n<p>\u010c.j. &#8211; 44\/2020: \u017e\u00e1dost o&nbsp;poskytnut\u00ed informace ve v\u011bci:<br \/>\r\n<strong>Zam\u011bstnaneck\u00e9 benefity.<\/strong><\/p>\r\n<p><a href=\"https:\/\/www.praha7.cz\/wp-content\/uploads\/2020\/08\/Odpov\u011b\u010f-RP-106-1.pdf\">odpov\u011b\u010f<\/a> (PDF, 503 kB) <a href=\"https:\/\/www.praha7.cz\/wp-content\/uploads\/2020\/08\/Odpov\u011b\u010f-RP-106-1-1.rtf\">odpov\u011b\u010f<\/a> (RTF, 378 kB)<\/p>\r\n<hr \/>\r\n<p>\u010c.j. &#8211; 45\/2020: \u017e\u00e1dost o&nbsp;poskytnut\u00ed informace ve v\u011bci:<br \/>\r\n<strong>Kopie dokument\u016f ke kulturn\u00ed akci.<\/strong><\/p>\r\n<p><a href=\"https:\/\/www.praha7.cz\/wp-content\/uploads\/2020\/08\/Odpov\u011b\u010f-LG-20-2.pdf\">odpov\u011b\u010f<\/a> (PDF, 326 kB) <a href=\"https:\/\/www.praha7.cz\/wp-content\/uploads\/2020\/08\/Odpov\u011b\u010f-LG-20-2-1.rtf\">odpov\u011b\u010f<\/a> (RTF, 327 kB)<\/p>\r\n<p><a href=\"https:\/\/www.praha7.cz\/wp-content\/uploads\/2020\/08\/P\u0159\u00edloha-\u010d.-1.pdf\">p\u0159\u00edloha \u010d. 1<\/a> (PDF, 821 kB) \u00a0\u00a0 <a href=\"https:\/\/www.praha7.cz\/wp-content\/uploads\/2020\/08\/P\u0159\u00edloha-\u010d.-2.pdf\">p\u0159\u00edloha \u010d. 2<\/a> (PDF, 426 kB)<\/p>\r\n<p><a href=\"https:\/\/www.praha7.cz\/wp-content\/uploads\/2020\/08\/P\u0159\u00edloha-\u010d.-3.pdf\">p\u0159\u00edloha \u010d. 3<\/a> (PDF, 2,8 MB) \u00a0\u00a0 <a href=\"https:\/\/www.praha7.cz\/wp-content\/uploads\/2020\/08\/P\u0159\u00edloha-\u010d.-4.pdf\">p\u0159\u00edloha \u010d. 4<\/a> (PDF, 484 kB)<\/p>\r\n<p><a href=\"https:\/\/www.praha7.cz\/wp-content\/uploads\/2020\/08\/P\u0159\u00edloha-\u010d.-5.pdf\">p\u0159\u00edloha \u010d. 5<\/a> (PDF, 857 kB) \u00a0 \u00a0<\/p>\r\n<hr \/>\r\n<p>\u010c.j. &#8211; 46\/2020: \u017e\u00e1dost o&nbsp;poskytnut\u00ed informace ve v\u011bci:<br \/>\r\n<strong>P\u0159ehled rozhodnut\u00ed stavebn\u00edho \u00fa\u0159adu.<\/strong><\/p>\r\n<p><a href=\"https:\/\/www.praha7.cz\/wp-content\/uploads\/2020\/08\/Odpov\u011b\u010f-IM-2-106.pdf\">odpov\u011b\u010f<\/a> (PDF, 486 kB) <a href=\"https:\/\/www.praha7.cz\/wp-content\/uploads\/2020\/08\/Odpov\u011b\u010f-IM-2-106-1.rtf\">odpov\u011b\u010f<\/a> (RTF, 306 kB)<\/p>\r\n<p><a href=\"https:\/\/www.praha7.cz\/wp-content\/uploads\/2020\/08\/P\u0159\u00edloha.pdf\">p\u0159\u00edloha<\/a> (PDF, 220 kB) \u00a0<\/p>\r\n<hr \/>\r\n<p>\u010c.j. &#8211; 47\/2020: \u017e\u00e1dost o&nbsp;poskytnut\u00ed informace ve v\u011bci:<br \/>\r\n<strong>Kopie dokumentu stavebn\u00edho \u0159\u00edzen\u00ed.<\/strong><\/p>\r\n<p><a href=\"https:\/\/www.praha7.cz\/wp-content\/uploads\/2020\/08\/Odpov\u011b\u010f-SL106.pdf\">odpov\u011b\u010f<\/a> (PDF, 310 kB) <a href=\"https:\/\/www.praha7.cz\/wp-content\/uploads\/2020\/08\/Odpov\u011b\u010f-SL106-1.rtf\">odpov\u011b\u010f<\/a> (RTF, 282 kB)<\/p>\r\n<p><a href=\"https:\/\/www.praha7.cz\/wp-content\/uploads\/2020\/08\/P\u0159\u00edloha-1.pdf\">p\u0159\u00edloha<\/a> (PDF, 1,62 MB) \u00a0<\/p>\r\n<hr \/>\r\n<p>\u010c.j. &#8211; 48\/2020: \u017e\u00e1dost o&nbsp;poskytnut\u00ed informace ve v\u011bci:<br \/>\r\n<strong>Kopie dokument\u016f ke kulturn\u00ed akci.<\/strong><\/p>\r\n<p><a href=\"https:\/\/www.praha7.cz\/wp-content\/uploads\/2020\/09\/Odpov\u011b\u010f-LG-20-8.pdf\">odpov\u011b\u010f<\/a> (PDF, 326 kB) <a href=\"https:\/\/www.praha7.cz\/wp-content\/uploads\/2020\/09\/Odpov\u011b\u010f-LG-20-8-1.rtf\">odpov\u011b\u010f<\/a> (RTF, 331 kB)<\/p>\r\n<p><a href=\"https:\/\/www.praha7.cz\/wp-content\/uploads\/2020\/09\/P\u0159\u00edloha-\u010d.-1-\u017e\u00e1dost.pdf\">p\u0159\u00edloha \u010d. 1<\/a> (PDF, 814 kB) \u00a0\u00a0 <a href=\"https:\/\/www.praha7.cz\/wp-content\/uploads\/2020\/09\/P\u0159\u00edloha-\u010d.-2-pl\u00e1nek.pdf\">p\u0159\u00edloha \u010d. 2<\/a> (PDF, 375 kB)<\/p>\r\n<p><a href=\"https:\/\/www.praha7.cz\/wp-content\/uploads\/2020\/09\/P\u0159\u00edloha-\u010d.-3-P\u010cR.pdf\">p\u0159\u00edloha \u010d. 3<\/a> (PDF, 323 kB) \u00a0\u00a0 <a href=\"https:\/\/www.praha7.cz\/wp-content\/uploads\/2020\/09\/P\u0159\u00edloha-\u010d.-4-n\u00e1jsml.pdf\">p\u0159\u00edloha \u010d. 4<\/a> (PDF, 3944 kB)<\/p>\r\n<p><a href=\"https:\/\/www.praha7.cz\/wp-content\/uploads\/2020\/09\/P\u0159\u00edloha-\u010d.-5-rozhodnut\u00ed.pdf\">p\u0159\u00edloha \u010d. 5<\/a> (PDF, 654 kB) \u00a0 \u00a0<\/p>\r\n<hr \/>\r\n<p>\u010c.j. &#8211; 49\/2020: \u017e\u00e1dost o&nbsp;poskytnut\u00ed informace ve v\u011bci:<br \/>\r\n<strong>Kopie dokument\u016f stavebn\u00edho \u0159\u00edzen\u00ed.<\/strong><\/p>\r\n<p><a href=\"https:\/\/www.praha7.cz\/wp-content\/uploads\/2020\/09\/Odpov\u011b\u010f-CM-2020-9-106.pdf\">odpov\u011b\u010f<\/a> (PDF, 400 kB)<a href=\"https:\/\/www.praha7.cz\/wp-content\/uploads\/2020\/09\/Odpov\u011b\u010f-CM-2020-9-106-1.rtf\"> odpov\u011b\u010f<\/a> (RTF, 287 kB)<\/p>\r\n<p><a href=\"https:\/\/www.praha7.cz\/wp-content\/uploads\/2020\/09\/P\u0159\u00edloha.pdf\">p\u0159\u00edloha<\/a> (PDF, 475 kB) \u00a0<\/p>\r\n<hr \/>\r\n<p>\u010c.j. &#8211; 50\/2020: \u017e\u00e1dost o&nbsp;poskytnut\u00ed informace ve v\u011bci:<br \/>\r\n<strong>Dotaz ke stavebn\u00edmu \u0159\u00edzen\u00ed.<\/strong><\/p>\r\n<p><a href=\"https:\/\/www.praha7.cz\/wp-content\/uploads\/2020\/09\/Odpov\u011b\u010f-JK-106.pdf\">odpov\u011b\u010f<\/a> (PDF, 304 kB) <a href=\"https:\/\/www.praha7.cz\/wp-content\/uploads\/2020\/09\/Odpov\u011b\u010f-JK-106-1.rtf\">odpov\u011b\u010f<\/a> (RTF, 292 kB)<\/p>\r\n<hr \/>\r\n<p>\u010c.j. &#8211; 51\/2020: \u017e\u00e1dost o&nbsp;poskytnut\u00ed informace ve v\u011bci:<br \/>\r\n<strong>Kopie kolauda\u010dn\u00edho rozhodnut\u00ed.<\/strong><\/p>\r\n<p><a href=\"https:\/\/www.praha7.cz\/wp-content\/uploads\/2020\/09\/Odpov\u011b\u010f-MI-106.pdf\">odpov\u011b\u010f<\/a> (PDF, 295 kB) <a href=\"https:\/\/www.praha7.cz\/wp-content\/uploads\/2020\/09\/Odpov\u011b\u010f-MI-106-1.rtf\">odpov\u011b\u010f<\/a> (RTF, 272 kB)<\/p>\r\n<p><a href=\"https:\/\/www.praha7.cz\/wp-content\/uploads\/2020\/09\/P\u0159\u00edloha-1.pdf\">p\u0159\u00edloha<\/a> (PDF, 574 kB) \u00a0<\/p>\r\n<hr \/>\r\n<p>\u010c.j. &#8211; 52\/2020: \u017e\u00e1dost o&nbsp;poskytnut\u00ed informace ve v\u011bci:<br \/>\r\n<strong>Kolauda\u010dn\u00ed rozhodnut\u00ed.<\/strong><\/p>\r\n<p><a href=\"https:\/\/www.praha7.cz\/wp-content\/uploads\/2020\/10\/Odpov\u011b\u010f-MI-2-106.pdf\">odpov\u011b\u010f<\/a> (PDF, 304 kB) <a href=\"https:\/\/www.praha7.cz\/wp-content\/uploads\/2020\/10\/Odpov\u011b\u010f-MI-2-106-1.rtf\">odpov\u011b\u010f<\/a> (RTF, 284 kB)<\/p>\r\n<p><a href=\"https:\/\/www.praha7.cz\/wp-content\/uploads\/2020\/10\/P\u0159\u00edloha.pdf\">p\u0159\u00edloha<\/a> (PDF, 1,87 MB) \u00a0<\/p>\r\n<hr \/>\r\n<p>\u010c.j. &#8211; 53\/2020: \u017e\u00e1dost o&nbsp;poskytnut\u00ed informace ve v\u011bci:<br \/>\r\n<strong>Um\u00edst\u011bn\u00ed dopravn\u00edho zna\u010den\u00ed.<\/strong><\/p>\r\n<p><a href=\"https:\/\/www.praha7.cz\/wp-content\/uploads\/2020\/10\/Odpov\u011b\u010f-106-HA.pdf\">odpov\u011b\u010f<\/a> (PDF, 394 kB) <a href=\"https:\/\/www.praha7.cz\/wp-content\/uploads\/2020\/10\/Odpov\u011b\u010f-106-HA-1.rtf\">odpov\u011b\u010f<\/a> (RTF, 321 kB)<\/p>\r\n<hr \/>\r\n<p>\u010c.j. &#8211; 54\/2020: \u017e\u00e1dost o&nbsp;poskytnut\u00ed informace ve v\u011bci:<\/p>\r\n<p><strong>Pracovn\u00ed pozice.<\/strong><\/p>\r\n<p><a href=\"https:\/\/www.praha7.cz\/wp-content\/uploads\/2020\/10\/Odpov\u011b\u010f-N\u0160-106.pdf\">odpov\u011b\u010f<\/a> (PDF, 303 kB) <a href=\"https:\/\/www.praha7.cz\/wp-content\/uploads\/2020\/10\/Odpov\u011b\u010f-N\u0160-106-1.rtf\">odpov\u011b\u010f<\/a> (RTF, 304 kB)<\/p>\r\n<hr \/>\r\n<p>\u010c.j. &#8211; 55\/2020: \u017e\u00e1dost o&nbsp;poskytnut\u00ed informace ve v\u011bci:<br \/>\r\n<strong>P\u0159ehled stavebn\u00edch \u0159\u00edzen\u00ed za ur\u010dit\u00e9 obdob\u00ed.<\/strong><\/p>\r\n<p><a href=\"https:\/\/www.praha7.cz\/wp-content\/uploads\/2020\/10\/Odpov\u011b\u010f-IM-2020-106.pdf\">odpov\u011b\u010f<\/a> (PDF, 564 kB) <a href=\"https:\/\/www.praha7.cz\/wp-content\/uploads\/2020\/10\/Odpov\u011b\u010f-IM-2020-106.rtf\">odpov\u011b\u010f<\/a> (RTF, 295 kB)<\/p>\r\n<p><a href=\"https:\/\/www.praha7.cz\/wp-content\/uploads\/2020\/10\/P\u0159\u00edloha-1.7.2020-30.9.2020.xls\">p\u0159\u00edloha<\/a> (XLS, 28 kB) \u00a0<\/p>\r\n<hr \/>\r\n<p>\u010c.j. &#8211; 56\/2020: \u017e\u00e1dost o&nbsp;poskytnut\u00ed informace ve v\u011bci:<br \/>\r\n<strong>Spr\u00e1va nemovitost\u00ed, smlouvy o&nbsp;dod\u00e1vce energi\u00ed.<\/strong><\/p>\r\n<p><a href=\"https:\/\/www.praha7.cz\/wp-content\/uploads\/2020\/10\/Odpov\u011b\u010f-MF106.pdf\">odpov\u011b\u010f<\/a> (PDF, 316 kB) <a href=\"https:\/\/www.praha7.cz\/wp-content\/uploads\/2020\/10\/Odpov\u011b\u010f-MF106.rtf\">odpov\u011b\u010f<\/a> (RTF, 292 kB)<\/p>\r\n<p><a href=\"https:\/\/www.praha7.cz\/wp-content\/uploads\/2020\/10\/P\u0159\u00edloha-\u010d.-1-PLYN-smlouvy26102020091541.pdf\">p\u0159\u00edloha \u010d. 1<\/a> (PDF, 4,02 MB) \u00a0\u00a0 <a href=\"https:\/\/www.praha7.cz\/wp-content\/uploads\/2020\/10\/P\u0159\u00edloha-\u010d.-2-PRE-smlouvy26102020085846.pdf\">p\u0159\u00edloha \u010d. 2<\/a> (PDF, 2,46 MB)<\/p>\r\n<p><a href=\"https:\/\/www.praha7.cz\/wp-content\/uploads\/2020\/10\/P\u0159\u00edloha-\u010d.-3-PVK26102020092006.pdf\">p\u0159\u00edloha \u010d. 3<\/a> (PDF, 3,66 MB) \u00a0\u00a0 <a href=\"https:\/\/www.praha7.cz\/wp-content\/uploads\/2020\/10\/P\u0159\u00edloha-\u010d.-4-spr\u00e1va-nemovitost\u00ed.pdf\">p\u0159\u00edloha \u010d. 4<\/a> (PDF, 1,3 MB)<\/p>\r\n<p><a href=\"https:\/\/www.praha7.cz\/wp-content\/uploads\/2020\/10\/P\u0159\u00edloha-\u010d.-5-tabulka-energie.xlsx\">p\u0159\u00edloha \u010d. 5<\/a> (XLSX, 12 kB) \u00a0<\/p>\r\n<hr \/>\r\n<p>\u010c.j. &#8211; 57\/2020: \u017e\u00e1dost o&nbsp;poskytnut\u00ed informace ve v\u011bci:<br \/>\r\n<strong>Soudn\u00ed spory.<\/strong><\/p>\r\n<p><a href=\"https:\/\/www.praha7.cz\/wp-content\/uploads\/2020\/11\/Odpov\u011b\u010f-106-MM.pdf\">odpov\u011b\u010f<\/a> (PDF, 541 kB) <a href=\"https:\/\/www.praha7.cz\/wp-content\/uploads\/2020\/11\/Odpov\u011b\u010f-106-MM.rtf\">odpov\u011b\u010f<\/a> (RTF, 298 kB)<\/p>\r\n<hr \/>\r\n<p>\u010c.j. &#8211; 58\/2020: \u017e\u00e1dost o&nbsp;poskytnut\u00ed informace ve v\u011bci:<br \/>\r\n<strong>Odd\u011blen\u00ed privatizace.<\/strong><\/p>\r\n<p><a href=\"https:\/\/www.praha7.cz\/wp-content\/uploads\/2020\/11\/Odpov\u011b\u010f-DW-106.pdf\">odpov\u011b\u010f<\/a> (PDF, 322 kB) <a href=\"https:\/\/www.praha7.cz\/wp-content\/uploads\/2020\/11\/Odpov\u011b\u010f-DW-106.rtf\">odpov\u011b\u010f<\/a> (RTF, 299 kB)<\/p>\r\n<hr \/>\r\n<p>\u010c.j. &#8211; 59\/2020: \u017e\u00e1dost o&nbsp;poskytnut\u00ed informace ve v\u011bci:<br \/>\r\n<strong>Pl\u00e1n stavebn\u00edch z\u00e1sah\u016f do ulice.<\/strong><\/p>\r\n<p><a href=\"https:\/\/www.praha7.cz\/wp-content\/uploads\/2020\/11\/Odpov\u011b\u010f-106\u0160.pdf\">odpov\u011b\u010f<\/a> (PDF, 310 kB) <a href=\"https:\/\/www.praha7.cz\/wp-content\/uploads\/2020\/11\/Odpov\u011b\u010f-106\u0160.rtf\">odpov\u011b\u010f<\/a> (RTF, 286 kB)<\/p>\r\n<hr \/>\r\n<p>\u010c.j. &#8211; 60\/2020: \u017e\u00e1dost o&nbsp;poskytnut\u00ed informace ve v\u011bci:<br \/>\r\n<strong>Stavebn\u00ed \u0159\u00edzen\u00ed.<\/strong><\/p>\r\n<p><a href=\"https:\/\/www.praha7.cz\/wp-content\/uploads\/2020\/12\/Odpov\u011b\u010fLF-106.pdf\">odpov\u011b\u010f<\/a> (PDF, 573 kB) <a href=\"https:\/\/www.praha7.cz\/wp-content\/uploads\/2020\/12\/Odpov\u011b\u010fLF-106.rtf\">odpov\u011b\u010f<\/a> (RTF, 273 kB)<\/p>\r\n<hr \/>\r\n<p>\u010c.j. &#8211; 61\/2020: \u017e\u00e1dost o&nbsp;poskytnut\u00ed informace ve v\u011bci:<br \/>\r\n<strong>N\u00e1vrhy na pojmenov\u00e1n\u00ed.<\/strong><\/p>\r\n<p><a href=\"https:\/\/www.praha7.cz\/wp-content\/uploads\/2020\/12\/Odpov\u011b\u010f-JN-106.pdf\">odpov\u011b\u010f<\/a> (PDF, 300 kB) <a href=\"https:\/\/www.praha7.cz\/wp-content\/uploads\/2020\/12\/Odpov\u011b\u010f-JN-106.rtf\">odpov\u011b\u010f<\/a> (RTF, 275 kB)<\/p>\r\n<p><a href=\"https:\/\/www.praha7.cz\/wp-content\/uploads\/2020\/12\/P\u0159\u00edloha-n\u00e1vrhy-na-pojmenov\u00e1n\u00ed-parku.pdf\">p\u0159\u00edloha<\/a>\u00a0 \u00a0 (PDF, 312 kB)\u00a0 <a href=\"https:\/\/www.praha7.cz\/wp-content\/uploads\/2020\/12\/P\u0159\u00edloha-n\u00e1vrhy-na-pojmenov\u00e1n\u00ed-parku.rtf\">\u00a0p\u0159\u00edloha<\/a>\u00a0 \u00a0(RTF, 256 kB)<\/p>\r\n<hr \/>\r\n<p>\u010c.j. &#8211; 62\/2020: \u017e\u00e1dost o&nbsp;poskytnut\u00ed informace ve v\u011bci:<br \/>\r\n<strong>Vyu\u017eit\u00ed voln\u00e9ho \u010dasu senior\u016f.<\/strong><\/p>\r\n<p><a href=\"https:\/\/www.praha7.cz\/wp-content\/uploads\/2020\/12\/Odpov\u011b\u010f-VS-106.pdf\">odpov\u011b\u010f<\/a> (PDF, 497 kB) <a href=\"https:\/\/www.praha7.cz\/wp-content\/uploads\/2020\/12\/Odpov\u011b\u010f-VS-106.rtf\">odpov\u011b\u010f<\/a> (RTF, 317 kB)<\/p>\r\n<hr \/>\r\n                <\/div>\r\n            <\/div>\r\n        <\/div>\r\n    \r\n        <div class=\"collapse-block\">\r\n            <div class=\"card-header\" role=\"tab\" id=\"heading474d2bdd30bf389328753b8077b7774c8f9eddc7\">\r\n                                    <h3 class=\"mb-0\">\r\n                        <a data-toggle=\"collapse\" href=\"#collapse474d2bdd30bf389328753b8077b7774c8f9eddc7\" aria-controls=\"collapse474d2bdd30bf389328753b8077b7774c8f9eddc7\">\r\n                            Rok 2019                            <i class=\"fa fa-2x fa-angle-down\" aria-hidden=\"true\"><\/i>\r\n                        <\/a>\r\n                    <\/h3>\r\n                                \r\n            <\/div>\r\n\r\n            <div id=\"collapse474d2bdd30bf389328753b8077b7774c8f9eddc7\" class=\"collapse\" data-id=\"474d2bdd30bf389328753b8077b7774c8f9eddc7\" role=\"tabpanel\" aria-labelledby=\"heading474d2bdd30bf389328753b8077b7774c8f9eddc7\">\r\n                <div class=\"card-block\">\r\n    \r\n<p>\u010c.j. &#8211; 1\/2019: \u017e\u00e1dost o&nbsp;poskytnut\u00ed informace ve v\u011bci:<br \/>\r\n<strong>Spolupr\u00e1ce s&nbsp;ur\u010ditou osobou a&nbsp;po\u010det obyvatel m\u011bstsk\u00e9 \u010d\u00e1sti.<\/strong><\/p>\r\n<p><a href=\"https:\/\/www.praha7.cz\/wp-content\/uploads\/2019\/01\/Odpov\u011b\u010f-MP.pdf\">odpov\u011b\u010f<\/a> (PDF,\u00a0157 kB) <a href=\"https:\/\/www.praha7.cz\/wp-content\/uploads\/2019\/01\/Odpov\u011b\u010f-MP.rtf\">odpov\u011b\u010f<\/a> (RTF, 238 kB)<\/p>\r\n<hr \/>\r\n<p>\u010c.j. &#8211; 2\/2019: \u017e\u00e1dost o&nbsp;poskytnut\u00ed informace ve v\u011bci:<br \/>\r\n<strong>Z\u0159\u00edzen\u00ed p\u0159\u00edrodn\u00edch park\u016f, park\u016f a&nbsp;lesopark\u016f v&nbsp;m\u011bstsk\u00e9 \u010d\u00e1sti.<\/strong><\/p>\r\n<p><a href=\"https:\/\/www.praha7.cz\/wp-content\/uploads\/2019\/01\/Odpov\u011b\u010f-SJ.pdf\">odpov\u011b\u010f<\/a> (PDF,\u00a0198 kB) <a href=\"https:\/\/www.praha7.cz\/wp-content\/uploads\/2019\/01\/Odpov\u011b\u010f-SJ.rtf\">odpov\u011b\u010f<\/a> (RTF, 235 kB)<\/p>\r\n<hr \/>\r\n<p>\u010c.j. &#8211; 3\/2019: \u017e\u00e1dost o&nbsp;poskytnut\u00ed informace ve v\u011bci:<br \/>\r\n<strong>GDPR a&nbsp;po\u010dtu zam\u011bstnanc\u016f \u00da\u0159adu M\u010c Praha&nbsp;7.<\/strong><\/p>\r\n<p><a href=\"https:\/\/www.praha7.cz\/wp-content\/uploads\/2019\/01\/Odpov\u011b\u010f-KN-2.pdf\">odpov\u011b\u010f<\/a> (PDF, 215 kB) <a href=\"https:\/\/www.praha7.cz\/wp-content\/uploads\/2019\/01\/Odpov\u011b\u010f-KN-2.rtf\">odpov\u011b\u010f<\/a> (RTF, 259 kB)<\/p>\r\n<hr \/>\r\n<p>\u010c.j. &#8211; 4\/2019: \u017e\u00e1dost o&nbsp;poskytnut\u00ed informace ve v\u011bci:<br \/>\r\n<strong>Pravidel m\u011bstsk\u00e9 \u010d\u00e1sti Praha&nbsp;7 pro uzav\u00edr\u00e1n\u00ed n\u00e1jemn\u00edch smluv na nebytov\u00e9 prostory.<\/strong><\/p>\r\n<p><a href=\"https:\/\/www.praha7.cz\/wp-content\/uploads\/2019\/01\/Odpov\u011b\u010f-MV-3.pdf\">odpov\u011b\u010f<\/a> (PDF, 214 kB) <a href=\"https:\/\/www.praha7.cz\/wp-content\/uploads\/2019\/01\/Odpov\u011b\u010f-MV-3.rtf\">odpov\u011b\u010f<\/a> (RTF, 259 kB)<\/p>\r\n<hr \/>\r\n<p>\u010c.j. &#8211; 5\/2019: \u017e\u00e1dost o&nbsp;poskytnut\u00ed informace ve v\u011bci:<br \/>\r\n<strong>Dokumentace z&nbsp;vybran\u00fdch stavebn\u00edch \u0159\u00edzen\u00ed.<\/strong><\/p>\r\n<p><a href=\"https:\/\/www.praha7.cz\/wp-content\/uploads\/2019\/01\/Odpov\u011b\u010f-CM-1-19.pdf\">odpov\u011b\u010f<\/a> (PDF, 162 kB) <a href=\"https:\/\/www.praha7.cz\/wp-content\/uploads\/2019\/01\/Odpov\u011b\u010f-CM-1-19.rtf\">odpov\u011b\u010f<\/a> (RTF, 244 kB)<\/p>\r\n<hr \/>\r\n<p>\u010c.j. &#8211; 6\/2019: \u017e\u00e1dost o&nbsp;poskytnut\u00ed informace ve v\u011bci:<br \/>\r\n<strong>Vlastnictv\u00ed byt\u016f m\u011bstsk\u00e9 \u010d\u00e1sti Praha&nbsp;7.<\/strong><\/p>\r\n<p><a href=\"https:\/\/www.praha7.cz\/wp-content\/uploads\/2019\/01\/Odpov\u011b\u010f-RC.pdf\">odpov\u011b\u010f<\/a> (PDF, 158 kB) <a href=\"https:\/\/www.praha7.cz\/wp-content\/uploads\/2019\/01\/Odpov\u011b\u010f-RC.rtf\">odpov\u011b\u010f<\/a> (RTF, 239 kB)<\/p>\r\n<hr \/>\r\n<p>\u010c.j. &#8211; 7\/2019: \u017e\u00e1dost o&nbsp;poskytnut\u00ed informace ve v\u011bci:<br \/>\r\n<strong>M\u011bstsk\u00e9ho mobili\u00e1\u0159e a&nbsp;zelen\u011b.<\/strong><\/p>\r\n<p><a href=\"https:\/\/www.praha7.cz\/wp-content\/uploads\/2019\/02\/Odpov\u011b\u010f-JM-2019.pdf\">odpov\u011b\u010f<\/a> (PDF, 290 kB) <a href=\"https:\/\/www.praha7.cz\/wp-content\/uploads\/2019\/02\/Odpov\u011b\u010f-JM-2019.rtf\">odpov\u011b\u010f<\/a> (RTF, 253 kB)<\/p>\r\n<hr \/>\r\n<p>\u010c.j. &#8211; 8\/2019: \u017e\u00e1dost o&nbsp;poskytnut\u00ed informace ve v\u011bci:<br \/>\r\n<strong>Metodick\u00fd pokyn pro projedn\u00e1v\u00e1n\u00ed p\u0159estupk\u016f.<\/strong><\/p>\r\n<p><a href=\"https:\/\/www.praha7.cz\/wp-content\/uploads\/2019\/02\/Odpov\u011b\u010f-SD.pdf\">odpov\u011b\u010f<\/a> (PDF, 383 kB) <a href=\"https:\/\/www.praha7.cz\/wp-content\/uploads\/2019\/02\/Odpov\u011b\u010f-SD.rtf\">odpov\u011b\u010f<\/a> (RTF, 294 kB)<\/p>\r\n<hr \/>\r\n<p>\u010c.j. &#8211; 9\/2019: \u017e\u00e1dost o&nbsp;poskytnut\u00ed informace ve v\u011bci:<br \/>\r\n<strong>N\u00e1jemn\u00e9 byt\u016f m\u011bstsk\u00e9 \u010d\u00e1sti Praha&nbsp;7.<\/strong><\/p>\r\n<p><a href=\"https:\/\/www.praha7.cz\/wp-content\/uploads\/2019\/02\/Odpov\u011b\u010f-RC-II.pdf\">odpov\u011b\u010f<\/a> (PDF, 204 kB) <a href=\"https:\/\/www.praha7.cz\/wp-content\/uploads\/2019\/02\/Odpov\u011b\u010f-RC-II.rtf\">odpov\u011b\u010f<\/a> (RTF, 245 kB)<\/p>\r\n<hr \/>\r\n<p>\u010c.j. &#8211; 10\/2019: \u017e\u00e1dost o&nbsp;poskytnut\u00ed informace ve v\u011bci:<br \/>\r\n<strong>Statistika stavebn\u00edch \u0159\u00edzen\u00ed.<\/strong><\/p>\r\n<p><a href=\"https:\/\/www.praha7.cz\/wp-content\/uploads\/2019\/02\/Odpov\u011b\u010f-OS-2019.pdf\">odpov\u011b\u010f<\/a> (PDF, 666 kB) <a href=\"https:\/\/www.praha7.cz\/wp-content\/uploads\/2019\/02\/Odpov\u011b\u010f-OS-2019.rtf\">odpov\u011b\u010f<\/a> (RTF, 263 kB)<\/p>\r\n<hr \/>\r\n<p>\u010c.j. &#8211; 11\/2019: \u017e\u00e1dost o&nbsp;poskytnut\u00ed informace ve v\u011bci:<br \/>\r\n<strong>Uchaze\u010di vybran\u00fdch v\u00fdb\u011brov\u00fdch \u0159\u00edzen\u00ed.<\/strong><\/p>\r\n<p><a href=\"https:\/\/www.praha7.cz\/wp-content\/uploads\/2019\/02\/Odpov\u011b\u010f-VB.pdf\">odpov\u011b\u010f<\/a> (PDF, 351 kB) <a href=\"https:\/\/www.praha7.cz\/wp-content\/uploads\/2019\/02\/Odpov\u011b\u010f-VB.rtf\">odpov\u011b\u010f<\/a> (RTF, 1,88 MB)<\/p>\r\n<hr \/>\r\n<p>\u010c.j. &#8211; 12\/2019: \u017e\u00e1dost o&nbsp;poskytnut\u00ed informace ve v\u011bci:<br \/>\r\n<strong>Vyhrazen\u00e1 parkovac\u00ed m\u00edsta.<\/strong><\/p>\r\n<p><a href=\"https:\/\/www.praha7.cz\/wp-content\/uploads\/2019\/02\/Odpov\u011b\u010f-MJ.pdf\">odpov\u011b\u010f<\/a> (PDF, 241 kB) <a href=\"https:\/\/www.praha7.cz\/wp-content\/uploads\/2019\/02\/Odpov\u011b\u010f-MJ.rtf\">odpov\u011b\u010f<\/a> (RTF, 240 kB)<\/p>\r\n<hr \/>\r\n<p>\u010c.j. &#8211; 13\/2019: \u017e\u00e1dost o&nbsp;poskytnut\u00ed informace ve v\u011bci:<br \/>\r\n<strong>Dokumentace stavebn\u00edho \u0159\u00edzen\u00ed.<\/strong><\/p>\r\n<p><a href=\"https:\/\/www.praha7.cz\/wp-content\/uploads\/2019\/03\/Odpov\u011b\u010f-AK-HH.pdf\">odpov\u011b\u010f<\/a> (PDF, 290 kB) <a href=\"https:\/\/www.praha7.cz\/wp-content\/uploads\/2019\/03\/Odpov\u011b\u010f-AK-HH.rtf\">odpov\u011b\u010f<\/a> (RTF, 256 kB)<\/p>\r\n<hr \/>\r\n<p>\u010c.j. &#8211; 14\/2019: \u017e\u00e1dost o&nbsp;poskytnut\u00ed informace ve v\u011bci:<br \/>\r\n<strong>Dokumentace stavebn\u00edho \u0159\u00edzen\u00ed.<\/strong><\/p>\r\n<p><a href=\"https:\/\/www.praha7.cz\/wp-content\/uploads\/2019\/03\/Odpov\u011b\u010f-BJ.pdf\">odpov\u011b\u010f<\/a> (PDF, 211 kB) <a href=\"https:\/\/www.praha7.cz\/wp-content\/uploads\/2019\/03\/Odpov\u011b\u010f-BJ.rtf\">odpov\u011b\u010f<\/a> (RTF, 252 kB)<\/p>\r\n<hr \/>\r\n<p>\u010c.j. &#8211; 15\/2019: \u017e\u00e1dost o&nbsp;poskytnut\u00ed informace ve v\u011bci:<br \/>\r\n<strong>Informace o&nbsp;dopravn\u00edch opat\u0159en\u00edch.<\/strong><\/p>\r\n<p><a href=\"https:\/\/www.praha7.cz\/wp-content\/uploads\/2019\/03\/Odpov\u011b\u010f-MV-19-2.pdf\">odpov\u011b\u010f<\/a> (PDF, 211 kB) <a href=\"https:\/\/www.praha7.cz\/wp-content\/uploads\/2019\/03\/Odpov\u011b\u010f-MV-19-2.rtf\">odpov\u011b\u010f<\/a> (RTF, 250 kB)<\/p>\r\n<p><a href=\"https:\/\/www.praha7.cz\/wp-content\/uploads\/2019\/03\/Odpov\u011b\u010f-MV-19-2-S.pdf\">odpov\u011b\u010f<\/a> (PDF, 211 kB) <a href=\"https:\/\/www.praha7.cz\/wp-content\/uploads\/2019\/03\/Odpov\u011b\u010f-MV-19-2-S.rtf\">odpov\u011b\u010f<\/a> (RTF, 254 kB)<\/p>\r\n<hr \/>\r\n<p>\u010c.j. &#8211; 16\/2019: \u017e\u00e1dost o&nbsp;poskytnut\u00ed informace ve v\u011bci:<br \/>\r\n<strong>\u00daprava k\u0159i\u017eovatky Jankovcova x U&nbsp;Vody.<\/strong><\/p>\r\n<p><a href=\"https:\/\/www.praha7.cz\/wp-content\/uploads\/2019\/03\/Odpov\u011b\u010f-Hav.pdf\">odpov\u011b\u010f<\/a> (PDF, 208 kB) <a href=\"https:\/\/www.praha7.cz\/wp-content\/uploads\/2019\/03\/Odpov\u011b\u010f-Hav.rtf\">odpov\u011b\u010f<\/a> (RTF, 244 kB)<\/p>\r\n<p><a href=\"https:\/\/www.praha7.cz\/wp-content\/uploads\/2019\/03\/P\u0159\u00edloha-\u010d.-1-zadost-PCR.pdf\">p\u0159\u00edloha \u010d. 1<\/a> (PDF, 270 kB)\u00a0 \u00a0\u00a0<a href=\"https:\/\/www.praha7.cz\/wp-content\/uploads\/2019\/03\/P\u0159\u00edloha-\u010d.-2-OOPprech.pdf\">p\u0159\u00edloha \u010d. 2<\/a> (PDF, 1 MB)<\/p>\r\n<p><a href=\"https:\/\/www.praha7.cz\/wp-content\/uploads\/2019\/03\/P\u0159\u00edloha-\u010d.-3-VV.pdf\">p\u0159\u00edloha \u010d. 3<\/a>\u00a0 (PDF, 1 MB)\u00a0 \u00a0\u00a0<a href=\"https:\/\/www.praha7.cz\/wp-content\/uploads\/2019\/03\/P\u0159\u00edloha-\u010d.-4-OOPtrv.pdf\">p\u0159\u00edloha \u010d. 4<\/a> (PDF, 958 kB)<\/p>\r\n<hr \/>\r\n<p>\u010c.j. &#8211; 17\/2019: \u017e\u00e1dost o&nbsp;poskytnut\u00ed informace ve v\u011bci:<br \/>\r\n<strong>Statistick\u00e9 v\u00fdstupy stavebn\u00edch \u0159\u00edzen\u00ed.<\/strong><\/p>\r\n<p><a href=\"https:\/\/www.praha7.cz\/wp-content\/uploads\/2019\/03\/Odpov\u011b\u010f-JN.pdf\">odpov\u011b\u010f<\/a> (PDF, 286 kB) <a href=\"https:\/\/www.praha7.cz\/wp-content\/uploads\/2019\/03\/Odpov\u011b\u010f-JN.rtf\">odpov\u011b\u010f<\/a> (RTF, 255 kB)<\/p>\r\n<hr \/>\r\n<p>\u010c.j. &#8211; 18\/2019: \u017e\u00e1dost o&nbsp;poskytnut\u00ed informace ve v\u011bci:<br \/>\r\n<strong>Stavebn\u00edch \u0159\u00edzen\u00ed vybran\u00fdch pozemk\u016f.<\/strong><\/p>\r\n<p><a href=\"https:\/\/www.praha7.cz\/wp-content\/uploads\/2019\/03\/Odpov\u011b\u010f-DF.pdf\">odpov\u011b\u010f<\/a> (PDF, 286 kB) <a href=\"https:\/\/www.praha7.cz\/wp-content\/uploads\/2019\/03\/Odpov\u011b\u010f-DF.rtf\">odpov\u011b\u010f<\/a> (RTF, 255 kB)<\/p>\r\n<hr \/>\r\n<p>\u010c.j. &#8211; 19\/2019: \u017e\u00e1dost o&nbsp;poskytnut\u00ed informace ve v\u011bci:<br \/>\r\n<strong>Vybran\u00fdch ve\u0159ejn\u00fdch zak\u00e1zek.<\/strong><\/p>\r\n<p><a href=\"https:\/\/www.praha7.cz\/wp-content\/uploads\/2019\/03\/Odpov\u011b\u010f-VB-I.pdf\">odpov\u011b\u010f<\/a> (PDF, 240 kB) <a href=\"https:\/\/www.praha7.cz\/wp-content\/uploads\/2019\/03\/Odpov\u011b\u010f-VB-I.rtf\">odpov\u011b\u010f<\/a> (RTF, 283 kB)<\/p>\r\n<hr \/>\r\n<p>\u010c.j. &#8211; 20\/2019: \u017e\u00e1dost o&nbsp;poskytnut\u00ed informace ve v\u011bci:<br \/>\r\n<strong>Dokumentace vybran\u00fdch stavebn\u00edch \u0159\u00edzen\u00ed.<\/strong><\/p>\r\n<p><a href=\"https:\/\/www.praha7.cz\/wp-content\/uploads\/2019\/04\/Odpov\u011b\u010f-CM-4-19.pdf\">odpov\u011b\u010f<\/a> (PDF, 210 kB) <a href=\"https:\/\/www.praha7.cz\/wp-content\/uploads\/2019\/04\/Odpov\u011b\u010f-CM-4-19.rtf\">odpov\u011b\u010f<\/a> (RTF, 245 kB)<\/p>\r\n<hr \/>\r\n<p>\u010c.j. &#8211; 21\/2019: \u017e\u00e1dost o&nbsp;poskytnut\u00ed informace ve v\u011bci:<br \/>\r\n<strong>Typu a&nbsp;omezen\u00ed vybran\u00fdch komunikac\u00ed.<\/strong><\/p>\r\n<p><a href=\"https:\/\/www.praha7.cz\/wp-content\/uploads\/2019\/04\/Odp-AK-HP.pdf\">odpov\u011b\u010f<\/a> (PDF, 318 kB) <a href=\"https:\/\/www.praha7.cz\/wp-content\/uploads\/2019\/04\/Odp-AK-HP.rtf\">odpov\u011b\u010f<\/a> (RTF, 237 kB)<\/p>\r\n<hr \/>\r\n<p>\u010c.j. &#8211; 22\/2019: \u017e\u00e1dost o&nbsp;poskytnut\u00ed informace ve v\u011bci:<br \/>\r\n<strong>Parkov\u00e1n\u00ed v&nbsp;ZPS.<\/strong><\/p>\r\n<p><a href=\"https:\/\/www.praha7.cz\/wp-content\/uploads\/2019\/04\/Odp-KK.pdf\">odpov\u011b\u010f<\/a> (PDF, 289 kB) <a href=\"https:\/\/www.praha7.cz\/wp-content\/uploads\/2019\/04\/Odp-KK.rtf\">odpov\u011b\u010f<\/a> (RTF, 254 kB)<\/p>\r\n<hr \/>\r\n<p>\u010c.j. &#8211; 23\/2019: \u017e\u00e1dost o&nbsp;poskytnut\u00ed informace ve v\u011bci:<br \/>\r\n<strong>Rozhodnut\u00ed stavebn\u00edho \u00fa\u0159adu M\u010c Praha&nbsp;7.<\/strong><\/p>\r\n<p><a href=\"https:\/\/www.praha7.cz\/wp-content\/uploads\/2019\/04\/Odpov\u011b\u010f-CS.pdf\">odpov\u011b\u010f<\/a> (PDF, 199 kB) <a href=\"https:\/\/www.praha7.cz\/wp-content\/uploads\/2019\/04\/Odpov\u011b\u010f-CS.rtf\">odpov\u011b\u010f<\/a> (RTF, 238 kB)<\/p>\r\n<hr \/>\r\n<p>\u010c.j. &#8211; 24\/2019: \u017e\u00e1dost o&nbsp;poskytnut\u00ed informace ve v\u011bci:<br \/>\r\n<strong>Postup v&nbsp;\u0159\u00edzen\u00ed o&nbsp;spr\u00e1vn\u00edch deliktech za neopr\u00e1vn\u011bn\u00e9 parkov\u00e1n\u00ed v&nbsp;ZPS.<\/strong><\/p>\r\n<p><a href=\"https:\/\/www.praha7.cz\/wp-content\/uploads\/2019\/05\/Odpov\u011b\u010f-PN-I.pdf\">odpov\u011b\u010f<\/a> (PDF, 219 kB) <a href=\"https:\/\/www.praha7.cz\/wp-content\/uploads\/2019\/05\/Odpov\u011b\u010f-PN-I.rtf\">odpov\u011b\u010f<\/a> (RTF, 277 kB)<\/p>\r\n<hr \/>\r\n<p>\u010c.j. &#8211; 25\/2019: \u017e\u00e1dost o&nbsp;poskytnut\u00ed informace ve v\u011bci:<br \/>\r\n<strong>Vyu\u017eit\u00ed pozemk\u016f vybran\u00fdch parc. \u010d\u00edsel.<\/strong><\/p>\r\n<p><a href=\"https:\/\/www.praha7.cz\/wp-content\/uploads\/2019\/05\/Odpov\u011bd-INV.pdf\">odpov\u011b\u010f<\/a> (PDF, 277 kB) <a href=\"https:\/\/www.praha7.cz\/wp-content\/uploads\/2019\/05\/Odpov\u011bd-INV.rtf\">odpov\u011b\u010f<\/a> (RTF, 235 kB)<\/p>\r\n<hr \/>\r\n<p>\u010c.j. &#8211; 26\/2019: \u017e\u00e1dost o&nbsp;poskytnut\u00ed informace ve v\u011bci:<br \/>\r\n<strong>Implementace GDPR.<\/strong><\/p>\r\n<p><a href=\"https:\/\/www.praha7.cz\/wp-content\/uploads\/2019\/05\/Odpov\u011b\u010f-\u0160\u0160.pdf\">odpov\u011b\u010f<\/a> (PDF, 290 kB) <a href=\"https:\/\/www.praha7.cz\/wp-content\/uploads\/2019\/05\/Odpov\u011b\u010f-\u0160\u0160.rtf\">odpov\u011b\u010f<\/a> (RTF, 247 kB)<\/p>\r\n<hr \/>\r\n<p>\u010c.j. &#8211; 27\/2019: \u017e\u00e1dost o&nbsp;poskytnut\u00ed informace ve v\u011bci:<br \/>\r\n<strong>Po\u010dty nez\u00e1konn\u00fdch rozhodnut\u00ed a&nbsp;sankce.<\/strong><\/p>\r\n<p><a href=\"https:\/\/www.praha7.cz\/wp-content\/uploads\/2019\/05\/Odpov\u011b\u010f-KVE-5-19.pdf\">odpov\u011b\u010f<\/a> (PDF, 299 kB) <a href=\"https:\/\/www.praha7.cz\/wp-content\/uploads\/2019\/05\/Odpov\u011b\u010f-KVE-5-19.rtf\">odpov\u011b\u010f<\/a> (RTF, 245 kB)<\/p>\r\n<hr \/>\r\n<p>\u010c.j. &#8211; 28\/2019: \u017e\u00e1dost o&nbsp;poskytnut\u00ed informace ve v\u011bci:<br \/>\r\n<strong>Kapacita a&nbsp;po\u010dty \u017e\u00e1k\u016f z\u00e1kladn\u00edch \u0161kol v&nbsp;Praze 7<\/strong>.<\/p>\r\n<p><a href=\"https:\/\/www.praha7.cz\/wp-content\/uploads\/2019\/05\/Odpov\u011b\u010f-MM.pdf\">odpov\u011b\u010f<\/a> (PDF, 249 kB) <a href=\"https:\/\/www.praha7.cz\/wp-content\/uploads\/2019\/05\/Odpov\u011b\u010f-MM.rtf\">odpov\u011b\u010f<\/a> (RTF, 341 kB)<\/p>\r\n<hr \/>\r\n<p>\u010c.j. &#8211; 29\/2019: \u017e\u00e1dost o&nbsp;poskytnut\u00ed informace ve v\u011bci:<br \/>\r\n<strong>Postupy spojen\u00e9 s&nbsp;\u0159\u00edzen\u00edm o&nbsp;spr\u00e1vn\u00edch deliktech.<\/strong><\/p>\r\n<p><a href=\"https:\/\/www.praha7.cz\/wp-content\/uploads\/2019\/06\/Odpov\u011b\u010f-PK.pdf\">odpov\u011b\u010f<\/a> (PDF, 210 kB) <a href=\"https:\/\/www.praha7.cz\/wp-content\/uploads\/2019\/06\/Odpov\u011b\u010f-PK.rtf\">odpov\u011b\u010f<\/a> (RTF, 249 kB)<\/p>\r\n<hr \/>\r\n<p>\u010c.j. &#8211; 30\/2019: \u017e\u00e1dost o&nbsp;poskytnut\u00ed informace ve v\u011bci:<br \/>\r\n<strong>Vyhl\u00e1\u0161en\u00ed stavu klimatick\u00e9\u00a0 nouze.<\/strong><\/p>\r\n<p><a href=\"https:\/\/www.praha7.cz\/wp-content\/uploads\/2019\/06\/Odpov\u011b\u010f-MV-6-19.pdf\">odpov\u011b\u010f<\/a> (PDF, 219 kB) <a href=\"https:\/\/www.praha7.cz\/wp-content\/uploads\/2019\/06\/Odpov\u011b\u010f-MV-6-19.rtf\">odpov\u011b\u010f<\/a> (RTF, 263 kB)<\/p>\r\n<hr \/>\r\n<p>\u010c.j. &#8211; 31\/2019: \u017e\u00e1dost o&nbsp;poskytnut\u00ed informace ve v\u011bci:<br \/>\r\n<strong>Postupy spojen\u00e9 s&nbsp;\u0159\u00edzen\u00edm o&nbsp;spr\u00e1vn\u00edch deliktech.<\/strong><\/p>\r\n<p><a href=\"https:\/\/www.praha7.cz\/wp-content\/uploads\/2019\/06\/Odpov\u011b\u010f-PM-6-19.pdf\">odpov\u011b\u010f<\/a> (PDF, 214 kB) <a href=\"https:\/\/www.praha7.cz\/wp-content\/uploads\/2019\/06\/Odpov\u011b\u010f-PM-6-19.rtf\">odpov\u011b\u010f<\/a> (RTF, 255 kB)<\/p>\r\n<hr \/>\r\n<p>\u010c.j. &#8211; 32\/2019: \u017e\u00e1dost o&nbsp;poskytnut\u00ed informace ve v\u011bci:<br \/>\r\n<strong>\u00dazemn\u00edch rozhodnut\u00ed.<\/strong><\/p>\r\n<p><a href=\"https:\/\/www.praha7.cz\/wp-content\/uploads\/2019\/06\/Odpov\u011b\u010f-A.pdf\">odpov\u011b\u010f<\/a> (PDF, 360 kB) <a href=\"https:\/\/www.praha7.cz\/wp-content\/uploads\/2019\/06\/Odpov\u011b\u010f-A.rtf\">odpov\u011b\u010f<\/a> (RTF, 272 kB)<\/p>\r\n<hr \/>\r\n<p>\u010c.j. &#8211; 33\/2019: \u017e\u00e1dost o&nbsp;poskytnut\u00ed informace ve v\u011bci:<br \/>\r\n<strong>Stavebn\u00edho \u0159\u00edzen\u00ed ur\u010dit\u00e9 stavby.<\/strong><\/p>\r\n<p><a href=\"https:\/\/www.praha7.cz\/wp-content\/uploads\/2019\/06\/Odpov\u011b\u010f-TV.pdf\">odpov\u011b\u010f<\/a> (PDF, 274 kB) <a href=\"https:\/\/www.praha7.cz\/wp-content\/uploads\/2019\/06\/Odpov\u011b\u010f-TV.rtf\">odpov\u011b\u010f<\/a> (RTF, 244 kB)<\/p>\r\n<hr \/>\r\n<p>\u010c.j. &#8211; 34\/2019: \u017e\u00e1dost o&nbsp;poskytnut\u00ed informace ve v\u011bci:<br \/>\r\n<strong>Stavebn\u00edho \u0159\u00edzen\u00ed ur\u010dit\u00e9 stavby<\/strong>.<\/p>\r\n<p><a href=\"https:\/\/www.praha7.cz\/wp-content\/uploads\/2019\/07\/Odpov\u011b\u010f-OP.pdf\">odpov\u011b\u010f<\/a> (PDF, 220 kB) <a href=\"https:\/\/www.praha7.cz\/wp-content\/uploads\/2019\/07\/Odpov\u011b\u010f-OP.rtf\">odpov\u011b\u010f<\/a> (RTF, 257 kB)<\/p>\r\n<hr \/>\r\n<p>\u010c.j. &#8211; 35\/2019: \u017e\u00e1dost o&nbsp;poskytnut\u00ed informace ve v\u011bci:<br \/>\r\n<strong>Sv\u011bteln\u00e1 m\u00edsta ve\u0159ejn\u00e9ho osv\u011btlen\u00ed.<\/strong><\/p>\r\n<p><a href=\"https:\/\/www.praha7.cz\/wp-content\/uploads\/2019\/07\/Odpov\u011b\u010f-\u0160J.pdf\">odpov\u011b\u010f<\/a> (PDF, 233 kB) <a href=\"https:\/\/www.praha7.cz\/wp-content\/uploads\/2019\/07\/Odpov\u011b\u010f-\u0160J.rtf\">odpov\u011b\u010f<\/a> (RTF, 278 kB)<\/p>\r\n<hr \/>\r\n<p>\u010c.j. &#8211; 36\/2019: \u017e\u00e1dost o&nbsp;poskytnut\u00ed informace ve v\u011bci:<br \/>\r\n<strong>Zve\u0159ejn\u011bn\u00ed usnesen\u00ed Rady a&nbsp;Zastupitelstva M\u010c Praha&nbsp;7.<\/strong><\/p>\r\n<p><a href=\"https:\/\/www.praha7.cz\/wp-content\/uploads\/2019\/07\/Odpov\u011b\u010f-LP-19-7.pdf\">odpov\u011b\u010f<\/a> (PDF, 217 kB) <a href=\"https:\/\/www.praha7.cz\/wp-content\/uploads\/2019\/07\/Odpov\u011b\u010f-LP-19-7.rtf\">odpov\u011b\u010f<\/a> (RTF, 241 kB)<\/p>\r\n<hr \/>\r\n<p>\u010c.j. &#8211; 37\/2019: \u017e\u00e1dost o&nbsp;poskytnut\u00ed informace ve v\u011bci:<br \/>\r\n<strong>\u00daklidov\u00e9 a&nbsp;technick\u00e9 slu\u017eby.<\/strong><\/p>\r\n<p><a href=\"https:\/\/www.praha7.cz\/wp-content\/uploads\/2019\/07\/Odpov\u011b\u010f-LB.pdf\">odpov\u011b\u010f<\/a> (PDF, 466 kB)<a href=\"https:\/\/www.praha7.cz\/wp-content\/uploads\/2019\/07\/Odpov\u011b\u010f-LB.rtf\"> odpov\u011b\u010f<\/a> (RTF, 14,7 MB)<\/p>\r\n<hr \/>\r\n<p>\u010c.j. &#8211; 38\/2019: \u017e\u00e1dost o&nbsp;poskytnut\u00ed informace ve v\u011bci:<br \/>\r\n<strong>Reklamn\u00ed plochy.<\/strong><\/p>\r\n<p><a href=\"https:\/\/www.praha7.cz\/wp-content\/uploads\/2019\/07\/106-z-12.7.2019-Informace.pdf\">odpov\u011b\u010f<\/a> (PDF, 797 kB) <a href=\"https:\/\/www.praha7.cz\/wp-content\/uploads\/2019\/07\/106-p\u0159\u00edjmy-z-reklam.xlsx\">p\u0159\u00edloha<\/a> (XLSX, 12 kB)<\/p>\r\n<hr \/>\r\n<p>\u010c.j. &#8211; 39\/2019: \u017e\u00e1dost o&nbsp;poskytnut\u00ed informace ve v\u011bci:<br \/>\r\n<strong>Zm\u011bny \u00fazemn\u00edho pl\u00e1nu.<\/strong><\/p>\r\n<p><a href=\"https:\/\/www.praha7.cz\/wp-content\/uploads\/2019\/07\/Odpov\u011b\u010f-HJ.pdf\">odpov\u011b\u010f<\/a> (PDF, 714 kB) <a href=\"https:\/\/www.praha7.cz\/wp-content\/uploads\/2019\/07\/Odpov\u011b\u010f-HJ.odt\">odpov\u011b\u010f<\/a> (ODT, 1,23 MB)<\/p>\r\n<hr \/>\r\n<p>\u010c.j. &#8211; 40\/2019: \u017e\u00e1dost o&nbsp;poskytnut\u00ed informace ve v\u011bci:<br \/>\r\n<strong>Stavby &#8222;Beton\u00e1rky&#8220;.<\/strong><\/p>\r\n<p><a href=\"https:\/\/www.praha7.cz\/wp-content\/uploads\/2019\/07\/Odpov\u011b\u010f-TV-2.pdf\">odpov\u011b\u010f<\/a> (PDF, 214 kB) <a href=\"https:\/\/www.praha7.cz\/wp-content\/uploads\/2019\/07\/Odpov\u011b\u010f-TV-2.rtf\">odpov\u011b\u010f<\/a> (RTF, 252 kB)<\/p>\r\n<hr \/>\r\n<p>\u010c.j. &#8211; 41\/2019: \u017e\u00e1dost o&nbsp;poskytnut\u00ed informace ve v\u011bci:<br \/>\r\n<strong>Poskytnut\u00ed kopi\u00ed rozhodnut\u00ed stavebn\u00edho \u00fa\u0159adu.<\/strong><\/p>\r\n<p><a href=\"https:\/\/www.praha7.cz\/wp-content\/uploads\/2019\/07\/Odpov\u011b\u010f-\u0160K.pdf\">odpov\u011b\u010f<\/a> (PDF, 285 kB) <a href=\"https:\/\/www.praha7.cz\/wp-content\/uploads\/2019\/07\/Odpov\u011b\u010f-\u0160K.rtf\">odpov\u011b\u010f<\/a> (RTF, 246 kB)<\/p>\r\n<hr \/>\r\n<p>\u010c.j. &#8211; 42\/2019: \u017e\u00e1dost o&nbsp;poskytnut\u00ed informace ve v\u011bci:<br \/>\r\n<strong>Ve\u0159ejn\u00e9 zak\u00e1zky.<\/strong><\/p>\r\n<p><a href=\"https:\/\/www.praha7.cz\/wp-content\/uploads\/2019\/07\/Odpov\u011b\u010f-LP-19-7-1.pdf\">odpov\u011b\u010f<\/a> (PDF, 204 kB) <a href=\"https:\/\/www.praha7.cz\/wp-content\/uploads\/2019\/07\/Odpov\u011b\u010f-LP-19-7-1.rtf\">odpov\u011b\u010f<\/a> (RTF, 234 kB)<\/p>\r\n<hr \/>\r\n<p>\u010c.j. &#8211; 43\/2019: \u017e\u00e1dost o&nbsp;poskytnut\u00ed informace ve v\u011bci:<br \/>\r\n<strong>Stavby &#8222;Beton\u00e1rky&#8220;.<\/strong><\/p>\r\n<p><a href=\"https:\/\/www.praha7.cz\/wp-content\/uploads\/2019\/08\/Odpov\u011b\u010f-TV-3.pdf\">odpov\u011b\u010f<\/a> (PDF, 221 kB) <a href=\"https:\/\/www.praha7.cz\/wp-content\/uploads\/2019\/08\/Odpov\u011b\u010f-TV-3.rtf\">odpov\u011b\u010f<\/a> (RTF, 269 kB)<\/p>\r\n<p><a href=\"https:\/\/www.praha7.cz\/wp-content\/uploads\/2019\/08\/P\u0159\u00edloha-\u010d.-1-protokol-o-kontroln\u00ed-prohl\u00eddce.pdf\">p\u0159\u00edloha \u010d. 1<\/a> (PDF, 1,25 MB)\u00a0 \u00a0\u00a0<a href=\"https:\/\/www.praha7.cz\/wp-content\/uploads\/2019\/08\/P\u0159\u00edloha-\u010d.-2-vyj\u00e1d\u0159en\u00ed-vlastn\u00edka-stavby.pdf\">p\u0159\u00edloha \u010d. 2<\/a> (PDF, 384 kB)<\/p>\r\n<hr \/>\r\n<p>\u010c.j. &#8211; 44\/2019: \u017e\u00e1dost o&nbsp;poskytnut\u00ed informace ve v\u011bci:<br \/>\r\n<strong>Seznam nab\u00eddek ve smyslu ve\u0159ejn\u00fdch zak\u00e1zek konkr\u00e9tn\u00edch spole\u010dnost\u00ed.<\/strong><\/p>\r\n<p><a href=\"https:\/\/www.praha7.cz\/wp-content\/uploads\/2019\/08\/Odpov\u011b\u010f-UP.pdf\">odpov\u011b\u010f<\/a> (PDF, 310 kB) <a href=\"https:\/\/www.praha7.cz\/wp-content\/uploads\/2019\/08\/Odpov\u011b\u010f-UP.rtf\">odpov\u011b\u010f<\/a> (RTF, 264 kB)<\/p>\r\n<hr \/>\r\n<p>\u010c.j. &#8211; 45\/2019: \u017e\u00e1dost o&nbsp;poskytnut\u00ed informace ve v\u011bci:<br \/>\r\n<strong>Vyj\u00e1d\u0159en\u00ed a&nbsp;stanoviska vodopr\u00e1vn\u00edho \u00fa\u0159adu<\/strong>.<\/p>\r\n<p><a href=\"https:\/\/www.praha7.cz\/wp-content\/uploads\/2019\/08\/Odpov\u011b\u010f-KVE-8-19-1.pdf\">odpov\u011b\u010f<\/a> (PDF, 439 kB) <a href=\"https:\/\/www.praha7.cz\/wp-content\/uploads\/2019\/08\/Odpov\u011b\u010f-KVE-8-19-1.rtf\">odpov\u011b\u010f<\/a> (RTF, 283 kB)<\/p>\r\n<p><a href=\"https:\/\/www.praha7.cz\/wp-content\/uploads\/2019\/08\/P\u0159\u00edloha-\u010d.-1.pdf\">p\u0159\u00edloha \u010d. 1<\/a> (PDF, 3,01 MB)\u00a0 \u00a0\u00a0<\/p>\r\n<hr \/>\r\n<p>\u010c.j. &#8211; 46\/2019: \u017e\u00e1dost o&nbsp;poskytnut\u00ed informace ve v\u011bci:<br \/>\r\n<strong>Poskytnut\u00ed kopie povolen\u00ed k&nbsp;u\u017e\u00edv\u00e1n\u00ed pozemn\u00ed komunikace.<\/strong><\/p>\r\n<p><a href=\"https:\/\/www.praha7.cz\/wp-content\/uploads\/2019\/09\/Odpov\u011b\u010f-LG-19.pdf\">odpov\u011b\u010f<\/a> (PDF, 167 kB) <a href=\"https:\/\/www.praha7.cz\/wp-content\/uploads\/2019\/09\/Odpov\u011b\u010f-LG-19.rtf\">odpov\u011b\u010f<\/a> (RTF, 249 kB)<\/p>\r\n<hr \/>\r\n<p>\u010c.j. &#8211; 47\/2019: \u017e\u00e1dost o&nbsp;poskytnut\u00ed informace ve v\u011bci:<br \/>\r\n<strong>\u00daklidov\u00e9 a&nbsp;soci\u00e1ln\u00ed slu\u017eby.<\/strong><\/p>\r\n<p><a href=\"https:\/\/www.praha7.cz\/wp-content\/uploads\/2019\/09\/Odpov\u011b\u010f-LB-8-19.pdf\">odpov\u011b\u010f<\/a> (PDF, 314 kB) <a href=\"https:\/\/www.praha7.cz\/wp-content\/uploads\/2019\/09\/Odpov\u011b\u010f-LB-8-19-1.rtf\">odpov\u011b\u010f<\/a> (RTF, 284 kB)<\/p>\r\n<hr \/>\r\n<p>\u010c.j. &#8211; 48\/2019: \u017e\u00e1dost o&nbsp;poskytnut\u00ed informace ve v\u011bci:<br \/>\r\n<strong>Dokumentace v&nbsp;archivu.<\/strong><\/p>\r\n<p><a href=\"https:\/\/www.praha7.cz\/wp-content\/uploads\/2019\/09\/Odpov\u011b\u010f-OK.pdf\">odpov\u011b\u010f<\/a> (PDF, 207 kB) <a href=\"https:\/\/www.praha7.cz\/wp-content\/uploads\/2019\/09\/Odpov\u011b\u010f-OK.rtf\">odpov\u011b\u010f<\/a> (RTF, 241 kB)<\/p>\r\n<p><a href=\"https:\/\/www.praha7.cz\/wp-content\/uploads\/2019\/09\/P\u0159\u00edloha.jpg\">p\u0159\u00edloha<\/a> (JPG, 3,38 MB)\u00a0<\/p>\r\n<hr \/>\r\n<p>\u010c.j. &#8211; 49\/2019: \u017e\u00e1dost o&nbsp;poskytnut\u00ed informace ve v\u011bci:<br \/>\r\n<strong>Poskytnut\u00ed kopie kolauda\u010dn\u00edho souhlasu.<\/strong><\/p>\r\n<p><a href=\"https:\/\/www.praha7.cz\/wp-content\/uploads\/2019\/09\/Odpov\u011b\u010f-KVE-9-19.pdf\">odpov\u011b\u010f<\/a> (PDF, 390 kB) <a href=\"https:\/\/www.praha7.cz\/wp-content\/uploads\/2019\/09\/Odpov\u011b\u010f-KVE-9-19.rtf\">odpov\u011b\u010f<\/a> (RTF, 237 kB)<\/p>\r\n<p><a href=\"https:\/\/www.praha7.cz\/wp-content\/uploads\/2019\/09\/P\u0159\u00edloha-\u010d.-1.pdf\">p\u0159\u00edloha<\/a> (JPG, 7,71 MB)\u00a0<\/p>\r\n<hr \/>\r\n<p>\u010c.j. &#8211; 50\/2019: \u017e\u00e1dost o&nbsp;poskytnut\u00ed informace ve v\u011bci:<br \/>\r\n<strong>Stavby &#8222;Beton\u00e1rky&#8220;.<\/strong><\/p>\r\n<p><a href=\"https:\/\/www.praha7.cz\/wp-content\/uploads\/2019\/10\/Odpov\u011b\u010f-TV-10-19.pdf\">odpov\u011b\u010f<\/a> (PDF, 217 kB) <a href=\"https:\/\/www.praha7.cz\/wp-content\/uploads\/2019\/10\/Odpov\u011b\u010f-TV-10-19.rtf\">odpov\u011b\u010f<\/a> (RTF, 278 kB)<\/p>\r\n<hr \/>\r\n<p>\u010c.j. &#8211; 51\/2019: \u017e\u00e1dost o&nbsp;poskytnut\u00ed informace ve v\u011bci:<br \/>\r\n<strong>Dokumentace stavebn\u00edho \u0159\u00edzen\u00ed.<\/strong><\/p>\r\n<p><a href=\"https:\/\/www.praha7.cz\/wp-content\/uploads\/2019\/10\/Odpov\u011b\u010f-DF-2.pdf\">odpov\u011b\u010f<\/a> (PDF, 208 kB) <a href=\"https:\/\/www.praha7.cz\/wp-content\/uploads\/2019\/10\/Odpov\u011b\u010f-DF-2.rtf\">odpov\u011b\u010f<\/a> (RTF, 244 kB)<\/p>\r\n<p><a href=\"https:\/\/www.praha7.cz\/wp-content\/uploads\/2019\/10\/P\u0159\u00edloha-\u010d.-1.pdf\">p\u0159\u00edloha \u010d. 1<\/a> (PDF, 340 kB)\u00a0 \u00a0\u00a0<a href=\"https:\/\/www.praha7.cz\/wp-content\/uploads\/2019\/10\/P\u0159\u00edloha-\u010d.-2.pdf\">p\u0159\u00edloha \u010d. 2<\/a> (PDF, 335 kB)<\/p>\r\n<p><a href=\"https:\/\/www.praha7.cz\/wp-content\/uploads\/2019\/10\/P\u0159\u00edloha-\u010d.-3.pdf\">p\u0159\u00edloha \u010d. 3<\/a>\u00a0(PDF, 262 kB)\u00a0 \u00a0\u00a0<a href=\"https:\/\/www.praha7.cz\/wp-content\/uploads\/2019\/10\/P\u0159\u00edloha-\u010d.-4.pdf\">p\u0159\u00edloha \u010d. 4<\/a> (PDF, 450 kB)<\/p>\r\n<hr \/>\r\n<p>\u010c.j. &#8211; 52\/2019: \u017e\u00e1dost o&nbsp;poskytnut\u00ed informace ve v\u011bci:<br \/>\r\n<strong>Dokumentace stavebn\u00edho \u0159\u00edzen\u00ed.<\/strong><\/p>\r\n<p><a href=\"https:\/\/www.praha7.cz\/wp-content\/uploads\/2019\/10\/Odpov\u011b\u010f-CM-2-19.pdf\">odpov\u011b\u010f<\/a> (PDF, 160 kB) <a href=\"https:\/\/www.praha7.cz\/wp-content\/uploads\/2019\/10\/Odpov\u011b\u010f-CM-2-19.rtf\">odpov\u011b\u010f<\/a> (RTF, 239 kB)<\/p>\r\n<p><a href=\"https:\/\/www.praha7.cz\/wp-content\/uploads\/2019\/10\/P\u0159\u00edloha-\u010d.-1-1.pdf\">p\u0159\u00edloha \u010d. 1<\/a> (PDF, 1,18 MB)\u00a0 \u00a0\u00a0<a href=\"https:\/\/www.praha7.cz\/wp-content\/uploads\/2019\/10\/P\u0159\u00edloha-\u010d.-2-1.pdf\">p\u0159\u00edloha \u010d. 2<\/a> (PDF, 1,13 MB)<\/p>\r\n<hr \/>\r\n<p>\u010c.j. &#8211; 53\/2019: \u017e\u00e1dost o&nbsp;poskytnut\u00ed informace ve v\u011bci:<br \/>\r\n<strong>Poskytnut\u00ed kopi\u00ed dokument\u016f stavebn\u00edho \u00fa\u0159adu.<\/strong><\/p>\r\n<p><a href=\"https:\/\/www.praha7.cz\/wp-content\/uploads\/2019\/10\/Odpov\u011b\u010f-OK-2.pdf\">odpov\u011b\u010f<\/a> (PDF, 203 kB) <a href=\"https:\/\/www.praha7.cz\/wp-content\/uploads\/2019\/10\/Odpov\u011b\u010f-OK-2.rtf\">odpov\u011b\u010f<\/a> (RTF, 236 kB)<\/p>\r\n<p><a href=\"https:\/\/www.praha7.cz\/wp-content\/uploads\/2019\/10\/P\u0159\u00edloha.pdf\">p\u0159\u00edloha<\/a> (PDF, 1,98 MB)\u00a0<\/p>\r\n<hr \/>\r\n<p>\u010c.j. &#8211; 54\/2019: \u017e\u00e1dost o&nbsp;poskytnut\u00ed informace ve v\u011bci:<br \/>\r\n<strong>P\u0159ehled vykonateln\u00fdch rozhodnut\u00ed<\/strong>.<\/p>\r\n<p><a href=\"https:\/\/www.praha7.cz\/wp-content\/uploads\/2019\/11\/Odpov\u011b\u010f-AG.pdf\">odpov\u011b\u010f<\/a> (PDF, 199 kB) <a href=\"https:\/\/www.praha7.cz\/wp-content\/uploads\/2019\/11\/Odpov\u011b\u010f-AG.rtf\">odpov\u011b\u010f<\/a> (RTF, 233 kB)<\/p>\r\n<hr \/>\r\n<p>\u010c.j. &#8211; 55\/2019: \u017e\u00e1dost o&nbsp;poskytnut\u00ed informace ve v\u011bci:<br \/>\r\n<strong>P\u0159edm\u011bt pln\u011bn\u00ed objedn\u00e1vky.<\/strong><\/p>\r\n<p><a href=\"https:\/\/www.praha7.cz\/wp-content\/uploads\/2019\/11\/Odpov\u011b\u010f-EC.pdf\">odpov\u011b\u010f<\/a> (PDF, 206 kB) <a href=\"https:\/\/www.praha7.cz\/wp-content\/uploads\/2019\/11\/Odpov\u011b\u010f-EC.rtf\">odpov\u011b\u010f<\/a> (RTF, 237 kB)<\/p>\r\n<hr \/>\r\n<p>\u010c.j. &#8211; 56\/2019: \u017e\u00e1dost o&nbsp;poskytnut\u00ed informace ve v\u011bci:<br \/>\r\n<strong>N\u00e1jemn\u00ed smlouvy.<\/strong><\/p>\r\n<p><a href=\"https:\/\/www.praha7.cz\/wp-content\/uploads\/2019\/11\/Odpov\u011b\u010f-JV.pdf\">odpov\u011b\u010f<\/a> (PDF, 303 kB) <a href=\"https:\/\/www.praha7.cz\/wp-content\/uploads\/2019\/11\/Odpov\u011b\u010f-JV.rtf\">odpov\u011b\u010f<\/a> (RTF, 33 kB)<\/p>\r\n<p><a href=\"https:\/\/www.praha7.cz\/wp-content\/uploads\/2019\/11\/P\u0159\u00edloha-\u010d.-1-Kupn\u00ed-smlouva.pdf\">p\u0159\u00edloha \u010d. 1<\/a> (PDF, 414 kB)\u00a0 \u00a0\u00a0<a href=\"https:\/\/www.praha7.cz\/wp-content\/uploads\/2019\/11\/P\u0159\u00edloha-\u010d.-2-Smlouva-o-n\u00e1jmu-p\u016fdn\u00ed-bytov\u00e9-jednotky.pdf\">p\u0159\u00edloha \u010d. 2<\/a> (PDF, 170 kB) \u00a0\u00a0<a href=\"https:\/\/www.praha7.cz\/wp-content\/uploads\/2019\/11\/P\u0159\u00edloha-\u010d.-3-Smlouva-o-smlouv\u011b-budouc\u00ed.pdf\">p\u0159\u00edloha \u010d. 3<\/a> (PDF, 283 kB)<\/p>\r\n<hr \/>\r\n                <\/div>\r\n            <\/div>\r\n        <\/div>\r\n    \r\n        <div class=\"collapse-block\">\r\n            <div class=\"card-header\" role=\"tab\" id=\"heading800466d935ce61e510a8bf967a8c6284a5bb86ac\">\r\n                                    <h3 class=\"mb-0\">\r\n                        <a data-toggle=\"collapse\" href=\"#collapse800466d935ce61e510a8bf967a8c6284a5bb86ac\" aria-controls=\"collapse800466d935ce61e510a8bf967a8c6284a5bb86ac\">\r\n                            Rok 2018                            <i class=\"fa fa-2x fa-angle-down\" aria-hidden=\"true\"><\/i>\r\n                        <\/a>\r\n                    <\/h3>\r\n                                \r\n            <\/div>\r\n\r\n            <div id=\"collapse800466d935ce61e510a8bf967a8c6284a5bb86ac\" class=\"collapse\" data-id=\"800466d935ce61e510a8bf967a8c6284a5bb86ac\" role=\"tabpanel\" aria-labelledby=\"heading800466d935ce61e510a8bf967a8c6284a5bb86ac\">\r\n                <div class=\"card-block\">\r\n    \r\n<p>\u010c.j. &#8211; 1\/2018: \u017e\u00e1dost o&nbsp;poskytnut\u00ed informace ve v\u011bci:<br \/>\r\n<strong>Informace t\u00fdkaj\u00edc\u00ed se povolen\u00ed k\u00a0um\u00edst\u011bn\u00ed oplocen\u00ed<\/strong><\/p>\r\n<ul>\r\n\t<li><a href=\"https:\/\/praha7.cz\/wp-content\/uploads\/2018\/02\/1_2018_odpoved.pdf\">odpov\u011b\u010f<\/a> (PDF,\u00a0146 kB) <a href=\"https:\/\/praha7.cz\/wp-content\/uploads\/2018\/02\/1_2018_odpoved.rtf\">odpov\u011b\u010f<\/a> (RTF, 99,3 kB)<\/li>\r\n<\/ul>\r\n<hr \/>\r\n<p>\u010c.j. &#8211; 2\/2018: \u017e\u00e1dost o&nbsp;poskytnut\u00ed informace ve v\u011bci:<br \/>\r\n<strong>Informace t\u00fdkaj\u00edc\u00ed se \u010dinnosti odd\u011blen\u00ed matrik<\/strong><\/p>\r\n<ul>\r\n\t<li><a href=\"https:\/\/praha7.cz\/wp-content\/uploads\/2018\/02\/2_2018_odpoved.pdf\">odpov\u011b\u010f<\/a> (PDF,\u00a0508 kB)\u00a0<\/li>\r\n<\/ul>\r\n<hr \/>\r\n<p>\u010c.j. &#8211; 3\/2018: \u017e\u00e1dost o&nbsp;poskytnut\u00ed informace ve v\u011bci:<br \/>\r\n<strong>Informace t\u00fdkaj\u00edc\u00ed se stavebn\u00edch projekt\u016f<\/strong><\/p>\r\n<ul>\r\n\t<li><a href=\"https:\/\/praha7.cz\/wp-content\/uploads\/2018\/02\/3_2018_odpoved.pdf\">odpov\u011b\u010f <\/a>(PDF,\u00a0197,2 kB) <a href=\"https:\/\/praha7.cz\/wp-content\/uploads\/2018\/02\/3_2018_odpoved.rtf\">odpov\u011b\u010f <\/a>(RTF, 102 kB)<\/li>\r\n<\/ul>\r\n<hr \/>\r\n<p>\u010c.j. &#8211; 4\/2018: \u017e\u00e1dost o&nbsp;poskytnut\u00ed informace ve v\u011bci:<br \/>\r\n<strong>Informace t\u00fdkaj\u00edc\u00ed se propaga\u010dn\u00edch p\u0159edm\u011bt\u016f<\/strong><\/p>\r\n<ul>\r\n\t<li><a href=\"https:\/\/praha7.cz\/wp-content\/uploads\/2018\/02\/4_2018_podani.pdf\">pod\u00e1n\u00ed<\/a> (PDF,\u00a046,8 kB)<\/li>\r\n\t<li><a href=\"https:\/\/praha7.cz\/wp-content\/uploads\/2018\/02\/4_2018_odpoved.pdf\">odpov\u011b\u010f <\/a>(PDF,\u00a078,5 kB)<\/li>\r\n\t<li><a href=\"https:\/\/praha7.cz\/wp-content\/uploads\/2018\/02\/4_2018_priloha.pdf\">p\u0159\u00edloha \u00a0<\/a>(PDF, 133,3 kB)<\/li>\r\n\t<li><a href=\"https:\/\/praha7.cz\/wp-content\/uploads\/2018\/02\/4_2018_priloha2.pdf\">p\u0159\u00edloha<\/a> (PDF,\u00a0801,9 kB)<\/li>\r\n<\/ul>\r\n<hr \/>\r\n<p>\u010c.j. &#8211; 5\/2018: \u017e\u00e1dost o&nbsp;poskytnut\u00ed informace ve v\u011bci:<br \/>\r\n<strong>Informace t\u00fdkaj\u00edc\u00ed se parkovac\u00edch st\u00e1n\u00ed<\/strong><\/p>\r\n<ul>\r\n\t<li><a href=\"https:\/\/praha7.cz\/wp-content\/uploads\/2018\/02\/5_2018_podani.pdf\">pod\u00e1n\u00ed<\/a> (PDF,\u00a0101,1 kB)<\/li>\r\n\t<li><a href=\"https:\/\/praha7.cz\/wp-content\/uploads\/2018\/02\/5_2018_odpoved.pdf\">odpov\u011b\u010f <\/a>(PDF,\u00a0209,8 kB) <a href=\"https:\/\/praha7.cz\/wp-content\/uploads\/2018\/02\/5_2018_odpoved.rtf\">odpov\u011b\u010f<\/a> (RTF, 241 kB)<\/li>\r\n<\/ul>\r\n<hr \/>\r\n<p>\u010c.j. &#8211; 6\/2018: \u017e\u00e1dost o&nbsp;poskytnut\u00ed informace ve v\u011bci:<br \/>\r\n<strong>Informace t\u00fdkaj\u00edc\u00ed se p\u0159edstavitel\u016f M\u010c Praha&nbsp;7<\/strong><\/p>\r\n<ul>\r\n\t<li><a href=\"https:\/\/praha7.cz\/wp-content\/uploads\/2018\/02\/6_2018_odpoved.pdf\">odpov\u011b\u010f<\/a> (PDF,\u00a0162,4 kB) <a href=\"https:\/\/praha7.cz\/wp-content\/uploads\/2018\/02\/6_2018_odpoved.rtf\">odpov\u011b\u010f<\/a> (RTF, 267,7 kB)<\/li>\r\n<\/ul>\r\n<hr \/>\r\n<p>\u010c.j. &#8211; 7\/2018: \u017e\u00e1dost o&nbsp;poskytnut\u00ed informace ve v\u011bci:<br \/>\r\n<strong>Informace t\u00fdkaj\u00edc\u00ed se pozemk\u016f a&nbsp;staveb p\u0159i ul. Varhul\u00edkov\u00e9<\/strong><\/p>\r\n<ul>\r\n\t<li><a href=\"https:\/\/praha7.cz\/wp-content\/uploads\/2018\/02\/7_2018_odpoved.pdf\">odpov\u011b\u010f<\/a> (PDF,\u00a0340,5 kB)<\/li>\r\n<\/ul>\r\n<hr \/>\r\n<p>\u010c.j. &#8211; 8\/2018: \u017e\u00e1dost o&nbsp;poskytnut\u00ed informace ve v\u011bci:<br \/>\r\n<strong>Informace t\u00fdkaj\u00edc\u00ed se bytov\u00e9ho domu Na Manin\u00e1ch<\/strong><\/p>\r\n<ul>\r\n\t<li><a href=\"https:\/\/praha7.cz\/wp-content\/uploads\/2018\/02\/8_2018_odpoved.pdf\">odpov\u011b\u010f<\/a> (PDF,\u00a0202,1 kB)\u00a0 <a href=\"https:\/\/praha7.cz\/wp-content\/uploads\/2018\/02\/8_2018_odpoved.rtf\">odpov\u011b\u010f<\/a> (RTF, 102,5 kB)<\/li>\r\n<\/ul>\r\n<hr \/>\r\n<p>\u010c.j. &#8211; 9\/2018: \u017e\u00e1dost o&nbsp;poskytnut\u00ed informace ve v\u011bci:<br \/>\r\n<strong>Informace t\u00fdkaj\u00edc\u00ed se provozu trh\u016f v&nbsp;M\u010c<\/strong><\/p>\r\n<ul>\r\n\t<li><a href=\"https:\/\/praha7.cz\/wp-content\/uploads\/2018\/03\/9_2018_odpoved.pdf\">odpov\u011b\u010f<\/a> (PDF,\u00a0238,9 kB)\u00a0 <a href=\"https:\/\/praha7.cz\/wp-content\/uploads\/2018\/03\/9_2018_odpoved.rtf\">odpov\u011b\u010f<\/a> (RTF, 332,5 kB)<\/li>\r\n<\/ul>\r\n<hr \/>\r\n<p>\u010c.j. &#8211; 10\/2018: \u017e\u00e1dost o&nbsp;poskytnut\u00ed informace ve v\u011bci:<br \/>\r\n<strong>Informace t\u00fdkaj\u00edc\u00ed se \u0159e\u0161en\u00ed p\u0159estupk\u016f ru\u0161en\u00ed no\u010dn\u00edho klidu<\/strong><\/p>\r\n<ul>\r\n\t<li><a href=\"https:\/\/praha7.cz\/wp-content\/uploads\/2018\/03\/10_2018_odpoved.pdf\">odpov\u011b\u010f<\/a> (PDF,\u00a0203,1 kB)\u00a0 <a href=\"https:\/\/praha7.cz\/wp-content\/uploads\/2018\/03\/10_2018_odpoved.rtf\">odpov\u011b\u010f<\/a> (RTF, 247,1 kB)<\/li>\r\n<\/ul>\r\n<hr \/>\r\n<p>\u010c.j. &#8211; 11\/2018: \u017e\u00e1dost o&nbsp;poskytnut\u00ed informace ve v\u011bci:<br \/>\r\n<strong>Informace t\u00fdkaj\u00edc\u00ed se k\u00e1cen\u00ed a&nbsp;n\u00e1sledn\u00fdch \u00faprav<\/strong><\/p>\r\n<ul>\r\n\t<li><a href=\"https:\/\/praha7.cz\/wp-content\/uploads\/2018\/03\/11_2018_podani.pdf\">pod\u00e1n\u00ed<\/a>\u00a0(PDF,\u00a0406,9 kB)<\/li>\r\n\t<li><a href=\"https:\/\/praha7.cz\/wp-content\/uploads\/2018\/03\/11_2018_odpoved.pdf\">odpov\u011b\u010f<\/a> (PDF,\u00a0148,6 kB) <a href=\"https:\/\/praha7.cz\/wp-content\/uploads\/2018\/03\/11_2018_odpoved.rtf\">odpov\u011b\u010f<\/a> (RTF, 254,4 kB)<\/li>\r\n<\/ul>\r\n<hr \/>\r\n<p>\u010c.j. &#8211; 12\/2018: \u017e\u00e1dost o&nbsp;poskytnut\u00ed informace ve v\u011bci:<br \/>\r\n<strong>Informace t\u00fdkaj\u00edc\u00ed se plak\u00e1tov\u00fdch ploch<\/strong><\/p>\r\n<ul>\r\n\t<li><a href=\"https:\/\/praha7.cz\/wp-content\/uploads\/2018\/03\/12_2018_odpoved.pdf\">odpov\u011b\u010f<\/a> (PDF,\u00a0174 kB)\u00a0 <a href=\"https:\/\/praha7.cz\/wp-content\/uploads\/2018\/03\/12_2018_odpoved.rtf\">odpov\u011b\u010f<\/a> (RTF, 267,5 kB)<\/li>\r\n<\/ul>\r\n<hr \/>\r\n<p>\u010c.j. &#8211; 13\/2018: \u017e\u00e1dost o&nbsp;poskytnut\u00ed informace ve v\u011bci:<br \/>\r\n<strong>Informace t\u00fdkaj\u00edc\u00ed se dokumentace k&nbsp;podzemn\u00edmu pr\u016fchodu<\/strong><\/p>\r\n<ul>\r\n\t<li><a href=\"https:\/\/www.praha7.cz\/wp-content\/uploads\/2018\/03\/13_106_2018_odpov\u011b\u010f.pdf\">odpov\u011b\u010f<\/a> (PDF, 303 kB)\u00a0 <a href=\"https:\/\/www.praha7.cz\/wp-content\/uploads\/2018\/03\/13_106_2018_odpov\u011b\u010f.rtf\">odpov\u011b\u010f<\/a> (RTF, 51 kB)<\/li>\r\n<\/ul>\r\n<hr \/>\r\n<p>\u010c.j. &#8211; 14\/2018: \u017e\u00e1dost o&nbsp;poskytnut\u00ed informace ve v\u011bci:<br \/>\r\n<strong>Informace t\u00fdkaj\u00edc\u00ed se seznamu parkovac\u00edch ploch a&nbsp;gar\u00e1\u017eov\u00fdch st\u00e1n\u00ed<\/strong><\/p>\r\n<ul>\r\n\t<li><a href=\"https:\/\/www.praha7.cz\/wp-content\/uploads\/2018\/03\/13_2018_106_dotaz.pdf\">pod\u00e1n\u00ed<\/a>\u00a0(PDF, 275 kB)<br \/>\r\n<a href=\"https:\/\/www.praha7.cz\/wp-content\/uploads\/2018\/03\/14_2018_106_odpoved_.pdf\">odpov\u011b\u010f<\/a> (PDF,\u00a0153 kB) <a href=\"https:\/\/www.praha7.cz\/wp-content\/uploads\/2018\/03\/14_2018_106_odpoved.docx\">odpov\u011b\u010f<\/a> (DOC, 39 kB)\u00a0 <a href=\"https:\/\/www.praha7.cz\/wp-content\/uploads\/2018\/03\/14_2018_106_priloha.pdf\">p\u0159\u00edloha<\/a> (PDF, 56 kB)<\/li>\r\n<\/ul>\r\n<hr \/>\r\n<p>\u010c.j. &#8211; 15\/2018: \u017e\u00e1dost o&nbsp;poskytnut\u00ed informace ve v\u011bci:<br \/>\r\n<strong>Informace t\u00fdkaj\u00edc\u00ed se financov\u00e1n\u00ed\u00a0z\u00e1kladn\u00edch \u0161kol P7 z\u00a0obdob\u00ed let 2016 a&nbsp;2017<\/strong><\/p>\r\n<ul>\r\n\t<li><a href=\"https:\/\/www.praha7.cz\/wp-content\/uploads\/2018\/03\/15_2018_106_odpoved.pdf\">odpov\u011b\u010f<\/a> (PDF,\u00a0366 kB)\u00a0 <a href=\"https:\/\/www.praha7.cz\/wp-content\/uploads\/2018\/03\/15_2018_106_odpoved.docx\">odpov\u011b\u010f<\/a> (DOC, 43\u00a0kB)<\/li>\r\n<\/ul>\r\n<hr \/>\r\n<p>\u010c.j. &#8211; 16\/2018: \u017e\u00e1dost o&nbsp;poskytnut\u00ed informace ve v\u011bci:<br \/>\r\n<strong>Informace t\u00fdkaj\u00edc\u00ed se pravomoc\u00ed a&nbsp;v\u00e1hy vyj\u00e1d\u0159en\u00ed Spole\u010denstv\u00ed vlastn\u00edk\u016f jednotek<\/strong><\/p>\r\n<p><a href=\"https:\/\/www.praha7.cz\/wp-content\/uploads\/2018\/03\/16_106_2018_odpov\u011b\u010f.pdf\">odpov\u011b\u010f<\/a> (PDF, 1000 kB)\u00a0 odpov\u011b\u010f (DOC, 43\u00a0kB)<\/p>\r\n<hr \/>\r\n<p>\u010c.j. &#8211; 17\/2018: \u017e\u00e1dost o&nbsp;poskytnut\u00ed informace ve v\u011bci:<br \/>\r\n<strong>Informace t\u00fdkaj\u00edc\u00ed se\u00a0v\u00e1hy nesouhlasu SVJ p\u0159i zm\u011bn\u011b v\u00a0u\u017e\u00edv\u00e1n\u00ed nebytov\u00e9 jednotky s\u00a0drobn\u00fdmi stavebn\u00edmi \u00fapravami<\/strong><\/p>\r\n<p><a href=\"https:\/\/www.praha7.cz\/wp-content\/uploads\/2018\/04\/17_106_2018_odpov\u011b\u010f.pdf\">odpov\u011b\u010f<\/a> (PDF, 208 kB)\u00a0 <a href=\"https:\/\/www.praha7.cz\/wp-content\/uploads\/2018\/04\/17_106_2018_odpov\u011b\u010f.rtf\">odpov\u011b\u010f<\/a> (RTF, 14 kB)<\/p>\r\n<hr \/>\r\n<p>\u010c.j. &#8211; 18\/2018: \u017e\u00e1dost o&nbsp;poskytnut\u00ed informace ve v\u011bci:<br \/>\r\n<strong>Informace t\u00fdkaj\u00edc\u00ed\u00a0se kopie \u00fazemn\u00edch rozhodnut\u00ed pro akci \u201e festival Metronome\u201c na V\u00fdstavi\u0161ti Hole\u0161ovice.<\/strong><\/p>\r\n<p><a href=\"https:\/\/www.praha7.cz\/wp-content\/uploads\/2018\/04\/18_103_2018_odpov\u011b\u010f.pdf\">odpov\u011b\u010f<\/a> (PDF, 200 kB)\u00a0 <a href=\"https:\/\/www.praha7.cz\/wp-content\/uploads\/2018\/04\/18_103_2018_odpov\u011b\u010f.rtf\">odpov\u011b\u010f<\/a> (RTF, 6 kB)<\/p>\r\n<hr \/>\r\n<p>\u010c.j. &#8211; 19\/2018: \u017e\u00e1dost o&nbsp;poskytnut\u00ed informace ve v\u011bci:<br \/>\r\n<strong>Informace t\u00fdkaj\u00edc\u00ed\u00a0se poskytnut\u00ed objedn\u00e1vky a&nbsp;znaleck\u00e9ho posudku na tepeln\u00e1 \u010derpadla Z\u0160 TGM<\/strong><\/p>\r\n<p><a href=\"https:\/\/www.praha7.cz\/wp-content\/uploads\/2018\/04\/19_106_2018_zadost.pdf\">\u017e\u00e1dost<\/a> (PDF, 60 kB)<\/p>\r\n<p><a href=\"https:\/\/www.praha7.cz\/wp-content\/uploads\/2018\/04\/19_106_2018_odpov\u011b\u010f.pdf\">odpov\u011b\u010f<\/a> (PDF, 264 kB)\u00a0 <a href=\"https:\/\/www.praha7.cz\/wp-content\/uploads\/2018\/04\/19_106_2018_odpov\u011b\u010f.docx\">odpov\u011b\u010f<\/a> (docx, 36 kB) <a href=\"https:\/\/www.praha7.cz\/wp-content\/uploads\/2018\/04\/19_106_2018_p\u0159\u00edloha.pdf\">p\u0159\u00edloha<\/a> (PDF, 1530 kB)<\/p>\r\n<hr \/>\r\n<p>\u010c.j. &#8211; 20\/2018: \u017e\u00e1dost o&nbsp;poskytnut\u00ed informace ve v\u011bci:<br \/>\r\n<strong>Informace t\u00fdkaj\u00edc\u00ed\u00a0se odvol\u00e1n\u00ed proti rozhodnut\u00ed odboru spr\u00e1vn\u00edch agend \u00daM\u010c Praha&nbsp;7<\/strong><\/p>\r\n<p><a href=\"https:\/\/www.praha7.cz\/wp-content\/uploads\/2018\/04\/20_106_2018_odpov\u011b\u010f-1.pdf\">odpov\u011b\u010f<\/a> (PDF, 201 kB)\u00a0 <a href=\"https:\/\/www.praha7.cz\/wp-content\/uploads\/2018\/04\/20_106_2018_odpov\u011b\u010f.doc\">odpov\u011b\u010f<\/a> (docx, 52 kB)<\/p>\r\n<hr \/>\r\n<p>\u010c.j. &#8211; 21\/2018: \u017e\u00e1dost o&nbsp;poskytnut\u00ed informace ve v\u011bci:<br \/>\r\n<strong>Informace t\u00fdkaj\u00edc\u00ed\u00a0se povolen\u00ed zahr\u00e1dky Cross club, Praha&nbsp;7<\/strong><\/p>\r\n<p><a href=\"https:\/\/www.praha7.cz\/wp-content\/uploads\/2018\/04\/21_106_2018_odpov\u011b\u010f.pdf\">odpov\u011b\u010f<\/a> (PDF, 249 kB)\u00a0<a href=\"https:\/\/www.praha7.cz\/wp-content\/uploads\/2018\/04\/21_106_2018_odpov\u011b\u010f.rtf\"> odpov\u011b\u010f<\/a> (RTF, 480 kB)<\/p>\r\n<hr \/>\r\n<p>\u010c.j. &#8211; 22\/2018: \u017e\u00e1dost o&nbsp;poskytnut\u00ed informace ve v\u011bci:<br \/>\r\n<strong>Informace t\u00fdkaj\u00edc\u00ed\u00a0se implementace GDPR u&nbsp;povinn\u00e9ho subjektu<\/strong><\/p>\r\n<p><a href=\"https:\/\/www.praha7.cz\/wp-content\/uploads\/2018\/04\/22_106_2018_odpov\u011b\u010f.pdf\">odpov\u011b\u010f<\/a> (PDF, 217kB)\u00a0 <a href=\"https:\/\/www.praha7.cz\/wp-content\/uploads\/2018\/04\/22_106_2018_odpov\u011b\u010f.rtf\">odpov\u011b\u010f<\/a> (RTF, 38 kB)<\/p>\r\n<hr \/>\r\n<p>\u010c.j. &#8211; 23\/2018: \u017e\u00e1dost o&nbsp;poskytnut\u00ed informace ve v\u011bci:<br \/>\r\n<strong>Informace t\u00fdkaj\u00edc\u00ed\u00a0se pr\u00e1vn\u00edch \u00fakon\u016f pro akci \u201e festival Metronome\u201c na V\u00fdstavi\u0161ti Hole\u0161ovice.<\/strong><\/p>\r\n<p><a href=\"https:\/\/www.praha7.cz\/wp-content\/uploads\/2018\/04\/inform106-ALBERTOV-2-.pdf\">odpov\u011b\u010f<\/a> (PDF, 147kB)\u00a0 <a href=\"https:\/\/www.praha7.cz\/wp-content\/uploads\/2018\/04\/inform106-ALBERTOV-2.rtf\">odpov\u011b\u010f<\/a> (RTF, 48 kB)<\/p>\r\n<hr \/>\r\n<p>\u010c.j. &#8211; 24\/2018: \u017e\u00e1dost o&nbsp;poskytnut\u00ed informace ve v\u011bci:<br \/>\r\n<strong>Informace t\u00fdkaj\u00edc\u00ed\u00a0se \u00fapravy travnat\u00e9ho pruhu a&nbsp;zast\u00e1vky MHD.<\/strong><\/p>\r\n<p><a href=\"https:\/\/www.praha7.cz\/wp-content\/uploads\/2018\/05\/Odpov\u011b\u010f-Fl.pdf\">odpov\u011b\u010f<\/a> (PDF, 203 kB)\u00a0<a href=\"https:\/\/www.praha7.cz\/wp-content\/uploads\/2018\/05\/Odpov\u011b\u010f-Fl.rtf\"> odpov\u011b\u010f<\/a> (RTF, 241 kB)<\/p>\r\n<hr \/>\r\n<p>\u010c.j. &#8211; 25\/2018: \u017e\u00e1dost o&nbsp;poskytnut\u00ed informace ve v\u011bci:<br \/>\r\n<strong>Informace t\u00fdkaj\u00edc\u00ed\u00a0se sjednan\u00fdch kolektivn\u00edch smluv.<\/strong><\/p>\r\n<p><a href=\"https:\/\/www.praha7.cz\/wp-content\/uploads\/2018\/05\/Odpov\u011b\u010f-Jan.pdf\">odpov\u011b\u010f<\/a> (PDF, 158 kB)\u00a0 <a href=\"https:\/\/www.praha7.cz\/wp-content\/uploads\/2018\/05\/Odpov\u011b\u010f-Jan.rtf\">odpov\u011b\u010f<\/a> (RTF, 236 kB)<\/p>\r\n<hr \/>\r\n<p>\u010c.j. &#8211; 26\/2018: \u017e\u00e1dost o&nbsp;poskytnut\u00ed informace ve v\u011bci:<br \/>\r\n<strong>Informace t\u00fdkaj\u00edc\u00ed se um\u00edst\u011bn\u00ed lavi\u010dek v&nbsp;travnat\u00e9m pruhu.<\/strong><\/p>\r\n<p><a href=\"https:\/\/www.praha7.cz\/wp-content\/uploads\/2018\/05\/Odpov\u011b\u010f-Fl-2.pdf\">odpov\u011b\u010f<\/a> (PDF, 204 kB)\u00a0 <a href=\"https:\/\/www.praha7.cz\/wp-content\/uploads\/2018\/05\/Odpov\u011b\u010f-Fl-2-2.rtf\">odpov\u011b\u010f<\/a> (RTF, 234 kB)<\/p>\r\n<hr \/>\r\n<p>\u010c.j. &#8211; 27\/2018: \u017e\u00e1dost o&nbsp;poskytnut\u00ed informace ve v\u011bci:<br \/>\r\n<strong>Informace t\u00fdkaj\u00edc\u00ed se extern\u00edch pr\u00e1vn\u00edch slu\u017eeb.<\/strong><\/p>\r\n<p><a href=\"https:\/\/www.praha7.cz\/wp-content\/uploads\/2018\/05\/Odpov\u011b\u010f-K.pdf\">odpov\u011b\u010f<\/a> (PDF, 235 kB)\u00a0 <a href=\"https:\/\/www.praha7.cz\/wp-content\/uploads\/2018\/05\/Odpov\u011b\u010f-K.rtf\">odpov\u011b\u010f<\/a> (RTF, 268 kB)<\/p>\r\n<hr \/>\r\n<p>\u010c.j. &#8211; 28\/2018: \u017e\u00e1dost o&nbsp;poskytnut\u00ed informace ve v\u011bci:<br \/>\r\n<strong>Informace t\u00fdkaj\u00edc\u00ed se stavebn\u00edch prac\u00ed v&nbsp;are\u00e1lu V\u00fdstavi\u0161t\u011b Hole\u0161ovice.<\/strong><\/p>\r\n<p><a href=\"https:\/\/www.praha7.cz\/wp-content\/uploads\/2018\/05\/Odpov\u011b\u010f-\u010c.pdf\">odpov\u011b\u010f<\/a> (PDF, 165 kB)\u00a0 <a href=\"https:\/\/www.praha7.cz\/wp-content\/uploads\/2018\/05\/Odpov\u011b\u010f-\u010c.rtf\">odpov\u011b\u010f<\/a> (RTF, 263 kB)<\/p>\r\n<hr \/>\r\n<p>\u010c.j. &#8211; 29\/2018: \u017e\u00e1dost o&nbsp;poskytnut\u00ed informace ve v\u011bci:<br \/>\r\n<strong>Informace t\u00fdkaj\u00edc\u00ed se rozhodnut\u00ed Policie \u010cR.<\/strong><\/p>\r\n<p><a href=\"https:\/\/www.praha7.cz\/wp-content\/uploads\/2018\/06\/Odpov\u011b\u010f-Pok.pdf\">odpov\u011b\u010f<\/a> (PDF, 162 kB)\u00a0 <a href=\"https:\/\/www.praha7.cz\/wp-content\/uploads\/2018\/06\/Odpov\u011b\u010f-Pok.rtf\">odpov\u011b\u010f<\/a> (RTF, 242 kB)<\/p>\r\n<hr \/>\r\n<p>\u010c.j. &#8211; 30\/2018: \u017e\u00e1dost o&nbsp;poskytnut\u00ed informace ve v\u011bci:<br \/>\r\n<strong>Informace t\u00fdkaj\u00edc\u00ed se p\u0159estupkov\u00fdch \u0159\u00edzen\u00ed.<\/strong><\/p>\r\n<p><a href=\"https:\/\/www.praha7.cz\/wp-content\/uploads\/2018\/06\/Odpov\u011b\u010f-G35.pdf\">odpov\u011b\u010f<\/a> (PDF, 167 kB)\u00a0 <a href=\"https:\/\/www.praha7.cz\/wp-content\/uploads\/2018\/06\/Odpov\u011b\u010f-G35.rtf\">odpov\u011b\u010f<\/a> (RTF, 247 kB)<\/p>\r\n<hr \/>\r\n<p>\u010c.j. &#8211; 31\/2018: \u017e\u00e1dost o&nbsp;poskytnut\u00ed informace ve v\u011bci:<br \/>\r\n<strong>Informace t\u00fdkaj\u00edc\u00ed se vyd\u00e1v\u00e1n\u00ed Hobuletu.<\/strong><\/p>\r\n<p><a href=\"https:\/\/www.praha7.cz\/wp-content\/uploads\/2018\/06\/Odpov\u011b\u010f-N.pdf\">odpov\u011b\u010f<\/a> (PDF, 229 kB)\u00a0 <a href=\"https:\/\/www.praha7.cz\/wp-content\/uploads\/2018\/06\/Odpov\u011b\u010f-N.rtf\">odpov\u011b\u010f<\/a> (RTF, 250 kB)<\/p>\r\n<hr \/>\r\n<p>\u010c.j. &#8211; 32\/2018: \u017e\u00e1dost o&nbsp;poskytnut\u00ed informace ve v\u011bci:<br \/>\r\n<strong>Voli\u010dsk\u00e9 pr\u016fkazy k&nbsp;p\u0159\u00edm\u00e9 volb\u011b prezidenta<\/strong>.<\/p>\r\n<p><a href=\"https:\/\/www.praha7.cz\/wp-content\/uploads\/2018\/06\/Odpov\u011b\u010f-Ralluti.pdf\">odpov\u011b\u010f<\/a> (PDF, 346 kB)\u00a0 <a href=\"https:\/\/www.praha7.cz\/wp-content\/uploads\/2018\/06\/Odpov\u011b\u010f-Ralluti.rtf\">odpov\u011b\u010f<\/a> (RTF, 238 kB)<\/p>\r\n<hr \/>\r\n<p>\u010c.j. &#8211; 33\/2018: \u017e\u00e1dost o&nbsp;poskytnut\u00ed informace ve v\u011bci:<br \/>\r\n<strong>N\u00e1klady a&nbsp;rozsahy tisku za roky 2015, 2016 a&nbsp;2017.<\/strong><\/p>\r\n<p><a href=\"https:\/\/www.praha7.cz\/wp-content\/uploads\/2018\/06\/Odpov\u011b\u010f-KVE.pdf\">odpov\u011b\u010f<\/a> (PDF, 358 kB)\u00a0 <a href=\"https:\/\/www.praha7.cz\/wp-content\/uploads\/2018\/06\/Odpov\u011b\u010f-KVE.rtf\">odpov\u011b\u010f<\/a> (RTF, 264 kB)<\/p>\r\n<hr \/>\r\n<p>\u010c.j. &#8211; 34\/2018: \u017e\u00e1dost o&nbsp;poskytnut\u00ed informace ve v\u011bci:<br \/>\r\n<strong>Informace t\u00fdkaj\u00edc\u00ed se budovy U&nbsp;Pr\u016fhonu 38.<\/strong><\/p>\r\n<p><a href=\"https:\/\/www.praha7.cz\/wp-content\/uploads\/2018\/06\/Odpov\u011b\u010f-LP.pdf\">odpov\u011b\u010f<\/a> (PDF, 175 kB)<br \/>\r\n<a href=\"https:\/\/www.praha7.cz\/wp-content\/uploads\/2018\/06\/Odpov\u011b\u010f-LP.rtf\">odpov\u011b\u010f<\/a> (RTF, 242 kB)<br \/>\r\n<a href=\"https:\/\/www.praha7.cz\/wp-content\/uploads\/2018\/06\/RADNICE.xlsx\">p\u0159\u00edloha<\/a> \u00a0(.xlsx, 34 kB)<\/p>\r\n<hr \/>\r\n<p>\u010c.j. &#8211; 35\/2018: \u017e\u00e1dost o&nbsp;poskytnut\u00ed informace ve v\u011bci:<br \/>\r\n<strong>Kolauda\u010dn\u00ed rozhodnut\u00ed vybran\u00fdch objekt\u016f.<\/strong><\/p>\r\n<p><a href=\"https:\/\/www.praha7.cz\/wp-content\/uploads\/2018\/06\/Odpov\u011b\u010f-G33.pdf\">odpov\u011b\u010f<\/a> (PDF, 161 kB)<br \/>\r\n<a href=\"https:\/\/www.praha7.cz\/wp-content\/uploads\/2018\/06\/Odpov\u011b\u010f-G33.rtf\">odpov\u011b\u010f<\/a> (RTF, 143 kB)<br \/>\r\n<a href=\"https:\/\/www.praha7.cz\/wp-content\/uploads\/2018\/06\/P1.pdf\">p\u0159\u00edloha \u010d. 1<\/a> (PDF, 150 kB)\u00a0 \u00a0 \u00a0 \u00a0\u00a0<a href=\"https:\/\/www.praha7.cz\/wp-content\/uploads\/2018\/06\/P2.pdf\">p\u0159\u00edloha \u010d. 2<\/a> (PDF, 114 kB)<\/p>\r\n<hr \/>\r\n<p>\u010c.j. &#8211; 36\/2018: \u017e\u00e1dost o&nbsp;poskytnut\u00ed informace ve v\u011bci:<br \/>\r\n<strong>Poskytnut\u00ed kopi\u00ed \u017e\u00e1dost\u00ed o&nbsp;povolen\u00ed u\u017e\u00edv\u00e1n\u00ed objekt\u016f.<\/strong><\/p>\r\n<p><a href=\"https:\/\/www.praha7.cz\/wp-content\/uploads\/2018\/06\/Odpov\u011b\u010f-ODO.pdf\">odpov\u011b\u010f<\/a> (PDF, 229 kB)<br \/>\r\n<a href=\"https:\/\/www.praha7.cz\/wp-content\/uploads\/2018\/06\/Odpov\u011b\u010f-ODO.rtf\">odpov\u011b\u010f<\/a> (RTF, 274 kB)<br \/>\r\n<a href=\"https:\/\/www.praha7.cz\/wp-content\/uploads\/2018\/06\/P\u0159\u00edloha-\u010d.-1.pdf\">p\u0159\u00edloha \u010d. 1<\/a> (PDF, 5,37 MB)\u00a0 \u00a0 \u00a0 \u00a0\u00a0<a href=\"https:\/\/www.praha7.cz\/wp-content\/uploads\/2018\/06\/P\u0159\u00edloha-\u010d.-2.pdf\">p\u0159\u00edloha \u010d. 2<\/a> (PDF, 579 kB)\u00a0\u00a0<\/p>\r\n<p><a href=\"https:\/\/www.praha7.cz\/wp-content\/uploads\/2018\/06\/P\u0159\u00edloha-\u010d.-3.pdf\">p\u0159\u00edloha \u010d. 3<\/a> (PDF, 7,72 MB)<\/p>\r\n<hr \/>\r\n<p>\u010c.j. &#8211; 37\/2018: \u017e\u00e1dost o&nbsp;poskytnut\u00ed informace ve v\u011bci:<br \/>\r\n<strong>Poskytnut\u00ed kopi\u00ed souvisej\u00edc\u00ed s&nbsp;kolaudac\u00ed prostoru.<\/strong><\/p>\r\n<p><a href=\"https:\/\/www.praha7.cz\/wp-content\/uploads\/2018\/06\/Odpov\u011b\u010f-SU2.pdf\">odpov\u011b\u010f<\/a> (PDF, 155 kB)<br \/>\r\n<a href=\"https:\/\/www.praha7.cz\/wp-content\/uploads\/2018\/06\/Odpov\u011b\u010f-SU2.rtf\">odpov\u011b\u010f<\/a> (RTF, 236 kB)<br \/>\r\n<a href=\"https:\/\/www.praha7.cz\/wp-content\/uploads\/2018\/06\/Ohl\u00e1\u0161en\u00ed-a-protokol.pdf\">p\u0159\u00edloha \u010d. 1<\/a> (PDF, 2,00 MB)<\/p>\r\n<hr \/>\r\n<p>\u010c.j. &#8211; 38\/2018: \u017e\u00e1dost o&nbsp;poskytnut\u00ed informace ve v\u011bci:<br \/>\r\n<strong>Odm\u011bny za novin\u00e1\u0159skou pr\u00e1ci.<\/strong><\/p>\r\n<p><a href=\"https:\/\/www.praha7.cz\/wp-content\/uploads\/2018\/06\/Odpov\u011b\u010f-NP.pdf\">odpov\u011b\u010f<\/a> (PDF, 208 kB)\u00a0 <a href=\"https:\/\/www.praha7.cz\/wp-content\/uploads\/2018\/06\/Odpov\u011b\u010f-NP.rtf\">odpov\u011b\u010f<\/a> (RTF, 241 kB)<\/p>\r\n<hr \/>\r\n<p>\u010c.j. &#8211; 39\/2018: \u017e\u00e1dost o&nbsp;poskytnut\u00ed informace ve v\u011bci:<br \/>\r\n<strong>Po\u010dty odpadkov\u00fdch ko\u0161\u016f.<\/strong><\/p>\r\n<p><a href=\"https:\/\/www.praha7.cz\/wp-content\/uploads\/2018\/06\/Odpov\u011b\u010f-KLI.pdf\">odpov\u011b\u010f<\/a> (PDF, 285 kB)\u00a0 <a href=\"https:\/\/www.praha7.cz\/wp-content\/uploads\/2018\/06\/Odpov\u011b\u010f-KLI.rtf\">odpov\u011b\u010f<\/a> (RTF, 244 kB)<\/p>\r\n<hr \/>\r\n<p>\u010c.j. &#8211; 40\/2018: \u017e\u00e1dost o&nbsp;poskytnut\u00ed informace ve v\u011bci:<br \/>\r\n<strong>Poskytnut\u00ed kopie odpov\u011bdi starosty M\u010c Praha&nbsp;7.<\/strong><\/p>\r\n<p><a href=\"https:\/\/www.praha7.cz\/wp-content\/uploads\/2018\/07\/Odpov\u011b\u010f-LP-III.pdf\">odpov\u011b\u010f<\/a> (PDF, 165 kB)<br \/>\r\n<a href=\"https:\/\/www.praha7.cz\/wp-content\/uploads\/2018\/07\/Odpov\u011b\u010f-LP-III.rtf\">odpov\u011b\u010f<\/a> (RTF, 231 kB)<br \/>\r\n<a href=\"https:\/\/www.praha7.cz\/wp-content\/uploads\/2018\/07\/Dopis-pro-Lep\u0161\u00ed-Praha-7-o.s_.pdf\">p\u0159\u00edloha<\/a> (PDF, 382 kB)<\/p>\r\n<hr \/>\r\n<p>\u010c.j. &#8211; 41\/2018: \u017e\u00e1dost o&nbsp;poskytnut\u00ed informace ve v\u011bci:<br \/>\r\n<strong>P\u0159ihl\u00e1\u0161ek do sout\u011b\u017ee na pron\u00e1jem \u010d\u00e1sti nebytov\u00e9ho prostoru.<\/strong><\/p>\r\n<p><a href=\"https:\/\/www.praha7.cz\/wp-content\/uploads\/2018\/07\/Odpov\u011b\u010f-LP-II.pdf\">odpov\u011b\u010f<\/a> (PDF, 182 kB)\u00a0 <a href=\"https:\/\/www.praha7.cz\/wp-content\/uploads\/2018\/07\/Odpov\u011b\u010f-LP-II.rtf\">odpov\u011b\u010f<\/a> (RTF, 264 kB)<\/p>\r\n<hr \/>\r\n<p>\u010c.j. &#8211; 42\/2018: \u017e\u00e1dost o&nbsp;poskytnut\u00ed informace ve v\u011bci:<br \/>\r\n<strong>Kopie z\u00e1pisu z&nbsp;jedn\u00e1n\u00ed Zastupitelstva M\u010c Praha&nbsp;7.<\/strong><\/p>\r\n<p><a href=\"https:\/\/www.praha7.cz\/wp-content\/uploads\/2018\/07\/Odpov\u011b\u010f-LP-IV.pdf\">odpov\u011b\u010f<\/a> (PDF, 167 kB)<br \/>\r\n<a href=\"https:\/\/www.praha7.cz\/wp-content\/uploads\/2018\/07\/Odpov\u011b\u010f-LP-IV.rtf\">odpov\u011b\u010f<\/a> (RTF, 233 kB)<\/p>\r\n<p><a href=\"https:\/\/www.praha7.cz\/wp-content\/uploads\/2018\/07\/P\u0159\u00edloha-\u010d.-1-Zapis_z_5_Z_MC_P7_dne_1862018.pdf\"><\/a><a href=\"https:\/\/www.praha7.cz\/wp-content\/uploads\/2018\/07\/P\u0159\u00edloha-\u010d.-1-Zapis_z_5_Z_MC_P7_dne_1862018.pdf\">p\u0159\u00edloha \u010d. 1<\/a>\u00a0(PDF, 115 kB)\u00a0 \u00a0 \u00a0<\/p>\r\n<p><a href=\"https:\/\/www.praha7.cz\/wp-content\/uploads\/2018\/07\/P\u0159\u00edloha-\u010d.-2-Hlasovani_ZMC_5_1862018.pdf\">p\u0159\u00edloha \u010d. 2<\/a>\u00a0(PDF, 83,5 kB)\u00a0 \u00a0 \u00a0<\/p>\r\n<p><a href=\"https:\/\/www.praha7.cz\/wp-content\/uploads\/2018\/07\/P\u0159\u00edloha-\u010d.-1-Zapis_z_5_Z_MC_P7_dne_1862018.rtf\">p\u0159\u00edloha \u010d. 1<\/a>\u00a0(RTF, 173 kB)<\/p>\r\n<p><a href=\"https:\/\/www.praha7.cz\/wp-content\/uploads\/2018\/07\/P\u0159\u00edloha-\u010d.-2-Hlasovani_ZMC_5_1862018.rtf\">p\u0159\u00edloha \u010d. 2<\/a> (RTF, 342 kB)<\/p>\r\n<hr \/>\r\n<p>\u010c.j. &#8211; 43\/2018: \u017e\u00e1dost o&nbsp;poskytnut\u00ed informace ve v\u011bci:<br \/>\r\n<strong>V\u00fdkaz pro hodnocen\u00ed pln\u011bn\u00ed rozpo\u010dtu.<\/strong><\/p>\r\n<p><a href=\"https:\/\/www.praha7.cz\/wp-content\/uploads\/2018\/07\/Odpov\u011b\u010f-BNov.pdf\">odpov\u011b\u010f<\/a> (PDF, 155 kB)<br \/>\r\n<a href=\"https:\/\/www.praha7.cz\/wp-content\/uploads\/2018\/07\/Odpov\u011b\u010f-BNov.rtf\">odpov\u011b\u010f<\/a> (RTF, 232 kB)<br \/>\r\n<a href=\"https:\/\/www.praha7.cz\/wp-content\/uploads\/2018\/07\/v\u00fdkaz-o-pln\u011bn\u00ed-rozpo\u010dtu-2017.pdf\">p\u0159\u00edloha<\/a> (PDF, 125 kB)<\/p>\r\n<hr \/>\r\n<p>\u010c.j. &#8211; 44\/2018: \u017e\u00e1dost o&nbsp;poskytnut\u00ed informace ve v\u011bci:<br \/>\r\n<strong>Poskytnut\u00ed kopi\u00ed listin ze stavebn\u00edho \u0159\u00edzen\u00ed.<\/strong><\/p>\r\n<p><a href=\"https:\/\/www.praha7.cz\/wp-content\/uploads\/2018\/08\/Odpov\u011b\u010f-CM.pdf\">odpov\u011b\u010f<\/a> (PDF, 163 kB)\u00a0 <a href=\"https:\/\/www.praha7.cz\/wp-content\/uploads\/2018\/08\/Odpov\u011b\u010f-CM.rtf\">odpov\u011b\u010f<\/a> (RTF, 247 kB)<\/p>\r\n<hr \/>\r\n<p>\u010c.j. &#8211; 45\/2018: \u017e\u00e1dost o&nbsp;poskytnut\u00ed informace ve v\u011bci:<br \/>\r\n<strong>Dota\u010dn\u00ed \u0159\u00edzen\u00ed v&nbsp;letech 2015 &#8211; 2018.<\/strong><\/p>\r\n<p><a href=\"https:\/\/www.praha7.cz\/wp-content\/uploads\/2018\/08\/Odpov\u011b\u010f-VOS-50.pdf\">odpov\u011b\u010f<\/a> (PDF, 340 kB)\u00a0 <a href=\"https:\/\/www.praha7.cz\/wp-content\/uploads\/2018\/08\/Odpov\u011b\u010f-VOS-50.rtf\">odpov\u011b\u010f<\/a> (RTF, 363 kB)<\/p>\r\n<hr \/>\r\n<p>\u010c.j. &#8211; 46\/2018: \u017e\u00e1dost o&nbsp;poskytnut\u00ed informace ve v\u011bci:<br \/>\r\n<strong>Po\u010dty registrovan\u00fdch ps\u016f k&nbsp;30.06.2018.<\/strong><\/p>\r\n<p><a href=\"https:\/\/www.praha7.cz\/wp-content\/uploads\/2018\/08\/Odpov\u011b\u010f-NOV.pdf\">odpov\u011b\u010f<\/a> (PDF, 340 kB)\u00a0 <a href=\"https:\/\/www.praha7.cz\/wp-content\/uploads\/2018\/08\/Odpov\u011b\u010f-NOV.rtf\">odpov\u011b\u010f<\/a> (RTF, 363 kB)<\/p>\r\n<hr \/>\r\n<p>\u010c.j. &#8211; 47\/2018: \u017e\u00e1dost o&nbsp;poskytnut\u00ed informace ve v\u011bci:<br \/>\r\n<strong>\u010cerp\u00e1n\u00ed finan\u010dn\u00edch prost\u0159edk\u016f z&nbsp;Fond\u016f EU.<\/strong><\/p>\r\n<p><a href=\"https:\/\/www.praha7.cz\/wp-content\/uploads\/2018\/08\/Odpov\u011b\u010f-VOS-49.pdf\">odpov\u011b\u010f<\/a> (PDF, 154 kB)<br \/>\r\n<a href=\"https:\/\/www.praha7.cz\/wp-content\/uploads\/2018\/08\/Odpov\u011b\u010f-VOS-49.rtf\">odpov\u011b\u010f<\/a> (RTF, 233 kB)<br \/>\r\n<a href=\"https:\/\/www.praha7.cz\/wp-content\/uploads\/2018\/08\/tabulka-k-\u017e\u00e1dosti-106.pdf\">p\u0159\u00edloha<\/a> (PDF, 244 kB)<\/p>\r\n<hr \/>\r\n<p>\u010c.j. &#8211; 48\/2018: \u017e\u00e1dost o&nbsp;poskytnut\u00ed informace ve v\u011bci:<br \/>\r\n<strong>Poskytov\u00e1n\u00ed finan\u010dn\u00edch prost\u0159edk\u016f objekt\u016fm \u0161kolsk\u00e9ho typu.<\/strong><\/p>\r\n<p><a href=\"https:\/\/www.praha7.cz\/wp-content\/uploads\/2018\/08\/Odpov\u011b\u010f-KRE.pdf\">odpov\u011b\u010f<\/a> (PDF, 158 kB)\u00a0 <a href=\"https:\/\/www.praha7.cz\/wp-content\/uploads\/2018\/08\/Odpov\u011b\u010f-KRE.rtf\">odpov\u011b\u010f<\/a> (RTF, 242 kB)<\/p>\r\n<hr \/>\r\n<p>\u010c.j. &#8211; 49\/2018: \u017e\u00e1dost o&nbsp;poskytnut\u00ed informace ve v\u011bci:<br \/>\r\n<strong>Um\u00edst\u011bn\u00ed st\u00e1nk\u016f pro podpis pod petici pro kandidaturu volebn\u00ed strany na \u00fazem\u00ed Prahy&nbsp;7.<\/strong><\/p>\r\n<p><a href=\"https:\/\/www.praha7.cz\/wp-content\/uploads\/2018\/08\/Odpov\u011b\u010f-LP-8-1.pdf\">odpov\u011b\u010f<\/a> (PDF, 216 kB)\u00a0 <a href=\"https:\/\/www.praha7.cz\/wp-content\/uploads\/2018\/08\/Odpov\u011b\u010f-LP-8-1.rtf\">odpov\u011b\u010f<\/a> (RTF, 263 kB)<\/p>\r\n<hr \/>\r\n<p>\u010c.j. &#8211; 50\/2018: \u017e\u00e1dost o&nbsp;poskytnut\u00ed informace ve v\u011bci:<br \/>\r\n<strong>Informace spojen\u00e9 s&nbsp;v\u00fdb\u011brem &#8222;Nov\u00e9 radnice pro Prahu 7&#8220;.<\/strong><\/p>\r\n<p><a href=\"https:\/\/www.praha7.cz\/wp-content\/uploads\/2018\/08\/Odpov\u011b\u010f-LP-8-2-54.pdf\">odpov\u011b\u010f<\/a> (PDF, 179 kB)\u00a0 <a href=\"https:\/\/www.praha7.cz\/wp-content\/uploads\/2018\/08\/Odpov\u011b\u010f-LP-8-2-54.rtf\">odpov\u011b\u010f<\/a> (RTF, 254 kB)<\/p>\r\n<hr \/>\r\n<p>\u010c.j. &#8211; 51\/2018: \u017e\u00e1dost o&nbsp;poskytnut\u00ed informace ve v\u011bci:<br \/>\r\n<strong>Poskytnut\u00ed kopi\u00ed dokument\u016f k&nbsp;&#8222;Nov\u00e9 radnici pro Prahu 7&#8220;.<\/strong><\/p>\r\n<p><a href=\"https:\/\/www.praha7.cz\/wp-content\/uploads\/2018\/08\/Odpov\u011b\u010f-LP-8-3-55.pdf\">odpov\u011b\u010f<\/a> (PDF, 178 kB)\u00a0 <a href=\"https:\/\/www.praha7.cz\/wp-content\/uploads\/2018\/08\/Odpov\u011b\u010f-LP-8-3-55.rtf\">odpov\u011b\u010f<\/a> (RTF, 259 kB)<\/p>\r\n<p><a href=\"https:\/\/www.praha7.cz\/wp-content\/uploads\/2018\/10\/P\u0159\u00edloha-\u010d.-1.1-Posun-\u010dasov\u00e9ho-pln\u011bn\u00ed-zak\u00e1zky_G.pdf\">p\u0159\u00edloha \u010d. 1.1<\/a> (PDF, 459 kB)<\/p>\r\n<p><a href=\"https:\/\/www.praha7.cz\/wp-content\/uploads\/2018\/10\/P\u0159\u00edloha-\u010d.-1.2-P\u0159\u00edloha-dopisu-\u010d.2.xls\">p\u0159\u00edloha \u010d. 1.2<\/a> (xls, 48 kB)<\/p>\r\n<p><a href=\"https:\/\/www.praha7.cz\/wp-content\/uploads\/2018\/10\/P\u0159\u00edloha-\u010d.-1.3-P\u0159\u00edloha-dopisu-\u010d.1-_HMG.pdf\">p\u0159\u00edloha \u010d. 1.3<\/a> (PDF, 42 kB)<\/p>\r\n<p><a href=\"https:\/\/www.praha7.cz\/wp-content\/uploads\/2018\/10\/P\u0159\u00edloha-\u010d.-2.1_Stan_GP_S0_zavetr_steny.pdf\">p\u0159\u00edloha \u010d. 2.1<\/a> (PDF, 165 kB)<\/p>\r\n<p><a href=\"https:\/\/www.praha7.cz\/wp-content\/uploads\/2018\/10\/P\u0159\u00edloha-\u010d.-2.2_Stan_GP_S0_zavetr_steny_Prilohy.pdf\">p\u0159\u00edloha \u010d. 2.2<\/a> (PDF, 1,37 MB)<\/p>\r\n<p><a href=\"https:\/\/www.praha7.cz\/wp-content\/uploads\/2018\/10\/P\u0159\u00edloha-\u010d.-2.3_Stan_GP_upresneni.pdf\">p\u0159\u00edloha \u010d. 2.3<\/a> (PDF, 1,87 MB)<\/p>\r\n<p><a href=\"https:\/\/www.praha7.cz\/wp-content\/uploads\/2018\/10\/P\u0159\u00edloha-\u010d.-2.4_Stanovisko-GP-k-HMG.pdf\">p\u0159\u00edloha \u010d. 2.4<\/a> (PDF, 823 kB)<\/p>\r\n<p><a href=\"https:\/\/www.praha7.cz\/wp-content\/uploads\/2018\/10\/P\u0159\u00edloha-\u010d.-2.5_stanovisko-TDS-k-posunu-HMG.pdf\">p\u0159\u00edloha \u010d. 2.5<\/a> (PDF, 330 kB)<\/p>\r\n<p><a href=\"https:\/\/www.praha7.cz\/wp-content\/uploads\/2018\/10\/P\u0159\u00edloha-\u010d.-2.6_Stanovisko_Proj-Posun_HMG_GDS-180309.pdf\">p\u0159\u00edloha \u010d. 2.6<\/a> (PDF, 380 kB)<\/p>\r\n<p><a href=\"https:\/\/www.praha7.cz\/wp-content\/uploads\/2018\/10\/P\u0159\u00edloha-\u010d.-3.1_Stanovisko-k-\u017e\u00e1dosti-z-28.5.18-podpis-STA.pdf\">p\u0159\u00edloha \u010d. 3.1<\/a> (PDF, 528 kB)<\/p>\r\n<p><a href=\"https:\/\/www.praha7.cz\/wp-content\/uploads\/2018\/10\/P\u0159\u00edloha-\u010d.-3.2_Vypraven\u00ed-Stanoviska-4.6.18.pdf\">p\u0159\u00edloha \u010d. 3.2<\/a> (PDF, 53 kB)<\/p>\r\n<p><a href=\"https:\/\/www.praha7.cz\/wp-content\/uploads\/2018\/10\/P\u0159\u00edloha-\u010d.-3.3_stanovisko-TDS-k-posunu-HMG.pdf\">p\u0159\u00edloha \u010d. 3.3<\/a> (PDF, 330 kB)<\/p>\r\n<p><a href=\"https:\/\/www.praha7.cz\/wp-content\/uploads\/2018\/10\/P\u0159\u00edloha-\u010d.-3.4_Stanovisko-GP-a-statika.pdf\">p\u0159\u00edloha \u010d. 3.4<\/a> (PDF, 3,11 MB)<\/p>\r\n<p><a href=\"https:\/\/www.praha7.cz\/wp-content\/uploads\/2018\/10\/P\u0159\u00edloha-\u010d.-3.5_Stanovisko-k-\u017e\u00e1dosti-z-8.6.18_podpis-VED.pdf\">p\u0159\u00edloha \u010d. 3.5<\/a> (PDF, 292 kB)<\/p>\r\n<p><a href=\"https:\/\/www.praha7.cz\/wp-content\/uploads\/2018\/10\/P\u0159\u00edloha-\u010d.-3.6-Aktualizovan\u00e9-stanovisko-GP.pdf\">p\u0159\u00edloha \u010d. 3.6<\/a> (PDF, 1,88 MB)<\/p>\r\n<p><a href=\"https:\/\/www.praha7.cz\/wp-content\/uploads\/2018\/10\/P\u0159\u00edloha-\u010d.-3.7_Vypraven\u00ed-stanoviska-k-\u017e\u00e1dosti-z-8.6.-20.6.18.pdf\">p\u0159\u00edloha \u010d. 3.7<\/a> (PDF, 53 kB)<\/p>\r\n<p><a href=\"https:\/\/www.praha7.cz\/wp-content\/uploads\/2018\/10\/P\u0159\u00edloha-\u010d.-3.8_-n\u00e1vrh-Dodatku-\u010d.-3.pdf\">p\u0159\u00edloha \u010d. 3.8<\/a> (PDF, 300 kB)<\/p>\r\n<p><a href=\"https:\/\/www.praha7.cz\/wp-content\/uploads\/2018\/10\/P\u0159\u00edloha-\u010d.-3.9_Dodatek-c.-3_prac_Nov\u00e1-radnice.pdf\">p\u0159\u00edloha \u010d. 3.9<\/a> (PDF, 300 kB)<\/p>\r\n<p><a href=\"https:\/\/www.praha7.cz\/wp-content\/uploads\/2018\/10\/P\u0159\u00edloha-\u010d.4.1_Realiza\u010dn\u00ed-HMG_nov\u00e9-zji\u0161t\u011bn\u00ed-suter\u00e9n.pdf\">p\u0159\u00edloha \u010d. 4.1<\/a> (PDF, 552 kB)<\/p>\r\n<p><a href=\"https:\/\/www.praha7.cz\/wp-content\/uploads\/2018\/10\/P\u0159\u00edloha-\u010d.-4.2_Zapis-KD_32.pdf\">p\u0159\u00edloha \u010d. 4.2<\/a> (PDF, 1,00 MB)<\/p>\r\n<p><a href=\"https:\/\/www.praha7.cz\/wp-content\/uploads\/2018\/10\/P\u0159\u00edloha-\u010d.-5.1_Vyj\u00e1d\u0159en\u00ed-zhotovitele-stavby-k-proveden\u00ed-ztu\u017euj\u00edc\u00edch-jader.pdf\">p\u0159\u00edloha \u010d. 5.1<\/a> (PDF, 376 kB)<\/p>\r\n<p><a href=\"https:\/\/www.praha7.cz\/wp-content\/uploads\/2018\/10\/P\u0159\u00edloha-\u010d.-6.1_Dopis-28_5_2018.pdf\">p\u0159\u00edloha \u010d. 6.1<\/a> (PDF, 318 kB)<\/p>\r\n<p><a href=\"https:\/\/www.praha7.cz\/wp-content\/uploads\/2018\/10\/P\u0159\u00edloha-\u010d.-7.1_Dopis-8_6_2018.pdf\">p\u0159\u00edloha \u010d. 7.1<\/a> (PDF, 568 kB)<\/p>\r\n<p>&nbsp;<\/p>\r\n<hr \/>\r\n<p>\u010c.j. &#8211; 52\/2018: \u017e\u00e1dost o&nbsp;poskytnut\u00ed informace ve v\u011bci:<br \/>\r\n<strong>N\u00e1klady na zaji\u0161t\u011bn\u00ed souladu s&nbsp;GDPR.<\/strong><\/p>\r\n<p><a href=\"https:\/\/www.praha7.cz\/wp-content\/uploads\/2018\/08\/Odpov\u011b\u010f-KCom.pdf\">odpov\u011b\u010f<\/a> (PDF, 212 kB)\u00a0 <a href=\"https:\/\/www.praha7.cz\/wp-content\/uploads\/2018\/08\/Odpov\u011b\u010f-KCom.rtf\">odpov\u011b\u010f<\/a> (RTF, 247 kB)<\/p>\r\n<hr \/>\r\n<p>\u010c.j. &#8211; 53\/2018: \u017e\u00e1dost o&nbsp;poskytnut\u00ed informace ve v\u011bci:<br \/>\r\n<strong>Vyd\u00e1v\u00e1n\u00ed m\u011bs\u00ed\u010dn\u00edku Hobulet.<\/strong><\/p>\r\n<p><a href=\"https:\/\/www.praha7.cz\/wp-content\/uploads\/2018\/08\/Odpov\u011b\u010f-BOR.pdf\">odpov\u011b\u010f<\/a> (PDF, 163 kB)\u00a0 <a href=\"https:\/\/www.praha7.cz\/wp-content\/uploads\/2018\/08\/Odpov\u011b\u010f-BOR.rtf\">odpov\u011b\u010f<\/a> (RTF, 242 kB)<\/p>\r\n<hr \/>\r\n<p>\u010c.j. &#8211; 54\/2018: \u017e\u00e1dost o&nbsp;poskytnut\u00ed informace ve v\u011bci:<br \/>\r\n<strong>Grantov\u00e9 programy.<\/strong><\/p>\r\n<p><a href=\"https:\/\/www.praha7.cz\/wp-content\/uploads\/2018\/09\/Odpov\u011b\u010f-Mar.pdf\">odpov\u011b\u010f<\/a> (PDF, 155 kB)\u00a0 <a href=\"https:\/\/www.praha7.cz\/wp-content\/uploads\/2018\/09\/Odpov\u011b\u010f-Mar.rtf\">odpov\u011b\u010f<\/a> (RTF, 236 kB)<\/p>\r\n<hr \/>\r\n<p>\u010c.j. &#8211; 55\/2018: \u017e\u00e1dost o&nbsp;poskytnut\u00ed informace ve v\u011bci:<br \/>\r\n<strong>Po\u010dty vys\u00e1zen\u00fdch strom\u016f, ve\u0159ejn\u00fdch hern\u00edch ploch a&nbsp;objemu finan\u010dn\u00edch prost\u0159edk\u016f na participa\u010dn\u00ed projekty.<\/strong><\/p>\r\n<p><a href=\"https:\/\/www.praha7.cz\/wp-content\/uploads\/2018\/09\/Odpov\u011b\u010f-KAL11.pdf\">odpov\u011b\u010f<\/a> (PDF, 253 kB)\u00a0 <a href=\"https:\/\/www.praha7.cz\/wp-content\/uploads\/2018\/09\/Odpov\u011b\u010f-KAL11.rtf\">odpov\u011b\u010f<\/a> (RTF, 254 kB)<\/p>\r\n<hr \/>\r\n<p>\u010c.j. &#8211; 56\/2018: \u017e\u00e1dost o&nbsp;poskytnut\u00ed informace ve v\u011bci:<br \/>\r\n<strong>Podm\u00ednek parkov\u00e1n\u00ed s&nbsp;osobn\u00edm vozidlem na ur\u010dit\u00e9m pozemku.<\/strong><\/p>\r\n<p><a href=\"https:\/\/www.praha7.cz\/wp-content\/uploads\/2018\/09\/Odpov\u011b\u010f-CHME-podpis.pdf\">odpov\u011b\u010f<\/a> (PDF, 378 kB)\u00a0 <a href=\"https:\/\/www.praha7.cz\/wp-content\/uploads\/2018\/09\/Odpov\u011b\u010f-CHME-podpis.rtf\">odpov\u011b\u010f<\/a> (RTF, 248 kB)<\/p>\r\n<hr \/>\r\n<p>\u010c.j. &#8211; 57\/2018: \u017e\u00e1dost o&nbsp;poskytnut\u00ed informace ve v\u011bci:<br \/>\r\n<strong>V\u00fdstavba obecn\u00edch byt\u016f v&nbsp;letech 2014-2018.<\/strong><\/p>\r\n<p><a href=\"https:\/\/www.praha7.cz\/wp-content\/uploads\/2018\/10\/Odpov\u011b\u010f-MAN.pdf\">odpov\u011b\u010f<\/a> (PDF, 199 kB)\u00a0 <a href=\"https:\/\/www.praha7.cz\/wp-content\/uploads\/2018\/10\/Odpov\u011b\u010f-MAN.rtf\">odpov\u011b\u010f<\/a> (RTF, 233 kB)<\/p>\r\n<hr \/>\r\n<p>\u010c.j. &#8211; 58\/2018: \u017e\u00e1dost o&nbsp;poskytnut\u00ed informace ve v\u011bci:<br \/>\r\n<strong>Po\u010dty smluv mezi \u00da\u0159adem pro zastupov\u00e1n\u00ed st\u00e1tu ve v\u011bcech majetkov\u00fdch a&nbsp;hl. m. Prahou prost\u0159ednictv\u00edm M\u010c Praha&nbsp;7 v&nbsp;letech 2010-2011.<\/strong><\/p>\r\n<p><a href=\"https:\/\/www.praha7.cz\/wp-content\/uploads\/2018\/10\/Odpov\u011b\u010f-SMO.pdf\">odpov\u011b\u010f<\/a> (PDF, 327 kB)\u00a0 <a href=\"https:\/\/www.praha7.cz\/wp-content\/uploads\/2018\/10\/Odpov\u011b\u010f-SMO.rtf\">odpov\u011b\u010f<\/a> (RTF, 247 kB)<\/p>\r\n<hr \/>\r\n<p>\u010c.j. &#8211; 59\/2018: \u017e\u00e1dost o&nbsp;poskytnut\u00ed informace ve v\u011bci:<br \/>\r\n<strong>Stavebn\u00ed povolen\u00ed k&nbsp;budov\u011b \u010d.p. 306, parc. \u010d. 1188<\/strong>.<\/p>\r\n<p><a href=\"https:\/\/www.praha7.cz\/wp-content\/uploads\/2018\/10\/Odp-Vl.pdf\">odpov\u011b\u010f<\/a> (PDF, 283 kB)\u00a0 <a href=\"https:\/\/www.praha7.cz\/wp-content\/uploads\/2018\/10\/Odp-Vl.rtf\">odpov\u011b\u010f<\/a> (RTF, 243 kB)<\/p>\r\n<hr \/>\r\n<p>\u010c.j. &#8211; 60\/2018: \u017e\u00e1dost o&nbsp;poskytnut\u00ed informace ve v\u011bci:<br \/>\r\n<strong>Zve\u0159ej\u0148ov\u00e1n\u00ed z\u00e1pis\u016f o&nbsp;hlasov\u00e1n\u00ed z&nbsp;jedn\u00e1n\u00ed Zastupitelstva M\u010c Praha&nbsp;7.<\/strong><\/p>\r\n<p><a href=\"https:\/\/www.praha7.cz\/wp-content\/uploads\/2018\/10\/Odp-IPV-10.pdf\">odpov\u011b\u010f<\/a> (PDF, 231 kB)\u00a0 <a href=\"https:\/\/www.praha7.cz\/wp-content\/uploads\/2018\/10\/Odp-IPV-10.rtf\">odpov\u011b\u010f<\/a> (RTF, 234 kB)<\/p>\r\n<p><a href=\"https:\/\/www.praha7.cz\/wp-content\/uploads\/2018\/11\/Odp_IP-st\u00ed\u017enost.pdf\">odpov\u011b\u010f na st\u00ed\u017enost<\/a> (PDF, 160 kB)\u00a0 <a href=\"https:\/\/www.praha7.cz\/wp-content\/uploads\/2018\/11\/Odp_IP-st\u00ed\u017enost.rtf\">odpov\u011b\u010f na st\u00ed\u017enost<\/a>(RTF, 246 kB)<\/p>\r\n<hr \/>\r\n<p>\u010c.j. &#8211; 61\/2018: \u017e\u00e1dost o&nbsp;poskytnut\u00ed informace ve v\u011bci:<br \/>\r\n<strong>Statistick\u00e9 informace ze stavebn\u00edch \u0159\u00edzen\u00ed.<\/strong><\/p>\r\n<p><a href=\"https:\/\/www.praha7.cz\/wp-content\/uploads\/2018\/10\/Odpov\u011b\u010f-ops-10-2018.pdf\">odpov\u011b\u010f<\/a> (PDF, 503 kB)\u00a0 <a href=\"https:\/\/www.praha7.cz\/wp-content\/uploads\/2018\/10\/Odpov\u011b\u010f-ops-10-2018.rtf\">odpov\u011b\u010f<\/a> (RTF, 11,0 MB)<\/p>\r\n<hr \/>\r\n<p>\u010c.j. &#8211; 62\/2018: \u017e\u00e1dost o&nbsp;poskytnut\u00ed informace ve v\u011bci:<br \/>\r\n<strong>Pln\u011bn\u00ed ze Smlouvy o&nbsp;z\u0159\u00edzen\u00ed v\u011bcn\u00e9ho b\u0159emene.<\/strong><\/p>\r\n<p><a href=\"https:\/\/www.praha7.cz\/wp-content\/uploads\/2018\/11\/Odpov\u011b\u010f-PA.pdf\">odpov\u011b\u010f<\/a> (PDF, 369 kB)\u00a0 <a href=\"https:\/\/www.praha7.cz\/wp-content\/uploads\/2018\/11\/Odpov\u011b\u010f-PA.rtf\">odpov\u011b\u010f<\/a> (RTF, 239 kB)<\/p>\r\n<hr \/>\r\n<p>\u010c.j. &#8211; 63\/2018: \u017e\u00e1dost o&nbsp;poskytnut\u00ed informace ve v\u011bci:<br \/>\r\n<strong>Po\u010dty a&nbsp;zp\u016fsoby vy\u0159\u00edzen\u00ed \u017e\u00e1dost\u00ed o&nbsp;poskytnut\u00ed informace.<\/strong><\/p>\r\n<p><a href=\"https:\/\/www.praha7.cz\/wp-content\/uploads\/2018\/11\/Odpov\u011b\u010f-Ei.pdf\">odpov\u011b\u010f<\/a> (PDF, 311 kB)\u00a0 <a href=\"https:\/\/www.praha7.cz\/wp-content\/uploads\/2018\/11\/Odpov\u011b\u010f-Ei.rtf\">odpov\u011b\u010f<\/a> (RTF, 395 kB)<\/p>\r\n<hr \/>\r\n<p>\u010c.j. &#8211; 64\/2018: \u017e\u00e1dost o&nbsp;poskytnut\u00ed informace ve v\u011bci:<br \/>\r\n<strong>Po\u010dty p\u0159ihl\u00e1\u0161en\u00fdch ps\u016f, v\u00fdnos poplatk\u016f a&nbsp;n\u00e1klady vynalo\u017een\u00e9 na \u00faklid ve\u0159ejn\u00fdch prostor.<\/strong><\/p>\r\n<p><a href=\"https:\/\/www.praha7.cz\/wp-content\/uploads\/2018\/11\/Odpov\u011b\u010f-Ki.pdf\">odpov\u011b\u010f<\/a> (PDF, 239 kB)\u00a0 <a href=\"https:\/\/www.praha7.cz\/wp-content\/uploads\/2018\/11\/Odpov\u011b\u010f-Ki.rtf\">odpov\u011b\u010f<\/a> (RTF, 255 kB)<\/p>\r\n<hr \/>\r\n<p>\u010c.j. &#8211; 65\/2018: \u017e\u00e1dost o&nbsp;poskytnut\u00ed informace ve v\u011bci:<br \/>\r\n<strong>Vyhotoven\u00ed kopi\u00ed ur\u010dit\u00fdch listin ze stavebn\u00edch \u0159\u00edzen\u00ed.<\/strong><\/p>\r\n<p><a href=\"https:\/\/www.praha7.cz\/wp-content\/uploads\/2018\/11\/Odpov\u011b\u010f-CM-11-2018.pdf\">odpov\u011b\u010f<\/a> (PDF, 172 kB)<br \/>\r\n<a href=\"https:\/\/www.praha7.cz\/wp-content\/uploads\/2018\/11\/Odpov\u011b\u010f-CM-11-2018.rtf\">odpov\u011b\u010f<\/a> (RTF, 240 kB)<br \/>\r\n<a href=\"https:\/\/www.praha7.cz\/wp-content\/uploads\/2018\/11\/P\u0159\u00edloha-\u010d.-1-Holport-II.pdf\">p\u0159\u00edloha<\/a> \u00a0(PDF, 10,0 MB)<\/p>\r\n<hr \/>\r\n<p>\u010c.j. &#8211; 66\/2018: \u017e\u00e1dost o&nbsp;poskytnut\u00ed informace ve v\u011bci:<br \/>\r\n<strong>Stavu stavebn\u00edho \u0159\u00edzen\u00ed povolen\u00ed stavby.<\/strong><\/p>\r\n<p><a href=\"https:\/\/www.praha7.cz\/wp-content\/uploads\/2018\/11\/Odpov\u011b\u010f-RI.pdf\">odpov\u011b\u010f<\/a> (PDF, 241 kB)\u00a0 <a href=\"https:\/\/www.praha7.cz\/wp-content\/uploads\/2018\/11\/Odpov\u011b\u010f-RI.rtf\">odpov\u011b\u010f<\/a> (RTF, 248 kB)<\/p>\r\n<hr \/>\r\n<p>\u010c.j. &#8211; 67\/2018: \u017e\u00e1dost o&nbsp;poskytnut\u00ed informace ve v\u011bci:<br \/>\r\n<strong>Kastra\u010dn\u00edho programu.<\/strong><\/p>\r\n<p><a href=\"https:\/\/www.praha7.cz\/wp-content\/uploads\/2018\/11\/Odpov\u011b\u010f-Fin.pdf\">odpov\u011b\u010f<\/a> (PDF, 278 kB)\u00a0 <a href=\"https:\/\/www.praha7.cz\/wp-content\/uploads\/2018\/11\/Odpov\u011b\u010f-Fin.rtf\">odpov\u011b\u010f<\/a> (RTF, 258 kB)<\/p>\r\n<hr \/>\r\n<p>\u010c.j. &#8211; 68\/2018: \u017e\u00e1dost o&nbsp;poskytnut\u00ed informace ve v\u011bci:<br \/>\r\n<strong>Vyhotoven\u00ed kopi\u00ed ur\u010dit\u00fdch listin ze stavebn\u00edch \u0159\u00edzen\u00ed.<\/strong><\/p>\r\n<p><a href=\"https:\/\/www.praha7.cz\/wp-content\/uploads\/2018\/11\/Odpov\u011b\u010f-CM-10-2018.pdf\">odpov\u011b\u010f<\/a> (PDF, 176 kB)<br \/>\r\n<a href=\"https:\/\/www.praha7.cz\/wp-content\/uploads\/2018\/11\/Odpov\u011b\u010f-CM-10-2018.rtf\">odpov\u011b\u010f<\/a> (RTF, 251 kB)<br \/>\r\n<a href=\"https:\/\/www.praha7.cz\/wp-content\/uploads\/2018\/11\/P\u0159\u00edloha-\u010d.-1-CM-10-2018.pdf\">p\u0159\u00edloha<\/a> (PDF, 17,3 MB)<\/p>\r\n<hr \/>\r\n<p>\u010c.j. &#8211; 69\/2018: \u017e\u00e1dost o&nbsp;poskytnut\u00ed informace ve v\u011bci:<br \/>\r\n<strong>Etick\u00e9ho kodexu zam\u011bstnance a&nbsp;etick\u00e9ho kodexu \u010dlena Zastupitelstva M\u010c Praha&nbsp;7.<\/strong><\/p>\r\n<p><a href=\"https:\/\/www.praha7.cz\/wp-content\/uploads\/2018\/12\/Odpov\u011b\u010f-Kr.pdf\">odpov\u011b\u010f<\/a> (PDF, 400 kB)\u00a0 <a href=\"https:\/\/www.praha7.cz\/wp-content\/uploads\/2018\/12\/Odpov\u011b\u010f-Kr.rtf\">odpov\u011b\u010f<\/a> (RTF, 258 kB)<\/p>\r\n<hr \/>\r\n<p>\u010c.j. &#8211; 70\/2018: \u017e\u00e1dost o&nbsp;poskytnut\u00ed informace ve v\u011bci:<br \/>\r\n<strong>Dopravn\u00ed opat\u0159en\u00ed v&nbsp;ulici Korunova\u010dn\u00ed.<\/strong><\/p>\r\n<p><a href=\"https:\/\/www.praha7.cz\/wp-content\/uploads\/2018\/12\/Odpov\u011b\u010f-VKor.pdf\">odpov\u011b\u010f<\/a> (PDF, 160 kB)\u00a0 <a href=\"https:\/\/www.praha7.cz\/wp-content\/uploads\/2018\/12\/Odpov\u011b\u010f-VKor.rtf\">odpov\u011b\u010f<\/a> (RTF, 241 kB)<\/p>\r\n<p><a href=\"https:\/\/www.praha7.cz\/wp-content\/uploads\/2018\/12\/Odpov\u011b\u010f-VKor-I.pdf\">odpov\u011b\u010f<\/a> (PDF, 412 kB)\u00a0 <a href=\"https:\/\/www.praha7.cz\/wp-content\/uploads\/2018\/12\/Odpov\u011b\u010f-VKor-I.rtf\">odpov\u011b\u010f<\/a> (RTF, 12,3 MB)<\/p>\r\n<hr \/>\r\n<p>\u010c.j. &#8211; 71\/2018: \u017e\u00e1dost o&nbsp;poskytnut\u00ed informace ve v\u011bci:<br \/>\r\n<strong>Energetick\u00fd posudek na tepeln\u00e1 \u010derpadla.<\/strong><\/p>\r\n<p><a href=\"https:\/\/www.praha7.cz\/wp-content\/uploads\/2018\/12\/Odpov\u011b\u010f-H\u010c.pdf\">odpov\u011b\u010f<\/a> (PDF, 159 kB)\u00a0 <a href=\"https:\/\/www.praha7.cz\/wp-content\/uploads\/2018\/12\/Odpov\u011b\u010f-H\u010c.rtf\">odpov\u011b\u010f<\/a> (RTF, 239 kB)<\/p>\r\n<hr \/>\r\n<p>\u010c.j. &#8211; 72\/2018: \u017e\u00e1dost o&nbsp;poskytnut\u00ed informace ve v\u011bci:<br \/>\r\n<strong>Zasl\u00e1n\u00ed dokument\u016f z&nbsp;\u0159\u00edzen\u00ed o&nbsp;p\u0159estupku.<\/strong><\/p>\r\n<p><a href=\"https:\/\/www.praha7.cz\/wp-content\/uploads\/2018\/12\/Odpov\u011b\u010f-HL.pdf\">odpov\u011b\u010f<\/a> (PDF, 156 kB)\u00a0 <a href=\"https:\/\/www.praha7.cz\/wp-content\/uploads\/2018\/12\/Odpov\u011b\u010f-HL.rtf\">odpov\u011b\u010f<\/a> (RTF, 235 kB)<\/p>\r\n<hr \/>\r\n<p>\u010c.j. &#8211; 73\/2018: \u017e\u00e1dost o&nbsp;poskytnut\u00ed informace ve v\u011bci:<br \/>\r\n<strong>Po\u010dtu a&nbsp;zp\u016fsobu vy\u0159\u00edzen\u00ed n\u011bkter\u00fdch specifick\u00fdch p\u0159estupk\u016f.<\/strong><\/p>\r\n<p><a href=\"https:\/\/www.praha7.cz\/wp-content\/uploads\/2018\/12\/Odpov\u011b\u010f-VP.pdf\">odpov\u011b\u010f<\/a> (PDF, 438 kB)\u00a0 <a href=\"https:\/\/www.praha7.cz\/wp-content\/uploads\/2018\/12\/Odpov\u011b\u010f-VP.rtf\">odpov\u011b\u010f<\/a> (RTF, 260 kB)<\/p>\r\n<hr \/>\r\n<p>\u010c.j. &#8211; 74\/2018: \u017e\u00e1dost o&nbsp;poskytnut\u00ed informace ve v\u011bci:<br \/>\r\n<strong>Dopravn\u00edho zna\u010den\u00ed v&nbsp;Praze Troji.<\/strong><\/p>\r\n<p><a href=\"https:\/\/www.praha7.cz\/wp-content\/uploads\/2019\/01\/Odpov\u011b\u010f-AS.pdf\">odpov\u011b\u010f<\/a> (PDF, 207 kB)\u00a0 <a href=\"https:\/\/www.praha7.cz\/wp-content\/uploads\/2019\/01\/Odpov\u011b\u010f-AS.rtf\">odpov\u011b\u010f<\/a> (RTF, 244 kB)<\/p>\r\n<hr \/>\r\n<p>\u010c.j. &#8211; 75\/2018: \u017e\u00e1dost o&nbsp;poskytnut\u00ed informace ve v\u011bci:<br \/>\r\n<strong>Majetkov\u00e1 komise a&nbsp;pravidla pro uzav\u00edr\u00e1n\u00ed smluv.<\/strong><\/p>\r\n<p><a href=\"https:\/\/www.praha7.cz\/wp-content\/uploads\/2019\/01\/Odpov\u011b\u010f-IPV-4.pdf\">odpov\u011b\u010f<\/a> (PDF, 373 kB)\u00a0 <a href=\"https:\/\/www.praha7.cz\/wp-content\/uploads\/2019\/01\/Odpov\u011b\u010f-IPV-4.rtf\">odpov\u011b\u010f<\/a> (RTF, 244 kB)<\/p>\r\n<hr \/>\r\n<p>\u010c.j. &#8211; 76\/2018: \u017e\u00e1dost o&nbsp;poskytnut\u00ed informace ve v\u011bci:<br \/>\r\n<strong>Vyu\u017e\u00edv\u00e1n\u00ed cyklopruh\u016f, cyklostezek a&nbsp;dal\u0161\u00edch za\u0159\u00edzen\u00ed pro cyklisty.<\/strong><\/p>\r\n<p><a href=\"https:\/\/www.praha7.cz\/wp-content\/uploads\/2019\/01\/Odpov\u011b\u010f-IPV-79.pdf\">odpov\u011b\u010f<\/a> (PDF, 212 kB)\u00a0 <a href=\"https:\/\/www.praha7.cz\/wp-content\/uploads\/2019\/01\/Odpov\u011b\u010f-IPV-79.rtf\">odpov\u011b\u010f<\/a> (RTF, 247 kB) <a href=\"https:\/\/www.praha7.cz\/wp-content\/uploads\/2019\/01\/P\u0159\u00edloha-\u010d.1.xlsx\">p\u0159\u00edloha<\/a>\u00a0(xlsx, 25,4 kB)<\/p>\r\n<hr \/>\r\n<p>\u010c.j. &#8211; 77\/2018: \u017e\u00e1dost o&nbsp;poskytnut\u00ed informace ve v\u011bci:<br \/>\r\n<strong>Zm\u011bny v&nbsp;oblasti v&nbsp;silni\u010dn\u00ed doprav\u011b.<\/strong><\/p>\r\n<p><a href=\"https:\/\/www.praha7.cz\/wp-content\/uploads\/2019\/01\/Odpov\u011b\u010f-IPV-80.pdf\">odpov\u011b\u010f<\/a> (PDF, 212 kB)\u00a0 <a href=\"https:\/\/www.praha7.cz\/wp-content\/uploads\/2019\/01\/Odpov\u011b\u010f-IPV-80.rtf\">odpov\u011b\u010f<\/a> (RTF, 249 kB)<\/p>\r\n<hr \/>\r\n<p>\u010c.j. &#8211; 78\/2018: \u017e\u00e1dost o&nbsp;poskytnut\u00ed informace ve v\u011bci:<br \/>\r\n<strong>Po\u010dty st\u00ed\u017enost\u00ed \u010di podn\u011bt\u016f k&nbsp;bezpe\u010dnosti chodc\u016f.<\/strong><\/p>\r\n<p><a href=\"https:\/\/www.praha7.cz\/wp-content\/uploads\/2019\/01\/Odpov\u011b\u010f-IPV-81.pdf\">odpov\u011b\u010f<\/a> (PDF, 218 kB)\u00a0 <a href=\"https:\/\/www.praha7.cz\/wp-content\/uploads\/2019\/01\/Odpov\u011b\u010f-IPV-81.rtf\">odpov\u011b\u010f<\/a> (RTF, 253 kB)<\/p>\r\n<hr \/>\r\n                <\/div>\r\n            <\/div>\r\n        <\/div>\r\n    \r\n        <div class=\"collapse-block\">\r\n            <div class=\"card-header\" role=\"tab\" id=\"heading79c3cb8300f2a93a74468f8c2be4a56a73fca308\">\r\n                                    <h3 class=\"mb-0\">\r\n                        <a data-toggle=\"collapse\" href=\"#collapse79c3cb8300f2a93a74468f8c2be4a56a73fca308\" aria-controls=\"collapse79c3cb8300f2a93a74468f8c2be4a56a73fca308\">\r\n                            Rok 2017                            <i class=\"fa fa-2x fa-angle-down\" aria-hidden=\"true\"><\/i>\r\n                        <\/a>\r\n                    <\/h3>\r\n                                \r\n            <\/div>\r\n\r\n            <div id=\"collapse79c3cb8300f2a93a74468f8c2be4a56a73fca308\" class=\"collapse\" data-id=\"79c3cb8300f2a93a74468f8c2be4a56a73fca308\" role=\"tabpanel\" aria-labelledby=\"heading79c3cb8300f2a93a74468f8c2be4a56a73fca308\">\r\n                <div class=\"card-block\">\r\n    \r\n<p>\u010c.j. &#8211; 1\/2017: \u017e\u00e1dost o&nbsp;poskytnut\u00ed informace ve v\u011bci:<br \/>\r\n<strong>Informace t\u00fdkaj\u00edc\u00ed se vy\u0159izov\u00e1n\u00ed \u017e\u00e1dost\u00ed o&nbsp;informace podle z\u00e1kona 106\/1999<\/strong><\/p>\r\n<ul>\r\n\t<li><a title=\"Odkaz na soubor - 157,2 kB - nov\u00e9 okno\" href=\"https:\/\/praha7.cz\/wp-content\/uploads\/2017\/11\/1_2017_odpoved.pdf\" target=\"_blank\" rel=\"noopener\">odpov\u011b\u010f<\/a> (PDF, 157,2 kB) <a title=\"Odkaz na soubor - 267,3 kB - nov\u00e9 okno\" href=\"https:\/\/praha7.cz\/wp-content\/uploads\/2017\/11\/1_2017_odpoved.rtf\" target=\"_blank\" rel=\"noopener\">odpov\u011b\u010f<\/a> (RTF, 267,3 kB) <a title=\"Odkaz na soubor - 4,1 MB - nov\u00e9 okno\" href=\"https:\/\/praha7.cz\/wp-content\/uploads\/2017\/11\/1_2017_priloha.pdf\" target=\"_blank\" rel=\"noopener\">p\u0159\u00edloha <\/a>(PDF, 4,1 MB)<\/li>\r\n<\/ul>\r\n<hr \/>\r\n<p>\u010c.j. &#8211; 2\/2017: \u017e\u00e1dost o&nbsp;poskytnut\u00ed informace ve v\u011bci:<br \/>\r\n<strong>Informace t\u00fdkaj\u00edc\u00ed se po\u010dtu parkovac\u00edch m\u00edst <\/strong><\/p>\r\n<ul>\r\n\t<li><a title=\"Odkaz na soubor - 156,3 kB - nov\u00e9 okno\" href=\"https:\/\/praha7.cz\/wp-content\/uploads\/2017\/11\/2_2017_podani.pdf\" target=\"_blank\" rel=\"noopener\">pod\u00e1n\u00ed<\/a><strong> <\/strong>(PDF, 156,3 kB)<\/li>\r\n\t<li><a title=\"Odkaz na soubor - 162,4 kB - nov\u00e9 okno\" href=\"https:\/\/praha7.cz\/wp-content\/uploads\/2017\/11\/2_2017_odpoved.pdf\" target=\"_blank\" rel=\"noopener\">odpov\u011b\u010f<\/a> (PDF, 162,4 kB)\u00a0<a title=\"Odkaz na soubor - 230,5 kB - nov\u00e9 okno\" href=\"https:\/\/praha7.cz\/wp-content\/uploads\/2017\/11\/2_2017_odpoved.rtf\" target=\"_blank\" rel=\"noopener\">odpov\u011b\u010f<\/a> (RTF, 230,5 kB)<\/li>\r\n<\/ul>\r\n<hr \/>\r\n<p>\u010c.j. &#8211; 3\/2017: \u017e\u00e1dost o&nbsp;poskytnut\u00ed informace ve v\u011bci:<br \/>\r\n<strong>Informace t\u00fdkaj\u00edc\u00ed se prodeje bytov\u00fdch a&nbsp;nebytov\u00fdch jednotek<\/strong><\/p>\r\n<ul>\r\n\t<li><a title=\"Odkaz na soubor - 349,7 kB - nov\u00e9 okno\" href=\"https:\/\/praha7.cz\/wp-content\/uploads\/2017\/11\/3_2017_podani.pdf\" target=\"_blank\" rel=\"noopener\">pod\u00e1n\u00ed<\/a><strong> <\/strong>(PDF,\u00a0349,7 kB)<\/li>\r\n\t<li><a title=\"Odkaz na soubor - 170,1 kB - nov\u00e9 okno\" href=\"https:\/\/praha7.cz\/wp-content\/uploads\/2017\/11\/3_2017_odpoved.pdf\" target=\"_blank\" rel=\"noopener\">odpov\u011b\u010f<\/a> (PDF, 170,1 kB)\u00a0\u00a0<a title=\"Odkaz na soubor - 258,2 kB - nov\u00e9 okno\" href=\"https:\/\/praha7.cz\/wp-content\/uploads\/2017\/11\/3_2017_odpoved.rtf\" target=\"_blank\" rel=\"noopener\">odpov\u011b\u010f<\/a> (RTF, 258,2 kB)<\/li>\r\n<\/ul>\r\n<hr \/>\r\n<p>\u010c.j. &#8211; 4\/2017: \u017e\u00e1dost o&nbsp;poskytnut\u00ed informace ve v\u011bci:<br \/>\r\n<strong>Zasl\u00e1n\u00ed dokument\u016f<\/strong>\u00a0<\/p>\r\n<ul>\r\n\t<li><a title=\"Odkaz na soubor - 127,2 kB - nov\u00e9 okno\" href=\"https:\/\/praha7.cz\/wp-content\/uploads\/2017\/11\/4_2017_podani.pdf\" target=\"_blank\" rel=\"noopener\">pod\u00e1n\u00ed<\/a><strong> <\/strong>(PDF,\u00a0127,2 kB)<\/li>\r\n\t<li><a title=\"Odkaz na soubor - 197,4 kB - nov\u00e9 okno\" href=\"https:\/\/praha7.cz\/wp-content\/uploads\/2017\/11\/4_2017_odpoved.pdf\" target=\"_blank\" rel=\"noopener\">odpov\u011b\u010f<\/a> (PDF, 197,4 kB)\u00a0\u00a0<a title=\"Odkaz na soubor - 109,4 kB - nov\u00e9 okno\" href=\"https:\/\/praha7.cz\/wp-content\/uploads\/2017\/11\/4_2017_odpoved.rtf\" target=\"_blank\" rel=\"noopener\">odpov\u011b\u010f<\/a> (RTF,\u00a0109,4 kB)<\/li>\r\n<\/ul>\r\n<hr \/>\r\n<p>\u010c.j. &#8211; 5\/2017: \u017e\u00e1dost o&nbsp;poskytnut\u00ed informace ve v\u011bci:<br \/>\r\n<strong>Informace t\u00fdkaj\u00edc\u00ed se NBP v&nbsp;majetku M\u011bstsk\u00e9 \u010d\u00e1sti Praha&nbsp;7<\/strong><\/p>\r\n<ul>\r\n\t<li><a title=\"Odkaz na soubor - 340,9 kB - nov\u00e9 okno\" href=\"https:\/\/praha7.cz\/wp-content\/uploads\/2017\/11\/5_2017_podani.pdf\" target=\"_blank\" rel=\"noopener\">pod\u00e1n\u00ed<\/a><strong> <\/strong>(PDF,\u00a0340,9 kB)<\/li>\r\n\t<li><a title=\"Odkaz na soubor - 501,6 kB - nov\u00e9 okno\" href=\"https:\/\/praha7.cz\/wp-content\/uploads\/2017\/11\/5_2017_odpoved.pdf\" target=\"_blank\" rel=\"noopener\">odpov\u011b\u010f<\/a> (PDF, 501,6kB) <a title=\"Odkaz na soubor - 264,7 kB - nov\u00e9 okno\" href=\"https:\/\/praha7.cz\/wp-content\/uploads\/2017\/11\/5_2017_odpoved.rtf\" target=\"_blank\" rel=\"noopener\">odpov\u011b\u010f<\/a> (RTF, 264,7 kB)<\/li>\r\n<\/ul>\r\n<hr \/>\r\n<p>\u010c.j. &#8211; 6\/2017: \u017e\u00e1dost o&nbsp;poskytnut\u00ed informace ve v\u011bci:<br \/>\r\n<strong>Informace t\u00fdkaj\u00edc\u00ed se vyd\u00e1n\u00ed nemovit\u00e9ho majetku<\/strong><\/p>\r\n<ul>\r\n\t<li><a title=\"Odkaz na soubor - 32,4 kB - nov\u00e9 okno\" href=\"https:\/\/praha7.cz\/wp-content\/uploads\/2017\/11\/6_2017_podani.pdf\" target=\"_blank\" rel=\"noopener\">pod\u00e1n\u00ed<\/a><strong> <\/strong>(PDF,\u00a032,4 kB)<\/li>\r\n\t<li><a title=\"Odkaz na soubor - 306,6 kB - nov\u00e9 okno\" href=\"https:\/\/praha7.cz\/wp-content\/uploads\/2017\/11\/6_2017_odpoved.pdf\" target=\"_blank\" rel=\"noopener\">odpov\u011b\u010f<\/a> (PDF,\u00a0306,6 kB)\u00a0 <a title=\"Odkaz na soubor - 257 kB - nov\u00e9 okno\" href=\"https:\/\/praha7.cz\/wp-content\/uploads\/2017\/11\/6_2017_odpoved.rtf\" target=\"_blank\" rel=\"noopener\">odpov\u011b\u010f<\/a> (RTF, 257 kB)<\/li>\r\n<\/ul>\r\n<hr \/>\r\n<p>\u010c.j. &#8211; 7\/2017: \u017e\u00e1dost o&nbsp;poskytnut\u00ed informace ve v\u011bci:<br \/>\r\n<strong>Zasl\u00e1n\u00ed dokument\u016f<\/strong>\u00a0<\/p>\r\n<ul>\r\n\t<li><a title=\"Odkaz na soubor - 66,4 kB - nov\u00e9 okno\" href=\"https:\/\/praha7.cz\/wp-content\/uploads\/2017\/11\/7_2017_podani.pdf\" target=\"_blank\" rel=\"noopener\">pod\u00e1n\u00ed<\/a><strong> <\/strong>(PDF,\u00a066,4 kB)<\/li>\r\n\t<li><a title=\"Odkaz na soubor - 249,4 kB - nov\u00e9 okno\" href=\"https:\/\/praha7.cz\/wp-content\/uploads\/2017\/11\/7_2017_odpoved.pdf\" target=\"_blank\" rel=\"noopener\">odpov\u011b\u010f<\/a> (PDF, 249,4 kB)\u00a0\u00a0<a title=\"Odkaz na soubor - 232,6 kB - nov\u00e9 okno\" href=\"https:\/\/praha7.cz\/wp-content\/uploads\/2017\/11\/7_2017_odpoved.rtf\" target=\"_blank\" rel=\"noopener\">odpov\u011b\u010f<\/a> (RTF,\u00a0232,6 kB)\u00a0 <a title=\"Odkaz na soubor - 2 MB - nov\u00e9 okno\" href=\"https:\/\/praha7.cz\/wp-content\/uploads\/2017\/11\/7_2017_priloha.compressed.pdf\" target=\"_blank\" rel=\"noopener\">p\u0159\u00edloha <\/a>(PDF, 2 MB)<\/li>\r\n<\/ul>\r\n<hr \/>\r\n<p>\u010c.j. &#8211; 8\/2017: \u017e\u00e1dost o&nbsp;poskytnut\u00ed informace ve v\u011bci:<br \/>\r\n<strong>Informace t\u00fdkaj\u00edc\u00ed se po\u010dtu zam\u011bstnanc\u016f M\u010c Praha&nbsp;7<\/strong><\/p>\r\n<ul>\r\n\t<li><a title=\"Odkaz na soubor - 248,2 kB - nov\u00e9 okno\" href=\"https:\/\/praha7.cz\/wp-content\/uploads\/2017\/11\/8_2017_odpoved.pdf\" target=\"_blank\" rel=\"noopener\">odpov\u011b\u010f<\/a> (PDF, 248,2 kB)\u00a0 <a title=\"Odkaz na soubor - 288,4 kB - nov\u00e9 okno\" href=\"https:\/\/praha7.cz\/wp-content\/uploads\/2017\/11\/8_2017_odpoved.rtf\" target=\"_blank\" rel=\"noopener\">odpov\u011b\u010f <\/a>(RTF, 288,4 kB)<\/li>\r\n<\/ul>\r\n<hr \/>\r\n<p>\u010c.j. &#8211; 9\/2017: \u017e\u00e1dost o&nbsp;poskytnut\u00ed informace ve v\u011bci:<br \/>\r\n<strong>Informace t\u00fdkaj\u00edc\u00ed se <\/strong><strong>\u017e\u00e1dost\u00ed o&nbsp;trval\u00e9\/do\u010dasn\u00e9 vyjmut\u00ed ze ZPF\u00a0<\/strong>\u00a0<\/p>\r\n<ul>\r\n\t<li><a title=\"Odkaz na soubor - 129,9 kB - nov\u00e9 okno\" href=\"https:\/\/praha7.cz\/wp-content\/uploads\/2017\/11\/9_2017_podani.pdf\" target=\"_blank\" rel=\"noopener\">pod\u00e1n\u00ed<\/a><strong> <\/strong>(PDF, 129,9 kB)<\/li>\r\n\t<li><a title=\"Odkaz na soubor - 150 kB - nov\u00e9 okno\" href=\"https:\/\/praha7.cz\/wp-content\/uploads\/2017\/11\/9_2017_odpoved.pdf\" target=\"_blank\" rel=\"noopener\">odpov\u011b\u010f<\/a> (PDF, 150 kB)\u00a0\u00a0<a title=\"Odkaz na soubor - 268,6 kB - nov\u00e9 okno\" href=\"https:\/\/praha7.cz\/wp-content\/uploads\/2017\/11\/9_2017_odpoved.rtf\" target=\"_blank\" rel=\"noopener\">odpov\u011b\u010f<\/a> (RTF, 268,6 kB)<\/li>\r\n<\/ul>\r\n<hr \/>\r\n<p>\u010c.j. &#8211; 10\/2017: \u017e\u00e1dost o&nbsp;poskytnut\u00ed informace ve v\u011bci:<br \/>\r\n<strong>Zasl\u00e1n\u00ed dokument\u016f<\/strong>\u00a0<\/p>\r\n<ul>\r\n\t<li><a title=\"Odkaz na soubor - 153,3 kB - nov\u00e9 okno\" href=\"https:\/\/praha7.cz\/wp-content\/uploads\/2017\/11\/10_2017_priloha.pdf\" target=\"_blank\" rel=\"noopener\">odpov\u011b\u010f<\/a> (PDF, 153,3 kB)\u00a0 <a title=\"Odkaz na soubor - 263,1 kB - nov\u00e9 okno\" href=\"https:\/\/praha7.cz\/wp-content\/uploads\/2017\/11\/10_2017_odpoved.rtf\" target=\"_blank\" rel=\"noopener\">odpov\u011b\u010f<\/a> (RTF, 263,1 kB)\u00a0 <a title=\"Odkaz na soubor - 201,5 kB - nov\u00e9 okno\" href=\"https:\/\/praha7.cz\/wp-content\/uploads\/2017\/11\/10_2017_odpoved.pdf\" target=\"_blank\" rel=\"noopener\">p\u0159\u00edloha<\/a> (PDF,\u00a0 201,5 kB)<\/li>\r\n<\/ul>\r\n<hr \/>\r\n<p>\u010c.j. &#8211; 11\/2017: \u017e\u00e1dost o&nbsp;poskytnut\u00ed informace ve v\u011bci:<br \/>\r\n<strong>Informace t\u00fdkaj\u00edc\u00ed<\/strong>\u00a0<strong>se privatizace bytov\u00e9 jednotky na adrese\u00a0U Smaltovny 22\/1334\u00a0<\/strong><\/p>\r\n<ul>\r\n\t<li><a title=\"Odkaz na soubor - 634,2 kB - nov\u00e9 okno\" href=\"https:\/\/praha7.cz\/wp-content\/uploads\/2017\/11\/11_2017_odpoved.pdf\" target=\"_blank\" rel=\"noopener\">odpov\u011b\u010f<\/a> (PDF,\u00a0634,2 kB)\u00a0 <a title=\"Odkaz na soubor - 1,4 MB - nov\u00e9 okno\" href=\"https:\/\/praha7.cz\/wp-content\/uploads\/2017\/11\/11_2017_rozhodnut\u00ed.pdf\" target=\"_blank\" rel=\"noopener\">rozhodnut\u00ed<\/a> (PDF, 1,4 MB)\u00a0 <a title=\"Odkaz na soubor - 720,3 kB - nov\u00e9 okno\" href=\"https:\/\/praha7.cz\/wp-content\/uploads\/2017\/11\/11_2017_priloha.pdf\" target=\"_blank\" rel=\"noopener\">p\u0159\u00edloha<\/a> (PDF,\u00a0 720,3 kB)<\/li>\r\n<\/ul>\r\n<hr \/>\r\n<p>\u010c.j. &#8211; 12\/2017: \u017e\u00e1dost o&nbsp;poskytnut\u00ed informace ve v\u011bci:<br \/>\r\n<strong>Informace t\u00fdkaj\u00edc\u00ed se <\/strong><strong>investi\u010dn\u00edch pl\u00e1n\u016f obce pro rok 2017 <\/strong><\/p>\r\n<ul>\r\n\t<li><a title=\"Odkaz na soubor - 444,7 kB - nov\u00e9 okno\" href=\"https:\/\/praha7.cz\/wp-content\/uploads\/2017\/11\/12_2017_podani.pdf\" target=\"_blank\" rel=\"noopener\">pod\u00e1n\u00ed<strong> <\/strong><\/a>(PDF, 444,7 kB)<\/li>\r\n\t<li><a title=\"Odkaz na soubor - 213 kB - nov\u00e9 okno\" href=\"https:\/\/praha7.cz\/wp-content\/uploads\/2017\/11\/12_2017_odpoved.pdf\" target=\"_blank\" rel=\"noopener\">odpov\u011b\u010f<\/a> (PDF, 213 kB)\u00a0\u00a0\u00a0<a title=\"Odkaz na soubor - 290,2 kB - nov\u00e9 okno\" href=\"https:\/\/praha7.cz\/wp-content\/uploads\/2017\/11\/12_2017_odpoved.rtf\" target=\"_blank\" rel=\"noopener\">odpov\u011b\u010f<\/a> (RTF, 290,2 kB)<\/li>\r\n<\/ul>\r\n<hr \/>\r\n<p>\u010c.j. &#8211; 13\/2017: \u017e\u00e1dost o&nbsp;poskytnut\u00ed informace ve v\u011bci:<br \/>\r\n<strong>Informace t\u00fdkaj\u00edc\u00ed se nemovitosti Ortenovo n\u00e1m. 26a<\/strong><\/p>\r\n<ul>\r\n\t<li><a title=\"Odkaz na soubor - 720,2 kB - nov\u00e9 okno\" href=\"https:\/\/praha7.cz\/wp-content\/uploads\/2017\/11\/13_2017_podani.pdf\" target=\"_blank\" rel=\"noopener\">pod\u00e1n\u00ed<\/a><strong> <\/strong>(PDF,\u00a0720,2 kB)<\/li>\r\n\t<li><a title=\"Odkaz na soubor - 150,6 kB - nov\u00e9 okno\" href=\"https:\/\/praha7.cz\/wp-content\/uploads\/2017\/11\/13_2017_odpoved.pdf\" target=\"_blank\" rel=\"noopener\">odpov\u011b\u010f<\/a> (PDF,\u00a0150,6 kB)\u00a0\u00a0<a title=\"Odkaz na soubor - 108,9 kB - nov\u00e9 okno\" href=\"https:\/\/praha7.cz\/wp-content\/uploads\/2017\/11\/13_2017_odpoved.rtf\" target=\"_blank\" rel=\"noopener\">odpov\u011b\u010f<\/a> (RTF, 108,9 kB)<\/li>\r\n<\/ul>\r\n<hr \/>\r\n<p>\u010c.j. &#8211; 14\/2017: \u017e\u00e1dost o&nbsp;poskytnut\u00ed informace ve v\u011bci:<br \/>\r\n<strong>Informace t\u00fdkaj\u00edc\u00ed se vydan\u00fdch loveck\u00fdch l\u00edstk\u016f<\/strong><\/p>\r\n<ul>\r\n\t<li><a title=\"Odkaz na soubor - 102,7 kB - nov\u00e9 okno\" href=\"https:\/\/praha7.cz\/wp-content\/uploads\/2017\/11\/14_2017_podani.pdf\" target=\"_blank\" rel=\"noopener\">pod\u00e1n\u00ed<\/a><strong> <\/strong>(PDF,\u00a0102,7 kB)<\/li>\r\n\t<li><a title=\"Odkaz na soubor - 273,1 kB - nov\u00e9 okno\" href=\"https:\/\/praha7.cz\/wp-content\/uploads\/2017\/11\/14_2017_odpoved.pdf\" target=\"_blank\" rel=\"noopener\">odpov\u011b\u010f<\/a> (PDF,\u00a0273,1 kB)<\/li>\r\n<\/ul>\r\n<hr \/>\r\n<p>\u010c.j. &#8211; 15\/2017: \u017e\u00e1dost o&nbsp;poskytnut\u00ed informace ve v\u011bci:<br \/>\r\n<strong>Informace t\u00fdkaj\u00edc\u00ed se poskytnut\u00ed dokumentace<\/strong><\/p>\r\n<ul>\r\n\t<li><a title=\"Odkaz na soubor - 278,3 kB - nov\u00e9 okno\" href=\"https:\/\/praha7.cz\/wp-content\/uploads\/2017\/11\/15_2017_podani.pdf\" target=\"_blank\" rel=\"noopener\">pod\u00e1n\u00ed<\/a><strong> <\/strong>(PDF,\u00a0278,3 kB)<\/li>\r\n\t<li><a title=\"Odkaz na soubor - 211,2 kB - nov\u00e9 okno\" href=\"https:\/\/praha7.cz\/wp-content\/uploads\/2017\/11\/15_2017_odpoved.pdf\" target=\"_blank\" rel=\"noopener\">odpov\u011b\u010f<\/a> (PDF,\u00a0211,2 kB)\u00a0\u00a0\u00a0<a title=\"Odkaz na soubor - 117,8 kB - nov\u00e9 okno\" href=\"https:\/\/praha7.cz\/wp-content\/uploads\/2017\/11\/15_2017_odpoved.rtf\" target=\"_blank\" rel=\"noopener\">odpov\u011b\u010f<\/a> (RTF,\u00a0117,8 kB)<\/li>\r\n<\/ul>\r\n<hr \/>\r\n<p>\u010c.j. &#8211; 16\/2017: \u017e\u00e1dost o&nbsp;poskytnut\u00ed informace ve v\u011bci:<br \/>\r\n<strong>Informace t\u00fdkaj\u00edc\u00ed se SAZu<\/strong><\/p>\r\n<ul>\r\n\t<li><a title=\"Odkaz na soubor - 330,2 kB - nov\u00e9 okno\" href=\"https:\/\/praha7.cz\/wp-content\/uploads\/2017\/11\/16_2017_odpoved.pdf\" target=\"_blank\" rel=\"noopener\">odpov\u011b\u010f<\/a> (PDF,\u00a0330,2 kB)\u00a0\u00a0\u00a0<a title=\"Odkaz na soubor - 263,5 kB - nov\u00e9 okno\" href=\"https:\/\/praha7.cz\/wp-content\/uploads\/2017\/11\/16_2017_odpoved.rtf\" target=\"_blank\" rel=\"noopener\">odpov\u011b\u010f<\/a> (RTF,\u00a0263,5 kB)<\/li>\r\n<\/ul>\r\n<hr \/>\r\n<p>\u010c.j. &#8211; 17\/2017: \u017e\u00e1dost o&nbsp;poskytnut\u00ed informace ve v\u011bci:<br \/>\r\n<strong>Informace t\u00fdkaj\u00edc\u00ed se problematiky ps\u016f <\/strong><\/p>\r\n<ul>\r\n\t<li><a title=\"Odkaz na soubor - 108,3 kB - nov\u00e9 okno\" href=\"https:\/\/praha7.cz\/wp-content\/uploads\/2017\/11\/17_2017_podani.pdf\" target=\"_blank\" rel=\"noopener\">pod\u00e1n\u00ed<strong> <\/strong><\/a>(PDF,\u00a0108,3 kB)<\/li>\r\n\t<li><a title=\"Odkaz na soubor - 375,9 kB - nov\u00e9 okno\" href=\"https:\/\/praha7.cz\/wp-content\/uploads\/2017\/11\/17_2017_odpoved.pdf\" target=\"_blank\" rel=\"noopener\">odpov\u011b\u010f<\/a> (PDF,\u00a0375,9 kB)\u00a0\u00a0\u00a0<a title=\"Odkaz na soubor - 272 kB - nov\u00e9 okno\" href=\"https:\/\/praha7.cz\/wp-content\/uploads\/2017\/11\/17_2017_odpoved.rtf\" target=\"_blank\" rel=\"noopener\">odpov\u011b\u010f<\/a> (RTF,\u00a0272 kB)<\/li>\r\n\t<li><a title=\"Odkaz na soubor - 292,6 kB - nov\u00e9 okno\" href=\"https:\/\/praha7.cz\/wp-content\/uploads\/2017\/11\/17_2017_stiznost.pdf\" target=\"_blank\" rel=\"noopener\">st\u00ed\u017enost na nespr\u00e1vn\u00e9 vy\u0159\u00edzen\u00ed<\/a> (PDF,\u00a0292,6 kB)<\/li>\r\n\t<li><a title=\"Odkaz na soubor - 171,8 kB - nov\u00e9 okno\" href=\"https:\/\/praha7.cz\/wp-content\/uploads\/2017\/11\/17_2017_odpoved_stiznost.pdf\" target=\"_blank\" rel=\"noopener\">odpov\u011b\u010f\u00a0na st\u00ed\u017enost<\/a> (PDF,\u00a0171,8 kB)\u00a0<\/li>\r\n<\/ul>\r\n<hr \/>\r\n<p>\u010c.j. &#8211; 18\/2017: \u017e\u00e1dost o&nbsp;poskytnut\u00ed informace ve v\u011bci:<br \/>\r\n<strong>Zasl\u00e1n\u00ed dokument\u016f<\/strong>\u00a0<\/p>\r\n<ul>\r\n\t<li><a title=\"Odkaz na soubor - 57,5 kB - nov\u00e9 okno\" href=\"https:\/\/praha7.cz\/wp-content\/uploads\/2017\/11\/18_2017_podani.pdf\" target=\"_blank\" rel=\"noopener\">pod\u00e1n\u00ed<strong> <\/strong><\/a>(PDF,\u00a057,5 kB)<\/li>\r\n\t<li><a title=\"Odkaz na soubor - 321,9 kB - nov\u00e9 okno\" href=\"https:\/\/praha7.cz\/wp-content\/uploads\/2017\/11\/18_2017_odpoved.pdf\" target=\"_blank\" rel=\"noopener\">odpov\u011b\u010f <\/a>(PDF, 321,9 kB)<\/li>\r\n<\/ul>\r\n<hr \/>\r\n<p>\u010c.j. &#8211; 19\/2017: \u017e\u00e1dost o&nbsp;poskytnut\u00ed informace ve v\u011bci:<br \/>\r\n<strong>Informace t\u00fdkaj\u00edc\u00ed se tramvajov\u00e9 zast\u00e1vky na \u0160tvanici <\/strong><\/p>\r\n<ul>\r\n\t<li><a title=\"Odkaz na soubor - 122,6 kB - nov\u00e9 okno\" href=\"https:\/\/praha7.cz\/wp-content\/uploads\/2017\/11\/19_2017_podani.pdf\" target=\"_blank\" rel=\"noopener\">pod\u00e1n\u00ed<strong> <\/strong><\/a>(PDF,\u00a0 122,6 kB)<\/li>\r\n\t<li><a title=\"Odkaz na soubor - 259,4 kB - nov\u00e9 okno\" href=\"https:\/\/praha7.cz\/wp-content\/uploads\/2017\/11\/19_2017_odpoved.pdf\" target=\"_blank\" rel=\"noopener\">odpov\u011b\u010f <\/a>(PDF,\u00a0259,4 kB)\u00a0\u00a0\u00a0<a title=\"Odkaz na soubor - 252,4 kB - nov\u00e9 okno\" href=\"https:\/\/praha7.cz\/wp-content\/uploads\/2017\/11\/19_2017_odpoved.rtf\" target=\"_blank\" rel=\"noopener\">odpov\u011b\u010f <\/a>(RTF,\u00a0252,4 kB)<\/li>\r\n<\/ul>\r\n<hr \/>\r\n<p>\u010c.j. &#8211; 20\/2017: \u017e\u00e1dost o&nbsp;poskytnut\u00ed informace ve v\u011bci:<br \/>\r\n<strong>Informace t\u00fdkaj\u00edc\u00ed se tramvajov\u00e9 zast\u00e1vky na \u0160tvanici<\/strong>\u00a0\u00a0<\/p>\r\n<ul>\r\n\t<li><a title=\"Odkaz na soubor - 263,9 kB - nov\u00e9 okno\" href=\"https:\/\/praha7.cz\/wp-content\/uploads\/2017\/11\/20_2017_odpoved.pdf\" target=\"_blank\" rel=\"noopener\">odpov\u011b\u010f<\/a> (PDF, 263,9 kB)\u00a0 <a title=\"Odkaz na soubor - 257,8 kB - nov\u00e9 okno\" href=\"https:\/\/praha7.cz\/wp-content\/uploads\/2017\/11\/20_2017_odpoved.rtf\" target=\"_blank\" rel=\"noopener\">odpov\u011b\u010f <\/a>(RTF, 257,8 kB)\u00a0 <a title=\"Odkaz na soubor - 957,8 kB - nov\u00e9 okno\" href=\"https:\/\/praha7.cz\/wp-content\/uploads\/2017\/11\/20_2017_p\u0159\u00edloha.pdf\" target=\"_blank\" rel=\"noopener\">p\u0159\u00edloha<\/a> (PDF,\u00a0 957,8 kB)<\/li>\r\n<\/ul>\r\n<hr \/>\r\n<p>\u010c.j. &#8211; 21\/2017: \u017e\u00e1dost o&nbsp;poskytnut\u00ed informace ve v\u011bci:<br \/>\r\n<strong>Informace t\u00fdkaj\u00edc\u00ed se stavby &#8220; Rezidence Maniny&#8220; <\/strong><\/p>\r\n<ul>\r\n\t<li><a title=\"Odkaz na soubor - 50,8 kB - nov\u00e9 okno\" href=\"https:\/\/praha7.cz\/wp-content\/uploads\/2017\/11\/21_2017_podani.pdf\" target=\"_blank\" rel=\"noopener\">pod\u00e1n\u00ed<strong> <\/strong><\/a>(PDF,\u00a050,8 kB)\u00a0<\/li>\r\n\t<li><a title=\"Odkaz na soubor - 246,3 kB - nov\u00e9 okno\" href=\"https:\/\/praha7.cz\/wp-content\/uploads\/2017\/11\/21_2017_odpoved.pdf\" target=\"_blank\" rel=\"noopener\">odpov\u011b\u010f <\/a>(PDF,\u00a0246,3 kB)\u00a0\u00a0<a title=\"Odkaz na soubor - 230,8 kB - nov\u00e9 okno\" href=\"https:\/\/praha7.cz\/wp-content\/uploads\/2017\/11\/21_2017_odpoved.rtf\" target=\"_blank\" rel=\"noopener\">odpov\u011b\u010f <\/a>(RTF, 230,8 kB) <a title=\"Odkaz na soubor - 4,7 MB - nov\u00e9 okno\" href=\"https:\/\/praha7.cz\/wp-content\/uploads\/2017\/11\/21_2017_p\u0159\u00edloha.pdf\" target=\"_blank\" rel=\"noopener\">p\u0159\u00edloha <\/a>(PDF,\u00a0 4,7 MB)<\/li>\r\n<\/ul>\r\n<hr \/>\r\n<p>\u010c.j. &#8211; 22\/2017: \u017e\u00e1dost o&nbsp;poskytnut\u00ed informace ve v\u011bci:<br \/>\r\n<strong>Informace t\u00fdkaj\u00edc\u00ed se <\/strong><strong>stavebn\u00edch \u00fapravu domu Um\u011bleck\u00e1 586\/9<\/strong><\/p>\r\n<ul>\r\n\t<li><a title=\"Odkaz na soubor - 267,1 kB - nov\u00e9 okno\" href=\"https:\/\/praha7.cz\/wp-content\/uploads\/2017\/11\/22_2017_odpoved.pdf\" target=\"_blank\" rel=\"noopener\">odpov\u011b\u010f<\/a> (PDF, 263,9 kB)\u00a0 <a title=\"Odkaz na soubor - 235,2 kB - nov\u00e9 okno\" href=\"https:\/\/praha7.cz\/wp-content\/uploads\/2017\/11\/22_2017_odpoved.rtf\" target=\"_blank\" rel=\"noopener\">odpov\u011b\u010f <\/a>(RTF, 235,2 kB)\u00a0 <a title=\"Odkaz na soubor - 428,1 kB - nov\u00e9 okno\" href=\"https:\/\/praha7.cz\/wp-content\/uploads\/2017\/11\/22_2017_rozhodnuti.pdf\" target=\"_blank\" rel=\"noopener\">rozhodnut\u00ed<\/a> (PDF,\u00a0\u00a0428,1 kB)<\/li>\r\n<\/ul>\r\n<hr \/>\r\n<p>\u010c.j. &#8211; 23\/2017: \u017e\u00e1dost o&nbsp;poskytnut\u00ed informace ve v\u011bci:<br \/>\r\n<strong>Informace t\u00fdkaj\u00edc\u00ed se v\u00fd\u0161e n\u00e1jm\u016f pozemk\u016f<\/strong><\/p>\r\n<ul>\r\n\t<li><a title=\"Odkaz na soubor - 489,3 kB - nov\u00e9 okno\" href=\"https:\/\/praha7.cz\/wp-content\/uploads\/2017\/11\/23_2017_podani.pdf\" target=\"_blank\" rel=\"noopener\">pod\u00e1n\u00ed<strong> <\/strong><\/a>(PDF,\u00a0489,3 kB)<\/li>\r\n\t<li><a title=\"Odkaz na soubor - 449,7 kB - nov\u00e9 okno\" href=\"https:\/\/praha7.cz\/wp-content\/uploads\/2017\/11\/23_2017_odpoved.pdf\" target=\"_blank\" rel=\"noopener\">odpov\u011b\u010f<\/a> (PDF, 449,7 kB)\u00a0 <a title=\"Odkaz na soubor - 319 kB - nov\u00e9 okno\" href=\"https:\/\/praha7.cz\/wp-content\/uploads\/2017\/11\/23_2017_odpoved.rtf\" target=\"_blank\" rel=\"noopener\">odpov\u011b\u010f<\/a> (RTF, 319 kB)\u00a0 <a title=\"Odkaz na soubor - 275 kB - nov\u00e9 okno\" href=\"https:\/\/praha7.cz\/wp-content\/uploads\/2017\/11\/23_2017_p\u0159\u00edloha.pdf\" target=\"_blank\" rel=\"noopener\">p\u0159\u00edloha <\/a>(PDF,\u00a0 275 kB)<\/li>\r\n<\/ul>\r\n<hr \/>\r\n<p>\u010c.j. &#8211; 24\/2017: \u017e\u00e1dost o&nbsp;poskytnut\u00ed informace ve v\u011bci:<br \/>\r\n<strong>Informace t\u00fdkaj\u00edc\u00ed se v\u00fdstavy \u201eBody The Exhibition\u201c<\/strong>\u00a0<\/p>\r\n<ul>\r\n\t<li><a title=\"Odkaz na soubor - 153,9 kB - nov\u00e9 okno\" href=\"https:\/\/praha7.cz\/wp-content\/uploads\/2017\/11\/24_2017_odpoved.pdf\" target=\"_blank\" rel=\"noopener\">odpov\u011b\u010f<\/a> (PDF, 153,9 kB)\u00a0 <a title=\"Odkaz na soubor - 262,8 kB - nov\u00e9 okno\" href=\"https:\/\/praha7.cz\/wp-content\/uploads\/2017\/11\/24_2017_odpoved.rtf\" target=\"_blank\" rel=\"noopener\">odpov\u011b\u010f<\/a> (RTF, 262,8 kB)\u00a0 <a title=\"Odkaz na soubor - 73,8 kB - nov\u00e9 okno\" href=\"https:\/\/praha7.cz\/wp-content\/uploads\/2017\/11\/24_2017_p\u0159\u00edloha.pdf\" target=\"_blank\" rel=\"noopener\">p\u0159\u00edloha <\/a>(PDF,\u00a0 73,8 kB)<\/li>\r\n<\/ul>\r\n<hr \/>\r\n<p>\u010c.j. &#8211; 25\/2017: \u017e\u00e1dost o&nbsp;poskytnut\u00ed informace ve v\u011bci:<br \/>\r\n<strong>Informace t\u00fdkaj\u00edc\u00ed se v\u00fdstavy \u201eBody The Exhibition\u201c<\/strong>\u00a0<\/p>\r\n<ul>\r\n\t<li><a title=\"Odkaz na soubor - 154 kB - nov\u00e9 okno\" href=\"https:\/\/praha7.cz\/wp-content\/uploads\/2017\/11\/25_2017_odpoved.pdf\" target=\"_blank\" rel=\"noopener\">odpov\u011b\u010f<\/a> (PDF, 154 kB)\u00a0 <a title=\"Odkaz na soubor - 263,5 kB - nov\u00e9 okno\" href=\"https:\/\/praha7.cz\/wp-content\/uploads\/2017\/11\/25_2017_odpoved.rtf\" target=\"_blank\" rel=\"noopener\">odpov\u011b\u010f<\/a> (RTF, 263,5 kB)\u00a0 <a title=\"Odkaz na soubor - 678,3 kB - nov\u00e9 okno\" href=\"https:\/\/praha7.cz\/wp-content\/uploads\/2017\/11\/25_2017_p\u0159\u00edloha.pdf\" target=\"_blank\" rel=\"noopener\">p\u0159\u00edloha <\/a>(PDF,\u00a0 678,3 kB)<\/li>\r\n<\/ul>\r\n<hr \/>\r\n<p>\u010c.j. &#8211; 26\/2017: \u017e\u00e1dost o&nbsp;poskytnut\u00ed informace ve v\u011bci:<br \/>\r\n<strong>Informace t\u00fdkaj\u00edc\u00ed se v\u00fdstavy \u201eBody The Exhibition\u201c<\/strong>\u00a0<\/p>\r\n<ul>\r\n\t<li><a title=\"Odkaz na soubor - 153,9 kB - nov\u00e9 okno\" href=\"https:\/\/praha7.cz\/wp-content\/uploads\/2017\/11\/26_2017_odpoved.pdf\" target=\"_blank\" rel=\"noopener\">odpov\u011b\u010f <\/a>(PDF, 153,9 kB)\u00a0\u00a0<a title=\"Odkaz na soubor - 263,5 kB - nov\u00e9 okno\" href=\"https:\/\/praha7.cz\/wp-content\/uploads\/2017\/11\/26_2017_odpoved.rtf\" target=\"_blank\" rel=\"noopener\">odpov\u011b\u010f <\/a>(RTF, 263,5 kB)\u00a0 <a title=\"Odkaz na soubor - 122 kB - nov\u00e9 okno\" href=\"https:\/\/praha7.cz\/wp-content\/uploads\/2017\/11\/26_2017_p\u0159\u00edloha.pdf\" target=\"_blank\" rel=\"noopener\">p\u0159\u00edloha <\/a>(PDF,\u00a0 122 kB)<\/li>\r\n<\/ul>\r\n<hr \/>\r\n<p>\u010c.j. &#8211; 27\/2017: \u017e\u00e1dost o&nbsp;poskytnut\u00ed informace ve v\u011bci:<br \/>\r\n<strong>Informace t\u00fdkaj\u00edc\u00ed se zelen\u011b v&nbsp;M\u0160 Na V\u00fd\u0161in\u00e1ch<\/strong><\/p>\r\n<ul>\r\n\t<li><a title=\"Odkaz na soubor - 186,1 kB - nov\u00e9 okno\" href=\"https:\/\/praha7.cz\/wp-content\/uploads\/2017\/11\/27_2017_odpoved.pdf\" target=\"_blank\" rel=\"noopener\">odpov\u011b\u010f\u00a0<\/a>(PDF, 153,9 kB)\u00a0\u00a0<a title=\"Odkaz na soubor - 146,5 kB - nov\u00e9 okno\" href=\"https:\/\/praha7.cz\/wp-content\/uploads\/2017\/11\/27_2017_odpoved.rtf\" target=\"_blank\" rel=\"noopener\">odpov\u011b\u010f <\/a>(RTF, 146,5 kB)<\/li>\r\n<\/ul>\r\n<hr \/>\r\n<p>\u010c.j. &#8211; 28\/2017: \u017e\u00e1dost o&nbsp;poskytnut\u00ed informace ve v\u011bci:<br \/>\r\n<strong>Informace t\u00fdkaj\u00edc\u00ed se map z\u00f3n s\u00a0dopravn\u00edm omezen\u00edm <\/strong><\/p>\r\n<ul>\r\n\t<li><a title=\"Odkaz na soubor - 167 kB - nov\u00e9 okno\" href=\"https:\/\/praha7.cz\/wp-content\/uploads\/2017\/11\/28_2017_odpoved.pdf\" target=\"_blank\" rel=\"noopener\">odpov\u011b\u010f\u00a0<\/a>(PDF, 167 kB)\u00a0<a title=\"Odkaz na soubor - 249,6 kB - nov\u00e9 okno\" href=\"https:\/\/praha7.cz\/wp-content\/uploads\/2017\/11\/28_2017_odpoved.rtf\" target=\"_blank\" rel=\"noopener\">odpov\u011b\u010f <\/a>(RTF, 249,6 kB)<\/li>\r\n<\/ul>\r\n<hr \/>\r\n<p>\u010c.j. &#8211; 29\/2017: \u017e\u00e1dost o&nbsp;poskytnut\u00ed informace ve v\u011bci:<br \/>\r\n<strong>Informace t\u00fdkaj\u00edc\u00ed se odstran\u011bn\u00ed stavby beton\u00e1rky SKANSKA<\/strong><\/p>\r\n<ul>\r\n\t<li><a title=\"Odkaz na soubor - 198,8 kB - nov\u00e9 okno\" href=\"https:\/\/praha7.cz\/wp-content\/uploads\/2017\/11\/29_2017_odpoved.pdf\" target=\"_blank\" rel=\"noopener\">odpov\u011b\u010f<\/a> (PDF, 198,8 kB)\u00a0\u00a0 <a title=\"Odkaz na soubor - 103,1 kB - nov\u00e9 okno\" href=\"https:\/\/praha7.cz\/wp-content\/uploads\/2017\/11\/29_2017_odpoved.rtf\" target=\"_blank\" rel=\"noopener\">odpov\u011b\u010f<\/a> (RTF, 103,1 kB)<\/li>\r\n<\/ul>\r\n<hr \/>\r\n<p>\u010c.j. &#8211; 30\/2017: \u017e\u00e1dost o&nbsp;poskytnut\u00ed informace ve v\u011bci:<br \/>\r\n<strong>Informace t\u00fdkaj\u00edc\u00ed se poskytnut\u00ed stavebn\u00ed dokumentace<\/strong><\/p>\r\n<ul>\r\n\t<li><a title=\"Odkaz na soubor - 546,7 kB - nov\u00e9 okno\" href=\"https:\/\/praha7.cz\/wp-content\/uploads\/2017\/11\/30_2017_podani.pdf\" target=\"_blank\" rel=\"noopener\">pod\u00e1n\u00ed<\/a><strong> <\/strong>(PDF,\u00a0546,7 kB)<\/li>\r\n\t<li><a title=\"Odkaz na soubor - 264,7 kB - nov\u00e9 okno\" href=\"https:\/\/praha7.cz\/wp-content\/uploads\/2017\/11\/30_2017_odpoved.pdf\" target=\"_blank\" rel=\"noopener\">odpov\u011b\u010f <\/a>(PDF, 264,7 kB)\u00a0\u00a0 <a title=\"Odkaz na soubor - 231 kB - nov\u00e9 okno\" href=\"https:\/\/praha7.cz\/wp-content\/uploads\/2017\/11\/30_2017_odpoved.rtf\" target=\"_blank\" rel=\"noopener\">odpov\u011b\u010f <\/a>(RTF, 231 kB)<\/li>\r\n<\/ul>\r\n<hr \/>\r\n<p>\u010c.j. &#8211; 31\/2017: \u017e\u00e1dost o&nbsp;poskytnut\u00ed informace ve v\u011bci:<br \/>\r\n<strong>Informace t\u00fdkaj\u00edc\u00ed se p\u0159\u00edstupov\u00e9 komunikace v&nbsp;k.\u00fa. Troja<\/strong><\/p>\r\n<ul>\r\n\t<li><a title=\"Odkaz na soubor - 201 kB - nov\u00e9 okno\" href=\"https:\/\/praha7.cz\/wp-content\/uploads\/2017\/11\/31_2017_odpoved.pdf\" target=\"_blank\" rel=\"noopener\">odpov\u011b\u010f<\/a> (PDF, 201 kB)\u00a0<\/li>\r\n<\/ul>\r\n<hr \/>\r\n<p>\u010c.j. &#8211; 32\/2017: \u017e\u00e1dost o&nbsp;poskytnut\u00ed informace ve v\u011bci:<br \/>\r\n<strong>Informace t\u00fdkaj\u00edc\u00ed se podzemn\u00edch gar\u00e1\u017e\u00ed na Letn\u00e9 a&nbsp;Pra\u0161n\u00e9m most\u011b<\/strong><\/p>\r\n<ul>\r\n\t<li><a title=\"Odkaz na soubor - 159,4 kB - nov\u00e9 okno\" href=\"https:\/\/praha7.cz\/wp-content\/uploads\/2017\/11\/32_2017_odpoved.pdf\" target=\"_blank\" rel=\"noopener\">odpov\u011b\u010f<\/a> (PDF, 159,4 kB)\u00a0\u00a0\u00a0 <a title=\"Odkaz na soubor - 277,2 kB - nov\u00e9 okno\" href=\"https:\/\/praha7.cz\/wp-content\/uploads\/2017\/11\/32_2017_odpoved.rtf\" target=\"_blank\" rel=\"noopener\">odpov\u011b\u010f<\/a> (RTF, (277,2 kB)<\/li>\r\n<\/ul>\r\n<hr \/>\r\n<p>\u010c.j. &#8211; 33\/2017: \u017e\u00e1dost o&nbsp;poskytnut\u00ed informace ve v\u011bci:<br \/>\r\n<strong>Informace t\u00fdkaj\u00edc\u00ed se sb\u00edrky \u201cObnova koloto\u010de na Letn\u00e9\u201d<\/strong><\/p>\r\n<ul>\r\n\t<li><a title=\"Odkaz na soubor - 563,1 kB - nov\u00e9 okno\" href=\"https:\/\/praha7.cz\/wp-content\/uploads\/2017\/11\/33_2017_podani.pdf\" target=\"_blank\" rel=\"noopener\">pod\u00e1n\u00ed<\/a><strong> <\/strong>(PDF,\u00a0563,1 kB)<\/li>\r\n\t<li><a title=\"Odkaz na soubor - 157,6 kB - nov\u00e9 okno\" href=\"https:\/\/praha7.cz\/wp-content\/uploads\/2017\/11\/33_2017_odpoved.pdf\" target=\"_blank\" rel=\"noopener\">odpov\u011b\u010f <\/a>(PDF, 157,6 kB)\u00a0\u00a0 <a title=\"Odkaz na soubor - 256,7 kB - nov\u00e9 okno\" href=\"https:\/\/praha7.cz\/wp-content\/uploads\/2017\/11\/33_2017_odpoved.rtf\" target=\"_blank\" rel=\"noopener\">odpov\u011b\u010f<\/a> (RTF, 256,7 kB)<\/li>\r\n\t<li><a title=\"Odkaz na soubor - 20,9 kB - nov\u00e9 okno\" href=\"https:\/\/praha7.cz\/wp-content\/uploads\/2017\/11\/33_2017_priloha1.pdf\" target=\"_blank\" rel=\"noopener\">p\u0159\u00edloha1 <\/a>(PDF, 20,9 kB)<\/li>\r\n\t<li><a title=\"Odkaz na soubor - 1,2 MB - nov\u00e9 okno\" href=\"https:\/\/praha7.cz\/wp-content\/uploads\/2017\/11\/33_2017_priloha2.pdf\" target=\"_blank\" rel=\"noopener\">p\u0159\u00edloha2\u00a0<\/a>(PDF, 1,2 MB)<\/li>\r\n\t<li><a title=\"Odkaz na soubor - 8,9 MB - nov\u00e9 okno\" href=\"https:\/\/praha7.cz\/wp-content\/uploads\/2017\/11\/33_2017_priloha3.pdf\" target=\"_blank\" rel=\"noopener\">p\u0159\u00edloha3 <\/a>(PDF, 8,9 MB)\u00a0\u00a0<\/li>\r\n\t<li><a title=\"Odkaz na soubor - 5,4 MB - nov\u00e9 okno\" href=\"https:\/\/praha7.cz\/wp-content\/uploads\/2017\/11\/33_2017_priloha4.pdf\" target=\"_blank\" rel=\"noopener\">p\u0159\u00edloha4 <\/a>(PDF, 5,4 MB)<\/li>\r\n\t<li><a title=\"Odkaz na soubor - 1 MB - nov\u00e9 okno\" href=\"https:\/\/praha7.cz\/wp-content\/uploads\/2017\/11\/33_2017_priloha5.pdf\" target=\"_blank\" rel=\"noopener\">p\u0159\u00edloha5 <\/a>(PDF, 1 MB)<\/li>\r\n<\/ul>\r\n<hr \/>\r\n<p>\u010c.j. &#8211; 34\/2017: \u017e\u00e1dost o&nbsp;poskytnut\u00ed informace ve v\u011bci:<br \/>\r\n<strong>Informace t\u00fdkaj\u00edc\u00ed se vym\u00e1h\u00e1n\u00ed da\u0148ov\u00fdch nedoplatk\u016f<\/strong><\/p>\r\n<ul>\r\n\t<li><a title=\"Odkaz na soubor - 1,7 MB - nov\u00e9 okno\" href=\"https:\/\/praha7.cz\/wp-content\/uploads\/2017\/11\/34_2017_podani.pdf\" target=\"_blank\" rel=\"noopener\">pod\u00e1n\u00ed<strong> <\/strong><\/a>(PDF,\u00a01,7 MB)<\/li>\r\n\t<li><a title=\"Odkaz na soubor - 275,9 kB - nov\u00e9 okno\" href=\"https:\/\/praha7.cz\/wp-content\/uploads\/2017\/11\/34_2017_odpoved.pdf\" target=\"_blank\" rel=\"noopener\">odpov\u011b\u010f <\/a>(PDF, 275,9 kB)<\/li>\r\n<\/ul>\r\n<hr \/>\r\n<p>\u010c.j. &#8211; 35\/2017: \u017e\u00e1dost o&nbsp;poskytnut\u00ed informace ve v\u011bci:<br \/>\r\n<strong>Informace t\u00fdkaj\u00edc\u00ed se ozn\u00e1men\u00ed o&nbsp;sp\u00e1ch\u00e1n\u00ed p\u0159estupku<\/strong><\/p>\r\n<ul>\r\n\t<li><a title=\"Odkaz na soubor - 154,5 kB - nov\u00e9 okno\" href=\"https:\/\/praha7.cz\/wp-content\/uploads\/2017\/11\/35_2017_odpoved.pdf\" target=\"_blank\" rel=\"noopener\">odpov\u011b\u010f<\/a> (PDF, 154,5 kB)\u00a0 <a title=\"Odkaz na soubor - 274 kB - nov\u00e9 okno\" href=\"https:\/\/praha7.cz\/wp-content\/uploads\/2017\/11\/35_2017_odpoved.rtf\" target=\"_blank\" rel=\"noopener\">odpov\u011b\u010f<\/a> (RTF, (274 kB)<\/li>\r\n<\/ul>\r\n<hr \/>\r\n<p>\u010c.j. &#8211; 36\/2017: \u017e\u00e1dost o&nbsp;poskytnut\u00ed informace ve v\u011bci:<br \/>\r\n<strong>Informace t\u00fdkaj\u00edc\u00ed se zve\u0159ejn\u011bn\u00ed na el. \u00fa\u0159edn\u00ed desce<\/strong><\/p>\r\n<ul>\r\n\t<li><a title=\"Odkaz na soubor - 1,4 MB - nov\u00e9 okno\" href=\"https:\/\/praha7.cz\/wp-content\/uploads\/2017\/11\/36_2017_odpoved.pdf\" target=\"_blank\" rel=\"noopener\">odpov\u011b\u010f<\/a> (PDF, 1,4 MB)\u00a0\u00a0<\/li>\r\n<\/ul>\r\n<hr \/>\r\n<p>\u010c.j. &#8211; 37\/2017: \u017e\u00e1dost o&nbsp;poskytnut\u00ed informace ve v\u011bci:<br \/>\r\n<strong>Informace t\u00fdkaj\u00edc\u00ed se stavebn\u00edho rozhodnut\u00ed\u00a0stavby &#8211; Protipovod\u0148ov\u00e1 opat\u0159en\u00ed <\/strong><\/p>\r\n<ul>\r\n\t<li><a title=\"Odkaz na soubor - 454,6 kB - nov\u00e9 okno\" href=\"https:\/\/praha7.cz\/wp-content\/uploads\/2017\/11\/37_2017_odpoved.pdf\" target=\"_blank\" rel=\"noopener\">odpov\u011b\u010f<\/a> (PDF, 454,6 kB)\u00a0\u00a0 <a title=\"Odkaz na soubor - 88,4 kB - nov\u00e9 okno\" href=\"https:\/\/praha7.cz\/wp-content\/uploads\/2017\/11\/37_2017_odpoved.rtf\" target=\"_blank\" rel=\"noopener\">odpov\u011b\u010f<\/a>\u00a0(RTF, 88,4 kB)<\/li>\r\n<\/ul>\r\n<hr \/>\r\n<p>\u010c.j. &#8211; 38\/2017: \u017e\u00e1dost o&nbsp;poskytnut\u00ed informace ve v\u011bci:<br \/>\r\n<strong>Informace t\u00fdkaj\u00edc\u00ed se \u0161kodliv\u00e9ho ptactva<\/strong><\/p>\r\n<ul>\r\n\t<li><a title=\"Odkaz na soubor - 355,3 kB - nov\u00e9 okno\" href=\"https:\/\/praha7.cz\/wp-content\/uploads\/2017\/11\/38_2017_odpoved.pdf\" target=\"_blank\" rel=\"noopener\">odpov\u011b\u010f<\/a> (PDF, 355,3 kB)\u00a0 <a title=\"Odkaz na soubor - 288,7 kB - nov\u00e9 okno\" href=\"https:\/\/praha7.cz\/wp-content\/uploads\/2017\/11\/38_2017_odpoved.rtf\" target=\"_blank\" rel=\"noopener\">odpov\u011b\u010f <\/a>(RTF, 288,7 kB)<\/li>\r\n<\/ul>\r\n<hr \/>\r\n<p>\u010c.j. &#8211; 39\/2017: \u017e\u00e1dost o&nbsp;poskytnut\u00ed informace ve v\u011bci:<br \/>\r\n<strong>Informace t\u00fdkaj\u00edc\u00ed se v\u00fdstavby v\u00a0are\u00e1lu b\u00fdval\u00e9 \u201eFERONY\u201c<\/strong><\/p>\r\n<ul>\r\n\t<li><a title=\"Odkaz na soubor - 245,4 kB - nov\u00e9 okno\" href=\"https:\/\/praha7.cz\/wp-content\/uploads\/2017\/11\/39_2017_odpoved.pdf\" target=\"_blank\" rel=\"noopener\">odpov\u011b\u010f <\/a>(PDF, 245,4 kB)\u00a0 <a title=\"Odkaz na soubor - 286,8 kB - nov\u00e9 okno\" href=\"https:\/\/praha7.cz\/wp-content\/uploads\/2017\/11\/39_2017_odpoved.rtf\" target=\"_blank\" rel=\"noopener\">odpov\u011b\u010f <\/a>(RTF, 286,8 kB)<\/li>\r\n<\/ul>\r\n<hr \/>\r\n<p>\u010c.j. &#8211; 40\/2017: \u017e\u00e1dost o&nbsp;poskytnut\u00ed informace ve v\u011bci:<br \/>\r\n<strong>Zasl\u00e1n\u00ed dokument\u016f<\/strong>\u00a0<\/p>\r\n<ul>\r\n\t<li><a title=\"Odkaz na soubor - 239,7 kB - nov\u00e9 okno\" href=\"https:\/\/praha7.cz\/wp-content\/uploads\/2017\/11\/40_2017_odpoved.pdf\" target=\"_blank\" rel=\"noopener\">odpov\u011b\u010f<\/a> (PDF, 239,7 kB)\u00a0\u00a0\u00a0<a title=\"Odkaz na soubor - 291 kB - nov\u00e9 okno\" href=\"https:\/\/praha7.cz\/wp-content\/uploads\/2017\/11\/40_2017_odpoved.rtf\" target=\"_blank\" rel=\"noopener\">odpov\u011b\u010f <\/a>(RTF,\u00a0291 kB)<\/li>\r\n<\/ul>\r\n<hr \/>\r\n<p>\u010c.j. &#8211; 41\/2017: \u017e\u00e1dost o&nbsp;poskytnut\u00ed informace ve v\u011bci:<br \/>\r\n<strong>Informace t\u00fdkaj\u00edc\u00ed se <\/strong><strong>stavebn\u00edch \u00faprav v&nbsp;r\u00e1mci objektu na adrese Tusarova 791\/31<\/strong><\/p>\r\n<ul>\r\n\t<li><a title=\"Odkaz na soubor - 161,8 kB - nov\u00e9 okno\" href=\"https:\/\/praha7.cz\/wp-content\/uploads\/2017\/11\/41_2017_odpoved.pdf\" target=\"_blank\" rel=\"noopener\">odpov\u011b\u010f <\/a>(PDF, 161,8 kB)\u00a0\u00a0 <a title=\"Odkaz na soubor - 109,7 kB - nov\u00e9 okno\" href=\"https:\/\/praha7.cz\/wp-content\/uploads\/2017\/11\/41_2017_odpoved.rtf\" target=\"_blank\" rel=\"noopener\">odpov\u011b\u010f\u00a0<\/a>(RTF, 109,7 kB)<\/li>\r\n<\/ul>\r\n<hr \/>\r\n<p>\u010c.j. &#8211; 42\/2017: \u017e\u00e1dost o&nbsp;poskytnut\u00ed informace ve v\u011bci:<br \/>\r\n<strong>Zasl\u00e1n\u00ed dokument\u016f<\/strong>\u00a0<\/p>\r\n<ul>\r\n\t<li><a title=\"Odkaz na soubor - 147,7 kB - nov\u00e9 okno\" href=\"https:\/\/praha7.cz\/wp-content\/uploads\/2017\/11\/42_2017_odpoved.pdf\" target=\"_blank\" rel=\"noopener\">odpov\u011b\u010f <\/a>(PDF, 147,7 kB)\u00a0\u00a0<a title=\"Odkaz na soubor - 102,6 kB - nov\u00e9 okno\" href=\"https:\/\/praha7.cz\/wp-content\/uploads\/2017\/11\/42_2017_odpoved.rtf\" target=\"_blank\" rel=\"noopener\">odpov\u011b\u010f <\/a>(RTF,\u00a0102,6 kB)<\/li>\r\n<\/ul>\r\n<hr \/>\r\n<p>\u010c.j. &#8211; 43\/2017: \u017e\u00e1dost o&nbsp;poskytnut\u00ed informace ve v\u011bci:<br \/>\r\n<strong>Informace t\u00fdkaj\u00edc\u00ed se \u010dasopisu Hobulet<\/strong><\/p>\r\n<ul>\r\n\t<li><a title=\"Odkaz na soubor - 69 kB - nov\u00e9 okno\" href=\"https:\/\/praha7.cz\/wp-content\/uploads\/2017\/11\/43_2017_podani.pdf\" target=\"_blank\" rel=\"noopener\">pod\u00e1n\u00ed<strong> <\/strong><\/a>(PDF,\u00a069 kB)<\/li>\r\n\t<li><a title=\"Odkaz na soubor - 67,4 kB - nov\u00e9 okno\" href=\"https:\/\/praha7.cz\/wp-content\/uploads\/2017\/11\/43_2017_odpoved.pdf\" target=\"_blank\" rel=\"noopener\">odpov\u011b\u010f <\/a>(PDF, 67,4 kB) \u00a0<a title=\"Odkaz na soubor - 37,4 kB - nov\u00e9 okno\" href=\"https:\/\/praha7.cz\/wp-content\/uploads\/2017\/11\/43_2017_odpoved.rtf\" target=\"_blank\" rel=\"noopener\">odpov\u011b\u010f <\/a>(RTF, 37,4 kB)<\/li>\r\n<\/ul>\r\n<hr \/>\r\n<p>\u010c.j. &#8211; 44\/2017: \u017e\u00e1dost o&nbsp;poskytnut\u00ed informace ve v\u011bci:<br \/>\r\n<strong>Informace t\u00fdkaj\u00edc\u00ed se mimozemsk\u00e9 civilizace<\/strong><\/p>\r\n<ul>\r\n\t<li><a title=\"Odkaz na soubor - 231,9 kB - nov\u00e9 okno\" href=\"https:\/\/praha7.cz\/wp-content\/uploads\/2017\/11\/44_2017_odpoved.pdf\" target=\"_blank\" rel=\"noopener\">odpov\u011b\u010f<\/a> (PDF, 231,9 kB)\u00a0 <a title=\"Odkaz na soubor - 291,8 kB - nov\u00e9 okno\" href=\"https:\/\/praha7.cz\/wp-content\/uploads\/2017\/11\/44_2017_odpoved.rtf\" target=\"_blank\" rel=\"noopener\">odpov\u011b\u010f <\/a>(RTF, 291,8 kB)<\/li>\r\n<\/ul>\r\n<hr \/>\r\n<p>\u010c.j. &#8211; 45\/2017: \u017e\u00e1dost o&nbsp;poskytnut\u00ed informace ve v\u011bci:<br \/>\r\n<strong>Informace t\u00fdkaj\u00edc\u00ed se dopravy<\/strong><\/p>\r\n<ul>\r\n\t<li><a title=\"Odkaz na soubor - 196,5 kB - nov\u00e9 okno\" href=\"https:\/\/praha7.cz\/wp-content\/uploads\/2017\/11\/45_2017_odpoved.pdf\" target=\"_blank\" rel=\"noopener\">odpov\u011b\u010f<\/a> (PDF,\u00a0196,5 kB) <a title=\"Odkaz na soubor - 248 kB - nov\u00e9 okno\" href=\"https:\/\/praha7.cz\/wp-content\/uploads\/2017\/11\/45_2017_odpoved.rtf\" target=\"_blank\" rel=\"noopener\">odpov\u011b\u010f<\/a> (RTF, 248 kB)<\/li>\r\n<\/ul>\r\n<hr \/>\r\n<p>\u010c.j. &#8211; 46\/2017: \u017e\u00e1dost o&nbsp;poskytnut\u00ed informace ve v\u011bci:<br \/>\r\n<strong>Informace t\u00fdkaj\u00edc\u00ed se dopravn\u00edho zna\u010den\u00ed<\/strong><\/p>\r\n<ul>\r\n\t<li><a title=\"Odkaz na soubor - 193,4 kB - nov\u00e9 okno\" href=\"https:\/\/praha7.cz\/wp-content\/uploads\/2017\/11\/46_2017_odpoved.pdf\" target=\"_blank\" rel=\"noopener\">odpov\u011b\u010f <\/a>(PDF,\u00a0193,4 kB)\u00a0 <a title=\"Odkaz na soubor - 238 kB - nov\u00e9 okno\" href=\"https:\/\/praha7.cz\/wp-content\/uploads\/2017\/11\/46_2017_odpoved.rtf\" target=\"_blank\" rel=\"noopener\">odpov\u011b\u010f <\/a>(RTF, 238 kB)<\/li>\r\n\t<li><a title=\"Odkaz na soubor - 2,7 MB - nov\u00e9 okno\" href=\"https:\/\/praha7.cz\/wp-content\/uploads\/2017\/11\/46_2017_priloha.pdf\" target=\"_blank\" rel=\"noopener\">p\u0159\u00edloha <\/a>(PDF, 2,7 MB)<\/li>\r\n<\/ul>\r\n<hr \/>\r\n<p>\u010c.j. &#8211; 47\/2017: \u017e\u00e1dost o&nbsp;poskytnut\u00ed informace ve v\u011bci:<br \/>\r\n<strong>Informace t\u00fdkaj\u00edc\u00ed se p\u0159echodn\u00e9 \u00fapravy provozu v&nbsp;ulici Trojsk\u00e1 <\/strong><\/p>\r\n<ul>\r\n\t<li><a title=\"Odkaz na soubor - 78 kB - nov\u00e9 okno\" href=\"https:\/\/praha7.cz\/wp-content\/uploads\/2017\/11\/47_2017_podani.pdf\" target=\"_blank\" rel=\"noopener\">pod\u00e1n\u00ed<strong> <\/strong><\/a>(PDF,\u00a078 kB)<\/li>\r\n\t<li><a title=\"Odkaz na soubor - 194 kB - nov\u00e9 okno\" href=\"https:\/\/praha7.cz\/wp-content\/uploads\/2017\/11\/47_2017_odpoved.pdf\" target=\"_blank\" rel=\"noopener\">odpov\u011b\u010f<\/a>\u00a0(PDF, 194 kB)\u00a0\u00a0\u00a0 <a title=\"Odkaz na soubor - 240,8 kB - nov\u00e9 okno\" href=\"https:\/\/praha7.cz\/wp-content\/uploads\/2017\/11\/47_2017_odpoved.rtf\" target=\"_blank\" rel=\"noopener\">odpov\u011b\u010f<\/a>\u00a0(RTF, 240,8 kB)<\/li>\r\n<\/ul>\r\n<hr \/>\r\n<p>\u010c.j. &#8211; 48\/2017: \u017e\u00e1dost o&nbsp;poskytnut\u00ed informace ve v\u011bci:<br \/>\r\n<strong>Informace t\u00fdkaj\u00edc\u00ed se stavebn\u00edho \u0159\u00edzen\u00ed <\/strong><\/p>\r\n<ul>\r\n\t<li><a title=\"Odkaz na soubor - 33,3 kB - nov\u00e9 okno\" href=\"https:\/\/praha7.cz\/wp-content\/uploads\/2017\/11\/48_2017_podani.pdf\" target=\"_blank\" rel=\"noopener\">pod\u00e1n\u00ed<\/a><strong> <\/strong>(PDF,\u00a033,3 kB)<\/li>\r\n\t<li><a title=\"Odkaz na soubor - 246,8 kB - nov\u00e9 okno\" href=\"https:\/\/praha7.cz\/wp-content\/uploads\/2017\/11\/48_2017_odpoved.pdf\" target=\"_blank\" rel=\"noopener\">odpov\u011b\u010f<\/a>\u00a0(PDF, 246,8 kB)\u00a0 <a title=\"Odkaz na soubor - 276,9 kB - nov\u00e9 okno\" href=\"https:\/\/praha7.cz\/wp-content\/uploads\/2017\/11\/48_2017_odpoved.rtf\" target=\"_blank\" rel=\"noopener\">odpov\u011b\u010f<\/a>\u00a0(RTF, 276,9 kB)<\/li>\r\n<\/ul>\r\n                <\/div>\r\n            <\/div>\r\n        <\/div>\r\n    \r\n        <div class=\"collapse-block\">\r\n            <div class=\"card-header\" role=\"tab\" id=\"heading52eaee247bb2c6aa63f97c2ae4cc7d2b9c35414e\">\r\n                                    <h3 class=\"mb-0\">\r\n                        <a data-toggle=\"collapse\" href=\"#collapse52eaee247bb2c6aa63f97c2ae4cc7d2b9c35414e\" aria-controls=\"collapse52eaee247bb2c6aa63f97c2ae4cc7d2b9c35414e\">\r\n                            Rok 2016                            <i class=\"fa fa-2x fa-angle-down\" aria-hidden=\"true\"><\/i>\r\n                        <\/a>\r\n                    <\/h3>\r\n                                \r\n            <\/div>\r\n\r\n            <div id=\"collapse52eaee247bb2c6aa63f97c2ae4cc7d2b9c35414e\" class=\"collapse\" data-id=\"52eaee247bb2c6aa63f97c2ae4cc7d2b9c35414e\" role=\"tabpanel\" aria-labelledby=\"heading52eaee247bb2c6aa63f97c2ae4cc7d2b9c35414e\">\r\n                <div class=\"card-block\">\r\n    \r\n<p>&nbsp;<\/p>\r\n<p>\u010c.j. &#8211; 1\/2016: \u017e\u00e1dost o&nbsp;poskytnut\u00ed informace ve v\u011bci:<br \/>\r\n<strong>Informace t\u00fdkaj\u00edc\u00ed se p\u0159eru\u0161en\u00ed ZPS\u00a0b\u011bhem v\u00e1no\u010dn\u00edch sv\u00e1tk\u016f\u00a0<\/strong><\/p>\r\n<p><a href=\"https:\/\/www.praha7.cz\/wp-content\/uploads\/2018\/03\/1a.pdf\">odpov\u011b\u010f\u00a0<\/a>(PDF, 139,1 kB)\u00a0<a href=\"https:\/\/www.praha7.cz\/wp-content\/uploads\/2018\/03\/01_2016_odpoved.doc\">odpov\u011b\u010f<\/a>\u00a0(DOC, 46,5 kB)<\/p>\r\n<hr \/>\r\n<p>\u010c.j. &#8211; 2\/2016: \u017e\u00e1dost o&nbsp;poskytnut\u00ed informace ve v\u011bci:<br \/>\r\n<strong>Informace t\u00fdkaj\u00edc\u00ed se krm\u00edtek pro holuby<\/strong><\/p>\r\n<p><a href=\"https:\/\/www.praha7.cz\/wp-content\/uploads\/2018\/03\/02_2016_odpoved.pdf\">odpov\u011b\u010f<\/a>\u00a0(PDF, 80,9 kB)\u00a0\u00a0<a href=\"https:\/\/www.praha7.cz\/wp-content\/uploads\/2018\/03\/02_2016_odpoved.rtf\">odpov\u011b\u010f<\/a>\u00a0(RTF, 239,8 kB)\u00a0<a href=\"https:\/\/www.praha7.cz\/wp-content\/uploads\/2018\/03\/02_2016_priloha.pdf\">p\u0159\u00edloha<\/a>\u00a0(PDF, 880,9 kB)<\/p>\r\n<hr \/>\r\n<p>\u010c.j. &#8211; 3\/2016: \u017e\u00e1dost o&nbsp;poskytnut\u00ed informace ve v\u011bci:<br \/>\r\n<strong>Informace t\u00fdkaj\u00edc\u00ed se tzv. bezbari\u00e9rov\u00fdch byt\u016f<\/strong><\/p>\r\n<p><a href=\"https:\/\/www.praha7.cz\/wp-content\/uploads\/2018\/03\/03_2016_odpoved.pdf\">odpov\u011b\u010f<\/a>\u00a0(PDF, 300,4 kB)\u00a0<a href=\"https:\/\/www.praha7.cz\/wp-content\/uploads\/2018\/03\/03_2016_odpoved.rtf\">odpov\u011b\u010f<\/a>\u00a0(RTF, 54,5 kB)<\/p>\r\n<hr \/>\r\n<p>\u010c.j. &#8211; 4\/2016: \u017e\u00e1dost o&nbsp;poskytnut\u00ed informace ve v\u011bci:<br \/>\r\n<strong>Informace t\u00fdkaj\u00edc\u00ed se v\u0161ech do\u0161l\u00fdch faktur od\u00a0 roku 2010 &#8211; 2015<\/strong><\/p>\r\n<p><a href=\"https:\/\/www.praha7.cz\/wp-content\/uploads\/2018\/03\/04_2016_odpoved.pdf\">odpov\u011b\u010f<\/a>&#8211; prodlou\u017een\u00ed lh\u016fty\u00a0(PDF, 143,3 kB)\u00a0\u00a0<a href=\"https:\/\/www.praha7.cz\/wp-content\/uploads\/2018\/03\/04_2016_odpoved.rtf\">odpov\u011b\u010f<\/a>\u00a0&#8211; prodlou\u017een\u00ed lh\u016fty\u00a0(RTF, 92,8 kB)\u00a0<\/p>\r\n<hr \/>\r\n<p>\u010c.j. &#8211; 5\/2016: \u017e\u00e1dost o&nbsp;poskytnut\u00ed informace ve v\u011bci:<br \/>\r\n<strong>Informace t\u00fdkaj\u00edc\u00ed se platn\u00fdch pojistn\u00fdch smluv<\/strong><\/p>\r\n<p><a href=\"https:\/\/www.praha7.cz\/wp-content\/uploads\/2018\/03\/05_2016_odpoved.pdf\">odpov\u011b\u010f<\/a>\u00a0(PDF, 131,9 kB)\u00a0<a href=\"https:\/\/www.praha7.cz\/wp-content\/uploads\/2018\/03\/05_2016_odpoved.rtf\">odpov\u011b\u010f<\/a>\u00a0(RTF, 114 kB)<\/p>\r\n<hr \/>\r\n<p>\u010c.j. &#8211; 6\/2016: \u017e\u00e1dost o&nbsp;poskytnut\u00ed informace ve v\u011bci:<br \/>\r\n<strong>Informace t\u00fdkaj\u00edc\u00ed se \u00fakol\u016f R M\u010c P7<\/strong><\/p>\r\n<p><a href=\"https:\/\/www.praha7.cz\/wp-content\/uploads\/2018\/03\/06_2016_zadost.pdf\">pod\u00e1n\u00ed<\/a>\u00a0(PDF, 586,9 kB)<br \/>\r\n<a href=\"https:\/\/www.praha7.cz\/wp-content\/uploads\/2018\/03\/06_2016_odpoved.pdf\">odpov\u011b\u010f<\/a>\u00a0(PDF, 214 kB)\u00a0<a href=\"https:\/\/www.praha7.cz\/wp-content\/uploads\/2018\/03\/06_2016_odpoved.rtf\">\u00a0odpov\u011b\u010f<\/a>\u00a0(RTF, 214 kB)<a href=\"https:\/\/www.praha7.cz\/wp-content\/uploads\/2018\/03\/06_2016_priloha.pdf\">\u00a0p\u0159\u00edloha<\/a>\u00a0(PDF, 301,8 kB)<\/p>\r\n<hr \/>\r\n<p>\u010c.j. &#8211; 7\/2016: \u017e\u00e1dost o&nbsp;poskytnut\u00ed informace ve v\u011bci:<br \/>\r\n<strong>Informace t\u00fdkaj\u00edc\u00ed se\u00a0dopis\u016f\u00a0 Zastupitelstvu\u00a0M\u010c P7<\/strong><\/p>\r\n<p><a href=\"https:\/\/www.praha7.cz\/wp-content\/uploads\/2018\/03\/07_2016_zadost.pdf\">pod\u00e1n\u00ed<\/a>\u00a0(PDF, 97,4 kB)<br \/>\r\n<a href=\"https:\/\/www.praha7.cz\/wp-content\/uploads\/2018\/03\/07_2016_odpoved.pdf\">odpov\u011b\u010f\u00a0<\/a>(PDF, 296,9 kB )<a href=\"https:\/\/www.praha7.cz\/wp-content\/uploads\/2018\/03\/07_2016_odpoved.rtf\">\u00a0odpov\u011b\u010f<\/a>\u00a0(RTF, 240,9 kB)\u00a0\u00a0<a href=\"https:\/\/www.praha7.cz\/wp-content\/uploads\/2018\/03\/07_2016_priloha.pdf\">p\u0159\u00edloha<\/a>\u00a0(PDF, 333,5 kB)<\/p>\r\n<hr \/>\r\n<p>\u010c.j. &#8211; 8\/2016: \u017e\u00e1dost o&nbsp;poskytnut\u00ed informace ve v\u011bci:<br \/>\r\n<strong>Informace t\u00fdkaj\u00edc\u00ed se bytov\u00fdch jednotek\u00a0<\/strong><\/p>\r\n<p><a href=\"https:\/\/www.praha7.cz\/wp-content\/uploads\/2018\/03\/08_2016_zadost.pdf\">odpov\u011b\u010f<\/a>\u00a0(PDF, 171,3 kB)\u00a0\u00a0<a href=\"https:\/\/www.praha7.cz\/wp-content\/uploads\/2018\/03\/08_2016_odpoved.rtf\">odpov\u011b\u010f<\/a>\u00a0(RTF, 258,9 kB)<\/p>\r\n<hr \/>\r\n<p>\u010c.j. &#8211; 9\/2016: \u017e\u00e1dost o&nbsp;poskytnut\u00ed informace ve v\u011bci:<br \/>\r\n<strong>Informace t\u00fdkaj\u00edc\u00ed se p\u0159estupkov\u00fdch \u0159\u00edzen\u00ed<\/strong><\/p>\r\n<p><a href=\"https:\/\/www.praha7.cz\/wp-content\/uploads\/2018\/03\/09_2016_zadost.pdf\">pod\u00e1n\u00ed<\/a>\u00a0(PDF, 184,8 kB)<br \/>\r\n<a href=\"https:\/\/www.praha7.cz\/wp-content\/uploads\/2018\/03\/09_2016_odpoved.pdf\">odpov\u011b\u010f<\/a>\u00a0(PDF, 221,8 kB)\u00a0\u00a0<a href=\"https:\/\/www.praha7.cz\/wp-content\/uploads\/2018\/03\/09_2016_odpoved.xls\">odpov\u011b\u010f<\/a>\u00a0(XLS, 40,5 kB)<\/p>\r\n<hr \/>\r\n<p>\u010c.j. &#8211; 10\/2016: \u017e\u00e1dost o&nbsp;poskytnut\u00ed informace ve v\u011bci:<br \/>\r\n<strong>Informace t\u00fdkaj\u00edc\u00ed se pl\u00e1novan\u00fdch investi\u010dn\u00edch projekt\u016f v\u00a0roce 2016<\/strong><\/p>\r\n<p><a href=\"https:\/\/www.praha7.cz\/wp-content\/uploads\/2018\/03\/10_2016_odpoved.pdf\">odpov\u011b\u010f<\/a>\u00a0(PDF, 133,3 kB)\u00a0<a href=\"https:\/\/www.praha7.cz\/wp-content\/uploads\/2018\/03\/10_2016_odpoved.rtf\">odpov\u011b\u010f<\/a>\u00a0(RTF, 115,8 kB)\u00a0<\/p>\r\n<hr \/>\r\n<p>\u010c.j. &#8211; 11\/2016: \u017e\u00e1dost o&nbsp;poskytnut\u00ed informace ve v\u011bci:<br \/>\r\n<strong>Informace t\u00fdkaj\u00edc\u00ed se\u00a0podomn\u00edho prodeje<\/strong><\/p>\r\n<p><a href=\"https:\/\/www.praha7.cz\/wp-content\/uploads\/2018\/03\/11_2016_odpoved.pdf\">odpov\u011b\u010f\u00a0<\/a>(PDF, 34,1 kB)\u00a0\u00a0<a href=\"https:\/\/www.praha7.cz\/wp-content\/uploads\/2018\/03\/11_2016_odpoved.rtf\">odpov\u011b\u010f<\/a>\u00a0(RTF,\u00a0238,7 kB)<\/p>\r\n<hr \/>\r\n<p>\u010c.j. &#8211; 12\/2016: \u017e\u00e1dost o&nbsp;poskytnut\u00ed informace ve v\u011bci:<br \/>\r\n<strong>Informace t\u00fdkaj\u00edc\u00ed se p\u0159ilo\u017een\u00e9 fotografie<\/strong><\/p>\r\n<p><a href=\"https:\/\/www.praha7.cz\/wp-content\/uploads\/2018\/03\/12_2016_odpoved.pdf\">odpov\u011b\u010f<\/a>\u00a0(PDF, 141,5 kB)\u00a0<a href=\"https:\/\/www.praha7.cz\/wp-content\/uploads\/2018\/03\/12_2016_odpoved.rtf\">\u00a0odpov\u011b\u010f\u00a0<\/a>(RTF, 255,8 kB)<\/p>\r\n<hr \/>\r\n<p>\u010c.j. &#8211; 13\/2016: \u017e\u00e1dost o&nbsp;poskytnut\u00ed informace ve v\u011bci:<br \/>\r\n<strong>Informace t\u00fdkaj\u00edc\u00ed se propagace na webu a&nbsp;profilu M\u010c P7 na Facebooku<\/strong><\/p>\r\n<p><a href=\"https:\/\/www.praha7.cz\/wp-content\/uploads\/2018\/03\/13_2016_podani.pdf\">pod\u00e1n\u00ed<\/a>\u00a0(PDF, 97,8 kB)<br \/>\r\n<a href=\"https:\/\/www.praha7.cz\/wp-content\/uploads\/2018\/03\/13_2016_odpoved.pdf\">odpov\u011b\u010f<\/a>\u00a0(PDF, 210,9 kB)\u00a0\u00a0<a href=\"https:\/\/www.praha7.cz\/wp-content\/uploads\/2018\/03\/13_2016_odpoved.rtf\">odpov\u011b\u010f<\/a>\u00a0(RTF, 251,1 kB)<\/p>\r\n<hr \/>\r\n<p>\u010c.j. &#8211; 14\/2016: \u017e\u00e1dost o&nbsp;poskytnut\u00ed informace ve v\u011bci:<br \/>\r\n<strong>Informace t\u00fdkaj\u00edc\u00ed se rozhodnut\u00ed o&nbsp;k\u00e1cen\u00ed strom\u016f<\/strong><\/p>\r\n<p><a href=\"https:\/\/www.praha7.cz\/wp-content\/uploads\/2018\/03\/14_2016_podani.pdf\">pod\u00e1n\u00ed\u00a0<\/a>(PDF,\u00a083,6 kB)<br \/>\r\n<a href=\"https:\/\/www.praha7.cz\/wp-content\/uploads\/2018\/03\/14_2016_odpoved.pdf\">odpov\u011b\u010f<\/a>\u00a0(PDF, 439,3 kB)\u00a0<a href=\"https:\/\/www.praha7.cz\/wp-content\/uploads\/2018\/03\/14_2016_odpoved.rtf\">odpov\u011b\u010f<\/a>\u00a0(RTF, 251,8 kB)<\/p>\r\n<hr \/>\r\n<p>\u010c.j. &#8211; 15\/2016: \u017e\u00e1dost o&nbsp;poskytnut\u00ed informace ve v\u011bci:<br \/>\r\n<strong>Informace t\u00fdkaj\u00edc\u00ed se j\u00edzd na z\u00e1kaznick\u00e9 karty<\/strong><\/p>\r\n<p><a href=\"https:\/\/www.praha7.cz\/wp-content\/uploads\/2018\/03\/15_2016_podani.pdf\">pod\u00e1n\u00ed<\/a>\u00a0(PDF,\u00a095,7 kB)<br \/>\r\n<a href=\"https:\/\/www.praha7.cz\/wp-content\/uploads\/2018\/03\/15_2016_odpoved.pdf\">odpov\u011b\u010f<\/a>\u00a0(PDF,\u00a059 kB )\u00a0<a href=\"https:\/\/www.praha7.cz\/wp-content\/uploads\/2018\/03\/15_2016_priloha.pdf\">p\u0159\u00edloha<\/a>\u00a0(PDF, 360,8 kB)<\/p>\r\n<hr \/>\r\n<p>\u010c.j. &#8211; 16\/2016: \u017e\u00e1dost o&nbsp;poskytnut\u00ed informace ve v\u011bci:<br \/>\r\n<strong>Zasl\u00e1n\u00ed dokument\u016f\u00a0<\/strong><\/p>\r\n<p><a href=\"https:\/\/www.praha7.cz\/wp-content\/uploads\/2018\/03\/16_2016_podani.pdf\">pod\u00e1n\u00ed<\/a>\u00a0(PDF, 179,1 kB)\u00a0<br \/>\r\n<a href=\"https:\/\/www.praha7.cz\/wp-content\/uploads\/2018\/03\/16_2016_odpoved.pdf\">odpov\u011b\u010f<\/a>\u00a0(PDF, 150,7 kB)\u00a0\u00a0<a href=\"https:\/\/www.praha7.cz\/wp-content\/uploads\/2018\/03\/16_2016_odpoved.rtf\">odpov\u011b\u010f\u00a0<\/a>(RTF, 99,6 kB)<\/p>\r\n<hr \/>\r\n<p>\u010c.j. &#8211; 17\/2016: \u017e\u00e1dost o&nbsp;poskytnut\u00ed informace ve v\u011bci:<br \/>\r\n<strong>Informace t\u00fdkaj\u00edc\u00ed se pozemk\u016f BD U&nbsp;VODY s.r.o.<\/strong><\/p>\r\n<p><a href=\"https:\/\/www.praha7.cz\/wp-content\/uploads\/2018\/03\/17_2016_podani.pdf\">pod\u00e1n\u00ed\u00a0<\/a>(PDF, 189,5 kB)<br \/>\r\n<a href=\"https:\/\/www.praha7.cz\/wp-content\/uploads\/2018\/03\/17_2016_odpoved.pdf\">odpov\u011b\u010f<\/a>\u00a0(PDF, 319 kB)<\/p>\r\n<hr \/>\r\n<p>\u010c.j. &#8211; 18\/2016: \u017e\u00e1dost o&nbsp;poskytnut\u00ed informace ve v\u011bci:<br \/>\r\n<strong>Informace t\u00fdkaj\u00edc\u00ed se ve v\u011bci stavby U&nbsp;Pr\u016fhonu 11<\/strong><\/p>\r\n<p><a href=\"https:\/\/www.praha7.cz\/wp-content\/uploads\/2018\/03\/18_2016_odpoved.pdf\">odpov\u011b\u010f<\/a>\u00a0(PDF, 210,8 kB) )\u00a0<a href=\"https:\/\/www.praha7.cz\/wp-content\/uploads\/2018\/03\/18_2016_odpoved.rtf\">odpov\u011b\u010f<\/a>\u00a0(RTF, 111,4 kB)<\/p>\r\n<hr \/>\r\n<p>\u010c.j. &#8211; 19\/2016: \u017e\u00e1dost o&nbsp;poskytnut\u00ed informace ve v\u011bci:<br \/>\r\n<strong>Informace t\u00fdkaj\u00edc\u00ed se\u00a0napln\u011bn\u00ed usnesen\u00ed RM\u010c \u010d. 0306\/16<\/strong><\/p>\r\n<p><a href=\"https:\/\/www.praha7.cz\/wp-content\/uploads\/2018\/03\/19_2016_podani.pdf\">pod\u00e1n\u00ed<\/a>\u00a0(PDF, 107,2 kB)<br \/>\r\n<a href=\"https:\/\/www.praha7.cz\/wp-content\/uploads\/2018\/03\/19_2016_odpoved.pdf\">odpov\u011b\u010f<\/a>\u00a0(PDF, 62,5 kB)\u00a0\u00a0<a href=\"https:\/\/www.praha7.cz\/wp-content\/uploads\/2018\/03\/19_2016_prilohy.pdf\">p\u0159\u00edlohy<\/a>\u00a0(PDF, 994,3 kB)<\/p>\r\n<hr \/>\r\n<p>\u010c.j. &#8211; 20\/2016: \u017e\u00e1dost o&nbsp;poskytnut\u00ed informace ve v\u011bci:<br \/>\r\n<strong>Informace t\u00fdkaj\u00edc\u00ed se\u00a0p\u0159estupk\u016f\u00a0za zne\u010di\u0161\u0165ov\u00e1n\u00ed ve\u0159ejn\u00e9ho prostranstv\u00ed<\/strong><\/p>\r\n<p><a href=\"https:\/\/www.praha7.cz\/wp-content\/uploads\/2018\/03\/20_2016_podani.pdf\">pod\u00e1n\u00ed\u00a0<\/a>(PDF, 108,1 kB)<br \/>\r\n<a href=\"https:\/\/www.praha7.cz\/wp-content\/uploads\/2018\/03\/20_2016_odpoved.pdf\">odpov\u011b\u010f<\/a>\u00a0(PDF,\u00a0172,2 kB)\u00a0<a href=\"https:\/\/www.praha7.cz\/wp-content\/uploads\/2018\/03\/20_2016_odpoved.rtf\">odpov\u011b\u010f<\/a>\u00a0(RTF, 262,1 kB)<\/p>\r\n<hr \/>\r\n<p>\u010c.j. &#8211; 21\/2016: \u017e\u00e1dost o&nbsp;poskytnut\u00ed informace ve v\u011bci:<br \/>\r\n<strong>Informace t\u00fdkaj\u00edc\u00ed se p\u0159estupk\u016f v&nbsp;souvislosti s\u00a0n\u00e1v\u0161t\u011bvou \u010d\u00ednsk\u00e9ho prezidenta Si \u0164in Pchinga<\/strong><\/p>\r\n<p><a href=\"https:\/\/www.praha7.cz\/wp-content\/uploads\/2018\/03\/21_2016_odpoved.pdf\">odpov\u011b\u010f<\/a>\u00a0(PDF, 152,9 kB)\u00a0\u00a0<a href=\"https:\/\/www.praha7.cz\/wp-content\/uploads\/2018\/03\/21_2016_odpoved.rtf\">odpov\u011b\u010f<\/a>\u00a0(RTF, 256,9 kB)<\/p>\r\n<hr \/>\r\n<p>\u010c.j. &#8211; 22\/2016: \u017e\u00e1dost o&nbsp;poskytnut\u00ed informace ve v\u011bci:<br \/>\r\n<strong>Informace t\u00fdkaj\u00edc\u00ed se\u00a0p\u0159estupk\u016f\u00a0za zne\u010di\u0161\u0165ov\u00e1n\u00ed ve\u0159ejn\u00e9ho prostranstv\u00ed\u00a0(dopln\u011bn\u00ed)<\/strong><\/p>\r\n<p><a href=\"https:\/\/www.praha7.cz\/wp-content\/uploads\/2018\/03\/22_2016_podani.pdf\">pod\u00e1n\u00ed<\/a>\u00a0(PDF,\u00a0 301,4 kB)<br \/>\r\n<a href=\"https:\/\/www.praha7.cz\/wp-content\/uploads\/2018\/03\/22_2016_odpoved.pdf\">odpov\u011b\u010f<\/a>\u00a0(PDF,\u00a0256,8 kB)\u00a0<a href=\"https:\/\/www.praha7.cz\/wp-content\/uploads\/2018\/03\/22_2016_odpoved.rtf\">odpov\u011b\u010f<\/a>\u00a0(RTF, 311,6 kB)<\/p>\r\n<hr \/>\r\n<p>\u010c.j. &#8211; 23\/2016: \u017e\u00e1dost o&nbsp;poskytnut\u00ed informace ve v\u011bci:<br \/>\r\n<strong>Informace t\u00fdkaj\u00edc\u00ed se\u00a0stavby \u201eBytov\u00fd d\u016fm U&nbsp;Vody&#8220;<\/strong><\/p>\r\n<p><a href=\"https:\/\/www.praha7.cz\/wp-content\/uploads\/2018\/03\/23_2016_odpoved.pdf\">odpov\u011b\u010f<\/a>\u00a0(PDF, 166,9 kB)\u00a0\u00a0<a href=\"https:\/\/www.praha7.cz\/wp-content\/uploads\/2018\/03\/23_2016_odpoved.rtf\">odpov\u011b\u010f\u00a0<\/a>(RTF, 132,8 kB)<br \/>\r\n<a href=\"https:\/\/www.praha7.cz\/wp-content\/uploads\/2018\/03\/23_2016_priloha1.pdf\">p\u0159\u00edloha 1<\/a>\u00a0(PDF,\u00a01 MB)<br \/>\r\n<a href=\"https:\/\/www.praha7.cz\/wp-content\/uploads\/2018\/03\/23_2016_priloha2.pdf\">p\u0159\u00edloha 2<\/a>\u00a0(PDF,\u00a0242,8 kB)\u00a0<br \/>\r\n<a href=\"https:\/\/www.praha7.cz\/wp-content\/uploads\/2018\/03\/23_2016_priloha3.pdf\">p\u0159\u00edloha 3<\/a>\u00a0(PDF, 158,6 kB)<br \/>\r\n<a href=\"https:\/\/www.praha7.cz\/wp-content\/uploads\/2018\/03\/23_2016_priloha4.pdf\">p\u0159\u00edloha 4<\/a>\u00a0(PDF, 191,4 kB)<\/p>\r\n<hr \/>\r\n<p>\u010c.j. &#8211; 24\/2016: \u017e\u00e1dost o&nbsp;poskytnut\u00ed informace ve v\u011bci:<br \/>\r\n<strong>Informace t\u00fdkaj\u00edc\u00ed se stavebn\u00edho ohl\u00e1\u0161en\u00ed<\/strong><\/p>\r\n<p><a href=\"https:\/\/www.praha7.cz\/wp-content\/uploads\/2018\/03\/24_2016_odpoved.pdf\">odpov\u011b\u010f<\/a>\u00a0(PDF, 172,3 kB)\u00a0<a href=\"https:\/\/www.praha7.cz\/wp-content\/uploads\/2018\/03\/24_2016_odpoved.rtf\">odpov\u011b\u010f<\/a>\u00a0(RTF, 144,7 kB)\u00a0\u00a0<a href=\"https:\/\/www.praha7.cz\/wp-content\/uploads\/2018\/03\/24_2016_priloha.pdf\">p\u0159\u00edloha<\/a>\u00a0&#8211; Rozhodnut\u00ed (PDF, 211,5 kB)<\/p>\r\n<hr \/>\r\n<p>\u010c.j. &#8211; 25\/2016: \u017e\u00e1dost o&nbsp;poskytnut\u00ed informace ve v\u011bci:<br \/>\r\n<strong>Informace t\u00fdkaj\u00edc\u00ed se signalizace na Strossmayerov\u011b n\u00e1m\u011bst\u00ed<\/strong><\/p>\r\n<p><a href=\"https:\/\/www.praha7.cz\/wp-content\/uploads\/2018\/03\/25_2016_podani.pdf\">pod\u00e1n\u00ed<\/a>\u00a0(PDF, 103,8 kB)<br \/>\r\n<a href=\"https:\/\/www.praha7.cz\/wp-content\/uploads\/2018\/03\/25_2016_odpoved.pdf\">odpov\u011b\u010f<\/a>\u00a0(PDF, 194,7 kB)\u00a0<a href=\"https:\/\/www.praha7.cz\/wp-content\/uploads\/2018\/03\/25_2016_odpoved.rtf\">odpov\u011b\u010f<\/a>\u00a0(RTF, 237,8 kB)<\/p>\r\n<p><a href=\"https:\/\/www.praha7.cz\/wp-content\/uploads\/2019\/04\/Odp.-MV-04-19.pdf\">odpov\u011b\u010f<\/a>\u00a0(PDF, 289 kB)\u00a0<a href=\"https:\/\/www.praha7.cz\/wp-content\/uploads\/2019\/04\/Odp.-MV-04-19_19.rtf\">odpov\u011b\u010f<\/a>\u00a0(RTF, 265 kB)\u00a0\u00a0<a href=\"https:\/\/www.praha7.cz\/wp-content\/uploads\/2019\/04\/Z\u00c1PIS-Problematika-provozu-SSZ-Stross.pdf\">p\u0159\u00edloha<\/a> (PDF, 186 kB)\u00a0<a href=\"https:\/\/www.praha7.cz\/wp-content\/uploads\/2019\/04\/P\u0159\u00edloha-\u010d.-1-Z\u00c1PIS-Problematika-provozu-SSZ-Stross.rtf\">p\u0159\u00edloha<\/a> (RTF, 44,2 kB)<\/p>\r\n<hr \/>\r\n<p>\u010c.j. &#8211; 26\/2016: \u017e\u00e1dost o&nbsp;poskytnut\u00ed informace ve v\u011bci:<br \/>\r\n<strong>Zasl\u00e1n\u00ed dokument\u016f\u00a0<\/strong><\/p>\r\n<p><a href=\"https:\/\/www.praha7.cz\/wp-content\/uploads\/2018\/03\/26_2016_odpoved.pdf\">odpov\u011b\u010f<\/a>\u00a0(PDF, 311,7 kB)\u00a0<a href=\"https:\/\/www.praha7.cz\/wp-content\/uploads\/2018\/03\/26_2016_odpoved.rtf\">\u00a0odpov\u011b\u010f\u00a0<\/a>(RTF, 253,5 kB)<\/p>\r\n<hr \/>\r\n<p>\u010c.j. &#8211; 27\/2016: \u017e\u00e1dost o&nbsp;poskytnut\u00ed informace ve v\u011bci:<br \/>\r\n<strong>Informace t\u00fdkaj\u00edc\u00ed se\u00a0projektov\u00e9 dokumentace<\/strong><\/p>\r\n<p><a href=\"https:\/\/www.praha7.cz\/wp-content\/uploads\/2018\/03\/27_2016_odpoved.pdf\">odpov\u011b\u010f<\/a>\u00a0(PDF, 165,1 kB)\u00a0<a href=\"https:\/\/www.praha7.cz\/wp-content\/uploads\/2018\/03\/27_2016_odpoved.rtf\">odpov\u011b\u010f<\/a>\u00a0(RTF, 253,3 kB)<\/p>\r\n<hr \/>\r\n<p>\u010c.j. &#8211; 28\/2016: \u017e\u00e1dost o&nbsp;poskytnut\u00ed informace ve v\u011bci:<br \/>\r\n<strong>Informace t\u00fdkaj\u00edc\u00ed se licen\u010dn\u00ed smlouvyy s&nbsp;BBC<\/strong><\/p>\r\n<p><a href=\"https:\/\/www.praha7.cz\/wp-content\/uploads\/2018\/03\/28_2016_podani.pdf\">pod\u00e1n\u00ed\u00a0<\/a>(PDF,\u00a097,3 kB)<br \/>\r\n<a href=\"https:\/\/www.praha7.cz\/wp-content\/uploads\/2018\/03\/28_2016_odpoved.pdf\">odpov\u011b\u010f<\/a>\u00a0(PDF, 73,6 kB)<a href=\"https:\/\/www.praha7.cz\/wp-content\/uploads\/2018\/03\/28_2016_odpoved.rtf\">\u00a0odpov\u011b\u010f\u00a0<\/a>(RTF, 40 kB)<\/p>\r\n<hr \/>\r\n<p>\u010c.j. &#8211; 29\/2016: \u017e\u00e1dost o&nbsp;poskytnut\u00ed informace ve v\u011bci:<br \/>\r\n<strong>Informace t\u00fdkaj\u00edc\u00ed se\u00a0smluv se spole\u010dnost\u00ed euro AWK<\/strong><\/p>\r\n<p><a href=\"https:\/\/www.praha7.cz\/wp-content\/uploads\/2018\/03\/29_2016_odpoved.pdf\">odpov\u011b\u010f<\/a>\u00a0(PDF, 436,6 kB)\u00a0\u00a0<a href=\"https:\/\/www.praha7.cz\/wp-content\/uploads\/2018\/03\/29_2016_odpoved.rtf\">odpov\u011b\u010f<\/a>\u00a0(RTF, 261,7 kB)<\/p>\r\n<hr \/>\r\n<p>\u010c.j. &#8211; 30\/2016: \u017e\u00e1dost o&nbsp;poskytnut\u00ed informace ve v\u011bci:<br \/>\r\n<strong>Informace t\u00fdkaj\u00edc\u00ed se funkce \u201emetodik\u201c<\/strong><\/p>\r\n<p><a href=\"https:\/\/www.praha7.cz\/wp-content\/uploads\/2018\/03\/30_2016_podani.pdf\">pod\u00e1n\u00ed\u00a0<\/a>(PDF,\u00a025,5 kB)<br \/>\r\n<a href=\"https:\/\/www.praha7.cz\/wp-content\/uploads\/2018\/03\/30_2016_odpoved.pdf\">odpov\u011b\u010f<\/a>\u00a0(PDF, 497,8 kB)\u00a0\u00a0<a href=\"https:\/\/www.praha7.cz\/wp-content\/uploads\/2018\/03\/30_2016_odpoved.rtf\">odpov\u011b\u010f\u00a0<\/a>(RTF, 272,2 kB)<\/p>\r\n<hr \/>\r\n<p>\u010c.j. &#8211; 31\/2016: \u017e\u00e1dost o&nbsp;poskytnut\u00ed informace ve v\u011bci:<br \/>\r\n<strong>Informace t\u00fdkaj\u00edc\u00ed se bytov\u00fdch jednotek U&nbsp;Smaltovny<\/strong><\/p>\r\n<p>odpov\u011b\u010f\u00a0(PDF, 173,6 kB)\u00a0\u00a0<a href=\"https:\/\/www.praha7.cz\/wp-content\/uploads\/2018\/03\/31_2016_odpoved.rtf\">odpov\u011b\u010f\u00a0<\/a>(RTF, 258,1 kB)<\/p>\r\n<hr \/>\r\n<p>\u010c.j. &#8211; 32\/2016: \u017e\u00e1dost o&nbsp;poskytnut\u00ed informace ve v\u011bci:<br \/>\r\n<strong>Informace t\u00fdkaj\u00edc\u00ed se uve\u0159ejn\u011bn\u00e9 fotografie<\/strong><\/p>\r\n<p><a href=\"https:\/\/www.praha7.cz\/wp-content\/uploads\/2018\/03\/32_2016_odpoved.pdf\">odpov\u011b\u010f<\/a>\u00a0(PDF,\u00a066,4 kB)\u00a0<a href=\"https:\/\/www.praha7.cz\/wp-content\/uploads\/2018\/03\/32_2016_odpoved.rtf\">odpov\u011b\u010f<\/a>\u00a0(RTF, 37,9 kB)<\/p>\r\n<hr \/>\r\n<p>\u010c.j. &#8211; 33\/2016: \u017e\u00e1dost o&nbsp;poskytnut\u00ed informace ve v\u011bci:<br \/>\r\n<strong>Informace t\u00fdkaj\u00edc\u00ed se bytov\u00fdch jednotek<\/strong><\/p>\r\n<p><a href=\"https:\/\/www.praha7.cz\/wp-content\/uploads\/2018\/03\/33_2016_zadost.pdf\">pod\u00e1n\u00ed\u00a0<\/a>(PDF,\u00a0179,8 kB)<br \/>\r\n<a href=\"https:\/\/www.praha7.cz\/wp-content\/uploads\/2018\/03\/33_2016_odpoved.pdf\">odpov\u011b\u010f<\/a>\u00a0(PDF, 170,2 kB)<a href=\"https:\/\/www.praha7.cz\/wp-content\/uploads\/2018\/03\/33_2016_odpoved.rtf\">\u00a0odpov\u011b\u010f<\/a>\u00a0(RTF, 258,6 kB)<br \/>\r\n<a href=\"https:\/\/www.praha7.cz\/wp-content\/uploads\/2018\/03\/33_2016_rozhodnuti.pdf\">rozhodnut\u00ed\u00a0<\/a>(PDF, 248,7 kB)<\/p>\r\n<hr \/>\r\n<p>\u010c.j. &#8211; 34\/2016: \u017e\u00e1dost o&nbsp;poskytnut\u00ed informace ve v\u011bci:<br \/>\r\n<strong>Informace t\u00fdkaj\u00edc\u00ed se\u00a0zam\u011bstnankyn\u011b M\u011bstsk\u00e9 \u010d\u00e1sti Praha&nbsp;7\u00a0<\/strong><\/p>\r\n<p><a href=\"https:\/\/www.praha7.cz\/wp-content\/uploads\/2018\/03\/34_2016_zadost.pdf\">pod\u00e1n\u00ed<\/a>\u00a0(PDF,\u00a045,9 kB)<br \/>\r\n<a href=\"https:\/\/www.praha7.cz\/wp-content\/uploads\/2018\/03\/34_2016_odpoved.pdf\">odpov\u011b\u010f<\/a>\u00a0(PDF, 154,4 kB)\u00a0\u00a0<a href=\"https:\/\/www.praha7.cz\/wp-content\/uploads\/2018\/03\/34_2016_odpoved.rtf\">odpov\u011b\u010f<\/a>\u00a0(RTF, 268,6 kB)<\/p>\r\n<hr \/>\r\n<p>\u010c.j. &#8211; 35\/2016: \u017e\u00e1dost o&nbsp;poskytnut\u00ed informace ve v\u011bci:<br \/>\r\n<strong>Informace t\u00fdkaj\u00edc\u00ed se dopravn\u00edch p\u0159estupk\u016f<\/strong><\/p>\r\n<p><a href=\"https:\/\/www.praha7.cz\/wp-content\/uploads\/2018\/03\/35_2016_odpoved.pdf\">odpov\u011b\u010f<\/a>\u00a0(PDF, 157,1 kB)\u00a0<a href=\"https:\/\/www.praha7.cz\/wp-content\/uploads\/2018\/03\/35_2016_odpoved.rtf\">\u00a0odpov\u011b\u010f\u00a0<\/a>(RTF,\u00a0258,8 kB)<\/p>\r\n<hr \/>\r\n<p>\u010c.j. &#8211; 36\/2016: \u017e\u00e1dost o&nbsp;poskytnut\u00ed informace ve v\u011bci:<br \/>\r\n<strong>Informace t\u00fdkaj\u00edc\u00ed se\u00a0uve\u0159ejn\u011bn\u00e9 fotografie<\/strong><\/p>\r\n<p><a href=\"https:\/\/www.praha7.cz\/wp-content\/uploads\/2018\/03\/36_2016_podani.pdf\">pod\u00e1n\u00ed<\/a>\u00a0(PDF,\u00a0158,1 kB)<br \/>\r\n<a href=\"https:\/\/www.praha7.cz\/wp-content\/uploads\/2018\/03\/36_2016_odpoved.pdf\">odpov\u011b\u010f<\/a>\u00a0(PDF, 75,7 kB)\u00a0\u00a0<a href=\"https:\/\/www.praha7.cz\/wp-content\/uploads\/2018\/03\/36_2016_odpoved.rtf\">\u00a0odpov\u011b\u010f<\/a>\u00a0(RTF, 37,7 kB)<\/p>\r\n<hr \/>\r\n<p>\u010c.j. &#8211; 37\/2016: \u017e\u00e1dost o&nbsp;poskytnut\u00ed informace ve v\u011bci:<br \/>\r\n<strong>Informace t\u00fdkaj\u00edc\u00ed se\u00a0m\u00edstn\u00edho referenda<\/strong><\/p>\r\n<p><a href=\"https:\/\/www.praha7.cz\/wp-content\/uploads\/2018\/03\/37_2016_podani.pdf\">pod\u00e1n\u00ed<\/a>\u00a0(PDF,\u00a065,7 kB)\u00a0<br \/>\r\n<a href=\"https:\/\/www.praha7.cz\/wp-content\/uploads\/2018\/03\/37_2016_odpoved.pdf\">odpov\u011b\u010f\u00a0<\/a>(PDF, 183,4 kB)\u00a0\u00a0<a href=\"https:\/\/www.praha7.cz\/wp-content\/uploads\/2018\/03\/37_2016_odpoved.rtf\">odpov\u011b\u010f<\/a>\u00a0(RTF, 254,7 kB)<br \/>\r\n<a href=\"https:\/\/www.praha7.cz\/wp-content\/uploads\/2018\/03\/37_2016_priloha_472_14.doc\">Usnesen\u00ed RM\u010c P7 \u010d. 0472\/14-R<\/a><br \/>\r\n<a href=\"https:\/\/www.praha7.cz\/wp-content\/uploads\/2018\/03\/37_2016_priloha__075_14.doc\">Usnesen\u00ed ZM\u010c P7 \u010d. 0075\/14-Z<\/a><br \/>\r\n<a href=\"https:\/\/www.praha7.cz\/wp-content\/uploads\/2018\/03\/37_2016_priloha__075_14_vysledky.doc\">P\u0159\u00edloha k\u00a0usnesen\u00ed ZM\u010c P7 \u010d. 0075\/14<\/a><br \/>\r\n<a href=\"https:\/\/www.praha7.cz\/wp-content\/uploads\/2018\/03\/37_2016_priloha__024_15.doc\">Usnesen\u00ed RM\u010c P7 \u010d. 0024\/15-R<\/a><br \/>\r\n<a href=\"https:\/\/www.praha7.cz\/wp-content\/uploads\/2018\/03\/37_2016_priloha_Hadrava.pdf\">Dopis Bc. Libora Hadravy, radn\u00edho HMP<\/a><br \/>\r\n<a href=\"https:\/\/www.praha7.cz\/wp-content\/uploads\/2018\/03\/37_2016_priloha_Mirovsky-1.pdf\">Dopis Mgr. Ond\u0159eje Mirovsk\u00e9ho, M.EM<\/a><br \/>\r\n<a href=\"https:\/\/www.praha7.cz\/wp-content\/uploads\/2018\/03\/37_2016_priloha__296_15.doc\">Usnesen\u00ed RM\u010c P7 \u010d. 0296\/15-R<\/a><br \/>\r\n<a href=\"https:\/\/www.praha7.cz\/wp-content\/uploads\/2018\/03\/37_2016_priloha_096_15.doc\">P\u0159\u00edloha usnesen\u00ed RM\u010c P7 \u010d. 0296\/15-R<\/a><br \/>\r\n<a href=\"https:\/\/www.praha7.cz\/wp-content\/uploads\/2018\/03\/37_2016_priloha_OZV.pdf\">Usnesen\u00ed ZM\u010c P7 \u010d. 0096\/15-Z<\/a><\/p>\r\n<hr \/>\r\n<p><a href=\"https:\/\/www.praha7.cz\/wp-content\/uploads\/2018\/03\/37_2016_priloha_OZV.pdf\"><\/a><\/p>\r\n<p>\u010c.j. &#8211; 38\/2016: \u017e\u00e1dost o&nbsp;poskytnut\u00ed informace ve v\u011bci:<br \/>\r\n<strong>Informace t\u00fdkaj\u00edc\u00ed se\u00a0tajemn\u00edka \u00fa\u0159adu<\/strong><\/p>\r\n<p><a href=\"https:\/\/www.praha7.cz\/wp-content\/uploads\/2018\/03\/38_2016_podani.pdf\">pod\u00e1n\u00ed<\/a>\u00a0(PDF,\u00a0110,4 kB)\u00a0<br \/>\r\n<a href=\"https:\/\/www.praha7.cz\/wp-content\/uploads\/2018\/03\/38_2016_odpoved.pdf\">odpov\u011b\u010f<\/a>\u00a0(PDF, 215,4 kB)\u00a0<a href=\"https:\/\/www.praha7.cz\/wp-content\/uploads\/2018\/03\/38_2016_odpoved.rtf\">odpov\u011b\u010f<\/a>\u00a0(RTF, 236,4 kB)<\/p>\r\n<hr \/>\r\n<p>\u010c.j. &#8211; 39\/2016: \u017e\u00e1dost o&nbsp;poskytnut\u00ed informace ve v\u011bci:<br \/>\r\n<strong>Informace t\u00fdkaj\u00edc\u00ed se\u00a0\u010dern\u00e9 stavby<\/strong><\/p>\r\n<p><a href=\"https:\/\/www.praha7.cz\/wp-content\/uploads\/2018\/03\/39_2016_odpoved.pdf\">odpov\u011b\u010f<\/a>\u00a0(PDF, 200,6 kB) <a href=\"https:\/\/www.praha7.cz\/wp-content\/uploads\/2018\/03\/39_2016_odpoved.rtf\">odpov\u011b\u010f<\/a>\u00a0(RTF,\u00a0128 kB)<\/p>\r\n<hr \/>\r\n<p>\u010c.j. &#8211; 40\/2016: \u017e\u00e1dost o&nbsp;poskytnut\u00ed informace ve v\u011bci:<br \/>\r\n<strong>Informace t\u00fdkaj\u00edc\u00ed se povolen\u00ed na stavbu<\/strong><\/p>\r\n<p><a href=\"https:\/\/www.praha7.cz\/wp-content\/uploads\/2018\/03\/40_2016_odpoved.pdf\">odpov\u011b\u010f<\/a>\u00a0(PDF, 254,8 kB)\u00a0\u00a0<a href=\"https:\/\/www.praha7.cz\/wp-content\/uploads\/2018\/03\/40_2016_odpoved.rtf\">odpov\u011b\u010f\u00a0<\/a>(RTF, 139,5 kB)<\/p>\r\n<hr \/>\r\n<p>\u010c.j. &#8211; 41\/2016: \u017e\u00e1dost o&nbsp;poskytnut\u00ed informace ve v\u011bci:<br \/>\r\n<strong>Informace t\u00fdkaj\u00edc\u00ed se\u00a0p\u016fsoben\u00ed vedouc\u00edch \u00fa\u0159edn\u00edk\u016f<\/strong><\/p>\r\n<p><a href=\"https:\/\/www.praha7.cz\/wp-content\/uploads\/2018\/03\/41_2016_odpoved.pdf\">odpov\u011b\u010f\u00a0<\/a>(PDF, 210 kB) <a href=\"https:\/\/www.praha7.cz\/wp-content\/uploads\/2018\/03\/41_2016_odpoved.rtf\">odpov\u011b\u010f<\/a>\u00a0(RTF, 286,2 kB)<\/p>\r\n<hr \/>\r\n<p>\u010c.j. &#8211; 42\/2016: \u017e\u00e1dost o&nbsp;poskytnut\u00ed informace ve v\u011bci:<br \/>\r\n<strong>Informace t\u00fdkaj\u00edc\u00ed se\u00a0plat\u016f nejv\u00fd\u0161e postaven\u00fdch \u00fa\u0159edn\u00edk\u016f<\/strong><\/p>\r\n<p><a href=\"https:\/\/www.praha7.cz\/wp-content\/uploads\/2018\/03\/42_2016_odpoved.pdf\">odpov\u011b\u010f<\/a>\u00a0(PDF, 205,9 kB)\u00a0<a href=\"https:\/\/www.praha7.cz\/wp-content\/uploads\/2018\/03\/42_2016_odpoved.rtf\">odpov\u011b\u010f\u00a0<\/a>(RTF, 139,5 kB)<\/p>\r\n<hr \/>\r\n<p>\u010c.j. &#8211; 43\/2016: \u017e\u00e1dost o&nbsp;poskytnut\u00ed informace ve v\u011bci:<br \/>\r\n<strong>Informace t\u00fdkaj\u00edc\u00ed se\u00a0smluvn\u00edch vztah\u016f uzav\u0159en\u00fdch mezi M\u010c Praha&nbsp;7 a&nbsp;stavebn\u00edky na \u00fazem\u00ed M\u010c<\/strong><\/p>\r\n<p><a href=\"https:\/\/www.praha7.cz\/wp-content\/uploads\/2018\/03\/43_2016_podani.pdf\">pod\u00e1n\u00ed<\/a>\u00a0(PDF,\u00a0146,6 kB)<br \/>\r\n<a href=\"https:\/\/www.praha7.cz\/wp-content\/uploads\/2018\/03\/43_2016_odpoved.pdf\">odpov\u011b\u010f\u00a0<\/a>(PDF,\u00a0195,3 kB) <a href=\"https:\/\/www.praha7.cz\/wp-content\/uploads\/2018\/03\/43_2016_odpoved.rtf\">odpov\u011b\u010f\u00a0<\/a>(RTF, 1 MB)\u00a0<br \/>\r\nP\u0159\u00edlohy:\u00a0<\/p>\r\n<p><a href=\"https:\/\/www.praha7.cz\/wp-content\/uploads\/2018\/03\/03_ORZ_2016_Dohoda_o_spolupraci_scan_komplet.pdf\">Dohoda o&nbsp;spolupr\u00e1ci \u010d. 03\/ORZ\/2016 mezi M\u010c a&nbsp;spol. Daramis Estate s.r.o. ze dne 29.&nbsp;6.&nbsp;2016<\/a><br \/>\r\n<a href=\"https:\/\/www.praha7.cz\/wp-content\/uploads\/2018\/03\/05_ORZ_2016_Darovac\u00ed_smlouva_scan.pdf\">Darovac\u00ed smlouva \u010d. 05\/ORZ\/2016 mezi M\u010c a&nbsp;spol. City Hole\u0161ovice a.s.ze dne 25.&nbsp;7.&nbsp;2016<\/a><br \/>\r\n<a href=\"https:\/\/www.praha7.cz\/wp-content\/uploads\/2018\/03\/2008_Carasco.pdf\">Darovac\u00ed smlouvu mezi M\u010c a&nbsp;spol. CARASCO s.r.o. ze dne 12.&nbsp;12.&nbsp;2008<\/a><br \/>\r\n<a href=\"https:\/\/www.praha7.cz\/wp-content\/uploads\/2018\/03\/2008_Svetova.pdf\">Darovac\u00ed smlouva mezi M\u010c a&nbsp;spol. Sv\u011btova s.r.o. ze dne 17.&nbsp;12.&nbsp;2008<\/a><br \/>\r\n<a href=\"https:\/\/www.praha7.cz\/wp-content\/uploads\/2018\/03\/01_ORZ_2016_Darovac\u00ed_smlouva_scan.pdf\">Darovac\u00ed smlouva\u010d. 01\/ORZ\/2016\u00a0 mezi M\u010c a&nbsp;spol. Vivus Ar\u00e9na a.s. ze dne 15.&nbsp;6.&nbsp;2016\u00a0<\/a><br \/>\r\n<a href=\"https:\/\/www.praha7.cz\/wp-content\/uploads\/2018\/03\/04_ORZ_2016_Darovac\u00ed_smlouva_scan.pdf\">Darovac\u00ed smlouva \u010d. 04\/ORZ\/2016 mezi M\u010c a&nbsp;spol. Vivus Argentinsk\u00e1 a.s. ze dne 25.&nbsp;7.&nbsp;2016<\/a><\/p>\r\n<hr \/>\r\n<p>\u010c.j. &#8211; 44\/2016: \u017e\u00e1dost o&nbsp;poskytnut\u00ed informace ve v\u011bci:<br \/>\r\n<strong>Informace t\u00fdkaj\u00edc\u00ed se vlastnictv\u00ed sportovn\u00ed haly<\/strong><\/p>\r\n<p><a href=\"https:\/\/www.praha7.cz\/wp-content\/uploads\/2018\/03\/44_2016_podani.pdf\">pod\u00e1n\u00ed\u00a0<\/a>(PDF,\u00a031,7 kB)<br \/>\r\n<a href=\"https:\/\/www.praha7.cz\/wp-content\/uploads\/2018\/03\/44_2016_odpoved.pdf\">odpov\u011b\u010f<\/a>\u00a0(PDF,\u00a0336,7 kB)\u00a0<a href=\"https:\/\/www.praha7.cz\/wp-content\/uploads\/2018\/03\/44_2016_odpoved.rtf\">odpov\u011b\u010f<\/a>\u00a0(RTF, 234,2 kB)<\/p>\r\n<hr \/>\r\n<p>\u010c.j. &#8211; 45\/2016: \u017e\u00e1dost o&nbsp;poskytnut\u00ed informace ve v\u011bci:<br \/>\r\n<strong>Informace t\u00fdkaj\u00edc\u00ed se akci\u00ed M\u010c<\/strong><\/p>\r\n<p><a href=\"https:\/\/www.praha7.cz\/wp-content\/uploads\/2018\/03\/45_2016_odpoved.pdf\">odpov\u011b\u010f<\/a>\u00a0(PDF, 152,5 kB)\u00a0\u00a0<a href=\"https:\/\/www.praha7.cz\/wp-content\/uploads\/2018\/03\/45_2016_odpoved.rtf\">odpov\u011b\u010f<\/a>\u00a0(RTF, 257,6 kB)<\/p>\r\n<hr \/>\r\n<p>\u010c.j. &#8211; 46\/2016: \u017e\u00e1dost o&nbsp;poskytnut\u00ed informace ve v\u011bci:<br \/>\r\n<strong>Informace t\u00fdkaj\u00edc\u00ed se\u00a0nahl\u00e9dnut\u00ed do dokument\u016f<\/strong><\/p>\r\n<p><a href=\"https:\/\/www.praha7.cz\/wp-content\/uploads\/2018\/03\/46_2016_podani1.pdf\">pod\u00e1n\u00ed<\/a>\u00a0(PDF,\u00a040,1 kB)<br \/>\r\n<a href=\"https:\/\/www.praha7.cz\/wp-content\/uploads\/2018\/03\/46_2016_podani2.pdf\">pod\u00e1n\u00ed<\/a>\u00a0(PDF,\u00a035 kB)<br \/>\r\n<a href=\"https:\/\/www.praha7.cz\/wp-content\/uploads\/2018\/03\/46_2016_odpoved.pdf\">odpov\u011b\u010f<\/a>\u00a0(PDF, 148,4 kB) <a href=\"https:\/\/www.praha7.cz\/wp-content\/uploads\/2018\/03\/46_2016_odpoved.rtf\">odpov\u011b\u010f\u00a0<\/a>(RTF, 255 kB)<\/p>\r\n<hr \/>\r\n<p>\u010c.j. &#8211; 47\/2016: \u017e\u00e1dost o&nbsp;poskytnut\u00ed informace ve v\u011bci:<br \/>\r\n<strong>Zasl\u00e1n\u00ed dokument\u016f<\/strong><\/p>\r\n<p><a href=\"https:\/\/www.praha7.cz\/wp-content\/uploads\/2018\/03\/47_2016_zadost.pdf\">pod\u00e1n\u00ed<\/a>\u00a0(PDF, 64,9 kB)<br \/>\r\n<a href=\"https:\/\/www.praha7.cz\/wp-content\/uploads\/2018\/03\/47_2016_odpoved.pdf\">odpov\u011b\u010f<\/a>\u00a0(PDF, 298,1 kB)\u00a0\u00a0<a href=\"https:\/\/www.praha7.cz\/wp-content\/uploads\/2018\/03\/47_2016_odpoved.rtf\">odpov\u011b\u010f<\/a>\u00a0(RTF, 39,6 kB)<\/p>\r\n<hr \/>\r\n<p>\u010c.j. &#8211; 48\/2016: \u017e\u00e1dost o&nbsp;poskytnut\u00ed informace ve v\u011bci:<br \/>\r\n<strong>Informace t\u00fdkaj\u00edc\u00ed se dopravn\u00ed zna\u010dky<\/strong><\/p>\r\n<p><a href=\"https:\/\/www.praha7.cz\/wp-content\/uploads\/2018\/03\/48_2016_odpoved.pdf\">odpov\u011b\u010f<\/a>\u00a0(PDF, 190,4 kB)\u00a0<a href=\"https:\/\/www.praha7.cz\/wp-content\/uploads\/2018\/03\/48_2016_odpoved.rtf\">odpov\u011b\u010f<\/a>\u00a0(RTF, 257,6 kB)<\/p>\r\n<hr \/>\r\n<p>\u010c.j. &#8211; 49\/2016: \u017e\u00e1dost o&nbsp;poskytnut\u00ed informace ve v\u011bci:<br \/>\r\n<strong>Informace t\u00fdkaj\u00edc\u00ed se\u00a0b\u011b\u017e\u00edc\u00edch \u0159\u00edzen\u00ed<\/strong><\/p>\r\n<p><a href=\"https:\/\/www.praha7.cz\/wp-content\/uploads\/2018\/03\/49_2016_podani.pdf\">pod\u00e1n\u00ed<\/a>\u00a0(PDF, 157,6 kB)<br \/>\r\n<a href=\"https:\/\/www.praha7.cz\/wp-content\/uploads\/2018\/03\/49_2016_odpoved.pdf\">odpov\u011b\u010f<\/a>\u00a0(PDF, 214,6 kB)\u00a0\u00a0<a href=\"https:\/\/www.praha7.cz\/wp-content\/uploads\/2018\/03\/49_2016_odpoved.rtf\">\u00a0odpov\u011b\u010f<\/a>\u00a0(RTF, 104,9 kB)<\/p>\r\n<hr \/>\r\n<p>\u010c.j. &#8211; 50\/2016: \u017e\u00e1dost o&nbsp;poskytnut\u00ed informace ve v\u011bci:<br \/>\r\n<strong>Informace t\u00fdkaj\u00edc\u00ed se zru\u0161en\u00ed\u00a0j\u00edzdn\u00edch pruh\u016f<\/strong><\/p>\r\n<p><a href=\"https:\/\/www.praha7.cz\/wp-content\/uploads\/2018\/03\/50_2016_podani.pdf\">pod\u00e1n\u00ed<\/a>\u00a0(PDF, 461,9 kB)\u00a0<br \/>\r\n<a href=\"https:\/\/www.praha7.cz\/wp-content\/uploads\/2018\/03\/50_2016_odpoved.pdf\">odpov\u011b\u010f\u00a0<\/a>(PDF, 230,9 kB)\u00a0\u00a0<a href=\"https:\/\/www.praha7.cz\/wp-content\/uploads\/2018\/03\/50_2016_odpoved.rtf\">odpov\u011b\u010f<\/a>\u00a0(RTF, 236,3 kB)<\/p>\r\n<hr \/>\r\n<p>\u010c.j. &#8211; 51\/2016: \u017e\u00e1dost o&nbsp;poskytnut\u00ed informace ve v\u011bci:<br \/>\r\n<strong>Informace t\u00fdkaj\u00edc\u00ed se\u00a0radni\u010dn\u00edch list\u016f<\/strong><\/p>\r\n<p><a href=\"https:\/\/www.praha7.cz\/wp-content\/uploads\/2018\/03\/51_2016_podani.pdf\">pod\u00e1n\u00ed<\/a>\u00a0(PDF, 86,7 kB)<br \/>\r\n<a href=\"https:\/\/www.praha7.cz\/wp-content\/uploads\/2018\/03\/51_2016_odpoved.pdf\">odpov\u011b\u010f<\/a>\u00a0(PDF, 80 kB)\u00a0\u00a0\u00a0<a href=\"https:\/\/www.praha7.cz\/wp-content\/uploads\/2018\/03\/51_2016_odpoved.rtf\">odpov\u011b\u010f<\/a>\u00a0(RTF, 38,6 kB)<\/p>\r\n<hr \/>\r\n<p>\u010c.j. &#8211; 52\/2016: \u017e\u00e1dost o&nbsp;poskytnut\u00ed informace ve v\u011bci:<br \/>\r\n<strong>Informace t\u00fdkaj\u00edc\u00ed se\u00a0ot\u00e1zek spojen\u00fdch s\u00a0programov\u00fdm prohl\u00e1\u0161en\u00edm Rady M\u010c<\/strong><\/p>\r\n<p><a href=\"https:\/\/www.praha7.cz\/wp-content\/uploads\/2018\/03\/52_2016_odpoved.pdf\">odpov\u011b\u010f<\/a>\u00a0(PDF, 271,1 kB)<a href=\"https:\/\/www.praha7.cz\/wp-content\/uploads\/2018\/03\/52_2016_odpoved.rtf\">\u00a0odpov\u011b\u010f<\/a>\u00a0(RTF, 315,9 kB)<\/p>\r\n<hr \/>\r\n<p>\u010c.j. &#8211; 53\/2016: \u017e\u00e1dost o&nbsp;poskytnut\u00ed informace ve v\u011bci:<br \/>\r\n<strong>Informace t\u00fdkaj\u00edc\u00ed se\u00a0softwarov\u00e9ho auditu<\/strong><\/p>\r\n<p><a href=\"https:\/\/www.praha7.cz\/wp-content\/uploads\/2018\/03\/53_2016_odpoved.pdf\">odpov\u011b\u010f<\/a>\u00a0(PDF, 200,8 kB)\u00a0\u00a0<a href=\"https:\/\/www.praha7.cz\/wp-content\/uploads\/2018\/03\/53_2016_odpoved.rtf\">odpov\u011b\u010f<\/a>\u00a0(RTF, 250,5 kB)<\/p>\r\n<hr \/>\r\n<p>\u010c.j. &#8211; 54\/2016: \u017e\u00e1dost o&nbsp;poskytnut\u00ed informace ve v\u011bci:<br \/>\r\n<strong>Informace t\u00fdkaj\u00edc\u00ed se\u00a0informa\u010dn\u00edch syst\u00e9m\u016f ve\u0159ejn\u00e9 spr\u00e1vy<\/strong><\/p>\r\n<p><a href=\"https:\/\/www.praha7.cz\/wp-content\/uploads\/2018\/03\/54_2016_odpoved.pdf\">odpov\u011b\u010f<\/a>\u00a0(PDF, 203,6 kB)\u00a0\u00a0<a href=\"https:\/\/www.praha7.cz\/wp-content\/uploads\/2018\/03\/54_2016_odpoved.rtf\">odpov\u011b\u010f<\/a>\u00a0(RTF, 258,2 kB)<\/p>\r\n<hr \/>\r\n<p>\u010c.j. &#8211; 55\/2016: \u017e\u00e1dost o&nbsp;poskytnut\u00ed informace ve v\u011bci:<br \/>\r\n<strong>Informace t\u00fdkaj\u00edc\u00ed se soci\u00e1ln\u00edch poh\u0159b\u016f<\/strong><\/p>\r\n<p><a href=\"https:\/\/www.praha7.cz\/wp-content\/uploads\/2018\/03\/55_2016_odpoved.pdf\">odpov\u011b\u010f<\/a>\u00a0(PDF,\u00a0517,5 kB)\u00a0\u00a0<a href=\"https:\/\/www.praha7.cz\/wp-content\/uploads\/2018\/03\/55_2016_odpoved.rtf\">odpov\u011b\u010f\u00a0<\/a>(RTF, 237,2 kB)<\/p>\r\n<hr \/>\r\n<p>\u010c.j. &#8211; 56\/2016: \u017e\u00e1dost o&nbsp;poskytnut\u00ed informace ve v\u011bci:<br \/>\r\n<strong>Informace t\u00fdkaj\u00edc\u00ed se tramvajov\u00e9 zast\u00e1vky na \u0160tvanici<\/strong><\/p>\r\n<p><a href=\"https:\/\/www.praha7.cz\/wp-content\/uploads\/2018\/03\/56_2016_podani.pdf\">pod\u00e1n\u00ed<\/a>\u00a0(PDF,\u00a082 kB)<br \/>\r\n<a href=\"https:\/\/www.praha7.cz\/wp-content\/uploads\/2018\/03\/56_2016_odpoved.pdf\">odpov\u011b\u010f<\/a>\u00a0(PDF, 193,9 kB)\u00a0<a href=\"https:\/\/www.praha7.cz\/wp-content\/uploads\/2018\/03\/56_2016_odpoved.rtf\">odpov\u011b\u010f<\/a>\u00a0(RTF,\u00a053,4 kB)<\/p>\r\n<hr \/>\r\n<p>\u010c.j. &#8211; 57\/2016: \u017e\u00e1dost o&nbsp;poskytnut\u00ed informace ve v\u011bci:<br \/>\r\n<strong>Zasl\u00e1n\u00ed dokument\u016f\u00a0\u00a0<\/strong><\/p>\r\n<p><a href=\"https:\/\/www.praha7.cz\/wp-content\/uploads\/2018\/03\/57_2016_odpoved.pdf\">odpov\u011b\u010f<\/a>\u00a0(PDF, 155,6 kB) <a href=\"https:\/\/www.praha7.cz\/wp-content\/uploads\/2018\/03\/57_2016_odpoved.rtf\">odpov\u011b\u010f<\/a>\u00a0(RTF, 257,8 kB)<\/p>\r\n<hr \/>\r\n<p>\u010c.j. &#8211; 58\/2016: \u017e\u00e1dost o&nbsp;poskytnut\u00ed informace ve v\u011bci:<br \/>\r\n<strong>Informace t\u00fdkaj\u00edc\u00ed se restaura\u010dn\u00edho za\u0159\u00edzen\u00ed<\/strong><\/p>\r\n<p><a href=\"https:\/\/www.praha7.cz\/wp-content\/uploads\/2018\/03\/58_2016_zadost.pdf\">pod\u00e1n\u00ed<\/a>\u00a0(PDF, 37 kB)<br \/>\r\n<a href=\"https:\/\/www.praha7.cz\/wp-content\/uploads\/2018\/03\/58_2016_odpoved.pdf\">odpov\u011b\u010f<\/a>\u00a0(PDF, 101,3 kB)\u00a0\u00a0<a href=\"https:\/\/www.praha7.cz\/wp-content\/uploads\/2018\/03\/58_2016_odpoved.rtf\">odpov\u011b\u010f<\/a>\u00a0(RTF, 33,5 kB)\u00a0\u00a0<a href=\"https:\/\/www.praha7.cz\/wp-content\/uploads\/2018\/03\/58_2016_priloha.pdf\">p\u0159\u00edloha<\/a>\u00a0(PDF, 301,8 kB)<\/p>\r\n<hr \/>\r\n<p>\u010c.j. &#8211; 59\/2016: \u017e\u00e1dost o&nbsp;poskytnut\u00ed informace ve v\u011bci:<br \/>\r\n<strong>Informace t\u00fdkaj\u00edc\u00ed se ud\u011blen\u00ed cen M\u010c Praha&nbsp;7 a&nbsp;ocen\u011bn\u00ed Zastupitelstva M\u010c Praha&nbsp;7<\/strong><\/p>\r\n<p><a href=\"https:\/\/www.praha7.cz\/wp-content\/uploads\/2018\/03\/59_2016_zadost.pdf\">pod\u00e1n\u00ed<\/a>\u00a0(PDF, 96 kB)<br \/>\r\n<a href=\"https:\/\/www.praha7.cz\/wp-content\/uploads\/2018\/03\/59_2016_odpoved.pdf\">odpov\u011b\u010f<\/a>\u00a0(PDF, 60,7 kB)\u00a0\u00a0<a href=\"https:\/\/www.praha7.cz\/wp-content\/uploads\/2018\/03\/59_2016_odpoved.rtf\">odpov\u011b\u010f<\/a>\u00a0(RTF, 39,3 kB)\u00a0\u00a0<a href=\"https:\/\/www.praha7.cz\/wp-content\/uploads\/2018\/03\/59_2016_priloha.pdf\">p\u0159\u00edloha<\/a>\u00a0(PDF, 424 kB)<\/p>\r\n<hr \/>\r\n<p>\u010c.j. &#8211; 60\/2016: \u017e\u00e1dost o&nbsp;poskytnut\u00ed informace ve v\u011bci:<br \/>\r\n<strong>Informace t\u00fdkaj\u00edc\u00ed se do\u0161l\u00fdch faktur v&nbsp;letech 2010-2015<\/strong><\/p>\r\n<p><a href=\"https:\/\/www.praha7.cz\/wp-content\/uploads\/2018\/03\/60_2016_podani.pdf\">pod\u00e1n\u00ed\u00a0<\/a>(PDF, 107,8 kB)<br \/>\r\n<a href=\"https:\/\/www.praha7.cz\/wp-content\/uploads\/2018\/03\/60_2016_odpoved.pdf\">odpov\u011b\u010f<\/a>\u00a0(PDF,\u00a090,6 kB)<\/p>\r\n<hr \/>\r\n<p>\u010c.j. &#8211; 61\/2016: \u017e\u00e1dost o&nbsp;poskytnut\u00ed informace ve v\u011bci:<br \/>\r\n<strong>Informace t\u00fdkaj\u00edc\u00ed se v\u00fdb\u011brov\u00e9ho \u0159\u00edzen\u00ed na nov\u00e9ho tajemn\u00edka \u00da\u0159adu M\u010c Praha&nbsp;7<\/strong><\/p>\r\n<p><a href=\"https:\/\/www.praha7.cz\/wp-content\/uploads\/2018\/03\/61_2016_odpoved.pdf\">odpov\u011b\u010f<\/a>\u00a0(PDF,\u00a0243,5 kB)\u00a0\u00a0<a href=\"https:\/\/www.praha7.cz\/wp-content\/uploads\/2018\/03\/61_2016_odpoved.rtf\">odpov\u011b\u010f<\/a>\u00a0(RTF,\u00a0251,3 kB)<\/p>\r\n<hr \/>\r\n<p>\u010c.j. &#8211; 62\/2016: \u017e\u00e1dost o&nbsp;poskytnut\u00ed informace ve v\u011bci:<br \/>\r\n<strong>Informace t\u00fdkaj\u00edc\u00ed se parkov\u00e1n\u00ed a&nbsp;odstavov\u00e1n\u00ed vozidel<\/strong><\/p>\r\n<p><a href=\"https:\/\/www.praha7.cz\/wp-content\/uploads\/2018\/03\/62_2016_zadost.pdf\">pod\u00e1n\u00ed<\/a>\u00a0(PDF, 586,9 kB)<br \/>\r\n<a href=\"https:\/\/www.praha7.cz\/wp-content\/uploads\/2018\/03\/62_2016_odpoved.pdf\">odpov\u011b\u010f<\/a>\u00a0(PDF, 193,8 kB)\u00a0\u00a0<a href=\"https:\/\/www.praha7.cz\/wp-content\/uploads\/2018\/03\/62_2016_odpoved.rtf\">odpov\u011b\u010f<\/a>\u00a0(RTF, 54,3 kB)<\/p>\r\n<hr \/>\r\n<p>\u010c.j. &#8211; 63\/2016: \u017e\u00e1dost o&nbsp;poskytnut\u00ed informace ve v\u011bci:<br \/>\r\n<strong>Zasl\u00e1n\u00ed dokument\u016f\u00a0<\/strong><\/p>\r\n<p><a href=\"https:\/\/www.praha7.cz\/wp-content\/uploads\/2018\/03\/63_2016_zadost.pdf\">pod\u00e1n\u00ed<\/a>\u00a0(PDF, 291,1 kB)\u00a0<br \/>\r\n<a href=\"https:\/\/www.praha7.cz\/wp-content\/uploads\/2018\/03\/63_2016_odpoved.pdf\">odpov\u011b\u010f<\/a>\u00a0(PDF, 973 kB)<\/p>\r\n                <\/div>\r\n            <\/div>\r\n        <\/div>\r\n    ","protected":false},"excerpt":{"rendered":"Informace poskytnut\u00e9 M\u010c Praha&nbsp;7 ve smyslu z\u00e1kona 106\/1999 Sb., o&nbsp;svobodn\u00e9m p\u0159\u00edstupu k&nbsp;informac\u00edm, ve zn\u011bn\u00ed pozd\u011bj\u0161\u00edch p\u0159edpis\u016f. archiv 2016-2020 \u010c.j. &#8211; 1\/2020: \u017e\u00e1dost o&nbsp;poskytnut\u00ed informace ve v\u011bci: Agenda p\u0159estupk\u016f ze ZPS. odpov\u011b\u010f (PDF, 509 kB) odpov\u011b\u010f (RTF, 374 kB) \u010c.j. &#8211; 2\/2020: \u017e\u00e1dost o&nbsp;poskytnut\u00ed informace ve v\u011bci: Adaptace suter\u00e9nu bytov\u00e9ho domu. odpov\u011b\u010f (PDF, 493 kB) odpov\u011b\u010f [&hellip;]","protected":false},"author":15,"featured_media":0,"parent":9544,"menu_order":0,"comment_status":"closed","ping_status":"closed","template":"","meta":[],"_links":{"self":[{"href":"https:\/\/www.praha7.cz\/api\/wp\/v2\/pages\/66549"}],"collection":[{"href":"https:\/\/www.praha7.cz\/api\/wp\/v2\/pages"}],"about":[{"href":"https:\/\/www.praha7.cz\/api\/wp\/v2\/types\/page"}],"author":[{"embeddable":true,"href":"https:\/\/www.praha7.cz\/api\/wp\/v2\/users\/15"}],"replies":[{"embeddable":true,"href":"https:\/\/www.praha7.cz\/api\/wp\/v2\/comments?post=66549"}],"version-history":[{"count":1,"href":"https:\/\/www.praha7.cz\/api\/wp\/v2\/pages\/66549\/revisions"}],"predecessor-version":[{"id":66550,"href":"https:\/\/www.praha7.cz\/api\/wp\/v2\/pages\/66549\/revisions\/66550"}],"up":[{"embeddable":true,"href":"https:\/\/www.praha7.cz\/api\/wp\/v2\/pages\/9544"}],"wp:attachment":[{"href":"https:\/\/www.praha7.cz\/api\/wp\/v2\/media?parent=66549"}],"curies":[{"name":"wp","href":"https:\/\/api.w.org\/{rel}","templated":true}]}}