    
{"id":6513,"date":"2017-09-24T17:35:02","date_gmt":"2017-09-24T15:35:02","guid":{"rendered":"https:\/\/praha7.cz\/?page_id=6513"},"modified":"2017-09-24T18:01:24","modified_gmt":"2017-09-24T16:01:24","slug":"usneseni-rady-narodni-galerie-v-praze","status":"publish","type":"page","link":"https:\/\/www.praha7.cz\/potrebuji-zaridit\/dotace\/individualni-dotace\/vysledky-oblast-kultury\/usneseni-rady-narodni-galerie-v-praze\/","title":{"rendered":"Usnesen\u00ed Rady N\u00e1rodn\u00ed galerie v&nbsp;Praze"},"content":{"rendered":"<div id=\"ucUsn_pList\" class=\"usn\">\r\n<h2>Usnesen\u00ed rady M\u010c Praha&nbsp;7<\/h2>\r\n<div class=\"standBody\">\r\n<h3>N\u00e1vrh na poskytnut\u00ed individu\u00e1ln\u00ed dotace v&nbsp;oblasti kultury PO N\u00e1rodn\u00ed galerie v&nbsp;Praze I\u010cO: 000&nbsp;23&nbsp;281, se s\u00eddlem Starom\u011bstsk\u00e9 n\u00e1m\u011bst\u00ed 606\/12, 110&nbsp;00 Praha 1 &#8211; Star\u00e9 M\u011bsto<\/h3>\r\n<div class=\"center\"><strong>\u010d. 0267\/16<\/strong><\/div>\r\n<div class=\"center\"><strong>Ze dne 22.3.2016<\/strong><\/div>\r\n<br \/>\r\n<table class=\"documentProperties tableView\">\r\n<tbody>\r\n<tr>\r\n<td><\/td>\r\n<td>Rada m\u011bstsk\u00e9 \u010d\u00e1sti Praha&nbsp;7:<\/td>\r\n<\/tr>\r\n<tr>\r\n<td><strong><\/strong><\/td>\r\n<td><br \/>\r\n<ol class=\"urzList_view\">\r\n\t<li class=\"urzClass1\" style=\"text-align: left;\"><strong>bere na v\u011bdom\u00ed <\/strong><br \/>\r\n <br \/>\r\n<ol class=\"urzOlClass\">\r\n\t<li class=\"urzClass2\"><br \/>\r\n<p>N\u00e1vrh na poskytnut\u00ed individu\u00e1ln\u00ed dotace v&nbsp;oblasti kultury PO N\u00e1rodn\u00ed galerie v&nbsp;Praze, I\u010cO: 000&nbsp;23&nbsp;281, se s\u00eddlem Starom\u011bstsk\u00e9 n\u00e1m\u011bst\u00ed 606\/12, 110&nbsp;00 Praha 1 &#8211; Star\u00e9 M\u011bsto<\/p>\r\n<\/li>\r\n<\/ol>\r\n<\/li>\r\n\t<li class=\"urzClass1\" style=\"text-align: left;\"><strong>schvaluje <\/strong><br \/>\r\n <br \/>\r\n<ol class=\"urzOlClass\">\r\n\t<li class=\"urzClass2\"><br \/>\r\n<p>poskytnut\u00ed individu\u00e1ln\u00ed dotace v&nbsp;oblasti kultury ve v\u00fd\u0161i 5.000,- K\u010d, formou ve\u0159ejnopr\u00e1vn\u00ed smlouvy, PO N\u00e1rodn\u00ed galerie v&nbsp;Praze, I\u010cO: 000&nbsp;23&nbsp;281, se s\u00eddlem Starom\u011bstsk\u00e9 n\u00e1m\u011bst\u00ed 606\/12, 110&nbsp;00 Praha 1 &#8211; Star\u00e9 M\u011bsto, za \u00fa\u010delem podpory akce V\u00fdstava Zv\u011brokruh, sou\u010dasn\u00e9ho \u010d\u00ednsk\u00e9ho um\u011blce Aj Wej-weje, kter\u00e1 je vystavena v&nbsp;N\u00e1rodn\u00ed galerii na prostranstv\u00ed p\u0159ed Veletr\u017en\u00edm pal\u00e1cem, v&nbsp;term\u00ednu od 5.&nbsp;2.&nbsp;do 31.&nbsp;8.&nbsp;2016, hrazeno z&nbsp;rozpo\u010dtu ORJ 621 OKS &#8211; kultura<\/p>\r\n<\/li>\r\n\t<li class=\"urzClass2\"><br \/>\r\n<p>text smlouvy o&nbsp;poskytnut\u00ed dotace mezi m\u011bstskou \u010d\u00e1st\u00ed Praha&nbsp;7 a&nbsp;PO N\u00e1rodn\u00ed galerie v&nbsp;Praze, I\u010cO: 000&nbsp;23&nbsp;281, se s\u00eddlem Starom\u011bstsk\u00e9 n\u00e1m\u011bst\u00ed 606\/12, 110&nbsp;00 Praha 1 &#8211; Star\u00e9 M\u011bsto viz p\u0159\u00edloha \u010d. 4<\/p>\r\n<\/li>\r\n\t<li class=\"urzClass2\"><br \/>\r\n<p>uzav\u0159en\u00ed smlouvy o&nbsp;poskytnut\u00ed dotace mezi m\u011bstskou \u010d\u00e1st\u00ed Praha&nbsp;7 a&nbsp;PO N\u00e1rodn\u00ed galerie v&nbsp;Praze, I\u010cO: 000&nbsp;23&nbsp;281, se s\u00eddlem Starom\u011bstsk\u00e9 n\u00e1m\u011bst\u00ed 606\/12, 110&nbsp;00 Praha 1 &#8211; Star\u00e9 M\u011bsto viz p\u0159\u00edloha \u010d. 4<\/p>\r\n<\/li>\r\n<\/ol>\r\n<\/li>\r\n\t<li class=\"urzClass1\" style=\"text-align: left;\"><strong>ukl\u00e1d\u00e1 <\/strong><br \/>\r\n <br \/>\r\n<ol class=\"urzOlClass\">\r\n\t<li class=\"urzClass2\"><br \/>\r\n<p>STA Mgr. Jan \u010ci\u017einsk\u00fd<\/p>\r\n<p>&gt;podepsat smlouvu o&nbsp;poskytnut\u00ed dotace dle \u010dl\u00e1nku II. tohoto usnesen\u00ed<\/p>\r\n\r\nTerm\u00edn: 15.4.2016<\/li>\r\n\t<li class=\"urzClass2\"><br \/>\r\n<p>VED OKS Bc. Luk\u00e1\u0161 F\u00e1tor<\/p>\r\n<p>&gt;organiza\u010dn\u011b a&nbsp;finan\u010dn\u011b zajistit poskytnut\u00ed dotace v&nbsp;oblasti kultury dle \u010dl\u00e1nku II. tohoto usnesen\u00ed<\/p>\r\n\r\nTerm\u00edn: 29.4.2016<\/li>\r\n<\/ol>\r\n<\/li>\r\n<\/ol>\r\n<\/td>\r\n<\/tr>\r\n<\/tbody>\r\n<\/table>\r\n<br \/>\r\n<p>Seznam p\u0159\u00edloh:<\/p>\r\n<ul>\r\n\t<li><a href=\"https:\/\/praha7.cz\/wp-content\/uploads\/2017\/09\/267_16_pril1.doc\" target=\"_blank\" rel=\"noopener\">\u010d. 1 &#8211; D\u016fvodov\u00e1 zpr\u00e1va <\/a><\/li>\r\n\t<li><a href=\"https:\/\/praha7.cz\/wp-content\/uploads\/2017\/09\/267_16_pril2.pdf\" target=\"_blank\" rel=\"noopener\">\u010d. 2 &#8211; \u017d\u00e1dost o&nbsp;poskytnut\u00ed dotace &#8211; N\u00e1rodn\u00ed galerie v&nbsp;Praze I\u010cO: 000&nbsp;23&nbsp;281<\/a><\/li>\r\n\t<li><a href=\"https:\/\/praha7.cz\/wp-content\/uploads\/2017\/09\/267_16_pril3.pdf\" target=\"_blank\" rel=\"noopener\">\u010d. 3 &#8211; Z\u00e1pis ze 3.&nbsp;jedn\u00e1n\u00ed Kulturn\u00ed komise Rady M\u010c Praha&nbsp;7 ze dne 07.03.2016<\/a><\/li>\r\n\t<li><a href=\"https:\/\/praha7.cz\/wp-content\/uploads\/2017\/09\/523_16_pril4.pdf\" target=\"_blank\" rel=\"noopener\">\u010d. 4 &#8211; Smlouva o&nbsp;poskytnut\u00ed dotace mezi m\u011bstskou \u010d\u00e1st\u00ed Praha&nbsp;7 a&nbsp;PO N\u00e1rodn\u00ed galerie v&nbsp;Praze, I\u010cO: 000&nbsp;23&nbsp;281<\/a><\/li>\r\n\t<li><a href=\"https:\/\/praha7.cz\/wp-content\/uploads\/2017\/09\/267_16_pril5.pdf\" target=\"_blank\" rel=\"noopener\">\u010d. 5 &#8211; V\u00fdpis z&nbsp;registru RARIS<\/a><\/li>\r\n\t<li><a href=\"https:\/\/praha7.cz\/wp-content\/uploads\/2017\/09\/267_16_pril6.pdf\" target=\"_blank\" rel=\"noopener\">\u010d. 6 &#8211; V\u00fdpis z&nbsp;registru DPH<\/a><\/li>\r\n<\/ul>\r\n<\/div>\r\n<\/div>","protected":false},"excerpt":{"rendered":"Usnesen\u00ed rady M\u010c Praha&nbsp;7 N\u00e1vrh na poskytnut\u00ed individu\u00e1ln\u00ed dotace v&nbsp;oblasti kultury PO N\u00e1rodn\u00ed galerie v&nbsp;Praze I\u010cO: 000&nbsp;23&nbsp;281, se s\u00eddlem Starom\u011bstsk\u00e9 n\u00e1m\u011bst\u00ed 606\/12, 110&nbsp;00 Praha 1 &#8211; Star\u00e9 M\u011bsto \u010d. 0267\/16 Ze dne 22.3.2016 Rada m\u011bstsk\u00e9 \u010d\u00e1sti Praha&nbsp;7: bere na v\u011bdom\u00ed N\u00e1vrh na poskytnut\u00ed individu\u00e1ln\u00ed dotace v&nbsp;oblasti kultury PO N\u00e1rodn\u00ed galerie v&nbsp;Praze, I\u010cO: 000&nbsp;23&nbsp;281, se s\u00eddlem [&hellip;]","protected":false},"author":17,"featured_media":0,"parent":6063,"menu_order":0,"comment_status":"closed","ping_status":"closed","template":"","meta":[],"_links":{"self":[{"href":"https:\/\/www.praha7.cz\/api\/wp\/v2\/pages\/6513"}],"collection":[{"href":"https:\/\/www.praha7.cz\/api\/wp\/v2\/pages"}],"about":[{"href":"https:\/\/www.praha7.cz\/api\/wp\/v2\/types\/page"}],"author":[{"embeddable":true,"href":"https:\/\/www.praha7.cz\/api\/wp\/v2\/users\/17"}],"replies":[{"embeddable":true,"href":"https:\/\/www.praha7.cz\/api\/wp\/v2\/comments?post=6513"}],"version-history":[{"count":2,"href":"https:\/\/www.praha7.cz\/api\/wp\/v2\/pages\/6513\/revisions"}],"predecessor-version":[{"id":6558,"href":"https:\/\/www.praha7.cz\/api\/wp\/v2\/pages\/6513\/revisions\/6558"}],"up":[{"embeddable":true,"href":"https:\/\/www.praha7.cz\/api\/wp\/v2\/pages\/6063"}],"wp:attachment":[{"href":"https:\/\/www.praha7.cz\/api\/wp\/v2\/media?parent=6513"}],"curies":[{"name":"wp","href":"https:\/\/api.w.org\/{rel}","templated":true}]}}