    
{"id":64483,"date":"2023-02-22T14:53:05","date_gmt":"2023-02-22T13:53:05","guid":{"rendered":"https:\/\/www.praha7.cz\/?page_id=64483"},"modified":"2024-05-27T13:34:17","modified_gmt":"2024-05-27T11:34:17","slug":"zavazna-stanoviska-ke-stavbam-s-ohledem-na-cistotu-ovzdusi","status":"publish","type":"page","link":"https:\/\/www.praha7.cz\/potrebuji-zaridit\/zivotni-prostredi\/ovzdusi\/zavazna-stanoviska-ke-stavbam-s-ohledem-na-cistotu-ovzdusi\/","title":{"rendered":"Z\u00e1vazn\u00e1 stanoviska ke stavb\u00e1m s&nbsp;ohledem na \u010distotu ovzdu\u0161\u00ed\u00a0"},"content":{"rendered":"<p>[perex]<\/p>\r\n<p>Odbor \u017eivotn\u00edho prost\u0159ed\u00ed vyd\u00e1v\u00e1 z\u00e1vazn\u00e1 stanoviska ke stavb\u00e1m (stavebn\u00ed a&nbsp;\u00fazemn\u00ed \u0159\u00edzen\u00ed) s&nbsp;ohledem na \u010distotu ovzdu\u0161\u00ed.\u00a0<\/p>\r\n<p>[\/perex]<\/p>\r\n<p>Ochrana ovzdu\u0161\u00ed se \u0159\u00edd\u00ed Z\u00e1konem \u010d. 201\/2012 Sb., o&nbsp;ochran\u011b ovzdu\u0161\u00ed a&nbsp;o&nbsp;zm\u011bn\u011b n\u011bkter\u00fdch dal\u0161\u00edch z\u00e1kon\u016f, ve zn\u011bn\u00ed pozd\u011bj\u0161\u00edch p\u0159edpis\u016f.<\/p>\r\n<p>Odbor \u017eivotn\u00edho prost\u0159ed\u00ed:\u00a0<\/p>\r\n<ul>\r\n\t<li>vyd\u00e1v\u00e1 z\u00e1vazn\u00e9 stanovisko k&nbsp;\u00fazemn\u00edmu a&nbsp;stavebn\u00edmu \u0159\u00edzen\u00ed v\u010detn\u011b vyd\u00e1n\u00ed kolauda\u010dn\u00edho souhlasu z&nbsp;hlediska ochrany ovzdu\u0161\u00ed u&nbsp;stacion\u00e1rn\u00edch zdroj\u016f, kter\u00e9 nejsou uvedeny v&nbsp;p\u0159\u00edloze \u010d. 2 k&nbsp;tomuto z\u00e1konu<\/li>\r\n\t<li>dle pot\u0159eby ukl\u00e1d\u00e1 opat\u0159en\u00ed k&nbsp;n\u00e1prav\u011b provozovateli nebo pr\u00e1vn\u00edmu n\u00e1stupci provozovatele stacion\u00e1rn\u00edho zdroje neuveden\u00e9ho v&nbsp;p\u0159\u00edloze \u010d. 2 k&nbsp;z\u00e1konu stacion\u00e1rn\u00edho zdroje<\/li>\r\n\t<li>prov\u00e1d\u00ed dozor nad dodr\u017eov\u00e1n\u00edm povinnost\u00ed u&nbsp;provozovatel\u016f stacion\u00e1rn\u00edch zdroj\u016f, kter\u00e9 nejsou uvedeny v&nbsp;p\u0159\u00edloze \u010d. 2 k&nbsp;tomuto z\u00e1konu p\u00edsm. b) \u2013 tzn. kontroluje, zda tmav\u00e1 barva kou\u0159e a&nbsp;obt\u011b\u017eov\u00e1n\u00ed z\u00e1pachem nep\u0159esahuje p\u0159\u00edpustnou mez, a&nbsp;v&nbsp;opa\u010dn\u00e9m p\u0159\u00edpad\u011b ukl\u00e1d\u00e1 pokuty<\/li>\r\n<\/ul>\r\n<p><span style=\"font-size: 16px; color: #0000ff;\">Poskytov\u00e1n\u00ed informac\u00ed dle ustanoven\u00ed \u00a7 30 odst. 1 p\u00edsm. f) z\u00e1kona \u010d. 201\/2012 Sb., o&nbsp;ochran\u011b ovzdu\u0161\u00ed<\/span><\/p>\r\n<p><strong>Seznam \u017e\u00e1dost\u00ed evidovan\u00fdch Odborem \u017eivotn\u00edho prost\u0159ed\u00ed \u00daM\u010c Praha&nbsp;7:<br \/>\r\n<br \/>\r\n<\/strong><\/p>\r\n<p><a href=\"https:\/\/www.praha7.cz\/wp-content\/uploads\/2024\/05\/2024_tabulka-ovzdusi.xlsx\"><strong>rok 2024<\/strong><\/a><br \/>\r\n<a href=\"https:\/\/www.praha7.cz\/wp-content\/uploads\/2024\/01\/zverejneni-2023_ovzdusi.xlsx\"><strong>rok 2023<\/strong><\/a><br \/>\r\n<strong><span style=\"font-size: 16px;\"><a href=\"https:\/\/www.praha7.cz\/wp-content\/uploads\/2023\/01\/zve\u0159ejn\u011bn\u00ed-2022.xlsx\">rok 2022<\/a><\/span><\/strong><br \/>\r\n<strong><span style=\"font-size: 16px;\"><a href=\"https:\/\/www.praha7.cz\/wp-content\/uploads\/2022\/02\/zve\u0159ejn\u011bn\u00ed_prosinec_22.xlsx\">rok 2021<\/a><\/span><\/strong><br \/>\r\n<strong><span style=\"font-size: 16px;\"><a href=\"https:\/\/www.praha7.cz\/wp-content\/uploads\/2021\/03\/2020.xlsx\"><span style=\"color: #0000ff;\">rok 2020<\/span><\/a><\/span><\/strong><br \/>\r\n<strong><span style=\"color: #0000ff; font-size: 16px;\"><a href=\"https:\/\/www.praha7.cz\/wp-content\/uploads\/2020\/05\/seznam-stanovisek-2019-ke-zve\u0159ejn\u011bn\u00ed.xlsx\" style=\"color: #0000ff;\">rok 2019<\/a><br \/>\r\nrok <a href=\"https:\/\/www.praha7.cz\/wp-content\/uploads\/2019\/02\/seznam-stanovisek-ke-zve\u0159ejn\u011bn\u00ed-2018.pdf\" style=\"color: #0000ff;\">2018<\/a><\/span><\/strong><\/p>\r\n<div class=\"shortcode-container container-fluid no-bottom-padding division-detail  \">    \n    <div class=\"row\">\n\t\t <div class=\"row div-dept\">\n            <div class=\"col-xs-12 col-md-12 contact-info\">\n                <h4>Kontakt<\/h4>\n                <span>                   \n                    \u00da\u0159ad m\u011bstsk\u00e9 \u010d\u00e1sti Praha 7                   \n                <\/span><br>\n                <span>\n                    Odbor \u017eivotn\u00edho prost\u0159ed\u00ed\n                <\/span><br>\n                    <span>\n                        U Pr\u016fhonu 1338\/38\n                    <\/span><br>\n                \n                \n\n            <\/div>\n        <\/div>\n    <\/div>\n<\/div>\r\n\n<div class=\"shortcode-container no-bottom-padding  \">    \n\t<div class=\"row\">\n\t\t<div class=\"col-xs-12 col-md-7\">\n\t\t\t<h3>\u00da\u0159edn\u00ed hodiny \u00da\u0159adu M\u010c Praha 7<\/h3>\n\t\t<\/div>\n\t<\/div>\n\t\t<div class=\"row\">\n\t\t\t<div class=\"col-xs-12 col-sm-4 col-md-3\">\n\t\t\t\t<span>pond\u011bl\u00ed a st\u0159eda<\/span>\n\t\t\t<\/div>\n\t\t\t\t<div class=\"col-xs-6 col-sm-4 col-md-3\">\n\t\t\t\t\t<span>7.30\u201312.00<\/span>\n\t\t\t\t<\/div>\n\t\t\t\t\t<div class=\"col-xs-6 col-sm-4 col-md-3\">\n\t\t\t\t\t\t<span>13.00\u201318.00<\/span>\n\t\t\t\t\t<\/div>\n\t\t<\/div>\n\t\t<div class=\"row\">\n\t\t\t<div class=\"col-xs-12 col-sm-4 col-md-3\">\n\t\t\t\t<span>\u00fater\u00fd, \u010dtvrtek a p\u00e1tek<\/span>\n\t\t\t<\/div>\n\t\t\t\t<div class=\"col-xs-12 col-sm-8 col-md-9\">\n\t\t\t\t\t<span>po p\u0159edchoz\u00ed domluv\u011b \/ po objedn\u00e1n\u00ed<\/span>\n\t\t\t\t<\/div>\n\t\t<\/div>\n\t<div class=\"row\">\n\t\t<div class=\"col-xs-12 col-md-12 office_hours_info\">\n\t\t\t\n\t\t<\/div>\t\n\t<\/div>\n<\/div>\r\n<div class=\"shortcode-container container-fluid no-bottom-padding \">\n\t<div class=\"row shortcode-row no-bottom-border\">\n\t\t <div class=\"row contact-item\">\n\t\t\t<div class=\"col-xs-4 col-md-2 contact-photo\">\t\t\n\t\t\t\t<img src=\"https:\/\/www.praha7.cz\/wp-content\/uploads\/2017\/11\/horska.png\" alt=\"placeholder\">\n\t\t\t<\/div>\n\t\t\t<div class=\"col-xs-8 col-md-5 contact-info\">\n\t\t\t\t<h3>Horsk\u00e1 Hana, Ing.<\/h3>\n\t\t\t\t<span>vedouc\u00ed odboru<\/span><br>\n\t\t\t\t<span>dve\u0159e 4.04<\/span><br>\n\t\t\t\t<span>tel. <a>+420220144151<\/a><\/span><br>\n                <span>gsm. <a href=\"tel:+420603380520\">+420603380520<\/a><\/span><br>\n\t\t\t\t<a href=\"mailto:horskah@praha7.cz\">horskah@praha7.cz<\/a><br>\n\t\t\t<\/div>\n\t\t<\/div>\n\t<\/div>\n<\/div>","protected":false},"excerpt":{"rendered":"[perex] Odbor \u017eivotn\u00edho prost\u0159ed\u00ed vyd\u00e1v\u00e1 z\u00e1vazn\u00e1 stanoviska ke stavb\u00e1m (stavebn\u00ed a&nbsp;\u00fazemn\u00ed \u0159\u00edzen\u00ed) s&nbsp;ohledem na \u010distotu ovzdu\u0161\u00ed.\u00a0 [\/perex] Ochrana ovzdu\u0161\u00ed se \u0159\u00edd\u00ed Z\u00e1konem \u010d. 201\/2012 Sb., o&nbsp;ochran\u011b ovzdu\u0161\u00ed a&nbsp;o&nbsp;zm\u011bn\u011b n\u011bkter\u00fdch dal\u0161\u00edch z\u00e1kon\u016f, ve zn\u011bn\u00ed pozd\u011bj\u0161\u00edch p\u0159edpis\u016f. Odbor \u017eivotn\u00edho prost\u0159ed\u00ed:\u00a0 vyd\u00e1v\u00e1 z\u00e1vazn\u00e9 stanovisko k&nbsp;\u00fazemn\u00edmu a&nbsp;stavebn\u00edmu \u0159\u00edzen\u00ed v\u010detn\u011b vyd\u00e1n\u00ed kolauda\u010dn\u00edho souhlasu z&nbsp;hlediska ochrany ovzdu\u0161\u00ed u&nbsp;stacion\u00e1rn\u00edch zdroj\u016f, kter\u00e9 nejsou [&hellip;]","protected":false},"author":251,"featured_media":0,"parent":10394,"menu_order":0,"comment_status":"closed","ping_status":"closed","template":"","meta":[],"_links":{"self":[{"href":"https:\/\/www.praha7.cz\/api\/wp\/v2\/pages\/64483"}],"collection":[{"href":"https:\/\/www.praha7.cz\/api\/wp\/v2\/pages"}],"about":[{"href":"https:\/\/www.praha7.cz\/api\/wp\/v2\/types\/page"}],"author":[{"embeddable":true,"href":"https:\/\/www.praha7.cz\/api\/wp\/v2\/users\/251"}],"replies":[{"embeddable":true,"href":"https:\/\/www.praha7.cz\/api\/wp\/v2\/comments?post=64483"}],"version-history":[{"count":8,"href":"https:\/\/www.praha7.cz\/api\/wp\/v2\/pages\/64483\/revisions"}],"predecessor-version":[{"id":76290,"href":"https:\/\/www.praha7.cz\/api\/wp\/v2\/pages\/64483\/revisions\/76290"}],"up":[{"embeddable":true,"href":"https:\/\/www.praha7.cz\/api\/wp\/v2\/pages\/10394"}],"wp:attachment":[{"href":"https:\/\/www.praha7.cz\/api\/wp\/v2\/media?parent=64483"}],"curies":[{"name":"wp","href":"https:\/\/api.w.org\/{rel}","templated":true}]}}