    
{"id":6388,"date":"2017-09-22T19:48:18","date_gmt":"2017-09-22T17:48:18","guid":{"rendered":"https:\/\/praha7.cz\/?page_id=6388"},"modified":"2024-11-13T11:08:13","modified_gmt":"2024-11-13T10:08:13","slug":"oceneni","status":"publish","type":"page","link":"https:\/\/www.praha7.cz\/volny-cas-prehled\/o-praze-7\/oceneni\/","title":{"rendered":"Ocen\u011bn\u00ed"},"content":{"rendered":"<p>[perex]<\/p>\r\n<p>Krom\u011b <a href=\"https:\/\/www.praha7.cz\/volny-cas-prehled\/o-praze-7\/cestni-obcane\/\">\u010destn\u00fdch ob\u010danstv\u00ed<\/a> ud\u011bluje sedm\u00e1 m\u011bstsk\u00e1 \u010d\u00e1st tak\u00e9 ceny Prahy&nbsp;7 a&nbsp;dal\u0161\u00ed ocen\u011bn\u00ed. T\u00edmto zp\u016fsobem radnice vzd\u00e1v\u00e1 hold zn\u00e1m\u00fdm i&nbsp;m\u00e9n\u011b zn\u00e1m\u00fdm osobnostem, kter\u00e9 si za svou prosp\u011b\u0161nou \u010dinnost v&nbsp;nejr\u016fzn\u011bj\u0161\u00edch oblastech \u017eivota zaslou\u017e\u00ed uzn\u00e1n\u00ed a&nbsp;vd\u011bk.<\/p>\r\n<p>[\/perex]<\/p>\r\n<p>K ud\u00edlen\u00ed Cen Prahy&nbsp;7 a&nbsp;dal\u0161\u00edch ocen\u011bn\u00ed m\u011bstsk\u00e1 \u010d\u00e1st p\u0159ikro\u010dila v&nbsp;letech 2005, 2006, 2008, 2010, 2012, 2014, 2016, 2019 a&nbsp;2024.\u00a0<\/p>\r\n<p>Ocen\u011bn\u00ed v&nbsp;roce 2016 m\u011blo netradi\u010dn\u00ed podobu. V&nbsp;aule Fakultn\u00ed z\u00e1kladn\u00ed \u0161koly Um\u011bleck\u00e1 ud\u011blilo Zastupitelstvo M\u010c Praha&nbsp;7 ocen\u011bn\u00ed za z\u00e1slu\u017enou \u010dinnost, p\u0159i\u010dem\u017e nominace vy\u0161ly z&nbsp;n\u00e1vrh\u016f \u0161irok\u00e9 ve\u0159ejnosti. Ocen\u011bn\u00ed z\u00edskalo 28 ob\u010dan\u016f Prahy&nbsp;7 \u2013 mezi jin\u00fdmi tak\u00e9 t\u0159i d\u011bti a&nbsp;dva dosp\u011bl\u00ed, kte\u0159\u00ed zachr\u00e1nili lidsk\u00fd \u017eivot, dlouholet\u00ed pedagogov\u00e9 a&nbsp;l\u00e9ka\u0159i, kulturn\u00ed a&nbsp;sportovn\u00ed akt\u00e9\u0159i \u010di dobrovoln\u00edci, kte\u0159\u00ed nezi\u0161tn\u011b pom\u00e1haj\u00ed ostatn\u00edm.<\/p>\r\n<h2><\/h2>\r\n<h2><strong>Seznam a&nbsp;p\u0159edstaven\u00ed v\u0161ech ocen\u011bn\u00fdch<\/strong><\/h2>\r\n<p>&nbsp;<\/p>\r\n<h3>Cena M\u011bstsk\u00e9 \u010d\u00e1sti Praha&nbsp;7<\/h3>\r\n        <div class=\"collapse-block\">\r\n            <div class=\"card-header\" role=\"tab\" id=\"headingf2a9c79ff1a9fb09d66c7de5916ed6995fc3368c\">\r\n                                        <p data-toggle=\"collapse\" href=\"#collapsef2a9c79ff1a9fb09d66c7de5916ed6995fc3368c\" aria-controls=\"collapsef2a9c79ff1a9fb09d66c7de5916ed6995fc3368c\">\r\n                            Blanka Bart\u00e1kov\u00e1 a Michal Bart\u00e1k                            <i class=\"fa fa-2x fa-angle-down\" aria-hidden=\"true\"><\/i>\r\n                        <\/p>\r\n                                \r\n            <\/div>\r\n\r\n            <div id=\"collapsef2a9c79ff1a9fb09d66c7de5916ed6995fc3368c\" class=\"collapse\" data-id=\"f2a9c79ff1a9fb09d66c7de5916ed6995fc3368c\" role=\"tabpanel\" aria-labelledby=\"headingf2a9c79ff1a9fb09d66c7de5916ed6995fc3368c\">\r\n                <div class=\"card-block\">\r\n    \r\n<p>Oba jsou hole\u0161ovi\u010dt\u00ed rod\u00e1ci, p\u0159i\u0161li na sv\u011bt t\u0159i roky po sob\u011b v\u00a0ji\u017e neexistuj\u00edc\u00ed porodnici na \u0160tvanici a&nbsp;cel\u00fd sv\u016fj \u017eivot spojili s\u00a0Prahou 7. Letos spole\u010dn\u011b oslavili st\u0159\u00edbrnou svatbu. P\u0159esto\u017ee Blanka profesn\u011b za\u010d\u00ednala v\u00a0cestovn\u00edm ruchu a&nbsp;Michal sestavoval po\u010d\u00edta\u010dov\u00e9 s\u00edt\u011b a&nbsp;programoval, s\u00e9rie n\u00e1hod je nakonec dovedla k&nbsp;podnik\u00e1n\u00ed v\u00a0gastronomii. V\u0161e za\u010dalo otev\u0159en\u00edm zahradn\u00ed restaurace Gaston v\u00a0pra\u017esk\u00e9 zoo v\u00a0roce 2005, pozd\u011bji se man\u017eel\u00e9 Bart\u00e1kovi pod\u00edleli na rozjezdu dal\u0161\u00edch gastronomick\u00fdch provoz\u016f v\u00a0Praze 7. Nakonec u&nbsp;nich p\u0159ev\u00e1\u017eila touha otev\u0159\u00edt vlastn\u00ed podnik s\u00a0m\u00e9n\u011b po\u010detnou, ale o&nbsp;to st\u00e1lej\u0161\u00ed klientelou. A&nbsp;tak se v\u00a0roce 2013 zrodila restaurace Stereo na Letensk\u00e9m n\u00e1m\u011bst\u00ed. Man\u017eel\u00e9 Bart\u00e1kovi se p\u0159ed n\u011bkolika lety shodli, \u017ee je v\u00a0jejich sil\u00e1ch d\u011blat radost nejen b\u011b\u017en\u00fdm z\u00e1kazn\u00edk\u016fm, ale i&nbsp;t\u011bm obyvatel\u016fm Sedmi\u010dky, kte\u0159\u00ed by si jinak nemohli stravov\u00e1n\u00ed v\u00a0restauraci dovolit. Od t\u00e9 doby jejich restaurace poskytuje pomoc p\u0159edev\u0161\u00edm osam\u011bl\u00fdm senior\u016fm, kter\u00fdm vrac\u00ed do \u017eivota tepl\u00fd ob\u011bd a&nbsp;t\u00edm i&nbsp;d\u016fstojnost a&nbsp;sebed\u016fv\u011bru.<\/p>\r\n                <\/div>\r\n            <\/div>\r\n        <\/div>\r\n    \r\n        <div class=\"collapse-block\">\r\n            <div class=\"card-header\" role=\"tab\" id=\"heading02a5ce604e0c6ca50049ef828d3e4b1a0c957999\">\r\n                                        <p data-toggle=\"collapse\" href=\"#collapse02a5ce604e0c6ca50049ef828d3e4b1a0c957999\" aria-controls=\"collapse02a5ce604e0c6ca50049ef828d3e4b1a0c957999\">\r\n                            Vladim\u00edr Dr\u00e1bek                            <i class=\"fa fa-2x fa-angle-down\" aria-hidden=\"true\"><\/i>\r\n                        <\/p>\r\n                                \r\n            <\/div>\r\n\r\n            <div id=\"collapse02a5ce604e0c6ca50049ef828d3e4b1a0c957999\" class=\"collapse\" data-id=\"02a5ce604e0c6ca50049ef828d3e4b1a0c957999\" role=\"tabpanel\" aria-labelledby=\"heading02a5ce604e0c6ca50049ef828d3e4b1a0c957999\">\r\n                <div class=\"card-block\">\r\n    \r\n<p>V Praze 7 \u017eije od roku 1954, tedy p\u0159esn\u011b polovinu existence m\u011bstsk\u00e9 \u010d\u00e1sti. V\u00a090.&nbsp;letech byl prvn\u00edm porevolu\u010dn\u00edm starostou Prahy&nbsp;7 a&nbsp;n\u00e1sledn\u011b tak\u00e9 n\u00e1m\u011bstkem prim\u00e1tora hlavn\u00edho m\u011bsta Prahy. V\u00a0Zastupitelstvu Prahy&nbsp;7 p\u016fsobil do roku 1998 a&nbsp;st\u00e1l tak\u00e9 u&nbsp;vzniku dodnes vych\u00e1zej\u00edc\u00edho radni\u010dn\u00edho \u010dasopisu Hobulet. Od roku 2012 do sou\u010dasnosti je \u010dlenem Sportovn\u00ed komise m\u011bstsk\u00e9 \u010d\u00e1sti. V\u00a0Praze 7 se \u0159adu let v\u011bnuje po\u0159\u00e1d\u00e1n\u00ed kulturn\u00edch a&nbsp;sportovn\u00edch aktivit. Je zakladatelem a&nbsp;p\u0159edsedou spolku ALT\u00c1N ART, kter\u00fd v&nbsp;ulici Nad Kr\u00e1lovskou oborou od roku 2013 provozuje kreativn\u00ed v\u00fdtvarn\u00fd Ateli\u00e9r radostn\u00e9 tvorby pro um\u011blce s&nbsp;ment\u00e1ln\u00edm handicapem a&nbsp;du\u0161evn\u00edm onemocn\u011bn\u00edm a&nbsp;od roku 2017 tak\u00e9 Kulturn\u011b komunitn\u00ed centrum ART pro seniory a&nbsp;lidi se zdravotn\u00edm znev\u00fdhodn\u011bn\u00edm.<\/p>\r\n                <\/div>\r\n            <\/div>\r\n        <\/div>\r\n    \r\n        <div class=\"collapse-block\">\r\n            <div class=\"card-header\" role=\"tab\" id=\"headingf6b3b18bcc61bcb518974171765e615c17e6e397\">\r\n                                        <p data-toggle=\"collapse\" href=\"#collapsef6b3b18bcc61bcb518974171765e615c17e6e397\" aria-controls=\"collapsef6b3b18bcc61bcb518974171765e615c17e6e397\">\r\n                            Nora Fridrichov\u00e1                            <i class=\"fa fa-2x fa-angle-down\" aria-hidden=\"true\"><\/i>\r\n                        <\/p>\r\n                                \r\n            <\/div>\r\n\r\n            <div id=\"collapsef6b3b18bcc61bcb518974171765e615c17e6e397\" class=\"collapse\" data-id=\"f6b3b18bcc61bcb518974171765e615c17e6e397\" role=\"tabpanel\" aria-labelledby=\"headingf6b3b18bcc61bcb518974171765e615c17e6e397\">\r\n                <div class=\"card-block\">\r\n    \r\n<p>Novin\u00e1\u0159ka a&nbsp;p\u0159edsedkyn\u011b spr\u00e1vn\u00ed rady organizace \u0160atn\u00edk \u2013 nejv\u011bt\u0161\u00edho humanit\u00e1rn\u00edho centra v&nbsp;\u010cR s&nbsp;p\u0159\u00edmou materi\u00e1ln\u00ed pomoc\u00ed. Prvn\u00ed sb\u00edrku \u0161atstva vyhl\u00e1sila v&nbsp;roce 2019 na recepci \u010cesk\u00e9 televize. V&nbsp;roce 2021 za covidov\u00e9 pandemie spustila velkou pra\u017eskou sb\u00edrku \u0161atstva pro rodiny samo\u017eivitel\u016f sti\u017een\u00e9 covidovou uz\u00e1v\u011brou zem\u011b a&nbsp;po\u0159\u00e1dala tak\u00e9 sb\u00edrky na n\u00e1kup potravin a&nbsp;notebook\u016f pro d\u011bti na distan\u010dn\u00ed v\u00fduce. Prvn\u00ed \u0160atn\u00edk Nora Fridrichov\u00e1 otev\u0159ela v&nbsp;karl\u00ednsk\u00fdch kas\u00e1rn\u00e1ch a&nbsp;z\u00e1hy zalo\u017eila sou\u010dasn\u00fd nada\u010dn\u00ed fond, kter\u00fd s\u00eddl\u00ed v&nbsp;Hole\u0161ovick\u00e9 tr\u017enici. V&nbsp;registraci m\u00e1 dnes \u0160atn\u00edk t\u00e9m\u011b\u0159 15 tis\u00edc pot\u0159ebn\u00fdch rodin, obl\u00e9k\u00e1 ale i&nbsp;\u017eeny a&nbsp;d\u011bti, kter\u00e9 zde na\u0161ly \u00fato\u010di\u0161t\u011b p\u0159ed v\u00e1lkou na Ukrajin\u011b, seniory v&nbsp;nouzi nebo nov\u011b tak\u00e9 pacienty psychiatrick\u00fdch l\u00e9\u010deben. Za svou charitativn\u00ed \u010dinnost obdr\u017eela Nora Fridrichov\u00e1 v&nbsp;roce 2021 St\u0159\u00edbrnou medaili p\u0159edsedy Sen\u00e1tu.<\/p>\r\n                <\/div>\r\n            <\/div>\r\n        <\/div>\r\n    \r\n        <div class=\"collapse-block\">\r\n            <div class=\"card-header\" role=\"tab\" id=\"headingeb2da3e4df1d134bf8bde9c9ec57cc15fe94466e\">\r\n                                        <p data-toggle=\"collapse\" href=\"#collapseeb2da3e4df1d134bf8bde9c9ec57cc15fe94466e\" aria-controls=\"collapseeb2da3e4df1d134bf8bde9c9ec57cc15fe94466e\">\r\n                            Eli\u0161ka Hrub\u00e1 Toperczerov\u00e1                            <i class=\"fa fa-2x fa-angle-down\" aria-hidden=\"true\"><\/i>\r\n                        <\/p>\r\n                                \r\n            <\/div>\r\n\r\n            <div id=\"collapseeb2da3e4df1d134bf8bde9c9ec57cc15fe94466e\" class=\"collapse\" data-id=\"eb2da3e4df1d134bf8bde9c9ec57cc15fe94466e\" role=\"tabpanel\" aria-labelledby=\"headingeb2da3e4df1d134bf8bde9c9ec57cc15fe94466e\">\r\n                <div class=\"card-block\">\r\n    \r\n<p>Vystudovala op\u011brn\u00ed zp\u011bv na Pra\u017esk\u00e9 konzervato\u0159i a&nbsp;Hudebn\u00ed a&nbsp;tane\u010dn\u00ed fakult\u011b AMU v&nbsp;Praze. Je v\u00edt\u011bzkou mnoha p\u011bveck\u00fdch sout\u011b\u017e\u00ed. Od roku 1995 spolupracuje s&nbsp;K\u00fchnov\u00fdm d\u011btsk\u00fdm sborem jako hlasov\u00e1 pedago\u017eka a&nbsp;re\u017eis\u00e9rka. Je autorkou \u010di spoluautorkou libret k&nbsp;n\u011bkolika oper\u00e1m, kter\u00e9 byly naps\u00e1ny pr\u00e1v\u011b pro K\u00fchn\u016fv d\u011btsk\u00fd sbor, a&nbsp;pod\u00edlela se na cel\u00e9 \u0159ad\u011b dal\u0161\u00edch hudebn\u00edch projekt\u016f. Se sv\u00fdmi operami pravideln\u011b hostuje na Pra\u017esk\u00e9m jaru, Smetanov\u011b Litomy\u0161li a&nbsp;dal\u0161\u00edch festivalech. Od roku 2009 spolupracuje na p\u0159edstaven\u00ed W. Shakespeara Vesel\u00e9 pani\u010dky Windsdorsk\u00e9 v&nbsp;r\u00e1mci Letn\u00edch shakespearovsk\u00fdch slavnost\u00ed a&nbsp;p\u0159ipravuje tak\u00e9 vlastn\u00ed hudebn\u011b-dramatick\u00e9 po\u0159ady. P\u011bt let byla hlasovou pedago\u017ekou na Mezin\u00e1rodn\u00ed p\u011bveck\u00e9 sout\u011b\u017ei San Remo junior. V&nbsp;sou\u010dasn\u00e9 dob\u011b se v\u011bnuje rozvoji mlad\u00fdch talent\u016f.<\/p>\r\n                <\/div>\r\n            <\/div>\r\n        <\/div>\r\n    \r\n        <div class=\"collapse-block\">\r\n            <div class=\"card-header\" role=\"tab\" id=\"heading2bd899a44753c21640e3a3361efe267c90ac8787\">\r\n                                        <p data-toggle=\"collapse\" href=\"#collapse2bd899a44753c21640e3a3361efe267c90ac8787\" aria-controls=\"collapse2bd899a44753c21640e3a3361efe267c90ac8787\">\r\n                            Jitka Krejc\u00e1rkov\u00e1                            <i class=\"fa fa-2x fa-angle-down\" aria-hidden=\"true\"><\/i>\r\n                        <\/p>\r\n                                \r\n            <\/div>\r\n\r\n            <div id=\"collapse2bd899a44753c21640e3a3361efe267c90ac8787\" class=\"collapse\" data-id=\"2bd899a44753c21640e3a3361efe267c90ac8787\" role=\"tabpanel\" aria-labelledby=\"heading2bd899a44753c21640e3a3361efe267c90ac8787\">\r\n                <div class=\"card-block\">\r\n    \r\n<p>Ji\u017e \u0159adu let se v\u011bnuje v\u00fdcviku asisten\u010dn\u00edch ps\u016f. Od narozen\u00ed m\u00e1 pouze zbytky zraku, ale tento hendikep dok\u00e1zala ve sv\u00e9 profesy prom\u011bnit v&nbsp;p\u0159ednost. V&nbsp;roce 2001 vycvi\u010dila sv\u00e9ho prvn\u00edho vodic\u00edho psa a&nbsp;n\u00e1sledn\u011b se za\u010dala t\u00e9to \u010dinnosti v\u011bnovat na profesion\u00e1ln\u00ed \u00farovni. Nejprve psy tr\u00e9novala a&nbsp;skl\u00e1dala s&nbsp;nimi zkou\u0161ky pro r\u016fzn\u00e9 instituce, v&nbsp;roce 2005 se v\u0161ak osamostatnila a&nbsp;zalo\u017eila vlastn\u00ed organizaci Pes pro tebe, kter\u00e1 dosud klient\u016fm p\u0159edala 110 \u010dty\u0159noh\u00fdch pomocn\u00edk\u016f. V&nbsp;roce 2023 se spolku Pes pro tebe poda\u0159ilo splnit podm\u00ednky pro vstup do mezin\u00e1rodn\u00ed organizace Assistance Dogs International, kter\u00e1 sdru\u017euje v\u00fdcvikov\u00e9 \u0161koly asisten\u010dn\u00edch ps\u016f po cel\u00e9m sv\u011bt\u011b. P\u0159i v\u00fdcviku budouc\u00edch pr\u016fvodc\u016f nevidom\u00fdch a&nbsp;slabozrak\u00fdch klient\u016f vyu\u017e\u00edv\u00e1 Jitka Krejc\u00e1rkov\u00e1 sv\u00e9 vlastn\u00ed zku\u0161enosti a&nbsp;dok\u00e1\u017ee se n\u00e1le\u017eit\u011b vc\u00edtit do pocit\u016f a&nbsp;pot\u0159eb osob se zrakov\u00fdm hendikepem.<\/p>\r\n                <\/div>\r\n            <\/div>\r\n        <\/div>\r\n    \r\n        <div class=\"collapse-block\">\r\n            <div class=\"card-header\" role=\"tab\" id=\"heading1bc12c37ef73af06fb8b80cba0695ec7ec07f54b\">\r\n                                        <p data-toggle=\"collapse\" href=\"#collapse1bc12c37ef73af06fb8b80cba0695ec7ec07f54b\" aria-controls=\"collapse1bc12c37ef73af06fb8b80cba0695ec7ec07f54b\">\r\n                            Marko Ivanovi\u0107                            <i class=\"fa fa-2x fa-angle-down\" aria-hidden=\"true\"><\/i>\r\n                        <\/p>\r\n                                \r\n            <\/div>\r\n\r\n            <div id=\"collapse1bc12c37ef73af06fb8b80cba0695ec7ec07f54b\" class=\"collapse\" data-id=\"1bc12c37ef73af06fb8b80cba0695ec7ec07f54b\" role=\"tabpanel\" aria-labelledby=\"heading1bc12c37ef73af06fb8b80cba0695ec7ec07f54b\">\r\n                <div class=\"card-block\">\r\n    \r\n<p>Jako dirigent za\u010d\u00ednal v\u00a0N\u00e1rodn\u00edm divadle v\u00a0Praze, byl \u0161\u00e9fdirigentem Komorn\u00ed filharmonie Pardubice a&nbsp;dodnes p\u016fsob\u00ed jako \u0161\u00e9fdirigent N\u00e1rodn\u00edho divadla Brno. Je v\u00edcen\u00e1sobn\u00fdm dr\u017eitelem Ceny Divadeln\u00edch novin za opern\u00ed inscenaci roku. V\u00a0roce 2023 obdr\u017eel cenu And\u011bl za nahr\u00e1vku symfonick\u00fdch skladeb Miloslava Kabel\u00e1\u010de. Pestr\u00e1 je tak\u00e9 jeho skladatelsk\u00e1 \u010dinnost. V\u00a0posledn\u00edch letech se soust\u0159ed\u00ed p\u0159edev\u0161\u00edm na hudebn\u011b jevi\u0161tn\u00ed d\u00edla. Je autorem \u010dty\u0159 div\u00e1cky \u00fasp\u011b\u0161n\u00fdch oper. Za posledn\u00ed z\u00a0nich, Monument, obdr\u017eel v\u00a0roce 2020 Cenu divadeln\u00ed kritiky. Je tak\u00e9 \u010dast\u00fdm autorem sc\u00e9nick\u00e9 a&nbsp;rozhlasov\u00e9 hudby. Od roku 2005 je spolupo\u0159adatelem a&nbsp;dirigentem cyklu komentovan\u00fdch koncert\u016f Kroky do nov\u00e9ho sv\u011bta, kter\u00fd produkuje \u010cesk\u00e1 filharmonie. V&nbsp;roce 2022 obdr\u017eel od Spole\u010dnosti pro hudebn\u00ed v\u00fdchovu Cenu Jaroslava Herdena.<\/p>\r\n                <\/div>\r\n            <\/div>\r\n        <\/div>\r\n    \r\n        <div class=\"collapse-block\">\r\n            <div class=\"card-header\" role=\"tab\" id=\"heading4caa6b039917c53440494b421d0c5344c6b898b1\">\r\n                                        <p data-toggle=\"collapse\" href=\"#collapse4caa6b039917c53440494b421d0c5344c6b898b1\" aria-controls=\"collapse4caa6b039917c53440494b421d0c5344c6b898b1\">\r\n                            Silvie Je\u017ekov\u00e1                            <i class=\"fa fa-2x fa-angle-down\" aria-hidden=\"true\"><\/i>\r\n                        <\/p>\r\n                                \r\n            <\/div>\r\n\r\n            <div id=\"collapse4caa6b039917c53440494b421d0c5344c6b898b1\" class=\"collapse\" data-id=\"4caa6b039917c53440494b421d0c5344c6b898b1\" role=\"tabpanel\" aria-labelledby=\"heading4caa6b039917c53440494b421d0c5344c6b898b1\">\r\n                <div class=\"card-block\">\r\n    \r\n<p>Klav\u00edristka a&nbsp;hudebn\u00ed pedago\u017eka \u017eije cel\u00fd \u017eivot v&nbsp;Praze 7 a&nbsp;v\u017edy s&nbsp;radost\u00ed p\u0159isp\u00edvala svou r\u016fznorodou \u010dinnost\u00ed k&nbsp;jej\u00ed pestrosti. A\u0165 u\u017e se jednalo o&nbsp;p\u016fsoben\u00ed na tane\u010dn\u00edm odd\u011blen\u00ed m\u00edstn\u00ed ZU\u0160, po\u0159\u00e1d\u00e1n\u00ed hudebn\u00edch, pohybov\u00fdch a&nbsp;rukod\u011bln\u00fdch aktivit, veden\u00ed krou\u017ek\u016f b\u0159i\u0161n\u00edch tanc\u016f v\u00a0DDM \u010di dobrovolnickou \u010dinnost p\u0159i nejr\u016fzn\u011bj\u0161\u00edch akc\u00edch farnosti u&nbsp;kostela sv. Anton\u00edna, m\u011bstsk\u00e9 \u010d\u00e1sti Praha&nbsp;7 a&nbsp;dal\u0161\u00edch organizac\u00ed. Ji\u017e 16 let je p\u0159edsedkyn\u00ed Rodinn\u00e9ho centra Letn\u00e1, kter\u00e9 nab\u00edz\u00ed prostor pro setk\u00e1v\u00e1n\u00ed rodi\u010d\u016f s&nbsp;mal\u00fdmi d\u011btmi, organizuje celou \u0159adu krou\u017ek\u016f a&nbsp;pohybov\u00fdch aktivit, po\u0159\u00e1d\u00e1 osv\u011btov\u00e9 p\u0159edn\u00e1\u0161ky a&nbsp;semin\u00e1\u0159e a&nbsp;v\u011bnuje se rozs\u00e1hl\u00e9 charitativn\u00ed \u010dinnosti. Akce jako Masopust pro nejmen\u0161\u00ed, Draki\u00e1da \u010di Svatomartinsk\u00fd lampionkov\u00fd pr\u016fvod ve Stromovce se ji\u017e staly neopomenuteln\u00fdmi tradicemi pro mnoho rodin nejen z\u00a0Prahy&nbsp;7<\/p>\r\n                <\/div>\r\n            <\/div>\r\n        <\/div>\r\n    \r\n        <div class=\"collapse-block\">\r\n            <div class=\"card-header\" role=\"tab\" id=\"heading86c02b1c5ad5558f281b5e3fb2645330888e3dae\">\r\n                                        <p data-toggle=\"collapse\" href=\"#collapse86c02b1c5ad5558f281b5e3fb2645330888e3dae\" aria-controls=\"collapse86c02b1c5ad5558f281b5e3fb2645330888e3dae\">\r\n                            Mat\u011bj Kozubek                            <i class=\"fa fa-2x fa-angle-down\" aria-hidden=\"true\"><\/i>\r\n                        <\/p>\r\n                                \r\n            <\/div>\r\n\r\n            <div id=\"collapse86c02b1c5ad5558f281b5e3fb2645330888e3dae\" class=\"collapse\" data-id=\"86c02b1c5ad5558f281b5e3fb2645330888e3dae\" role=\"tabpanel\" aria-labelledby=\"heading86c02b1c5ad5558f281b5e3fb2645330888e3dae\">\r\n                <div class=\"card-block\">\r\n    \r\n<p>\u010cesk\u00fd reprezentant v&nbsp;d\u00e1lkov\u00e9m plav\u00e1n\u00ed se pravideln\u011b ji\u017e od roku 2013 \u00fa\u010dastn\u00ed vrcholn\u00fdch sout\u011b\u017e\u00ed, jako jsou mistrovstv\u00ed sv\u011bta a&nbsp;Evropy. Nejprve reprezentoval v&nbsp;juniorsk\u00fdch kategori\u00edch a&nbsp;od roku 2015 ji\u017e v&nbsp;kategorii Open. Nejlep\u0161\u00edho um\u00edst\u011bn\u00ed zat\u00edm dos\u00e1hl v&nbsp;roce 2019, kdy obsadil 4.&nbsp;m\u00edsto na 5 km v&nbsp;r\u00e1mci Mistrovstv\u00ed sv\u011bta v&nbsp;Ji\u017en\u00ed Koreji. V&nbsp;roce 2021 se Mat\u011bj Kozubek kvalifikoval na olympijsk\u00e9 hry v&nbsp;Tokiu. Na za\u010d\u00e1tku z\u00e1\u0159\u00ed 2024 se z\u00fa\u010dastnil sv\u00e9ho prvn\u00edho z\u00e1vodu, kter\u00fd se \u0159ad\u00ed do kategorie ultramaraton\u016f. Jednalo se o&nbsp;z\u00e1vod na 36 km z\u00a0ostrova Capri do Neapole. P\u0159i sv\u00e9 premi\u00e9\u0159e v\u00a0t\u00e9to nesm\u00edrn\u011b n\u00e1ro\u010dn\u00e9 discipl\u00edn\u011b se Mat\u011bj Kozubek um\u00edstil na 4.&nbsp;m\u00edst\u011b.<\/p>\r\n                <\/div>\r\n            <\/div>\r\n        <\/div>\r\n    \r\n        <div class=\"collapse-block\">\r\n            <div class=\"card-header\" role=\"tab\" id=\"heading3d18a7b7fa573f8349efc50cddaf73972f4a0dfd\">\r\n                                        <p data-toggle=\"collapse\" href=\"#collapse3d18a7b7fa573f8349efc50cddaf73972f4a0dfd\" aria-controls=\"collapse3d18a7b7fa573f8349efc50cddaf73972f4a0dfd\">\r\n                            Jana Lesi\u010dkov\u00e1                            <i class=\"fa fa-2x fa-angle-down\" aria-hidden=\"true\"><\/i>\r\n                        <\/p>\r\n                                \r\n            <\/div>\r\n\r\n            <div id=\"collapse3d18a7b7fa573f8349efc50cddaf73972f4a0dfd\" class=\"collapse\" data-id=\"3d18a7b7fa573f8349efc50cddaf73972f4a0dfd\" role=\"tabpanel\" aria-labelledby=\"heading3d18a7b7fa573f8349efc50cddaf73972f4a0dfd\">\r\n                <div class=\"card-block\">\r\n    \r\n<p>Narodila se na \u0160tvanici a&nbsp;cel\u00fd sv\u016fj \u017eivot \u017eije v\u00a0Praze 7. Ji\u017e 16 let podnik\u00e1 v\u00a0gastronomii a&nbsp;provozuje dnes ji\u017e tradi\u010dn\u00ed letenskou pivnici U&nbsp;Pivoje. Svou pr\u00e1ci vn\u00edm\u00e1 jako posl\u00e1n\u00ed, kter\u00e9 nen\u00ed jen o&nbsp;samotn\u00e9m pohostinstv\u00ed. Jeho ned\u00edlnou sou\u010d\u00e1st\u00ed je ka\u017edodenn\u00ed pozn\u00e1v\u00e1n\u00ed spletit\u00fdch cest lidsk\u00fdch osud\u016f, kter\u00e9 nejsou poka\u017ed\u00e9 jenom zalit\u00e9 sluncem. Tak\u00e9 proto Jana Lesi\u010dkov\u00e1 se sv\u00fdm podnik\u00e1n\u00edm spojila dlouhodobou nezi\u0161tnou pomoc pot\u0159ebn\u00fdm z\u00a0Prahy&nbsp;7. Ze sv\u00e9 iniciativy nav\u00e1zala spolupr\u00e1ci se soci\u00e1ln\u00edm odborem m\u011bstsk\u00e9 \u010d\u00e1sti a&nbsp;anga\u017euje se v&nbsp;poskytov\u00e1n\u00ed ob\u011bd\u016f senior\u016fm a&nbsp;dal\u0161\u00edm lidem z\u00a0Prahy&nbsp;7, kte\u0159\u00ed se dostali do obt\u00ed\u017en\u00fdch \u017eivotn\u00edch situac\u00ed. D\u00edky pomoci Jany Lesi\u010dkov\u00e9 a&nbsp;jej\u00edho t\u00fdmu tak maj\u00ed pravideln\u011b tepl\u00fd ob\u011bd v&nbsp;p\u0159\u00edjemn\u00e9m prost\u0159ed\u00ed, kde nejsou izolovan\u00ed od ostatn\u00edch lid\u00ed a&nbsp;b\u011b\u017en\u00e9ho \u017eivota.<\/p>\r\n                <\/div>\r\n            <\/div>\r\n        <\/div>\r\n    \r\n        <div class=\"collapse-block\">\r\n            <div class=\"card-header\" role=\"tab\" id=\"heading097ba15fd014cc44a9a2243b0d044d9307d3ea5a\">\r\n                                        <p data-toggle=\"collapse\" href=\"#collapse097ba15fd014cc44a9a2243b0d044d9307d3ea5a\" aria-controls=\"collapse097ba15fd014cc44a9a2243b0d044d9307d3ea5a\">\r\n                            Michael T\u0159e\u0161t\u00edk                            <i class=\"fa fa-2x fa-angle-down\" aria-hidden=\"true\"><\/i>\r\n                        <\/p>\r\n                                \r\n            <\/div>\r\n\r\n            <div id=\"collapse097ba15fd014cc44a9a2243b0d044d9307d3ea5a\" class=\"collapse\" data-id=\"097ba15fd014cc44a9a2243b0d044d9307d3ea5a\" role=\"tabpanel\" aria-labelledby=\"heading097ba15fd014cc44a9a2243b0d044d9307d3ea5a\">\r\n                <div class=\"card-block\">\r\n    \r\n<p>S v\u00fdjimkou n\u011bkolika let po svatb\u011b, kdy hostoval v&nbsp;byt\u011b u&nbsp;rodi\u010d\u016f sv\u00e9 \u017eeny, \u017eije cel\u00fd \u017eivot v&nbsp;Praze 7, konkr\u00e9tn\u011b na Letn\u00e9. Vystudoval architekturu na \u010cVUT a&nbsp;pozd\u011bji postgradu\u00e1l stavebn\u00ed fyziky. Asi patn\u00e1ct let projektoval a&nbsp;vykon\u00e1val expertn\u00ed \u010dinnost v&nbsp;oboru urbanistick\u00e9 akustiky, ale v&nbsp;polovin\u011b osmdes\u00e1t\u00fdch let se za\u010dal v\u011bnovat literatu\u0159e, a&nbsp;to mu ji\u017e z\u016fstalo. Napsal v\u00edce ne\u017e dvacet knih beletrie a&nbsp;populariza\u010dn\u00edch knih o&nbsp;um\u011bn\u00ed a&nbsp;architektu\u0159e. Je sb\u011bratelem sou\u010dasn\u00e9ho v\u00fdtvarn\u00e9ho um\u011bn\u00ed, jeho sb\u00edrky keramiky jsou z\u00e1kladem dvou muzejn\u00edch expozic. V&nbsp;prvn\u00edm volebn\u00edm obdob\u00ed po sametov\u00e9 revoluci byl radn\u00edm Prahy&nbsp;7 a&nbsp;dv\u011b volebn\u00ed obdob\u00ed byl \u010dlenem rady Obce spisovatel\u016f. Jako dramaturg spolupracoval na mnoha filmech sv\u00e9 \u017eeny, dokumentaristky Heleny T\u0159e\u0161t\u00edkov\u00e9.<\/p>\r\n                <\/div>\r\n            <\/div>\r\n        <\/div>\r\n    \r\n        <div class=\"collapse-block\">\r\n            <div class=\"card-header\" role=\"tab\" id=\"heading8f84e7f7c437cf81d90897f1a9039edfc5a1ab93\">\r\n                                        <p data-toggle=\"collapse\" href=\"#collapse8f84e7f7c437cf81d90897f1a9039edfc5a1ab93\" aria-controls=\"collapse8f84e7f7c437cf81d90897f1a9039edfc5a1ab93\">\r\n                            Zuzana Zadrob\u00edlkov\u00e1                            <i class=\"fa fa-2x fa-angle-down\" aria-hidden=\"true\"><\/i>\r\n                        <\/p>\r\n                                \r\n            <\/div>\r\n\r\n            <div id=\"collapse8f84e7f7c437cf81d90897f1a9039edfc5a1ab93\" class=\"collapse\" data-id=\"8f84e7f7c437cf81d90897f1a9039edfc5a1ab93\" role=\"tabpanel\" aria-labelledby=\"heading8f84e7f7c437cf81d90897f1a9039edfc5a1ab93\">\r\n                <div class=\"card-block\">\r\n    \r\n<p>Narodila se v&nbsp;Praze 7 v&nbsp;rodin\u011b v\u00fdtvarn\u00edka, hudebn\u00edk, b\u00e1sn\u00edka a&nbsp;spisovatele Vladislava Zadrob\u00edlka. Prost\u0159ed\u00ed pln\u00e9 knih m\u011blo na Zuzanu ur\u010duj\u00edc\u00ed vliv. Kdy\u017e po roce 1989 prom\u011bnil Vladislav Zadrob\u00edlek svou samizdatovou d\u00edlnu v&nbsp;ofici\u00e1ln\u00ed nakladatelstv\u00ed Trigon, zapojil do sv\u00e9 \u010dinnosti celou rodinu. Zuzana b\u011bhem studia pom\u00e1hala s&nbsp;korekturami a&nbsp;jazykovou redakc\u00ed knih, posl\u00e9ze za\u010dala pracovat tak\u00e9 v&nbsp;rodinn\u00e9m knihkupectv\u00ed a&nbsp;antikvari\u00e1tu. V&nbsp;roce 2010 p\u0159evzala Zuzana Zadrob\u00edlkov\u00e1 veden\u00ed nakladatelstv\u00ed. Za jej\u00edho p\u016fsoben\u00ed vy\u0161lo n\u011bkolik des\u00edtek oce\u0148ovan\u00fdch titul\u016f. Prodejna Trigonu se stala azylem nejen pro v\u0161echny milovn\u00edky knih, ale p\u016fsob\u00ed tak\u00e9 jako mal\u00e9, ov\u0161em \u017eiv\u00e9 kulturn\u00ed centrum. V&nbsp;r\u00e1mci cyklu OBRAZ &amp; KNIHA zde prob\u00edhaj\u00ed komorn\u00ed v\u00fdstavy sou\u010dasn\u00fdch v\u00fdtvarn\u00fdch um\u011blc\u016f, hudebn\u00ed produkce a&nbsp;setk\u00e1n\u00ed s&nbsp;autory. Trigon po\u0159\u00e1d\u00e1 rovn\u011b\u017e autorsk\u00e1 \u010dten\u00ed, p\u0159edn\u00e1\u0161ky, koncerty a&nbsp;b\u00e1snick\u00fd festival 3D poezie.<\/p>\r\n                <\/div>\r\n            <\/div>\r\n        <\/div>\r\n    \r\n        <div class=\"collapse-block\">\r\n            <div class=\"card-header\" role=\"tab\" id=\"heading11bad32e225571f7aa30dd4a61d5b4d2230e0e88\">\r\n                                        <p data-toggle=\"collapse\" href=\"#collapse11bad32e225571f7aa30dd4a61d5b4d2230e0e88\" aria-controls=\"collapse11bad32e225571f7aa30dd4a61d5b4d2230e0e88\">\r\n                            Richard Balous                            <i class=\"fa fa-2x fa-angle-down\" aria-hidden=\"true\"><\/i>\r\n                        <\/p>\r\n                                \r\n            <\/div>\r\n\r\n            <div id=\"collapse11bad32e225571f7aa30dd4a61d5b4d2230e0e88\" class=\"collapse\" data-id=\"11bad32e225571f7aa30dd4a61d5b4d2230e0e88\" role=\"tabpanel\" aria-labelledby=\"heading11bad32e225571f7aa30dd4a61d5b4d2230e0e88\">\r\n                <div class=\"card-block\">\r\n    \r\n<p>Zakladatel divadla La Fabrika, kter\u00fd si dal za c\u00edl vytvo\u0159it um\u011bleck\u00fd prostor, kde budou tvo\u0159it p\u0159ev\u00e1\u017en\u011b mlad\u00ed um\u011blci. Tento c\u00edl se stal skute\u010dnost\u00ed a&nbsp;divadlo si za dobu sv\u00e9 existence z\u00edskalo velkou oblibu nejen u&nbsp;mlad\u00e9ho publika.\u00a0<\/p>\r\n                <\/div>\r\n            <\/div>\r\n        <\/div>\r\n    \r\n        <div class=\"collapse-block\">\r\n            <div class=\"card-header\" role=\"tab\" id=\"heading3dec6a93ccb8e47fad61891e58aab4506f22a1d1\">\r\n                                        <p data-toggle=\"collapse\" href=\"#collapse3dec6a93ccb8e47fad61891e58aab4506f22a1d1\" aria-controls=\"collapse3dec6a93ccb8e47fad61891e58aab4506f22a1d1\">\r\n                            Pavel \u0160tingl                            <i class=\"fa fa-2x fa-angle-down\" aria-hidden=\"true\"><\/i>\r\n                        <\/p>\r\n                                \r\n            <\/div>\r\n\r\n            <div id=\"collapse3dec6a93ccb8e47fad61891e58aab4506f22a1d1\" class=\"collapse\" data-id=\"3dec6a93ccb8e47fad61891e58aab4506f22a1d1\" role=\"tabpanel\" aria-labelledby=\"heading3dec6a93ccb8e47fad61891e58aab4506f22a1d1\">\r\n                <div class=\"card-block\">\r\n    \r\n<p>Dokumentarista, kter\u00fd se rozhodl, \u017ee ze zch\u00e1tral\u00e9ho pra\u017esk\u00e9ho n\u00e1dra\u017e\u00ed Bubny vybuduje modern\u00ed Pam\u00e1tn\u00edk ticha, kter\u00fd p\u0159ipom\u00edn\u00e1, \u017ee odtud byli pra\u017e\u0161t\u00ed \u017did\u00e9 deportov\u00e1ni do koncentra\u010dn\u00edch a&nbsp;vyhlazovac\u00edch t\u00e1bor\u016f. Vystudoval katedru dokument\u00e1rn\u00ed tvorby na pra\u017esk\u00e9 FAMU a&nbsp;nato\u010dil des\u00edtky filmov\u00fdch dokument\u016f p\u0159ev\u00e1\u017en\u011b s&nbsp;historickou tematikou.<\/p>\r\n                <\/div>\r\n            <\/div>\r\n        <\/div>\r\n    \r\n        <div class=\"collapse-block\">\r\n            <div class=\"card-header\" role=\"tab\" id=\"heading038dac53552c64fb19197531e7a8f575cd166f53\">\r\n                                        <p data-toggle=\"collapse\" href=\"#collapse038dac53552c64fb19197531e7a8f575cd166f53\" aria-controls=\"collapse038dac53552c64fb19197531e7a8f575cd166f53\">\r\n                            Leo\u0161 V\u00e1lka                            <i class=\"fa fa-2x fa-angle-down\" aria-hidden=\"true\"><\/i>\r\n                        <\/p>\r\n                                \r\n            <\/div>\r\n\r\n            <div id=\"collapse038dac53552c64fb19197531e7a8f575cd166f53\" class=\"collapse\" data-id=\"038dac53552c64fb19197531e7a8f575cd166f53\" role=\"tabpanel\" aria-labelledby=\"heading038dac53552c64fb19197531e7a8f575cd166f53\">\r\n                <div class=\"card-block\">\r\n    \r\n<p>Zakladatel a&nbsp;\u0159editel Centra sou\u010dasn\u00e9ho um\u011bn\u00ed DOX. Jeho celo\u017eivotn\u00edm z\u00e1jmem je architektura a&nbsp;sou\u010dasn\u00e9 um\u011bn\u00ed. S&nbsp;dal\u0161\u00edmi partnery inicioval a&nbsp;posl\u00e9ze zrealizoval vybudov\u00e1n\u00ed nejv\u011bt\u0161\u00ed soukrom\u00e9 v\u00fdstavn\u00ed instituce v&nbsp;\u010cesk\u00e9 republice.\u00a0<\/p>\r\n                <\/div>\r\n            <\/div>\r\n        <\/div>\r\n    \r\n        <div class=\"collapse-block\">\r\n            <div class=\"card-header\" role=\"tab\" id=\"heading57130aad116910ce10b2eab8d25be32fb8acfab4\">\r\n                                        <p data-toggle=\"collapse\" href=\"#collapse57130aad116910ce10b2eab8d25be32fb8acfab4\" aria-controls=\"collapse57130aad116910ce10b2eab8d25be32fb8acfab4\">\r\n                            Jan Vod\u0148ansk\u00fd                            <i class=\"fa fa-2x fa-angle-down\" aria-hidden=\"true\"><\/i>\r\n                        <\/p>\r\n                                \r\n            <\/div>\r\n\r\n            <div id=\"collapse57130aad116910ce10b2eab8d25be32fb8acfab4\" class=\"collapse\" data-id=\"57130aad116910ce10b2eab8d25be32fb8acfab4\" role=\"tabpanel\" aria-labelledby=\"heading57130aad116910ce10b2eab8d25be32fb8acfab4\">\r\n                <div class=\"card-block\">\r\n    \r\n<p>Spisovatel, herec, zp\u011bv\u00e1k, autor text\u016f p\u00edsn\u00ed a&nbsp;lidov\u00fd filosof. Jeho texty jsou pln\u00e9 osobit\u00e9ho, absurdn\u00edho a&nbsp;intelektu\u00e1ln\u00edho humoru. Byl jedn\u00edm z&nbsp;v\u00fdznamn\u00fdch ob\u010dan\u016f a&nbsp;patriot\u016f sedm\u00e9 m\u011bstsk\u00e9 \u010d\u00e1sti.\u00a0<\/p>\r\n                <\/div>\r\n            <\/div>\r\n        <\/div>\r\n    \r\n        <div class=\"collapse-block\">\r\n            <div class=\"card-header\" role=\"tab\" id=\"headingdc941a1647a2745c6ac2d7fa50ede7ab8e662e32\">\r\n                                        <p data-toggle=\"collapse\" href=\"#collapsedc941a1647a2745c6ac2d7fa50ede7ab8e662e32\" aria-controls=\"collapsedc941a1647a2745c6ac2d7fa50ede7ab8e662e32\">\r\n                            Pavel Smet\u00e1\u010dek                            <i class=\"fa fa-2x fa-angle-down\" aria-hidden=\"true\"><\/i>\r\n                        <\/p>\r\n                                \r\n            <\/div>\r\n\r\n            <div id=\"collapsedc941a1647a2745c6ac2d7fa50ede7ab8e662e32\" class=\"collapse\" data-id=\"dc941a1647a2745c6ac2d7fa50ede7ab8e662e32\" role=\"tabpanel\" aria-labelledby=\"headingdc941a1647a2745c6ac2d7fa50ede7ab8e662e32\">\r\n                <div class=\"card-block\">\r\n    \r\n<p>Jazzov\u00fd klarinetista a&nbsp;saxofonista, kapeln\u00edk skupiny Traditional Jazz Studio, hudebn\u00ed skladatel a&nbsp;publicista, k\u0159es\u0165ansk\u00fd politik a&nbsp;diplomat.<\/p>\r\n                <\/div>\r\n            <\/div>\r\n        <\/div>\r\n    \r\n        <div class=\"collapse-block\">\r\n            <div class=\"card-header\" role=\"tab\" id=\"headingeba6ef33f756244a2fb94c10412da8252192221c\">\r\n                                        <p data-toggle=\"collapse\" href=\"#collapseeba6ef33f756244a2fb94c10412da8252192221c\" aria-controls=\"collapseeba6ef33f756244a2fb94c10412da8252192221c\">\r\n                            V\u00e1clav \u0158\u00edha                            <i class=\"fa fa-2x fa-angle-down\" aria-hidden=\"true\"><\/i>\r\n                        <\/p>\r\n                                \r\n            <\/div>\r\n\r\n            <div id=\"collapseeba6ef33f756244a2fb94c10412da8252192221c\" class=\"collapse\" data-id=\"eba6ef33f756244a2fb94c10412da8252192221c\" role=\"tabpanel\" aria-labelledby=\"headingeba6ef33f756244a2fb94c10412da8252192221c\">\r\n                <div class=\"card-block\">\r\n    \r\n<p>Amat\u00e9rsk\u00fd sportovec. Reprezentant ve stoln\u00edm tenise veter\u00e1n\u016f. \u00dasp\u011bch\u016f na mezin\u00e1rodn\u00ed \u00farovni dosahoval a\u017e do v\u011bku 88 let.<\/p>\r\n                <\/div>\r\n            <\/div>\r\n        <\/div>\r\n    \r\n        <div class=\"collapse-block\">\r\n            <div class=\"card-header\" role=\"tab\" id=\"heading045ac48d9c191673a7a92f4757d96f6551dc08ca\">\r\n                                        <p data-toggle=\"collapse\" href=\"#collapse045ac48d9c191673a7a92f4757d96f6551dc08ca\" aria-controls=\"collapse045ac48d9c191673a7a92f4757d96f6551dc08ca\">\r\n                            Petr Messiereur                            <i class=\"fa fa-2x fa-angle-down\" aria-hidden=\"true\"><\/i>\r\n                        <\/p>\r\n                                \r\n            <\/div>\r\n\r\n            <div id=\"collapse045ac48d9c191673a7a92f4757d96f6551dc08ca\" class=\"collapse\" data-id=\"045ac48d9c191673a7a92f4757d96f6551dc08ca\" role=\"tabpanel\" aria-labelledby=\"heading045ac48d9c191673a7a92f4757d96f6551dc08ca\">\r\n                <div class=\"card-block\">\r\n    \r\n<p>Houslista a&nbsp;komorn\u00ed hudebn\u00edk. P\u016fsobil jako profesor Hudebn\u00ed fakulty AMU v&nbsp;Praze, absolvoval v\u00edce ne\u017e 2000 koncert\u016f po cel\u00e9m sv\u011bt\u011b, je dr\u017eitelem mnoha tuzemsk\u00fdch i&nbsp;mezin\u00e1rodn\u00edch ocen\u011bn\u00ed.\u00a0<\/p>\r\n                <\/div>\r\n            <\/div>\r\n        <\/div>\r\n    \r\n        <div class=\"collapse-block\">\r\n            <div class=\"card-header\" role=\"tab\" id=\"heading622bea56c93c85763b9a968121e5708c577c048d\">\r\n                                        <p data-toggle=\"collapse\" href=\"#collapse622bea56c93c85763b9a968121e5708c577c048d\" aria-controls=\"collapse622bea56c93c85763b9a968121e5708c577c048d\">\r\n                            Karel \u0160iktanc                            <i class=\"fa fa-2x fa-angle-down\" aria-hidden=\"true\"><\/i>\r\n                        <\/p>\r\n                                \r\n            <\/div>\r\n\r\n            <div id=\"collapse622bea56c93c85763b9a968121e5708c577c048d\" class=\"collapse\" data-id=\"622bea56c93c85763b9a968121e5708c577c048d\" role=\"tabpanel\" aria-labelledby=\"heading622bea56c93c85763b9a968121e5708c577c048d\">\r\n                <div class=\"card-block\">\r\n    \r\n<p>B\u00e1sn\u00edk, autor poh\u00e1dek pro d\u011bti, texta\u0159, scen\u00e1rista, novin\u00e1\u0159 a&nbsp;p\u0159ekladatel. Vydal t\u00e9m\u011b\u0159 30 b\u00e1snick\u00fdch knih, je tv\u016frcem n\u011bkolika des\u00edtek televizn\u00edch a&nbsp;rozhlasov\u00fdch her, v&nbsp;dob\u011b z\u00e1kazu publikov\u00e1n\u00ed za minul\u00e9ho re\u017eimu psal pod ciz\u00edmi jm\u00e9ny.\u00a0<\/p>\r\n                <\/div>\r\n            <\/div>\r\n        <\/div>\r\n    \r\n        <div class=\"collapse-block\">\r\n            <div class=\"card-header\" role=\"tab\" id=\"headingc9010b415dd5867dc51b3d25431f90bab385cd1c\">\r\n                                        <p data-toggle=\"collapse\" href=\"#collapsec9010b415dd5867dc51b3d25431f90bab385cd1c\" aria-controls=\"collapsec9010b415dd5867dc51b3d25431f90bab385cd1c\">\r\n                            Zorka Kohoutov\u00e1                            <i class=\"fa fa-2x fa-angle-down\" aria-hidden=\"true\"><\/i>\r\n                        <\/p>\r\n                                \r\n            <\/div>\r\n\r\n            <div id=\"collapsec9010b415dd5867dc51b3d25431f90bab385cd1c\" class=\"collapse\" data-id=\"c9010b415dd5867dc51b3d25431f90bab385cd1c\" role=\"tabpanel\" aria-labelledby=\"headingc9010b415dd5867dc51b3d25431f90bab385cd1c\">\r\n                <div class=\"card-block\">\r\n    \r\n<p>Zp\u011bva\u010dka a&nbsp;here\u010dka, nekorunovan\u00e1 kr\u00e1lovna \u010desk\u00e9 dechovky. o&nbsp;pov\u011bdom\u00ed poslucha\u010d\u016f pronikla v&nbsp;obdob\u00ed spolupr\u00e1ce se Smy\u010dcov\u00fdm orchestrem\u00a0Karla Valdaufa, posl\u00e9ze si zalo\u017eila vlastn\u00ed doprovodn\u00fd dechov\u00fd orchestr Kutilka.\u00a0<\/p>\r\n                <\/div>\r\n            <\/div>\r\n        <\/div>\r\n    \r\n        <div class=\"collapse-block\">\r\n            <div class=\"card-header\" role=\"tab\" id=\"heading0ab86fe475d3a91baa1d0c32b750d7a2f94b5b26\">\r\n                                        <p data-toggle=\"collapse\" href=\"#collapse0ab86fe475d3a91baa1d0c32b750d7a2f94b5b26\" aria-controls=\"collapse0ab86fe475d3a91baa1d0c32b750d7a2f94b5b26\">\r\n                            V\u00edt Clar                            <i class=\"fa fa-2x fa-angle-down\" aria-hidden=\"true\"><\/i>\r\n                        <\/p>\r\n                                \r\n            <\/div>\r\n\r\n            <div id=\"collapse0ab86fe475d3a91baa1d0c32b750d7a2f94b5b26\" class=\"collapse\" data-id=\"0ab86fe475d3a91baa1d0c32b750d7a2f94b5b26\" role=\"tabpanel\" aria-labelledby=\"heading0ab86fe475d3a91baa1d0c32b750d7a2f94b5b26\">\r\n                <div class=\"card-block\">\r\n    \r\n<p>Hudebn\u00ed skladatel, jeden ze zakl\u00e1daj\u00edc\u00edch \u010dlen\u016f m\u00edstn\u00ed organizace KANu a&nbsp;signat\u00e1\u0159 v\u00fdzvy &#8222;2000 slov&#8220;. Bohat\u00fd v\u00fd\u010det tvorby zahrnuje \u0161irokou \u0161k\u00e1lu skladeb, od komorn\u00ed a&nbsp;vok\u00e1ln\u00ed tvorby, p\u0159es symfonickou a&nbsp;filmovou hudbu. Je autorem zn\u011blky M\u010c Praha&nbsp;7.<\/p>\r\n                <\/div>\r\n            <\/div>\r\n        <\/div>\r\n    \r\n        <div class=\"collapse-block\">\r\n            <div class=\"card-header\" role=\"tab\" id=\"headingfde0f0ecf2de7fe839e8b06cca0f1b71ce9d3245\">\r\n                                        <p data-toggle=\"collapse\" href=\"#collapsefde0f0ecf2de7fe839e8b06cca0f1b71ce9d3245\" aria-controls=\"collapsefde0f0ecf2de7fe839e8b06cca0f1b71ce9d3245\">\r\n                            Vladim\u00edr Mi\u0161\u00edk                            <i class=\"fa fa-2x fa-angle-down\" aria-hidden=\"true\"><\/i>\r\n                        <\/p>\r\n                                \r\n            <\/div>\r\n\r\n            <div id=\"collapsefde0f0ecf2de7fe839e8b06cca0f1b71ce9d3245\" class=\"collapse\" data-id=\"fde0f0ecf2de7fe839e8b06cca0f1b71ce9d3245\" role=\"tabpanel\" aria-labelledby=\"headingfde0f0ecf2de7fe839e8b06cca0f1b71ce9d3245\">\r\n                <div class=\"card-block\">\r\n    \r\n<p>Popul\u00e1rn\u00ed a&nbsp;oce\u0148ovan\u00fd hudebn\u00edk, zp\u011bv\u00e1k a&nbsp;kytarista. Zakladatel rockov\u00e9 skupiny Etc. a&nbsp;zakl\u00e1daj\u00edc\u00ed \u010dlen skupin The Matadors a&nbsp;Blue Effect.<\/p>\r\n                <\/div>\r\n            <\/div>\r\n        <\/div>\r\n    \r\n        <div class=\"collapse-block\">\r\n            <div class=\"card-header\" role=\"tab\" id=\"headingbeffe611a0fd9322bffe572d64c29fbb45719bc1\">\r\n                                        <p data-toggle=\"collapse\" href=\"#collapsebeffe611a0fd9322bffe572d64c29fbb45719bc1\" aria-controls=\"collapsebeffe611a0fd9322bffe572d64c29fbb45719bc1\">\r\n                            Jan Kalfus                            <i class=\"fa fa-2x fa-angle-down\" aria-hidden=\"true\"><\/i>\r\n                        <\/p>\r\n                                \r\n            <\/div>\r\n\r\n            <div id=\"collapsebeffe611a0fd9322bffe572d64c29fbb45719bc1\" class=\"collapse\" data-id=\"beffe611a0fd9322bffe572d64c29fbb45719bc1\" role=\"tabpanel\" aria-labelledby=\"headingbeffe611a0fd9322bffe572d64c29fbb45719bc1\">\r\n                <div class=\"card-block\">\r\n    \r\n<p>P\u0159edn\u00ed \u010desk\u00fd varhan\u00edk, dr\u017eitel \u0159ady ocen\u011bn\u00ed, profesor na varhann\u00edm odd\u011blen\u00ed Pra\u017esk\u00e9 konzervato\u0159e.<\/p>\r\n                <\/div>\r\n            <\/div>\r\n        <\/div>\r\n    \r\n<p>&nbsp;<\/p>\r\n<h3>Zvl\u00e1\u0161tn\u00ed ocen\u011bn\u00ed M\u010c Praha&nbsp;7<\/h3>\r\n        <div class=\"collapse-block\">\r\n            <div class=\"card-header\" role=\"tab\" id=\"heading822fb7cba7eacaed49e527a39c2028f715923911\">\r\n                                        <p data-toggle=\"collapse\" href=\"#collapse822fb7cba7eacaed49e527a39c2028f715923911\" aria-controls=\"collapse822fb7cba7eacaed49e527a39c2028f715923911\">\r\n                            Dana Z\u00e1topkov\u00e1                            <i class=\"fa fa-2x fa-angle-down\" aria-hidden=\"true\"><\/i>\r\n                        <\/p>\r\n                                \r\n            <\/div>\r\n\r\n            <div id=\"collapse822fb7cba7eacaed49e527a39c2028f715923911\" class=\"collapse\" data-id=\"822fb7cba7eacaed49e527a39c2028f715923911\" role=\"tabpanel\" aria-labelledby=\"heading822fb7cba7eacaed49e527a39c2028f715923911\">\r\n                <div class=\"card-block\">\r\n    \r\n<p>Olympijsk\u00e1 v\u00edt\u011bzka, dvojn\u00e1sobn\u00e1 mistryn\u011b Evropy a&nbsp;dr\u017eitelka sv\u011btov\u00e9ho rekordu v&nbsp;hodu o\u0161t\u011bpem, pozd\u011bji tren\u00e9rka a&nbsp;funkcion\u00e1\u0159ka. S&nbsp;man\u017eelem, legend\u00e1rn\u00edm vytrvalcem Emilem Z\u00e1topkem, vytvo\u0159ili jeden z&nbsp;nejslavn\u011bj\u0161\u00edch sportovn\u00edch p\u00e1r\u016f \u010desk\u00e9 a&nbsp;\u010deskoslovensk\u00e9 historie.<\/p>\r\n                <\/div>\r\n            <\/div>\r\n        <\/div>\r\n    \r\n        <div class=\"collapse-block\">\r\n            <div class=\"card-header\" role=\"tab\" id=\"headingfafaa398685e51d43ebb94e42fe9aa9c4c5f0a70\">\r\n                                        <p data-toggle=\"collapse\" href=\"#collapsefafaa398685e51d43ebb94e42fe9aa9c4c5f0a70\" aria-controls=\"collapsefafaa398685e51d43ebb94e42fe9aa9c4c5f0a70\">\r\n                            Radovana Tes\u00e1rkov\u00e1                            <i class=\"fa fa-2x fa-angle-down\" aria-hidden=\"true\"><\/i>\r\n                        <\/p>\r\n                                \r\n            <\/div>\r\n\r\n            <div id=\"collapsefafaa398685e51d43ebb94e42fe9aa9c4c5f0a70\" class=\"collapse\" data-id=\"fafaa398685e51d43ebb94e42fe9aa9c4c5f0a70\" role=\"tabpanel\" aria-labelledby=\"headingfafaa398685e51d43ebb94e42fe9aa9c4c5f0a70\">\r\n                <div class=\"card-block\">\r\n    \r\n<p>Here\u010dka, pedago\u017eka, re\u017eis\u00e9rka a&nbsp;moder\u00e1torka. Zakladatelka Divadeln\u00edho souboru Ty-j\u00e1-tr a&nbsp;vedouc\u00ed tane\u010dn\u00edho folkl\u00f3rn\u00edho souboru Bejv\u00e1valo. Organiz\u00e1torka \u0159ady kulturn\u00edch komunitn\u00edch aktivit pro ty nejmen\u0161\u00ed i&nbsp;nejstar\u0161\u00ed \u00fa\u010dastn\u00edky.\u00a0<\/p>\r\n                <\/div>\r\n            <\/div>\r\n        <\/div>\r\n    \r\n<p>&nbsp;<\/p>\r\n<h3>Ocen\u011bn\u00ed Zastupitelstva M\u011bstsk\u00e9 \u010d\u00e1sti Praha&nbsp;7<\/h3>\r\n        <div class=\"collapse-block\">\r\n            <div class=\"card-header\" role=\"tab\" id=\"heading9dd71069c0c5a861963b0a20e93998afb9e25bef\">\r\n                                        <p data-toggle=\"collapse\" href=\"#collapse9dd71069c0c5a861963b0a20e93998afb9e25bef\" aria-controls=\"collapse9dd71069c0c5a861963b0a20e93998afb9e25bef\">\r\n                            I. Za z\u00e1chranu                            <i class=\"fa fa-2x fa-angle-down\" aria-hidden=\"true\"><\/i>\r\n                        <\/p>\r\n                                \r\n            <\/div>\r\n\r\n            <div id=\"collapse9dd71069c0c5a861963b0a20e93998afb9e25bef\" class=\"collapse\" data-id=\"9dd71069c0c5a861963b0a20e93998afb9e25bef\" role=\"tabpanel\" aria-labelledby=\"heading9dd71069c0c5a861963b0a20e93998afb9e25bef\">\r\n                <div class=\"card-block\">\r\n    \r\n<p><strong>Valent\u00fdna Jaro\u0161ov\u00e1, David Proch\u00e1zka, Lilith Grace Sabulov\u00e1<\/strong><br \/>\r\n\u017d\u00e1ci ze z\u00e1kladn\u00ed \u0161koly na Strossmayerov\u011b n\u00e1m\u011bst\u00ed zachr\u00e1nili \u017eenu na kolej\u00edch p\u0159ed sebevra\u017edou. Pan \u0159editel z\u00e1kladn\u00ed \u0161koly uvedla: jsou to lid\u00e9 (osloven\u00ed d\u011bti nemaj\u00ed r\u00e1di), kte\u0159\u00ed maj\u00ed nejen srdce, ale i&nbsp;hlavu na spr\u00e1vn\u00e9m m\u00edst\u011b.<\/p>\r\n<p><strong>V\u00e1clav \u0160\u00edma<\/strong><br \/>\r\nBezdomovec zpod Hl\u00e1vkova mostu. Byl nominov\u00e1n p\u0159edev\u0161\u00edm za to, \u017ee dne 13.&nbsp;z\u00e1\u0159\u00ed 2015 zachr\u00e1nil \u017eivot sv\u00e9mu kolegovi Ji\u0159\u00edmu Ajchlerovi, o&nbsp;kter\u00e9ho se staral a&nbsp;kter\u00fd zkolaboval v&nbsp;bl\u00edzkosti jejich p\u0159\u00edbytku. V\u00e1clav mu poskytl pomoc, p\u0159ivolal zdravotnickou z\u00e1chrannou slu\u017ebu a&nbsp;zachr\u00e1nil ho p\u0159ed udu\u0161en\u00edm.<\/p>\r\n<p><strong>P\u0159emysl Vacek<\/strong><br \/>\r\nNa ja\u0159e 2016 roku poskytl v&nbsp;tramvaji prvn\u00ed pomoc (resuscitaci) p\u00e1novi v&nbsp;bezv\u011bdom\u00ed. Je to dobrodruh a&nbsp;horolezec. Cestov\u00e1n\u00ed divo\u010dinou a&nbsp;horolezectv\u00ed ho nau\u010dilo zvl\u00e1dat stresov\u00e9 situace. Absolvoval i&nbsp;z\u00e1chran\u00e1\u0159sk\u00fd kurz, proto prvn\u00ed pomoc poskytl profesion\u00e1ln\u011b a&nbsp;bez zbyte\u010dn\u00e9ho odkladu.<\/p>\r\n                <\/div>\r\n            <\/div>\r\n        <\/div>\r\n    \r\n        <div class=\"collapse-block\">\r\n            <div class=\"card-header\" role=\"tab\" id=\"heading9134fe8043488e33415f81a62fc3d6095134ccbe\">\r\n                                        <p data-toggle=\"collapse\" href=\"#collapse9134fe8043488e33415f81a62fc3d6095134ccbe\" aria-controls=\"collapse9134fe8043488e33415f81a62fc3d6095134ccbe\">\r\n                            II. \u0160kolstv\u00ed                            <i class=\"fa fa-2x fa-angle-down\" aria-hidden=\"true\"><\/i>\r\n                        <\/p>\r\n                                \r\n            <\/div>\r\n\r\n            <div id=\"collapse9134fe8043488e33415f81a62fc3d6095134ccbe\" class=\"collapse\" data-id=\"9134fe8043488e33415f81a62fc3d6095134ccbe\" role=\"tabpanel\" aria-labelledby=\"heading9134fe8043488e33415f81a62fc3d6095134ccbe\">\r\n                <div class=\"card-block\">\r\n    \r\n<p><strong>PaedDr. V\u011bra Jakoubkov\u00e1<\/strong><br \/>\r\nCel\u00fd sv\u016fj profesn\u00ed \u017eivot zasv\u011btila Praze 7. Ve \u0161kol\u00e1ch sedm\u00e9ho pra\u017esk\u00e9ho obvodu str\u00e1vila 52 let. Dlouhodob\u011b se anga\u017euje v&nbsp;oblasti p\u0159ed\u0161koln\u00ed v\u00fdchovy. Je \u010dlenkou &#8222;Poradn\u00edho sboru pro p\u0159ed\u0161koln\u00ed vzd\u011bl\u00e1v\u00e1n\u00ed&#8220; p\u0159i Ministerstvu \u0161kolstv\u00ed, ml\u00e1de\u017ee a&nbsp;t\u011blov\u00fdchovy. D\u00edky sv\u00fdm inspirativn\u00edm n\u00e1pad\u016fm a&nbsp;nov\u00fdm pohled\u016fm v&nbsp;oblasti p\u0159ed\u0161koln\u00ed v\u00fdchovy m\u00e1 na sv\u00e9m kont\u011b tak\u00e9 autorstv\u00ed pedagogick\u00fdch metodik, spolupracovala na \u010dasov\u011b tematick\u00fdch pl\u00e1nech a&nbsp;sv\u00e9 v\u011bdomosti a&nbsp;zku\u0161enosti d\u00e1le p\u0159ed\u00e1v\u00e1 student\u016fm Pedagogick\u00e9 fakulty UK v&nbsp;Praze.<\/p>\r\n<p><strong>Mgr. Bohumil Kettner<\/strong><br \/>\r\nJi\u017e v&nbsp;roce 1989 za\u010dal p\u016fsobit na FZ\u0160 v&nbsp;Um\u011bleck\u00e9 ulici jako jej\u00ed \u0159editel. Funkci \u0159editele t\u00e9to \u0161koly zast\u00e1v\u00e1 dosud. Pod jeho veden\u00edm obdr\u017eela \u0161kola v&nbsp;roce 2015 titul Vodn\u00ed \u0161kola, byl zde vypracov\u00e1n funk\u010dn\u00ed syst\u00e9m prim\u00e1rn\u00ed prevence, jeho\u017e sou\u010d\u00e1st\u00ed se stala i&nbsp;obl\u00edben\u00e1 sout\u011b\u017e Um\u011bleck\u00e1 m\u00e1 talent. Pod\u00edlel se na vypracov\u00e1n\u00ed \u0161koln\u00edho vzd\u011bl\u00e1vac\u00edho programu s&nbsp;n\u00e1zvem \u0160kola pohody a&nbsp;byl jedn\u00edm z&nbsp;inici\u00e1tor\u016f sn\u00eddan\u00ed ve \u0161kole nebo letn\u00ed \u0161kolky.\u00a0<\/p>\r\n                <\/div>\r\n            <\/div>\r\n        <\/div>\r\n    \r\n        <div class=\"collapse-block\">\r\n            <div class=\"card-header\" role=\"tab\" id=\"heading333fad6198da43b6076683873395ec73b025f378\">\r\n                                        <p data-toggle=\"collapse\" href=\"#collapse333fad6198da43b6076683873395ec73b025f378\" aria-controls=\"collapse333fad6198da43b6076683873395ec73b025f378\">\r\n                            III. Sousedstv\u00ed                            <i class=\"fa fa-2x fa-angle-down\" aria-hidden=\"true\"><\/i>\r\n                        <\/p>\r\n                                \r\n            <\/div>\r\n\r\n            <div id=\"collapse333fad6198da43b6076683873395ec73b025f378\" class=\"collapse\" data-id=\"333fad6198da43b6076683873395ec73b025f378\" role=\"tabpanel\" aria-labelledby=\"heading333fad6198da43b6076683873395ec73b025f378\">\r\n                <div class=\"card-block\">\r\n    \r\n<p><strong>Kl\u00e1ra Cibulkov\u00e1<\/strong><br \/>\r\nAnga\u017eovala se ve prosp\u011bch rekonstrukce \u0161koln\u00edho h\u0159i\u0161t\u011b p\u0159i Z\u0160 TGM na Ortenov\u011b n\u00e1m. Po\u0159\u00e1dala sportovn\u00ed akce (volejbalov\u00fd turnaj, b\u011bh ve Stromovce) a&nbsp;osv\u011btov\u00e9 akce k&nbsp;z\u00edsk\u00e1n\u00ed prost\u0159edk\u016f na obnovu h\u0159i\u0161t\u011b. V&nbsp;r\u00e1mci spolku Doln\u00ed Hole\u0161ovice se pod\u00edl\u00ed na cel\u00e9 \u0159ad\u011b kulturn\u00edch a&nbsp;sousedsk\u00fdch akc\u00ed.<\/p>\r\n<p><strong>Stanislava Drah\u00e1<\/strong><br \/>\r\nStanislava Drah\u00e1 dlouhodob\u011b p\u016fsob\u00ed jako dobrovolnice v&nbsp;neziskov\u00e9 organizaci \u017divot 90. Pravideln\u011b nav\u0161t\u011bvuje osam\u011bl\u00e9 seniory v&nbsp;r\u00e1mci projektu P\u0159\u00e1telsk\u00e9 n\u00e1v\u0161t\u011bvy. \u00da\u010dastn\u00ed se tak\u00e9 mnoha dal\u0161\u00edch dobrovolnick\u00fdch akc\u00ed. V&nbsp;Praze 7 mimo jin\u00e9 velmi intenzivn\u011b pom\u00e1hala v&nbsp;\u00fasp\u011b\u0161n\u00e9m boji proti \u201e\u0161mejd\u016fm\u201c.<\/p>\r\n<p><strong>Radim Dohnal<\/strong><br \/>\r\nDlouhodob\u011b aktivn\u00ed ob\u010dan m\u011bstsk\u00e9 \u010d\u00e1sti Praha&nbsp;7. V\u00fdznamn\u011b se pod\u00edl\u00ed na dobrovolnick\u00fdch aktivit\u00e1ch v&nbsp;m\u011bstsk\u00e9 \u010d\u00e1sti a&nbsp;pod\u011bkov\u00e1n\u00ed mu pat\u0159\u00ed p\u0159edev\u0161\u00edm za organizov\u00e1n\u00ed sousedsk\u00e9ho sb\u011bru \u017eeleza pro dobro\u010dinn\u00e9 \u00fa\u010dely.<\/p>\r\n<p><strong>Filip Volavka<\/strong><br \/>\r\nJe nominov\u00e1n p\u0159edev\u0161\u00edm za projekt Prazelenina. Tento projekt funguje od roku 2012 a&nbsp;nab\u00edz\u00ed lok\u00e1ln\u00ed m\u011bstsk\u00e9 komunit\u011b zahradn\u00edk\u016f, do kter\u00e9 je zv\u00e1n a&nbsp;v\u00edt\u00e1n ka\u017ed\u00fd, kdo tou\u017e\u00ed p\u011bstovat plodiny i&nbsp;mezilidsk\u00e9 vztahy, odpo\u010dinek s&nbsp;lopatkou a&nbsp;hrabi\u010dkami v&nbsp;ruce, mo\u017enost potk\u00e1vat se se sousedy, p\u0159\u00e1teli, zn\u00e1m\u00fdmi \u010di poznat nov\u00e9 a&nbsp;zaj\u00edmav\u00e9 lidi.<\/p>\r\n                <\/div>\r\n            <\/div>\r\n        <\/div>\r\n    \r\n        <div class=\"collapse-block\">\r\n            <div class=\"card-header\" role=\"tab\" id=\"headingb9769d2ef99053126ab9c503ec8845c358fa58d0\">\r\n                                        <p data-toggle=\"collapse\" href=\"#collapseb9769d2ef99053126ab9c503ec8845c358fa58d0\" aria-controls=\"collapseb9769d2ef99053126ab9c503ec8845c358fa58d0\">\r\n                            IV. Dobrovolnictv\u00ed                            <i class=\"fa fa-2x fa-angle-down\" aria-hidden=\"true\"><\/i>\r\n                        <\/p>\r\n                                \r\n            <\/div>\r\n\r\n            <div id=\"collapseb9769d2ef99053126ab9c503ec8845c358fa58d0\" class=\"collapse\" data-id=\"b9769d2ef99053126ab9c503ec8845c358fa58d0\" role=\"tabpanel\" aria-labelledby=\"headingb9769d2ef99053126ab9c503ec8845c358fa58d0\">\r\n                <div class=\"card-block\">\r\n    \r\n<p><strong>Karel Fo\u0159t<\/strong><br \/>\r\nNa Ocen\u011bn\u00ed Zastupitelstva m\u011bstsk\u00e9 \u010d\u00e1sti je navr\u017een pro jeho dlouhodob\u00fd p\u0159\u00ednos v&nbsp;oblasti dobrovolnictv\u00ed. S\u00e1m se aktivn\u011b pod\u00edl\u00ed na udr\u017eov\u00e1n\u00ed \u010distoty v&nbsp;ulic\u00edch a&nbsp;organizuje \u00faklidy v&nbsp;okol\u00ed metra Vltavsk\u00e1.<\/p>\r\n<p><strong>Mgr. Zbyn\u011bk M\u00e1tl<\/strong><br \/>\r\nPodnikatel \u017eij\u00edc\u00ed v&nbsp;Praze 7. Spolu s&nbsp;radn\u00edm Franti\u0161kem Voseck\u00fdm stoj\u00ed za \u00fasp\u011b\u0161n\u00fdm projektem podnikatelsk\u00e9ho inkub\u00e1toru Podnikav\u00e1 Sedmi\u010dka. U&nbsp;projektu stoj\u00ed od \u00fapln\u00e9ho za\u010d\u00e1tku a&nbsp;zcela bez n\u00e1roku na odm\u011bnu ji\u017e n\u011bkolik m\u011bs\u00edc\u016f projekt vede po odborn\u00e9 str\u00e1nce, vyb\u00edr\u00e1 t\u00e9mata vhodn\u00e1 pro \u00fa\u010dastn\u00edky a&nbsp;doporu\u010duje hosty.<\/p>\r\n<p><strong>Ing. Eva Outratov\u00e1<\/strong><br \/>\r\nOd narozen\u00ed bydl\u00ed v&nbsp;Praze 7. P\u0159ed dvaceti lety ode\u0161la do d\u016fchodu a&nbsp;jako spr\u00e1vn\u00fd aktivn\u00ed d\u016fchodce se z\u00e1hy zapojila do aktivit univerzit t\u0159et\u00edho v\u011bku. V&nbsp;r\u00e1mci sv\u00fdch mo\u017enost\u00ed je aktivn\u00edm \u010dlenem sportovn\u00edho odd\u00edlu SPV, kde vede odd\u00edl turist\u016f a&nbsp;p\u0159ipravuje a&nbsp;po\u0159\u00e1d\u00e1 aktivity nejen v&nbsp;Praze, ale i&nbsp;z\u00e1jezdy po zaj\u00edmav\u00fdch m\u00edstech \u010cR. Ji\u017e 18 let je instruktorkou tr\u00e9nov\u00e1n\u00ed pam\u011bti a&nbsp;vede krou\u017eky pro seniory v&nbsp;Praze 7.<\/p>\r\n<p><strong>Mgr. Michal \u0160varn\u00fd<\/strong><br \/>\r\nJi\u017e v\u00edce jak deset let se aktivn\u011b \u00fa\u010dastn\u00ed dobrovolnick\u00fdch akc\u00ed Hnut\u00ed Brontosaurus. Posl\u00e9ze se rozhodl pracovn\u00ed akce po\u0159\u00e1dat i&nbsp;pro ostatn\u00ed a&nbsp;d\u00e1t tak p\u0159\u00edle\u017eitost mnoha des\u00edtk\u00e1m mlad\u00fdch lid\u00ed smyslupln\u011b tr\u00e1vit voln\u00fd \u010das. V&nbsp;roce 2016 byl zvolen p\u0159edsedou Hnut\u00ed Brontosaurus. Jeho nad\u0161en\u00ed a&nbsp;energie spolu s&nbsp;preciznost\u00ed a&nbsp;zodpov\u011bdnost\u00ed z&nbsp;n\u011bj d\u011bl\u00e1 \u010dlov\u011bka na sv\u00e9m m\u00edst\u011b, kter\u00fd se velmi kvalitn\u011b star\u00e1 o&nbsp;to, aby ka\u017edoro\u010dn\u011b d\u00edky HB pom\u00e1halo v\u00edce jak 100&nbsp;000 dobrovoln\u00edk\u016f na 150 p\u0159\u00edrodn\u00edch a&nbsp;pam\u00e1tkov\u00fdch lokalit\u00e1ch po cel\u00e9 \u010cR.<\/p>\r\n<p><strong>Mgr. Franti\u0161ek Tich\u00fd<\/strong><br \/>\r\nVystudoval P\u0159\u00edrodov\u011bdeckou fakultu UK a&nbsp;v&nbsp;roce 1993 zalo\u017eil s&nbsp;p\u0159\u00e1teli alternativn\u00ed Gymn\u00e1zium P\u0159\u00edrodn\u00ed \u0161kola, kde pracuje dodnes. O&nbsp;historii a&nbsp;pedagogick\u00fdch zku\u0161enostech napsal knihu P\u0159\u00edrodn\u00ed \u0161kola &#8211; cesta jako c\u00edl. Od roku 2009 se se sv\u00fdmi studenty intenzivn\u011b v\u011bnuje problematice \u017eivota a&nbsp;tvorb\u011b d\u011bt\u00ed v&nbsp;terez\u00ednsk\u00e9m ghettu. V&nbsp;roce 2014 vydal \u017eivotopisnou knihu Petra Ginze s&nbsp;n\u00e1zvem \u201ePrinc se \u017elutou hv\u011bzdou\u201c. V&nbsp;lo\u0148sk\u00e9m roce napsal a&nbsp;se studenty nastudoval divadeln\u00ed hru Terez\u00ednsk\u00e9 zvony, kter\u00e1 se v\u011bnuje \u017eivotu v&nbsp;d\u011btsk\u00e9m domov\u011b Ne\u0161arim.<\/p>\r\n                <\/div>\r\n            <\/div>\r\n        <\/div>\r\n    \r\n        <div class=\"collapse-block\">\r\n            <div class=\"card-header\" role=\"tab\" id=\"headingdba17adcc269403cb2d01719a9689c2cb69721bc\">\r\n                                        <p data-toggle=\"collapse\" href=\"#collapsedba17adcc269403cb2d01719a9689c2cb69721bc\" aria-controls=\"collapsedba17adcc269403cb2d01719a9689c2cb69721bc\">\r\n                            V. Za pomoc v nouzi                            <i class=\"fa fa-2x fa-angle-down\" aria-hidden=\"true\"><\/i>\r\n                        <\/p>\r\n                                \r\n            <\/div>\r\n\r\n            <div id=\"collapsedba17adcc269403cb2d01719a9689c2cb69721bc\" class=\"collapse\" data-id=\"dba17adcc269403cb2d01719a9689c2cb69721bc\" role=\"tabpanel\" aria-labelledby=\"headingdba17adcc269403cb2d01719a9689c2cb69721bc\">\r\n                <div class=\"card-block\">\r\n    \r\n<p><strong>doc. JUDr. Kristina Koldinsk\u00e1, Ph.D.<\/strong><br \/>\r\nDlouhodob\u011b se v\u011bnuje pr\u00e1ci s&nbsp;pot\u0159ebn\u00fdmi. Na ocen\u011bn\u00ed je nominov\u00e1na p\u0159edev\u0161\u00edm za pomoc p\u0159i \u0159e\u0161en\u00ed sv\u00edzeln\u00e9 \u017eivotn\u00ed situace hendikepovan\u00e9 seniorky. Pan\u00ed Koldinsk\u00e1 se u&nbsp;n\u00ed aktivn\u011b zasadila o&nbsp;zaji\u0161t\u011bn\u00ed pot\u0159ebn\u00e9 l\u00e9ka\u0159sk\u00e9 p\u00e9\u010de a&nbsp;tak\u00e9 pomohla \u0159e\u0161it jej\u00ed situaci se soci\u00e1ln\u00edmi kur\u00e1tory.<\/p>\r\n<p><strong>Hana \u0160indlerov\u00e1<\/strong><br \/>\r\nProst\u0159ednictv\u00edm sv\u00e9 firmy od dubna 2016 opakovan\u011b p\u0159isp\u00edv\u00e1 krabic\u00ed plnou marmel\u00e1d d\u011btem z&nbsp;Azylov\u00e9ho domu Otev\u0159en\u00e9 srdce. Matky s&nbsp;d\u011btmi zde \u010dasto \u017eij\u00ed na hranici \u017eivotn\u00edho minima a&nbsp;bohu\u017eel i&nbsp;na j\u00eddle mus\u00ed \u0161et\u0159it. Jedn\u00edm z&nbsp;jejich nejobl\u00edben\u011bj\u0161\u00edch j\u00eddel b\u00fdvaj\u00ed pala\u010dinky s&nbsp;marmel\u00e1dou.<\/p>\r\n                <\/div>\r\n            <\/div>\r\n        <\/div>\r\n    \r\n        <div class=\"collapse-block\">\r\n            <div class=\"card-header\" role=\"tab\" id=\"heading9d3729614a2d6e4dd29b1b40e1addd914bbf8a4a\">\r\n                                        <p data-toggle=\"collapse\" href=\"#collapse9d3729614a2d6e4dd29b1b40e1addd914bbf8a4a\" aria-controls=\"collapse9d3729614a2d6e4dd29b1b40e1addd914bbf8a4a\">\r\n                            VI. Zdravotnictv\u00ed                            <i class=\"fa fa-2x fa-angle-down\" aria-hidden=\"true\"><\/i>\r\n                        <\/p>\r\n                                \r\n            <\/div>\r\n\r\n            <div id=\"collapse9d3729614a2d6e4dd29b1b40e1addd914bbf8a4a\" class=\"collapse\" data-id=\"9d3729614a2d6e4dd29b1b40e1addd914bbf8a4a\" role=\"tabpanel\" aria-labelledby=\"heading9d3729614a2d6e4dd29b1b40e1addd914bbf8a4a\">\r\n                <div class=\"card-block\">\r\n    \r\n<p><strong>MUDr. Helena Korbel\u00e1\u0159ov\u00e1<\/strong><br \/>\r\nL\u00e9ka\u0159ka p\u016fsob\u00edc\u00ed v&nbsp;Praze 7. Se sv\u00fdmi pacienty si um\u00ed za v\u0161ech okolnost\u00ed poradit. MUDr. Korbel\u00e1\u0159ov\u00e1 m\u00e1 sv\u00e9 origin\u00e1ln\u00ed, velice hum\u00e1nn\u00ed a&nbsp;hrav\u00e9 metody p\u0159\u00edstupu k&nbsp;d\u011btem. Nab\u00e1d\u00e1 rodi\u010de &#8222;volejte kdykoliv&#8220;, tedy i&nbsp;v&nbsp;noci. Je neb\u00fdvale empatick\u00e1. Nest\u00e1v\u00e1 se \u010dasto, \u017ee by se d\u011bti t\u011b\u0161ily k&nbsp;l\u00e9ka\u0159i.<\/p>\r\n<p><strong> MUDr. Jarmila Olmerov\u00e1<\/strong><br \/>\r\nPracuje jako praktick\u00e1 l\u00e9ka\u0159ka pro dosp\u011bl\u00e9 v&nbsp;Hole\u0161ovic\u00edch souvisle ji\u017e od roku 1970 &#8211; tedy 46 let. Letos v&nbsp;listopadu ji \u010dek\u00e1 \u017eivotn\u00ed jubileum. Je velkou profesion\u00e1lkou, zdravotn\u00ed p\u00e9\u010di po celou dobu poskytuje na vynikaj\u00edc\u00ed \u00farovni, pacienti si j\u00ed velmi v\u00e1\u017e\u00ed, pe\u010duje ji\u017e o&nbsp;vnou\u010data a&nbsp;pravnou\u010data sv\u00fdch prvn\u00edch pacient\u016f. Svou pracovn\u00ed aktivitou dod\u00e1v\u00e1 \u017eivotn\u00ed optimismus i&nbsp;t\u00e9 nejstar\u0161\u00ed generaci a&nbsp;z\u00e1rove\u0148 je d\u00edky sv\u00fdm zku\u0161enostem a&nbsp;schopnosti vst\u0159eb\u00e1vat a&nbsp;vyu\u017e\u00edvat novinky v&nbsp;oboru vynikaj\u00edc\u00ed l\u00e9ka\u0159kou i&nbsp;pro generaci mlad\u0161\u00ed.<\/p>\r\n<p><strong>MUDr. Eli\u0161ka Sl\u00e1dkov\u00e1<\/strong><br \/>\r\nL\u00e9ka\u0159ka, dlouhodob\u011b p\u016fsob\u00edc\u00ed v&nbsp;Praze 7. Od \u0159\u00edjna 2016 bude pracovat ji\u017e jen na p\u016fl \u00favazku, brzy ordinaci p\u0159ed\u00e1 a&nbsp;odejde do d\u016fchodu. Je velice dobrou a&nbsp;starostlivou l\u00e9ka\u0159kou, kter\u00e1 pomohla mnoha lidem k&nbsp;lep\u0161\u00edmu zdrav\u00ed a&nbsp;t\u00edm i&nbsp;k&nbsp;lep\u0161\u00edmu \u017eivotu. V\u017edy r\u00e1da komukoli pom\u016f\u017ee, pokud se vyskytnou n\u011bjak\u00e9 medic\u00ednsk\u00e9 probl\u00e9my.<\/p>\r\n                <\/div>\r\n            <\/div>\r\n        <\/div>\r\n    \r\n        <div class=\"collapse-block\">\r\n            <div class=\"card-header\" role=\"tab\" id=\"headingc99303276dd26b6fe71fb12d98e189fc3cbf7c85\">\r\n                                        <p data-toggle=\"collapse\" href=\"#collapsec99303276dd26b6fe71fb12d98e189fc3cbf7c85\" aria-controls=\"collapsec99303276dd26b6fe71fb12d98e189fc3cbf7c85\">\r\n                            VII. \u0160\u00ed\u0159en\u00ed dobr\u00e9ho jm\u00e9na                            <i class=\"fa fa-2x fa-angle-down\" aria-hidden=\"true\"><\/i>\r\n                        <\/p>\r\n                                \r\n            <\/div>\r\n\r\n            <div id=\"collapsec99303276dd26b6fe71fb12d98e189fc3cbf7c85\" class=\"collapse\" data-id=\"c99303276dd26b6fe71fb12d98e189fc3cbf7c85\" role=\"tabpanel\" aria-labelledby=\"headingc99303276dd26b6fe71fb12d98e189fc3cbf7c85\">\r\n                <div class=\"card-block\">\r\n    \r\n<p><strong>Ari Lieberman<\/strong><br \/>\r\nMnoho let se nezi\u0161tn\u011b v\u011bnuje nat\u00e1\u010den\u00ed a&nbsp;psan\u00ed \u010dl\u00e1nk\u016f o&nbsp;akc\u00edch v&nbsp;Praze 7. Nejen informuje, ale tak\u00e9 zve\u0159ej\u0148uje p\u0159enosy ze zased\u00e1n\u00ed Zastupitelstva M\u010c Praha&nbsp;7 na sv\u00e9m <a href=\"http:\/\/www.tvPraha7.cz\" target=\"_blank\" rel=\"noopener\">webu<\/a>. Kdekoliv se n\u011bco v&nbsp;Praze 7 d\u011bje, je u&nbsp;toho, nat\u00e1\u010d\u00ed, zpov\u00edd\u00e1, p\u00ed\u0161e, rad\u00ed a&nbsp;sna\u017e\u00ed se pomoci, pokud je t\u0159eba.<\/p>\r\n                <\/div>\r\n            <\/div>\r\n        <\/div>\r\n    \r\n        <div class=\"collapse-block\">\r\n            <div class=\"card-header\" role=\"tab\" id=\"headingbb6f05a920c461a87b1a63a5932c7f6e3765799c\">\r\n                                        <p data-toggle=\"collapse\" href=\"#collapsebb6f05a920c461a87b1a63a5932c7f6e3765799c\" aria-controls=\"collapsebb6f05a920c461a87b1a63a5932c7f6e3765799c\">\r\n                            VIII. Z\u00e1sluhy v oblasti kutury                            <i class=\"fa fa-2x fa-angle-down\" aria-hidden=\"true\"><\/i>\r\n                        <\/p>\r\n                                \r\n            <\/div>\r\n\r\n            <div id=\"collapsebb6f05a920c461a87b1a63a5932c7f6e3765799c\" class=\"collapse\" data-id=\"bb6f05a920c461a87b1a63a5932c7f6e3765799c\" role=\"tabpanel\" aria-labelledby=\"headingbb6f05a920c461a87b1a63a5932c7f6e3765799c\">\r\n                <div class=\"card-block\">\r\n    \r\n<p><strong>PhDr. Kate\u0159ina Ebelov\u00e1, Ph.D.<\/strong><br \/>\r\nPracuje v&nbsp;Galerii Scarabeus, kter\u00e1 od roku 1996 po\u0159\u00e1d\u00e1 m\u011bs\u00edc co m\u011bs\u00edc v\u00fdstavy o&nbsp;historii Prahy&nbsp;7, um\u011bleck\u00fdch osobnostech, kter\u00e9 tu \u017eily apod. Po\u0159\u00e1d\u00e1 Letensk\u00fd masopust, hraje divadlo, zkr\u00e1tka o\u017eivila kulturn\u00ed oblast ji\u017e v&nbsp;dob\u011b, kdy byl kulturn\u00ed \u017eivot v&nbsp;Praze 7 je\u0161t\u011b v&nbsp;plenk\u00e1ch.<\/p>\r\n<p><strong>Mgr. MgA. Petr Lou\u017eensk\u00fd<\/strong><br \/>\r\nSbormistr Koncertn\u00edho odd\u011blen\u00ed K\u00fchnova d\u011btsk\u00e9ho sboru. V&nbsp;t\u00e9to pozici p\u016fsob\u00ed od roku 2009. Sbor pod jeho veden\u00edm z\u00edskal v&nbsp;z\u00e1\u0159\u00ed 2010 cenu Grand Prix na jedn\u00e9 z&nbsp;nejv\u011bt\u0161\u00edch sborov\u00fdch sout\u011b\u017e\u00ed na sv\u011bt\u011b v&nbsp;italsk\u00e9m Arezzu. Petr Lou\u017eensk\u00fd zde z\u00e1rove\u0148 obdr\u017eel i&nbsp;zvl\u00e1\u0161tn\u00ed cenu pro nejlep\u0161\u00edho dirigenta cel\u00e9 sout\u011b\u017ee. V&nbsp;roce 2013 pak K\u00fchn\u016fv d\u011btsk\u00fd sbor dovedl k&nbsp;v\u00edt\u011bzstv\u00ed v&nbsp;presti\u017en\u00ed sout\u011b\u017ei ve \u0161pan\u011blsk\u00e9 Tolose. Spolupracuje s&nbsp;mnoha dal\u0161\u00edmi p\u011bveck\u00fdmi sbory.<\/p>\r\n<p><strong>PhDr. Jan Pirner<\/strong><br \/>\r\nSbormistr sboru Radost p\u0159i ZU\u0160 v&nbsp;\u0160im\u00e1\u010dkov\u011b ulici v&nbsp;pra\u017esk\u00fdch Hole\u0161ovic\u00edch. Pat\u0159\u00ed k&nbsp;nejmlad\u0161\u00ed generaci sbormistr\u016f. Je\u0161t\u011b p\u0159ed n\u011bkolika lety zp\u00edval v&nbsp;Pueri gaudentes, co\u017e je chlapeck\u00fd prot\u011bj\u0161ek Radosti. Sborov\u00e9 zp\u00edv\u00e1n\u00ed je kolektivn\u00ed \u010dinnost, p\u0159i kter\u00e9 v\u0161ak z\u00e1le\u017e\u00ed na ka\u017ed\u00e9m jednotlivci. P\u011bstuje proto v&nbsp;d\u011btech smysl pro t\u00fdmovou pr\u00e1ci a&nbsp;roz\u0161i\u0159uje jejich soci\u00e1ln\u00ed v\u00fdbavu.<\/p>\r\n<p><strong>Mgr. Ing. Libor Sl\u00e1dek<\/strong><br \/>\r\nSbormistrem Pueri gaudentes. St\u00e1v\u00e1 se jen z\u0159\u00eddkakdy, \u017ee vystudovan\u00fd stavebn\u00ed in\u017een\u00fdr opust\u00ed projektovou kancel\u00e1\u0159 a&nbsp;v\u011bnuje se zcela pr\u00e1ci s&nbsp;ml\u00e1de\u017e\u00ed. Jako profesor Gymn\u00e1zia Nad Kaval\u00edrkou v&nbsp;Praze 5 vystudoval je\u0161t\u011b dva, resp. t\u0159i hudebn\u00ed obory na Pedagogick\u00e9 fakult\u011b UK v&nbsp;Praze (hudebn\u00ed v\u00fdchova, sbormistrovstv\u00ed a&nbsp;sbormistrovstv\u00ed chr\u00e1mov\u00e9 hudby) a&nbsp;zcela se zapojil do hudebn\u00edho \u017eivota ml\u00e1de\u017ee. Medi\u00e1ln\u00ed ocen\u011bn\u00ed Zlat\u00fd \u00c1mos bylo evokov\u00e1no pr\u00e1v\u011b t\u00edmto obapoln\u00fdm vztahem zap\u00e1len\u00e9ho u\u010ditele a&nbsp;nad\u0161en\u00fdch \u017e\u00e1k\u016f.<\/p>\r\n                <\/div>\r\n            <\/div>\r\n        <\/div>\r\n    \r\n        <div class=\"collapse-block\">\r\n            <div class=\"card-header\" role=\"tab\" id=\"headingc334882fa701c289eafdb8cd281efa551ad8d6aa\">\r\n                                        <p data-toggle=\"collapse\" href=\"#collapsec334882fa701c289eafdb8cd281efa551ad8d6aa\" aria-controls=\"collapsec334882fa701c289eafdb8cd281efa551ad8d6aa\">\r\n                            IX. Z\u00e1sluhy v oblasti sportu                            <i class=\"fa fa-2x fa-angle-down\" aria-hidden=\"true\"><\/i>\r\n                        <\/p>\r\n                                \r\n            <\/div>\r\n\r\n            <div id=\"collapsec334882fa701c289eafdb8cd281efa551ad8d6aa\" class=\"collapse\" data-id=\"c334882fa701c289eafdb8cd281efa551ad8d6aa\" role=\"tabpanel\" aria-labelledby=\"headingc334882fa701c289eafdb8cd281efa551ad8d6aa\">\r\n                <div class=\"card-block\">\r\n    \r\n<p><strong>Mgr. Eva Pa\u010desov\u00e1<\/strong><br \/>\r\nPracovala 33 let v&nbsp;DDM Praha&nbsp;7. Zalo\u017eila zde krou\u017eek rytmiky, ze kter\u00e9ho pozd\u011bji vznikl tane\u010dn\u00ed klub Silueta. Letos tento klub slav\u00ed \u010dtvrt stolet\u00ed. Eva odchovala tane\u010dn\u00edky, sportovce, mistry republiky, mistry sv\u011bta i&nbsp;\u00fasp\u011b\u0161n\u00e9 tren\u00e9ry. Ti se s&nbsp;oblibou vracej\u00ed na m\u00edsto \u010dinu a&nbsp;vedou dal\u0161\u00ed a&nbsp;dal\u0161\u00ed d\u011bti, ze kter\u00fdch vyr\u016fstaj\u00ed nejen mist\u0159i sv\u00e9ho oboru, ale p\u0159edev\u0161\u00edm lid\u00e9, kte\u0159\u00ed d\u00e1le p\u0159ed\u00e1vaj\u00ed poselstv\u00ed Evy Pa\u010desov\u00e9 \u2013 my\u0161lenku spole\u010dn\u00e9ho d\u00edla a&nbsp;d\u016fsledn\u00e9 pr\u00e1ce na sv\u00e9m rozvoji a&nbsp;kvalitn\u00edho vyu\u017eit\u00ed voln\u00e9ho \u010dasu.<\/p>\r\n<p><strong>Ing. Eva Petrov\u00e1<\/strong><br \/>\r\nAktivn\u00ed \u010dlenka TJ Sokol Praha VII. Dlouhodob\u011b se v\u011bnuje sportu a&nbsp;rozvoji t\u011blov\u00fdchovy d\u011bt\u00ed a&nbsp;ml\u00e1de\u017ee v&nbsp;Praze 7.<\/p>\r\n                <\/div>\r\n            <\/div>\r\n        <\/div>\r\n    \r\n<p>&nbsp;<\/p>\r\n<div class=\"shortcode-container container-fluid no-bottom-padding division-detail  \">    \n    <div class=\"row\">\n\t\t <div class=\"row div-dept\">\n            <div class=\"col-xs-12 col-md-12 contact-info\">\n                <h4>Kontakt<\/h4>\n                <span>                   \n                    \u00da\u0159ad m\u011bstsk\u00e9 \u010d\u00e1sti Praha 7                   \n                <\/span><br>\n                <span>\n                    Odbor kultury a sportu\n                <\/span><br>\n                    <span>\n                        U Pr\u016fhonu 1338\/38\n                    <\/span><br>\n                    <span>\n                        Praha 7\n                    <\/span><br>\n                \n                \n\n            <\/div>\n        <\/div>\n    <\/div>\n<\/div>\r\n\n<div class=\"shortcode-container no-bottom-padding  \">    \n\t<div class=\"row\">\n\t\t<div class=\"col-xs-12 col-md-7\">\n\t\t\t<h3><\/h3>\n\t\t<\/div>\n\t<\/div>\n\t<div class=\"row\">\n\t\t<div class=\"col-xs-12 col-md-12 office_hours_info\">\n\t\t\t\n\t\t<\/div>\t\n\t<\/div>\n<\/div>\r\n<div class=\"shortcode-container container-fluid no-bottom-padding \">\n\t<div class=\"row shortcode-row no-bottom-border\">\n\t\t <div class=\"row contact-item\">\n\t\t\t<div class=\"col-xs-4 col-md-2 contact-photo\">\t\t\n\t\t\t\t<img src=\"https:\/\/www.praha7.cz\/wp-content\/uploads\/2017\/11\/lukas-fator.png\" alt=\"placeholder\">\n\t\t\t<\/div>\n\t\t\t<div class=\"col-xs-8 col-md-5 contact-info\">\n\t\t\t\t<h3>F\u00e1tor Luk\u00e1\u0161, Bc., DiS.<\/h3>\n\t\t\t\t<span>vedouc\u00ed odboru<\/span><br>\n\t\t\t\t<span>dve\u0159e 7.03<\/span><br>\n\t\t\t\t<span>tel. <a>+420220144013<\/a><\/span><br>\n                <span>gsm. <a href=\"tel:+420732410734\">+420732410734<\/a><\/span><br>\n\t\t\t\t<a href=\"mailto:fatorl@praha7.cz\">fatorl@praha7.cz<\/a><br>\n\t\t\t<\/div>\n\t\t<\/div>\n\t<\/div>\n<\/div>","protected":false},"excerpt":{"rendered":"[perex] Krom\u011b \u010destn\u00fdch ob\u010danstv\u00ed ud\u011bluje sedm\u00e1 m\u011bstsk\u00e1 \u010d\u00e1st tak\u00e9 ceny Prahy&nbsp;7 a&nbsp;dal\u0161\u00ed ocen\u011bn\u00ed. T\u00edmto zp\u016fsobem radnice vzd\u00e1v\u00e1 hold zn\u00e1m\u00fdm i&nbsp;m\u00e9n\u011b zn\u00e1m\u00fdm osobnostem, kter\u00e9 si za svou prosp\u011b\u0161nou \u010dinnost v&nbsp;nejr\u016fzn\u011bj\u0161\u00edch oblastech \u017eivota zaslou\u017e\u00ed uzn\u00e1n\u00ed a&nbsp;vd\u011bk. [\/perex] K&nbsp;ud\u00edlen\u00ed Cen Prahy&nbsp;7 a&nbsp;dal\u0161\u00edch ocen\u011bn\u00ed m\u011bstsk\u00e1 \u010d\u00e1st p\u0159ikro\u010dila v&nbsp;letech 2005, 2006, 2008, 2010, 2012, 2014, 2016, 2019 a&nbsp;2024.\u00a0 Ocen\u011bn\u00ed [&hellip;]","protected":false},"author":17,"featured_media":0,"parent":6113,"menu_order":0,"comment_status":"closed","ping_status":"closed","template":"","meta":[],"_links":{"self":[{"href":"https:\/\/www.praha7.cz\/api\/wp\/v2\/pages\/6388"}],"collection":[{"href":"https:\/\/www.praha7.cz\/api\/wp\/v2\/pages"}],"about":[{"href":"https:\/\/www.praha7.cz\/api\/wp\/v2\/types\/page"}],"author":[{"embeddable":true,"href":"https:\/\/www.praha7.cz\/api\/wp\/v2\/users\/17"}],"replies":[{"embeddable":true,"href":"https:\/\/www.praha7.cz\/api\/wp\/v2\/comments?post=6388"}],"version-history":[{"count":36,"href":"https:\/\/www.praha7.cz\/api\/wp\/v2\/pages\/6388\/revisions"}],"predecessor-version":[{"id":79368,"href":"https:\/\/www.praha7.cz\/api\/wp\/v2\/pages\/6388\/revisions\/79368"}],"up":[{"embeddable":true,"href":"https:\/\/www.praha7.cz\/api\/wp\/v2\/pages\/6113"}],"wp:attachment":[{"href":"https:\/\/www.praha7.cz\/api\/wp\/v2\/media?parent=6388"}],"curies":[{"name":"wp","href":"https:\/\/api.w.org\/{rel}","templated":true}]}}