    
{"id":6367,"date":"2017-09-22T17:40:50","date_gmt":"2017-09-22T15:40:50","guid":{"rendered":"https:\/\/praha7.cz\/?page_id=6367"},"modified":"2025-08-11T09:15:04","modified_gmt":"2025-08-11T07:15:04","slug":"preruseni-a-pokracovani-v-provozovani-zemedelske-vyroby","status":"publish","type":"page","link":"https:\/\/www.praha7.cz\/potrebuji-zaridit\/podnikani\/zemedelske-podnikani\/preruseni-a-pokracovani-v-provozovani-zemedelske-vyroby\/","title":{"rendered":"P\u0159eru\u0161en\u00ed a&nbsp;pokra\u010dov\u00e1n\u00ed v&nbsp;provozov\u00e1n\u00ed zem\u011bd\u011blsk\u00e9 v\u00fdroby"},"content":{"rendered":"<p>[perex]<\/p>\r\n<p>P\u0159eru\u0161en\u00ed provozov\u00e1n\u00ed zem\u011bd\u011blsk\u00e9 v\u00fdroby na dobu del\u0161\u00ed ne\u017e 6 m\u011bs\u00edc\u016f je zem\u011bd\u011blsk\u00fd podnikatel povinen bez zbyte\u010dn\u00e9ho odkladu ozn\u00e1mit obecn\u00edmu \u00fa\u0159adu obce s&nbsp;roz\u0161\u00ed\u0159enou p\u016fsobnost\u00ed.\u00a0Provozov\u00e1n\u00ed zem\u011bd\u011blsk\u00e9 v\u00fdroby se pova\u017euje za p\u0159eru\u0161en\u00e9 dnem doru\u010den\u00ed ozn\u00e1men\u00ed podle v\u011bty prvn\u00ed, nebo dnem pozd\u011bj\u0161\u00edm, uveden\u00fdm v&nbsp;ozn\u00e1men\u00ed.<\/p>\r\n<p>[\/perex]<\/p>\r\n<p>Ozn\u00e1men\u00ed o&nbsp;p\u0159eru\u0161en\u00ed nebo pokra\u010dov\u00e1n\u00ed v&nbsp;provozov\u00e1n\u00ed zem\u011bd\u011blsk\u00e9 v\u00fdroby lze podat u&nbsp;kter\u00e9hokoliv obecn\u00edho \u00fa\u0159adu obce s&nbsp;roz\u0161\u00ed\u0159enou p\u016fsobnost\u00ed.<\/p>\r\n<p>Pokud m\u00e1 zem\u011bd\u011blsk\u00fd podnikatel v&nbsp;\u00famyslu pokra\u010dovat v&nbsp;provozov\u00e1n\u00ed zem\u011bd\u011blsk\u00e9 v\u00fdroby p\u0159ed uplynut\u00edm doby, na kterou bylo provozov\u00e1n\u00ed zem\u011bd\u011blsk\u00e9 v\u00fdroby p\u0159eru\u0161eno, je to povinen op\u011bt p\u0159edem p\u00edsemn\u011b ozn\u00e1mit obecn\u00edmu \u00fa\u0159adu obce s&nbsp;roz\u0161\u00ed\u0159enou p\u016fsobnost\u00ed. V&nbsp;provozov\u00e1n\u00ed zem\u011bd\u011blsk\u00e9 v\u00fdroby m\u016f\u017ee zem\u011bd\u011blsk\u00fd podnikatel pokra\u010dovat dnem, jeho\u017e datum v&nbsp;\u017e\u00e1dosti uvede, nejd\u0159\u00edve v\u0161ak ke dni, kdy bylo ozn\u00e1men\u00ed o&nbsp;pokra\u010dov\u00e1n\u00ed v&nbsp;provozov\u00e1n\u00ed zem\u011bd\u011blsk\u00e9 v\u00fdroby obecn\u00edmu \u00fa\u0159adu obce s&nbsp;roz\u0161\u00ed\u0159enou p\u016fsobnost\u00ed doru\u010deno.<\/p>\r\n<hr \/>\r\n<p><span style=\"color: #0000ff;\"><strong>JAK<\/strong><\/span><\/p>\r\n<ul>\r\n\t<li style=\"text-align: left;\"><a href=\"https:\/\/www.praha7.cz\/radnice\/organizacni-struktura\/odbor-zivnostensky\/\">\u017divnostensk\u00fd odbor \u00da\u0159adu m\u011bstsk\u00e9 \u010d\u00e1sti Praha&nbsp;7<\/a> naleznete v&nbsp;<strong>1.&nbsp;pat\u0159e budovy, p\u0159\u00edjem klient\u016f prob\u00edh\u00e1 v&nbsp;kancel\u00e1\u0159\u00edch \u010d. \u00a01.12 \u2013 1.13 (pracovi\u0161t\u011b 14 a&nbsp;15).<br \/>\r\n<br \/>\r\n<\/strong><\/li>\r\n\t<li>P\u0159i osobn\u00ed n\u00e1v\u0161t\u011bv\u011b s&nbsp;v\u00e1mi referent vypln\u00ed p\u0159\u00edslu\u0161n\u00fd formul\u00e1\u0159 p\u0159\u00edmo na m\u00edst\u011b.<br \/>\r\n<br \/>\r\n<\/li>\r\n\t<li><strong>V \u00fa\u0159edn\u00edch hodin\u00e1ch je funk\u010dn\u00ed vyvol\u00e1vac\u00ed za\u0159\u00edzen\u00ed, na kter\u00e9m si navol\u00edte tla\u010d\u00edtko V\u00fddej pod\u00e1n\u00ed u\u010din\u011bn\u00e9 na pracovi\u0161t\u00edch 14 a&nbsp;15.<br \/>\r\n<br \/>\r\n<\/strong><\/li>\r\n\t<li><strong>Lze vyu\u017e\u00edt mo\u017enosti objednat se <a href=\"https:\/\/rezervace.praha7.cz\/obj\/?id=1095\">online<\/a>\u00a0na konkr\u00e9tn\u00ed den a&nbsp;hodinu.<br \/>\r\n<br \/>\r\n<\/strong><\/li>\r\n\t<li>Pod\u00e1n\u00ed lze t\u00e9\u017e podat na p\u0159\u00edslu\u0161n\u00fdch formul\u00e1\u0159\u00edch p\u0159\u00edmo do podatelny \u00da\u0159adu m\u011bstsk\u00e9 \u010d\u00e1sti Praha&nbsp;7, zaslat prost\u0159ednictv\u00edm dr\u017eitele po\u0161tovn\u00ed licence, zaslat elektronicky prost\u0159ednictv\u00edm datov\u00e9 schr\u00e1nky (ID r44b2x7) nebo zaslat elektronicky do podatelny \u00da\u0159adu m\u011bstsk\u00e9 \u010d\u00e1sti Praha&nbsp;7 se zaru\u010den\u00fdm elektronick\u00fdm podpisem (e-mail: <a href=\"mailto:podatelna@praha7.cz\">podatelna@praha7.cz<\/a>).<br \/>\r\n<br \/>\r\n<\/li>\r\n\t<li>\u017d\u00e1dost o&nbsp;z\u00e1pis do evidence zem\u011bd\u011blsk\u00e9ho podnikatele lze podat u&nbsp;kter\u00e9hokoliv obecn\u00edho \u00fa\u0159adu obce s&nbsp;roz\u0161\u00ed\u0159enou p\u016fsobnost\u00ed.<\/li>\r\n<\/ul>\r\n<hr \/>\r\n<p><span style=\"color: #0000ff;\"><strong>CO MUS\u00cdM M\u00cdT S&nbsp;SEBOU<\/strong><\/span><\/p>\r\n<p><strong>Fyzick\u00e1 osoba:<\/strong>\u00a0doklad toto\u017enosti<br \/>\r\n<strong>Pr\u00e1vnick\u00e1 osoba:<\/strong>\u00a0doklad toto\u017enosti osoby opr\u00e1vn\u011bn\u00e9 jednat jm\u00e9nem pr\u00e1vnick\u00e9 osoby<br \/>\r\n<strong>Zmocn\u011bn\u00e1 osoba:<\/strong> doklad toto\u017enosti zmocn\u011bn\u00e9 osoby; plnou moc k&nbsp;zastupov\u00e1n\u00ed\u00a0\u00a0<\/p>\r\n<hr \/>\r\n<p><span style=\"color: #0000ff;\"><strong>SPR\u00c1VN\u00cd POPLATEK<\/strong><\/span><\/p>\r\n<p>Nepodl\u00e9h\u00e1 spr\u00e1vn\u00edmu poplatku.<\/p>\r\n<hr \/>\r\n<p><span style=\"color: #0000ff;\"><strong>LH\u016eTA PRO VY\u0158\u00cdZEN\u00cd<\/strong><\/span><\/p>\r\n<p>Bez zbyte\u010dn\u00e9ho odkladu, jsou-li spln\u011bny v\u0161echny podm\u00ednky stanoven\u00e9 <a href=\"https:\/\/www.zakonyprolidi.cz\/cs\/1997-252\" target=\"_blank\" rel=\"noopener\">z\u00e1konem \u010d. 252\/1997 Sb.<\/a>, o&nbsp;zem\u011bd\u011blstv\u00ed, v\u00a0platn\u00e9m zn\u011bn\u00ed.<\/p>\r\n<div class=\"shortcode-container container-fluid no-bottom-padding division-detail  \">    \n    <div class=\"row\">\n\t\t <div class=\"row div-dept\">\n            <div class=\"col-xs-12 col-md-12 contact-info\">\n                <h4>Kontakt<\/h4>\n                <span>                   \n                    \u00da\u0159ad m\u011bstsk\u00e9 \u010d\u00e1sti Praha 7                   \n                <\/span><br>\n                <span>\n                    Odbor \u017eivnostensk\u00fd\n                <\/span><br>\n                    <span>\n                        U Pr\u016fhonu 1338\/38\n                    <\/span><br>\n                \n                \n\n            <\/div>\n        <\/div>\n    <\/div>\n<\/div>\r\n\n<div class=\"shortcode-container no-bottom-padding  \">    \n\t<div class=\"row\">\n\t\t<div class=\"col-xs-12 col-md-7\">\n\t\t\t<h3>Odbor \u017eivnostensk\u00fd<\/h3>\n\t\t<\/div>\n\t<\/div>\n\t\t<div class=\"row\">\n\t\t\t<div class=\"col-xs-12 col-sm-4 col-md-3\">\n\t\t\t\t<span>pond\u011bl\u00ed a st\u0159eda<\/span>\n\t\t\t<\/div>\n\t\t\t\t<div class=\"col-xs-6 col-sm-4 col-md-3\">\n\t\t\t\t\t<span>7.30\u201312.00<\/span>\n\t\t\t\t<\/div>\n\t\t\t\t\t<div class=\"col-xs-6 col-sm-4 col-md-3\">\n\t\t\t\t\t\t<span>13.00\u201318.00<\/span>\n\t\t\t\t\t<\/div>\n\t\t<\/div>\n\t\t<div class=\"row\">\n\t\t\t<div class=\"col-xs-12 col-sm-4 col-md-3\">\n\t\t\t\t<span>\u00fater\u00fd a \u010dtvrtek<\/span>\n\t\t\t<\/div>\n\t\t\t\t<div class=\"col-xs-12 col-sm-8 col-md-9\">\n\t\t\t\t\t<span>po objedn\u00e1n\u00ed online<\/span>\n\t\t\t\t<\/div>\n\t\t<\/div>\n\t<div class=\"row\">\n\t\t<div class=\"col-xs-12 col-md-12 office_hours_info\">\n\t\t\t\n\t\t<\/div>\t\n\t<\/div>\n<\/div>\r\n<div class=\"shortcode-container container-fluid no-bottom-padding \">\n\t<div class=\"row shortcode-row no-bottom-border\">\n\t\t <div class=\"row contact-item\">\n\t\t\t<div class=\"col-xs-8 col-md-7 contact-info\">\n\t\t\t\t<h3>Mach\u00e1lkov\u00e1 Marie, Bc.<\/h3>\n\t\t\t\t<span>asistentka<\/span><br>\n\t\t\t\t<span>dve\u0159e 1.04<\/span><br>\n\t\t\t\t<span>tel. <a>+420220144073<\/a><\/span><br>\n                \n\t\t\t\t<a href=\"mailto:machalkovam@praha7.cz\">machalkovam@praha7.cz<\/a><br>\n\t\t\t<\/div>\n\t\t<\/div>\n\t<\/div>\n<\/div>\r\n<hr \/>\r\n<p><span style=\"color: #0000ff;\"><strong>FORMUL\u00c1\u0158E<\/strong><\/span><\/p>\r\n<p><a href=\"https:\/\/eagri.cz\/public\/web\/mze\/farmar\/EZP\/formulare-k-podani\/\">Formul\u00e1\u0159e k&nbsp;pod\u00e1n\u00ed (Port\u00e1l farm\u00e1\u0159e, eAGRI)<\/a><br \/>\r\n<a href=\"https:\/\/www.praha7.cz\/wp-content\/uploads\/2018\/04\/Pln\u00e1-moc.pdf\" target=\"_blank\" rel=\"noopener\">Pln\u00e1 moc<\/a> k&nbsp;zastupov\u00e1n\u00ed.<\/p>","protected":false},"excerpt":{"rendered":"[perex] P\u0159eru\u0161en\u00ed provozov\u00e1n\u00ed zem\u011bd\u011blsk\u00e9 v\u00fdroby na dobu del\u0161\u00ed ne\u017e 6 m\u011bs\u00edc\u016f je zem\u011bd\u011blsk\u00fd podnikatel povinen bez zbyte\u010dn\u00e9ho odkladu ozn\u00e1mit obecn\u00edmu \u00fa\u0159adu obce s&nbsp;roz\u0161\u00ed\u0159enou p\u016fsobnost\u00ed.\u00a0Provozov\u00e1n\u00ed zem\u011bd\u011blsk\u00e9 v\u00fdroby se pova\u017euje za p\u0159eru\u0161en\u00e9 dnem doru\u010den\u00ed ozn\u00e1men\u00ed podle v\u011bty prvn\u00ed, nebo dnem pozd\u011bj\u0161\u00edm, uveden\u00fdm v&nbsp;ozn\u00e1men\u00ed. [\/perex] Ozn\u00e1men\u00ed o&nbsp;p\u0159eru\u0161en\u00ed nebo pokra\u010dov\u00e1n\u00ed v&nbsp;provozov\u00e1n\u00ed zem\u011bd\u011blsk\u00e9 v\u00fdroby lze podat u&nbsp;kter\u00e9hokoliv obecn\u00edho \u00fa\u0159adu obce [&hellip;]","protected":false},"author":2,"featured_media":0,"parent":6361,"menu_order":0,"comment_status":"closed","ping_status":"closed","template":"","meta":[],"_links":{"self":[{"href":"https:\/\/www.praha7.cz\/api\/wp\/v2\/pages\/6367"}],"collection":[{"href":"https:\/\/www.praha7.cz\/api\/wp\/v2\/pages"}],"about":[{"href":"https:\/\/www.praha7.cz\/api\/wp\/v2\/types\/page"}],"author":[{"embeddable":true,"href":"https:\/\/www.praha7.cz\/api\/wp\/v2\/users\/2"}],"replies":[{"embeddable":true,"href":"https:\/\/www.praha7.cz\/api\/wp\/v2\/comments?post=6367"}],"version-history":[{"count":32,"href":"https:\/\/www.praha7.cz\/api\/wp\/v2\/pages\/6367\/revisions"}],"predecessor-version":[{"id":85973,"href":"https:\/\/www.praha7.cz\/api\/wp\/v2\/pages\/6367\/revisions\/85973"}],"up":[{"embeddable":true,"href":"https:\/\/www.praha7.cz\/api\/wp\/v2\/pages\/6361"}],"wp:attachment":[{"href":"https:\/\/www.praha7.cz\/api\/wp\/v2\/media?parent=6367"}],"curies":[{"name":"wp","href":"https:\/\/api.w.org\/{rel}","templated":true}]}}