    
{"id":6363,"date":"2017-09-22T17:25:45","date_gmt":"2017-09-22T15:25:45","guid":{"rendered":"https:\/\/praha7.cz\/?page_id=6363"},"modified":"2025-08-11T09:14:19","modified_gmt":"2025-08-11T07:14:19","slug":"zapis-do-evidence-zemedelskeho-podnikatele","status":"publish","type":"page","link":"https:\/\/www.praha7.cz\/potrebuji-zaridit\/podnikani\/zemedelske-podnikani\/zapis-do-evidence-zemedelskeho-podnikatele\/","title":{"rendered":"Z\u00e1pis do evidence zem\u011bd\u011blsk\u00e9ho podnikatele"},"content":{"rendered":"<p>[perex]<\/p>\r\n<p>\u017d\u00e1dost o&nbsp;z\u00e1pis do evidence zem\u011bd\u011blsk\u00e9ho podnikatele lze podat u&nbsp;kter\u00e9hokoliv obecn\u00edho \u00fa\u0159adu obce s&nbsp;roz\u0161\u00ed\u0159enou p\u016fsobnost\u00ed.<\/p>\r\n<p>[\/perex]<\/p>\r\n<p>Zem\u011bd\u011blsk\u00fdm podnikatelem podle <a href=\"https:\/\/www.zakonyprolidi.cz\/cs\/1997-252\">z\u00e1kona\u00a0\u010d. 252\/1997 Sb.<\/a>, o\u00a0zem\u011bd\u011blstv\u00ed, ve zn\u011bn\u00ed pozd\u011bj\u0161\u00edch p\u0159edpis\u016f, je fyzick\u00e1 nebo pr\u00e1vnick\u00e1 osoba, kter\u00e1 hodl\u00e1 provozovat zem\u011bd\u011blskou v\u00fdrobu jako soustavnou a\u00a0samostatnou \u010dinnost vlastn\u00edm jm\u00e9nem, na vlastn\u00ed odpov\u011bdnost, za \u00fa\u010delem dosa\u017een\u00ed zisku, za podm\u00ednek stanoven\u00fdch v\u00fd\u0161e uveden\u00fdm z\u00e1konem.<br \/>\r\n<br \/>\r\n        <div class=\"collapse-block\">\r\n            <div class=\"card-header\" role=\"tab\" id=\"heading163c86da5e7c71f5139ef210ab5d9fd5436814d7\">\r\n                                    <h3 class=\"mb-0\">\r\n                        <a data-toggle=\"collapse\" href=\"#collapse163c86da5e7c71f5139ef210ab5d9fd5436814d7\" aria-controls=\"collapse163c86da5e7c71f5139ef210ab5d9fd5436814d7\">\r\n                            Dal\u0161\u00ed informace                            <i class=\"fa fa-2x fa-angle-down\" aria-hidden=\"true\"><\/i>\r\n                        <\/a>\r\n                    <\/h3>\r\n                                \r\n            <\/div>\r\n\r\n            <div id=\"collapse163c86da5e7c71f5139ef210ab5d9fd5436814d7\" class=\"collapse\" data-id=\"163c86da5e7c71f5139ef210ab5d9fd5436814d7\" role=\"tabpanel\" aria-labelledby=\"heading163c86da5e7c71f5139ef210ab5d9fd5436814d7\">\r\n                <div class=\"card-block\">\r\n    <\/p>\r\n<p>Fyzick\u00e1 osoba mus\u00ed b\u00fdt pln\u011b sv\u00e9pr\u00e1vn\u00e1, mus\u00ed m\u00edt trval\u00fd pobyt na \u00fazem\u00ed \u010cesk\u00e9 republiky nebo mus\u00ed dolo\u017eit doklad prokazuj\u00edc\u00ed ud\u011blen\u00ed v\u00edza k&nbsp;pobytu nad 90 dn\u016f nebo povolen\u00ed k&nbsp;dlouhodob\u00e9mu pobytu (nejedn\u00e1-li se o\u00a0ob\u010dana \u010cesk\u00e9 republiky nebo o\u00a0ob\u010dana \u010dlensk\u00e9ho st\u00e1tu Evropsk\u00e9 unie) a\u00a0kter\u00e1 mus\u00ed pohovorem p\u0159ed obecn\u00edm \u00fa\u0159adem obce s\u00a0roz\u0161\u00ed\u0159enou p\u016fsobnost\u00ed prok\u00e1\u017ee prok\u00e1zat z\u00e1kladn\u00ed znalost jazyka \u010desk\u00e9ho (nejedn\u00e1-li se o\u00a0ob\u010dana \u010cesk\u00e9 republiky nebo o\u00a0ob\u010dana \u010dlensk\u00e9ho st\u00e1tu Evropsk\u00e9 unie). Z\u00e1kladn\u00ed znalost jazyka \u010desk\u00e9ho prok\u00e1\u017ee fyzick\u00e1 osoba t\u00edm, jestli\u017ee je schopna plynn\u011b a\u00a0jazykov\u011b srozumiteln\u011b reagovat na ot\u00e1zky vztahuj\u00edc\u00ed se k\u00a0b\u011b\u017en\u00fdm situac\u00edm denn\u00edho \u017eivota a\u00a0podnik\u00e1n\u00ed, plynn\u011b p\u0159e\u010d\u00edst ur\u010den\u00fd b\u011b\u017en\u00fd \u010dl\u00e1nek z\u00a0denn\u00edho tisku a\u00a0\u00fastn\u011b, vlastn\u00edmi slovy, sd\u011blit jeho obsah.<\/p>\r\n<p>Fyzick\u00e1 osoba provozuj\u00edc\u00ed drobn\u00e9 p\u011bstitelsk\u00e9 a\u00a0chovatelsk\u00e9 \u010dinnosti, anebo prod\u00e1vaj\u00edc\u00ed nezpracovan\u00e9 rostlinn\u00e9 a\u00a0\u017eivo\u010di\u0161n\u00e9 v\u00fdrobky, nepodl\u00e9h\u00e1 evidenci zem\u011bd\u011blsk\u00e9ho podnikatele podle v\u00fd\u0161e uveden\u00e9ho z\u00e1kona.<\/p>\r\n<p>Dle p\u0159echodn\u00fdch ustanoven\u00ed \u010dl. II z\u00e1kona \u010d. 85\/2004 Sb., kter\u00fdm se novelizoval z\u00e1k. \u010d. 252\/1997 Sb., o&nbsp;zem\u011bd\u011blstv\u00ed, kter\u00e9 nabyly \u00fa\u010dinnosti dnem 1 .5.&nbsp;2004, platilo osv\u011bd\u010den\u00ed vydan\u00e9 samostatn\u011b hospoda\u0159\u00edc\u00edmu roln\u00edkovi podle z\u00e1kona \u010d. 105\/1990 Sb., o&nbsp;soukrom\u00e9m podnik\u00e1n\u00ed ob\u010dan\u016f, ve zn\u011bn\u00ed z\u00e1kona \u010d. 219\/1991 Sb. a&nbsp;z\u00e1kona \u010d. 455\/1991 Sb., pouze 5 let ode dne nabyt\u00ed \u00fa\u010dinnosti z\u00e1kona \u010d. 85\/2004 Sb., tj. do 1.&nbsp;5.&nbsp;2009. Fyzick\u00e1 osoba, kter\u00e1 nad\u00e1le hodl\u00e1 podnikat v&nbsp;zem\u011bd\u011blstv\u00ed, mus\u00ed b\u00fdt zaps\u00e1na v&nbsp;Evidenci zem\u011bd\u011blsk\u00e9ho podnikatele, nem\u016f\u017ee provozovat svoji \u010dinnost na z\u00e1klad\u011b osv\u011bd\u010den\u00ed samostatn\u011b hospoda\u0159\u00edc\u00edho roln\u00edka. Upozor\u0148ujeme, \u017ee v\u00fd\u0161e uveden\u00e9 lh\u016fty platily pouze pro podnikatele \u2013 fyzick\u00e9 osoby, kter\u00fdm bylo podle p\u016fvodn\u00ed pr\u00e1vn\u00ed \u00fapravy vyd\u00e1no osv\u011bd\u010den\u00ed o&nbsp;samostatn\u011b hospoda\u0159\u00edc\u00edm roln\u00edkovi. Pr\u00e1vnick\u00e9 osoby, kter\u00e9 podnikaj\u00ed v&nbsp;zem\u011bd\u011blstv\u00ed, m\u011bly po\u017e\u00e1dat o&nbsp;vyd\u00e1n\u00ed osv\u011bd\u010den\u00ed o&nbsp;z\u00e1pisu do Evidence zem\u011bd\u011blsk\u00e9ho podnikatele dnem nabyt\u00ed \u00fa\u010dinnosti z\u00e1kona \u010d. 85\/2004 Sb., tzn. ji\u017e 1.&nbsp;5.&nbsp;2004.<\/p>\r\n<p>                <\/div>\r\n            <\/div>\r\n        <\/div>\r\n    <br \/>\r\n<br \/>\r\n<span style=\"color: #0000ff;\"><strong>JAK<\/strong><\/span><\/p>\r\n<ul>\r\n\t<li style=\"text-align: left;\"><a href=\"https:\/\/www.praha7.cz\/radnice\/organizacni-struktura\/odbor-zivnostensky\/\">\u017divnostensk\u00fd odbor \u00da\u0159adu m\u011bstsk\u00e9 \u010d\u00e1sti Praha&nbsp;7<\/a> naleznete v&nbsp;<strong>1.&nbsp;pat\u0159e budovy, p\u0159\u00edjem klient\u016f prob\u00edh\u00e1 v&nbsp;kancel\u00e1\u0159\u00edch \u010d. \u00a01.12 \u2013 1.13 (pracovi\u0161t\u011b 14 a&nbsp;15).<br \/>\r\n<br \/>\r\n<\/strong><\/li>\r\n\t<li>P\u0159i osobn\u00ed n\u00e1v\u0161t\u011bv\u011b s&nbsp;v\u00e1mi referent vypln\u00ed p\u0159\u00edslu\u0161n\u00fd formul\u00e1\u0159 p\u0159\u00edmo na m\u00edst\u011b.<br \/>\r\n<br \/>\r\n<\/li>\r\n\t<li><strong>V \u00fa\u0159edn\u00edch hodin\u00e1ch je funk\u010dn\u00ed vyvol\u00e1vac\u00ed za\u0159\u00edzen\u00ed, na kter\u00e9m si navol\u00edte tla\u010d\u00edtko V\u00fddej pod\u00e1n\u00ed u\u010din\u011bn\u00e9 na pracovi\u0161t\u00edch 14 a&nbsp;15.<br \/>\r\n<br \/>\r\n<\/strong><\/li>\r\n\t<li><strong>Lze vyu\u017e\u00edt mo\u017enosti objednat se <a href=\"https:\/\/rezervace.praha7.cz\/obj\/?id=1095\">online<\/a>\u00a0na konkr\u00e9tn\u00ed den a&nbsp;hodinu.<br \/>\r\n<br \/>\r\n<\/strong><\/li>\r\n\t<li>Pod\u00e1n\u00ed lze t\u00e9\u017e podat na p\u0159\u00edslu\u0161n\u00fdch formul\u00e1\u0159\u00edch p\u0159\u00edmo do podatelny \u00da\u0159adu m\u011bstsk\u00e9 \u010d\u00e1sti Praha&nbsp;7, zaslat prost\u0159ednictv\u00edm dr\u017eitele po\u0161tovn\u00ed licence, zaslat elektronicky prost\u0159ednictv\u00edm datov\u00e9 schr\u00e1nky (ID r44b2x7) nebo zaslat elektronicky do podatelny \u00da\u0159adu m\u011bstsk\u00e9 \u010d\u00e1sti Praha&nbsp;7 se zaru\u010den\u00fdm elektronick\u00fdm podpisem (e-mail: <a href=\"mailto:podatelna@praha7.cz\">podatelna@praha7.cz<\/a>).<br \/>\r\n<br \/>\r\n<\/li>\r\n\t<li>\u017d\u00e1dost o&nbsp;z\u00e1pis do evidence zem\u011bd\u011blsk\u00e9ho podnikatele lze podat u&nbsp;kter\u00e9hokoliv obecn\u00edho \u00fa\u0159adu obce s&nbsp;roz\u0161\u00ed\u0159enou p\u016fsobnost\u00ed.<\/li>\r\n<\/ul>\r\n<hr \/>\r\n<p><span style=\"color: #0000ff;\"><strong>CO MUS\u00cdM M\u00cdT S&nbsp;SEBOU<\/strong><\/span><\/p>\r\n<ul>\r\n\t<li>\r\n<p><strong>Fyzick\u00e1 osoba<\/strong>: doklad toto\u017enosti a&nbsp;doklad prokazuj\u00edc\u00ed pr\u00e1vn\u00ed d\u016fvod pro u\u017e\u00edv\u00e1n\u00ed prostor, do nich\u017e um\u00edstila s\u00eddlo, li\u0161\u00ed-li se od jej\u00edho bydli\u0161t\u011b, nebo m\u00e1-li bydli\u0161t\u011b na adrese s\u00eddla ohla\u0161ovny, <a href=\"https:\/\/www.brno-stred.cz\/urad-mc\/zivotni-situace\/matrika\/zvlastni-matrika\">zvl\u00e1\u0161tn\u00ed matriky v&nbsp;Brn\u011b<\/a> nebo na adrese s\u00eddla spr\u00e1vn\u00edho org\u00e1nu nebo do nich\u017e um\u00edstila na \u00fazem\u00ed \u010cesk\u00e9 republiky od\u0161t\u011bpn\u00fd z\u00e1vod zahrani\u010dn\u00ed osoby; k&nbsp;dolo\u017een\u00ed pr\u00e1vn\u00edho d\u016fvodu pro u\u017e\u00edv\u00e1n\u00ed prostor posta\u010d\u00ed p\u00edsemn\u00e9 prohl\u00e1\u0161en\u00ed vlastn\u00edka nemovitosti, bytu nebo nebytov\u00e9ho prostoru, kde jsou prostory um\u00edst\u011bny, \u017ee s&nbsp;um\u00edst\u011bn\u00edm souhlas\u00ed.<\/p>\r\n<\/li>\r\n\t<li>\r\n<p><strong>Pr\u00e1vnick\u00e1 osoba<\/strong>: doklad toto\u017enosti osoby opr\u00e1vn\u011bn\u00e9 jednat jm\u00e9nem pr\u00e1vnick\u00e9 osoby a&nbsp;doklad prokazuj\u00edc\u00ed pr\u00e1vn\u00ed d\u016fvod pro u\u017e\u00edv\u00e1n\u00ed prostor, v&nbsp;nich\u017e m\u00e1 pr\u00e1vnick\u00e1 osoba na \u00fazem\u00ed \u010cesk\u00e9 republiky s\u00eddlo, nen\u00ed-li ohla\u0161ovan\u00e1 adresa s\u00eddla ji\u017e zaps\u00e1na v&nbsp;obchodn\u00edm rejst\u0159\u00edku nebo jin\u00e9 evidenci, pokud je tento doklad stanoven zvl\u00e1\u0161tn\u00edm pr\u00e1vn\u00edm p\u0159edpisem jako podm\u00ednka z\u00e1pisu do t\u00e9to evidence; k&nbsp;dolo\u017een\u00ed pr\u00e1vn\u00edho d\u016fvodu pro u\u017e\u00edv\u00e1n\u00ed prostor posta\u010d\u00ed p\u00edsemn\u00e9 prohl\u00e1\u0161en\u00ed vlastn\u00edka nemovitosti, bytu nebo nebytov\u00e9ho prostoru, kde jsou prostory um\u00edst\u011bny, \u017ee s&nbsp;um\u00edst\u011bn\u00edm souhlas\u00ed.<\/p>\r\n<\/li>\r\n\t<li>\r\n<p><strong>Zmocn\u011bn\u00e1 osoba<\/strong>: doklad toto\u017enosti zmocn\u011bn\u00e9 osoby; plnou moc k&nbsp;zastupov\u00e1n\u00ed\u00a0 a&nbsp;p\u0159\u00edpadn\u011b doklad na s\u00eddlo<\/p>\r\n<\/li>\r\n<\/ul>\r\n<hr \/>\r\n<p><span style=\"color: #0000ff;\"><strong>SPR\u00c1VN\u00cd POPLATEK<\/strong><\/span><\/p>\r\n<p>1&nbsp;000&nbsp;K\u010d za Z\u00e1pis zem\u011bd\u011blsk\u00e9ho podnikatele do evidence (vyd\u00e1n\u00ed osv\u011bd\u010den\u00ed)<\/p>\r\n<hr \/>\r\n<p><strong><span style=\"color: #0000ff;\">LH\u016eTA PRO VY\u0158\u00cdZEN\u00cd<\/span><\/strong><\/p>\r\n<p>Spl\u0148uje-li \u017eadatel podm\u00ednky stanoven\u00e9 v&nbsp;\u00a7 2e z\u00e1kona <a href=\"https:\/\/www.zakonyprolidi.cz\/cs\/1997-252\" target=\"_blank\" rel=\"noopener\">\u010d. 252\/1997 Sb.<\/a>, o&nbsp;zem\u011bd\u011blstv\u00ed, ve zn\u011bn\u00ed pozd\u011bj\u0161\u00edch p\u0159edpis\u016f, obecn\u00ed \u00fa\u0159ad obce s&nbsp;roz\u0161\u00ed\u0159enou p\u016fsobnost\u00ed jej do 30 dn\u016f ode dne pod\u00e1n\u00ed \u017e\u00e1dosti zap\u00ed\u0161e do evidence zem\u011bd\u011blsk\u00e9ho podnikatele a&nbsp;o&nbsp;z\u00e1pisu mu vyd\u00e1 osv\u011bd\u010den\u00ed.<\/p>\r\n<div class=\"shortcode-container container-fluid no-bottom-padding division-detail  \">    \n    <div class=\"row\">\n\t\t <div class=\"row div-dept\">\n            <div class=\"col-xs-12 col-md-12 contact-info\">\n                <h4>Kontakt<\/h4>\n                <span>                   \n                    \u00da\u0159ad m\u011bstsk\u00e9 \u010d\u00e1sti Praha 7                   \n                <\/span><br>\n                <span>\n                    Odbor \u017eivnostensk\u00fd\n                <\/span><br>\n                    <span>\n                        U Pr\u016fhonu 1338\/38\n                    <\/span><br>\n                \n                \n\n            <\/div>\n        <\/div>\n    <\/div>\n<\/div>\r\n\n<div class=\"shortcode-container no-bottom-padding  \">    \n\t<div class=\"row\">\n\t\t<div class=\"col-xs-12 col-md-7\">\n\t\t\t<h3>Odbor \u017eivnostensk\u00fd<\/h3>\n\t\t<\/div>\n\t<\/div>\n\t\t<div class=\"row\">\n\t\t\t<div class=\"col-xs-12 col-sm-4 col-md-3\">\n\t\t\t\t<span>pond\u011bl\u00ed a st\u0159eda<\/span>\n\t\t\t<\/div>\n\t\t\t\t<div class=\"col-xs-6 col-sm-4 col-md-3\">\n\t\t\t\t\t<span>7.30\u201312.00<\/span>\n\t\t\t\t<\/div>\n\t\t\t\t\t<div class=\"col-xs-6 col-sm-4 col-md-3\">\n\t\t\t\t\t\t<span>13.00\u201318.00<\/span>\n\t\t\t\t\t<\/div>\n\t\t<\/div>\n\t\t<div class=\"row\">\n\t\t\t<div class=\"col-xs-12 col-sm-4 col-md-3\">\n\t\t\t\t<span>\u00fater\u00fd a \u010dtvrtek<\/span>\n\t\t\t<\/div>\n\t\t\t\t<div class=\"col-xs-12 col-sm-8 col-md-9\">\n\t\t\t\t\t<span>po objedn\u00e1n\u00ed online<\/span>\n\t\t\t\t<\/div>\n\t\t<\/div>\n\t<div class=\"row\">\n\t\t<div class=\"col-xs-12 col-md-12 office_hours_info\">\n\t\t\t\n\t\t<\/div>\t\n\t<\/div>\n<\/div>\r\n<div class=\"shortcode-container container-fluid no-bottom-padding \">\n\t<div class=\"row shortcode-row no-bottom-border\">\n\t\t <div class=\"row contact-item\">\n\t\t\t<div class=\"col-xs-8 col-md-7 contact-info\">\n\t\t\t\t<h3>Mach\u00e1lkov\u00e1 Marie, Bc.<\/h3>\n\t\t\t\t<span>asistentka<\/span><br>\n\t\t\t\t<span>dve\u0159e 1.04<\/span><br>\n\t\t\t\t<span>tel. <a>+420220144073<\/a><\/span><br>\n                \n\t\t\t\t<a href=\"mailto:machalkovam@praha7.cz\">machalkovam@praha7.cz<\/a><br>\n\t\t\t<\/div>\n\t\t<\/div>\n\t<\/div>\n<\/div>\r\n<hr \/>\r\n<p><span style=\"color: #0000ff;\"><strong>FORMUL\u00c1\u0158E<\/strong><\/span><\/p>\r\n<p><a href=\"https:\/\/eagri.cz\/public\/web\/mze\/farmar\/EZP\/formulare-k-podani\/\">Formul\u00e1\u0159e k&nbsp;pod\u00e1n\u00ed (Port\u00e1l farm\u00e1\u0159e, eAGRI)<\/a><br \/>\r\n<a href=\"https:\/\/www.praha7.cz\/wp-content\/uploads\/2018\/04\/Pln\u00e1-moc.pdf\" target=\"_blank\" rel=\"noopener\">Pln\u00e1 moc<\/a> k&nbsp;zastupov\u00e1n\u00ed.<\/p>","protected":false},"excerpt":{"rendered":"[perex] \u017d\u00e1dost o&nbsp;z\u00e1pis do evidence zem\u011bd\u011blsk\u00e9ho podnikatele lze podat u&nbsp;kter\u00e9hokoliv obecn\u00edho \u00fa\u0159adu obce s&nbsp;roz\u0161\u00ed\u0159enou p\u016fsobnost\u00ed. [\/perex] Zem\u011bd\u011blsk\u00fdm podnikatelem podle z\u00e1kona\u00a0\u010d. 252\/1997 Sb., o\u00a0zem\u011bd\u011blstv\u00ed, ve zn\u011bn\u00ed pozd\u011bj\u0161\u00edch p\u0159edpis\u016f, je fyzick\u00e1 nebo pr\u00e1vnick\u00e1 osoba, kter\u00e1 hodl\u00e1 provozovat zem\u011bd\u011blskou v\u00fdrobu jako soustavnou a\u00a0samostatnou \u010dinnost vlastn\u00edm jm\u00e9nem, na vlastn\u00ed odpov\u011bdnost, za \u00fa\u010delem dosa\u017een\u00ed zisku, za podm\u00ednek stanoven\u00fdch v\u00fd\u0161e uveden\u00fdm [&hellip;]","protected":false},"author":2,"featured_media":0,"parent":6361,"menu_order":0,"comment_status":"closed","ping_status":"closed","template":"","meta":[],"_links":{"self":[{"href":"https:\/\/www.praha7.cz\/api\/wp\/v2\/pages\/6363"}],"collection":[{"href":"https:\/\/www.praha7.cz\/api\/wp\/v2\/pages"}],"about":[{"href":"https:\/\/www.praha7.cz\/api\/wp\/v2\/types\/page"}],"author":[{"embeddable":true,"href":"https:\/\/www.praha7.cz\/api\/wp\/v2\/users\/2"}],"replies":[{"embeddable":true,"href":"https:\/\/www.praha7.cz\/api\/wp\/v2\/comments?post=6363"}],"version-history":[{"count":34,"href":"https:\/\/www.praha7.cz\/api\/wp\/v2\/pages\/6363\/revisions"}],"predecessor-version":[{"id":85972,"href":"https:\/\/www.praha7.cz\/api\/wp\/v2\/pages\/6363\/revisions\/85972"}],"up":[{"embeddable":true,"href":"https:\/\/www.praha7.cz\/api\/wp\/v2\/pages\/6361"}],"wp:attachment":[{"href":"https:\/\/www.praha7.cz\/api\/wp\/v2\/media?parent=6363"}],"curies":[{"name":"wp","href":"https:\/\/api.w.org\/{rel}","templated":true}]}}