    
{"id":62308,"date":"2022-11-30T12:51:48","date_gmt":"2022-11-30T11:51:48","guid":{"rendered":"https:\/\/www.praha7.cz\/?page_id=62308"},"modified":"2026-01-09T13:57:47","modified_gmt":"2026-01-09T12:57:47","slug":"zimni-udrzba","status":"publish","type":"page","link":"https:\/\/www.praha7.cz\/temata\/uklid-v-praze-7\/zimni-udrzba\/","title":{"rendered":"Zimn\u00ed \u00fadr\u017eba"},"content":{"rendered":"<p><strong>Zimn\u00ed \u00fadr\u017ebu vozovek a&nbsp;chodn\u00edk\u016f<\/strong> m\u00e1 ze z\u00e1kona na starosti vlastn\u00edk, co\u017e je v&nbsp;naprost\u00e9 v\u011bt\u0161in\u011b p\u0159\u00edpad\u016f na na\u0161em \u00fazem\u00ed hl. m. Praha, respektive spr\u00e1vce komunikac\u00ed TSK. hl. m. Prahy. V&nbsp;<a href=\"https:\/\/tskarcgis.westeurope.cloudapp.azure.com\/zuk\/\" target=\"_blank\" rel=\"noopener\">interaktivn\u00ed map\u011b<\/a> si m\u016f\u017eete prohl\u00e9dnout, jak a&nbsp;zda jsou udr\u017eov\u00e1ny konkr\u00e9tn\u00ed chodn\u00edky a&nbsp;ulice.\u00a0<\/p>\r\n<p>Pokud m\u00e1te podn\u011bt nebo po\u017eadavek na vy\u010di\u0161t\u011bn\u00ed chodn\u00edku \u010di jin\u00e9 komunikace, m\u016f\u017eete jej nahl\u00e1sit on-line prost\u0159ednictv\u00edm <a href=\"https:\/\/zavady.tsk-praha.cz\/zimni-udrzba\" target=\"_blank\" rel=\"noopener\">aplikace TSK<\/a>.<\/p>\r\n<p>P\u0159edev\u0161\u00edm v&nbsp;p\u0159\u00edpad\u011b ledovky a&nbsp;dal\u0161\u00edch kalamitn\u00edch situac\u00ed Praha&nbsp;7 rozhodn\u011b nenech\u00e1v\u00e1 \u00fadr\u017ebu chodn\u00edk\u016f jen na m\u011bst\u011b a&nbsp;radnice se v\u017edy sna\u017e\u00ed intenzivn\u011b pom\u00e1hat, aby chodn\u00edky byly co nejv\u00edce sch\u016fdn\u00e9 a&nbsp;bezpe\u010dn\u00e9. M\u011bstsk\u00e1 \u010d\u00e1st zimn\u00ed \u00fadr\u017ebu podporuje organiza\u010dn\u011b, koordina\u010dn\u011b i&nbsp;materi\u00e1ln\u011b. V\u0161ichni, kdo maj\u00ed tyto pr\u00e1ce na starosti, d\u011blaj\u00ed pro sch\u016fdnost chodn\u00edk\u016f i&nbsp;dal\u0161\u00edch m\u00edst maximum.<\/p>\r\n<p>V p\u0159\u00edpad\u011b kalamitn\u00edch situac\u00ed se m\u016f\u017eete obracet tak\u00e9 na \u00da\u0159ad M\u010c Praha&nbsp;7, odd\u011blen\u00ed pro ve\u0159ejn\u00fd prostor, e-mail: <a href=\"mailto:chodniky@praha7.cz\">chodniky@praha7.cz<\/a>, tel. 777&nbsp;104&nbsp;933.<\/p>\r\n<p>Dal\u0161\u00ed informace k&nbsp;zimn\u00ed \u00fadr\u017eb\u011b komunikac\u00ed v&nbsp;obdob\u00ed 2025 &#8211; 2026 najdete na <a href=\"https:\/\/www.tsk-praha.cz\/praha-je-pripravena-na-zimu\/\" target=\"_blank\" rel=\"noopener\">webu TSK<\/a>.<\/p>\r\n<hr \/>\r\n<p>M\u010c Praha&nbsp;7 p\u0159ipravila na p\u011bti voln\u011b p\u0159\u00edstupn\u00fdch m\u00edstech <strong>n\u00e1doby na \u0161t\u011brk<\/strong>.<\/p>\r\n<p>Najdete je:<\/p>\r\n<ul>\r\n\t<li>d\u011btsk\u00e9 dopravn\u00ed h\u0159i\u0161t\u011b Na V\u00fd\u0161in\u00e1ch<\/li>\r\n\t<li>d\u011btsk\u00e9 h\u0159i\u0161t\u011b Ortenovo n\u00e1m\u011bst\u00ed<\/li>\r\n\t<li>park Tusarova<\/li>\r\n\t<li>M\u0160 Kosteln\u00ed<\/li>\r\n\t<li>Z\u0160 Um\u011bleck\u00e1<\/li>\r\n<\/ul>\r\n<p><iframe loading=\"lazy\" width=\"640\" height=\"480\" src=\"https:\/\/www.google.com\/maps\/d\/embed?mid=1A7SA53aKB-MovSEiKw2cL-WIdl5j2_k&amp;ehbc=2E312F\"><\/iframe><\/p>\r\n<p><img loading=\"lazy\" src=\"https:\/\/www.praha7.cz\/wp-content\/uploads\/2022\/11\/n\u00e1doby-na-\u0161t\u011brk-1133x1000.png\" alt=\"\" width=\"640\" height=\"565\" class=\"alignnone size-large wp-image-62310\" srcset=\"https:\/\/www.praha7.cz\/wp-content\/uploads\/2022\/11\/n\u00e1doby-na-\u0161t\u011brk-1133x1000.png 1133w, https:\/\/www.praha7.cz\/wp-content\/uploads\/2022\/11\/n\u00e1doby-na-\u0161t\u011brk-453x400.png 453w, https:\/\/www.praha7.cz\/wp-content\/uploads\/2022\/11\/n\u00e1doby-na-\u0161t\u011brk-768x678.png 768w, https:\/\/www.praha7.cz\/wp-content\/uploads\/2022\/11\/n\u00e1doby-na-\u0161t\u011brk.png 1723w\" sizes=\"(max-width: 640px) 100vw, 640px\" \/><\/p>","protected":false},"excerpt":{"rendered":"Zimn\u00ed \u00fadr\u017ebu vozovek a&nbsp;chodn\u00edk\u016f m\u00e1 ze z\u00e1kona na starosti vlastn\u00edk, co\u017e je v&nbsp;naprost\u00e9 v\u011bt\u0161in\u011b p\u0159\u00edpad\u016f na na\u0161em \u00fazem\u00ed hl. m. Praha, respektive spr\u00e1vce komunikac\u00ed TSK. hl. m. Prahy. V&nbsp;interaktivn\u00ed map\u011b si m\u016f\u017eete prohl\u00e9dnout, jak a&nbsp;zda jsou udr\u017eov\u00e1ny konkr\u00e9tn\u00ed chodn\u00edky a&nbsp;ulice.\u00a0 Pokud m\u00e1te podn\u011bt nebo po\u017eadavek na vy\u010di\u0161t\u011bn\u00ed chodn\u00edku \u010di jin\u00e9 komunikace, m\u016f\u017eete jej nahl\u00e1sit on-line [&hellip;]","protected":false},"author":251,"featured_media":0,"parent":6199,"menu_order":0,"comment_status":"closed","ping_status":"closed","template":"","meta":[],"_links":{"self":[{"href":"https:\/\/www.praha7.cz\/api\/wp\/v2\/pages\/62308"}],"collection":[{"href":"https:\/\/www.praha7.cz\/api\/wp\/v2\/pages"}],"about":[{"href":"https:\/\/www.praha7.cz\/api\/wp\/v2\/types\/page"}],"author":[{"embeddable":true,"href":"https:\/\/www.praha7.cz\/api\/wp\/v2\/users\/251"}],"replies":[{"embeddable":true,"href":"https:\/\/www.praha7.cz\/api\/wp\/v2\/comments?post=62308"}],"version-history":[{"count":16,"href":"https:\/\/www.praha7.cz\/api\/wp\/v2\/pages\/62308\/revisions"}],"predecessor-version":[{"id":87982,"href":"https:\/\/www.praha7.cz\/api\/wp\/v2\/pages\/62308\/revisions\/87982"}],"up":[{"embeddable":true,"href":"https:\/\/www.praha7.cz\/api\/wp\/v2\/pages\/6199"}],"wp:attachment":[{"href":"https:\/\/www.praha7.cz\/api\/wp\/v2\/media?parent=62308"}],"curies":[{"name":"wp","href":"https:\/\/api.w.org\/{rel}","templated":true}]}}