    
{"id":6116,"date":"2017-09-20T16:38:23","date_gmt":"2017-09-20T14:38:23","guid":{"rendered":"https:\/\/praha7.cz\/?page_id=6116"},"modified":"2026-02-13T11:00:44","modified_gmt":"2026-02-13T10:00:44","slug":"programy-eu","status":"publish","type":"page","link":"https:\/\/www.praha7.cz\/temata\/programy-eu\/","title":{"rendered":"Programy EU"},"content":{"rendered":"<p style=\"text-align: left;\">[perex]<\/p>\r\n<p style=\"text-align: left;\">Projektov\u00e9 \u017e\u00e1dosti do jednotliv\u00fdch opera\u010dn\u00edch program\u016f evropsk\u00fdch struktur\u00e1ln\u00edch a&nbsp;investi\u010dn\u00edch fond\u016f a&nbsp;dal\u0161\u00edch dota\u010dn\u00edch program\u016f p\u0159ipravuje odd\u011blen\u00ed projektov\u00e9ho \u0159\u00edzen\u00ed. Toto odd\u011blen\u00ed sleduje mo\u017en\u00e9 dota\u010dn\u00ed p\u0159\u00edle\u017eitosti pro m\u011bstskou \u010d\u00e1st, p\u0159ipravuje projektov\u00e9 \u017e\u00e1dosti a&nbsp;zaji\u0161\u0165uje uskute\u010dn\u011bn\u00ed podpo\u0159en\u00fdch projekt\u016f.<\/p>\r\n<p style=\"text-align: left;\">[\/perex]<\/p>\r\n<table width=\"963\" height=\"296\">\r\n<tbody>\r\n<tr>\r\n<td style=\"width: 313.656px;\">N\u00c1ZEV PROJEKTU<\/td>\r\n<td style=\"width: 313.656px;\">OPERA\u010cN\u00cd PROGRAM<\/td>\r\n<td style=\"width: 313.688px;\">DOBA REALIZACE<\/td>\r\n<\/tr>\r\n<tr>\r\n<td style=\"width: 313.656px;\"><a href=\"https:\/\/www.praha7.cz\/temata\/programy-eu\/podpora-bydleni-v-uzemi-mc-praha-7\/\">Podpora bydlen\u00ed v\u00a0\u00fazem\u00ed M\u010c Praha\u00a07<\/a><\/td>\r\n<td style=\"width: 313.656px;\">Opera\u010dn\u00ed program Zam\u011bstnanost plus<\/td>\r\n<td style=\"width: 313.688px;\">1.&nbsp;1.&nbsp;2026 \u2013 30.&nbsp;6.&nbsp;2028<\/td>\r\n<\/tr>\r\n<tr>\r\n<td style=\"width: 313.656px;\"><a href=\"https:\/\/www.praha7.cz\/temata\/programy-eu\/detska-skupina-ortenovo-namesti-praha-7\/\">D\u011btsk\u00e1 skupina Ortenovo n\u00e1m\u011bst\u00ed, Praha&nbsp;7<\/a><\/td>\r\n<td style=\"width: 313.656px;\">N\u00e1rodn\u00ed pl\u00e1n obnovy<\/td>\r\n<td style=\"width: 313.688px;\">1.&nbsp;9.&nbsp;2023 \u2013 30.&nbsp;4.&nbsp;2026<\/td>\r\n<\/tr>\r\n<tr>\r\n<td style=\"width: 313.656px;\"><a href=\"https:\/\/www.praha7.cz\/temata\/programy-eu\/pecovatelske-centrum-ortenovo-namesti-praha-7\/\">Pe\u010dovatelsk\u00e9 centrum Ortenovo n\u00e1m\u011bst\u00ed, Praha&nbsp;7<\/a><\/td>\r\n<td style=\"width: 313.656px;\">N\u00e1rodn\u00ed pl\u00e1n obnovy<\/td>\r\n<td style=\"width: 313.688px;\">1.&nbsp;9.&nbsp;2023 \u2013 31.&nbsp;3.&nbsp;2026<\/td>\r\n<\/tr>\r\n<tr>\r\n<td style=\"width: 313.656px;\"><a href=\"https:\/\/www.praha7.cz\/temata\/programy-eu\/map-iv\/\">M\u00edstn\u00ed ak\u010dn\u00ed pl\u00e1ny rozvoje vzd\u011bl\u00e1v\u00e1n\u00ed IV &#8211; spr\u00e1vn\u00ed obvod Praha&nbsp;7<\/a><\/td>\r\n<td style=\"width: 313.656px;\">Opera\u010dn\u00ed program Jan Amos Komensk\u00fd<\/td>\r\n<td style=\"width: 313.688px;\">1.&nbsp;3.&nbsp;2024 \u2013 31.&nbsp;12.&nbsp;2025<\/td>\r\n<\/tr>\r\n<tr>\r\n<td style=\"width: 313.656px;\"><a href=\"https:\/\/www.praha7.cz\/temata\/programy-eu\/zamestnanost-plus\/\">Strategie a&nbsp;rozvoj Kontaktn\u00edho m\u00edsta pro bydlen\u00ed v&nbsp;\u00fazem\u00ed Prahy&nbsp;7<\/a><\/td>\r\n<td style=\"width: 313.656px;\">Opera\u010dn\u00ed program Zam\u011bstnanost plus<\/td>\r\n<td style=\"width: 313.688px;\">1.&nbsp;3.&nbsp;2023 \u2013 31.&nbsp;12.&nbsp;2025<\/td>\r\n<\/tr>\r\n<tr>\r\n<td style=\"width: 313.656px;\"><a href=\"https:\/\/www.praha7.cz\/temata\/programy-eu\/irop-2021-2027\/\">Zv\u00fd\u0161en\u00ed dostupnosti a&nbsp;odolnosti informa\u010dn\u00edch syst\u00e9m\u016f provozovan\u00fdch v&nbsp;r\u00e1mci \u00da\u0159adu m\u011bstsk\u00e9 \u010d\u00e1sti Praha&nbsp;7<\/a><\/td>\r\n<td style=\"width: 313.656px;\">Integrovan\u00fd region\u00e1ln\u00ed opera\u010dn\u00ed program 2021\u20132027<\/td>\r\n<td style=\"width: 313.688px;\">1.&nbsp;4.&nbsp;2023 \u2013 31.&nbsp;12.&nbsp;2025<\/td>\r\n<\/tr>\r\n<tr>\r\n<td style=\"width: 313.656px;\"><a href=\"https:\/\/www.praha7.cz\/potrebuji-zaridit\/planujte-sedmicku-s-nami\/park-u-vody\/\">Revitalizace brownfieldu park U&nbsp;Vody<\/a><\/td>\r\n<td style=\"width: 313.656px;\">\u017divotn\u00ed prost\u0159ed\u00ed, ekosyst\u00e9my a&nbsp;zm\u011bna klimatu<\/td>\r\n<td style=\"width: 313.688px;\">1.&nbsp;1.&nbsp;2021 \u2013 30.&nbsp;4.&nbsp;2024<\/td>\r\n<\/tr>\r\n<tr>\r\n<td style=\"width: 313.656px;\"><a href=\"https:\/\/www.praha7.cz\/temata\/programy-eu\/rozvoj-udrzitelne-mestske-dopravy-mestska-cast-praha-7\/\">Rozvoj udr\u017eiteln\u00e9 m\u011bstsk\u00e9 dopravy\u00a0 &#8211; m\u011bstsk\u00e1 \u010d\u00e1st Praha&nbsp;7<\/a><\/td>\r\n<td style=\"width: 313.656px;\">N\u00e1rodn\u00ed program \u017divotn\u00ed prost\u0159ed\u00ed<\/td>\r\n<td style=\"width: 313.688px;\">1.&nbsp;8.&nbsp;2022 \u2013 29.&nbsp;2.&nbsp;2024<\/td>\r\n<\/tr>\r\n<tr>\r\n<td style=\"width: 313.656px;\"><a href=\"https:\/\/map.praha7.cz\/map-iii-archiv\/\">M\u00edstn\u00ed ak\u010dn\u00ed pl\u00e1ny rozvoje vzd\u011bl\u00e1v\u00e1n\u00ed III &#8211; spr\u00e1vn\u00ed obvod Praha&nbsp;7<\/a><\/td>\r\n<td style=\"width: 313.656px;\">Opera\u010dn\u00ed program V\u00fdzkum, v\u00fdvoj a&nbsp;vzd\u011bl\u00e1v\u00e1n\u00ed<\/td>\r\n<td style=\"width: 313.688px;\">1.&nbsp;8.&nbsp;2022 \u2013 30.&nbsp;11.&nbsp;2023<\/td>\r\n<\/tr>\r\n<tr>\r\n<td style=\"width: 313.656px;\"><a href=\"https:\/\/www.praha7.cz\/temata\/programy-eu\/detska-skupina-panorama-ii\/\">D\u011btsk\u00e1 skupina Panorama II<\/a><\/td>\r\n<td style=\"width: 313.656px;\">Opera\u010dn\u00ed program Praha \u2013 p\u00f3l r\u016fstu<\/td>\r\n<td style=\"width: 313.688px;\">1.&nbsp;10.&nbsp;2021 \u2013 30.&nbsp;9.&nbsp;2023<\/td>\r\n<\/tr>\r\n<tr>\r\n<td style=\"width: 313.656px;\"><a href=\"https:\/\/www.praha7.cz\/temata\/programy-eu\/detska-skupina-jeslicky-ii\/\">D\u011btsk\u00e1 skupina Jesli\u010dky II<\/a><\/td>\r\n<td style=\"width: 313.656px;\">Opera\u010dn\u00ed program Praha \u2013 p\u00f3l r\u016fstu<\/td>\r\n<td style=\"width: 313.688px;\">1.&nbsp;9.&nbsp;2021 \u2013 31.&nbsp;8.&nbsp;2023<\/td>\r\n<\/tr>\r\n<tr>\r\n<td style=\"width: 313.656px;\"><a href=\"https:\/\/www.praha7.cz\/temata\/programy-eu\/operacni-program-zamestnanost\/\">Implementace case managementu do soci\u00e1ln\u00edho poradenstv\u00ed na Praze 7<\/a><\/td>\r\n<td style=\"width: 313.656px;\">Opera\u010dn\u00ed program Zam\u011bstnanost<\/td>\r\n<td style=\"width: 313.688px;\">1.&nbsp;7.&nbsp;2021 \u2013 30.&nbsp;6.&nbsp;2023<\/td>\r\n<\/tr>\r\n<tr>\r\n<td style=\"width: 313.656px;\"><a href=\"https:\/\/www.praha7.cz\/temata\/programy-eu\/komunitni-praha-7\/\">Komunitn\u00ed Praha&nbsp;7<\/a><\/td>\r\n<td style=\"width: 313.656px;\">Opera\u010dn\u00ed program Praha \u2013 p\u00f3l r\u016fstu<\/td>\r\n<td style=\"width: 313.688px;\">1.&nbsp;2.&nbsp;2021 \u2013 31.&nbsp;1.&nbsp;2023<\/td>\r\n<\/tr>\r\n<tr>\r\n<td style=\"width: 313.656px;\"><a href=\"https:\/\/www.map2praha7.cz\/\">M\u00edstn\u00ed ak\u010dn\u00ed pl\u00e1ny rozvoje vzd\u011bl\u00e1v\u00e1n\u00ed II &#8211; spr\u00e1vn\u00ed obvod Praha&nbsp;7<\/a><\/td>\r\n<td style=\"width: 313.656px;\">Opera\u010dn\u00ed program V\u00fdzkum, v\u00fdvoj a&nbsp;vzd\u011bl\u00e1v\u00e1n\u00ed<\/td>\r\n<td style=\"width: 313.688px;\">1.&nbsp;8.&nbsp;2019 \u2013 31.&nbsp;7.&nbsp;2022<\/td>\r\n<\/tr>\r\n<tr>\r\n<td style=\"width: 313.656px;\"><a href=\"https:\/\/www.praha7.cz\/temata\/programy-eu\/operacni-program-zamestnanost\/\">Case management v&nbsp;soci\u00e1ln\u00ed pr\u00e1ci na Praze 7<\/a><\/td>\r\n<td style=\"width: 313.656px;\">Opera\u010dn\u00ed program Zam\u011bstnanost<\/td>\r\n<td style=\"width: 313.688px;\">1.&nbsp;4.&nbsp;2020 \u2013 31.&nbsp;3.&nbsp;2022<\/td>\r\n<\/tr>\r\n<tr>\r\n<td style=\"width: 313.656px;\"><a href=\"https:\/\/www.praha7.cz\/temata\/programy-eu\/detska-skupina-panorama\/\">D\u011btsk\u00e1 skupina Panorama<\/a><\/td>\r\n<td style=\"width: 313.656px;\">Opera\u010dn\u00ed program Praha \u2013 p\u00f3l r\u016fstu<\/td>\r\n<td style=\"width: 313.688px;\">1.&nbsp;10.&nbsp;2018 \u2013 30.&nbsp;9.&nbsp;2021<\/td>\r\n<\/tr>\r\n<tr>\r\n<td style=\"width: 313.656px;\"><a href=\"https:\/\/www.praha7.cz\/temata\/programy-eu\/renovace-socialniho-bytu-u-pruhonu\/\">Renovace soci\u00e1ln\u00edho bytu U&nbsp;Pr\u016fhonu<\/a><\/td>\r\n<td style=\"width: 313.656px;\">Opera\u010dn\u00ed program Praha \u2013 p\u00f3l r\u016fstu<\/td>\r\n<td style=\"width: 313.688px;\">1.&nbsp;1.&nbsp;2021 \u2013 31.&nbsp;8.&nbsp;2021<\/td>\r\n<\/tr>\r\n<tr>\r\n<td style=\"width: 313.656px;\"><a href=\"https:\/\/www.praha7.cz\/temata\/programy-eu\/detska-skupina-jeslicky\/\">D\u011btsk\u00e1 skupina Jesli\u010dky<\/a><\/td>\r\n<td style=\"width: 313.656px;\">Opera\u010dn\u00ed program Praha \u2013 p\u00f3l r\u016fstu<\/td>\r\n<td style=\"width: 313.688px;\">1.&nbsp;4.&nbsp;2019 \u2013 31.&nbsp;8.&nbsp;2021<\/td>\r\n<\/tr>\r\n<tr>\r\n<td style=\"width: 313.656px;\"><a href=\"https:\/\/www.praha7.cz\/temata\/programy-eu\/zavedeni-systemu-managementu-rizeni-kvality-v-umc-praha-7\/\">Zaveden\u00ed syst\u00e9mu managementu \u0159\u00edzen\u00ed kvality\u00a0 v&nbsp;\u00da\u0159adu m\u011bstsk\u00e9 \u010d\u00e1sti Praha&nbsp;7 <\/a><\/td>\r\n<td style=\"width: 313.656px;\">Opera\u010dn\u00ed program Zam\u011bstnanost<\/td>\r\n<td style=\"width: 313.688px;\">1.&nbsp;3.&nbsp;2019 \u2013 28.&nbsp;2.&nbsp;2021<\/td>\r\n<\/tr>\r\n<tr>\r\n<td style=\"width: 313.656px;\"><a href=\"https:\/\/www.praha7.cz\/temata\/programy-eu\/renovace-socialniho-bytu-osadni\/\">Renovace soci\u00e1ln\u00edho bytu Osadn\u00ed<\/a><\/td>\r\n<td style=\"width: 313.656px;\">Opera\u010dn\u00ed program Praha \u2013 p\u00f3l r\u016fstu<\/td>\r\n<td style=\"width: 313.688px;\">1.&nbsp;9.&nbsp;2020 \u2013 28.&nbsp;2.&nbsp;2021<\/td>\r\n<\/tr>\r\n<tr>\r\n<td style=\"width: 313.656px;\"><a href=\"https:\/\/www.praha7.cz\/temata\/programy-eu\/navyseni-kapacity-zakladniho-vzdelavani-pri-zs-tgm-v-praze-7\/\">Nav\u00fd\u0161en\u00ed kapacity Z\u0160 TGM<\/a><\/td>\r\n<td style=\"width: 313.656px;\">Opera\u010dn\u00ed program Praha \u2013 p\u00f3l r\u016fstu<\/td>\r\n<td style=\"width: 313.688px;\">1.&nbsp;5.&nbsp;2019 \u2013 31.&nbsp;10.&nbsp;2020<\/td>\r\n<\/tr>\r\n<tr>\r\n<td style=\"width: 313.656px;\"><a href=\"https:\/\/www.praha7.cz\/temata\/programy-eu\/pilotni-overeni-implementace-systemu-socialniho-bydleni-na-lokalni-urovni-v-mc-p7\/\">Pilotn\u00ed ov\u011b\u0159en\u00ed implementace syst\u00e9mu soci\u00e1ln\u00edho bydlen\u00ed na lok\u00e1ln\u00ed \u00farovni v&nbsp;M\u010c Praha&nbsp;7<\/a><\/td>\r\n<td style=\"width: 313.656px;\">Opera\u010dn\u00ed program Zam\u011bstnanost<\/td>\r\n<td style=\"width: 313.688px;\">1.&nbsp;7.&nbsp;2017 \u2013 30.&nbsp;6.&nbsp;2020<\/td>\r\n<\/tr>\r\n<tr>\r\n<td style=\"width: 313.656px;\"><a href=\"https:\/\/www.praha7.cz\/temata\/programy-eu\/renovace-socialniho-bytu-jankovcova\/\">Renovace soci\u00e1ln\u00edho bytu Jankovcova<\/a><\/td>\r\n<td style=\"width: 313.656px;\">Opera\u010dn\u00ed program Praha \u2013 p\u00f3l r\u016fstu<\/td>\r\n<td style=\"width: 313.688px;\">1.&nbsp;1.&nbsp;2020 \u2013 30.&nbsp;6.&nbsp;2020<\/td>\r\n<\/tr>\r\n<tr>\r\n<td style=\"width: 313.656px;\"><a href=\"https:\/\/www.praha7.cz\/temata\/programy-eu\/podpora-socialniho-bydleni-v-praze-7\/\">Podpora soci\u00e1ln\u00edho bydlen\u00ed v&nbsp;Praze 7<\/a><\/td>\r\n<td style=\"width: 313.656px;\">Opera\u010dn\u00ed program Praha \u2013 p\u00f3l r\u016fstu<\/td>\r\n<td style=\"width: 313.688px;\">1.&nbsp;4.&nbsp;2017 \u2013 31.&nbsp;3.&nbsp;2018<\/td>\r\n<\/tr>\r\n<tr>\r\n<td style=\"width: 313.656px;\"><a href=\"https:\/\/www.praha7.cz\/temata\/programy-eu\/navyseni-kapacity-predskolniho-vzdelavani-pri-ms-na-vysinach\/\">Nav\u00fd\u0161en\u00ed kapacity p\u0159ed\u0161koln\u00edho vzd\u011bl\u00e1v\u00e1n\u00ed p\u0159i M\u0160 Na V\u00fd\u0161in\u00e1ch<\/a><\/td>\r\n<td style=\"width: 313.656px;\">Opera\u010dn\u00ed program Praha \u2013 p\u00f3l r\u016fstu<\/td>\r\n<td style=\"width: 313.688px;\">27.&nbsp;5.&nbsp;2016 \u2013 15.&nbsp;3.&nbsp;2018<\/td>\r\n<\/tr>\r\n<tr>\r\n<td style=\"width: 313.656px;\"><a href=\"https:\/\/www.praha7.cz\/temata\/programy-eu\/mistni-akcni-plany-rozvoje-vzdelavani\/\">M\u00edstn\u00ed ak\u010dn\u00ed pl\u00e1ny rozvoje vzd\u011bl\u00e1v\u00e1n\u00ed &#8211; spr\u00e1vn\u00ed obvod Praha&nbsp;7<\/a><\/td>\r\n<td style=\"width: 313.656px;\">Opera\u010dn\u00ed program V\u00fdzkum, v\u00fdvoj a&nbsp;vzd\u011bl\u00e1v\u00e1n\u00ed<\/td>\r\n<td style=\"width: 313.688px;\">1.&nbsp;11.&nbsp;2016 \u2013 31.&nbsp;10.&nbsp;2017<\/td>\r\n<\/tr>\r\n<tr>\r\n<td style=\"width: 313.656px;\"><a href=\"https:\/\/www.praha7.cz\/temata\/programy-eu\/navyseni-kapacity-predskolniho-vzdelavani-pri-ms-u-uranie\/\">Nav\u00fd\u0161en\u00ed kapacity p\u0159ed\u0161koln\u00edho vzd\u011bl\u00e1v\u00e1n\u00ed p\u0159i M\u0160 U&nbsp;Uranie<\/a><\/td>\r\n<td style=\"width: 313.656px;\">Opera\u010dn\u00ed program Praha \u2013 p\u00f3l r\u016fstu<\/td>\r\n<td style=\"width: 313.688px;\">1.&nbsp;1.&nbsp;2016 \u2013 31.&nbsp;12.&nbsp;2016<\/td>\r\n<\/tr>\r\n<tr>\r\n<td style=\"width: 313.656px;\"><a href=\"https:\/\/www.praha7.cz\/temata\/programy-eu\/lidske-zdroje-a-zamestnanost\/\">Syst\u00e9mov\u00e9 nastaven\u00ed \u0159\u00edzen\u00ed lidsk\u00fdch zdroj\u016f na \u00da\u0159ad\u011b m\u011bstsk\u00e9 \u010d\u00e1sti Praha&nbsp;7<\/a><\/td>\r\n<td style=\"width: 313.656px;\">Opera\u010dn\u00ed program Lidsk\u00e9 zdroje a&nbsp;zam\u011bstnanost<\/td>\r\n<td style=\"width: 313.688px;\">1.&nbsp;1.&nbsp;2013 \u2013 31.&nbsp;1.&nbsp;2015<\/td>\r\n<\/tr>\r\n<\/tbody>\r\n<\/table>\r\n<p style=\"text-align: left;\"><\/p>\r\n<p style=\"text-align: left;\"><div class=\"shortcode-container container-fluid no-bottom-padding division-detail  \">    \n    <div class=\"row\">\n\t\t <div class=\"row div-dept\">\n            <div class=\"col-xs-12 col-md-12 contact-info\">\n                <h4>Kontakt<\/h4>\n                <span>                   \n                    \u00da\u0159ad m\u011bstsk\u00e9 \u010d\u00e1sti Praha 7                   \n                <\/span><br>\n                <span>\n                    Odbor vzd\u011bl\u00e1v\u00e1n\u00ed a projektov\u00e9ho \u0159\u00edzen\u00ed\n                <\/span><br>\n                    <span>\n                        Franti\u0161ka K\u0159\u00ed\u017eka 17\n                    <\/span><br>\n                    <span>\n                        Praha 7\n                    <\/span><br>\n                \n                \n\n            <\/div>\n        <\/div>\n    <\/div>\n<\/div><\/p>\r\n\n<div class=\"shortcode-container no-bottom-padding  \">    \n\t<div class=\"row\">\n\t\t<div class=\"col-xs-12 col-md-7\">\n\t\t\t<h3>\u00da\u0159edn\u00ed hodiny \u00da\u0159adu M\u010c Praha 7<\/h3>\n\t\t<\/div>\n\t<\/div>\n\t\t<div class=\"row\">\n\t\t\t<div class=\"col-xs-12 col-sm-4 col-md-3\">\n\t\t\t\t<span>pond\u011bl\u00ed a st\u0159eda<\/span>\n\t\t\t<\/div>\n\t\t\t\t<div class=\"col-xs-6 col-sm-4 col-md-3\">\n\t\t\t\t\t<span>7.30\u201312.00<\/span>\n\t\t\t\t<\/div>\n\t\t\t\t\t<div class=\"col-xs-6 col-sm-4 col-md-3\">\n\t\t\t\t\t\t<span>13.00\u201318.00<\/span>\n\t\t\t\t\t<\/div>\n\t\t<\/div>\n\t\t<div class=\"row\">\n\t\t\t<div class=\"col-xs-12 col-sm-4 col-md-3\">\n\t\t\t\t<span>\u00fater\u00fd, \u010dtvrtek a p\u00e1tek<\/span>\n\t\t\t<\/div>\n\t\t\t\t<div class=\"col-xs-12 col-sm-8 col-md-9\">\n\t\t\t\t\t<span>po p\u0159edchoz\u00ed domluv\u011b \/ po objedn\u00e1n\u00ed<\/span>\n\t\t\t\t<\/div>\n\t\t<\/div>\n\t<div class=\"row\">\n\t\t<div class=\"col-xs-12 col-md-12 office_hours_info\">\n\t\t\t\n\t\t<\/div>\t\n\t<\/div>\n<\/div>\r\n<p style=\"text-align: left;\"><div class=\"shortcode-container container-fluid no-bottom-padding \">\n\t<div class=\"row shortcode-row no-bottom-border\">\n\t\t <div class=\"row contact-item\">\n\t\t\t<div class=\"col-xs-4 col-md-2 contact-photo\">\t\t\n\t\t\t\t<img src=\"https:\/\/www.praha7.cz\/wp-content\/uploads\/2018\/01\/IMG_8122-sona-hradecka-600x400.jpg\" alt=\"placeholder\">\n\t\t\t<\/div>\n\t\t\t<div class=\"col-xs-8 col-md-5 contact-info\">\n\t\t\t\t<h3>Hradeck\u00e1 So\u0148a, Bc.<\/h3>\n\t\t\t\t<span>vedouc\u00ed odboru<\/span><br>\n\t\t\t\t<span>Franti\u0161ka K\u0159\u00ed\u017eka 17<\/span><br>\n\t\t\t\t\n                <span>gsm. <a href=\"tel:+420608771700\">+420608771700<\/a><\/span><br>\n\t\t\t\t<a href=\"mailto:hradeckas@praha7.cz\">hradeckas@praha7.cz<\/a><br>\n\t\t\t<\/div>\n\t\t<\/div>\n\t<\/div>\n<\/div><\/p>","protected":false},"excerpt":{"rendered":"[perex] Projektov\u00e9 \u017e\u00e1dosti do jednotliv\u00fdch opera\u010dn\u00edch program\u016f evropsk\u00fdch struktur\u00e1ln\u00edch a&nbsp;investi\u010dn\u00edch fond\u016f a&nbsp;dal\u0161\u00edch dota\u010dn\u00edch program\u016f p\u0159ipravuje odd\u011blen\u00ed projektov\u00e9ho \u0159\u00edzen\u00ed. Toto odd\u011blen\u00ed sleduje mo\u017en\u00e9 dota\u010dn\u00ed p\u0159\u00edle\u017eitosti pro m\u011bstskou \u010d\u00e1st, p\u0159ipravuje projektov\u00e9 \u017e\u00e1dosti a&nbsp;zaji\u0161\u0165uje uskute\u010dn\u011bn\u00ed podpo\u0159en\u00fdch projekt\u016f. [\/perex] N\u00c1ZEV PROJEKTU OPERA\u010cN\u00cd PROGRAM DOBA REALIZACE Podpora bydlen\u00ed v\u00a0\u00fazem\u00ed M\u010c Praha\u00a07 Opera\u010dn\u00ed program Zam\u011bstnanost plus 1.&nbsp;1.&nbsp;2026 \u2013 30.&nbsp;6.&nbsp;2028 D\u011btsk\u00e1 skupina [&hellip;]","protected":false},"author":17,"featured_media":0,"parent":4798,"menu_order":0,"comment_status":"closed","ping_status":"closed","template":"","meta":[],"_links":{"self":[{"href":"https:\/\/www.praha7.cz\/api\/wp\/v2\/pages\/6116"}],"collection":[{"href":"https:\/\/www.praha7.cz\/api\/wp\/v2\/pages"}],"about":[{"href":"https:\/\/www.praha7.cz\/api\/wp\/v2\/types\/page"}],"author":[{"embeddable":true,"href":"https:\/\/www.praha7.cz\/api\/wp\/v2\/users\/17"}],"replies":[{"embeddable":true,"href":"https:\/\/www.praha7.cz\/api\/wp\/v2\/comments?post=6116"}],"version-history":[{"count":43,"href":"https:\/\/www.praha7.cz\/api\/wp\/v2\/pages\/6116\/revisions"}],"predecessor-version":[{"id":89715,"href":"https:\/\/www.praha7.cz\/api\/wp\/v2\/pages\/6116\/revisions\/89715"}],"up":[{"embeddable":true,"href":"https:\/\/www.praha7.cz\/api\/wp\/v2\/pages\/4798"}],"wp:attachment":[{"href":"https:\/\/www.praha7.cz\/api\/wp\/v2\/media?parent=6116"}],"curies":[{"name":"wp","href":"https:\/\/api.w.org\/{rel}","templated":true}]}}