    
{"id":6029,"date":"2017-09-19T15:08:07","date_gmt":"2017-09-19T13:08:07","guid":{"rendered":"https:\/\/praha7.cz\/?page_id=6029"},"modified":"2024-05-07T10:46:19","modified_gmt":"2024-05-07T08:46:19","slug":"verejne-sbirky","status":"publish","type":"page","link":"https:\/\/www.praha7.cz\/temata\/pomahame\/verejne-sbirky\/","title":{"rendered":"Ve\u0159ejn\u00e9 sb\u00edrky"},"content":{"rendered":"<p>[perex]<\/p>\r\n<p>M\u011bstsk\u00e1 \u010d\u00e1st podporuje a&nbsp;organizuje \u0159adu projekt\u016f, kter\u00e9 jsou zam\u011b\u0159en\u00e9 na pomoc pot\u0159ebn\u00fdm. Filozofi\u00ed veden\u00ed m\u011bstsk\u00e9 \u010d\u00e1sti je d\u00e1vat prostor nejprve solidarit\u011b lid\u00ed a&nbsp;pak teprve zat\u011b\u017eovat rozpo\u010det. T\u00edmto zp\u016fsobem ji\u017e ve \u0161kol\u00e1ch a&nbsp;\u0161kolk\u00e1ch funguj\u00ed Fondy solidarity, Ob\u011bdov\u00e9 konto nebo ve\u0159ejn\u00e1 sb\u00edrka na podporu rekonstrukce Letensk\u00e9ho koloto\u010de.<\/p>\r\n<p>[\/perex]<\/p>\r\n\n    <div class=\"container-fluid guide-links-list guidelist\">\n        <div class=\"guidelist-container col-xs-12 col-md-6 grey-border-box\">\n            <h3><a href=\"https:\/\/www.praha7.cz\/temata\/pomahame\/verejne-sbirky\/sosp7\/\">Solidarita od soused\u016f<\/a><\/h3>\n            <h3><a href=\"https:\/\/www.praha7.cz\/temata\/pomahame\/verejne-sbirky\/obedove-konto\/\">Ob\u011bdov\u00e9 konto<\/a><\/h3>\n            <h3><a href=\"https:\/\/www.praha7.cz\/temata\/pomahame\/verejne-sbirky\/sbirka-letensky-kolotoc\/\">Letensk\u00fd koloto\u010d<\/a><\/h3>\n        <\/div>\n    <\/div>   \n\n\r\n<p>&nbsp;<\/p>\r\n<p><span style=\"color: #0000ff;\"><strong>PO\u0158\u00c1D\u00c1TE VLASTN\u00cd SB\u00cdRKU NA \u00daZEM\u00cd PRAHY&nbsp;7?<\/strong><\/span><\/p>\r\n<p>Zape\u010det\u011bn\u00ed pokladni\u010dky prov\u00e1d\u00ed <a href=\"https:\/\/www.praha7.cz\/radnice\/organizacni-struktura\/odbor-spravnich-agend\/oddeleni-prestupku\/\">p\u0159estupkov\u00e9 odd\u011blen\u00ed<\/a> odboru spr\u00e1vn\u00edch agend v\u00a0deta\u0161ovan\u00e9m pracovi\u0161ti U&nbsp;Pr\u016fhonu 11. K&nbsp;tomuto \u00fakonu je nutn\u00e9 m\u00edt s&nbsp;sebou\u00a0<a href=\"https:\/\/praha.eu\/sluzby-uradu#\/detail\/94\" target=\"_blank\" rel=\"noopener\">osv\u011bd\u010den\u00ed vydan\u00e9 Magistr\u00e1tem hl. m. Prahy<\/a> a&nbsp;plnou moc.\u00a0<\/p>\r\n<hr \/>\r\n<p>Ozn\u00e1men\u00ed po\u0159\u00e1d\u00e1n\u00ed ve\u0159ejn\u00e9 sb\u00edrky je t\u0159eba vy\u0159\u00eddit na <a href=\"https:\/\/praha.eu\/sluzby-uradu#\/detail\/94\" target=\"_blank\" rel=\"noopener\">odboru dan\u00ed, poplatk\u016f a&nbsp;cen Magistr\u00e1tu hl. m. Prahy<\/a>.<\/p>\r\n<p>Ve\u0159ejnou sb\u00edrkou je z\u00edsk\u00e1v\u00e1n\u00ed a&nbsp;shroma\u017e\u010fov\u00e1n\u00ed dobrovoln\u00fdch pen\u011b\u017eit\u00fdch p\u0159\u00edsp\u011bvk\u016f od p\u0159edem neur\u010den\u00e9ho okruhu p\u0159isp\u011bvatel\u016f pro p\u0159edem stanoven\u00fd ve\u0159ejn\u011b prosp\u011b\u0161n\u00fd \u00fa\u010del, zejm\u00e9na humanit\u00e1rn\u00ed nebo charitativn\u00ed, rozvoj vzd\u011bl\u00e1n\u00ed, t\u011blov\u00fdchovy nebo sportu, nebo ochranu kulturn\u00edch pam\u00e1tek, tradic nebo \u017eivotn\u00edho prost\u0159ed\u00ed.<\/p>\r\n<p>Ve\u0159ejnou sb\u00edrku je opr\u00e1vn\u011bna konat za podm\u00ednek stanoven\u00fdch z\u00e1konem \u010d. 117\/2001 Sb., o&nbsp;ve\u0159ejn\u00fdch sb\u00edrk\u00e1ch a&nbsp;o&nbsp;zm\u011bn\u011b n\u011bkter\u00fdch z\u00e1kon\u016f (z\u00e1kon o&nbsp;ve\u0159ejn\u00fdch sb\u00edrk\u00e1ch), ve zn\u011bn\u00ed pozd\u011bj\u0161\u00edch p\u0159edpis\u016f (d\u00e1le jen \u201ez\u00e1kon o&nbsp;ve\u0159ejn\u00fdch sb\u00edrk\u00e1ch\u201c), pouze pr\u00e1vnick\u00e1 osoba, nikoliv jednotliv\u00ed ob\u010dan\u00e9.<\/p>\r\n<p>Pr\u00e1vnick\u00e1 osoba, kter\u00e1 hodl\u00e1 konat sb\u00edrku a&nbsp;m\u00e1 s\u00eddlo v&nbsp;Praze, je povinna jej\u00ed kon\u00e1n\u00ed p\u00edsemn\u011b ozn\u00e1mit odboru dan\u00ed, poplatk\u016f a&nbsp;cen Magistr\u00e1tu hl. m. Prahy, a&nbsp;to tak, aby tento \u00fa\u0159ad ozn\u00e1men\u00ed o&nbsp;kon\u00e1n\u00ed sb\u00edrky obdr\u017eel nejpozd\u011bji 30 dn\u016f p\u0159ede dnem zah\u00e1jen\u00ed sb\u00edrky v&nbsp;souladu se zn\u011bn\u00edm ustanoven\u00ed \u00a7 4 odst. 1 z\u00e1kona o&nbsp;ve\u0159ejn\u00fdch sb\u00edrk\u00e1ch. Za p\u0159edpokladu spln\u011bn\u00ed v\u0161ech stanoven\u00fdch n\u00e1le\u017eitost\u00ed ozn\u00e1men\u00ed (podle ustanoven\u00ed \u00a7 5 z\u00e1kona o&nbsp;ve\u0159ejn\u00fdch sb\u00edrk\u00e1ch), a&nbsp;pokud nejsou shled\u00e1ny d\u016fvody pro to, \u017ee sb\u00edrku nelze konat, osv\u011bd\u010d\u00ed Magistr\u00e1t hl. m. Prahy pr\u00e1vnick\u00e9 osob\u011b, kter\u00e1 kon\u00e1n\u00ed sb\u00edrky ozn\u00e1mila, datum p\u0159ijet\u00ed ozn\u00e1men\u00ed.<\/p>\r\n<p>Podrobn\u00e9 informace k\u00a0po\u0159\u00e1d\u00e1n\u00ed ve\u0159ejn\u00e9 sb\u00edrky naleznete <a href=\"https:\/\/praha.eu\/sluzby-uradu#\/detail\/94\" target=\"_blank\" rel=\"noopener\">zde<\/a>.<\/p>","protected":false},"excerpt":{"rendered":"[perex] M\u011bstsk\u00e1 \u010d\u00e1st podporuje a&nbsp;organizuje \u0159adu projekt\u016f, kter\u00e9 jsou zam\u011b\u0159en\u00e9 na pomoc pot\u0159ebn\u00fdm. Filozofi\u00ed veden\u00ed m\u011bstsk\u00e9 \u010d\u00e1sti je d\u00e1vat prostor nejprve solidarit\u011b lid\u00ed a&nbsp;pak teprve zat\u011b\u017eovat rozpo\u010det. T\u00edmto zp\u016fsobem ji\u017e ve \u0161kol\u00e1ch a&nbsp;\u0161kolk\u00e1ch funguj\u00ed Fondy solidarity, Ob\u011bdov\u00e9 konto nebo ve\u0159ejn\u00e1 sb\u00edrka na podporu rekonstrukce Letensk\u00e9ho koloto\u010de. [\/perex] &nbsp; PO\u0158\u00c1D\u00c1TE VLASTN\u00cd SB\u00cdRKU NA \u00daZEM\u00cd PRAHY&nbsp;7? Zape\u010det\u011bn\u00ed [&hellip;]","protected":false},"author":2,"featured_media":0,"parent":6041,"menu_order":0,"comment_status":"closed","ping_status":"closed","template":"","meta":[],"_links":{"self":[{"href":"https:\/\/www.praha7.cz\/api\/wp\/v2\/pages\/6029"}],"collection":[{"href":"https:\/\/www.praha7.cz\/api\/wp\/v2\/pages"}],"about":[{"href":"https:\/\/www.praha7.cz\/api\/wp\/v2\/types\/page"}],"author":[{"embeddable":true,"href":"https:\/\/www.praha7.cz\/api\/wp\/v2\/users\/2"}],"replies":[{"embeddable":true,"href":"https:\/\/www.praha7.cz\/api\/wp\/v2\/comments?post=6029"}],"version-history":[{"count":18,"href":"https:\/\/www.praha7.cz\/api\/wp\/v2\/pages\/6029\/revisions"}],"predecessor-version":[{"id":75809,"href":"https:\/\/www.praha7.cz\/api\/wp\/v2\/pages\/6029\/revisions\/75809"}],"up":[{"embeddable":true,"href":"https:\/\/www.praha7.cz\/api\/wp\/v2\/pages\/6041"}],"wp:attachment":[{"href":"https:\/\/www.praha7.cz\/api\/wp\/v2\/media?parent=6029"}],"curies":[{"name":"wp","href":"https:\/\/api.w.org\/{rel}","templated":true}]}}