    
{"id":6005,"date":"2017-09-19T12:31:49","date_gmt":"2017-09-19T10:31:49","guid":{"rendered":"https:\/\/praha7.cz\/?page_id=6005"},"modified":"2024-03-20T11:59:18","modified_gmt":"2024-03-20T10:59:18","slug":"prisedici-u-obvodniho-soudu","status":"publish","type":"page","link":"https:\/\/www.praha7.cz\/potrebuji-zaridit\/prisedici-u-obvodniho-soudu\/","title":{"rendered":"P\u0159\u00edsed\u00edc\u00ed u&nbsp;Obvodn\u00edho soudu"},"content":{"rendered":"<p>[perex]<\/p>\r\n<p>P\u0159\u00edsed\u00edc\u00ed Obvodn\u00edch soud\u016f v\u00a0Praze vol\u00ed zastupitelstva jednotliv\u00fdch m\u011bstsk\u00fdch \u010d\u00e1st\u00ed. V\u00a0p\u0159\u00edpad\u011b M\u011bstsk\u00e9ho soudu v&nbsp;Praze pak Zastupitelstvo hlavn\u00edho m\u011bsta Prahy.<\/p>\r\n<p>[\/perex]<\/p>\r\n<p>V p\u0159\u00edpad\u011b z\u00e1jmu o&nbsp;v\u00fdkon funkce p\u0159\u00edsed\u00edc\u00edho Obvodn\u00edho soudu pro Prahu 7 kontaktujte emailem vedouc\u00ed odboru\u00a0PaedDr. Michaelu Strnadovou s&nbsp;prosbou o&nbsp;zasl\u00e1n\u00ed dotazn\u00edku. Nutnou p\u0159\u00edlohou je \u017eivotopis a&nbsp;v\u00fdpis z&nbsp;rejst\u0159\u00edku trest\u016f a&nbsp;p\u0159estupk\u016f. Jednou z\u00a0hlavn\u00edch podm\u00ednek je <strong>trval\u00e9 bydli\u0161t\u011b<\/strong> nebo m\u00edsto pr\u00e1ce<strong> v\u00a0sedm\u00e9 m\u011bstsk\u00e9 \u010d\u00e1sti<\/strong>. Sou\u010dasn\u011b tak\u00e9 \u017eadatel nesm\u00ed vykon\u00e1vat funkci, kter\u00e1 je podle z\u00e1kona s\u00a0funkc\u00ed p\u0159\u00edsed\u00edc\u00edho neslu\u010diteln\u00e1 (nap\u0159. \u010dlen komory parlamentu).<\/p>\r\n<h4>Dal\u0161\u00ed nutn\u00e9 podm\u00ednky<\/h4>\r\n<ul>\r\n\t<li>st\u00e1tn\u00ed ob\u010danstv\u00ed \u010cesk\u00e9 republiky<\/li>\r\n\t<li>zp\u016fsobilost k&nbsp;pr\u00e1vn\u00edm \u00fakon\u016fm<\/li>\r\n\t<li>bez\u00fahonnost<\/li>\r\n\t<li>zku\u0161enosti a&nbsp;mor\u00e1ln\u00ed vlastnosti<\/li>\r\n\t<li>v\u011bk nejm\u00e9n\u011b 30 let<\/li>\r\n\t<li>negativn\u00ed lustra\u010dn\u00ed osv\u011bd\u010den\u00ed<\/li>\r\n\t<li>prohl\u00e1\u0161en\u00ed podle ustanoven\u00ed \u00a7 4 odst. 3 z\u00e1kona \u010d. 6\/2002 Sb. &#8211; Z\u00e1kon o&nbsp;soudech, soudc\u00edch, p\u0159\u00edsed\u00edc\u00edch a&nbsp;st\u00e1tn\u00ed spr\u00e1v\u011b soud\u016f a&nbsp;o&nbsp;zm\u011bn\u011b n\u011bkter\u00fdch dal\u0161\u00edch z\u00e1kon\u016f<\/li>\r\n<\/ul>\r\n<hr \/>\r\n<p><strong>Funk\u010dn\u00ed obdob\u00ed trv\u00e1 4 roky<\/strong> od data zvolen\u00ed. Jedn\u00e1 se o&nbsp;v\u00fdkon ve\u0159ejn\u00e9 funkce. V\u00fdkon ve\u0159ejn\u00e9 funkce je p\u0159ek\u00e1\u017ekou v&nbsp;pr\u00e1ci z&nbsp;d\u016fvodu obecn\u00e9ho z\u00e1jmu, zam\u011bstnavatel je proto povinen poskytnout zam\u011bstnanci pracovn\u00ed volno v&nbsp;nezbytn\u011b nutn\u00e9m rozsahu. P\u0159\u00edsed\u00edc\u00ed by zpravidla nem\u011bli zasedat v\u00edce ne\u017e 20 dn\u016f v&nbsp;kalend\u00e1\u0159n\u00edm roce. Odm\u011bna za v\u00fdkon funkce p\u0159\u00edsed\u00edc\u00edho je stanovena vyhl\u00e1\u0161kou \u010d. 44\/1992 Sb., o&nbsp;n\u00e1hrad\u00e1ch za vykon\u00e1v\u00e1n\u00ed funkce p\u0159\u00edsed\u00edc\u00edho.<\/p>\r\n<hr \/>\r\n<h4>Z\u00e1konn\u00e1 \u00faprava<\/h4>\r\n<ul>\r\n\t<li><a href=\"https:\/\/www.zakonyprolidi.cz\/cs\/2002-6\">Z\u00e1kon \u010d. 6\/2002 Sb<\/a>. &#8211; Z\u00e1kon o&nbsp;soudech, soudc\u00edch, p\u0159\u00edsed\u00edc\u00edch a&nbsp;st\u00e1tn\u00ed spr\u00e1v\u011b soud\u016f a&nbsp;o&nbsp;zm\u011bn\u011b n\u011bkter\u00fdch dal\u0161\u00edch z\u00e1kon\u016f<\/li>\r\n\t<li><a href=\"https:\/\/www.zakonyprolidi.cz\/cs\/1992-44\">Vyhl\u00e1\u0161ka \u010d. 44\/1992 Sb<\/a>., o&nbsp;n\u00e1hrad\u00e1ch za vykon\u00e1v\u00e1n\u00ed funkce p\u0159\u00edsed\u00edc\u00edho<\/li>\r\n<\/ul>\r\n<div class=\"shortcode-container container-fluid no-bottom-padding division-detail  \">    \n    <div class=\"row\">\n\t\t <div class=\"row div-dept\">\n            <div class=\"col-xs-12 col-md-12 contact-info\">\n                <h4>Kontakt<\/h4>\n                <span>                   \n                    \u00da\u0159ad m\u011bstsk\u00e9 \u010d\u00e1sti Praha 7                   \n                <\/span><br>\n                <span>\n                    Odbor kancel\u00e1\u0159 starosty a tajemn\u00edka\n                <\/span><br>\n                    <span>\n                        U Pr\u016fhonu 1338\/38\n                    <\/span><br>\n                    <span>\n                        Praha 7\n                    <\/span><br>\n                \n                \n\n            <\/div>\n        <\/div>\n    <\/div>\n<\/div>\r\n\n<div class=\"shortcode-container no-bottom-padding  \">    \n\t<div class=\"row\">\n\t\t<div class=\"col-xs-12 col-md-7\">\n\t\t\t<h3>\u00da\u0159edn\u00ed hodiny \u00da\u0159adu M\u010c Praha 7<\/h3>\n\t\t<\/div>\n\t<\/div>\n\t\t<div class=\"row\">\n\t\t\t<div class=\"col-xs-12 col-sm-4 col-md-3\">\n\t\t\t\t<span>pond\u011bl\u00ed a st\u0159eda<\/span>\n\t\t\t<\/div>\n\t\t\t\t<div class=\"col-xs-6 col-sm-4 col-md-3\">\n\t\t\t\t\t<span>7.30\u201312.00<\/span>\n\t\t\t\t<\/div>\n\t\t\t\t\t<div class=\"col-xs-6 col-sm-4 col-md-3\">\n\t\t\t\t\t\t<span>13.00\u201318.00<\/span>\n\t\t\t\t\t<\/div>\n\t\t<\/div>\n\t\t<div class=\"row\">\n\t\t\t<div class=\"col-xs-12 col-sm-4 col-md-3\">\n\t\t\t\t<span>\u00fater\u00fd, \u010dtvrtek a p\u00e1tek<\/span>\n\t\t\t<\/div>\n\t\t\t\t<div class=\"col-xs-12 col-sm-8 col-md-9\">\n\t\t\t\t\t<span>po p\u0159edchoz\u00ed domluv\u011b \/ po objedn\u00e1n\u00ed<\/span>\n\t\t\t\t<\/div>\n\t\t<\/div>\n\t<div class=\"row\">\n\t\t<div class=\"col-xs-12 col-md-12 office_hours_info\">\n\t\t\t\n\t\t<\/div>\t\n\t<\/div>\n<\/div>\r\n<div class=\"shortcode-container container-fluid no-bottom-padding \">\n\t<div class=\"row shortcode-row no-bottom-border\">\n\t\t <div class=\"row contact-item\">\n\t\t\t<div class=\"col-xs-4 col-md-2 contact-photo\">\t\t\n\t\t\t\t<img src=\"https:\/\/www.praha7.cz\/wp-content\/uploads\/2017\/11\/michaela-strnadova.png\" alt=\"placeholder\">\n\t\t\t<\/div>\n\t\t\t<div class=\"col-xs-8 col-md-5 contact-info\">\n\t\t\t\t<h3>Strnadov\u00e1 Michaela, PaedDr.<\/h3>\n\t\t\t\t<span>vedouc\u00ed odboru<\/span><br>\n\t\t\t\t<span>dve\u0159e 5.10<\/span><br>\n\t\t\t\t<span>tel. <a>+420220144233<\/a><\/span><br>\n                <span>gsm. <a href=\"tel:+420731628904\">+420731628904<\/a><\/span><br>\n\t\t\t\t<a href=\"mailto:strnadovam@praha7.cz\">strnadovam@praha7.cz<\/a><br>\n\t\t\t<\/div>\n\t\t<\/div>\n\t<\/div>\n<\/div>","protected":false},"excerpt":{"rendered":"[perex] P\u0159\u00edsed\u00edc\u00ed Obvodn\u00edch soud\u016f v\u00a0Praze vol\u00ed zastupitelstva jednotliv\u00fdch m\u011bstsk\u00fdch \u010d\u00e1st\u00ed. V\u00a0p\u0159\u00edpad\u011b M\u011bstsk\u00e9ho soudu v&nbsp;Praze pak Zastupitelstvo hlavn\u00edho m\u011bsta Prahy. [\/perex] V&nbsp;p\u0159\u00edpad\u011b z\u00e1jmu o&nbsp;v\u00fdkon funkce p\u0159\u00edsed\u00edc\u00edho Obvodn\u00edho soudu pro Prahu 7 kontaktujte emailem vedouc\u00ed odboru\u00a0PaedDr. Michaelu Strnadovou s&nbsp;prosbou o&nbsp;zasl\u00e1n\u00ed dotazn\u00edku. Nutnou p\u0159\u00edlohou je \u017eivotopis a&nbsp;v\u00fdpis z&nbsp;rejst\u0159\u00edku trest\u016f a&nbsp;p\u0159estupk\u016f. Jednou z\u00a0hlavn\u00edch podm\u00ednek je trval\u00e9 bydli\u0161t\u011b nebo [&hellip;]","protected":false},"author":15,"featured_media":0,"parent":133,"menu_order":0,"comment_status":"closed","ping_status":"closed","template":"","meta":[],"_links":{"self":[{"href":"https:\/\/www.praha7.cz\/api\/wp\/v2\/pages\/6005"}],"collection":[{"href":"https:\/\/www.praha7.cz\/api\/wp\/v2\/pages"}],"about":[{"href":"https:\/\/www.praha7.cz\/api\/wp\/v2\/types\/page"}],"author":[{"embeddable":true,"href":"https:\/\/www.praha7.cz\/api\/wp\/v2\/users\/15"}],"replies":[{"embeddable":true,"href":"https:\/\/www.praha7.cz\/api\/wp\/v2\/comments?post=6005"}],"version-history":[{"count":26,"href":"https:\/\/www.praha7.cz\/api\/wp\/v2\/pages\/6005\/revisions"}],"predecessor-version":[{"id":74615,"href":"https:\/\/www.praha7.cz\/api\/wp\/v2\/pages\/6005\/revisions\/74615"}],"up":[{"embeddable":true,"href":"https:\/\/www.praha7.cz\/api\/wp\/v2\/pages\/133"}],"wp:attachment":[{"href":"https:\/\/www.praha7.cz\/api\/wp\/v2\/media?parent=6005"}],"curies":[{"name":"wp","href":"https:\/\/api.w.org\/{rel}","templated":true}]}}