    
{"id":5996,"date":"2017-09-19T12:01:25","date_gmt":"2017-09-19T10:01:25","guid":{"rendered":"https:\/\/praha7.cz\/?page_id=5996"},"modified":"2023-11-16T12:30:01","modified_gmt":"2023-11-16T11:30:01","slug":"petice","status":"publish","type":"page","link":"https:\/\/www.praha7.cz\/potrebuji-zaridit\/petice\/","title":{"rendered":"Petice"},"content":{"rendered":"<p style=\"text-align: justify;\">[perex]<\/p>\r\n<p>Petice je p\u00edsemn\u011b nebo elektronicky podan\u00e1 \u017e\u00e1dost ob\u010dan\u016f \u010cR, tzv. petent\u016f, org\u00e1n\u016fm st\u00e1tn\u00ed a\u00a0ve\u0159ejn\u00e9 moci. Ka\u017ed\u00fd m\u00e1 pr\u00e1vo obracet se na\u00a0ve\u0159ejnou spr\u00e1vu se \u017e\u00e1dostmi, n\u00e1vrhy a\u00a0st\u00ed\u017enostmi ve v\u011bcech ve\u0159ejn\u00e9ho nebo jin\u00e9ho spole\u010dn\u00e9ho z\u00e1jmu, kter\u00e9 pat\u0159\u00ed do p\u016fsobnosti ve\u0159ejn\u00e9 spr\u00e1vy.\u00a0K\u00a0sestaven\u00ed petice, opat\u0159en\u00ed podpis\u016f ob\u010dan\u016f pod ni, doru\u010den\u00ed org\u00e1n\u016fm ve\u0159ejn\u00e9 spr\u00e1vy a\u00a0jedn\u00e1n\u00ed s\u00a0nimi je opr\u00e1vn\u011bn jednotlivec i\u00a0skupina obyvatel, kter\u00e1 sestav\u00ed peti\u010dn\u00ed v\u00fdbor. Pr\u00e1vnick\u00e9 osoby mohou peti\u010dn\u00ed pr\u00e1vo vykon\u00e1vat, je-li to v\u00a0souladu s\u00a0c\u00edli jejich \u010dinnosti.<\/p>\r\n<p style=\"text-align: justify;\">[\/perex]<\/p>\r\n<p>Peti\u010dn\u00ed v\u00fdbor nen\u00ed pr\u00e1vnickou osobou. \u010clenov\u00e9 peti\u010dn\u00edho v\u00fdboru jsou povinni ur\u010dit osobu star\u0161\u00ed 18 let, kter\u00e1 je bude zastupovat ve styku se st\u00e1tn\u00edmi org\u00e1ny.<br \/>\r\n<br \/>\r\n<\/p>\r\n<p style=\"text-align: justify;\"><span style=\"color: #0000ff;\"><strong>POD\u00c1N\u00cd LZE U\u010cINIT<\/strong><\/span><\/p>\r\n<ul style=\"text-align: justify;\">\r\n\t<li style=\"text-align: justify;\">osobn\u011b na podatelnu \u00fa\u0159adu<\/li>\r\n\t<li style=\"text-align: justify;\">elektronicky prost\u0159ednictv\u00edm aplikace ePetice v&nbsp;<a href=\"https:\/\/portal.gov.cz\/e-petice\/\" target=\"_blank\" rel=\"noopener\">Port\u00e1lu ob\u010dana<\/a><\/li>\r\n\t<li style=\"text-align: justify;\">datovou zpr\u00e1vou do datov\u00e9 schr\u00e1nky \u00fa\u0159adu<\/li>\r\n\t<li style=\"text-align: justify;\">e-mailem na e-podatelnu \u00fa\u0159adu, je vy\u017eadov\u00e1n elektronick\u00fd podpis<br \/>\r\n<br \/>\r\n<\/li>\r\n<\/ul>\r\n<p style=\"text-align: justify;\"><span style=\"color: #0000ff;\"><strong>JAK SESTAVIT PETICI<\/strong><\/span><\/p>\r\n<p style=\"text-align: justify;\">Podpisov\u00e9 archy mus\u00ed obsahovat text petice, a\u00a0pokud tomu tak nen\u00ed, mus\u00ed b\u00fdt ozna\u010deny tak, aby\u00a0bylo z\u0159ejm\u00e9, jak\u00e1 petice m\u00e1 b\u00fdt podpisy podpo\u0159ena. D\u00e1le na nich mus\u00ed b\u00fdt uvedeno jm\u00e9no, p\u0159\u00edjmen\u00ed a\u00a0bydli\u0161t\u011b toho, kdo petici sestavil a&nbsp;pod\u00e1v\u00e1, nebo jm\u00e9no, p\u0159\u00edjmen\u00ed a\u00a0bydli\u0161t\u011b toho, kdo je opr\u00e1vn\u011bn \u010dleny peti\u010dn\u00edho v\u00fdboru v\u00a0t\u00e9to v\u011bci zastupovat. Na pod\u00e1n\u00ed petice nejsou p\u0159edeps\u00e1ny \u017e\u00e1dn\u00e9 formul\u00e1\u0159e a&nbsp;<strong>pod\u00e1n\u00ed petice nen\u00ed zpoplatn\u011bno<\/strong>.<\/p>\r\n<p style=\"text-align: justify;\">K\u00a0anonymn\u00edm petic\u00edm se nep\u0159ihl\u00ed\u017e\u00ed. Za anonymn\u00ed je pova\u017eov\u00e1na takov\u00e1 petice, kter\u00e1 neobsahuje jm\u00e9no a&nbsp;adresu podatele.<\/p>\r\n<p style=\"text-align: justify;\"><span style=\"color: #0000ff;\"><strong><br \/>\r\nLH\u016eTA PRO VY\u0158\u00cdZEN\u00cd<\/strong><\/span><\/p>\r\n<p style=\"text-align: justify;\">St\u00e1tn\u00ed org\u00e1n, kter\u00fd petici p\u0159ijal, je povinen jej\u00ed obsah posoudit a\u00a0<strong>do 30 dn\u016f odpov\u011bd\u011bt<\/strong> tomu, kdo ji podal anebo tomu, kdo zastupuje \u010dleny peti\u010dn\u00edho v\u00fdboru. Vy\u0159\u00edzen\u00ed petice zabezpe\u010duje Odbor pr\u00e1vn\u00ed. Odpov\u011b\u010f na petici mus\u00ed obsahovat od\u016fvodn\u011bn\u00e9 stanovisko k\u00a0obsahu petice a&nbsp;ke zp\u016fsobu jej\u00edho vy\u0159\u00edzen\u00ed.<\/p>\r\n<p style=\"text-align: justify;\"><span style=\"color: #0000ff;\"><strong><br \/>\r\nZ\u00c1KONN\u00c1 \u00daPRAVA<\/strong><\/span><\/p>\r\n<ul style=\"text-align: justify;\">\r\n\t<li><a href=\"https:\/\/www.zakonyprolidi.cz\/cs\/1990-85\" target=\"_blank\" rel=\"noopener\">\u00a0Z\u00e1kon \u010d. 85\/1990 Sb.<\/a>, o&nbsp;pr\u00e1vu peti\u010dn\u00edm<\/li>\r\n<\/ul>\r\n<p style=\"text-align: justify;\"><div class=\"shortcode-container container-fluid no-bottom-padding division-detail  \">    \n    <div class=\"row\">\n\t\t <div class=\"row div-dept\">\n            <div class=\"col-xs-12 col-md-12 contact-info\">\n                <h4>Kontakt<\/h4>\n                <span>                   \n                    \u00da\u0159ad m\u011bstsk\u00e9 \u010d\u00e1sti Praha 7                   \n                <\/span><br>\n                <span>\n                    Odbor pr\u00e1vn\u00ed\n                <\/span><br>\n                    <span>\n                        U Pr\u016fhonu 1338\/38\n                    <\/span><br>\n                    <span>\n                        Praha 7\n                    <\/span><br>\n                \n                \n\n            <\/div>\n        <\/div>\n    <\/div>\n<\/div><\/p>\r\n<p style=\"text-align: justify;\">\n<div class=\"shortcode-container no-bottom-padding  \">    \n\t<div class=\"row\">\n\t\t<div class=\"col-xs-12 col-md-7\">\n\t\t\t<h3>\u00da\u0159edn\u00ed hodiny \u00da\u0159adu M\u010c Praha 7<\/h3>\n\t\t<\/div>\n\t<\/div>\n\t\t<div class=\"row\">\n\t\t\t<div class=\"col-xs-12 col-sm-4 col-md-3\">\n\t\t\t\t<span>pond\u011bl\u00ed a st\u0159eda<\/span>\n\t\t\t<\/div>\n\t\t\t\t<div class=\"col-xs-6 col-sm-4 col-md-3\">\n\t\t\t\t\t<span>7.30\u201312.00<\/span>\n\t\t\t\t<\/div>\n\t\t\t\t\t<div class=\"col-xs-6 col-sm-4 col-md-3\">\n\t\t\t\t\t\t<span>13.00\u201318.00<\/span>\n\t\t\t\t\t<\/div>\n\t\t<\/div>\n\t\t<div class=\"row\">\n\t\t\t<div class=\"col-xs-12 col-sm-4 col-md-3\">\n\t\t\t\t<span>\u00fater\u00fd, \u010dtvrtek a p\u00e1tek<\/span>\n\t\t\t<\/div>\n\t\t\t\t<div class=\"col-xs-12 col-sm-8 col-md-9\">\n\t\t\t\t\t<span>po p\u0159edchoz\u00ed domluv\u011b \/ po objedn\u00e1n\u00ed<\/span>\n\t\t\t\t<\/div>\n\t\t<\/div>\n\t<div class=\"row\">\n\t\t<div class=\"col-xs-12 col-md-12 office_hours_info\">\n\t\t\t\n\t\t<\/div>\t\n\t<\/div>\n<\/div><\/p>\r\n<p style=\"text-align: justify;\"><div class=\"shortcode-container container-fluid no-bottom-padding \">\n\t<div class=\"row shortcode-row no-bottom-border\">\n\t\t <div class=\"row contact-item\">\n\t\t\t<div class=\"col-xs-4 col-md-2 contact-photo\">\t\t\n\t\t\t\t<img src=\"https:\/\/www.praha7.cz\/wp-content\/uploads\/2023\/10\/Glasova-Alena-400x400.jpg\" alt=\"placeholder\">\n\t\t\t<\/div>\n\t\t\t<div class=\"col-xs-8 col-md-5 contact-info\">\n\t\t\t\t<h3>Glasov\u00e1 Alena, Mgr.<\/h3>\n\t\t\t\t<span>vedouc\u00ed odboru<\/span><br>\n\t\t\t\t<span>dve\u0159e 3.06b<\/span><br>\n\t\t\t\t<span>tel. <a>+420220144212<\/a><\/span><br>\n                <span>gsm. <a href=\"tel:+420777597302\">+420777597302<\/a><\/span><br>\n\t\t\t\t<a href=\"mailto:glasovaa@praha7.cz\">glasovaa@praha7.cz<\/a><br>\n\t\t\t<\/div>\n\t\t<\/div>\n\t<\/div>\n<\/div><\/p>","protected":false},"excerpt":{"rendered":"[perex] Petice je p\u00edsemn\u011b nebo elektronicky podan\u00e1 \u017e\u00e1dost ob\u010dan\u016f \u010cR, tzv. petent\u016f, org\u00e1n\u016fm st\u00e1tn\u00ed a\u00a0ve\u0159ejn\u00e9 moci. Ka\u017ed\u00fd m\u00e1 pr\u00e1vo obracet se na\u00a0ve\u0159ejnou spr\u00e1vu se \u017e\u00e1dostmi, n\u00e1vrhy a\u00a0st\u00ed\u017enostmi ve v\u011bcech ve\u0159ejn\u00e9ho nebo jin\u00e9ho spole\u010dn\u00e9ho z\u00e1jmu, kter\u00e9 pat\u0159\u00ed do p\u016fsobnosti ve\u0159ejn\u00e9 spr\u00e1vy.\u00a0K\u00a0sestaven\u00ed petice, opat\u0159en\u00ed podpis\u016f ob\u010dan\u016f pod ni, doru\u010den\u00ed org\u00e1n\u016fm ve\u0159ejn\u00e9 spr\u00e1vy a\u00a0jedn\u00e1n\u00ed s\u00a0nimi je opr\u00e1vn\u011bn jednotlivec [&hellip;]","protected":false},"author":15,"featured_media":0,"parent":133,"menu_order":7,"comment_status":"closed","ping_status":"closed","template":"","meta":[],"_links":{"self":[{"href":"https:\/\/www.praha7.cz\/api\/wp\/v2\/pages\/5996"}],"collection":[{"href":"https:\/\/www.praha7.cz\/api\/wp\/v2\/pages"}],"about":[{"href":"https:\/\/www.praha7.cz\/api\/wp\/v2\/types\/page"}],"author":[{"embeddable":true,"href":"https:\/\/www.praha7.cz\/api\/wp\/v2\/users\/15"}],"replies":[{"embeddable":true,"href":"https:\/\/www.praha7.cz\/api\/wp\/v2\/comments?post=5996"}],"version-history":[{"count":27,"href":"https:\/\/www.praha7.cz\/api\/wp\/v2\/pages\/5996\/revisions"}],"predecessor-version":[{"id":71608,"href":"https:\/\/www.praha7.cz\/api\/wp\/v2\/pages\/5996\/revisions\/71608"}],"up":[{"embeddable":true,"href":"https:\/\/www.praha7.cz\/api\/wp\/v2\/pages\/133"}],"wp:attachment":[{"href":"https:\/\/www.praha7.cz\/api\/wp\/v2\/media?parent=5996"}],"curies":[{"name":"wp","href":"https:\/\/api.w.org\/{rel}","templated":true}]}}