    
{"id":5936,"date":"2017-09-18T17:48:14","date_gmt":"2017-09-18T15:48:14","guid":{"rendered":"https:\/\/praha7.cz\/?page_id=5936"},"modified":"2026-04-09T10:43:11","modified_gmt":"2026-04-09T08:43:11","slug":"poradani-akci","status":"publish","type":"page","link":"https:\/\/www.praha7.cz\/potrebuji-zaridit\/poradani-akci\/","title":{"rendered":"Po\u0159\u00e1d\u00e1n\u00ed akc\u00ed"},"content":{"rendered":"<p>[perex]<\/p>\r\n<p>Ka\u017ed\u00fd po\u0159adatel akce je povinen po\u010d\u00ednat si p\u0159i sv\u00e9m kon\u00e1n\u00ed tak, aby nedo\u0161lo k&nbsp;ned\u016fvodn\u00e9 \u00fajm\u011b na svobod\u011b, \u017eivot\u011b, zdrav\u00ed nebo na vlastnictv\u00ed jin\u00e9ho.\u00a0<\/p>\r\n<p>[\/perex]<\/p>\r\n\n    <div class=\"container-fluid guide-links-list guidelist\">\n        <div class=\"guidelist-container col-xs-12 col-md-6 grey-border-box\">\n            <h3><a href=\"https:\/\/www.praha7.cz\/potrebuji-zaridit\/poradani-akci\/kde-se-akce-uskutecni\/\">Kde se akce uskute\u010dn\u00ed?<\/a><\/h3>\n            <h3><a href=\"https:\/\/www.praha7.cz\/potrebuji-zaridit\/poradani-akci\/usneseni-ke-stanovisku-mc-praha-7-ke-konani-akci-na-ostrove-stvanice\/\">Usnesen\u00ed ke stanovisku M\u010c Praha&nbsp;7 ke kon\u00e1n\u00ed akc\u00ed na ostrov\u011b \u0160tvanice<\/a><\/h3>\n            <h3><a href=\"https:\/\/www.praha7.cz\/potrebuji-zaridit\/poradani-akci\/usneseni-ke-stanovisku-mc-praha-7-ke-konani-akci-a-koncertu-na-letenske-plani\/\">Usnesen\u00ed ke stanovisku M\u010c Praha&nbsp;7 ke kon\u00e1n\u00ed akc\u00ed a&nbsp;koncert\u016f na Letensk\u00e9 pl\u00e1ni<\/a><\/h3>\n            <h3><a href=\"https:\/\/www.praha7.cz\/potrebuji-zaridit\/poradani-akci\/ohlaseni-akce\/\">Ohl\u00e1\u0161en\u00ed akc\u00ed<\/a><\/h3>\n            <h3><a href=\"https:\/\/www.praha7.cz\/potrebuji-zaridit\/poradani-akci\/zastity\/\">Z\u00e1\u0161tita<\/a><\/h3>\n            <h3><a href=\"https:\/\/www.praha7.cz\/potrebuji-zaridit\/poradani-akci\/ohnostroj\/\">Oh\u0148ostroj<\/a><\/h3>\n            <h3><a href=\"https:\/\/www.praha7.cz\/potrebuji-zaridit\/poradani-akci\/poradani-pikniku\/\">Po\u0159\u00e1d\u00e1n\u00ed pikniku<\/a><\/h3>\n            <h3><a href=\"https:\/\/www.praha7.cz\/potrebuji-zaridit\/poradani-akci\/poulicni-umelecke-verejne-produkce-busking\/\">Pouli\u010dn\u00ed um\u011bleck\u00e9 ve\u0159ejn\u00e9 produkce \u2013 busking<\/a><\/h3>\n            <h3><a href=\"https:\/\/www.praha7.cz\/temata\/pomahame\/verejne-sbirky\/\">Ve\u0159ejn\u00e9 sb\u00edrky<\/a><\/h3>\n            <h3><a href=\"https:\/\/www.praha7.cz\/potrebuji-zaridit\/poradani-akci\/hazardni-hry-tombola-a-turnaj-maleho-rozsahu\/\">Hazardn\u00ed hry &#8211; tombola a&nbsp;turnaj mal\u00e9ho rozsahu<\/a><\/h3>\n            <h3><a href=\"https:\/\/www.praha7.cz\/potrebuji-zaridit\/poradani-akci\/zabezpeceni-pozarni-ochrany-pri-akcich-a-paleni-carodejnic\/\">Zabezpe\u010den\u00ed po\u017e\u00e1rn\u00ed ochrany p\u0159i akc\u00edch a&nbsp;p\u00e1len\u00ed \u010darod\u011bjnic<\/a><\/h3>\n            <h3><a href=\"https:\/\/www.praha7.cz\/potrebuji-zaridit\/dotace\/\">Dotace<\/a><\/h3>\n        <\/div>\n    <\/div>   \n\n\r\n<p><span style=\"color: #0000ff;\"><strong>BEZPE\u010cNOSTN\u00cd STANDARTY PRO PO\u0158ADATELE<\/strong><\/span><\/p>\r\n<p>Bezpe\u010dnostn\u00ed standardy pro po\u0159adatele sportovn\u00edch, kulturn\u00edch a&nbsp;spole\u010densk\u00fdch akc\u00ed. Informace a&nbsp;p\u0159ehled z\u00e1konn\u00e9 \u00fapravy (co mus\u00ed a&nbsp;m\u016f\u017eou po\u0159adatel\u00e9, co m\u016f\u017ee vy\u017eadovat obec), ale tak\u00e9 z\u00e1kladn\u00ed bezpe\u010dnostn\u00ed doporu\u010den\u00ed pro po\u0159adatele sportovn\u00edch, kulturn\u00edch a&nbsp;spole\u010densk\u00fdch akc\u00ed <a href=\"https:\/\/www.mvcr.cz\/chh\/clanek\/ke-stazeni-bezpecnostni-standardy-pro-poradatele-sportovnich-kulturnich-a-spolecenskych-akci.aspx\">naleznete zde<\/a>.<\/p>\r\n<hr \/>\r\n<p><span style=\"color: #0000ff;\"><strong>MANU\u00c1L PRO U\u017d\u00cdV\u00c1N\u00cd VE\u0158EJN\u00c9HO PROSTRANSTV\u00cd<\/strong><\/span><\/p>\r\n<p><a href=\"https:\/\/verejnyprostor.praha.eu\/\">Jak na kulturn\u00ed a&nbsp;komunitn\u00ed akce ve ve\u0159ejn\u00e9m prostoru?<\/a><\/p>\r\n<hr \/>\r\n<p><span style=\"color: #0000ff;\"><strong>VE\u0158EJN\u00c9 SHROM\u00c1\u017dD\u011aN\u00cd DLE Z\u00c1KONA O&nbsp;PR\u00c1VU SHROMA\u017d\u010eOVAC\u00cdM\u00a0<\/strong><\/span><\/p>\r\n<p>Oblast pr\u00e1va shroma\u017e\u010fovac\u00edho je upravena z\u00e1konem \u010d. 84\/1990 Sb. , o&nbsp;pr\u00e1vu shroma\u017e\u010fovac\u00edm, ve zn\u011bn\u00ed pozd\u011bj\u0161\u00edch p\u0159edpis\u016f. P\u016fsobnost ve v\u011bcech pr\u00e1va shroma\u017e\u010fovac\u00edho vykon\u00e1v\u00e1 pro cel\u00e9 \u00fazem\u00ed hlavn\u00edho m\u011bsta Prahy Magistr\u00e1t hlavn\u00edho m\u011bsta Prahy, odbor \u017eivnostensk\u00fd a&nbsp;ob\u010danskospr\u00e1vn\u00ed.<\/p>\r\n<p><a href=\"https:\/\/www.praha.eu\/jnp\/cz\/potrebuji_resit\/zivotni_situace\/akce_na_verejnych_prostranstvich\/jak_oznamit_verejne_shromazdeni.html\">V\u00edce informac\u00ed zde.<\/a><\/p>\r\n<hr \/>\r\n        <div class=\"collapse-block\">\r\n            <div class=\"card-header\" role=\"tab\" id=\"heading7f7e4b72e69a500beb7d3282d0fa80f3595d10c6\">\r\n                                    <h3 class=\"mb-0\">\r\n                        <a data-toggle=\"collapse\" href=\"#collapse7f7e4b72e69a500beb7d3282d0fa80f3595d10c6\" aria-controls=\"collapse7f7e4b72e69a500beb7d3282d0fa80f3595d10c6\">\r\n                            Pr\u00e1vn\u00ed p\u0159edpisy                            <i class=\"fa fa-2x fa-angle-down\" aria-hidden=\"true\"><\/i>\r\n                        <\/a>\r\n                    <\/h3>\r\n                                \r\n            <\/div>\r\n\r\n            <div id=\"collapse7f7e4b72e69a500beb7d3282d0fa80f3595d10c6\" class=\"collapse\" data-id=\"7f7e4b72e69a500beb7d3282d0fa80f3595d10c6\" role=\"tabpanel\" aria-labelledby=\"heading7f7e4b72e69a500beb7d3282d0fa80f3595d10c6\">\r\n                <div class=\"card-block\">\r\n    \r\n<ul>\r\n\t<li><a href=\"https:\/\/www.zakonyprolidi.cz\/cs\/2000-131\" target=\"_blank\" rel=\"noopener\">Z\u00e1kon \u010d. 131\/2000 Sb. o&nbsp;hlavn\u00edm m\u011bst\u011b Praze, ve zn\u011bn\u00ed pozd\u011bj\u0161\u00edch p\u0159edpis\u016f<\/a><\/li>\r\n\t<li><a href=\"https:\/\/www.zakonyprolidi.cz\/cs\/1990-565\" target=\"_blank\" rel=\"noopener\">Z\u00e1kon \u010cNR \u010d. 565\/1990 Sb., o&nbsp;m\u00edstn\u00edch poplatc\u00edch ve zn\u011bn\u00ed pozd\u011bj\u0161\u00edch p\u0159edpis\u016f<\/a><\/li>\r\n\t<li><a href=\"https:\/\/praha.eu\/w\/obecne-zavazna-vyhlaska-hlavniho-mesta-prahy-c-16\/2025\" target=\"_blank\" rel=\"noopener\">Obecn\u011b z\u00e1vazn\u00e1 vyhl\u00e1\u0161ka \u010d. 16\/2025 Sb\u00edrky pr\u00e1vn\u00edch p\u0159edpis\u016f hl. m\u011bsta Prahy, o&nbsp;m\u00edstn\u00edm poplatku za u\u017e\u00edv\u00e1n\u00ed ve\u0159ejn\u00e9ho prostranstv\u00ed<\/a><\/li>\r\n\t<li><a href=\"https:\/\/praha.eu\/w\/obecne_zavazna_vyhlaska_c_10_2011_sb_hl_917554?p_l_back_url=%2Fvyhlasky-a-narizeni%3Frokvydani%3D2011%26platnost%3D%26text%3D%26cislo%3D10\" target=\"_blank\" rel=\"noopener\">Obecn\u011b z\u00e1vazn\u00e1 vyhl\u00e1\u0161ka \u010d. 10\/2011 Sb\u00edrky pr\u00e1vn\u00edch p\u0159edpis\u016f hl. m\u011bsta Prahy, o&nbsp;m\u00edstn\u00edm poplatku ze vstupn\u00e9ho<\/a><\/li>\r\n\t<li><a href=\"https:\/\/www.zakonyprolidi.cz\/cs\/2000-258\" target=\"_blank\" rel=\"noopener\">Z\u00e1kon \u010d. 258\/2000 Sb.\u00a0 o&nbsp;ochran\u011b ve\u0159ejn\u00e9ho zdrav\u00ed a&nbsp;souvisej\u00edc\u00ed p\u0159edpisy v&nbsp;platn\u00e9m zn\u011bn\u00ed<\/a><\/li>\r\n\t<li><a href=\"https:\/\/www.zakonyprolidi.cz\/cs\/2000-121\" target=\"_blank\" rel=\"noopener\">Autorsk\u00fd z\u00e1kon \u010d. 121\/2000 Sb., v&nbsp;platn\u00e9m zn\u011bn\u00ed jin\u00e9 obecn\u011b z\u00e1vazn\u00e9 p\u0159edpisy<\/a><\/li>\r\n\t<li><a href=\"https:\/\/praha.eu\/w\/vyhlaska_cislo_15_ze_dne_17_06_2003_190617?p_l_back_url=%2Fvyhlasky-a-narizeni%3Fcislo%3D15%26rokvydani%3D2003%26platnost%3D%26text%3D\" target=\"_blank\" rel=\"noopener\">Na\u0159\u00edzen\u00ed hl. m. Prahy \u010d. 15\/2003 ze dne 17.06.2003, kter\u00fdm se stanov\u00ed podm\u00ednky k&nbsp;zabezpe\u010den\u00ed po\u017e\u00e1rn\u00ed ochrany p\u0159i akc\u00edch, kter\u00fdch se z\u00fa\u010dast\u0148uje v\u011bt\u0161\u00ed po\u010det osob<\/a><\/li>\r\n\t<li><a href=\"https:\/\/www.zakonyprolidi.cz\/cs\/2015-206\" target=\"_blank\" rel=\"noopener\">Z\u00e1kon \u010d. 206\/2015 Sb. ze dne 23.&nbsp;\u010dervence 2015 o&nbsp;pyrotechnick\u00fdch v\u00fdrobc\u00edch a&nbsp;zach\u00e1zen\u00ed s&nbsp;nimi a&nbsp;o&nbsp;zm\u011bn\u011b n\u011bkter\u00fdch z\u00e1kon\u016f (z\u00e1kon o&nbsp;pyrotechnice), ve zn\u011bn\u00ed pozd\u011bj\u0161\u00edch p\u0159edpis\u016f<\/a><\/li>\r\n\t<li><a href=\"https:\/\/praha.eu\/w\/obecne_zavazna_vyhlaska_c_4_2017_sb_hl_m_2401516?p_l_back_url=%2Fvyhlasky-a-narizeni%3Fcislo%3D4%26rokvydani%3D2017%26platnost%3D%26text%3D\" target=\"_blank\" rel=\"noopener\">Obecn\u011b z\u00e1vazn\u00e1 vyhl\u00e1\u0161ka hlavn\u00edho m\u011bsta Prahy \u010d. 4\/2017 Sb. hl. m. Prahy o&nbsp;pou\u017e\u00edv\u00e1n\u00ed pyrotechnick\u00fdch v\u00fdrobk\u016f v&nbsp;hlavn\u00edm m\u011bst\u011b Praze<\/a> ve zn\u011bn\u00ed <a href=\"https:\/\/praha.eu\/w\/obecne_zavazna_vyhlaska_c_17_2020_sb_hl_3204154\" target=\"_blank\" rel=\"noopener\">obecn\u011b z\u00e1vazn\u00e9 vyhl\u00e1\u0161ky \u010d. 17\/2020 Sb. hl. m. Prahy<\/a><\/li>\r\n\t<li><a href=\"https:\/\/www.zakonyprolidi.cz\/cs\/2016-251\">Z\u00e1kon \u010d. 251\/2016 Sb. o&nbsp;n\u011bkter\u00fdch p\u0159estupc\u00edch<\/a><\/li>\r\n\t<li><a href=\"https:\/\/www.zakonyprolidi.cz\/cs\/2016-250\">Z\u00e1kon \u010d. 250\/2016 Sb. o&nbsp;odpov\u011bdnosti za p\u0159estupky a&nbsp;\u0159\u00edzen\u00ed o&nbsp;nich<\/a><\/li>\r\n<\/ul>\r\n<p>                <\/div>\r\n            <\/div>\r\n        <\/div>\r\n    <br \/>\r\n<span style=\"color: #0000ff;\"><b>UPOZORN\u011aN\u00cd<\/b><\/span><br \/>\r\nU&nbsp;\u017e\u00e1dost\u00ed, kter\u00e9 nelze \u0159e\u0161it v&nbsp;cel\u00e9m jejich rozsahu podle tohoto postupu, je t\u0159eba konzultovat sv\u016fj po\u017eadavek p\u0159\u00edmo s&nbsp;\u00fa\u0159edn\u00edkem. P\u0159edlo\u017een\u00e1 \u017e\u00e1dost m\u016f\u017ee b\u00fdt po p\u0159ekontrolov\u00e1n\u00ed \u00fa\u0159edn\u00edkem vr\u00e1cena zp\u011bt \u017eadateli pro up\u0159esn\u011bn\u00ed nebo dopln\u011bn\u00ed n\u011bkter\u00fdch \u00fadaj\u016f.<\/p>\r\n<p>&nbsp;<\/p>\r\n        <div class=\"collapse-block\">\r\n            <div class=\"card-header\" role=\"tab\" id=\"headingd263a894f40cf5d42d8c7c9668b3bae80394d1b0\">\r\n                                    <h3 class=\"mb-0\">\r\n                        <a data-toggle=\"collapse\" href=\"#collapsed263a894f40cf5d42d8c7c9668b3bae80394d1b0\" aria-controls=\"collapsed263a894f40cf5d42d8c7c9668b3bae80394d1b0\">\r\n                            No\u010dn\u00ed klid                            <i class=\"fa fa-2x fa-angle-down\" aria-hidden=\"true\"><\/i>\r\n                        <\/a>\r\n                    <\/h3>\r\n                                \r\n            <\/div>\r\n\r\n            <div id=\"collapsed263a894f40cf5d42d8c7c9668b3bae80394d1b0\" class=\"collapse\" data-id=\"d263a894f40cf5d42d8c7c9668b3bae80394d1b0\" role=\"tabpanel\" aria-labelledby=\"headingd263a894f40cf5d42d8c7c9668b3bae80394d1b0\">\r\n                <div class=\"card-block\">\r\n    \r\n<p>Dobou no\u010dn\u00edho klidu se rozum\u00ed doba od 22.00 do 6.00 hod. V\u00fdjimky z\u00a0doby no\u010dn\u00edho klidu pro po\u0159\u00e1d\u00e1n\u00ed akc\u00ed se neud\u011bluj\u00ed.<\/p>\r\n<p>Osobou odpov\u011bdnou za dodr\u017een\u00ed po\u0159\u00e1dku a&nbsp;no\u010dn\u00edho klidu v\u00a0r\u00e1mci produkce je osoba, kter\u00e1 je po\u0159adatelem ve\u0159ejn\u00e9 produkce hudby a&nbsp;nelze-li po\u0159adatele zjistit, pak osoba, kter\u00e1 k&nbsp;po\u0159\u00e1d\u00e1n\u00ed ve\u0159ejn\u00e9 produkce hudby poskytla stavbu, a&nbsp;d\u00e1le provozovatel provozovny a&nbsp;dal\u0161\u00edch objekt\u016f, jejich\u017e provozem ru\u0161en\u00ed vznik\u00e1.<\/p>\r\n<p><strong>Ru\u0161en\u00ed no\u010dn\u00edho klidu lze postihovat jako p\u0159estupek dle z\u00e1kona \u010d. 250\/2016 Sb. o&nbsp;odpov\u011bdnosti za p\u0159estupky, a&nbsp;\u0159\u00edzen\u00ed o&nbsp;nich. V\u00a0p\u0159\u00edpad\u011b ru\u0161en\u00ed no\u010dn\u00edho klidu doporu\u010dujeme volat M\u011bstskou policii hl. m. Prahy.<\/strong><\/p>\r\n<p><a href=\"https:\/\/www.praha7.cz\/wp-content\/uploads\/2021\/08\/OT\u00c1ZKY-A-ODPOV\u011aDI-K-PROBLEMATICE-NO\u010cN\u00cdHO-KLIDU-MV\u010cR.pdf\">OT\u00c1ZKY A&nbsp;ODPOV\u011aDI K&nbsp;PROBLEMATICE NO\u010cN\u00cdHO KLIDU \u2013 MV\u010cR<\/a><\/p>\r\n                <\/div>\r\n            <\/div>\r\n        <\/div>\r\n    \r\n        <div class=\"collapse-block\">\r\n            <div class=\"card-header\" role=\"tab\" id=\"heading4e90ce42ee0daf7b11fb3b211cc20a3294c18e38\">\r\n                                    <h3 class=\"mb-0\">\r\n                        <a data-toggle=\"collapse\" href=\"#collapse4e90ce42ee0daf7b11fb3b211cc20a3294c18e38\" aria-controls=\"collapse4e90ce42ee0daf7b11fb3b211cc20a3294c18e38\">\r\n                            Hluk                            <i class=\"fa fa-2x fa-angle-down\" aria-hidden=\"true\"><\/i>\r\n                        <\/a>\r\n                    <\/h3>\r\n                                \r\n            <\/div>\r\n\r\n            <div id=\"collapse4e90ce42ee0daf7b11fb3b211cc20a3294c18e38\" class=\"collapse\" data-id=\"4e90ce42ee0daf7b11fb3b211cc20a3294c18e38\" role=\"tabpanel\" aria-labelledby=\"heading4e90ce42ee0daf7b11fb3b211cc20a3294c18e38\">\r\n                <div class=\"card-block\">\r\n    \r\n<p>Dle z\u00e1kona \u010d. 258\/2000 Sb. o&nbsp;ochran\u011b ve\u0159ejn\u00e9ho zdrav\u00ed a&nbsp;o&nbsp;zm\u011bn\u011b n\u011bkter\u00fdch souvisej\u00edc\u00edch z\u00e1kon\u016f v\u00a0platn\u00e9m zn\u011bn\u00ed se hlukem rozum\u00ed zvuk, kter\u00fd m\u016f\u017ee b\u00fdt \u0161kodliv\u00fd pro zdrav\u00ed a\u00a0jeho\u017e imisn\u00ed hygienick\u00fd limit stanov\u00ed prov\u00e1d\u011bc\u00ed pr\u00e1vn\u00ed p\u0159edpis.<\/p>\r\n<p>Za hluk se dle v\u00fd\u0161e uveden\u00e9ho z\u00e1kona nepova\u017euje:<\/p>\r\n<ul>\r\n\t<li><strong><span style=\"text-decoration: underline;\">zvuk z&nbsp;produkce hudby provozovan\u00e9 ve venkovn\u00edm prostoru<\/span><\/strong><\/li>\r\n\t<li>zvuk p\u016fsoben\u00fd hlasov\u00fdm projevem fyzick\u00e9 osoby, nejde-li o&nbsp;sou\u010d\u00e1st ve\u0159ejn\u00e9 produkce hudby v\u00a0budov\u011b<\/li>\r\n\t<li>zvuk p\u016fsoben\u00fd hlasov\u00fdm projevem zv\u00ed\u0159ete<\/li>\r\n\t<li>zvuk z&nbsp;akustick\u00e9ho v\u00fdstra\u017en\u00e9ho nebo varovn\u00e9ho sign\u00e1lu souvisej\u00edc\u00edho s&nbsp;bezpe\u010dnostn\u00edm opat\u0159en\u00edm<\/li>\r\n\t<li>zvuk p\u016fsoben\u00fd p\u0159elivem povrchov\u00e9 vody p\u0159es vodn\u00ed d\u00edlo slou\u017e\u00edc\u00ed k&nbsp;nakl\u00e1d\u00e1n\u00ed s\u00a0vodami<\/li>\r\n\t<li>zvuk p\u016fsoben\u00fd v&nbsp;p\u0159\u00edm\u00e9 souvislosti s&nbsp;\u010dinnost\u00ed souvisej\u00edc\u00ed se z\u00e1chranou lidsk\u00e9ho \u017eivota, zdrav\u00ed nebo majetku, \u0159e\u0161en\u00edm mimo\u0159\u00e1dn\u00e9 ud\u00e1losti, p\u0159\u00edpravou jej\u00edho \u0159e\u0161en\u00ed nebo prov\u00e1d\u011bn\u00edm bezpe\u010dnostn\u00ed akce nebo mimo\u0159\u00e1dn\u00e9 vojensk\u00e9 akce).<\/li>\r\n<\/ul>\r\n<p>V\u00fd\u0161e uveden\u00e9 zvuky nepodl\u00e9haj\u00ed st\u00e1tn\u00edmu zdravotn\u00edmu dozoru (Hygienick\u00fdm stanic\u00edm) a&nbsp;nevztahuj\u00ed se na n\u011b hygienick\u00e9 limity hluku.<\/p>\r\n                <\/div>\r\n            <\/div>\r\n        <\/div>\r\n    \r\n        <div class=\"collapse-block\">\r\n            <div class=\"card-header\" role=\"tab\" id=\"heading09865f537b815f468eb8ae595ba3bc758a6054db\">\r\n                                    <h3 class=\"mb-0\">\r\n                        <a data-toggle=\"collapse\" href=\"#collapse09865f537b815f468eb8ae595ba3bc758a6054db\" aria-controls=\"collapse09865f537b815f468eb8ae595ba3bc758a6054db\">\r\n                            Po\u017e\u00e1rn\u00ed ochrana                            <i class=\"fa fa-2x fa-angle-down\" aria-hidden=\"true\"><\/i>\r\n                        <\/a>\r\n                    <\/h3>\r\n                                \r\n            <\/div>\r\n\r\n            <div id=\"collapse09865f537b815f468eb8ae595ba3bc758a6054db\" class=\"collapse\" data-id=\"09865f537b815f468eb8ae595ba3bc758a6054db\" role=\"tabpanel\" aria-labelledby=\"heading09865f537b815f468eb8ae595ba3bc758a6054db\">\r\n                <div class=\"card-block\">\r\n    \r\n<p>Organiz\u00e1to\u0159i akce, kte\u0159\u00ed jsou pr\u00e1vnick\u00fdmi osobami nebo fyzick\u00fdmi osobami vykon\u00e1vaj\u00edc\u00edmi podnikatelskou \u010dinnost, jsou povinni z\u0159\u00eddit preventivn\u00ed po\u017e\u00e1rn\u00ed hl\u00eddku, a&nbsp;pokud to vy\u017eaduje povaha akce (nap\u0159. rozlehlost m\u00edsta kon\u00e1n\u00ed, po\u010det \u00fa\u010dastn\u00edk\u016f, zabezpe\u010den\u00ed evakuace osob), z\u0159\u00eddit v\u011bt\u0161\u00ed po\u010det po\u017e\u00e1rn\u00edch hl\u00eddek na akci, kter\u00e9 se z\u00fa\u010dastn\u00ed nejm\u00e9n\u011b 200 osob, p\u0159i\u010dem\u017e na jednu osobu p\u0159ipadne m\u00e9n\u011b ne\u017e 4&nbsp;m<sup>2<\/sup> plochy. Podrobn\u011bji <a href=\"https:\/\/www.praha7.cz\/potrebuji-zaridit\/poradani-akci\/zabezpeceni-pozarni-ochrany-pri-akcich-a-paleni-carodejnic\/\" target=\"_blank\" rel=\"noopener\">zde<\/a>.<\/p>\r\n                <\/div>\r\n            <\/div>\r\n        <\/div>\r\n    \r\n        <div class=\"collapse-block\">\r\n            <div class=\"card-header\" role=\"tab\" id=\"headingd810c607cf1cef4581b70a0c5d96fb536c641f80\">\r\n                                    <h3 class=\"mb-0\">\r\n                        <a data-toggle=\"collapse\" href=\"#collapsed810c607cf1cef4581b70a0c5d96fb536c641f80\" aria-controls=\"collapsed810c607cf1cef4581b70a0c5d96fb536c641f80\">\r\n                            Zdravotnick\u00fd dozor                            <i class=\"fa fa-2x fa-angle-down\" aria-hidden=\"true\"><\/i>\r\n                        <\/a>\r\n                    <\/h3>\r\n                                \r\n            <\/div>\r\n\r\n            <div id=\"collapsed810c607cf1cef4581b70a0c5d96fb536c641f80\" class=\"collapse\" data-id=\"d810c607cf1cef4581b70a0c5d96fb536c641f80\" role=\"tabpanel\" aria-labelledby=\"headingd810c607cf1cef4581b70a0c5d96fb536c641f80\">\r\n                <div class=\"card-block\">\r\n    \r\n<p>Organiz\u00e1to\u0159i akce by m\u011bli zajistit zdravotnick\u00fd dozor na akci k&nbsp;zaji\u0161t\u011bn\u00ed bezpe\u010dnosti a&nbsp;zdrav\u00ed \u00fa\u010dastn\u00edk\u016f.<\/p>\r\n<p>Doporu\u010den\u00ed &#8211; Metodika \u010cesk\u00e9 l\u00e9ka\u0159sk\u00e9 spole\u010dnosti J. E. Purkyn\u011b:<\/p>\r\n<ul>\r\n\t<li>pro akce s&nbsp;po\u010dtem v\u00edce ne\u017e 1&nbsp;000 \u00fa\u010dastn\u00edk\u016f je t\u0159eba 1 vozidlo RZP (p\u0159i vy\u0161\u0161\u00edm koeficientu rizika RLP)<\/li>\r\n\t<li>pro akce s&nbsp;po\u010dtem nad 5&nbsp;000 \u00fa\u010dastn\u00edk\u016f je nutno z\u0159\u00eddit centr\u00e1ln\u00ed m\u00edsto o\u0161et\u0159en\u00ed (nap\u0159. zdravotnick\u00fd stan o&nbsp;kapacit\u011b 8 l\u016f\u017eek s&nbsp;l\u00e9ka\u0159em a&nbsp;2-4 zdravotnick\u00fdmi z\u00e1chran\u00e1\u0159i, kde lze prov\u00e1d\u011bt vy\u0161et\u0159en\u00ed a&nbsp;kr\u00e1tkodob\u00e9 pozorov\u00e1n\u00ed posti\u017een\u00fdch) a&nbsp;d\u00e1le 1 v\u016fz RZP (\u010di RLP)<\/li>\r\n\t<li>na ka\u017ed\u00fdch dal\u0161\u00edch cca 10&nbsp;000 \u00fa\u010dastn\u00edk\u016f akce je nutno pl\u00e1novat nasazen\u00ed 1 pln\u011b vybaven\u00e9ho vozu RZP a&nbsp;minim\u00e1ln\u011b 1 vozu DNR s&nbsp;dvou\u010dlennou pos\u00e1dkou<\/li>\r\n\t<li>v p\u0159\u00edpad\u011b zvl\u00e1\u0161tn\u00edch po\u017eadavk\u016f po\u0159adatele na zdravotn\u00ed zaji\u0161t\u011bn\u00ed \u00fa\u010dinkuj\u00edc\u00edch se zajist\u00ed zdravotn\u00ed prost\u0159edky mimo v\u00fd\u0161e uveden\u00e9 po\u010dty<\/li>\r\n<\/ul>\r\n                <\/div>\r\n            <\/div>\r\n        <\/div>\r\n    \r\n        <div class=\"collapse-block\">\r\n            <div class=\"card-header\" role=\"tab\" id=\"heading1a55a8728d291723d900b048b52d1dd512752e67\">\r\n                                    <h3 class=\"mb-0\">\r\n                        <a data-toggle=\"collapse\" href=\"#collapse1a55a8728d291723d900b048b52d1dd512752e67\" aria-controls=\"collapse1a55a8728d291723d900b048b52d1dd512752e67\">\r\n                            Pyrotechnick\u00e9 v\u00fdrobky                            <i class=\"fa fa-2x fa-angle-down\" aria-hidden=\"true\"><\/i>\r\n                        <\/a>\r\n                    <\/h3>\r\n                                \r\n            <\/div>\r\n\r\n            <div id=\"collapse1a55a8728d291723d900b048b52d1dd512752e67\" class=\"collapse\" data-id=\"1a55a8728d291723d900b048b52d1dd512752e67\" role=\"tabpanel\" aria-labelledby=\"heading1a55a8728d291723d900b048b52d1dd512752e67\">\r\n                <div class=\"card-block\">\r\n    \r\n<p>V Praze 7 lze odpalovat v&nbsp;dob\u011b od 10.00 do 22.00 hodin pyrotechnick\u00e9 v\u00fdrobky kategorie F1, F2, F3 (z\u00e1bavn\u00ed pyrotechnika) nebo T1, p\u0159\u00edpadn\u011b kategorie 1, 2 nebo 3 anebo t\u0159\u00eddy I&nbsp;nebo II pouze na V\u00fdstavi\u0161ti Praha mezi hlavn\u00edm vchodem a&nbsp;K\u0159i\u017e\u00edkovou font\u00e1nou. Toto omezen\u00ed neplat\u00ed pro dny 1.&nbsp;ledna a&nbsp;31.&nbsp;prosince. Omezen\u00ed neplat\u00ed rovn\u011b\u017e pro odpalov\u00e1n\u00ed prskavek, konfet, d\u011btsk\u00fdch, dortov\u00fdch a&nbsp;jin\u00fdch obdobn\u00fdch font\u00e1n, pokud jsou jako pyrotechnick\u00e9 v\u00fdrobky za\u0159azeny do kategorie F1, p\u0159\u00edpadn\u011b kategorie 1, a&nbsp;tak\u00e9 pro oh\u0148ostroje a&nbsp;oh\u0148ostrojn\u00e9\u00a0 pr\u00e1ce,\u00a0 kter\u00e9\u00a0 sm\u00ed\u00a0 prov\u00e1d\u011bt jen osoba s\u00a0 odbornou zp\u016fsobilost\u00ed nebo hospod\u00e1\u0159sk\u00fd subjekt podle z\u00e1kona o&nbsp;pyrotechnice.<\/p>\r\n                <\/div>\r\n            <\/div>\r\n        <\/div>\r\n    \r\n<div class=\"shortcode-container container-fluid no-bottom-padding division-detail  \">    \n    <div class=\"row\">\n\t\t <div class=\"row div-dept\">\n            <div class=\"col-xs-12 col-md-12 contact-info\">\n                <h4>Kontakt<\/h4>\n                <span>                   \n                    \u00da\u0159ad m\u011bstsk\u00e9 \u010d\u00e1sti Praha 7                   \n                <\/span><br>\n                <span>\n                    Odbor kultury a sportu\n                <\/span><br>\n                    <span>\n                        U Pr\u016fhonu 1338\/38\n                    <\/span><br>\n                    <span>\n                        Praha 7\n                    <\/span><br>\n                \n                \n\n            <\/div>\n        <\/div>\n    <\/div>\n<\/div>\r\n\n<div class=\"shortcode-container no-bottom-padding  \">    \n\t<div class=\"row\">\n\t\t<div class=\"col-xs-12 col-md-7\">\n\t\t\t<h3>\u00da\u0159edn\u00ed hodiny \u00da\u0159adu M\u010c Praha 7<\/h3>\n\t\t<\/div>\n\t<\/div>\n\t\t<div class=\"row\">\n\t\t\t<div class=\"col-xs-12 col-sm-4 col-md-3\">\n\t\t\t\t<span>pond\u011bl\u00ed a st\u0159eda<\/span>\n\t\t\t<\/div>\n\t\t\t\t<div class=\"col-xs-6 col-sm-4 col-md-3\">\n\t\t\t\t\t<span>7.30\u201312.00<\/span>\n\t\t\t\t<\/div>\n\t\t\t\t\t<div class=\"col-xs-6 col-sm-4 col-md-3\">\n\t\t\t\t\t\t<span>13.00\u201318.00<\/span>\n\t\t\t\t\t<\/div>\n\t\t<\/div>\n\t\t<div class=\"row\">\n\t\t\t<div class=\"col-xs-12 col-sm-4 col-md-3\">\n\t\t\t\t<span>\u00fater\u00fd, \u010dtvrtek a p\u00e1tek<\/span>\n\t\t\t<\/div>\n\t\t\t\t<div class=\"col-xs-12 col-sm-8 col-md-9\">\n\t\t\t\t\t<span>po p\u0159edchoz\u00ed domluv\u011b \/ po objedn\u00e1n\u00ed<\/span>\n\t\t\t\t<\/div>\n\t\t<\/div>\n\t<div class=\"row\">\n\t\t<div class=\"col-xs-12 col-md-12 office_hours_info\">\n\t\t\t\n\t\t<\/div>\t\n\t<\/div>\n<\/div>\r\n<div class=\"shortcode-container container-fluid no-bottom-padding \">\n\t<div class=\"row shortcode-row no-bottom-border\">\n\t\t <div class=\"row contact-item\">\n\t\t\t<div class=\"col-xs-4 col-md-2 contact-photo\">\t\t\n\t\t\t\t<img src=\"https:\/\/www.praha7.cz\/wp-content\/uploads\/2017\/11\/lukas-fator.png\" alt=\"placeholder\">\n\t\t\t<\/div>\n\t\t\t<div class=\"col-xs-8 col-md-5 contact-info\">\n\t\t\t\t<h3>F\u00e1tor Luk\u00e1\u0161, Bc., DiS.<\/h3>\n\t\t\t\t<span>vedouc\u00ed odboru<\/span><br>\n\t\t\t\t<span>dve\u0159e 7.03<\/span><br>\n\t\t\t\t<span>tel. <a>+420220144013<\/a><\/span><br>\n                <span>gsm. <a href=\"tel:+420732410734\">+420732410734<\/a><\/span><br>\n\t\t\t\t<a href=\"mailto:fatorl@praha7.cz\">fatorl@praha7.cz<\/a><br>\n\t\t\t<\/div>\n\t\t<\/div>\n\t<\/div>\n<\/div>\r\n<p>&nbsp;<\/p>","protected":false},"excerpt":{"rendered":"[perex] Ka\u017ed\u00fd po\u0159adatel akce je povinen po\u010d\u00ednat si p\u0159i sv\u00e9m kon\u00e1n\u00ed tak, aby nedo\u0161lo k&nbsp;ned\u016fvodn\u00e9 \u00fajm\u011b na svobod\u011b, \u017eivot\u011b, zdrav\u00ed nebo na vlastnictv\u00ed jin\u00e9ho.\u00a0 [\/perex] BEZPE\u010cNOSTN\u00cd STANDARTY PRO PO\u0158ADATELE Bezpe\u010dnostn\u00ed standardy pro po\u0159adatele sportovn\u00edch, kulturn\u00edch a&nbsp;spole\u010densk\u00fdch akc\u00ed. Informace a&nbsp;p\u0159ehled z\u00e1konn\u00e9 \u00fapravy (co mus\u00ed a&nbsp;m\u016f\u017eou po\u0159adatel\u00e9, co m\u016f\u017ee vy\u017eadovat obec), ale tak\u00e9 z\u00e1kladn\u00ed bezpe\u010dnostn\u00ed doporu\u010den\u00ed pro [&hellip;]","protected":false},"author":2,"featured_media":0,"parent":133,"menu_order":7,"comment_status":"closed","ping_status":"closed","template":"","meta":[],"_links":{"self":[{"href":"https:\/\/www.praha7.cz\/api\/wp\/v2\/pages\/5936"}],"collection":[{"href":"https:\/\/www.praha7.cz\/api\/wp\/v2\/pages"}],"about":[{"href":"https:\/\/www.praha7.cz\/api\/wp\/v2\/types\/page"}],"author":[{"embeddable":true,"href":"https:\/\/www.praha7.cz\/api\/wp\/v2\/users\/2"}],"replies":[{"embeddable":true,"href":"https:\/\/www.praha7.cz\/api\/wp\/v2\/comments?post=5936"}],"version-history":[{"count":50,"href":"https:\/\/www.praha7.cz\/api\/wp\/v2\/pages\/5936\/revisions"}],"predecessor-version":[{"id":91062,"href":"https:\/\/www.praha7.cz\/api\/wp\/v2\/pages\/5936\/revisions\/91062"}],"up":[{"embeddable":true,"href":"https:\/\/www.praha7.cz\/api\/wp\/v2\/pages\/133"}],"wp:attachment":[{"href":"https:\/\/www.praha7.cz\/api\/wp\/v2\/media?parent=5936"}],"curies":[{"name":"wp","href":"https:\/\/api.w.org\/{rel}","templated":true}]}}