    
{"id":5907,"date":"2017-09-18T16:00:53","date_gmt":"2017-09-18T14:00:53","guid":{"rendered":"https:\/\/praha7.cz\/?page_id=5907"},"modified":"2023-01-26T12:34:03","modified_gmt":"2023-01-26T11:34:03","slug":"jubilejni-snatky","status":"publish","type":"page","link":"https:\/\/www.praha7.cz\/volny-cas-prehled\/seniori\/jubilejni-snatky\/","title":{"rendered":"Jubilejn\u00ed s\u0148atky"},"content":{"rendered":"<p style=\"text-align: justify;\">[perex]<\/p>\r\n<p>Dlouh\u00fd spole\u010dn\u00fd \u017eivot v\u00a0man\u017eelstv\u00ed se dnes st\u00e1v\u00e1 opravdovou vz\u00e1cnost\u00ed. \u010cek\u00e1 v\u00e1s v&nbsp;tomto roce 50., 55., 60.&nbsp;i&nbsp;v\u00edcelet\u00e9 v\u00fdro\u010d\u00ed svatby? R\u00e1di bychom v\u00e1m p\u0159i t\u00e9to p\u0159\u00edle\u017eitosti uspo\u0159\u00e1dali slavnostn\u00ed ob\u0159ad v&nbsp;ob\u0159adn\u00ed s\u00edni nebo u&nbsp;v\u00e1s doma \u2013 dle va\u0161eho p\u0159\u00e1n\u00ed.\u00a0<\/p>\r\n<p style=\"text-align: justify;\">[\/perex]<\/p>\r\n<p>Ob\u0159ady se konaj\u00ed zpravidla v&nbsp;p\u00e1tek ve Vod\u00e1rensk\u00e9 v\u011b\u017ei Letn\u00e1, Na V\u00fd\u0161in\u00e1ch 1000\/1 (vchod z&nbsp;ulice Korunova\u010dn\u00ed), nebo je mo\u017en\u00e9 dohodnout i&nbsp;individu\u00e1ln\u00ed term\u00edn. Ob\u0159ady jsou pro ob\u010dany Prahy&nbsp;7 bezplatnou slu\u017ebou. Svatebn\u00ed jubilea n\u00e1m mohou ozn\u00e1mit i&nbsp;rodinn\u00ed p\u0159\u00edslu\u0161n\u00edci nebo p\u0159\u00e1tel\u00e9 man\u017eelsk\u00e9 dvojice. Informaci n\u00e1m pros\u00edm sd\u011blte na tel.: 220\u00a0144\u00a0014 nebo 603&nbsp;574&nbsp;459, email:\u00a0<a href=\"mailto:philippovak@praha7.cz\">philippovak@praha7.cz<\/a> nebo n\u00e1s nav\u0161tivte osobn\u011b na \u00daM\u010c Praha&nbsp;7 (U&nbsp;Pr\u016fhonu 38), kancel\u00e1\u0159 \u010d. 7.02.<\/p>\r\n<p style=\"text-align: justify;\"><div class=\"shortcode-container container-fluid no-bottom-padding division-detail  \">    \n    <div class=\"row\">\n\t\t <div class=\"row div-dept\">\n            <div class=\"col-xs-12 col-md-12 contact-info\">\n                <h4>Kontakt<\/h4>\n                <span>                   \n                    \u00da\u0159ad m\u011bstsk\u00e9 \u010d\u00e1sti Praha 7                   \n                <\/span><br>\n                <span>\n                    Odbor kultury a sportu\n                <\/span><br>\n                    <span>\n                        U Pr\u016fhonu 1338\/38\n                    <\/span><br>\n                    <span>\n                        Praha 7\n                    <\/span><br>\n                \n                \n\n            <\/div>\n        <\/div>\n    <\/div>\n<\/div><\/p>\r\n<p style=\"text-align: justify;\">\n<div class=\"shortcode-container no-bottom-padding  \">    \n\t<div class=\"row\">\n\t\t<div class=\"col-xs-12 col-md-7\">\n\t\t\t<h3>\u00da\u0159edn\u00ed hodiny \u00da\u0159adu M\u010c Praha 7<\/h3>\n\t\t<\/div>\n\t<\/div>\n\t\t<div class=\"row\">\n\t\t\t<div class=\"col-xs-12 col-sm-4 col-md-3\">\n\t\t\t\t<span>pond\u011bl\u00ed a st\u0159eda<\/span>\n\t\t\t<\/div>\n\t\t\t\t<div class=\"col-xs-6 col-sm-4 col-md-3\">\n\t\t\t\t\t<span>7.30\u201312.00<\/span>\n\t\t\t\t<\/div>\n\t\t\t\t\t<div class=\"col-xs-6 col-sm-4 col-md-3\">\n\t\t\t\t\t\t<span>13.00\u201318.00<\/span>\n\t\t\t\t\t<\/div>\n\t\t<\/div>\n\t\t<div class=\"row\">\n\t\t\t<div class=\"col-xs-12 col-sm-4 col-md-3\">\n\t\t\t\t<span>\u00fater\u00fd, \u010dtvrtek a p\u00e1tek<\/span>\n\t\t\t<\/div>\n\t\t\t\t<div class=\"col-xs-12 col-sm-8 col-md-9\">\n\t\t\t\t\t<span>po p\u0159edchoz\u00ed domluv\u011b \/ po objedn\u00e1n\u00ed<\/span>\n\t\t\t\t<\/div>\n\t\t<\/div>\n\t<div class=\"row\">\n\t\t<div class=\"col-xs-12 col-md-12 office_hours_info\">\n\t\t\t\n\t\t<\/div>\t\n\t<\/div>\n<\/div><\/p>\r\n<p style=\"text-align: justify;\"><div class=\"shortcode-container container-fluid no-bottom-padding \">\n\t<div class=\"row shortcode-row no-bottom-border\">\n\t\t <div class=\"row contact-item\">\n\t\t\t<div class=\"col-xs-8 col-md-7 contact-info\">\n\t\t\t\t<h3>Philippov\u00e1 Krist\u00fdna, Bc., DiS.<\/h3>\n\t\t\t\t<span>referentka<\/span><br>\n\t\t\t\t<span>dve\u0159e 7.01<\/span><br>\n\t\t\t\t<span>tel. <a>+420220144014<\/a><\/span><br>\n                <span>gsm. <a href=\"tel:+420603574459\">+420603574459<\/a><\/span><br>\n\t\t\t\t<a href=\"mailto:philippovak@praha7.cz\">philippovak@praha7.cz<\/a><br>\n\t\t\t<\/div>\n\t\t<\/div>\n\t<\/div>\n<\/div><\/p>\r\n<p style=\"text-align: justify;\"><strong> <\/strong><\/p>","protected":false},"excerpt":{"rendered":"[perex] Dlouh\u00fd spole\u010dn\u00fd \u017eivot v\u00a0man\u017eelstv\u00ed se dnes st\u00e1v\u00e1 opravdovou vz\u00e1cnost\u00ed. \u010cek\u00e1 v\u00e1s v&nbsp;tomto roce 50., 55., 60.&nbsp;i&nbsp;v\u00edcelet\u00e9 v\u00fdro\u010d\u00ed svatby? R\u00e1di bychom v\u00e1m p\u0159i t\u00e9to p\u0159\u00edle\u017eitosti uspo\u0159\u00e1dali slavnostn\u00ed ob\u0159ad v&nbsp;ob\u0159adn\u00ed s\u00edni nebo u&nbsp;v\u00e1s doma \u2013 dle va\u0161eho p\u0159\u00e1n\u00ed.\u00a0 [\/perex] Ob\u0159ady se konaj\u00ed zpravidla v&nbsp;p\u00e1tek ve Vod\u00e1rensk\u00e9 v\u011b\u017ei Letn\u00e1, Na V\u00fd\u0161in\u00e1ch 1000\/1 (vchod z&nbsp;ulice Korunova\u010dn\u00ed), nebo je [&hellip;]","protected":false},"author":15,"featured_media":0,"parent":5872,"menu_order":0,"comment_status":"closed","ping_status":"closed","template":"","meta":[],"_links":{"self":[{"href":"https:\/\/www.praha7.cz\/api\/wp\/v2\/pages\/5907"}],"collection":[{"href":"https:\/\/www.praha7.cz\/api\/wp\/v2\/pages"}],"about":[{"href":"https:\/\/www.praha7.cz\/api\/wp\/v2\/types\/page"}],"author":[{"embeddable":true,"href":"https:\/\/www.praha7.cz\/api\/wp\/v2\/users\/15"}],"replies":[{"embeddable":true,"href":"https:\/\/www.praha7.cz\/api\/wp\/v2\/comments?post=5907"}],"version-history":[{"count":24,"href":"https:\/\/www.praha7.cz\/api\/wp\/v2\/pages\/5907\/revisions"}],"predecessor-version":[{"id":63753,"href":"https:\/\/www.praha7.cz\/api\/wp\/v2\/pages\/5907\/revisions\/63753"}],"up":[{"embeddable":true,"href":"https:\/\/www.praha7.cz\/api\/wp\/v2\/pages\/5872"}],"wp:attachment":[{"href":"https:\/\/www.praha7.cz\/api\/wp\/v2\/media?parent=5907"}],"curies":[{"name":"wp","href":"https:\/\/api.w.org\/{rel}","templated":true}]}}