    
{"id":58779,"date":"2022-06-29T12:28:20","date_gmt":"2022-06-29T10:28:20","guid":{"rendered":"https:\/\/www.praha7.cz\/?page_id=58779"},"modified":"2024-05-24T11:50:18","modified_gmt":"2024-05-24T09:50:18","slug":"zakladni-povinnosti-pravnickych-a-podnikajicich-fyzickych-osob-v-odpadovem-hospodarstvi","status":"publish","type":"page","link":"https:\/\/www.praha7.cz\/temata\/odpad\/zakladni-povinnosti-pravnickych-a-podnikajicich-fyzickych-osob-v-odpadovem-hospodarstvi\/","title":{"rendered":"Z\u00e1kladn\u00ed povinnosti pr\u00e1vnick\u00fdch a&nbsp;podnikaj\u00edc\u00edch fyzick\u00fdch osob v&nbsp;odpadov\u00e9m hospod\u00e1\u0159stv\u00ed"},"content":{"rendered":"<p>[perex]<\/p>\r\n<p>Povinnosti n\u00ed\u017ee uveden\u00e9 jsou obecn\u00fdm z\u00e1kladem, kter\u00fd by m\u011bly spl\u0148ovat v\u0161echny pr\u00e1vnick\u00e9 osoby a&nbsp;podnikaj\u00edc\u00ed fyzick\u00e9 osoby. Dal\u0161\u00ed povinnosti pro konkr\u00e9tn\u00ed provozy jsou zakotveny v\u00a0odpadov\u00e9 legislativ\u011b.<\/p>\r\n<p>[\/perex]<\/p>\r\n<h4><span style=\"color: #0000ff;\">Z\u00c1KLADN\u00cd ODPADOV\u00c1 LEGISLATIVA PRO PR\u00c1VNICK\u00c9 OSOBY A&nbsp;PODNIKAJ\u00cdC\u00cd FYZICK\u00c9 OSOBY NA \u00daZEM\u00cd M\u010c PRAHA&nbsp;7<\/span><\/h4>\r\n<ul>\r\n\t<li><a href=\"https:\/\/www.zakonyprolidi.cz\/cs\/2020-541\" target=\"_blank\" rel=\"noopener\">Z\u00e1kon \u010d. 541\/2020 Sb. o&nbsp;odpadech<\/a><\/li>\r\n\t<li><a href=\"https:\/\/praha.eu\/w\/obecne_zavazna_vyhlaska_c_20_2022_3531972\" target=\"_blank\" rel=\"noopener\">Obecn\u011b z\u00e1vazn\u00e1 vyhl\u00e1\u0161ka \u010d. 20\/2022 Sb. hl. m. Prahy<\/a>, kterou se stanov\u00ed syst\u00e9m shroma\u017e\u010fov\u00e1n\u00ed, sb\u011bru, p\u0159epravy, t\u0159\u00edd\u011bn\u00ed, vyu\u017e\u00edv\u00e1n\u00ed a&nbsp;odstra\u0148ov\u00e1n\u00ed komun\u00e1ln\u00edch odpad\u016f vznikaj\u00edc\u00edch na \u00fazem\u00ed hlavn\u00edho m\u011bsta Prahy a&nbsp;syst\u00e9m nakl\u00e1d\u00e1n\u00ed se stavebn\u00edm odpadem (vyhl\u00e1\u0161ka o&nbsp;odpadech), v&nbsp;platn\u00e9m zn\u011bn\u00ed<\/li>\r\n<\/ul>\r\n<h4><strong>Z\u00a0v\u00fd\u0161e uveden\u00fdch p\u0159edpis\u016f <span style=\"color: #0000ff;\">vypl\u00fdvaj\u00ed tato z\u00e1kladn\u00ed omezen\u00ed a&nbsp;povinnosti<\/span><\/strong><\/h4>\r\n<ul>\r\n\t<li><strong>Podnikatel\u00e9 nesm\u00ed vyu\u017e\u00edvat n\u00e1dob na t\u0159\u00edd\u011bn\u00fd odpad v\u00a0ulic\u00edch Prahy<\/strong>, tato st\u00e1n\u00ed jsou ur\u010dena v\u00fdhradn\u011b pro obyvatele. V\u00fdjimku tvo\u0159\u00ed podnikatel\u00e9, kte\u0159\u00ed maj\u00ed s\u00a0m\u011bstem uzav\u0159enu p\u00edsemnou smlouvu, kde je mo\u017enost vyu\u017e\u00edv\u00e1n\u00ed ve\u0159ejn\u00fdch n\u00e1dob na t\u0159\u00edd\u011bn\u00fd odpad v\u00fdslovn\u011b uvedena.<\/li>\r\n\t<li><strong>Podnikatel\u00e9 se mohou zapojit do syst\u00e9mu pouze na z\u00e1klad\u011b p\u00edsemn\u011b uzav\u0159en\u00e9 smlouvy s&nbsp;m\u011bstem.<\/strong> Zapojen\u00ed do syst\u00e9mu prob\u00edh\u00e1 formou poskytnut\u00ed samostatn\u00fdch sb\u011brn\u00fdch n\u00e1dob nebo formou pytlov\u00e9ho sb\u011bru za podm\u00ednek ur\u010den\u00fdch smlouvou (s&nbsp;v\u00fdjimkou viz v\u00fd\u0161e).<\/li>\r\n\t<li><strong>Podnikatel\u00e9 jsou povinni t\u0159\u00eddit ve\u0161ker\u00fd odpad, kter\u00fd jim vznik\u00e1<\/strong>, v\u010detn\u011b odpadu, kter\u00fd p\u0159i pr\u00e1ci vznik\u00e1 jejich zam\u011bstnanc\u016fm (nap\u0159. obaly od sva\u010din, PET lahve, plechovky apod.). Tento odpad mus\u00ed podnikatel\u00e9 soust\u0159e\u010fovat odd\u011blen\u011b v\u00a0n\u00e1dob\u00e1ch \u010di m\u00edstech k\u00a0tomu ur\u010den\u00fdch a&nbsp;mohou jej p\u0159ed\u00e1vat pouze opr\u00e1vn\u011bn\u00e9 osob\u011b (nap\u0159. svozov\u00e1 spole\u010dnost).<\/li>\r\n\t<li><strong>Podnikatel\u00e9 jsou povinni v\u00e9st pr\u016fb\u011b\u017enou evidenci odpad\u016f<\/strong>, tedy z\u00e1znam o&nbsp;mno\u017estv\u00ed a&nbsp;druhu odpadu, kter\u00fd jim vznikl. Tato evidence se vede zvl\u00e1\u0161\u0165 pro ka\u017edou provozovnu a&nbsp;pro ka\u017ed\u00fd druh odpadu.<\/li>\r\n\t<li><strong>Podnikatel\u00e9, kte\u0159\u00ed vyprodukovali nebo nakl\u00e1dali<\/strong> v&nbsp;uplynul\u00e9m kalend\u00e1\u0159n\u00edm roce s&nbsp;v\u00edce ne\u017e <strong>600&nbsp;kg nebezpe\u010dn\u00fdch odpad\u016f, s&nbsp;v\u00edce ne\u017e 100 tunami ostatn\u00edch odpad\u016f<\/strong> nebo s&nbsp;odpadem perzistentn\u00edch organick\u00fdch zne\u010di\u0161\u0165uj\u00edc\u00edch l\u00e1tek vymezen\u00fdm vyhl\u00e1\u0161kou ministerstva, <strong>jsou povinni zaslat do 28.&nbsp;\u00fanora n\u00e1sleduj\u00edc\u00edho roku hl\u00e1\u0161en\u00ed o&nbsp;odpadech<\/strong>.<\/li>\r\n\t<li>V\u0161echny v\u00fd\u0161e uveden\u00e9 povinnosti jsou podnikatel\u00e9 povinni dolo\u017eit p\u0159\u00edpadn\u00e9 kontrole. Kontrola m\u016f\u017ee b\u00fdt ohl\u00e1\u0161en\u00e1 i&nbsp;neohl\u00e1\u0161en\u00e1. M\u016f\u017ee b\u00fdt provedena na p\u0159\u00edmo na m\u00edst\u011b (v&nbsp;provozovn\u011b) nebo m\u016f\u017ee b\u00fdt podnikatel k\u00a0p\u0159edlo\u017een\u00ed doklad\u016f vyzv\u00e1n p\u00edsemn\u011b. Podnikatel je povinen zajistit kontroluj\u00edc\u00edm osob\u00e1m sou\u010dinnost a&nbsp;to i&nbsp;v\u00a0p\u0159\u00edpad\u011b, \u017ee nen\u00ed kontrole osobn\u011b p\u0159\u00edtomen \u2013 pak tuto sou\u010dinnost mus\u00ed poskytnout zam\u011bstnanec p\u0159\u00edtomn\u00fd v\u00a0provozovn\u011b, kter\u00fd by m\u011bl b\u00fdt o&nbsp;tomto informov\u00e1n.<\/li>\r\n\t<li>Podnikatel\u00e9 jsou povinni p\u0159edch\u00e1zet vzniku odpadu.<\/li>\r\n<\/ul>\r\n<hr \/>\r\n<h4>Tipy pro podnikatele<\/h4>\r\n<ul>\r\n\t<li><a href=\"https:\/\/www.praha7.cz\/wp-content\/uploads\/2022\/06\/odpady-pro-zivnostniky.pdf\">P\u0159\u00edru\u010dka pro \u017eivnostn\u00edky k\u00a0z\u00e1kladn\u00edm povinnostem p\u0159i nakl\u00e1d\u00e1n\u00ed s\u00a0odpady<\/a>, kterou vydala \u010cesk\u00e1 asociace odpadov\u00e9ho hospod\u00e1\u0159stv\u00ed.<\/li>\r\n\t<li>Podnikatel\u00e9, kte\u0159\u00ed produkuj\u00ed mal\u00e9 mno\u017estv\u00ed n\u011bkter\u00fdch odpad\u016f, nebo maj\u00ed probl\u00e9m s\u00a0m\u00edstem k\u00a0um\u00edst\u011bn\u00ed n\u00e1dob na odpad, mohou vyu\u017e\u00edvat n\u00e1doby na odpad spole\u010dn\u011b s\u00a0jin\u00fdmi podnikateli. Toto je t\u0159eba m\u00edt dolo\u017eeno smlouvou. Pr\u016fb\u011b\u017enou evidenci si vede ka\u017ed\u00fd podnikatel zvl\u00e1\u0161\u0165 za sebe a&nbsp;mus\u00ed vykazovat sv\u016fj odpad.<\/li>\r\n\t<li>Podnikatel\u00e9 mohou n\u011bkter\u00e9 druhy odpad\u016f znovu vyu\u017e\u00edvat. Typicky se jedn\u00e1 o&nbsp;krabice a&nbsp;kartony, kter\u00e9 mohou slou\u017eit jako v\u00fdpl\u0148ov\u00fd materi\u00e1l pro zas\u00edlan\u00e9 zbo\u017e\u00ed.<\/li>\r\n\t<li>Informace o&nbsp;n\u00e1dob\u00e1ch a&nbsp;svozu odpad\u016f poskytuj\u00ed svozov\u00e9 spole\u010dnosti.<\/li>\r\n\t<li>Ve\u0161ker\u00e9 informace t\u00fdkaj\u00edc\u00ed se odpadov\u00e9ho hospod\u00e1\u0159stv\u00ed v\u010detn\u011b vyhled\u00e1n\u00ed za\u0159\u00edzen\u00ed \u010di opr\u00e1vn\u011bn\u00e9 osoby najdete <a href=\"https:\/\/visoh2.mzp.cz\/\">zde<\/a>.\u00a0<\/li>\r\n<\/ul>\r\n<div class=\"shortcode-container container-fluid no-bottom-padding division-detail  \">    \n    <div class=\"row\">\n\t\t <div class=\"row div-dept\">\n            <div class=\"col-xs-12 col-md-12 contact-info\">\n                <h4>Kontakt<\/h4>\n                <span>                   \n                    \u00da\u0159ad m\u011bstsk\u00e9 \u010d\u00e1sti Praha 7                   \n                <\/span><br>\n                <span>\n                    Odbor \u017eivotn\u00edho prost\u0159ed\u00ed\n                <\/span><br>\n                    <span>\n                        U Pr\u016fhonu 1338\/38\n                    <\/span><br>\n                \n                \n\n            <\/div>\n        <\/div>\n    <\/div>\n<\/div>\r\n\n<div class=\"shortcode-container no-bottom-padding  \">    \n\t<div class=\"row\">\n\t\t<div class=\"col-xs-12 col-md-7\">\n\t\t\t<h3>\u00da\u0159edn\u00ed hodiny \u00da\u0159adu M\u010c Praha 7<\/h3>\n\t\t<\/div>\n\t<\/div>\n\t\t<div class=\"row\">\n\t\t\t<div class=\"col-xs-12 col-sm-4 col-md-3\">\n\t\t\t\t<span>pond\u011bl\u00ed a st\u0159eda<\/span>\n\t\t\t<\/div>\n\t\t\t\t<div class=\"col-xs-6 col-sm-4 col-md-3\">\n\t\t\t\t\t<span>7.30\u201312.00<\/span>\n\t\t\t\t<\/div>\n\t\t\t\t\t<div class=\"col-xs-6 col-sm-4 col-md-3\">\n\t\t\t\t\t\t<span>13.00\u201318.00<\/span>\n\t\t\t\t\t<\/div>\n\t\t<\/div>\n\t\t<div class=\"row\">\n\t\t\t<div class=\"col-xs-12 col-sm-4 col-md-3\">\n\t\t\t\t<span>\u00fater\u00fd, \u010dtvrtek a p\u00e1tek<\/span>\n\t\t\t<\/div>\n\t\t\t\t<div class=\"col-xs-12 col-sm-8 col-md-9\">\n\t\t\t\t\t<span>po p\u0159edchoz\u00ed domluv\u011b \/ po objedn\u00e1n\u00ed<\/span>\n\t\t\t\t<\/div>\n\t\t<\/div>\n\t<div class=\"row\">\n\t\t<div class=\"col-xs-12 col-md-12 office_hours_info\">\n\t\t\t\n\t\t<\/div>\t\n\t<\/div>\n<\/div>\r\n<div class=\"shortcode-container container-fluid no-bottom-padding \">\n\t<div class=\"row shortcode-row no-bottom-border\">\n\t\t <div class=\"row contact-item\">\n\t\t\t<div class=\"col-xs-8 col-md-7 contact-info\">\n\t\t\t\t<h3>Je\u017eek Jakub, Ing.<\/h3>\n\t\t\t\t<span>referent odpadov\u00e9ho hospod\u00e1\u0159stv\u00ed<\/span><br>\n\t\t\t\t<span>dve\u0159e 4.03<\/span><br>\n\t\t\t\t<span>tel. <a>+420220144154<\/a><\/span><br>\n                <span>gsm. <a href=\"tel:+420602147419\">+420602147419<\/a><\/span><br>\n\t\t\t\t<a href=\"mailto:jezekj@praha7.cz\">jezekj@praha7.cz<\/a><br>\n\t\t\t<\/div>\n\t\t<\/div>\n\t<\/div>\n<\/div>","protected":false},"excerpt":{"rendered":"[perex] Povinnosti n\u00ed\u017ee uveden\u00e9 jsou obecn\u00fdm z\u00e1kladem, kter\u00fd by m\u011bly spl\u0148ovat v\u0161echny pr\u00e1vnick\u00e9 osoby a&nbsp;podnikaj\u00edc\u00ed fyzick\u00e9 osoby. Dal\u0161\u00ed povinnosti pro konkr\u00e9tn\u00ed provozy jsou zakotveny v\u00a0odpadov\u00e9 legislativ\u011b. [\/perex] Z\u00c1KLADN\u00cd ODPADOV\u00c1 LEGISLATIVA PRO PR\u00c1VNICK\u00c9 OSOBY A&nbsp;PODNIKAJ\u00cdC\u00cd FYZICK\u00c9 OSOBY NA \u00daZEM\u00cd M\u010c PRAHA&nbsp;7 Z\u00e1kon \u010d. 541\/2020 Sb. o&nbsp;odpadech Obecn\u011b z\u00e1vazn\u00e1 vyhl\u00e1\u0161ka \u010d. 20\/2022 Sb. hl. m. Prahy, kterou [&hellip;]","protected":false},"author":251,"featured_media":0,"parent":3310,"menu_order":0,"comment_status":"closed","ping_status":"closed","template":"","meta":[],"_links":{"self":[{"href":"https:\/\/www.praha7.cz\/api\/wp\/v2\/pages\/58779"}],"collection":[{"href":"https:\/\/www.praha7.cz\/api\/wp\/v2\/pages"}],"about":[{"href":"https:\/\/www.praha7.cz\/api\/wp\/v2\/types\/page"}],"author":[{"embeddable":true,"href":"https:\/\/www.praha7.cz\/api\/wp\/v2\/users\/251"}],"replies":[{"embeddable":true,"href":"https:\/\/www.praha7.cz\/api\/wp\/v2\/comments?post=58779"}],"version-history":[{"count":10,"href":"https:\/\/www.praha7.cz\/api\/wp\/v2\/pages\/58779\/revisions"}],"predecessor-version":[{"id":76256,"href":"https:\/\/www.praha7.cz\/api\/wp\/v2\/pages\/58779\/revisions\/76256"}],"up":[{"embeddable":true,"href":"https:\/\/www.praha7.cz\/api\/wp\/v2\/pages\/3310"}],"wp:attachment":[{"href":"https:\/\/www.praha7.cz\/api\/wp\/v2\/media?parent=58779"}],"curies":[{"name":"wp","href":"https:\/\/api.w.org\/{rel}","templated":true}]}}