    
{"id":5773,"date":"2017-09-15T12:24:11","date_gmt":"2017-09-15T10:24:11","guid":{"rendered":"https:\/\/praha7.cz\/?page_id=5773"},"modified":"2026-02-27T11:02:29","modified_gmt":"2026-02-27T10:02:29","slug":"poradani-akci-na-rezacove-nam-ortenove-nam-v-parku-tusarova-i-v-jinych-lokalitach","status":"publish","type":"page","link":"https:\/\/www.praha7.cz\/potrebuji-zaridit\/poradani-akci\/kde-se-akce-uskutecni\/poradani-akci-na-rezacove-nam-ortenove-nam-v-parku-tusarova-i-v-jinych-lokalitach\/","title":{"rendered":"\u0158ez\u00e1\u010dovo n\u00e1m., Ortenovo n\u00e1m., park Tusarova a&nbsp;p\u011b\u0161\u00ed z\u00f3na p\u0159ed kostelem sv. Anton\u00edna na Strossmayerov\u011b n\u00e1m., podchody pod Hl\u00e1vkov\u00fdm mostem"},"content":{"rendered":"<p>[perex]<\/p>\r\n<p>M\u010c Praha&nbsp;7 umo\u017e\u0148uje kr\u00e1tkodob\u00e9 u\u017e\u00edv\u00e1n\u00ed sv\u011b\u0159en\u00fdch nemovitost\u00ed. V\u00edt\u00e1ny jsou zejm\u00e9na sousedsk\u00e9 a&nbsp;neziskov\u00e9 akce. Ostatn\u00ed u\u017e\u00edv\u00e1n\u00ed jsou zpoplatn\u011bna dle n\u00ed\u017ee uveden\u00e9ho cen\u00edku. V&nbsp;p\u0159\u00edpad\u011b ve\u0159ejn\u00fdch ploch, kdy zam\u00fd\u0161lenou \u010dinnost\u00ed nedojde k&nbsp;\u017e\u00e1dn\u00e9mu omezen\u00ed (z\u00e1boru) ve vztahu k&nbsp;ve\u0159ejnosti, nepodl\u00e9h\u00e1 tato akce povolen\u00ed ze strany Odboru majetku.<\/p>\r\n<p>Upozor\u0148ujeme \u017eadatele, aby \u017e\u00e1dosti pod\u00e1vali dostate\u010dn\u011b v\u010das. Za nejzaz\u0161\u00ed term\u00edn pro pod\u00e1n\u00ed se pova\u017euje 30 dn\u016f p\u0159ed pl\u00e1novan\u00fdm term\u00ednem akce. Pro dal\u0161\u00ed zpracov\u00e1n\u00ed \u017e\u00e1dosti je nutn\u00e9 uhradit vratnou kauci.<\/p>\r\n<p>Pros\u00edme v\u0161echny \u017eadatele, aby se podrobn\u011b sezn\u00e1mili s\u00a0n\u00ed\u017ee uveden\u00fdmi pravidly.<\/p>\r\n<p>[\/perex]<\/p>\r\n<h3><span style=\"color: #0000ff;\"><strong>Extern\u00ed n\u00e1vody na u\u017e\u00edv\u00e1n\u00ed ve\u0159ejn\u00e9ho prostranstv\u00ed<\/strong><\/span><\/h3>\r\n<p><a href=\"http:\/\/www.verejnyprostor.praha.eu\"> www.verejnyprostor.praha.eu<\/a><br \/>\r\n<a href=\"http:\/\/www.kreativnipraha.eu\/cs\/projekty\/verejny-prostor\/manual-poradani-akci-ve-verejnem-prostoru\">www.kreativnipraha.eu\/cs\/projekty\/verejny-prostor\/manual-poradani-akci-ve-verejnem-prostoru<\/a><\/p>\r\n<div class=\"shortcode-container container-fluid no-bottom-padding \">\n\t<div class=\"row shortcode-row no-bottom-border\">\n\t\t <div class=\"row contact-item\">\n\t\t\t<div class=\"col-xs-8 col-md-7 contact-info\">\n\t\t\t\t<h3>Jir\u00e1\u010dek Viktor, Bc.<\/h3>\n\t\t\t\t<span>referent<\/span><br>\n\t\t\t\t<span>dve\u0159e 4.10<\/span><br>\n\t\t\t\t<span>tel. <a>+420220144213<\/a><\/span><br>\n                <span>gsm. <a href=\"tel:+420606212418\">+420606212418<\/a><\/span><br>\n\t\t\t\t<a href=\"mailto:jiracekv@praha7.cz\">jiracekv@praha7.cz<\/a><br>\n\t\t\t<\/div>\n\t\t<\/div>\n\t<\/div>\n<\/div>\r\n        <div class=\"collapse-block\">\r\n            <div class=\"card-header\" role=\"tab\" id=\"headingef3adedc068a023360c0153789bf2868a82e1ead\">\r\n                                    <h3 class=\"mb-0\">\r\n                        <a data-toggle=\"collapse\" href=\"#collapseef3adedc068a023360c0153789bf2868a82e1ead\" aria-controls=\"collapseef3adedc068a023360c0153789bf2868a82e1ead\">\r\n                            Pr\u00e1vn\u00ed p\u0159edpisy                            <i class=\"fa fa-2x fa-angle-down\" aria-hidden=\"true\"><\/i>\r\n                        <\/a>\r\n                    <\/h3>\r\n                                \r\n            <\/div>\r\n\r\n            <div id=\"collapseef3adedc068a023360c0153789bf2868a82e1ead\" class=\"collapse\" data-id=\"ef3adedc068a023360c0153789bf2868a82e1ead\" role=\"tabpanel\" aria-labelledby=\"headingef3adedc068a023360c0153789bf2868a82e1ead\">\r\n                <div class=\"card-block\">\r\n    \r\n<ul>\r\n\t<li><a target=\"_blank\" href=\"https:\/\/www.zakonyprolidi.cz\/cs\/2000-131\" rel=\"noopener\">Z\u00e1kon \u010d. 131\/2000 Sb.<\/a> o&nbsp;hlavn\u00edm m\u011bst\u011b Praze, ve zn\u011bn\u00ed pozd\u011bj\u0161\u00edch p\u0159edpis\u016f<\/li>\r\n\t<li><a href=\"https:\/\/praha.eu\/w\/vyhlaska_cislo_6_ze_dne_29_03_2001_191028?p_l_back_url=%2Fvyhlasky-a-narizeni%3Fcislo%3D6%26rokvydani%3D2001%26platnost%3D%26text%3D\" target=\"_blank\" rel=\"noopener\">Vyhl\u00e1\u0161ka \u010d. 6\/2001 Sb. hl. m. Prahy<\/a>, o&nbsp;ochran\u011b ve\u0159ejn\u00e9 zelen\u011b<\/li>\r\n\t<li><a target=\"_blank\" href=\"https:\/\/www.zakonyprolidi.cz\/cs\/1990-565\" rel=\"noopener\">Z\u00e1kon \u010cNR \u010d. 565\/1990 Sb., o&nbsp;m\u00edstn\u00edch poplatc\u00edch<\/a> ve zn\u011bn\u00ed pozd\u011bj\u0161\u00edch p\u0159edpis\u016f<\/li>\r\n\t<li><a href=\"https:\/\/praha.eu\/w\/obecne-zavazna-vyhlaska-hlavniho-mesta-prahy-c-16\/2025\" target=\"_blank\" rel=\"noopener\">Obecn\u011b z\u00e1vazn\u00e1 vyhl\u00e1\u0161ka \u010d. 16\/2025 Sb\u00edrky pr\u00e1vn\u00edch p\u0159edpis\u016f hl. m\u011bsta Prahy<\/a>, o&nbsp;m\u00edstn\u00edm poplatku za u\u017e\u00edv\u00e1n\u00ed ve\u0159ejn\u00e9ho prostranstv\u00ed<\/li>\r\n\t<li><a href=\"https:\/\/praha.eu\/w\/obecne_zavazna_vyhlaska_c_10_2011_sb_hl_917554?p_l_back_url=%2Fvyhlasky-a-narizeni%3Frokvydani%3D2011%26platnost%3D%26text%3D%26cislo%3D10\" target=\"_blank\" rel=\"noopener\">Obecn\u011b z\u00e1vazn\u00e1 vyhl\u00e1\u0161ka \u010d. 10\/2011 Sb\u00edrky pr\u00e1vn\u00edch p\u0159edpis\u016f hl. m\u011bsta Prahy<\/a>, o&nbsp;m\u00edstn\u00edm poplatku ze vstupn\u00e9ho<\/li>\r\n\t<li><a href=\"https:\/\/www.zakonyprolidi.cz\/cs\/2000-258\" target=\"_blank\" rel=\"noopener\">Z\u00e1kon \u010d. 258\/2000 Sb.\u00a0 o&nbsp;ochran\u011b ve\u0159ejn\u00e9ho zdrav\u00ed a&nbsp;souvisej\u00edc\u00ed p\u0159edpisy v&nbsp;platn\u00e9m zn\u011bn\u00ed<\/a><\/li>\r\n\t<li><a href=\"https:\/\/praha.eu\/w\/vyhlaska_cislo_15_ze_dne_17_06_2003_190617?p_l_back_url=%2Fvyhlasky-a-narizeni%3Fcislo%3D15%26rokvydani%3D2003%26platnost%3D%26text%3D\" target=\"_blank\" rel=\"noopener\">Na\u0159\u00edzen\u00ed hl. m. Prahy \u010d. 15\/2003 ze dne 17.06.2003, kter\u00fdm se stanov\u00ed podm\u00ednky k&nbsp;zabezpe\u010den\u00ed po\u017e\u00e1rn\u00ed ochrany p\u0159i akc\u00edch, kter\u00fdch se z\u00fa\u010dast\u0148uje v\u011bt\u0161\u00ed po\u010det osob<\/a><\/li>\r\n\t<li><a href=\"https:\/\/www.zakonyprolidi.cz\/cs\/2015-206\" target=\"_blank\" rel=\"noopener\">Z\u00e1kon \u010d. 206\/2015 Sb. ze dne 23.&nbsp;\u010dervence 2015 o&nbsp;pyrotechnick\u00fdch v\u00fdrobc\u00edch a&nbsp;zach\u00e1zen\u00ed s&nbsp;nimi a&nbsp;o&nbsp;zm\u011bn\u011b n\u011bkter\u00fdch z\u00e1kon\u016f (z\u00e1kon o&nbsp;pyrotechnice), ve zn\u011bn\u00ed pozd\u011bj\u0161\u00edch p\u0159edpis\u016f<\/a><\/li>\r\n\t<li><a href=\"https:\/\/praha.eu\/w\/obecne_zavazna_vyhlaska_c_4_2017_sb_hl_m_2401516?p_l_back_url=%2Fvyhlasky-a-narizeni%3Fcislo%3D4%26rokvydani%3D2017%26platnost%3D%26text%3D\" target=\"_blank\" rel=\"noopener\">Obecn\u011b z\u00e1vazn\u00e1 vyhl\u00e1\u0161ka hlavn\u00edho m\u011bsta Prahy \u010d. 4\/2017 Sb. hl. m. Prahy o&nbsp;pou\u017e\u00edv\u00e1n\u00ed pyrotechnick\u00fdch v\u00fdrobk\u016f v&nbsp;hlavn\u00edm m\u011bst\u011b Praze<\/a> ve zn\u011bn\u00ed <a href=\"https:\/\/praha.eu\/w\/obecne_zavazna_vyhlaska_c_17_2020_sb_hl_3204154\" target=\"_blank\" rel=\"noopener\">obecn\u011b z\u00e1vazn\u00e9 vyhl\u00e1\u0161ky \u010d. 17\/2020 Sb. hl. m. Prahy<\/a><\/li>\r\n\t<li><a href=\"https:\/\/www.zakonyprolidi.cz\/cs\/2016-251\" target=\"_blank\" rel=\"noopener\">Z\u00e1kon \u010d. 251\/2016 Sb. o&nbsp;n\u011bkter\u00fdch p\u0159estupc\u00edch<\/a><\/li>\r\n\t<li><a href=\"https:\/\/www.zakonyprolidi.cz\/cs\/2016-250\" target=\"_blank\" rel=\"noopener\">Z\u00e1kon \u010d. 250\/2016 Sb. o\u00a0odpov\u011bdnosti za p\u0159estupky a\u00a0\u0159\u00edzen\u00ed o\u00a0nich<\/a><\/li>\r\n<\/ul>\r\n                <\/div>\r\n            <\/div>\r\n        <\/div>\r\n    \r\n<p>&nbsp;<\/p>\r\n<p><span style=\"color: #0000ff;\"><strong>FORMUL\u00c1\u0158E<\/strong><\/span><\/p>\r\n<p><a href=\"https:\/\/www.praha7.cz\/wp-content\/uploads\/2024\/10\/PRAVIDLA_KRAT_NEM.pdf\">Pravidla kr\u00e1tkodob\u00e9ho u\u017e\u00edv\u00e1n\u00ed nemovitost\u00ed sv\u011b\u0159en\u00fdch M\u010c Praha&nbsp;7<\/a><br \/>\r\n<a href=\"https:\/\/www.praha7.cz\/wp-content\/uploads\/2024\/10\/PRAVIDLA_KRAT_NEM_CENIK.pdf\">Cen\u00edk kr\u00e1tkodob\u00e9ho u\u017e\u00edv\u00e1n\u00ed nemovitost\u00ed sv\u011b\u0159en\u00fdch M\u010c Praha&nbsp;7<\/a><br \/>\r\n<a href=\"https:\/\/www.praha7.cz\/wp-content\/uploads\/2024\/10\/PRAVIDLA_KRAT_NEM_FORMULAR.pdf\">\u017d\u00e1dost o&nbsp;kr\u00e1tkodob\u00e9 u\u017e\u00edv\u00e1n\u00ed nemovitost\u00ed sv\u011b\u0159en\u00fdch M\u010c Praha&nbsp;7<\/a><br \/>\r\n<br \/>\r\n<\/p>","protected":false},"excerpt":{"rendered":"[perex] M\u010c Praha&nbsp;7 umo\u017e\u0148uje kr\u00e1tkodob\u00e9 u\u017e\u00edv\u00e1n\u00ed sv\u011b\u0159en\u00fdch nemovitost\u00ed. V\u00edt\u00e1ny jsou zejm\u00e9na sousedsk\u00e9 a&nbsp;neziskov\u00e9 akce. Ostatn\u00ed u\u017e\u00edv\u00e1n\u00ed jsou zpoplatn\u011bna dle n\u00ed\u017ee uveden\u00e9ho cen\u00edku. V&nbsp;p\u0159\u00edpad\u011b ve\u0159ejn\u00fdch ploch, kdy zam\u00fd\u0161lenou \u010dinnost\u00ed nedojde k&nbsp;\u017e\u00e1dn\u00e9mu omezen\u00ed (z\u00e1boru) ve vztahu k&nbsp;ve\u0159ejnosti, nepodl\u00e9h\u00e1 tato akce povolen\u00ed ze strany Odboru majetku. Upozor\u0148ujeme \u017eadatele, aby \u017e\u00e1dosti pod\u00e1vali dostate\u010dn\u011b v\u010das. Za nejzaz\u0161\u00ed term\u00edn pro pod\u00e1n\u00ed [&hellip;]","protected":false},"author":2,"featured_media":0,"parent":71613,"menu_order":0,"comment_status":"closed","ping_status":"closed","template":"","meta":[],"_links":{"self":[{"href":"https:\/\/www.praha7.cz\/api\/wp\/v2\/pages\/5773"}],"collection":[{"href":"https:\/\/www.praha7.cz\/api\/wp\/v2\/pages"}],"about":[{"href":"https:\/\/www.praha7.cz\/api\/wp\/v2\/types\/page"}],"author":[{"embeddable":true,"href":"https:\/\/www.praha7.cz\/api\/wp\/v2\/users\/2"}],"replies":[{"embeddable":true,"href":"https:\/\/www.praha7.cz\/api\/wp\/v2\/comments?post=5773"}],"version-history":[{"count":58,"href":"https:\/\/www.praha7.cz\/api\/wp\/v2\/pages\/5773\/revisions"}],"predecessor-version":[{"id":90026,"href":"https:\/\/www.praha7.cz\/api\/wp\/v2\/pages\/5773\/revisions\/90026"}],"up":[{"embeddable":true,"href":"https:\/\/www.praha7.cz\/api\/wp\/v2\/pages\/71613"}],"wp:attachment":[{"href":"https:\/\/www.praha7.cz\/api\/wp\/v2\/media?parent=5773"}],"curies":[{"name":"wp","href":"https:\/\/api.w.org\/{rel}","templated":true}]}}