    
{"id":5547,"date":"2017-09-09T01:15:46","date_gmt":"2017-09-08T23:15:46","guid":{"rendered":"https:\/\/praha7.cz\/?page_id=5547"},"modified":"2023-11-15T15:19:07","modified_gmt":"2023-11-15T14:19:07","slug":"epidemie","status":"publish","type":"page","link":"https:\/\/www.praha7.cz\/potrebuji-zaridit\/krizove-situace\/epidemie\/","title":{"rendered":"Epidemie"},"content":{"rendered":"<p>[perex]<\/p>\r\n<p>V p\u0159\u00edpad\u011b velk\u00e9ho roz\u0161\u00ed\u0159en\u00ed naka\u017eliv\u00e9 nemoci v&nbsp;oblasti m\u011bstsk\u00e9 \u010d\u00e1sti budou ob\u010dan\u00e9 co nejd\u0159\u00edve informov\u00e1ni \u00da\u0159adem m\u011bstsk\u00e9 \u010d\u00e1sti Praha&nbsp;7.<\/p>\r\n<p>[\/perex]<\/p>\r\n<h3>V p\u0159\u00edpad\u011b v\u00fdskytu epidemie dodr\u017eujete n\u00e1sleduj\u00edc\u00ed pravidla, abyste zabr\u00e1nili naka\u017een\u00ed:<\/h3>\r\n<ul style=\"text-align: justify;\">\r\n\t<li>Omezte pohyb na ve\u0159ejn\u00fdch prostranstv\u00edch a&nbsp;celkov\u011b omezte vych\u00e1zen\u00ed.<\/li>\r\n\t<li>Omezte osobn\u00ed kontakt s&nbsp;ostatn\u00edmi lidmi na minimum.<\/li>\r\n\t<li>Sledujte a&nbsp;vyhled\u00e1vejte nejnov\u011bj\u0161\u00ed informace t\u00fdkaj\u00edc\u00ed se t\u00e9matu u&nbsp;org\u00e1n\u016f \u00da\u0159adu m\u011bstsk\u00e9 \u010d\u00e1sti a&nbsp;v&nbsp;dostupn\u00fdch m\u00e9di\u00edch.<\/li>\r\n\t<li>Pou\u017e\u00edvejte doporu\u010den\u00e9 prost\u0159edky jako nap\u0159\u00edklad rou\u0161ky (vyu\u017eijte doporu\u010den\u00ed vyd\u00e1van\u00fdch formou v\u00fd\u0161e zm\u00edn\u011bn\u00fdch informa\u010dn\u00edch prost\u0159edk\u016f).<\/li>\r\n<\/ul>\r\n<p>V p\u0159\u00edpad\u011b, \u017ee na sob\u011b nebo na osob\u011b ve sv\u00e9m\u00a0 okol\u00ed sledujete p\u0159\u00edznaky dan\u00e9 choroby, informujte l\u00e9ka\u0159e a&nbsp;n\u00e1sledujte jeho doporu\u010den\u00ed a&nbsp;pokyn\u016f. Bu\u010fte ohledupln\u00ed a&nbsp;pokud jste naka\u017eeni velmi naka\u017elivou chorobou, omezte v\u00fdskyt na ve\u0159ejnosti na minimum.<\/p>\r\n<div class=\"shortcode-container container-fluid no-bottom-padding division-detail  \"> \n    <div class=\"row\">\n\t\t <div class=\"row div-dept\">\n            <div class=\"col-xs-12 col-md-12 contact-info\">\n                <h4>Kontakt<\/h4>\n                <span>\n                    \u00da\u0159ad m\u011bstsk\u00e9 \u010d\u00e1sti Praha 7\n                <\/span><br>\n                <span>\n                    Odbor kancel\u00e1\u0159 starosty a tajemn\u00edka - odd\u011blen\u00ed krizov\u00e9ho \u0159\u00edzen\u00ed\n                <\/span><br>\n                    <span>\n                        deta\u0161ovan\u00e9 pracovi\u0161t\u011b \u2013 U Pr\u016fhonu 11\n                    <\/span><br>\n                    <span>\n                        Praha 7\n                    <\/span><br>\n                \n                \n            <\/div>\n        <\/div>\n    <\/div>\n<\/div>\r\n\n<div class=\"shortcode-container no-bottom-padding  \">    \n\t<div class=\"row\">\n\t\t<div class=\"col-xs-12 col-md-7\">\n\t\t\t<h3>\u00da\u0159edn\u00ed hodiny \u00da\u0159adu M\u010c Praha 7<\/h3>\n\t\t<\/div>\n\t<\/div>\n\t\t<div class=\"row\">\n\t\t\t<div class=\"col-xs-12 col-sm-4 col-md-3\">\n\t\t\t\t<span>pond\u011bl\u00ed a st\u0159eda<\/span>\n\t\t\t<\/div>\n\t\t\t\t<div class=\"col-xs-6 col-sm-4 col-md-3\">\n\t\t\t\t\t<span>7.30\u201312.00<\/span>\n\t\t\t\t<\/div>\n\t\t\t\t\t<div class=\"col-xs-6 col-sm-4 col-md-3\">\n\t\t\t\t\t\t<span>13.00\u201318.00<\/span>\n\t\t\t\t\t<\/div>\n\t\t<\/div>\n\t\t<div class=\"row\">\n\t\t\t<div class=\"col-xs-12 col-sm-4 col-md-3\">\n\t\t\t\t<span>\u00fater\u00fd, \u010dtvrtek a p\u00e1tek<\/span>\n\t\t\t<\/div>\n\t\t\t\t<div class=\"col-xs-12 col-sm-8 col-md-9\">\n\t\t\t\t\t<span>po p\u0159edchoz\u00ed domluv\u011b \/ po objedn\u00e1n\u00ed<\/span>\n\t\t\t\t<\/div>\n\t\t<\/div>\n\t<div class=\"row\">\n\t\t<div class=\"col-xs-12 col-md-12 office_hours_info\">\n\t\t\t\n\t\t<\/div>\t\n\t<\/div>\n<\/div>\r\n<div class=\"shortcode-container container-fluid no-bottom-padding \">\n\t<div class=\"row shortcode-row no-bottom-border\">\n\t\t <div class=\"row contact-item\">\n\t\t\t<div class=\"col-xs-4 col-md-2 contact-photo\">\t\t\n\t\t\t\t<img src=\"https:\/\/www.praha7.cz\/wp-content\/uploads\/2018\/01\/IMG_7971-ing-olga-ryantova-dis-600x400.jpg\" alt=\"placeholder\">\n\t\t\t<\/div>\n\t\t\t<div class=\"col-xs-8 col-md-5 contact-info\">\n\t\t\t\t<h3>Drd\u00e1ck\u00e1 Olga, Ing., DiS.<\/h3>\n\t\t\t\t<span>vedouc\u00ed odd\u011blen\u00ed<\/span><br>\n\t\t\t\t<span>U Pr\u016fhonu 11<\/span><br>\n\t\t\t\t\n                <span>gsm. <a href=\"tel:+420602373775\">+420602373775<\/a><\/span><br>\n\t\t\t\t<a href=\"mailto:drdackao@praha7.cz\">drdackao@praha7.cz<\/a><br>\n\t\t\t<\/div>\n\t\t<\/div>\n\t<\/div>\n<\/div>","protected":false},"excerpt":{"rendered":"[perex] V&nbsp;p\u0159\u00edpad\u011b velk\u00e9ho roz\u0161\u00ed\u0159en\u00ed naka\u017eliv\u00e9 nemoci v&nbsp;oblasti m\u011bstsk\u00e9 \u010d\u00e1sti budou ob\u010dan\u00e9 co nejd\u0159\u00edve informov\u00e1ni \u00da\u0159adem m\u011bstsk\u00e9 \u010d\u00e1sti Praha&nbsp;7. [\/perex] V&nbsp;p\u0159\u00edpad\u011b v\u00fdskytu epidemie dodr\u017eujete n\u00e1sleduj\u00edc\u00ed pravidla, abyste zabr\u00e1nili naka\u017een\u00ed: Omezte pohyb na ve\u0159ejn\u00fdch prostranstv\u00edch a&nbsp;celkov\u011b omezte vych\u00e1zen\u00ed. Omezte osobn\u00ed kontakt s&nbsp;ostatn\u00edmi lidmi na minimum. Sledujte a&nbsp;vyhled\u00e1vejte nejnov\u011bj\u0161\u00ed informace t\u00fdkaj\u00edc\u00ed se t\u00e9matu u&nbsp;org\u00e1n\u016f \u00da\u0159adu m\u011bstsk\u00e9 [&hellip;]","protected":false},"author":17,"featured_media":0,"parent":2393,"menu_order":0,"comment_status":"closed","ping_status":"closed","template":"","meta":[],"_links":{"self":[{"href":"https:\/\/www.praha7.cz\/api\/wp\/v2\/pages\/5547"}],"collection":[{"href":"https:\/\/www.praha7.cz\/api\/wp\/v2\/pages"}],"about":[{"href":"https:\/\/www.praha7.cz\/api\/wp\/v2\/types\/page"}],"author":[{"embeddable":true,"href":"https:\/\/www.praha7.cz\/api\/wp\/v2\/users\/17"}],"replies":[{"embeddable":true,"href":"https:\/\/www.praha7.cz\/api\/wp\/v2\/comments?post=5547"}],"version-history":[{"count":10,"href":"https:\/\/www.praha7.cz\/api\/wp\/v2\/pages\/5547\/revisions"}],"predecessor-version":[{"id":71529,"href":"https:\/\/www.praha7.cz\/api\/wp\/v2\/pages\/5547\/revisions\/71529"}],"up":[{"embeddable":true,"href":"https:\/\/www.praha7.cz\/api\/wp\/v2\/pages\/2393"}],"wp:attachment":[{"href":"https:\/\/www.praha7.cz\/api\/wp\/v2\/media?parent=5547"}],"curies":[{"name":"wp","href":"https:\/\/api.w.org\/{rel}","templated":true}]}}