    
{"id":54591,"date":"2022-02-14T15:01:17","date_gmt":"2022-02-14T14:01:17","guid":{"rendered":"https:\/\/www.praha7.cz\/?page_id=54591"},"modified":"2022-04-28T15:22:54","modified_gmt":"2022-04-28T13:22:54","slug":"studie-korunovacni","status":"publish","type":"page","link":"https:\/\/www.praha7.cz\/potrebuji-zaridit\/planujte-sedmicku-s-nami\/revitalizace-verejnych-prostranstvi\/studie-korunovacni\/","title":{"rendered":"Studie Korunova\u010dn\u00ed"},"content":{"rendered":"<p><strong>M\u011bstsk\u00e1 \u010d\u00e1st Praha&nbsp;7, hlavn\u00ed m\u011bsto Praha a&nbsp;Institut pl\u00e1nov\u00e1n\u00ed a&nbsp;rozvoje hl. m. Prahy (IPR) spole\u010dn\u011b p\u0159ipravuj\u00ed prom\u011bnu ve\u0159ejn\u00e9ho prostoru mezi Letensk\u00fdmi sady a&nbsp;Stromovkou. \u00dapravami projdou ulice Korunova\u010dn\u00ed a&nbsp;Nad \u0160tolou i&nbsp;takzvan\u00fd \u201eLetensk\u00fd muzejn\u00ed distrikt\u201c, tedy oblast u&nbsp;N\u00e1rodn\u00edho technick\u00e9ho a&nbsp;N\u00e1rodn\u00edho zem\u011bd\u011blsk\u00e9ho muzea, kter\u00e1 nalezne novou podobu v&nbsp;architektonick\u00e9 sout\u011b\u017ei. M\u010c Praha&nbsp;7 nyn\u00ed p\u0159edstavuje koncep\u010dn\u00ed studii pro ulici Korunova\u010dn\u00ed, jej\u00edho\u017e zpracov\u00e1n\u00ed se zhostilo pra\u017esk\u00e9 architektonick\u00e9 studio edit! architects.<\/strong><\/p>\r\n<p><img loading=\"lazy\" src=\"https:\/\/www.praha7.cz\/wp-content\/uploads\/2022\/02\/Korunova\u010dn\u00ed_Z01-1920x1280-600x400.jpg\" alt=\"\" width=\"600\" height=\"400\" class=\"alignnone size-medium wp-image-54593\" srcset=\"https:\/\/www.praha7.cz\/wp-content\/uploads\/2022\/02\/Korunova\u010dn\u00ed_Z01-1920x1280-600x400.jpg 600w, https:\/\/www.praha7.cz\/wp-content\/uploads\/2022\/02\/Korunova\u010dn\u00ed_Z01-1920x1280-768x512.jpg 768w, https:\/\/www.praha7.cz\/wp-content\/uploads\/2022\/02\/Korunova\u010dn\u00ed_Z01-1920x1280-1500x1000.jpg 1500w, https:\/\/www.praha7.cz\/wp-content\/uploads\/2022\/02\/Korunova\u010dn\u00ed_Z01-1920x1280.jpg 1920w\" sizes=\"(max-width: 600px) 100vw, 600px\" \/><\/p>\r\n<p><em>\u201eKoncep\u010dn\u00ed studie byla zpracov\u00e1na jako d\u016fle\u017eit\u00fd materi\u00e1l pro koordinaci jednotliv\u00fdch projekt\u016f, kter\u00e9 zm\u011bn\u00ed r\u00e1z t\u00e9to v\u00fdznamn\u00e9 letensk\u00e9 t\u0159\u00eddy. C\u00edlem je sladit obnovu ve\u0159ejn\u00e9 infrastruktury\u00a0<\/em><em>a dal\u0161\u00ed pl\u00e1novan\u00e9 \u00fapravy, kter\u00e9 budou postupn\u011b realizov\u00e1ny r\u016fzn\u00fdmi organizacemi. \u00dakolem studie je zajistit prov\u00e1zanost t\u011bchto aktivit a&nbsp;neznemo\u017enit jedn\u00edm projektem realizaci jin\u00e9ho.\u00a0<\/em><em>V ulici Korunova\u010dn\u00ed chceme p\u0159edev\u0161\u00edm zv\u00fd\u0161it bezpe\u010dnost dopravy, zajistit podm\u00ednky pro obnovu a&nbsp;dopln\u011bn\u00ed uli\u010dn\u00edho stromo\u0159ad\u00ed \u010di p\u0159edzahr\u00e1dek a&nbsp;celkov\u011b zv\u00fd\u0161it estetiku zdej\u0161\u00edho ve\u0159ejn\u00e9ho prostoru,\u201c<\/em> \u0159\u00edk\u00e1 <em><strong>m\u00edstostarostka Prahy&nbsp;7 Lenka Burgerov\u00e1<\/strong><\/em>.<\/p>\r\n<p>Tak jak je v&nbsp;Praze 7 zvykem, byli k&nbsp;pl\u00e1nov\u00e1n\u00ed budouc\u00ed podoby ulice Korunova\u010dn\u00ed p\u0159izv\u00e1ni tak\u00e9 m\u00edstn\u00ed ob\u010dan\u00e9. P\u0159ed samotn\u00fdm zad\u00e1n\u00edm architekt\u016fm m\u011bla ve\u0159ejnost mo\u017enost se zapojit prost\u0159ednictv\u00edm ankety \u201eSpole\u010dn\u011b po Letn\u00e9\u201c, kter\u00e9 se z\u00fa\u010dastnilo p\u0159es 800 respondent\u016f. Za \u00fa\u010dasti z\u00e1stupc\u016f radnice i&nbsp;architekt\u016f pot\u00e9 prob\u011bhla participace se \u0161kol\u00e1ky Z\u0160 Korunova\u010dn\u00ed a&nbsp;setk\u00e1n\u00ed s&nbsp;ob\u010dany ve Vod\u00e1rensk\u00e9 v\u011b\u017ei, kde byl p\u0159edstaven koncept studie k&nbsp;p\u0159ipom\u00ednk\u00e1m. Na v\u00fdsledn\u00e9 podob\u011b studie se tak vedle odborn\u00edk\u016f z&nbsp;\u0159ad z\u00e1stupc\u016f M\u010c Praha&nbsp;7, Pam\u00e1tkov\u00e9ho \u00fastavu, IPR, architekt\u016f, dopravn\u00edch specialist\u016f a&nbsp;dendrolog\u016f pod\u00edlela tak\u00e9 \u0161ir\u0161\u00ed ve\u0159ejnost, p\u0159edev\u0161\u00edm pak m\u00edstn\u00ed obyvatel\u00e9.<\/p>\r\n<p><em>\u201eT\u011b\u0161\u00ed m\u011b, \u017ee zapojov\u00e1n\u00ed ob\u010dan\u016f do pl\u00e1nov\u00e1n\u00ed Prahy je ji\u017e naprost\u00fdm standardem. Koncep\u010dn\u00ed studie Korunova\u010dn\u00ed je d\u016fle\u017eit\u00fdm projektem, kter\u00fd mysl\u00ed nejenom na chodce a&nbsp;cyklisty, ale z\u00e1rove\u0148 na \u017eivotn\u00ed prost\u0159ed\u00ed. Cel\u00e1 koncepce bude n\u00e1sledn\u011b koordinov\u00e1na tak\u00e9 s&nbsp;prom\u011bnou Muzejn\u00edho distriktu, jeho\u017e podoba bude vybr\u00e1na v&nbsp;r\u00e1mci architektonicko-urbanistick\u00e9 sout\u011b\u017ee. Ta bude vyhl\u00e1\u0161ena u\u017e zkraje tohoto jara,\u201c<\/em> komentuje <em><strong>Ond\u0159ej Boh\u00e1\u010d, \u0159editel IPR<\/strong><\/em>.<\/p>\r\n<p>Sou\u010dasn\u00e1 ulice Korunova\u010dn\u00ed je prostorov\u011b velkoryse pojat\u00e1 a&nbsp;m\u00e1 zna\u010dn\u00fd potenci\u00e1l prom\u011bny v&nbsp;reprezentativn\u00ed obytnou m\u011bstskou t\u0159\u00eddu. Studio edit! architects v&nbsp;navr\u017een\u00e9 studii koordinuje d\u00edl\u010d\u00ed pl\u00e1novan\u00e9 projekty obnovy infrastruktury a&nbsp;navrhuje v&nbsp;souvislosti s&nbsp;p\u0159\u00edtomnost\u00ed \u0161kolsk\u00fdch za\u0159\u00edzen\u00ed nov\u00e9 uspo\u0159\u00e1d\u00e1n\u00ed ulice s&nbsp;d\u016frazem na zlep\u0161en\u00ed bezpe\u010dnosti dopravy pro v\u0161echny \u00fa\u010dastn\u00edky provozu. Architekti se tak\u00e9 zam\u011b\u0159uj\u00ed na zaji\u0161t\u011bn\u00ed podm\u00ednek pro obnovu a&nbsp;dopln\u011bn\u00ed uli\u010dn\u00edho stromo\u0159ad\u00ed a&nbsp;kladou d\u016fraz na celkovou estetiku ve\u0159ejn\u00e9ho prostoru.<\/p>\r\n<p>Studie po\u010d\u00edt\u00e1 s&nbsp;desetimetrov\u00fdm prostorem po obou stran\u00e1ch ulice funk\u010dn\u011b rozd\u011blen\u00fdm do t\u0159\u00ed p\u00e1sem: stromo\u0159ad\u00ed, chodn\u00edky a&nbsp;p\u0159edzahr\u00e1dky, kter\u00e9 se t\u00edmto p\u0159ibl\u00ed\u017e\u00ed zp\u011bt k&nbsp;dom\u016fm a&nbsp;alespo\u0148 \u010d\u00e1ste\u010dn\u011b tak ulici navr\u00e1t\u00ed p\u016fvodn\u00edho ducha.<\/p>\r\n<p>V n\u00e1vrhu z\u016fst\u00e1v\u00e1 sou\u010dasn\u00fd po\u010det j\u00edzdn\u00edch pruh\u016f v&nbsp;obou sm\u011brech. Jsou zde navr\u017eeny nov\u00e9 p\u0159echody pro chodce, zvy\u0161uj\u00ed se po\u010dty parkovac\u00edch m\u00edst v\u010detn\u011b kr\u00e1tkodob\u00fdch st\u00e1n\u00ed pro z\u00e1sobov\u00e1n\u00ed a&nbsp;p\u0159id\u00e1v\u00e1 se \u0159ada bezpe\u010dnostn\u00edch prvk\u016f.<\/p>\r\n<p>Vzhledem k&nbsp;pl\u00e1novan\u00e9mu propojen\u00ed dvou m\u011bstsk\u00fdch park\u016f se v&nbsp;pl\u00e1nech nezapom\u00edn\u00e1 ani na cyklisty. <em><strong>Jeden z&nbsp;autor\u016f studie architekt \u0160imon Do\u010dekal<\/strong>\u00a0z <strong>edit! <\/strong><strong>architects <\/strong><\/em>k\u00a0dopravn\u00edmu \u0159e\u0161en\u00ed uv\u00e1d\u00ed: \u201e<em>C\u00edlem je zjednodu\u0161it a&nbsp;zp\u0159ehlednit pr\u016fjezd ulic\u00ed na kole a&nbsp;umo\u017enit bezpe\u010dn\u011b vjet cyklist\u016fm na chodn\u00edk zejm\u00e9na kv\u016fli p\u0159\u00edtomnosti z\u00e1kladn\u00ed \u0161koly a&nbsp;dvou mate\u0159sk\u00fdch \u0161kol v&nbsp;ulici Na V\u00fd\u0161in\u00e1ch.\u201c<\/em><\/p>\r\n<p>Do studie se v\u00fdrazn\u011b prom\u00edtaj\u00ed z\u00e1sady modrozelen\u00e9 infrastruktury, jej\u00edm\u017e c\u00edlem je zkvalitn\u011bn\u00ed ve\u0159ejn\u00e9ho prostoru prost\u0159ednictv\u00edm v\u00fdrazn\u00e9 revitalizace a&nbsp;v\u00fdsadby nov\u00e9 zelen\u011b. V&nbsp;pl\u00e1nech se po\u010d\u00edt\u00e1 s&nbsp;mo\u017enost\u00ed participace ve\u0159ejnosti na podob\u011b p\u0159edzahr\u00e1dek. Na t\u011bch se budou st\u0159\u00eddat trvalkov\u00e9 z\u00e1hony, ke\u0159e, okrasn\u00e9 traviny a&nbsp;solit\u00e9rn\u00ed v\u00edcekmenn\u00e9 ke\u0159e.<\/p>\r\n<p>Ke zlep\u0161en\u00ed zdravotn\u00edho stavu strom\u016f v&nbsp;hlavn\u00edm stromo\u0159ad\u00ed p\u0159isp\u011bje zv\u011bt\u0161en\u00ed objemu proko\u0159eniteln\u00e9ho prostoru v&nbsp;cel\u00e9 d\u00e9lce ulice, v\u00fdm\u011bna substr\u00e1tu a&nbsp;zv\u011bt\u0161en\u00ed plochy rab\u00e1tek. P\u0159\u00edsun vody ke strom\u016fm bude zaji\u0161t\u011bn i&nbsp;p\u0159\u00ed\u010dn\u00fdm sp\u00e1dov\u00e1n\u00edm chodn\u00edk\u016f a&nbsp;tak\u00e9 mo\u017enost\u00ed vyu\u017eit\u00ed vody z&nbsp;plochy vozovky mimo zimn\u00ed obdob\u00ed. Rovn\u011b\u017e se pl\u00e1nuje vysadit nov\u00e9 stromy mimo hlavn\u00ed stromo\u0159ad\u00ed. Jejich v\u00fdsadbou se zkvalitn\u00ed ve\u0159ejn\u00fd prostor zejm\u00e9na na n\u00e1ro\u017e\u00edch k\u0159i\u017eovatek s&nbsp;Korunova\u010dn\u00ed ulic\u00ed.<\/p>\r\n<p>Vybran\u00e9 vizualizace ke koordina\u010dn\u011b koncep\u010dn\u00ed studii mohou z\u00e1jemci zhl\u00e9dnout na str\u00e1nk\u00e1ch: <a href=\"https:\/\/editarchitects.com\/\">https:\/\/editarchitects.com\/<\/a> \u010di na webu M\u010c Praha&nbsp;7: <a href=\"https:\/\/www.praha7.cz\/korunovacni\">www.praha7.cz\/korunovacni<\/a><\/p>\r\n<p>&nbsp;<\/p>\r\n<h3>S Koordina\u010dn\u011b koncep\u010dn\u00ed studi\u00ed ulice Korunova\u010dn\u00ed se m\u016f\u017eete sezn\u00e1mit zde:<\/h3>\r\n<ul>\r\n\t<li><a href=\"https:\/\/www.praha7.cz\/wp-content\/uploads\/2022\/02\/KORUNOVACNI_STS_211213-1-21.pdf\" target=\"_blank\" rel=\"noopener\">Studie Korunova\u010dn\u00ed &#8211; \u010d\u00e1st 1<\/a><\/li>\r\n\t<li><a href=\"https:\/\/www.praha7.cz\/wp-content\/uploads\/2022\/02\/KORUNOVACNI_STS_211213-22-35.pdf\" target=\"_blank\" rel=\"noopener\">Studie Korunova\u010dn\u00ed &#8211; \u010d\u00e1st 2<\/a><\/li>\r\n\t<li><a href=\"https:\/\/www.praha7.cz\/wp-content\/uploads\/2022\/02\/KORUNOVACNI_STS_211213-36-47.pdf\" target=\"_blank\" rel=\"noopener\">Studie Korunova\u010dn\u00ed &#8211; \u010d\u00e1st 3<\/a><\/li>\r\n\t<li><a href=\"https:\/\/www.praha7.cz\/wp-content\/uploads\/2022\/02\/KORUNOVACNI_STS_211213-48-84.pdf\" target=\"_blank\" rel=\"noopener\">Studie Korunova\u010dn\u00ed &#8211; \u010d\u00e1st 4<\/a><\/li>\r\n<\/ul>\r\n<p>&nbsp;<\/p>\r\n<p><img loading=\"lazy\" src=\"https:\/\/www.praha7.cz\/wp-content\/uploads\/2022\/02\/Korunova\u010dn\u00ed_Z01-stav-1920x1280-1500x1000.jpg\" alt=\"\" width=\"640\" height=\"427\" class=\"alignnone size-large wp-image-54592\" srcset=\"https:\/\/www.praha7.cz\/wp-content\/uploads\/2022\/02\/Korunova\u010dn\u00ed_Z01-stav-1920x1280-1500x1000.jpg 1500w, https:\/\/www.praha7.cz\/wp-content\/uploads\/2022\/02\/Korunova\u010dn\u00ed_Z01-stav-1920x1280-600x400.jpg 600w, https:\/\/www.praha7.cz\/wp-content\/uploads\/2022\/02\/Korunova\u010dn\u00ed_Z01-stav-1920x1280-768x512.jpg 768w, https:\/\/www.praha7.cz\/wp-content\/uploads\/2022\/02\/Korunova\u010dn\u00ed_Z01-stav-1920x1280.jpg 1920w\" sizes=\"(max-width: 640px) 100vw, 640px\" \/><\/p>\r\n<p><img loading=\"lazy\" src=\"https:\/\/www.praha7.cz\/wp-content\/uploads\/2022\/02\/Korunova\u010dn\u00ed_Z01-1920x1280-1500x1000.jpg\" alt=\"\" width=\"640\" height=\"427\" class=\"alignnone size-large wp-image-54593\" srcset=\"https:\/\/www.praha7.cz\/wp-content\/uploads\/2022\/02\/Korunova\u010dn\u00ed_Z01-1920x1280-1500x1000.jpg 1500w, https:\/\/www.praha7.cz\/wp-content\/uploads\/2022\/02\/Korunova\u010dn\u00ed_Z01-1920x1280-600x400.jpg 600w, https:\/\/www.praha7.cz\/wp-content\/uploads\/2022\/02\/Korunova\u010dn\u00ed_Z01-1920x1280-768x512.jpg 768w, https:\/\/www.praha7.cz\/wp-content\/uploads\/2022\/02\/Korunova\u010dn\u00ed_Z01-1920x1280.jpg 1920w\" sizes=\"(max-width: 640px) 100vw, 640px\" \/><\/p>\r\n<p>&nbsp;<\/p>\r\n<p>&nbsp;<\/p>\r\n<p><img loading=\"lazy\" src=\"https:\/\/www.praha7.cz\/wp-content\/uploads\/2022\/02\/Korunova\u010dn\u00ed_Z02-stav-1920x1280-1500x1000.jpg\" alt=\"\" width=\"640\" height=\"427\" class=\"alignnone size-large wp-image-54594\" srcset=\"https:\/\/www.praha7.cz\/wp-content\/uploads\/2022\/02\/Korunova\u010dn\u00ed_Z02-stav-1920x1280-1500x1000.jpg 1500w, https:\/\/www.praha7.cz\/wp-content\/uploads\/2022\/02\/Korunova\u010dn\u00ed_Z02-stav-1920x1280-600x400.jpg 600w, https:\/\/www.praha7.cz\/wp-content\/uploads\/2022\/02\/Korunova\u010dn\u00ed_Z02-stav-1920x1280-768x512.jpg 768w, https:\/\/www.praha7.cz\/wp-content\/uploads\/2022\/02\/Korunova\u010dn\u00ed_Z02-stav-1920x1280.jpg 1920w\" sizes=\"(max-width: 640px) 100vw, 640px\" \/><\/p>\r\n<p><img loading=\"lazy\" src=\"https:\/\/www.praha7.cz\/wp-content\/uploads\/2022\/02\/Korunova\u010dn\u00ed_Z02-1920x1280-1500x1000.jpg\" alt=\"\" width=\"640\" height=\"427\" class=\"alignnone size-large wp-image-54595\" srcset=\"https:\/\/www.praha7.cz\/wp-content\/uploads\/2022\/02\/Korunova\u010dn\u00ed_Z02-1920x1280-1500x1000.jpg 1500w, https:\/\/www.praha7.cz\/wp-content\/uploads\/2022\/02\/Korunova\u010dn\u00ed_Z02-1920x1280-600x400.jpg 600w, https:\/\/www.praha7.cz\/wp-content\/uploads\/2022\/02\/Korunova\u010dn\u00ed_Z02-1920x1280-768x512.jpg 768w, https:\/\/www.praha7.cz\/wp-content\/uploads\/2022\/02\/Korunova\u010dn\u00ed_Z02-1920x1280.jpg 1920w\" sizes=\"(max-width: 640px) 100vw, 640px\" \/><\/p>\r\n<p>&nbsp;<\/p>\r\n<p>&nbsp;<\/p>\r\n<p><img loading=\"lazy\" src=\"https:\/\/www.praha7.cz\/wp-content\/uploads\/2022\/02\/Korunova\u010dn\u00ed_Z03-stav-1920x1280-1500x1000.jpg\" alt=\"\" width=\"640\" height=\"427\" class=\"alignnone size-large wp-image-54596\" srcset=\"https:\/\/www.praha7.cz\/wp-content\/uploads\/2022\/02\/Korunova\u010dn\u00ed_Z03-stav-1920x1280-1500x1000.jpg 1500w, https:\/\/www.praha7.cz\/wp-content\/uploads\/2022\/02\/Korunova\u010dn\u00ed_Z03-stav-1920x1280-600x400.jpg 600w, https:\/\/www.praha7.cz\/wp-content\/uploads\/2022\/02\/Korunova\u010dn\u00ed_Z03-stav-1920x1280-768x512.jpg 768w, https:\/\/www.praha7.cz\/wp-content\/uploads\/2022\/02\/Korunova\u010dn\u00ed_Z03-stav-1920x1280.jpg 1920w\" sizes=\"(max-width: 640px) 100vw, 640px\" \/><\/p>\r\n<p><img loading=\"lazy\" src=\"https:\/\/www.praha7.cz\/wp-content\/uploads\/2022\/02\/Korunova\u010dn\u00ed_Z03-1920x1280-1500x1000.jpg\" alt=\"\" width=\"640\" height=\"427\" class=\"alignnone size-large wp-image-54597\" srcset=\"https:\/\/www.praha7.cz\/wp-content\/uploads\/2022\/02\/Korunova\u010dn\u00ed_Z03-1920x1280-1500x1000.jpg 1500w, https:\/\/www.praha7.cz\/wp-content\/uploads\/2022\/02\/Korunova\u010dn\u00ed_Z03-1920x1280-600x400.jpg 600w, https:\/\/www.praha7.cz\/wp-content\/uploads\/2022\/02\/Korunova\u010dn\u00ed_Z03-1920x1280-768x512.jpg 768w, https:\/\/www.praha7.cz\/wp-content\/uploads\/2022\/02\/Korunova\u010dn\u00ed_Z03-1920x1280.jpg 1920w\" sizes=\"(max-width: 640px) 100vw, 640px\" \/><\/p>","protected":false},"excerpt":{"rendered":"M\u011bstsk\u00e1 \u010d\u00e1st Praha&nbsp;7, hlavn\u00ed m\u011bsto Praha a&nbsp;Institut pl\u00e1nov\u00e1n\u00ed a&nbsp;rozvoje hl. m. Prahy (IPR) spole\u010dn\u011b p\u0159ipravuj\u00ed prom\u011bnu ve\u0159ejn\u00e9ho prostoru mezi Letensk\u00fdmi sady a&nbsp;Stromovkou. \u00dapravami projdou ulice Korunova\u010dn\u00ed a&nbsp;Nad \u0160tolou i&nbsp;takzvan\u00fd \u201eLetensk\u00fd muzejn\u00ed distrikt\u201c, tedy oblast u&nbsp;N\u00e1rodn\u00edho technick\u00e9ho a&nbsp;N\u00e1rodn\u00edho zem\u011bd\u011blsk\u00e9ho muzea, kter\u00e1 nalezne novou podobu v&nbsp;architektonick\u00e9 sout\u011b\u017ei. M\u010c Praha&nbsp;7 nyn\u00ed p\u0159edstavuje koncep\u010dn\u00ed studii pro ulici Korunova\u010dn\u00ed, jej\u00edho\u017e [&hellip;]","protected":false},"author":5,"featured_media":54593,"parent":47700,"menu_order":0,"comment_status":"closed","ping_status":"closed","template":"","meta":[],"_links":{"self":[{"href":"https:\/\/www.praha7.cz\/api\/wp\/v2\/pages\/54591"}],"collection":[{"href":"https:\/\/www.praha7.cz\/api\/wp\/v2\/pages"}],"about":[{"href":"https:\/\/www.praha7.cz\/api\/wp\/v2\/types\/page"}],"author":[{"embeddable":true,"href":"https:\/\/www.praha7.cz\/api\/wp\/v2\/users\/5"}],"replies":[{"embeddable":true,"href":"https:\/\/www.praha7.cz\/api\/wp\/v2\/comments?post=54591"}],"version-history":[{"count":14,"href":"https:\/\/www.praha7.cz\/api\/wp\/v2\/pages\/54591\/revisions"}],"predecessor-version":[{"id":56977,"href":"https:\/\/www.praha7.cz\/api\/wp\/v2\/pages\/54591\/revisions\/56977"}],"up":[{"embeddable":true,"href":"https:\/\/www.praha7.cz\/api\/wp\/v2\/pages\/47700"}],"wp:featuredmedia":[{"embeddable":true,"href":"https:\/\/www.praha7.cz\/api\/wp\/v2\/media\/54593"}],"wp:attachment":[{"href":"https:\/\/www.praha7.cz\/api\/wp\/v2\/media?parent=54591"}],"curies":[{"name":"wp","href":"https:\/\/api.w.org\/{rel}","templated":true}]}}