    
{"id":5176,"date":"2017-09-04T16:15:23","date_gmt":"2017-09-04T14:15:23","guid":{"rendered":"https:\/\/praha7.cz\/?page_id=5176"},"modified":"2024-02-28T16:35:27","modified_gmt":"2024-02-28T15:35:27","slug":"financni-vybor-zastupitelstva-mc-praha-7","status":"publish","type":"page","link":"https:\/\/www.praha7.cz\/radnice\/voleni-zastupci-mistni-samospravy\/rada-mc-praha-7\/komise-praha-7\/archiv-vyboru-2014-2018\/financni-vybor-zastupitelstva-mc-praha-7\/","title":{"rendered":"Finan\u010dn\u00ed v\u00fdbor Zastupitelstva M\u010c Praha&nbsp;7 (2014-2018)"},"content":{"rendered":"<h1>\u010clenov\u00e9 v\u00fdboru:<\/h1>\r\n<p><strong>P\u0159edseda:<\/strong> Ing. Richard Lehmann, M.A.<br \/>\r\n<strong>Tajemn\u00edk:\u00a0<\/strong>Ivana Mare\u0161ov\u00e1<br \/>\r\n<strong>\u010clenov\u00e9:\u00a0<\/strong>Ing. Ale\u0161 Navr\u00e1til, Ing.Vojt\u011bch Vl\u010dek, Mgr.Tereza \u0160tysov\u00e1, MUDr.Tom\u00e1\u0161 Ka\u0161tovsk\u00fd<\/p>\r\n<p>&nbsp;<\/p>\r\n<h1>P\u0159ehled jedn\u00e1n\u00ed:<\/h1>\r\n        <div class=\"collapse-block\">\r\n            <div class=\"card-header\" role=\"tab\" id=\"heading748777aa447efea08d9e8c72010b02c69fc24d8a\">\r\n                                    <h3 class=\"mb-0\">\r\n                        <a data-toggle=\"collapse\" href=\"#collapse748777aa447efea08d9e8c72010b02c69fc24d8a\" aria-controls=\"collapse748777aa447efea08d9e8c72010b02c69fc24d8a\">\r\n                            Rok 2018                            <i class=\"fa fa-2x fa-angle-down\" aria-hidden=\"true\"><\/i>\r\n                        <\/a>\r\n                    <\/h3>\r\n                                \r\n            <\/div>\r\n\r\n            <div id=\"collapse748777aa447efea08d9e8c72010b02c69fc24d8a\" class=\"collapse\" data-id=\"748777aa447efea08d9e8c72010b02c69fc24d8a\" role=\"tabpanel\" aria-labelledby=\"heading748777aa447efea08d9e8c72010b02c69fc24d8a\">\r\n                <div class=\"card-block\">\r\n    \r\n<ul>\r\n\t<li><a href=\"https:\/\/www.praha7.cz\/wp-content\/uploads\/2018\/03\/R\u00e1mcov\u00fd_pl\u00e1n_FV.pdf\">R\u00e1mcov\u00fd pl\u00e1n<\/a><\/li>\r\n<\/ul>\r\n<p>Leden (15.&nbsp;1.)<\/p>\r\n<ul>\r\n\t<li><a href=\"https:\/\/www.praha7.cz\/wp-content\/uploads\/2018\/03\/FVzapisleden2018.pdf\">pozv\u00e1nka.pdf<\/a><\/li>\r\n\t<li><a href=\"https:\/\/www.praha7.cz\/wp-content\/uploads\/2018\/03\/FVzapisleden2018.pdf\">z\u00e1pis.pdf<\/a><\/li>\r\n<\/ul>\r\n<p>\u00danor (26.&nbsp;2.)<\/p>\r\n<ul>\r\n\t<li><a href=\"https:\/\/www.praha7.cz\/wp-content\/uploads\/2018\/03\/FVPOZVAN\u00fanor2018.pdf\">pozv\u00e1nka.pdf<\/a><\/li>\r\n\t<li><a href=\"https:\/\/www.praha7.cz\/wp-content\/uploads\/2018\/03\/FVzapis\u00fanor2018.pdf\">z\u00e1pis.pdf<\/a><\/li>\r\n<\/ul>\r\n<p>Duben (9.&nbsp;4.)<\/p>\r\n<ul>\r\n\t<li><a href=\"https:\/\/www.praha7.cz\/wp-content\/uploads\/2018\/04\/FVPOZVANduben2018-1.pdf\" target=\"_blank\" rel=\"noopener\">pozv\u00e1nka.pdf<\/a><\/li>\r\n\t<li><a href=\"https:\/\/www.praha7.cz\/wp-content\/uploads\/2018\/04\/FVzapisduben2018.pdf\" target=\"_blank\" rel=\"noopener\">z\u00e1pis.pdf<\/a><\/li>\r\n<\/ul>\r\n<p>Kv\u011bten (9.&nbsp;5.)<\/p>\r\n<ul>\r\n\t<li><a href=\"https:\/\/www.praha7.cz\/wp-content\/uploads\/2018\/05\/FVPOZVANkv\u011bten2018.pdf\" target=\"_blank\" rel=\"noopener\">pozv\u00e1nka.pdf<\/a><\/li>\r\n\t<li><a href=\"https:\/\/www.praha7.cz\/wp-content\/uploads\/2018\/05\/FVzapiskv\u011bten2018.pdf\" target=\"_blank\" rel=\"noopener\">z\u00e1pis.pdf<\/a><\/li>\r\n<\/ul>\r\n<p>\u010cerven (11.&nbsp;6.)<\/p>\r\n<ul>\r\n\t<li><a href=\"https:\/\/www.praha7.cz\/wp-content\/uploads\/2018\/06\/FVPOZVANcerven2018.pdf\" target=\"_blank\" rel=\"noopener\">pozv\u00e1nka.pdf<\/a><\/li>\r\n\t<li><a href=\"https:\/\/www.praha7.cz\/wp-content\/uploads\/2018\/06\/FVzapiscerven-2018.pdf\" target=\"_blank\" rel=\"noopener\">z\u00e1pis.pdf<\/a><\/li>\r\n<\/ul>\r\n<p>Srpen (23.8.) od 17:30 v&nbsp;m\u00edstnosti \u010d. 22. &#8211; n\u00e1hradn\u00ed term\u00edn<\/p>\r\n<ul>\r\n\t<li><a href=\"https:\/\/www.praha7.cz\/wp-content\/uploads\/2018\/08\/FVPOZVANsrpen2018.pdf\" target=\"_blank\" rel=\"noopener\">pozv\u00e1nka.pdf<\/a><\/li>\r\n\t<li><a href=\"https:\/\/www.praha7.cz\/wp-content\/uploads\/2018\/08\/FVzapissrpen-2018.pdf\" target=\"_blank\" rel=\"noopener\">z\u00e1pis.pdf<\/a><\/li>\r\n<\/ul>\r\n                <\/div>\r\n            <\/div>\r\n        <\/div>\r\n    \r\n        <div class=\"collapse-block\">\r\n            <div class=\"card-header\" role=\"tab\" id=\"heading267fd877edd3814ac843aee065e5a41435bdc7a8\">\r\n                                    <h3 class=\"mb-0\">\r\n                        <a data-toggle=\"collapse\" href=\"#collapse267fd877edd3814ac843aee065e5a41435bdc7a8\" aria-controls=\"collapse267fd877edd3814ac843aee065e5a41435bdc7a8\">\r\n                            Rok 2017                            <i class=\"fa fa-2x fa-angle-down\" aria-hidden=\"true\"><\/i>\r\n                        <\/a>\r\n                    <\/h3>\r\n                                \r\n            <\/div>\r\n\r\n            <div id=\"collapse267fd877edd3814ac843aee065e5a41435bdc7a8\" class=\"collapse\" data-id=\"267fd877edd3814ac843aee065e5a41435bdc7a8\" role=\"tabpanel\" aria-labelledby=\"heading267fd877edd3814ac843aee065e5a41435bdc7a8\">\r\n                <div class=\"card-block\">\r\n    \r\n<ul>\r\n\t<li><a href=\"https:\/\/praha7.cz\/wp-content\/uploads\/2017\/09\/R\u00e1mcov\u00fd_pl\u00e1n_FV.pdf\" target=\"_blank\" rel=\"noopener\">R\u00e1mcov\u00fd pl\u00e1n<\/a><\/li>\r\n<\/ul>\r\n<p>Leden (16.&nbsp;1.)<\/p>\r\n<ul>\r\n\t<li><a href=\"https:\/\/praha7.cz\/wp-content\/uploads\/2017\/09\/FVPOZVANleden2017.pdf\" target=\"_blank\" rel=\"noopener\">pozv\u00e1nka.pdf<\/a><\/li>\r\n\t<li><a href=\"https:\/\/praha7.cz\/wp-content\/uploads\/2017\/09\/FVzapisleden_2017.pdf\" target=\"_blank\" rel=\"noopener\">z\u00e1pis.pdf<\/a><\/li>\r\n<\/ul>\r\n<p>\u00danor\u00a0(13.&nbsp;2.)<\/p>\r\n<ul>\r\n\t<li><a href=\"https:\/\/praha7.cz\/wp-content\/uploads\/2017\/09\/FVPOZVANl\u00fanor2017.pdf\" target=\"_blank\" rel=\"noopener\">pozv\u00e1nka.pdf<\/a><\/li>\r\n\t<li><a href=\"https:\/\/praha7.cz\/wp-content\/uploads\/2017\/09\/FVzapisunor_2017.pdf\" target=\"_blank\" rel=\"noopener\">z\u00e1pis.pdf<\/a><\/li>\r\n<\/ul>\r\n<p>B\u0159ezen\u00a0(8.&nbsp;3.)<\/p>\r\n<ul>\r\n\t<li><a href=\"https:\/\/praha7.cz\/wp-content\/uploads\/2017\/09\/FVPOZVANlb\u0159ezen2017.pdf\" target=\"_blank\" rel=\"noopener\">pozv\u00e1nka.pdf<\/a><\/li>\r\n\t<li><a href=\"https:\/\/praha7.cz\/wp-content\/uploads\/2017\/09\/FVzapisbrezen_2017.pdf\" target=\"_blank\" rel=\"noopener\">z\u00e1pis.pdf<\/a><\/li>\r\n<\/ul>\r\n<p>Duben\u00a0(19.&nbsp;4.)<\/p>\r\n<ul>\r\n\t<li><a href=\"https:\/\/praha7.cz\/wp-content\/uploads\/2017\/09\/POZV\u00c1NKAFV_duben.pdf\" target=\"_blank\" rel=\"noopener\">pozv\u00e1nka.pdf<\/a><\/li>\r\n\t<li><a href=\"https:\/\/praha7.cz\/wp-content\/uploads\/2017\/09\/FVz\u00e1pisduben4.pdf\" target=\"_blank\" rel=\"noopener\">z\u00e1pis.pdf<\/a><\/li>\r\n<\/ul>\r\n<p>Kv\u011bten (17.&nbsp;5.)<\/p>\r\n<ul>\r\n\t<li><a href=\"https:\/\/praha7.cz\/wp-content\/uploads\/2017\/09\/FVPOZVANkv\u011bten2017.pdf\" target=\"_blank\" rel=\"noopener\">pozv\u00e1nka.pdf<\/a><\/li>\r\n\t<li><a href=\"https:\/\/praha7.cz\/wp-content\/uploads\/2017\/09\/FVz\u00e1piskv\u011bten_2017.pdf\" target=\"_blank\" rel=\"noopener\">z\u00e1pis.pdf<\/a><\/li>\r\n<\/ul>\r\n<p>\u010cerven (12.&nbsp;6.)<\/p>\r\n<ul>\r\n\t<li><a href=\"https:\/\/praha7.cz\/wp-content\/uploads\/2017\/09\/FVPOZVAN\u010derven2017.pdf\" target=\"_blank\" rel=\"noopener\">pozv\u00e1nka.pdf<\/a><\/li>\r\n\t<li><a href=\"https:\/\/praha7.cz\/wp-content\/uploads\/2017\/09\/FVz\u00e1pis\u010derven_2017.pdf\" target=\"_blank\" rel=\"noopener\">z\u00e1pis.pdf<\/a><\/li>\r\n<\/ul>\r\n<p>Srpen (28.&nbsp;8.)<\/p>\r\n<ul>\r\n\t<li><a href=\"https:\/\/praha7.cz\/wp-content\/uploads\/2017\/09\/FVPOZVANsrpen2017.pdf\" target=\"_blank\" rel=\"noopener\">pozv\u00e1nka.pdf<\/a><\/li>\r\n\t<li><a href=\"https:\/\/praha7.cz\/wp-content\/uploads\/2017\/09\/FVz\u00e1pissrpen_2017.pdf\" target=\"_blank\" rel=\"noopener\">z\u00e1pis.pdf<\/a><\/li>\r\n<\/ul>\r\n<p>\u0158\u00edjen\u00a0(2.&nbsp;10.)<\/p>\r\n<ul>\r\n\t<li><a href=\"https:\/\/praha7.cz\/wp-content\/uploads\/2018\/01\/FVPOZVAN2\u0159\u00edjen.pdf\">pozv\u00e1nka.pdf<\/a><\/li>\r\n\t<li><a href=\"https:\/\/praha7.cz\/wp-content\/uploads\/2018\/01\/FVz\u00e1pis2\u0159\u00edjen_2017.pdf\">z\u00e1pis.pdf<\/a><\/li>\r\n<\/ul>\r\n<p>\u0158\u00edjen (30.&nbsp;10.)<\/p>\r\n<ul>\r\n\t<li><a href=\"https:\/\/praha7.cz\/wp-content\/uploads\/2018\/01\/FVPOZVAN30\u0159\u00edjen.pdf\">pozv\u00e1nka.pdf<\/a><\/li>\r\n\t<li><a href=\"https:\/\/praha7.cz\/wp-content\/uploads\/2018\/01\/FVz\u00e1pis30\u0159\u00edjen_2017.pdf\">z\u00e1pis.pdf<\/a><\/li>\r\n<\/ul>\r\n<p>Listopad\u00a0(27.&nbsp;11.)<\/p>\r\n<ul>\r\n\t<li><a href=\"https:\/\/praha7.cz\/wp-content\/uploads\/2018\/01\/FVPOZVANlistopad.pdf\">pozv\u00e1nka.pdf<\/a><\/li>\r\n\t<li><a href=\"https:\/\/praha7.cz\/wp-content\/uploads\/2018\/01\/FVz\u00e1pislistopad2017.pdf\">z\u00e1pis.pdf<\/a><\/li>\r\n<\/ul>\r\n                <\/div>\r\n            <\/div>\r\n        <\/div>\r\n    \r\n        <div class=\"collapse-block\">\r\n            <div class=\"card-header\" role=\"tab\" id=\"headinga4f0ddc7eb6359712d84e1a387b4cb102a862808\">\r\n                                    <h3 class=\"mb-0\">\r\n                        <a data-toggle=\"collapse\" href=\"#collapsea4f0ddc7eb6359712d84e1a387b4cb102a862808\" aria-controls=\"collapsea4f0ddc7eb6359712d84e1a387b4cb102a862808\">\r\n                            Rok 2016                            <i class=\"fa fa-2x fa-angle-down\" aria-hidden=\"true\"><\/i>\r\n                        <\/a>\r\n                    <\/h3>\r\n                                \r\n            <\/div>\r\n\r\n            <div id=\"collapsea4f0ddc7eb6359712d84e1a387b4cb102a862808\" class=\"collapse\" data-id=\"a4f0ddc7eb6359712d84e1a387b4cb102a862808\" role=\"tabpanel\" aria-labelledby=\"headinga4f0ddc7eb6359712d84e1a387b4cb102a862808\">\r\n                <div class=\"card-block\">\r\n    \r\n<p>Leden (11.&nbsp;1.)<\/p>\r\n<ul>\r\n\t<li><a href=\"https:\/\/praha7.cz\/wp-content\/uploads\/2017\/09\/FVPOZVANleden2016.pdf\" target=\"_blank\" rel=\"noopener\">pozv\u00e1nka.pdf<\/a><\/li>\r\n\t<li><a href=\"https:\/\/praha7.cz\/wp-content\/uploads\/2017\/09\/2016FVzapisleden.pdf\" target=\"_blank\" rel=\"noopener\">z\u00e1pis.pdf<\/a><\/li>\r\n<\/ul>\r\n<p>\u00danor (8.&nbsp;2.)<\/p>\r\n<ul>\r\n\t<li><a href=\"https:\/\/praha7.cz\/wp-content\/uploads\/2017\/09\/FVPOZVAN\u00fanor2016.pdf\" target=\"_blank\" rel=\"noopener\">pozv\u00e1nka.pdf<\/a><\/li>\r\n\t<li><a href=\"https:\/\/praha7.cz\/wp-content\/uploads\/2017\/09\/2016FVz\u00e1pis\u00fanor.pdf\" target=\"_blank\" rel=\"noopener\">z\u00e1pis.pdf<\/a><\/li>\r\n<\/ul>\r\n<p>B\u0159ezen (7.&nbsp;3.)<\/p>\r\n<ul>\r\n\t<li><a href=\"https:\/\/praha7.cz\/wp-content\/uploads\/2017\/09\/FVPOZVANb\u0159ezen2016.pdf\" target=\"_blank\" rel=\"noopener\">pozv\u00e1nka.pdf<\/a><\/li>\r\n\t<li><a href=\"https:\/\/praha7.cz\/wp-content\/uploads\/2017\/09\/2016FVzapisbrezen.pdf\" target=\"_blank\" rel=\"noopener\">z\u00e1pis.pdf<\/a><\/li>\r\n<\/ul>\r\n<p>Duben (11.&nbsp;4.)<\/p>\r\n<ul>\r\n\t<li><a href=\"https:\/\/praha7.cz\/wp-content\/uploads\/2017\/09\/FVPOZVANduben2016.pdf\" target=\"_blank\" rel=\"noopener\">pozv\u00e1nka.pdf<\/a><\/li>\r\n\t<li><a href=\"https:\/\/praha7.cz\/wp-content\/uploads\/2017\/09\/2016FVz\u00e1pisduben.pdf\" target=\"_blank\" rel=\"noopener\">z\u00e1pis.pdf<\/a><\/li>\r\n<\/ul>\r\n<p>Kv\u011bten (9.&nbsp;5.)<\/p>\r\n<ul>\r\n\t<li><a href=\"https:\/\/praha7.cz\/wp-content\/uploads\/2017\/09\/FVPOZVANkv\u011bten2016.pdf\" target=\"_blank\" rel=\"noopener\">pozv\u00e1nka.pdf<\/a><\/li>\r\n\t<li><a href=\"https:\/\/praha7.cz\/wp-content\/uploads\/2017\/09\/2016FVz\u00e1piskv\u011bten.pdf\" target=\"_blank\" rel=\"noopener\">z\u00e1pis.pdf<\/a><\/li>\r\n<\/ul>\r\n<p>\u010cerven (6.&nbsp;6.)<\/p>\r\n<ul>\r\n\t<li><a href=\"https:\/\/praha7.cz\/wp-content\/uploads\/2017\/09\/FVPOZVAN\u010derven2016.pdf\" target=\"_blank\" rel=\"noopener\">pozv\u00e1nka.pdf<\/a><\/li>\r\n\t<li><a href=\"https:\/\/praha7.cz\/wp-content\/uploads\/2017\/09\/2016FVz\u00e1pis\u010derven.pdf\" target=\"_blank\" rel=\"noopener\">z\u00e1pis.pdf<\/a><\/li>\r\n<\/ul>\r\n<p>Srpen (29.&nbsp;8.)<\/p>\r\n<ul>\r\n\t<li><a href=\"https:\/\/praha7.cz\/wp-content\/uploads\/2017\/09\/FVPOZVANsrpen2016-1.pdf\" target=\"_blank\" rel=\"noopener\">pozv\u00e1nka.pdf<\/a><\/li>\r\n\t<li><a href=\"https:\/\/praha7.cz\/wp-content\/uploads\/2017\/09\/2016FVz\u00e1pissrpen.pdf\" target=\"_blank\" rel=\"noopener\">z\u00e1pis.pdf<\/a><\/li>\r\n<\/ul>\r\n<p>\u0158\u00edjen (3.&nbsp;10.)<\/p>\r\n<ul>\r\n\t<li><a href=\"https:\/\/praha7.cz\/wp-content\/uploads\/2017\/09\/FVPOZVAN\u0159\u00edjen2016.pdf\" target=\"_blank\" rel=\"noopener\">pozv\u00e1nka.pdf<\/a><\/li>\r\n\t<li><a href=\"https:\/\/praha7.cz\/wp-content\/uploads\/2017\/09\/2016FVzapisrijen.pdf\" target=\"_blank\" rel=\"noopener\">z\u00e1pis.pdf<\/a><\/li>\r\n<\/ul>\r\n<p>Listopad (7.&nbsp;11.)<\/p>\r\n<ul>\r\n\t<li><a href=\"https:\/\/praha7.cz\/wp-content\/uploads\/2017\/09\/FVPOZVANlistopad2016.pdf\" target=\"_blank\" rel=\"noopener\">pozv\u00e1nka.pdf<\/a><\/li>\r\n\t<li><a href=\"https:\/\/praha7.cz\/wp-content\/uploads\/2017\/09\/2016FVzapislistopad.pdf\" target=\"_blank\" rel=\"noopener\">z\u00e1pis.pdf<\/a><\/li>\r\n<\/ul>\r\n<p>Listopad (30.&nbsp;11.) &#8211; jedn\u00e1n\u00ed se neuskute\u010dnilo<\/p>\r\n<ul>\r\n\t<li><a href=\"https:\/\/praha7.cz\/wp-content\/uploads\/2017\/09\/FVPOZVANlistopad.pdf\" target=\"_blank\" rel=\"noopener\">pozv\u00e1nka.pdf<\/a><\/li>\r\n<\/ul>\r\n                <\/div>\r\n            <\/div>\r\n        <\/div>\r\n    \r\n        <div class=\"collapse-block\">\r\n            <div class=\"card-header\" role=\"tab\" id=\"headingbcda99e89a010196811acef6f80014e8bb612043\">\r\n                                    <h3 class=\"mb-0\">\r\n                        <a data-toggle=\"collapse\" href=\"#collapsebcda99e89a010196811acef6f80014e8bb612043\" aria-controls=\"collapsebcda99e89a010196811acef6f80014e8bb612043\">\r\n                            Rok 2015                            <i class=\"fa fa-2x fa-angle-down\" aria-hidden=\"true\"><\/i>\r\n                        <\/a>\r\n                    <\/h3>\r\n                                \r\n            <\/div>\r\n\r\n            <div id=\"collapsebcda99e89a010196811acef6f80014e8bb612043\" class=\"collapse\" data-id=\"bcda99e89a010196811acef6f80014e8bb612043\" role=\"tabpanel\" aria-labelledby=\"headingbcda99e89a010196811acef6f80014e8bb612043\">\r\n                <div class=\"card-block\">\r\n    \r\n<p>Leden (12.&nbsp;1.)<\/p>\r\n<ul>\r\n\t<li><a href=\"https:\/\/praha7.cz\/wp-content\/uploads\/2017\/09\/2015FVz\u00e1pisleden.pdf\" target=\"_blank\" rel=\"noopener\">z\u00e1pis.pdf<\/a><\/li>\r\n<\/ul>\r\n<p>\u00danor (16.&nbsp;2.)<\/p>\r\n<ul>\r\n\t<li><a href=\"https:\/\/praha7.cz\/wp-content\/uploads\/2017\/09\/2015FVz\u00e1pis\u00fanor.pdf\" target=\"_blank\" rel=\"noopener\">z\u00e1pis.pdf<\/a><\/li>\r\n<\/ul>\r\n<p>B\u0159ezen (16.&nbsp;3.)<\/p>\r\n<ul>\r\n\t<li><a href=\"https:\/\/praha7.cz\/wp-content\/uploads\/2017\/09\/2015FVz\u00e1pisb\u0159ezen.pdf\" target=\"_blank\" rel=\"noopener\">z\u00e1pis.pdf<\/a><\/li>\r\n<\/ul>\r\n<p>Duben (20.&nbsp;4.)<\/p>\r\n<ul>\r\n\t<li><a href=\"https:\/\/praha7.cz\/wp-content\/uploads\/2017\/09\/2015FVz\u00e1pisduben.pdf\" target=\"_blank\" rel=\"noopener\">z\u00e1pis.pdf<\/a><\/li>\r\n<\/ul>\r\n<p>Kv\u011bten (18.&nbsp;5.)<\/p>\r\n<ul>\r\n\t<li><a href=\"https:\/\/praha7.cz\/wp-content\/uploads\/2017\/09\/2015FVz\u00e1piskv\u011bten.pdf\" target=\"_blank\" rel=\"noopener\">z\u00e1pis.pdf<\/a><\/li>\r\n<\/ul>\r\n<p>\u010cerven (15.&nbsp;6.)<\/p>\r\n<ul>\r\n\t<li><a href=\"https:\/\/praha7.cz\/wp-content\/uploads\/2017\/09\/2015FVz\u00e1pis\u010derven.pdf\" target=\"_blank\" rel=\"noopener\">z\u00e1pis.pdf<\/a><\/li>\r\n<\/ul>\r\n<p>Srpen (31.&nbsp;8.)<\/p>\r\n<ul>\r\n\t<li><a href=\"https:\/\/praha7.cz\/wp-content\/uploads\/2017\/09\/2015FVz\u00e1pissrpen-1.pdf\" target=\"_blank\" rel=\"noopener\">z\u00e1pis.pdf<\/a><\/li>\r\n<\/ul>\r\n<p>\u0158\u00edjen (5.&nbsp;10.)<\/p>\r\n<ul>\r\n\t<li><a href=\"https:\/\/praha7.cz\/wp-content\/uploads\/2017\/09\/2015FVz\u00e1pis\u0159\u00edjen.pdf\" target=\"_blank\" rel=\"noopener\">z\u00e1pis.pdf<\/a><\/li>\r\n<\/ul>\r\n<p>Listopad (2.&nbsp;11.)<\/p>\r\n<ul>\r\n\t<li><a href=\"https:\/\/praha7.cz\/wp-content\/uploads\/2017\/09\/2015FVz\u00e1pislistopad.pdf\" target=\"_blank\" rel=\"noopener\">z\u00e1pis.pdf<\/a><\/li>\r\n<\/ul>\r\n<p>Listopad (30.&nbsp;11.)<\/p>\r\n<ul>\r\n\t<li><a href=\"https:\/\/praha7.cz\/wp-content\/uploads\/2017\/09\/2015FVz\u00e1pislistopad2.pdf\" target=\"_blank\" rel=\"noopener\">z\u00e1pis.pdf<\/a><\/li>\r\n<\/ul>\r\n                <\/div>\r\n            <\/div>\r\n        <\/div>\r\n    ","protected":false},"excerpt":{"rendered":"\u010clenov\u00e9 v\u00fdboru: P\u0159edseda: Ing. Richard Lehmann, M.A. Tajemn\u00edk:\u00a0Ivana Mare\u0161ov\u00e1 \u010clenov\u00e9:\u00a0Ing. Ale\u0161 Navr\u00e1til, Ing.Vojt\u011bch Vl\u010dek, Mgr.Tereza \u0160tysov\u00e1, MUDr.Tom\u00e1\u0161 Ka\u0161tovsk\u00fd &nbsp; P\u0159ehled jedn\u00e1n\u00ed: R\u00e1mcov\u00fd pl\u00e1n Leden (15.&nbsp;1.) pozv\u00e1nka.pdf z\u00e1pis.pdf \u00danor (26.&nbsp;2.) pozv\u00e1nka.pdf z\u00e1pis.pdf Duben (9.&nbsp;4.) pozv\u00e1nka.pdf z\u00e1pis.pdf Kv\u011bten (9.&nbsp;5.) pozv\u00e1nka.pdf z\u00e1pis.pdf \u010cerven (11.&nbsp;6.) pozv\u00e1nka.pdf z\u00e1pis.pdf Srpen (23.8.) od 17:30 v&nbsp;m\u00edstnosti \u010d. 22. &#8211; n\u00e1hradn\u00ed term\u00edn pozv\u00e1nka.pdf z\u00e1pis.pdf [&hellip;]","protected":false},"author":2,"featured_media":0,"parent":21792,"menu_order":0,"comment_status":"closed","ping_status":"closed","template":"","meta":[],"_links":{"self":[{"href":"https:\/\/www.praha7.cz\/api\/wp\/v2\/pages\/5176"}],"collection":[{"href":"https:\/\/www.praha7.cz\/api\/wp\/v2\/pages"}],"about":[{"href":"https:\/\/www.praha7.cz\/api\/wp\/v2\/types\/page"}],"author":[{"embeddable":true,"href":"https:\/\/www.praha7.cz\/api\/wp\/v2\/users\/2"}],"replies":[{"embeddable":true,"href":"https:\/\/www.praha7.cz\/api\/wp\/v2\/comments?post=5176"}],"version-history":[{"count":35,"href":"https:\/\/www.praha7.cz\/api\/wp\/v2\/pages\/5176\/revisions"}],"predecessor-version":[{"id":74033,"href":"https:\/\/www.praha7.cz\/api\/wp\/v2\/pages\/5176\/revisions\/74033"}],"up":[{"embeddable":true,"href":"https:\/\/www.praha7.cz\/api\/wp\/v2\/pages\/21792"}],"wp:attachment":[{"href":"https:\/\/www.praha7.cz\/api\/wp\/v2\/media?parent=5176"}],"curies":[{"name":"wp","href":"https:\/\/api.w.org\/{rel}","templated":true}]}}