    
{"id":5140,"date":"2017-09-04T16:07:14","date_gmt":"2017-09-04T14:07:14","guid":{"rendered":"https:\/\/praha7.cz\/?page_id=5140"},"modified":"2024-02-28T16:35:04","modified_gmt":"2024-02-28T15:35:04","slug":"kontrolni-vybor-zastupitelstva-mc-praha-7","status":"publish","type":"page","link":"https:\/\/www.praha7.cz\/radnice\/voleni-zastupci-mistni-samospravy\/rada-mc-praha-7\/komise-praha-7\/archiv-vyboru-2014-2018\/kontrolni-vybor-zastupitelstva-mc-praha-7\/","title":{"rendered":"V\u00fdbor kontroln\u00ed Zastupitelstva M\u010c Praha&nbsp;7 (2014-2018)"},"content":{"rendered":"<h1>\u010clenov\u00e9 v\u00fdboru:<\/h1>\r\n<p><strong>P\u0159edseda:\u00a0<\/strong>Jan Svoboda<br \/>\r\n<strong>Tajemn\u00edk:\u00a0<\/strong>Bc. Miroslav Simon<br \/>\r\n<strong>\u010clenov\u00e9:\u00a0<\/strong>Ing. Karel \u0160tolc, CSc., Ing. Richard Lehman, M.A., JUDr. Franti\u0161ek M\u00fchlfeit, Petr Kantor<br \/>\r\nKv\u011bta Kraj\u00ed\u010dkov\u00e1,\u00a0<\/p>\r\n<p>&nbsp;<\/p>\r\n<h1>P\u0159ehled zased\u00e1n\u00ed:<\/h1>\r\n        <div class=\"collapse-block\">\r\n            <div class=\"card-header\" role=\"tab\" id=\"headingcf43f17ea0f3fd3df097c39d993d032541277e7b\">\r\n                                    <h3 class=\"mb-0\">\r\n                        <a data-toggle=\"collapse\" href=\"#collapsecf43f17ea0f3fd3df097c39d993d032541277e7b\" aria-controls=\"collapsecf43f17ea0f3fd3df097c39d993d032541277e7b\">\r\n                            Rok 2018                            <i class=\"fa fa-2x fa-angle-down\" aria-hidden=\"true\"><\/i>\r\n                        <\/a>\r\n                    <\/h3>\r\n                                \r\n            <\/div>\r\n\r\n            <div id=\"collapsecf43f17ea0f3fd3df097c39d993d032541277e7b\" class=\"collapse\" data-id=\"cf43f17ea0f3fd3df097c39d993d032541277e7b\" role=\"tabpanel\" aria-labelledby=\"headingcf43f17ea0f3fd3df097c39d993d032541277e7b\">\r\n                <div class=\"card-block\">\r\n    \r\n<ul>\r\n\t<li style=\"text-align: left;\"><a href=\"http:\/\/www.praha7.cz\/files\/=90185\/R%c3%a1mcov%c3%bd_pl%c3%a1n_KV.pdf\">R\u00e1mcov\u00fd pl\u00e1n<\/a><\/li>\r\n<\/ul>\r\n<p>Leden (17.&nbsp;1.)<\/p>\r\n<ul>\r\n\t<li><a href=\"http:\/\/www.praha7.cz\/files\/=89757\/POZV%c3%81NKA_KV1.pdf\">pozv\u00e1nka<\/a><\/li>\r\n\t<li><a href=\"http:\/\/www.praha7.cz\/files\/=89812\/Z%c3%a1pis_KV1_2018.pdf\">z\u00e1pis<\/a><\/li>\r\n<\/ul>\r\n<p>\u00danor (19.&nbsp;2.)<\/p>\r\n<ul>\r\n\t<li><a href=\"http:\/\/www.praha7.cz\/files\/=90379\/POZV%c3%81NKA_KV2.pdf\">pozv\u00e1nka<\/a><\/li>\r\n\t<li><a href=\"https:\/\/www.praha7.cz\/wp-content\/uploads\/2018\/04\/Z\u00e1pis-z-2.-jedn\u00e1n\u00ed-KV-ze-dne-19.-\u00fanora-2018.docx\">z\u00e1pis<\/a><\/li>\r\n<\/ul>\r\n<p>Duben (4.&nbsp;4.)<\/p>\r\n<ul>\r\n\t<li><a href=\"https:\/\/www.praha7.cz\/wp-content\/uploads\/2018\/04\/POZV\u00c1NKA-KV3.pdf\" target=\"_blank\" rel=\"noopener\">pozv\u00e1nka<\/a><\/li>\r\n\t<li><a href=\"https:\/\/www.praha7.cz\/wp-content\/uploads\/2018\/04\/Z\u00e1pis-KV3.pdf\" target=\"_blank\" rel=\"noopener\">z\u00e1pis<\/a><\/li>\r\n<\/ul>\r\n<p>Kv\u011bten (2.&nbsp;5.)<\/p>\r\n<ul>\r\n\t<li><a href=\"https:\/\/www.praha7.cz\/wp-content\/uploads\/2018\/04\/POZV\u00c1NKA-KV-4-2.5.2018.doc\">pozv\u00e1nka<\/a><\/li>\r\n\t<li><a href=\"https:\/\/www.praha7.cz\/wp-content\/uploads\/2018\/05\/Z\u00e1pis-z-4.-jedn\u00e1n\u00ed-KV-ze-dne-2.-kv\u011btna-2018-automaticky-ulo\u017eeno.docx\">z\u00e1pis<\/a><\/li>\r\n<\/ul>\r\n<p>\u010cerven (4.&nbsp;6.)<\/p>\r\n<ul>\r\n\t<li><a href=\"https:\/\/www.praha7.cz\/wp-content\/uploads\/2018\/05\/POZV\u00c1NKA-KV-5-4.6.2018.doc\">pozv\u00e1nka<\/a><\/li>\r\n\t<li><a href=\"https:\/\/www.praha7.cz\/wp-content\/uploads\/2018\/06\/Z\u00e1pis-KV5.pdf\" target=\"_blank\" rel=\"noopener\">z\u00e1pis<\/a><\/li>\r\n<\/ul>\r\n<p>Srpen (20.&nbsp;8.)<\/p>\r\n<ul>\r\n\t<li><a href=\"https:\/\/www.praha7.cz\/wp-content\/uploads\/2018\/08\/POZV\u00c1NKA-KV6_2018.pdf\" target=\"_blank\" rel=\"noopener\">pozv\u00e1nka<\/a><\/li>\r\n\t<li><a href=\"https:\/\/www.praha7.cz\/wp-content\/uploads\/2018\/08\/Z\u00e1pis-KV-6_2018.pdf\" target=\"_blank\" rel=\"noopener\">z\u00e1pis<\/a><\/li>\r\n<\/ul>\r\n                <\/div>\r\n            <\/div>\r\n        <\/div>\r\n    \r\n        <div class=\"collapse-block\">\r\n            <div class=\"card-header\" role=\"tab\" id=\"heading3327a586c956db8e513d1fc38f66790a372f192f\">\r\n                                    <h3 class=\"mb-0\">\r\n                        <a data-toggle=\"collapse\" href=\"#collapse3327a586c956db8e513d1fc38f66790a372f192f\" aria-controls=\"collapse3327a586c956db8e513d1fc38f66790a372f192f\">\r\n                            Rok 2017                            <i class=\"fa fa-2x fa-angle-down\" aria-hidden=\"true\"><\/i>\r\n                        <\/a>\r\n                    <\/h3>\r\n                                \r\n            <\/div>\r\n\r\n            <div id=\"collapse3327a586c956db8e513d1fc38f66790a372f192f\" class=\"collapse\" data-id=\"3327a586c956db8e513d1fc38f66790a372f192f\" role=\"tabpanel\" aria-labelledby=\"heading3327a586c956db8e513d1fc38f66790a372f192f\">\r\n                <div class=\"card-block\">\r\n    \r\n<p>Leden (9.&nbsp;1.)<\/p>\r\n<ul>\r\n\t<li><a href=\"https:\/\/praha7.cz\/wp-content\/uploads\/2017\/09\/POZV\u00c1NKA__KV_1.pdf\" target=\"_blank\" rel=\"noopener\">pozv\u00e1nka<\/a><\/li>\r\n\t<li><a href=\"https:\/\/praha7.cz\/wp-content\/uploads\/2017\/09\/Z\u00e1pis_KV1.pdf\" target=\"_blank\" rel=\"noopener\">z\u00e1pis<\/a><\/li>\r\n<\/ul>\r\n<p>\u00danor (6.&nbsp;2.)<\/p>\r\n<ul>\r\n\t<li><a href=\"https:\/\/praha7.cz\/wp-content\/uploads\/2017\/09\/POZV\u00c1NKA__KV2-1.pdf\" target=\"_blank\" rel=\"noopener\">pozv\u00e1nka<\/a><\/li>\r\n\t<li><a href=\"https:\/\/praha7.cz\/wp-content\/uploads\/2017\/09\/Z\u00e1pis_KV2.pdf\" target=\"_blank\" rel=\"noopener\">z\u00e1pis<\/a><\/li>\r\n<\/ul>\r\n<p>B\u0159ezen (6.&nbsp;3.)<\/p>\r\n<ul>\r\n\t<li><a href=\"https:\/\/praha7.cz\/wp-content\/uploads\/2017\/09\/POZV\u00c1NKA__KV3.pdf\" target=\"_blank\" rel=\"noopener\">pozv\u00e1nka<\/a><\/li>\r\n\t<li><a href=\"https:\/\/praha7.cz\/wp-content\/uploads\/2017\/09\/Z\u00e1pis_KV3.pdf\" target=\"_blank\" rel=\"noopener\">z\u00e1pis<\/a><\/li>\r\n<\/ul>\r\n<p>Duben (10.&nbsp;4.)<\/p>\r\n<ul>\r\n\t<li><a href=\"https:\/\/praha7.cz\/wp-content\/uploads\/2017\/09\/POZV\u00c1NKA__KV_4.pdf\" target=\"_blank\" rel=\"noopener\">pozv\u00e1nka<\/a><\/li>\r\n\t<li><a href=\"https:\/\/praha7.cz\/wp-content\/uploads\/2017\/09\/Z\u00e1pis_KV4-1.pdf\" target=\"_blank\" rel=\"noopener\">z\u00e1pis<\/a><\/li>\r\n<\/ul>\r\n<p>Kv\u011bten (15.&nbsp;5.)<\/p>\r\n<ul>\r\n\t<li><a href=\"https:\/\/praha7.cz\/wp-content\/uploads\/2017\/09\/POZV\u00c1NKA__KV5-1.pdf\" target=\"_blank\" rel=\"noopener\">pozv\u00e1nka<\/a><\/li>\r\n\t<li><a href=\"https:\/\/praha7.cz\/wp-content\/uploads\/2017\/09\/Z\u00e1pis_KV5.pdf\" target=\"_blank\" rel=\"noopener\">z\u00e1pis<\/a><\/li>\r\n<\/ul>\r\n<p>\u010cerven (5.&nbsp;6.)<\/p>\r\n<ul>\r\n\t<li><a href=\"https:\/\/praha7.cz\/wp-content\/uploads\/2017\/09\/POZV\u00c1NKA__KV_6.pdf\" target=\"_blank\" rel=\"noopener\">pozv\u00e1nka<\/a><\/li>\r\n\t<li><a href=\"https:\/\/praha7.cz\/wp-content\/uploads\/2017\/09\/Z\u00e1pis_KV6.pdf\" target=\"_blank\" rel=\"noopener\">z\u00e1pis<\/a><\/li>\r\n<\/ul>\r\n<p>Srpen (23.&nbsp;8.)<\/p>\r\n<ul>\r\n\t<li><a href=\"https:\/\/praha7.cz\/wp-content\/uploads\/2017\/09\/POZV\u00c1NKA_KV_7-1.pdf\" target=\"_blank\" rel=\"noopener\">pozv\u00e1nka<\/a><\/li>\r\n\t<li><a href=\"https:\/\/praha7.cz\/wp-content\/uploads\/2017\/09\/Z\u00e1pis_KV7.pdf\" target=\"_blank\" rel=\"noopener\">z\u00e1pis<\/a><\/li>\r\n<\/ul>\r\n                <\/div>\r\n            <\/div>\r\n        <\/div>\r\n    \r\n        <div class=\"collapse-block\">\r\n            <div class=\"card-header\" role=\"tab\" id=\"headingd6bb375f28c0955fc641fc67550938e87d9ac9a7\">\r\n                                    <h3 class=\"mb-0\">\r\n                        <a data-toggle=\"collapse\" href=\"#collapsed6bb375f28c0955fc641fc67550938e87d9ac9a7\" aria-controls=\"collapsed6bb375f28c0955fc641fc67550938e87d9ac9a7\">\r\n                            Rok 2016                            <i class=\"fa fa-2x fa-angle-down\" aria-hidden=\"true\"><\/i>\r\n                        <\/a>\r\n                    <\/h3>\r\n                                \r\n            <\/div>\r\n\r\n            <div id=\"collapsed6bb375f28c0955fc641fc67550938e87d9ac9a7\" class=\"collapse\" data-id=\"d6bb375f28c0955fc641fc67550938e87d9ac9a7\" role=\"tabpanel\" aria-labelledby=\"headingd6bb375f28c0955fc641fc67550938e87d9ac9a7\">\r\n                <div class=\"card-block\">\r\n    \r\n<p>\u0158\u00edjen (31.&nbsp;10.)<\/p>\r\n<ul>\r\n\t<li><a href=\"https:\/\/praha7.cz\/wp-content\/uploads\/2017\/09\/Z\u00e1pis_KV9.pdf\" target=\"_blank\" rel=\"noopener\">z\u00e1pis<\/a><\/li>\r\n<\/ul>\r\n<p>Listopad (28.&nbsp;11.)<\/p>\r\n<ul>\r\n\t<li><a href=\"https:\/\/praha7.cz\/wp-content\/uploads\/2017\/09\/POZV\u00c1NKA_KV10.pdf\" target=\"_blank\" rel=\"noopener\">pozv\u00e1nka<\/a><\/li>\r\n\t<li><a href=\"https:\/\/praha7.cz\/wp-content\/uploads\/2017\/09\/Z\u00e1pis_KV10.pdf\" target=\"_blank\" rel=\"noopener\">z\u00e1pis<\/a><\/li>\r\n<\/ul>\r\n<p>Prosinec (7.&nbsp;12.)<\/p>\r\n<ul>\r\n\t<li><a href=\"https:\/\/praha7.cz\/wp-content\/uploads\/2017\/09\/POZV\u00c1NKA_KV11.pdf\" target=\"_blank\" rel=\"noopener\">pozv\u00e1nka<\/a><\/li>\r\n\t<li><a href=\"https:\/\/praha7.cz\/wp-content\/uploads\/2017\/09\/Z\u00e1pis_KV11.pdf\" target=\"_blank\" rel=\"noopener\">z\u00e1pis<\/a><\/li>\r\n<\/ul>\r\n                <\/div>\r\n            <\/div>\r\n        <\/div>\r\n    ","protected":false},"excerpt":{"rendered":"\u010clenov\u00e9 v\u00fdboru: P\u0159edseda:\u00a0Jan Svoboda Tajemn\u00edk:\u00a0Bc. Miroslav Simon \u010clenov\u00e9:\u00a0Ing. Karel \u0160tolc, CSc., Ing. Richard Lehman, M.A., JUDr. Franti\u0161ek M\u00fchlfeit, Petr Kantor Kv\u011bta Kraj\u00ed\u010dkov\u00e1,\u00a0 &nbsp; P\u0159ehled zased\u00e1n\u00ed: R\u00e1mcov\u00fd pl\u00e1n Leden (17.&nbsp;1.) pozv\u00e1nka z\u00e1pis \u00danor (19.&nbsp;2.) pozv\u00e1nka z\u00e1pis Duben (4.&nbsp;4.) pozv\u00e1nka z\u00e1pis Kv\u011bten (2.&nbsp;5.) pozv\u00e1nka z\u00e1pis \u010cerven (4.&nbsp;6.) pozv\u00e1nka z\u00e1pis Srpen (20.&nbsp;8.) pozv\u00e1nka z\u00e1pis Leden (9.&nbsp;1.) pozv\u00e1nka z\u00e1pis [&hellip;]","protected":false},"author":2,"featured_media":0,"parent":21792,"menu_order":0,"comment_status":"closed","ping_status":"closed","template":"","meta":[],"_links":{"self":[{"href":"https:\/\/www.praha7.cz\/api\/wp\/v2\/pages\/5140"}],"collection":[{"href":"https:\/\/www.praha7.cz\/api\/wp\/v2\/pages"}],"about":[{"href":"https:\/\/www.praha7.cz\/api\/wp\/v2\/types\/page"}],"author":[{"embeddable":true,"href":"https:\/\/www.praha7.cz\/api\/wp\/v2\/users\/2"}],"replies":[{"embeddable":true,"href":"https:\/\/www.praha7.cz\/api\/wp\/v2\/comments?post=5140"}],"version-history":[{"count":30,"href":"https:\/\/www.praha7.cz\/api\/wp\/v2\/pages\/5140\/revisions"}],"predecessor-version":[{"id":74032,"href":"https:\/\/www.praha7.cz\/api\/wp\/v2\/pages\/5140\/revisions\/74032"}],"up":[{"embeddable":true,"href":"https:\/\/www.praha7.cz\/api\/wp\/v2\/pages\/21792"}],"wp:attachment":[{"href":"https:\/\/www.praha7.cz\/api\/wp\/v2\/media?parent=5140"}],"curies":[{"name":"wp","href":"https:\/\/api.w.org\/{rel}","templated":true}]}}