    
{"id":50284,"date":"2021-08-17T08:44:58","date_gmt":"2021-08-17T06:44:58","guid":{"rendered":"https:\/\/www.praha7.cz\/?page_id=50284"},"modified":"2023-11-16T12:20:13","modified_gmt":"2023-11-16T11:20:13","slug":"chodnik-neni-parkoviste","status":"publish","type":"page","link":"https:\/\/www.praha7.cz\/potrebuji-zaridit\/doprava\/chodnik-neni-parkoviste\/","title":{"rendered":"Chodn\u00edk nen\u00ed parkovi\u0161t\u011b"},"content":{"rendered":"<p>[perex]<\/p>\r\n<p>M\u010c Praha&nbsp;7 se systematicky sna\u017e\u00ed o&nbsp;zvy\u0161ov\u00e1n\u00ed komfortu a&nbsp;bezpe\u010dnosti chodc\u016f v&nbsp;ulic\u00edch. Doch\u00e1z\u00ed ke zkracov\u00e1n\u00ed p\u0159echod\u016f, instalaci zpomalovac\u00edch prvk\u016f na silnic\u00edch a&nbsp;rychlost proj\u00ed\u017ed\u011bj\u00edc\u00edch vozidel se poda\u0159ilo sn\u00ed\u017eit d\u00edky <a href=\"https:\/\/www.praha7.cz\/zony-30-v-praze-7-funguji-mnozstvi-nehod-se-zranenymi-chodci-vyrazne-klesla\/\" target=\"_blank\" rel=\"noopener\">Z\u00f3n\u00e1m 30<\/a>. Sedmi\u010dka nicm\u00e9n\u011b dlouhodob\u011b trp\u00ed rizikov\u00fdm jedn\u00e1n\u00edm \u0159idi\u010d\u016f osobn\u00edch i&nbsp;firemn\u00edch automobil\u016f, tj. parkov\u00e1n\u00ed na n\u00e1ro\u017e\u00edch, p\u0159echodech a&nbsp;chodn\u00edc\u00edch. To ohro\u017euje bezpe\u010dnost\u00a0p\u0159ev\u00e1\u017en\u011b d\u011bt\u00ed, senior\u016f, rodi\u010d\u016f s&nbsp;ko\u010d\u00e1rky a&nbsp;osob se sn\u00ed\u017eenou pohyblivost\u00ed. Nevhodn\u011b zaparkovan\u00e9 vozidlo jim br\u00e1n\u00ed rozhledu do k\u0159i\u017eovatky, p\u0159\u00edp. jsou nuceni vstoupit do vozovky, aby mohli pokra\u010dovat v&nbsp;cest\u011b. Z&nbsp;t\u011bchto d\u016fvod\u016f doch\u00e1z\u00ed k\u00a0zabezpe\u010dov\u00e1n\u00ed chodn\u00edk\u016f proti neopr\u00e1vn\u011bn\u00e9mu vj\u00ed\u017ed\u011bn\u00ed a\u00a0parkov\u00e1n\u00ed vozidel. Z\u00e1rove\u0148 se m\u011bstsk\u00e1 \u010d\u00e1st zam\u011b\u0159uje na dopl\u0148ov\u00e1n\u00ed rychloobr\u00e1tkov\u00fdch parkovac\u00edch m\u00edst pro zaji\u0161t\u011bn\u00ed obsluhy okoln\u00edch dom\u016f a\u00a0z\u00e1sobov\u00e1n\u00ed m\u00edstn\u00edch podnik\u016f.\u00a0<\/p>\r\n<p>[\/perex]<\/p>\r\n<p><img loading=\"lazy\" src=\"https:\/\/www.praha7.cz\/wp-content\/uploads\/2021\/08\/chodnikneniparkoviste4-1500x844.jpg\" alt=\"\" width=\"640\" height=\"360\" class=\"alignnone wp-image-50295 size-large\" srcset=\"https:\/\/www.praha7.cz\/wp-content\/uploads\/2021\/08\/chodnikneniparkoviste4-1500x844.jpg 1500w, https:\/\/www.praha7.cz\/wp-content\/uploads\/2021\/08\/chodnikneniparkoviste4-600x338.jpg 600w, https:\/\/www.praha7.cz\/wp-content\/uploads\/2021\/08\/chodnikneniparkoviste4-768x432.jpg 768w\" sizes=\"(max-width: 640px) 100vw, 640px\" \/><\/p>\r\n<h3><\/h3>\r\n<p>&nbsp;<\/p>\r\n<h3>Pro\u010d\u00a0je d\u016fle\u017eit\u00e9 zaji\u0161t\u011bn\u00ed chodn\u00edk\u016f proti nedovolen\u00e9mu parkov\u00e1n\u00ed?<\/h3>\r\n<ul>\r\n\t<li>Opat\u0159en\u00ed zabra\u0148uj\u00ed neopr\u00e1vn\u011bn\u00e9mu a&nbsp;bezohledn\u00e9mu parkov\u00e1n\u00ed vozidel na chodn\u00edc\u00edch a&nbsp;n\u00e1ro\u017e\u00edch, kde dlouhodob\u011b doch\u00e1z\u00ed k&nbsp;naj\u00ed\u017ed\u011bn\u00ed a&nbsp;odstavov\u00e1n\u00ed n\u00e1kladn\u00edch a&nbsp;dod\u00e1vkov\u00fdch vozidel.<\/li>\r\n\t<li>Vozidla p\u0159ek\u00e1\u017eej\u00ed chodc\u016fm v&nbsp;pohybu i&nbsp;rozhledu &#8211; a&nbsp;ohro\u017euj\u00ed tak jejich bezpe\u010dnost &#8211; zejm\u00e9na d\u011bt\u00ed, senior\u016f \u010di rodi\u010d\u016f s&nbsp;ko\u010d\u00e1rky.<\/li>\r\n\t<li>\u00da\u010dinn\u011b omezuje rizikov\u00e9 neleg\u00e1ln\u00ed st\u00e1n\u00ed vozidel jednotlivc\u016f i&nbsp;firem, a\u0165 u\u017e se jedn\u00e1 o&nbsp;jejich nahodil\u00e9 \u010di systematick\u00e9 jedn\u00e1n\u00ed.<\/li>\r\n\t<li>T\u011b\u017ek\u00e1 vozidla nav\u00edc chodn\u00edky v\u00fdrazn\u011b po\u0161kozuj\u00ed, d\u011blaj\u00ed se na nich v\u00fdtluky, strh\u00e1vaj\u00ed obrubn\u00edky, ni\u010d\u00ed zna\u010dky apod. \u00a0<\/li>\r\n<\/ul>\r\n<p><a href=\"https:\/\/www.praha7.cz\/wp-content\/uploads\/2021\/08\/chodnikneniparkoviste2.jpg\" rel=\"noopener\"><img loading=\"lazy\" src=\"https:\/\/www.praha7.cz\/wp-content\/uploads\/2021\/08\/chodnikneniparkoviste2-200x200.jpg\" alt=\"\" width=\"200\" height=\"200\" class=\"alignnone wp-image-50293 size-thumbnail\" \/><\/a><a href=\"https:\/\/www.praha7.cz\/wp-content\/uploads\/2021\/08\/chodnikneniparkoviste3.jpg\" rel=\"noopener\"><img loading=\"lazy\" src=\"https:\/\/www.praha7.cz\/wp-content\/uploads\/2021\/08\/chodnikneniparkoviste3-200x200.jpg\" alt=\"\" width=\"200\" height=\"200\" class=\"alignnone wp-image-50294 size-thumbnail\" \/><\/a><a href=\"https:\/\/www.praha7.cz\/wp-content\/uploads\/2021\/08\/chodnikneniparkoviste1.jpg\"><img loading=\"lazy\" src=\"https:\/\/www.praha7.cz\/wp-content\/uploads\/2021\/08\/chodnikneniparkoviste1-200x200.jpg\" alt=\"\" width=\"200\" height=\"200\" class=\"alignnone size-thumbnail wp-image-50290\" \/><\/a><a href=\"https:\/\/www.praha7.cz\/wp-content\/uploads\/2021\/08\/chodnikneniparkoviste3.jpg\" target=\"_blank\" rel=\"noopener\"><\/a><a href=\"https:\/\/www.praha7.cz\/wp-content\/uploads\/2021\/08\/P7_Veverkova_Hermanova_20190215_125439.jpg\"><img loading=\"lazy\" src=\"https:\/\/www.praha7.cz\/wp-content\/uploads\/2021\/08\/P7_Veverkova_Hermanova_20190215_125439-200x200.jpg\" alt=\"\" width=\"200\" height=\"200\" class=\"alignnone size-thumbnail wp-image-50344\" \/><\/a><a href=\"https:\/\/www.praha7.cz\/wp-content\/uploads\/2021\/08\/P7_Veverkova_Hermanova_20201016_145303.jpg\"><img loading=\"lazy\" src=\"https:\/\/www.praha7.cz\/wp-content\/uploads\/2021\/08\/P7_Veverkova_Hermanova_20201016_145303-200x200.jpg\" alt=\"\" width=\"200\" height=\"200\" class=\"alignnone size-thumbnail wp-image-50345\" \/><\/a><a href=\"https:\/\/www.praha7.cz\/wp-content\/uploads\/2021\/08\/P7_Veverkova_Pplk-Sochora_20200217_082603.jpg\"><img loading=\"lazy\" src=\"https:\/\/www.praha7.cz\/wp-content\/uploads\/2021\/08\/P7_Veverkova_Pplk-Sochora_20200217_082603-200x200.jpg\" alt=\"\" width=\"200\" height=\"200\" class=\"alignnone size-thumbnail wp-image-50346\" \/><\/a>\u00a0 \u00a0<a href=\"https:\/\/www.praha7.cz\/wp-content\/uploads\/2021\/08\/P7_Veverkova_Pplk-Sochora_20201120_093907.jpg\"><img loading=\"lazy\" src=\"https:\/\/www.praha7.cz\/wp-content\/uploads\/2021\/08\/P7_Veverkova_Pplk-Sochora_20201120_093907-200x200.jpg\" alt=\"\" width=\"200\" height=\"200\" class=\"alignnone size-thumbnail wp-image-50347\" \/><\/a><a href=\"https:\/\/www.praha7.cz\/wp-content\/uploads\/2021\/08\/P7_Veverkova_Hermanova_20181012_104621.jpg\"><img loading=\"lazy\" src=\"https:\/\/www.praha7.cz\/wp-content\/uploads\/2021\/08\/P7_Veverkova_Hermanova_20181012_104621-200x200.jpg\" alt=\"\" width=\"200\" height=\"200\" class=\"alignnone size-thumbnail wp-image-50349\" \/><\/a><a href=\"https:\/\/www.praha7.cz\/wp-content\/uploads\/2021\/08\/P7_Veverkova_Pplk-Sochora_20181112_112253.jpg\"><img loading=\"lazy\" src=\"https:\/\/www.praha7.cz\/wp-content\/uploads\/2021\/08\/P7_Veverkova_Pplk-Sochora_20181112_112253-200x200.jpg\" alt=\"\" width=\"200\" height=\"200\" class=\"alignnone size-thumbnail wp-image-50350\" \/><\/a><a href=\"https:\/\/www.praha7.cz\/wp-content\/uploads\/2021\/08\/P7_Veverkova_Hermanova_20181012_104621.jpg\"><\/a><\/p>\r\n<h3><\/h3>\r\n<p>&nbsp;<\/p>\r\n<h3>Zaji\u0161t\u011bn\u00ed chodn\u00edk\u016f proti neopr\u00e1vn\u011bn\u00e9mu parkov\u00e1n\u00ed<\/h3>\r\n<p>&nbsp;<\/p>\r\n<p>V roce 2023 prob\u00edh\u00e1 na \u00fazem\u00ed Prahy&nbsp;7 zabezpe\u010den\u00ed dal\u0161\u00edch chodn\u00edk\u016f proti neopr\u00e1vn\u011bn\u00e9mu vj\u00ed\u017ed\u011bn\u00ed a&nbsp;parkov\u00e1n\u00ed vozidel. V\u00edce informac\u00ed <a href=\"https:\/\/www.praha7.cz\/v-praze-7-pokracuje-zabezpeceni-chodniku\/\">zde<\/a>.\u00a0<\/p>\r\n<p><img loading=\"lazy\" src=\"https:\/\/www.praha7.cz\/wp-content\/uploads\/2023\/05\/sloupky-osadni-x-tovarni-1500x1000.jpg\" alt=\"\" width=\"640\" height=\"427\" class=\"alignnone wp-image-67138 size-large\" srcset=\"https:\/\/www.praha7.cz\/wp-content\/uploads\/2023\/05\/sloupky-osadni-x-tovarni-1500x1000.jpg 1500w, https:\/\/www.praha7.cz\/wp-content\/uploads\/2023\/05\/sloupky-osadni-x-tovarni-600x400.jpg 600w, https:\/\/www.praha7.cz\/wp-content\/uploads\/2023\/05\/sloupky-osadni-x-tovarni-768x512.jpg 768w, https:\/\/www.praha7.cz\/wp-content\/uploads\/2023\/05\/sloupky-osadni-x-tovarni-1536x1024.jpg 1536w, https:\/\/www.praha7.cz\/wp-content\/uploads\/2023\/05\/sloupky-osadni-x-tovarni-2048x1365.jpg 2048w\" sizes=\"(max-width: 640px) 100vw, 640px\" \/><\/p>\r\n<p>&nbsp;<\/p>\r\n<p>Zv\u00fd\u0161en\u00ed bezpe\u010dnosti chodn\u00edk\u016f a&nbsp;k\u0159i\u017eovatek prob\u00edh\u00e1 na ja\u0159e 2023 v&nbsp;ulic\u00edch Veletr\u017en\u00ed a&nbsp;Bubensk\u00e1, z\u00e1rove\u0148 zde vzniknou nov\u00e1 rychloobr\u00e1tkov\u00e1 parkovac\u00ed m\u00edsta. V\u00edce informac\u00ed <a href=\"https:\/\/www.praha7.cz\/upravy-v-ulicich-veletrzni-a-bubenska\/\">zde<\/a>.\u00a0<\/p>\r\n<p><img loading=\"lazy\" src=\"https:\/\/www.praha7.cz\/wp-content\/uploads\/2023\/05\/veletrzni-bubenska-533x400.png\" alt=\"\" width=\"533\" height=\"400\" class=\"alignnone wp-image-66696 size-medium\" srcset=\"https:\/\/www.praha7.cz\/wp-content\/uploads\/2023\/05\/veletrzni-bubenska-533x400.png 533w, https:\/\/www.praha7.cz\/wp-content\/uploads\/2023\/05\/veletrzni-bubenska-768x576.png 768w, https:\/\/www.praha7.cz\/wp-content\/uploads\/2023\/05\/veletrzni-bubenska.png 896w\" sizes=\"(max-width: 533px) 100vw, 533px\" \/><\/p>\r\n<p>&nbsp;<\/p>\r\n<p>Nov\u00e9 antiparkovac\u00ed sloupky byly na ja\u0159e 2021 nainstalov\u00e1ny v\u00a0ul. Veletr\u017en\u00ed, na Letensk\u00e9m n\u00e1m\u011bst\u00ed a&nbsp;vybran\u00fdch n\u00e1ro\u017e\u00edch ulice Komunard\u016f. V\u00edce informac\u00ed <a href=\"https:\/\/www.praha7.cz\/zajisteni-chodniku-proti-nedovolenemu-parkovani-vozidel\/\" target=\"_blank\" rel=\"noopener\">zde<\/a>.<\/p>\r\n<p><img loading=\"lazy\" src=\"https:\/\/www.praha7.cz\/wp-content\/uploads\/2021\/05\/antiparkovac\u00ed-sloupky.jpg\" alt=\"\" width=\"1382\" height=\"1037\" class=\"alignnone wp-image-48345 size-full\" srcset=\"https:\/\/www.praha7.cz\/wp-content\/uploads\/2021\/05\/antiparkovac\u00ed-sloupky.jpg 1382w, https:\/\/www.praha7.cz\/wp-content\/uploads\/2021\/05\/antiparkovac\u00ed-sloupky-533x400.jpg 533w, https:\/\/www.praha7.cz\/wp-content\/uploads\/2021\/05\/antiparkovac\u00ed-sloupky-768x576.jpg 768w, https:\/\/www.praha7.cz\/wp-content\/uploads\/2021\/05\/antiparkovac\u00ed-sloupky-1333x1000.jpg 1333w\" sizes=\"(max-width: 1382px) 100vw, 1382px\" \/><\/p>\r\n<p>&nbsp;<\/p>\r\n<p>&nbsp;<\/p>\r\n<p>V roce 2020 byl antiparkovac\u00edmi sloupky opat\u0159en tak\u00e9 p\u0159echod na k\u0159i\u017eovatce ulic Kosteln\u00ed a&nbsp;Kamenick\u00e1<\/p>\r\n<p><img loading=\"lazy\" src=\"https:\/\/www.praha7.cz\/wp-content\/uploads\/2021\/08\/kosteln\u00ed-x-kamenick\u00e1-1333x1000.jpg\" alt=\"\" width=\"640\" height=\"480\" class=\"alignnone size-large wp-image-50341\" srcset=\"https:\/\/www.praha7.cz\/wp-content\/uploads\/2021\/08\/kosteln\u00ed-x-kamenick\u00e1-1333x1000.jpg 1333w, https:\/\/www.praha7.cz\/wp-content\/uploads\/2021\/08\/kosteln\u00ed-x-kamenick\u00e1-533x400.jpg 533w, https:\/\/www.praha7.cz\/wp-content\/uploads\/2021\/08\/kosteln\u00ed-x-kamenick\u00e1-768x576.jpg 768w, https:\/\/www.praha7.cz\/wp-content\/uploads\/2021\/08\/kosteln\u00ed-x-kamenick\u00e1.jpg 1599w\" sizes=\"(max-width: 640px) 100vw, 640px\" \/><\/p>\r\n<p>&nbsp;<\/p>\r\n<p>&nbsp;<\/p>\r\n<p>Dal\u0161\u00ed opat\u0159en\u00ed proti rizikov\u00e9mu parkov\u00e1n\u00ed vozidel jsou realizov\u00e1na na k\u0159i\u017eovatk\u00e1ch ul. Veverkova a&nbsp;pplk. Sochora a&nbsp;Veverkova a&nbsp;He\u0159manova. V\u00edce informac\u00ed <a href=\"https:\/\/www.praha7.cz\/praha-7-pokracuje-v-zabezpecovani-chodniku-a-prechodu-proti-rizikovemu-parkovani-vozidel\/\">zde<\/a>.<\/p>\r\n<p><img loading=\"lazy\" src=\"https:\/\/www.praha7.cz\/wp-content\/uploads\/2021\/08\/Veverkova-x-pplk.-Sochora.jpg\" alt=\"\" width=\"816\" height=\"612\" class=\"alignnone size-full wp-image-50337\" srcset=\"https:\/\/www.praha7.cz\/wp-content\/uploads\/2021\/08\/Veverkova-x-pplk.-Sochora.jpg 816w, https:\/\/www.praha7.cz\/wp-content\/uploads\/2021\/08\/Veverkova-x-pplk.-Sochora-533x400.jpg 533w, https:\/\/www.praha7.cz\/wp-content\/uploads\/2021\/08\/Veverkova-x-pplk.-Sochora-768x576.jpg 768w\" sizes=\"(max-width: 816px) 100vw, 816px\" \/><\/p>\r\n<p><a href=\"https:\/\/www.praha7.cz\/wp-content\/uploads\/2021\/08\/P7_Veverkova-Hermanova_2021.pdf\" target=\"_blank\" rel=\"noopener\">K\u0159i\u017eovatka Veverkova &#8211; He\u0159manova foto<\/a><br \/>\r\n<a href=\"https:\/\/www.praha7.cz\/wp-content\/uploads\/2021\/08\/P7_Veverkova-Pplk-Sochora_2021.pdf\" target=\"_blank\" rel=\"noopener\">K\u0159i\u017eovatka Veverkova &#8211; Pplk. Sochora foto<\/a><\/p>","protected":false},"excerpt":{"rendered":"[perex] M\u010c Praha&nbsp;7 se systematicky sna\u017e\u00ed o&nbsp;zvy\u0161ov\u00e1n\u00ed komfortu a&nbsp;bezpe\u010dnosti chodc\u016f v&nbsp;ulic\u00edch. Doch\u00e1z\u00ed ke zkracov\u00e1n\u00ed p\u0159echod\u016f, instalaci zpomalovac\u00edch prvk\u016f na silnic\u00edch a&nbsp;rychlost proj\u00ed\u017ed\u011bj\u00edc\u00edch vozidel se poda\u0159ilo sn\u00ed\u017eit d\u00edky Z\u00f3n\u00e1m 30. Sedmi\u010dka nicm\u00e9n\u011b dlouhodob\u011b trp\u00ed rizikov\u00fdm jedn\u00e1n\u00edm \u0159idi\u010d\u016f osobn\u00edch i&nbsp;firemn\u00edch automobil\u016f, tj. parkov\u00e1n\u00ed na n\u00e1ro\u017e\u00edch, p\u0159echodech a&nbsp;chodn\u00edc\u00edch. To ohro\u017euje bezpe\u010dnost\u00a0p\u0159ev\u00e1\u017en\u011b d\u011bt\u00ed, senior\u016f, rodi\u010d\u016f s&nbsp;ko\u010d\u00e1rky a&nbsp;osob se sn\u00ed\u017eenou [&hellip;]","protected":false},"author":97,"featured_media":0,"parent":1221,"menu_order":0,"comment_status":"closed","ping_status":"closed","template":"","meta":[],"_links":{"self":[{"href":"https:\/\/www.praha7.cz\/api\/wp\/v2\/pages\/50284"}],"collection":[{"href":"https:\/\/www.praha7.cz\/api\/wp\/v2\/pages"}],"about":[{"href":"https:\/\/www.praha7.cz\/api\/wp\/v2\/types\/page"}],"author":[{"embeddable":true,"href":"https:\/\/www.praha7.cz\/api\/wp\/v2\/users\/97"}],"replies":[{"embeddable":true,"href":"https:\/\/www.praha7.cz\/api\/wp\/v2\/comments?post=50284"}],"version-history":[{"count":24,"href":"https:\/\/www.praha7.cz\/api\/wp\/v2\/pages\/50284\/revisions"}],"predecessor-version":[{"id":67159,"href":"https:\/\/www.praha7.cz\/api\/wp\/v2\/pages\/50284\/revisions\/67159"}],"up":[{"embeddable":true,"href":"https:\/\/www.praha7.cz\/api\/wp\/v2\/pages\/1221"}],"wp:attachment":[{"href":"https:\/\/www.praha7.cz\/api\/wp\/v2\/media?parent=50284"}],"curies":[{"name":"wp","href":"https:\/\/api.w.org\/{rel}","templated":true}]}}