    
{"id":48420,"date":"2021-05-26T14:13:13","date_gmt":"2021-05-26T12:13:13","guid":{"rendered":"https:\/\/www.praha7.cz\/?page_id=48420"},"modified":"2026-03-23T10:47:16","modified_gmt":"2026-03-23T09:47:16","slug":"letni-scena-na-strossu","status":"publish","type":"page","link":"https:\/\/www.praha7.cz\/temata\/art-district-7\/letni-scena-na-strossu\/","title":{"rendered":"Letn\u00ed sc\u00e9na na Strossu"},"content":{"rendered":"<p>[perex]<\/p>\r\n<p>I v&nbsp;leto\u0161n\u00edm roce se m\u016f\u017eete t\u011b\u0161it na p\u0159ehl\u00eddku loutkov\u00e9ho divadla pro nejmen\u0161\u00ed div\u00e1ky, kter\u00e1 prob\u011bhne za kostelem sv. Anton\u00edna na Strossmayerov\u011b n\u00e1m\u011bst\u00ed. Op\u011bt se bude hr\u00e1t ka\u017edou st\u0159edu v\u00a0pr\u016fb\u011bhu letn\u00edch pr\u00e1zdnin. Za\u010d\u00e1tek programu je v\u017edy v&nbsp;16 hodin. Vstup je voln\u00fd.\u00a0[\/perex]<\/p>\r\n<p><a href=\"https:\/\/www.praha7.cz\/temata\/art-district-7\/letni-scena-na-strossu\/20230731_160835-1\/\" rel=\"attachment wp-att-76875\"><img loading=\"lazy\" src=\"https:\/\/www.praha7.cz\/wp-content\/uploads\/2024\/06\/20230731_160835-1-scaled.jpg\" alt=\"\" width=\"2560\" height=\"1920\" class=\"alignnone wp-image-76875 size-full\" srcset=\"https:\/\/www.praha7.cz\/wp-content\/uploads\/2024\/06\/20230731_160835-1-scaled.jpg 2560w, https:\/\/www.praha7.cz\/wp-content\/uploads\/2024\/06\/20230731_160835-1-533x400.jpg 533w, https:\/\/www.praha7.cz\/wp-content\/uploads\/2024\/06\/20230731_160835-1-1333x1000.jpg 1333w, https:\/\/www.praha7.cz\/wp-content\/uploads\/2024\/06\/20230731_160835-1-768x576.jpg 768w, https:\/\/www.praha7.cz\/wp-content\/uploads\/2024\/06\/20230731_160835-1-1536x1152.jpg 1536w, https:\/\/www.praha7.cz\/wp-content\/uploads\/2024\/06\/20230731_160835-1-2048x1536.jpg 2048w\" sizes=\"(max-width: 2560px) 100vw, 2560px\" \/><\/a><\/p>\r\n<p>&nbsp;<\/p>\r\n        <div class=\"collapse-block\">\r\n            <div class=\"card-header\" role=\"tab\" id=\"headingb1184f12cdba3b4302ec8d02513dd88c575f2ff8\">\r\n                                    <h3 class=\"mb-0\">\r\n                        <a data-toggle=\"collapse\" href=\"#collapseb1184f12cdba3b4302ec8d02513dd88c575f2ff8\" aria-controls=\"collapseb1184f12cdba3b4302ec8d02513dd88c575f2ff8\">\r\n                            Letn\u00ed sc\u00e9na na Strossu 2025                            <i class=\"fa fa-2x fa-angle-down\" aria-hidden=\"true\"><\/i>\r\n                        <\/a>\r\n                    <\/h3>\r\n                                \r\n            <\/div>\r\n\r\n            <div id=\"collapseb1184f12cdba3b4302ec8d02513dd88c575f2ff8\" class=\"collapse\" data-id=\"b1184f12cdba3b4302ec8d02513dd88c575f2ff8\" role=\"tabpanel\" aria-labelledby=\"headingb1184f12cdba3b4302ec8d02513dd88c575f2ff8\">\r\n                <div class=\"card-block\">\r\n    \r\n<p><strong>2.&nbsp;7. <\/strong><br \/>\r\n<strong>Jakub Folvar\u010dn\u00fd: Cirkus Prd\u00edtko <\/strong><br \/>\r\n<strong>45 minut, d\u011btem 4+<\/strong><\/p>\r\n<p>&nbsp;<\/p>\r\n<p>Kdo se boj\u00ed, nesm\u00ed do cirkusu. Proto\u017ee v&nbsp;cirkusu, se \u0159\u00edk\u00e1 jenom \u010dist\u00e1 pravda: Mal\u00ed, velc\u00ed, ale i&nbsp;ti vyhynul\u00ed, v\u0161ichni prd\u011bli. A&nbsp;kdo neprd\u011bl, prasknul. Nevhodn\u00e9 p\u0159edstaven\u00ed, ide\u00e1ln\u00ed pro poklidn\u00e9 rodinn\u00e9 odpoledne. \u201eCirkusov\u00e1 PSHOW\u201c, kter\u00e1 jde za hranice viditeln\u00e9ho a&nbsp;p\u0159edstaviteln\u00e9ho.<\/p>\r\n<p>Z\u00e1bavn\u00e9, vtipn\u00e9 a&nbsp;rozhodn\u011b pou\u010dn\u00e9 p\u0159edstaven\u00ed.<\/p>\r\n<p>Autorsk\u00e1 inscenace herce, re\u017eis\u00e9ra a&nbsp;\u00fasp\u011b\u0161n\u00e9ho slamera Jakuba Folvar\u010dn\u00e9ho vznikla pod t\u00edhou r\u010den\u00ed: \u201eTen, kdo prd\u00ed, je mu l\u00edp\u201c. Div\u00e1ci v&nbsp;n\u011bm za\u017eij\u00ed nev\u00eddan\u00e9 a&nbsp;spat\u0159\u00ed neviditeln\u00e9. Dekontamin\u00e1tor, flatul\u00e1tor, mamut\u2026 v\u0161e v&nbsp;jednom balen\u00ed!<\/p>\r\n<p><a href=\"https:\/\/www.praha7.cz\/temata\/art-district-7\/letni-scena-na-strossu\/01_jakub-folvarcny\/\" rel=\"attachment wp-att-83733\"><img loading=\"lazy\" src=\"https:\/\/www.praha7.cz\/wp-content\/uploads\/2025\/04\/01_Jakub-Folvarcny-600x400.jpg\" alt=\"\" width=\"600\" height=\"400\" class=\"alignnone wp-image-83733 size-medium\" srcset=\"https:\/\/www.praha7.cz\/wp-content\/uploads\/2025\/04\/01_Jakub-Folvarcny-600x400.jpg 600w, https:\/\/www.praha7.cz\/wp-content\/uploads\/2025\/04\/01_Jakub-Folvarcny-1500x1000.jpg 1500w, https:\/\/www.praha7.cz\/wp-content\/uploads\/2025\/04\/01_Jakub-Folvarcny-768x512.jpg 768w, https:\/\/www.praha7.cz\/wp-content\/uploads\/2025\/04\/01_Jakub-Folvarcny-1536x1024.jpg 1536w, https:\/\/www.praha7.cz\/wp-content\/uploads\/2025\/04\/01_Jakub-Folvarcny-2048x1366.jpg 2048w\" sizes=\"(max-width: 600px) 100vw, 600px\" \/><\/a><\/p>\r\n<hr \/>\r\n<p><strong>9.&nbsp;7. <\/strong><br \/>\r\n<strong>KHWOSHCH: Lousk\u00e1\u010dek \u2013 zeleninov\u00fd balet <\/strong><br \/>\r\n<strong>30 minut, d\u011btem 4+<\/strong><\/p>\r\n<p>&nbsp;<\/p>\r\n<p>Za\u017eijte \u010cajkovsk\u00e9ho (i) Lousk\u00e1\u010dka, jak ho nezn\u00e1te! V&nbsp;hlavn\u00edch rol\u00edch se p\u0159edstav\u00ed jedine\u010dn\u00fd \u010desnek, talentovan\u00fd z\u00e1zvor, zku\u0161en\u00fd tane\u010dn\u00ed nestor celer, mlad\u00e1 a&nbsp;nad\u011bjn\u00e1 mrkev a&nbsp;samoz\u0159ejm\u011b i&nbsp;mil\u00e1\u010dek publika patiz\u00f3n!<\/p>\r\n<p>V\u0161ichni v\u00fd\u0161e zm\u00edn\u011bn\u00ed o\u017eij\u00ed pod rukama Dariji Gostevy a&nbsp;Anast\u00e1zie Dobrodinsk\u00e9, absolventek nejstar\u0161\u00ed loutk\u00e1\u0159sk\u00e9 katedry na sv\u011bt\u011b, kter\u00e1 se zam\u011b\u0159uje na pr\u016fzkum samotn\u00e9 podstaty divadla a&nbsp;dehierarchizaci tradi\u010dn\u00edch divadeln\u00edch profes\u00ed. V\u00fdsledkem je unik\u00e1tn\u00ed p\u0159edstaven\u00ed miniaturn\u00edho divadla, kter\u00e9 mal\u00fdm i&nbsp;velk\u00fdm div\u00e1k\u016fm uk\u00e1\u017ee novou dimenzi klasiky a&nbsp;kouzlo netradi\u010dn\u00ed loutka\u0159iny.<\/p>\r\n<p>P\u0159ij\u010fte se pod\u00edvat, jak se zelenina m\u011bn\u00ed v&nbsp;um\u011bn\u00ed a&nbsp;balet v&nbsp;z\u00e1bavu. Za\u017eijete k\u0159ehkost a&nbsp;kr\u00e1su pr\u00e1ce s&nbsp;loutkami, l\u00edbeznou hudbu P. I. \u010cajkovsk\u00e9ho a&nbsp;divadeln\u011b-pohybov\u00e9 p\u0159edstaven\u00ed pln\u00e9 vitam\u00edn\u016f.<\/p>\r\n<p>Daria Gosteva a&nbsp;Anast\u00e1zie Dobrodinsk\u00e1 se potkaly na KALD DAMU. Anast\u00e1zie (\u0158IP, Holky m\u016f\u017eu poprosit) se v\u011bnuje herectv\u00ed a&nbsp;tanci a&nbsp;Daria (Dinopera, Moskva-Da\u010dnoje, T\u011b\u017ek\u00e9 divadlo) sc\u00e9nografii a&nbsp;re\u017eii. Zeleninov\u00fd balet je dal\u0161\u00edm krokem ve zkoum\u00e1n\u00ed tradi\u010dn\u00edch divadeln\u00edch forem a&nbsp;mo\u017enost\u00ed loutkov\u00e9ho divadla, kter\u00fdm se zab\u00fdv\u00e1 Daria, zat\u00edmco Anast\u00e1zie zn\u00e1 jako baletka velmi dob\u0159e v\u0161echna \u010d\u00edsla v&nbsp;Lousk\u00e1\u010dkovi. P\u0159edstaven\u00ed sama tan\u010dila a&nbsp;t\u00edm pe\u010dliv\u011b prozkoumala potenci\u00e1l zeleninov\u00fdch tane\u010dn\u00edk\u016f pro vytvo\u0159en\u00ed unik\u00e1tn\u00ed choreografie. \u200b<\/p>\r\n<p><a href=\"https:\/\/www.praha7.cz\/temata\/art-district-7\/letni-scena-na-strossu\/02_khwoshch\/\" rel=\"attachment wp-att-83734\"><img loading=\"lazy\" src=\"https:\/\/www.praha7.cz\/wp-content\/uploads\/2025\/04\/02_KHWOSHCH-600x396.jpg\" alt=\"\" width=\"600\" height=\"396\" class=\"alignnone wp-image-83734 size-medium\" srcset=\"https:\/\/www.praha7.cz\/wp-content\/uploads\/2025\/04\/02_KHWOSHCH-600x396.jpg 600w, https:\/\/www.praha7.cz\/wp-content\/uploads\/2025\/04\/02_KHWOSHCH-1500x989.jpg 1500w, https:\/\/www.praha7.cz\/wp-content\/uploads\/2025\/04\/02_KHWOSHCH-768x506.jpg 768w, https:\/\/www.praha7.cz\/wp-content\/uploads\/2025\/04\/02_KHWOSHCH-1536x1013.jpg 1536w, https:\/\/www.praha7.cz\/wp-content\/uploads\/2025\/04\/02_KHWOSHCH.jpg 2048w\" sizes=\"(max-width: 600px) 100vw, 600px\" \/><\/a><\/p>\r\n<hr \/>\r\n<p><strong>16.&nbsp;7. <\/strong><br \/>\r\n<strong>Katanari: O\u017eivl\u00fd kabinet\u00a0 <\/strong><br \/>\r\n<strong>30 minut, d\u011btem 4+<\/strong><\/p>\r\n<p>&nbsp;<\/p>\r\n<p><em>Co se odehr\u00e1v\u00e1 na stole podiv\u00ednsk\u00fdch sb\u011bratel\u016f, kdy\u017e zav\u0159ou dve\u0159e?<\/em><\/p>\r\n<p>O\u017eivl\u00fd kabinet je magickou pod\u00edvanou plnou mal\u00fdch loutek a&nbsp;objekt\u016f, kter\u00e9 tou\u017e\u00ed po n\u011b\u010dem v\u00edc, ne\u017e jen po pouh\u00e9m vystaven\u00ed za sklem kabinetu. Dop\u0159ejme jim jejich p\u011bt sekund sl\u00e1vy v\u00a0t\u00e9to kombinaci v\u00fdstavy, promen\u00e1dy a&nbsp;bl\u00e1zniv\u00e9ho kabaretu. Nonverb\u00e1ln\u00ed p\u0159edstaven\u00ed n\u00e1s zve k\u00a0zamy\u0161len\u00ed, co d\u011blaj\u00ed p\u0159edm\u011bty, kdy\u017e se zrovna nikdo ned\u00edv\u00e1. Doprov\u00e1z\u00ed ho r\u016fzn\u00e9 drobn\u00e9 n\u00e1stroje, zvonkohry a&nbsp;hrac\u00ed sk\u0159\u00ed\u0148ky.<\/p>\r\n<p>Koncept a&nbsp;v\u00fdroba, hraje: Katanari<\/p>\r\n<p>Katanari je vizu\u00e1ln\u00ed um\u011blkyn\u011b a&nbsp;performerka p\u016fvodem ze Slovenska. V\u011bnuje se zejm\u00e9na autorsk\u00fdm projekt\u016fm a&nbsp;sc\u00e9nografick\u00e9 spolupr\u00e1ci. Jej\u00ed estetika vych\u00e1z\u00ed z\u00a0pr\u00e1ce s\u00a0objekty a&nbsp;loutkami.<\/p>\r\n<p><a href=\"https:\/\/www.praha7.cz\/temata\/art-district-7\/letni-scena-na-strossu\/03_katanari-6\/\" rel=\"attachment wp-att-83735\"><img loading=\"lazy\" src=\"https:\/\/www.praha7.cz\/wp-content\/uploads\/2025\/04\/03_Katanari-6-600x400.jpg\" alt=\"\" width=\"600\" height=\"400\" class=\"alignnone wp-image-83735 size-medium\" srcset=\"https:\/\/www.praha7.cz\/wp-content\/uploads\/2025\/04\/03_Katanari-6-600x400.jpg 600w, https:\/\/www.praha7.cz\/wp-content\/uploads\/2025\/04\/03_Katanari-6-1500x1000.jpg 1500w, https:\/\/www.praha7.cz\/wp-content\/uploads\/2025\/04\/03_Katanari-6-768x512.jpg 768w, https:\/\/www.praha7.cz\/wp-content\/uploads\/2025\/04\/03_Katanari-6-1536x1024.jpg 1536w, https:\/\/www.praha7.cz\/wp-content\/uploads\/2025\/04\/03_Katanari-6.jpg 2048w\" sizes=\"(max-width: 600px) 100vw, 600px\" \/><\/a><\/p>\r\n<hr \/>\r\n<p><strong>23.&nbsp;7. <\/strong><br \/>\r\n<strong>Divadlo Hed\u00e1rium: Stud\u00e1nka a\u00a0kouzlo lesa <\/strong><br \/>\r\n<strong>40 minut, d\u011btem 3+<\/strong><\/p>\r\n<p>&nbsp;<\/p>\r\n<p>Loutkov\u00e1 poh\u00e1dka pro v\u0161echny, kte\u0159\u00ed se neboj\u00ed do lesa. Dva sourozenci M\u00e1ja a\u00a0Eda maj\u00ed jedin\u00fd \u00fakol \u2013 pohl\u00eddat kocoura tety Jarmily. Co kdy\u017e si v\u0161ak milovan\u00fd mazl\u00ed\u010dek ud\u011bl\u00e1 v\u00fdlet do kouzeln\u00e9ho lesa? A\u00a0porad\u00ed si les s\u00a0t\u00edm, kdy\u017e se objev\u00ed n\u011bkdo, kdo chce m\u00edt v\u0161echno jen pro sebe? Vydejte se na cestu za dobrodru\u017estv\u00edm dvou d\u011bt\u00ed, objevte s\u00a0nimi stud\u00e1nkovou v\u00edlu a\u00a0jin\u00e9 lesn\u00ed bytosti, odhalte s\u00edlu vody i\u00a0strachu a\u00a0odvahy a\u00a0kouzlo, kter\u00e9 by cht\u011bl za\u017e\u00edt ka\u017ed\u00fd!<\/p>\r\n<p>Koncept vymyslela a\u00a0hraje Hedvika \u0158ez\u00e1\u010dov\u00e1, absolventka Katedry alternativn\u00edho a\u00a0loutkov\u00e9ho divadla na pra\u017esk\u00e9 DAMU.<\/p>\r\n<p><a href=\"https:\/\/www.praha7.cz\/temata\/art-district-7\/letni-scena-na-strossu\/04_divadlo-hedarium-1\/\" rel=\"attachment wp-att-83736\"><img loading=\"lazy\" src=\"https:\/\/www.praha7.cz\/wp-content\/uploads\/2025\/04\/04_Divadlo-Hedarium-1-533x400.jpg\" alt=\"\" width=\"533\" height=\"400\" class=\"alignnone wp-image-83736 size-medium\" srcset=\"https:\/\/www.praha7.cz\/wp-content\/uploads\/2025\/04\/04_Divadlo-Hedarium-1-533x400.jpg 533w, https:\/\/www.praha7.cz\/wp-content\/uploads\/2025\/04\/04_Divadlo-Hedarium-1-1333x1000.jpg 1333w, https:\/\/www.praha7.cz\/wp-content\/uploads\/2025\/04\/04_Divadlo-Hedarium-1-768x576.jpg 768w, https:\/\/www.praha7.cz\/wp-content\/uploads\/2025\/04\/04_Divadlo-Hedarium-1-1536x1152.jpg 1536w, https:\/\/www.praha7.cz\/wp-content\/uploads\/2025\/04\/04_Divadlo-Hedarium-1-2048x1536.jpg 2048w\" sizes=\"(max-width: 533px) 100vw, 533px\" \/><\/a><\/p>\r\n<hr \/>\r\n<p><strong>30.&nbsp;7. <\/strong><br \/>\r\n<strong>Kolektiv TMEL: Neboj, Houbo <\/strong><br \/>\r\n<strong>30 minut, d\u011btem 4+<\/strong><\/p>\r\n<p>&nbsp;<\/p>\r\n<p>Les se probouz\u00ed. Houby rostou. Ten, kdo \u017eije v&nbsp;lese, vyr\u00e1\u017e\u00ed skl\u00edzet. Jen jedna mal\u00e1 houba nem\u016f\u017ee vyr\u016fst. Nem\u016f\u017ee, nebo nechce? Pt\u00e1 se ten, kdo ji chce sklidit. Chce, nebo mus\u00ed? Nakonec nikdo nechce podlehnout strachu, ale tak\u00e9 nikdo nechce b\u00fdt s\u00e1m. Ani houba v&nbsp;lese.<\/p>\r\n<p>Vlastn\u00ed poh\u00e1dku hraje Antonie Ra\u0161ilovov\u00e1.<\/p>\r\n<p>Tmel jako soubor, skupina, kolektiv, nebo cokoliv, co dr\u017e\u00ed u&nbsp;sebe, vznikl v&nbsp;pr\u016fb\u011bhu 3.&nbsp;ro\u010dn\u00edku na DAMU (2021), kde spojil studenty z&nbsp;katedry alternativn\u00edho a&nbsp;loutkov\u00e9ho divadla nap\u0159\u00ed\u010d v\u0161emi obory: sc\u00e9nografie Berta Doubkov\u00e1, re\u017eie-dramaturgie Jan Fron\u011bk a&nbsp;Viktor Prokop, herectv\u00ed Antonie Ra\u0161ilovov\u00e1, Jakub M\u00fcller a&nbsp;Nikolas Ferenc.<\/p>\r\n<p><a href=\"https:\/\/www.praha7.cz\/temata\/art-district-7\/letni-scena-na-strossu\/05_kolektiv-tmel\/\" rel=\"attachment wp-att-83737\"><img loading=\"lazy\" src=\"https:\/\/www.praha7.cz\/wp-content\/uploads\/2025\/04\/05_Kolektiv-TMEL-600x400.jpg\" alt=\"\" width=\"600\" height=\"400\" class=\"alignnone wp-image-83737 size-medium\" srcset=\"https:\/\/www.praha7.cz\/wp-content\/uploads\/2025\/04\/05_Kolektiv-TMEL-600x400.jpg 600w, https:\/\/www.praha7.cz\/wp-content\/uploads\/2025\/04\/05_Kolektiv-TMEL-1497x1000.jpg 1497w, https:\/\/www.praha7.cz\/wp-content\/uploads\/2025\/04\/05_Kolektiv-TMEL-768x513.jpg 768w, https:\/\/www.praha7.cz\/wp-content\/uploads\/2025\/04\/05_Kolektiv-TMEL-1536x1026.jpg 1536w, https:\/\/www.praha7.cz\/wp-content\/uploads\/2025\/04\/05_Kolektiv-TMEL.jpg 2048w\" sizes=\"(max-width: 600px) 100vw, 600px\" \/><\/a><\/p>\r\n<hr \/>\r\n<p><strong>6.&nbsp;8. <\/strong><br \/>\r\n<strong>Divadlo b: My\u0161ka a&nbsp;lasi\u010d\u00e1k <\/strong><br \/>\r\n<strong>40 minut, d\u011btem 3+<\/strong><\/p>\r\n<p>&nbsp;<\/p>\r\n<p>P\u0159edstaven\u00ed na motivy knihy Arnolda Lobela My\u0161ka a&nbsp;poh\u00e1dkov\u00e1 pol\u00edvka.<\/p>\r\n<p>Vtipn\u00e1 a&nbsp;chytr\u00e1 p\u0159edloha dala vzniknout komorn\u00edmu p\u0159edstaven\u00ed pro jednoho herce, se sc\u00e9nografi\u00ed a&nbsp;loutkami od uzn\u00e1van\u00e9ho mlad\u00e9ho absolventa katedry sc\u00e9nografie DAMU Jakuba \u0160ul\u00edka.<\/p>\r\n<p>Cel\u00e1 hra je slo\u017eena ze t\u0159\u00ed krati\u010dk\u00fdch poh\u00e1dek&#8230; sp\u00ed\u0161 anekdot, kter\u00e9 si mal\u00e1 my\u0161ka vym\u00fd\u0161l\u00ed, aby p\u0159echytra\u010dila hladov\u00e9ho lasi\u010d\u00e1ka. Ten ji chce sn\u00edzt k&nbsp;sn\u00eddani&#8230;. ale dob\u0159e to dopadne. My\u0161ka je se\u010dt\u011bl\u00e1 a&nbsp;chytr\u00e1 a&nbsp;lasi\u010d\u00e1k&#8230; hladov\u00fd.<\/p>\r\n<p>Sc\u00e9n\u00e1\u0159 a&nbsp;re\u017eii spole\u010dn\u011b provedli Adriana Kubi\u0161tov\u00e1 a&nbsp;Radek Beran, \u00fa\u010dinkuje v\u017edy jeden z&nbsp;nich.<\/p>\r\n<p><a href=\"https:\/\/www.praha7.cz\/temata\/art-district-7\/letni-scena-na-strossu\/06_divadlo-b-1\/\" rel=\"attachment wp-att-83738\"><img loading=\"lazy\" src=\"https:\/\/www.praha7.cz\/wp-content\/uploads\/2025\/04\/06_Divadlo-b-1-533x400.jpg\" alt=\"\" width=\"533\" height=\"400\" class=\"alignnone wp-image-83738 size-medium\" srcset=\"https:\/\/www.praha7.cz\/wp-content\/uploads\/2025\/04\/06_Divadlo-b-1-533x400.jpg 533w, https:\/\/www.praha7.cz\/wp-content\/uploads\/2025\/04\/06_Divadlo-b-1-1333x1000.jpg 1333w, https:\/\/www.praha7.cz\/wp-content\/uploads\/2025\/04\/06_Divadlo-b-1-768x576.jpg 768w, https:\/\/www.praha7.cz\/wp-content\/uploads\/2025\/04\/06_Divadlo-b-1-1536x1152.jpg 1536w, https:\/\/www.praha7.cz\/wp-content\/uploads\/2025\/04\/06_Divadlo-b-1-2048x1536.jpg 2048w\" sizes=\"(max-width: 533px) 100vw, 533px\" \/><\/a><\/p>\r\n<hr \/>\r\n<p><strong>13.&nbsp;8. <\/strong><br \/>\r\n<strong>Divadlo jednoho Edy: Zlatovl\u00e1ska <\/strong><br \/>\r\n<strong>45 minut, d\u011btem 5+<\/strong><\/p>\r\n<p>&nbsp;<\/p>\r\n<p>Byl jeden Ji\u0159\u00edk a&nbsp;ten nem\u011bl nic. A&nbsp;taky byl jeden kr\u00e1l, ten m\u011bl v\u0161echno, a&nbsp;cht\u011bl v\u00edc! A&nbsp;objevil se jeden zlat\u00fd vlas a&nbsp;ten v\u0161echno zamotal.<\/p>\r\n<p>Loutkov\u00fd p\u0159\u00edb\u011bh na motivy klasick\u00e9 \u010desk\u00e9 poh\u00e1dky hraje Miroslava B\u011blohl\u00e1vkov\u00e1, kter\u00e1 je zakladatelkou Divadla jednoho Edy. Absolventka alternativn\u00edho a&nbsp;loutkov\u00e9ho divadla na DAMU v\u00a0sou\u010dasn\u00e9 dob\u011b spolupracuje s\u00a0Naivn\u00edm divadlem Liberec, se studiem Dam\u00faza a&nbsp;hraje sv\u00e1 p\u0159edstaven\u00ed.<\/p>\r\n<p><a href=\"https:\/\/www.praha7.cz\/temata\/art-district-7\/letni-scena-na-strossu\/07_divadlo-jednoho-edy-6\/\" rel=\"attachment wp-att-83739\"><img loading=\"lazy\" src=\"https:\/\/www.praha7.cz\/wp-content\/uploads\/2025\/04\/07_Divadlo-jednoho-Edy-6-516x400.jpg\" alt=\"\" width=\"516\" height=\"400\" class=\"alignnone wp-image-83739 size-medium\" srcset=\"https:\/\/www.praha7.cz\/wp-content\/uploads\/2025\/04\/07_Divadlo-jednoho-Edy-6-516x400.jpg 516w, https:\/\/www.praha7.cz\/wp-content\/uploads\/2025\/04\/07_Divadlo-jednoho-Edy-6-1289x1000.jpg 1289w, https:\/\/www.praha7.cz\/wp-content\/uploads\/2025\/04\/07_Divadlo-jednoho-Edy-6-768x596.jpg 768w, https:\/\/www.praha7.cz\/wp-content\/uploads\/2025\/04\/07_Divadlo-jednoho-Edy-6-1536x1191.jpg 1536w, https:\/\/www.praha7.cz\/wp-content\/uploads\/2025\/04\/07_Divadlo-jednoho-Edy-6-2048x1589.jpg 2048w\" sizes=\"(max-width: 516px) 100vw, 516px\" \/><\/a><\/p>\r\n<hr \/>\r\n<p><strong>20.&nbsp;8. <\/strong><br \/>\r\n<strong>Musa\u0161i Entertainment Company: Loutkov\u00e1 v\u011b\u017e Miniatur<\/strong><br \/>\r\n<strong>40 minut, d\u011btem 3+<br \/>\r\n<br \/>\r\n<span style=\"color: #ff0000;\">S\u00e9rie t\u0159\u00ed loutkov\u00fdch miniatur \u2013 kr\u00e1tk\u00fdch, p\u0159ibli\u017en\u011b desetiminutov\u00fdch s\u00f3lov\u00fdch inscenac\u00ed \u2013 je vhodn\u00e1 pro mal\u00fd po\u010det div\u00e1k\u016f. Proto v\u00e1m je Musa\u0161i Entertainment Company zahraj\u00ed hned t\u0159ikr\u00e1t. P\u0159ij\u00edt do parku na Stross m\u016f\u017eete na uveden\u00ed od 15, 16 nebo 17 hodin.\u00a0<\/span><\/strong><\/p>\r\n<p>T\u0159i loutkov\u00e9 miniatury zalo\u017een\u00e9 na jednoduch\u00e9m p\u0159\u00edb\u011bhu. Ka\u017ed\u00e9 z&nbsp;divadel je vyveden\u00e9 jako mal\u00e1 sk\u0159\u00ed\u0148ka, ze sk\u0159\u00edn\u011bk se d\u00e1 postavit mal\u00e1 v\u011b\u017e a&nbsp;v&nbsp;jej\u00edm horn\u00edm pat\u0159e se odehraje p\u0159edstaven\u00ed. Pot\u00e9 je mo\u017en\u00e9 v\u011b\u017e p\u0159eskl\u00e1dat, um\u00edstit nahoru jinou sk\u0159\u00ed\u0148ku a&nbsp;odehr\u00e1t jin\u00e9 p\u0159edstaven\u00ed. P\u0159ipravili Tereza Havlov\u00e1 a&nbsp;Adam P\u00e1n\u00edk.<\/p>\r\n<p>Musa\u0161i Entertainment Company byla v&nbsp;roce 2023 za kreativn\u00ed o\u017eivov\u00e1n\u00ed loutka\u0159iny, jarmare\u010dn\u00edho divadla a&nbsp;tradi\u010dn\u00edch \u0159emesel ud\u011blena pocta festivalu &#8230;p\u0159\u00ed\u0161t\u00ed vlna\/next wave&#8230; v&nbsp;kategorii Talent roku.<\/p>\r\n<p><em>Jednotliv\u00e9 inscenace loutkov\u00e9 v\u011b\u017ee:<\/em><\/p>\r\n<p><em><strong>Z\u00e1vodn\u00edk v&nbsp;ko\u017eichu<br \/>\r\n<\/strong><\/em>Nonverb\u00e1ln\u00ed loutkov\u00e1 inscenace o&nbsp;lsti a&nbsp;v\u00edt\u011bzstv\u00ed. Ka\u017ed\u00fd odv\u00e1\u017elivec, kter\u00fd se vyd\u00e1 na tra\u0165 z\u00e1vodu Jizersk\u00e1 50, se mus\u00ed m\u00edt v\u017edy na pozoru!<\/p>\r\n<p><em><strong>Funus<br \/>\r\n<\/strong><\/em>Ze z\u00e1hrob\u00ed se zat\u00edm nikdo nevr\u00e1til, aby n\u00e1m \u0159ekl, co n\u00e1s tam \u010dek\u00e1. Je tedy pot\u0159eba \u0159\u00e1dn\u011b se p\u0159ipravit na cokoliv. Poh\u0159eb nen\u00ed radno podce\u0148ovat, abychom toti\u017e v&nbsp;z\u00e1hrob\u00ed ud\u011blali dobr\u00fd prvn\u00ed dojem, mus\u00edme tam p\u0159ijet ve velk\u00e9m stylu \u2013 ide\u00e1ln\u011b t\u0159eba ve zlat\u00e9m sarkof\u00e1gu nebo na l\u00e9taj\u00edc\u00edch san\u00edch ta\u017een\u00fdch supy.<\/p>\r\n<p><em><strong>Na z\u00e1hon\u011b<br \/>\r\n<\/strong><\/em>Ka\u017ed\u00fd zahradn\u00edk m\u00e1 svoje ritu\u00e1ly. N\u011bkter\u00e9 se nau\u010dil od d\u011bdy, jin\u00e9 od maminky a&nbsp;p\u00e1r si jich vyp\u011bstoval on s\u00e1m. V\u011bt\u0161inou je to osobn\u00ed v\u011bc, kterou jen tak n\u011bkomu neuk\u00e1\u017ee, ale pokud budete koukat, kam \u0161lapete, a&nbsp;nebudete bez dovolen\u00ed uj\u00eddat jahody, nech\u00e1 v\u00e1s pan Karel nakouknout pod moty\u010dku sv\u00fdch zahradnick\u00fdch zvyk\u016f.<\/p>\r\n<p><a href=\"https:\/\/www.praha7.cz\/temata\/art-district-7\/letni-scena-na-strossu\/08_musasi-1\/\" rel=\"attachment wp-att-83740\"><img loading=\"lazy\" src=\"https:\/\/www.praha7.cz\/wp-content\/uploads\/2025\/04\/08_Musasi-1-600x400.jpg\" alt=\"\" width=\"600\" height=\"400\" class=\"alignnone wp-image-83740 size-medium\" srcset=\"https:\/\/www.praha7.cz\/wp-content\/uploads\/2025\/04\/08_Musasi-1-600x400.jpg 600w, https:\/\/www.praha7.cz\/wp-content\/uploads\/2025\/04\/08_Musasi-1-768x512.jpg 768w, https:\/\/www.praha7.cz\/wp-content\/uploads\/2025\/04\/08_Musasi-1.jpg 1024w\" sizes=\"(max-width: 600px) 100vw, 600px\" \/><\/a><\/p>\r\n<hr \/>\r\n<p><strong>27.&nbsp;8. <\/strong><br \/>\r\n<strong>Fras: V\u0161echno nejlep\u0161\u00ed <\/strong><br \/>\r\n<strong>60 minut, d\u011btem 6+<\/strong><\/p>\r\n<p>&nbsp;<\/p>\r\n<p><em>Kdyby se n\u011bkdo dnes rozhl\u00e9dnul a&nbsp;m\u011bl by \u0161t\u011bst\u00ed, mo\u017en\u00e1 by uvid\u011bl t\u0159i neuv\u011b\u0159iteln\u011b speci\u00e1ln\u00ed ud\u00e1losti: Kdo dnes slav\u00ed narozeniny? Oslavenc\u016f je hodn\u011b a&nbsp;ka\u017ed\u00e1 oslava si zaslou\u017e\u00ed sv\u016fj osobn\u00ed p\u0159\u00edb\u011bh. Co kdy\u017e zrovna v&nbsp;jeden den na pl\u00e1\u017ei oslavuj\u00ed tuleni, na zahrad\u011b u&nbsp;italsk\u00e9 vily mafi\u00e1nsk\u00e1 dcera a&nbsp;pod zem\u00ed termit\u00ed kr\u00e1lovna? P\u0159ij\u010fte oslavit troje narozeniny a&nbsp;pop\u0159\u00e1t oslavenc\u016fm V\u0161echno nejlep\u0161\u00ed!<\/em><\/p>\r\n<p>V\u0161echno nejlep\u0161\u00ed je oslavou t\u0159ech narozenin. T\u0159i pov\u00eddky, jej\u00ed\u017e p\u0159edlohu vytvo\u0159ili t\u0159i \u010dlenov\u00e9 autorsk\u00e9ho t\u00fdmu. T\u0159i sady odli\u0161n\u00fdch loutek Ka\u017ed\u00e1 pov\u00eddka vyu\u017e\u00edv\u00e1 jin\u00e9 loutky a&nbsp;jin\u00e9 p\u0159\u00edstupy. V\u0161echny ale vyu\u017e\u00edvaj\u00ed stejn\u00e9 materi\u00e1ly. P\u0159ij\u010fte se pod\u00edvat a&nbsp;oslavit narozeniny s&nbsp;n\u00e1mi!<\/p>\r\n<p>Hraj\u00ed Ema Loveck\u00e1, Jakub Jel\u00ednek, Mat\u011bj \u0160umbera a&nbsp;Antonie Ra\u0161ilovov\u00e1. Re\u017eie Johana B\u00e1rtov\u00e1, sc\u00e9nografie Berta Doubkov\u00e1.<\/p>\r\n<p><a href=\"https:\/\/www.praha7.cz\/temata\/art-district-7\/letni-scena-na-strossu\/09_fras\/\" rel=\"attachment wp-att-83741\"><img loading=\"lazy\" src=\"https:\/\/www.praha7.cz\/wp-content\/uploads\/2025\/04\/09_Fras-533x400.jpg\" alt=\"\" width=\"533\" height=\"400\" class=\"alignnone wp-image-83741 size-medium\" srcset=\"https:\/\/www.praha7.cz\/wp-content\/uploads\/2025\/04\/09_Fras-533x400.jpg 533w, https:\/\/www.praha7.cz\/wp-content\/uploads\/2025\/04\/09_Fras-1333x1000.jpg 1333w, https:\/\/www.praha7.cz\/wp-content\/uploads\/2025\/04\/09_Fras-768x576.jpg 768w, https:\/\/www.praha7.cz\/wp-content\/uploads\/2025\/04\/09_Fras-1536x1152.jpg 1536w, https:\/\/www.praha7.cz\/wp-content\/uploads\/2025\/04\/09_Fras.jpg 2000w\" sizes=\"(max-width: 533px) 100vw, 533px\" \/><\/a><\/p>\r\n<p>                <\/div>\r\n            <\/div>\r\n        <\/div>\r\n            <div class=\"collapse-block\">\r\n            <div class=\"card-header\" role=\"tab\" id=\"heading8c9d653ae052516f27c9b7dd8c2a89302e9160f4\">\r\n                                    <h3 class=\"mb-0\">\r\n                        <a data-toggle=\"collapse\" href=\"#collapse8c9d653ae052516f27c9b7dd8c2a89302e9160f4\" aria-controls=\"collapse8c9d653ae052516f27c9b7dd8c2a89302e9160f4\">\r\n                            Letn\u00ed sc\u00e9na na Strossu 2024                            <i class=\"fa fa-2x fa-angle-down\" aria-hidden=\"true\"><\/i>\r\n                        <\/a>\r\n                    <\/h3>\r\n                                \r\n            <\/div>\r\n\r\n            <div id=\"collapse8c9d653ae052516f27c9b7dd8c2a89302e9160f4\" class=\"collapse\" data-id=\"8c9d653ae052516f27c9b7dd8c2a89302e9160f4\" role=\"tabpanel\" aria-labelledby=\"heading8c9d653ae052516f27c9b7dd8c2a89302e9160f4\">\r\n                <div class=\"card-block\">\r\n    <\/p>\r\n<p>Po roce se do parku za kostelem sv. Anton\u00edna na Strossmayerov\u011b n\u00e1m\u011bst\u00ed vrac\u00ed p\u0159ehl\u00eddka loutkov\u00e9ho divadla pro nejmen\u0161\u00ed div\u00e1ky. Ka\u017edou st\u0159edu od 17.&nbsp;\u010dervence do 28.&nbsp;srpna 2024 se zde p\u0159ed zv\u00eddav\u00fdma d\u011btsk\u00fdma o\u010dima odehraj\u00ed dobrodru\u017en\u00e1 i&nbsp;pou\u010dn\u00e1 loutkov\u00e1 p\u0159edstaven\u00ed. Za\u010d\u00e1tek programu je v\u017edy v&nbsp;16 hodin. Vstup je voln\u00fd.<\/p>\r\n<p><strong><a href=\"https:\/\/www.praha7.cz\/temata\/art-district-7\/letni-scena-na-strossu\/dsc_0833\/\" rel=\"attachment wp-att-82869\"><img loading=\"lazy\" src=\"https:\/\/www.praha7.cz\/wp-content\/uploads\/2025\/03\/DSC_0833-267x400.jpg\" alt=\"\" width=\"267\" height=\"400\" class=\"alignnone wp-image-82869 size-medium\" srcset=\"https:\/\/www.praha7.cz\/wp-content\/uploads\/2025\/03\/DSC_0833-267x400.jpg 267w, https:\/\/www.praha7.cz\/wp-content\/uploads\/2025\/03\/DSC_0833-667x1000.jpg 667w, https:\/\/www.praha7.cz\/wp-content\/uploads\/2025\/03\/DSC_0833-768x1152.jpg 768w, https:\/\/www.praha7.cz\/wp-content\/uploads\/2025\/03\/DSC_0833.jpg 1000w\" sizes=\"(max-width: 267px) 100vw, 267px\" \/><\/a><br \/>\r\n<br \/>\r\nst\u0159eda 17.&nbsp;7.<\/strong><\/p>\r\n<p><strong>Krut\u00fd krtek: Romsk\u00e9 poh\u00e1dky<\/strong><br \/>\r\n<strong>45 minut, d\u011btem 4+<\/strong><\/p>\r\n<p>\u010cerven\u00e1 karkulka, \u0160\u00edpkov\u00e1 R\u016f\u017eenka, Bajaja\u2026 kdo by neznal aspo\u0148 jednu \u010deskou poh\u00e1dku. Ale kolik zn\u00e1te poh\u00e1dek romsk\u00fdch? Jsou v&nbsp;mnoh\u00e9m odli\u0161n\u00e9, ale spole\u010dn\u00e9 s\u00a0\u010desk\u00fdmi maj\u00ed dobrodru\u017estv\u00ed, vtip a&nbsp;hlavn\u011b dobr\u00fd konec. Romsk\u00e9 poh\u00e1dky v\u00a0pod\u00e1n\u00ed Krut\u00e9ho krtka kombinuj\u00ed kr\u00e1tk\u00e1 vtipn\u00e1 vypr\u00e1v\u011bn\u00ed \u2013 pherasu\u0148i paramisi a&nbsp;hrdinsk\u00e9 poh\u00e1dky \u2013 viteziko paramisi. Sou\u010d\u00e1st\u00ed divadeln\u00edho p\u0159edstaven\u00ed jsou tak\u00e9 tradi\u010dn\u00ed romsk\u00e9 p\u00edsni\u010dky, hran\u00e9 a&nbsp;zp\u00edvan\u00e9 \u017eiv\u011b. Romsk\u00e9 melodie jsou rytmick\u00e9 a&nbsp;chytlav\u00e9. Kdo chce, m\u016f\u017ee si jednoduch\u00e9 romsk\u00e9 p\u00edsni\u010dky zazp\u00edvat s\u00a0\u00fa\u010dinkuj\u00edc\u00edmi Annou Schmidtmajerovou a&nbsp;Tomsou Legiersk\u00fdm.<\/p>\r\n<p>Co nebo kdo je Krut\u00fd krtek? Jedn\u00e1 se o&nbsp;spole\u010densky u\u017eite\u010dn\u00e9 divadlo, kter\u00e9 v&nbsp;roce 2018 zalo\u017eil Karel Kratochv\u00edl, herec a&nbsp;absolvent Katedry alternativn\u00edho a&nbsp;loutkov\u00e9ho divadla DAMU. Spole\u010denskou u\u017eite\u010dnost spat\u0159uje v&nbsp;um\u011bn\u00ed divadla spojovat. Krut\u00fd krtek chce spojovat lidi s&nbsp;t\u00e9maty, kter\u00e1 sami \u0159e\u0161\u00ed, kter\u00e1 je obklopuj\u00ed a&nbsp;kter\u00e1 se t\u00fdkaj\u00ed jejich p\u0159\u00edtomnosti nebo ned\u00e1vn\u00e9 minulosti.<\/p>\r\n<hr \/>\r\n<p><a href=\"https:\/\/www.praha7.cz\/temata\/art-district-7\/letni-scena-na-strossu\/dsc_0032-2\/\" rel=\"attachment wp-att-82870\"><img loading=\"lazy\" src=\"https:\/\/www.praha7.cz\/wp-content\/uploads\/2025\/03\/DSC_0032-600x400.jpg\" alt=\"\" width=\"600\" height=\"400\" class=\"alignnone wp-image-82870 size-medium\" srcset=\"https:\/\/www.praha7.cz\/wp-content\/uploads\/2025\/03\/DSC_0032-600x400.jpg 600w, https:\/\/www.praha7.cz\/wp-content\/uploads\/2025\/03\/DSC_0032.jpg 1500w, https:\/\/www.praha7.cz\/wp-content\/uploads\/2025\/03\/DSC_0032-768x512.jpg 768w\" sizes=\"(max-width: 600px) 100vw, 600px\" \/><\/a><\/p>\r\n<p><strong>st\u0159eda 24.&nbsp;7.<\/strong><\/p>\r\n<p><strong>Jakub Folvar\u010dn\u00fd: Vlk a&nbsp;Hlad<\/strong><br \/>\r\n<strong>45 minut, d\u011btem 3+<\/strong><\/p>\r\n<p>Origin\u00e1ln\u00ed poh\u00e1dku prov\u011b\u0159enou mnoha (nejen) tuzemsk\u00fdmi repr\u00edzami uvede performer, scen\u00e1rista, re\u017eis\u00e9r a&nbsp;vedouc\u00ed divadeln\u00edho spolku \u00dastav \u00fa\u017easu Jakub Folvar\u010dn\u00fd.\u00a0<\/p>\r\n<p>D\u011bti i&nbsp;jejich rodi\u010de pobav\u00ed komorn\u00ed, zato v\u0161ak velmi \u017eiv\u00e1 f\u00faze dvou p\u0159\u00edb\u011bh\u016f propojen\u00fdch hlavn\u00ed postavou Vlka, kter\u00e9ho jednoho temn\u00e9ho zimn\u00edho ve\u010dera nav\u0161t\u00edv\u00ed Hlad. A&nbsp;tato \u201ezl\u00e1 n\u00e1v\u0161t\u011bva\u201c p\u0159inut\u00ed n\u00e1hle zoufale hladov\u00e9ho vlka hledat nejbli\u017e\u0161\u00ed potravu. Cestou naraz\u00ed nejen na t\u0159i mal\u00e1 nezbedn\u00e1 k\u016fzl\u00e1tka \u010dekaj\u00edc\u00ed na svou maminku, ale tak\u00e9 na Karkulku a&nbsp;jej\u00ed babi\u010dku. To v\u0161e za sn\u011bhu a&nbsp;mrazu, svitu hv\u011bzd, lamp a&nbsp;samoz\u0159ejm\u011b tak\u00e9 notn\u00e9ho p\u0159isp\u011bn\u00ed loutek a&nbsp;p\u016flloutek autorovy v\u00fdroby.<\/p>\r\n<p>Jakub Folvar\u010dn\u00fd dok\u00e1\u017ee za pou\u017eit\u00ed dvou lampi\u010dek, krabice od bot, s\u00ed\u0165ovky, hlavy ply\u0161ov\u00e9ho vlka, telefonn\u00edho sluch\u00e1tka a&nbsp;n\u011bkolika dal\u0161\u00edch b\u011b\u017en\u00fdch drobnost\u00ed sehr\u00e1t poh\u00e1dku, u&nbsp;n\u00ed\u017e d\u011bti taj\u00ed dech a&nbsp;s&nbsp;nap\u011bt\u00edm o\u010dek\u00e1vaj\u00ed, co se stane v&nbsp;dal\u0161\u00ed minut\u011b.<\/p>\r\n<hr \/>\r\n<p><strong><a href=\"https:\/\/www.praha7.cz\/temata\/art-district-7\/letni-scena-na-strossu\/dsc_0186\/\" rel=\"attachment wp-att-82871\"><img loading=\"lazy\" src=\"https:\/\/www.praha7.cz\/wp-content\/uploads\/2025\/03\/DSC_0186-600x400.jpg\" alt=\"\" width=\"600\" height=\"400\" class=\"alignnone wp-image-82871 size-medium\" srcset=\"https:\/\/www.praha7.cz\/wp-content\/uploads\/2025\/03\/DSC_0186-600x400.jpg 600w, https:\/\/www.praha7.cz\/wp-content\/uploads\/2025\/03\/DSC_0186.jpg 1500w, https:\/\/www.praha7.cz\/wp-content\/uploads\/2025\/03\/DSC_0186-768x512.jpg 768w\" sizes=\"(max-width: 600px) 100vw, 600px\" \/><\/a><br \/>\r\n<br \/>\r\nst\u0159eda 31.&nbsp;7.<\/strong><\/p>\r\n<p><strong>Musa\u0161i Entertainment Company: Loutkov\u00e1 v\u011b\u017e Miniatur<\/strong><br \/>\r\n<strong>40 minut, d\u011btem 3+<\/strong><\/p>\r\n<p>T\u0159i loutkov\u00e9 miniatury zalo\u017een\u00e9 na jednoduch\u00e9m p\u0159\u00edb\u011bhu. Ka\u017ed\u00e9 z&nbsp;divadel je vyveden\u00e9 jako mal\u00e1 sk\u0159\u00ed\u0148ka, ze sk\u0159\u00edn\u011bk se d\u00e1 postavit mal\u00e1 v\u011b\u017e a&nbsp;v\u00a0jej\u00edm horn\u00edm pat\u0159e se odehraje p\u0159edstaven\u00ed. Pot\u00e9 je mo\u017en\u00e9 v\u011b\u017e p\u0159eskl\u00e1dat, um\u00edstit nahoru jinou sk\u0159\u00ed\u0148ku a&nbsp;odehr\u00e1t jin\u00e9 p\u0159edstaven\u00ed. P\u0159ipravili Tereza Havlov\u00e1 a&nbsp;Adam P\u00e1n\u00edk.<\/p>\r\n<p>Musa\u0161i Entertainment Company byla v&nbsp;roce 2023 za kreativn\u00ed o\u017eivov\u00e1n\u00ed loutka\u0159iny, jarmare\u010dn\u00edho divadla a&nbsp;tradi\u010dn\u00edch \u0159emesel ud\u011blena pocta festivalu &#8230;p\u0159\u00ed\u0161t\u00ed vlna\/next wave&#8230; v&nbsp;kategorii Talent roku.<\/p>\r\n<p>Jednotliv\u00e9 inscenace loutkov\u00e9 v\u011b\u017ee:<br \/>\r\n<strong><em>Z\u00e1vodn\u00edk v\u00a0ko\u017eichu<\/em><\/strong><br \/>\r\nNonverb\u00e1ln\u00ed loutkov\u00e1 inscenace o&nbsp;lsti a&nbsp;v\u00edt\u011bzstv\u00ed. Ka\u017ed\u00fd odv\u00e1\u017elivec, kter\u00fd se vyd\u00e1 na tra\u0165 z\u00e1vodu Jizersk\u00e1 50, se mus\u00ed m\u00edt v\u017edy na pozoru!<\/p>\r\n<p><strong><em>Funus<\/em><\/strong><br \/>\r\nZe z\u00e1hrob\u00ed se zat\u00edm nikdo nevr\u00e1til, aby n\u00e1m \u0159ekl, co n\u00e1s tam \u010dek\u00e1. Je tedy pot\u0159eba \u0159\u00e1dn\u011b se p\u0159ipravit na cokoliv. Poh\u0159eb nen\u00ed radno podce\u0148ovat, abychom toti\u017e v&nbsp;z\u00e1hrob\u00ed ud\u011blali dobr\u00fd prvn\u00ed dojem, mus\u00edme tam p\u0159ijet ve velk\u00e9m stylu \u2013 ide\u00e1ln\u011b t\u0159eba ve zlat\u00e9m sarkof\u00e1gu nebo na l\u00e9taj\u00edc\u00edch san\u00edch ta\u017een\u00fdch supy.<\/p>\r\n<p><strong><em>Na z\u00e1hon\u011b<\/em><\/strong><br \/>\r\nKa\u017ed\u00fd zahradn\u00edk m\u00e1 svoje ritu\u00e1ly. N\u011bkter\u00e9 se nau\u010dil od d\u011bdy, jin\u00e9 od maminky a&nbsp;p\u00e1r si jich vyp\u011bstoval on s\u00e1m. V\u011bt\u0161inou je to osobn\u00ed v\u011bc, kterou jen tak n\u011bkomu neuk\u00e1\u017ee, ale pokud budete koukat, kam \u0161lapete, a&nbsp;nebudete bez dovolen\u00ed uj\u00eddat jahody, nech\u00e1 v\u00e1s pan Karel nakouknout pod moty\u010dku sv\u00fdch zahradnick\u00fdch zvyk\u016f.<\/p>\r\n<hr \/>\r\n<p><strong><a href=\"https:\/\/www.praha7.cz\/temata\/art-district-7\/letni-scena-na-strossu\/dsc_0450\/\" rel=\"attachment wp-att-82865\"><img loading=\"lazy\" src=\"https:\/\/www.praha7.cz\/wp-content\/uploads\/2025\/03\/DSC_0450-600x400.jpg\" alt=\"\" width=\"600\" height=\"400\" class=\"alignnone wp-image-82865 size-medium\" srcset=\"https:\/\/www.praha7.cz\/wp-content\/uploads\/2025\/03\/DSC_0450-600x400.jpg 600w, https:\/\/www.praha7.cz\/wp-content\/uploads\/2025\/03\/DSC_0450-1500x1000.jpg 1500w, https:\/\/www.praha7.cz\/wp-content\/uploads\/2025\/03\/DSC_0450-768x512.jpg 768w, https:\/\/www.praha7.cz\/wp-content\/uploads\/2025\/03\/DSC_0450-1536x1024.jpg 1536w, https:\/\/www.praha7.cz\/wp-content\/uploads\/2025\/03\/DSC_0450-2048x1365.jpg 2048w\" sizes=\"(max-width: 600px) 100vw, 600px\" \/><\/a><br \/>\r\n<br \/>\r\nst\u0159eda 7.&nbsp;8.<\/strong><\/p>\r\n<p><strong>Divadlo Hed\u00e1rium: Stud\u00e1nka a&nbsp;kouzlo lesa<\/strong><br \/>\r\n<strong>40 minut, d\u011btem 3+<\/strong><\/p>\r\n<p>Loutkov\u00e1 poh\u00e1dka pro v\u0161echny, kte\u0159\u00ed se neboj\u00ed do lesa. Dva sourozenci M\u00e1ja a&nbsp;Eda maj\u00ed jedin\u00fd \u00fakol \u2013 pohl\u00eddat kocoura tety Jarmily. Co kdy\u017e si v\u0161ak milovan\u00fd mazl\u00ed\u010dek ud\u011bl\u00e1 v\u00fdlet do kouzeln\u00e9ho lesa? A&nbsp;porad\u00ed si les s&nbsp;t\u00edm, kdy\u017e se objev\u00ed n\u011bkdo, kdo chce m\u00edt v\u0161echno jen pro sebe? Vydejte se na cestu za dobrodru\u017estv\u00edm dvou d\u011bt\u00ed, objevte s&nbsp;nimi stud\u00e1nkovou v\u00edlu a&nbsp;jin\u00e9 lesn\u00ed bytosti, odhalte s\u00edlu vody i&nbsp;strachu a&nbsp;odvahy a&nbsp;kouzlo, kter\u00e9 by cht\u011bl za\u017e\u00edt ka\u017ed\u00fd.<\/p>\r\n<p>Koncept vymyslela a&nbsp;hraje Hedvika \u0158ez\u00e1\u010dov\u00e1, absolventka Katedry alternativn\u00edho a&nbsp;loutkov\u00e9ho divadla na pra\u017esk\u00e9 DAMU.<\/p>\r\n<hr \/>\r\n<p><strong><a href=\"https:\/\/www.praha7.cz\/temata\/art-district-7\/letni-scena-na-strossu\/dsc_0590\/\" rel=\"attachment wp-att-82866\"><img loading=\"lazy\" src=\"https:\/\/www.praha7.cz\/wp-content\/uploads\/2025\/03\/DSC_0590-267x400.jpg\" alt=\"\" width=\"267\" height=\"400\" class=\"alignnone wp-image-82866 size-medium\" srcset=\"https:\/\/www.praha7.cz\/wp-content\/uploads\/2025\/03\/DSC_0590-267x400.jpg 267w, https:\/\/www.praha7.cz\/wp-content\/uploads\/2025\/03\/DSC_0590-667x1000.jpg 667w, https:\/\/www.praha7.cz\/wp-content\/uploads\/2025\/03\/DSC_0590-768x1152.jpg 768w, https:\/\/www.praha7.cz\/wp-content\/uploads\/2025\/03\/DSC_0590-1024x1536.jpg 1024w, https:\/\/www.praha7.cz\/wp-content\/uploads\/2025\/03\/DSC_0590-1365x2048.jpg 1365w, https:\/\/www.praha7.cz\/wp-content\/uploads\/2025\/03\/DSC_0590-scaled.jpg 1707w\" sizes=\"(max-width: 267px) 100vw, 267px\" \/><\/a><br \/>\r\n<br \/>\r\nst\u0159eda 14.&nbsp;8.<\/strong><\/p>\r\n<p><strong>Divadlo b: Mal\u00fd p\u00e1n<\/strong><br \/>\r\n<strong>40 minut, d\u011btem 3+<\/strong><\/p>\r\n<p>Uprost\u0159ed docela hlubok\u00e9ho lesa byl dome\u010dek s&nbsp;mechovou st\u0159echou a&nbsp;v&nbsp;tom dome\u010dku bydlel Mal\u00fd p\u00e1n. Nejenom \u017ee si ten dome\u010dek postavil s\u00e1m, ale vyrobil si i&nbsp;st\u016fl se \u017eidl\u00ed, poli\u010dku na dobroty a&nbsp;dokonce i&nbsp;postel s&nbsp;pol\u0161t\u00e1\u0159em a&nbsp;pro\u0161\u00edvanou dekou. M\u011bl \u00fapln\u011b v\u0161echno, co pot\u0159eboval. Ale jednou v&nbsp;noci se mu zd\u00e1l sen, kter\u00fd mu st\u00e1le opakoval, \u017ee mu je\u0161t\u011b n\u011bco chyb\u00ed. Mal\u00fd p\u00e1n se cht\u011bl zase norm\u00e1ln\u011b vyspat, tak se vydal za Pr\u00e1zdnou hlavou, kter\u00e1 mu jist\u011b porad\u00ed. T\u00edm za\u010d\u00edn\u00e1 dobrodru\u017en\u00e1 cesta pln\u00e1 vtipn\u00fdch setk\u00e1n\u00ed, nebezpe\u010dn\u00fdch potvor a&nbsp;p\u0159ekvapiv\u00e9ho konce.<\/p>\r\n<p>Mo\u017en\u00e1 stejn\u011b jako Mal\u00fd p\u00e1n zjist\u00edte, \u017ee kdy\u017e v\u00e1m n\u011bco sch\u00e1z\u00ed, najdete to po trm\u00e1cen\u00ed sv\u011btem a&nbsp;boj\u00edch s&nbsp;obludami docela bl\u00edzko. Hraj\u00ed Ren\u00e9 Krupansk\u00fd a&nbsp;Radek Beran.<\/p>\r\n<p>P\u0159edstaven\u00ed vzniklo na motivy stejnojmenn\u00e9ho filmu, jeho\u017e je Radek Beran re\u017eis\u00e9rem a&nbsp;Ren\u00e9 Krupansk\u00fd v&nbsp;n\u011bm loutku Mal\u00e9ho p\u00e1na vod\u00ed, a&nbsp;podle knihy Velk\u00e1 cesta Mal\u00e9ho p\u00e1na od autor\u016f Lenky Uhl\u00ed\u0159ov\u00e9 a&nbsp;Ji\u0159\u00edho Stacha, kter\u00e1 byla p\u0159edlohou pro tento film.<\/p>\r\n<hr \/>\r\n<p><a href=\"https:\/\/www.praha7.cz\/temata\/art-district-7\/letni-scena-na-strossu\/dsc_0782\/\" rel=\"attachment wp-att-82872\"><img loading=\"lazy\" src=\"https:\/\/www.praha7.cz\/wp-content\/uploads\/2025\/03\/DSC_0782-600x400.jpg\" alt=\"\" width=\"600\" height=\"400\" class=\"alignnone wp-image-82872 size-medium\" srcset=\"https:\/\/www.praha7.cz\/wp-content\/uploads\/2025\/03\/DSC_0782-600x400.jpg 600w, https:\/\/www.praha7.cz\/wp-content\/uploads\/2025\/03\/DSC_0782.jpg 1500w, https:\/\/www.praha7.cz\/wp-content\/uploads\/2025\/03\/DSC_0782-768x512.jpg 768w\" sizes=\"(max-width: 600px) 100vw, 600px\" \/><\/a><\/p>\r\n<p><strong>st\u0159eda 21.&nbsp;8.<\/strong><\/p>\r\n<p><strong>Loutky bez hranic: T\u0159i medv\u011bdi a&nbsp;drz\u00e1 M\u00e1\u0161a + v\u00fdtvarn\u00e1 d\u00edlna<\/strong><br \/>\r\n<strong>45 + 45 minut, d\u011btem 3+<\/strong><\/p>\r\n<p>Jak to asi m\u016f\u017ee dopadnout, kdy\u017e n\u011bkdo leze oknem tam, kam nem\u00e1?<\/p>\r\n<p>Autorsk\u00e1 loutkov\u00e1 poh\u00e1dka o&nbsp;medv\u011bdech, kte\u0159\u00ed \u0161li na med a&nbsp;nechali pr\u00e1zdnou chaloupku, a&nbsp;o&nbsp;M\u00e1\u0161ence, kter\u00e1 se nud\u00ed v&nbsp;lese, a&nbsp;tak vleze do chaloupky oknem. Nad\u011bl\u00e1 si tak spoustu probl\u00e9m\u016f. Co bude d\u00e1l?<\/p>\r\n<p>Vymyslela a&nbsp;hraje Dorka Bouzkov\u00e1 (alternace Ji\u0159ina Vackov\u00e1), sc\u00e9nografie Sv\u011btlana Khaletskaya. Po p\u0159edstaven\u00ed prob\u011bhne v\u00fdtvarn\u00e1 d\u00edlna Medv\u011bd\u00ed chaloupka (d\u00e9lka 30\u201345 minut).\u00a0<\/p>\r\n<p>Loutky bez hranic jsou nez\u00e1visl\u00e9 profesion\u00e1ln\u00ed divadeln\u00ed uskupen\u00ed, kter\u00e9 za\u010dalo sv\u00e9 loutkov\u00e9 dobrodru\u017en\u00e9 v\u00fdpravy u\u017e za studi\u00ed na \u201ealtern\u011b\u201c DAMU p\u0159ed v\u00edce ne\u017e dvaceti lety. Krom\u011b loutkov\u00fdch p\u0159edstaven\u00ed organizuje i&nbsp;v\u00fdtvarn\u00e9 a&nbsp;loutkov\u00e9 kreativn\u00ed d\u00edlny a&nbsp;soci\u00e1ln\u011b-divadeln\u00ed projekty.<\/p>\r\n<hr \/>\r\n<p><a href=\"https:\/\/www.praha7.cz\/temata\/art-district-7\/letni-scena-na-strossu\/dsc_0082\/\" rel=\"attachment wp-att-82867\"><img loading=\"lazy\" src=\"https:\/\/www.praha7.cz\/wp-content\/uploads\/2025\/03\/DSC_0082-600x400.jpg\" alt=\"\" width=\"600\" height=\"400\" class=\"alignnone wp-image-82867 size-medium\" srcset=\"https:\/\/www.praha7.cz\/wp-content\/uploads\/2025\/03\/DSC_0082-600x400.jpg 600w, https:\/\/www.praha7.cz\/wp-content\/uploads\/2025\/03\/DSC_0082-1500x1000.jpg 1500w, https:\/\/www.praha7.cz\/wp-content\/uploads\/2025\/03\/DSC_0082-768x512.jpg 768w, https:\/\/www.praha7.cz\/wp-content\/uploads\/2025\/03\/DSC_0082-1536x1024.jpg 1536w, https:\/\/www.praha7.cz\/wp-content\/uploads\/2025\/03\/DSC_0082-2048x1365.jpg 2048w\" sizes=\"(max-width: 600px) 100vw, 600px\" \/><\/a><\/p>\r\n<p><strong>st\u0159eda 28.&nbsp;8.<\/strong><\/p>\r\n<p><strong>Krut\u00fd krtek: Ukrajinsk\u00e9 poh\u00e1dky<\/strong><br \/>\r\n<strong>50 minut, d\u011btem 4+<\/strong><\/p>\r\n<p>Trojice ukrajinsk\u00fdch lidov\u00fdch poh\u00e1dek. Jak se narodil Krtek? Jak p\u0159em\u016f\u017ee mlad\u00fd Carevi\u010d zl\u00e9ho Hada? A&nbsp;pohoupe Ke\u0159 Vrab\u010d\u00e1ka? Hrav\u00e9 vypr\u00e1v\u011bn\u00ed loutkami, kter\u00e9 b\u011bhem p\u0159edstaven\u00ed vznikaj\u00ed z&nbsp;vojensk\u00e9 v\u00fdzbroje a&nbsp;\u010d\u00e1st\u00ed arm\u00e1dn\u00ed v\u00fdbavy, kterou po sob\u011b Rusko zanechalo na Ukrajin\u011b.<\/p>\r\n<p>Hraj\u00ed Tetiana Ferniuk, ukrajinsk\u00e1 here\u010dka nyn\u00ed \u017eij\u00edc\u00ed v\u00a0Praze, a&nbsp;Gustav Ha\u0161ek, dr\u017eitel Ceny Th\u00e1lie v\u00a0kategorii Loutkov\u00e9 divadlo za rok 2022.<\/p>\r\n<p>Tematizac\u00ed odli\u0161n\u00fdch kultur, zvyk\u016f a&nbsp;p\u0159\u00edb\u011bh\u016f ve srozumiteln\u00e9 a&nbsp;univerz\u00e1ln\u00ed form\u011b poh\u00e1dek chce Krut\u00fd krtek zas\u00edt sem\u00ednko tolerance a&nbsp;porozum\u011bn\u00ed mezi majoritn\u00edm publikem a&nbsp;t\u011bmi, kte\u0159\u00ed v&nbsp;na\u0161em vzd\u011bl\u00e1vac\u00edm syst\u00e9mu tvo\u0159\u00ed men\u0161inu. Inscenace navazuje na dramaturgickou linku loutkov\u00fdch poh\u00e1dek pro \u010desk\u00e9 \u0161kolky a&nbsp;\u0161koly. Po romsk\u00fdch (2018) a&nbsp;vietnamsk\u00fdch poh\u00e1dk\u00e1ch (2020) se tentokr\u00e1t zam\u011b\u0159uje na ty ukrajinsk\u00e9.<\/p>\r\n<hr \/>\r\n<p><em>Zm\u011bna v&nbsp;programu vyhrazena. V&nbsp;p\u0159\u00edpad\u011b nep\u0159\u00edzniv\u00e9ho po\u010das\u00ed se program ru\u0161\u00ed.<\/em><\/p>\r\n<p>                <\/div>\r\n            <\/div>\r\n        <\/div>\r\n            <div class=\"collapse-block\">\r\n            <div class=\"card-header\" role=\"tab\" id=\"heading0c822fc9f7303d5a4bec9aac9e562b0b46ab0af0\">\r\n                                    <h3 class=\"mb-0\">\r\n                        <a data-toggle=\"collapse\" href=\"#collapse0c822fc9f7303d5a4bec9aac9e562b0b46ab0af0\" aria-controls=\"collapse0c822fc9f7303d5a4bec9aac9e562b0b46ab0af0\">\r\n                            Letn\u00ed sc\u00e9na na Strossu 2023                            <i class=\"fa fa-2x fa-angle-down\" aria-hidden=\"true\"><\/i>\r\n                        <\/a>\r\n                    <\/h3>\r\n                                \r\n            <\/div>\r\n\r\n            <div id=\"collapse0c822fc9f7303d5a4bec9aac9e562b0b46ab0af0\" class=\"collapse\" data-id=\"0c822fc9f7303d5a4bec9aac9e562b0b46ab0af0\" role=\"tabpanel\" aria-labelledby=\"heading0c822fc9f7303d5a4bec9aac9e562b0b46ab0af0\">\r\n                <div class=\"card-block\">\r\n    <\/p>\r\n<p>Op\u011bt po roce se v&nbsp;letn\u00edch m\u011bs\u00edc\u00edch vr\u00e1t\u00ed na Strossmayerovo n\u00e1m\u011bst\u00ed p\u0159ehl\u00eddka divadla pro nejmen\u0161\u00ed div\u00e1ky. Pravideln\u011b v&nbsp;pond\u011bl\u00ed od 17.&nbsp;\u010dervence do 14.&nbsp;srpna 2023 se zv\u00eddav\u00fdm d\u011btsk\u00fdm o\u010d\u00edm ve st\u00ednu kostela sv. Anton\u00edna odehraj\u00ed dobrodru\u017en\u00e1 i&nbsp;pou\u010dn\u00e1 loutkov\u00e1 p\u0159edstaven\u00ed.<\/p>\r\n<p>Vstup je voln\u00fd. Zm\u011bna programu vyhrazena. V&nbsp;p\u0159\u00edpad\u011b \u0161patn\u00e9ho po\u010das\u00ed se program ru\u0161\u00ed.<\/p>\r\n<hr \/>\r\n<p><a href=\"https:\/\/www.praha7.cz\/temata\/art-district-7\/letni-scena-na-strossu\/divadlo-b\/\" rel=\"attachment wp-att-68177\"><img loading=\"lazy\" src=\"https:\/\/www.praha7.cz\/wp-content\/uploads\/2023\/07\/divadlo-b-533x400.jpg\" alt=\"\" width=\"533\" height=\"400\" class=\"alignnone wp-image-68177 size-medium\" srcset=\"https:\/\/www.praha7.cz\/wp-content\/uploads\/2023\/07\/divadlo-b-533x400.jpg 533w, https:\/\/www.praha7.cz\/wp-content\/uploads\/2023\/07\/divadlo-b-768x576.jpg 768w, https:\/\/www.praha7.cz\/wp-content\/uploads\/2023\/07\/divadlo-b.jpg 1008w\" sizes=\"(max-width: 533px) 100vw, 533px\" \/><\/a><\/p>\r\n<p><strong>pond\u011bl\u00ed 17.&nbsp;7. | 16.00<\/strong><br \/>\r\n<strong>Divadlo b: O&nbsp;Malence<\/strong><br \/>\r\n45 minut | d\u011btem 3+<\/p>\r\n<p>V\u0161ichni znaj\u00ed p\u0159\u00edb\u011bh o&nbsp;mal\u00e9 a&nbsp;odv\u00e1\u017en\u00e9 hol\u010di\u010dce Malence, kter\u00e1 se zrodila v&nbsp;makov\u00e9m kv\u011btu. M\u00e1lokdo v\u0161ak v\u00ed, \u017ee se skute\u010dn\u011b sna\u017eila skamar\u00e1dit se \u017eab\u00e1kem, chroustem a&nbsp;dokonce i&nbsp;s&nbsp;hami\u017en\u00fdm krtkem. Ale to opravdu ne\u0161lo. Kdy\u017e ji v\u00e1\u017eka odveze do Kr\u00e1lovstv\u00ed kv\u011btin, kde Malenka potk\u00e1 prince sv\u00fdch sn\u016f, vypad\u00e1 v\u0161echno ide\u00e1ln\u011b. Ale to d\u00edvka netu\u0161\u00ed, \u017ee \u017eivot s&nbsp;princem, stejn\u011b jako s&nbsp;ka\u017ed\u00fdm \u017eivo\u010dichem na t\u00e9to planet\u011b, j\u00ed p\u0159iprav\u00ed r\u016fzn\u00e1 p\u0159ekvapen\u00ed. A&nbsp;bez pr\u00e1ce a&nbsp;\u00fasil\u00ed se to neobejde. Ale Malenka a&nbsp;Princ kv\u011bt\u016f v\u0161e nakonec zvl\u00e1dnou.<\/p>\r\n<p>Hraj\u00ed: Adriana Kubi\u0161tov\u00e1 M\u00e1\u010dikov\u00e1<br \/>\r\nSc\u00e9nografie: Alena Pl\u00edhalov\u00e1<br \/>\r\nRe\u017eijn\u00ed spolupr\u00e1ce: Radek Beran, Adam Kubi\u0161ta<br \/>\r\nHudba: Jan Nikendey<br \/>\r\nPremi\u00e9ra: 18.&nbsp;3.&nbsp;2023<\/p>\r\n<hr \/>\r\n<p><a href=\"https:\/\/www.praha7.cz\/temata\/art-district-7\/letni-scena-na-strossu\/tomas-podrazil-studio-damuza-fimfarum-i_male\/\" rel=\"attachment wp-att-68164\"><img loading=\"lazy\" src=\"https:\/\/www.praha7.cz\/wp-content\/uploads\/2023\/07\/Tomas-Podrazil-Studio-Damuza-Fimfarum-I_male-600x400.jpg\" alt=\"\" width=\"600\" height=\"400\" class=\"alignnone wp-image-68164 size-medium\" srcset=\"https:\/\/www.praha7.cz\/wp-content\/uploads\/2023\/07\/Tomas-Podrazil-Studio-Damuza-Fimfarum-I_male-600x400.jpg 600w, https:\/\/www.praha7.cz\/wp-content\/uploads\/2023\/07\/Tomas-Podrazil-Studio-Damuza-Fimfarum-I_male-1500x1000.jpg 1500w, https:\/\/www.praha7.cz\/wp-content\/uploads\/2023\/07\/Tomas-Podrazil-Studio-Damuza-Fimfarum-I_male-768x512.jpg 768w, https:\/\/www.praha7.cz\/wp-content\/uploads\/2023\/07\/Tomas-Podrazil-Studio-Damuza-Fimfarum-I_male-1536x1024.jpg 1536w, https:\/\/www.praha7.cz\/wp-content\/uploads\/2023\/07\/Tomas-Podrazil-Studio-Damuza-Fimfarum-I_male.jpg 1680w\" sizes=\"(max-width: 600px) 100vw, 600px\" \/><\/a><br \/>\r\n<br \/>\r\n<\/p>\r\n<p><strong>pond\u011bl\u00ed 24.&nbsp;7. | 16.00<\/strong><br \/>\r\n<strong>Tom\u00e1\u0161 Podrazil &amp; Studio Dam\u00faza: Fimf\u00e1rum<br \/>\r\n<\/strong>40 minut | d\u011btem 3+<\/p>\r\n<p>Loutkov\u00e1 poh\u00e1dka pro celou rodinu na motivy slavn\u00e9 knihy Jana Wericha.<\/p>\r\n<p>A co to vlastn\u011b je, to fimf\u00e1rum? Fimf\u00e1rum je proutek, kter\u00fd je jen o&nbsp;chlup ten\u010d\u00ed ne\u017e ta nejten\u010d\u00ed r\u00e1koska, kter\u00fd se vejde do hol\u00ednky. Pokud se j\u00edm jednou \u0161vihne, v\u0161echno v&nbsp;jeho okol\u00ed ztuhne a&nbsp;znehybn\u00ed jako na obr\u00e1zku. Nepohne se, dokud se j\u00edm ne\u0161vihne podruh\u00e9. Existoval pouze jeden a&nbsp;ten m\u011bl \u010dert\u2026<\/p>\r\n<p>V\u00a0inscenaci Fimf\u00e1rum se m\u016f\u017eete t\u011b\u0161it na malinkat\u00e9ho Pale\u010dka a&nbsp;Sn\u011bhov\u00e9ho \u017erouta, \u010certovsk\u00e9 Fimf\u00e1rum a&nbsp;jednu poh\u00e1dku do t\u0159etice, jak u\u017e tomu v&nbsp;poh\u00e1dk\u00e1ch b\u00fdv\u00e1.<\/p>\r\n<p>Sc\u00e9nografie: Tereza \u010cern\u00e1<br \/>\r\nKoncept, hraje: Tom\u00e1\u0161 Podrazil<br \/>\r\nKni\u017en\u00ed p\u0159edloha: Jan Werich<br \/>\r\nPremi\u00e9ra: 24.&nbsp;11.&nbsp;2019<\/p>\r\n<hr \/>\r\n<p><a href=\"https:\/\/www.praha7.cz\/temata\/art-district-7\/letni-scena-na-strossu\/divadlo-drak-cervena-karkulka\/\" rel=\"attachment wp-att-68167\"><img loading=\"lazy\" src=\"https:\/\/www.praha7.cz\/wp-content\/uploads\/2023\/07\/Divadlo-Drak-Cervena-karkulka-600x400.jpg\" alt=\"\" width=\"600\" height=\"400\" class=\"alignnone wp-image-68167 size-medium\" srcset=\"https:\/\/www.praha7.cz\/wp-content\/uploads\/2023\/07\/Divadlo-Drak-Cervena-karkulka-600x400.jpg 600w, https:\/\/www.praha7.cz\/wp-content\/uploads\/2023\/07\/Divadlo-Drak-Cervena-karkulka-768x512.jpg 768w, https:\/\/www.praha7.cz\/wp-content\/uploads\/2023\/07\/Divadlo-Drak-Cervena-karkulka.jpg 1120w\" sizes=\"(max-width: 600px) 100vw, 600px\" \/><\/a><\/p>\r\n<p><strong>pond\u011bl\u00ed 31.&nbsp;7. | 16.00<br \/>\r\n<\/strong><strong>Divadlo Drak: \u010cerven\u00e1 Karkulka<br \/>\r\n<\/strong>35 minut | d\u011btem 3+ \/ hraje se v\u00a0\u010de\u0161tin\u011b a&nbsp;ukrajin\u0161tin\u011b<\/p>\r\n<p>Poh\u00e1dka o&nbsp;setk\u00e1n\u00ed, setk\u00e1n\u00ed nad poh\u00e1dkou. \u041a\u0430\u0437\u043a\u0430 \u043f\u0440\u043e \u0437\u0443\u0441\u0442\u0440\u0456\u0447, \u0437\u0443\u0441\u0442\u0440\u0456\u0447 \u0437\u0430 \u043a\u0430\u0437\u043a\u043e\u044e.<\/p>\r\n<p>Byla jednou jedna hol\u010di\u010dka, kter\u00e1 nosila na hlav\u011b \u010derven\u00fd \u010depe\u010dek, a&nbsp;proto j\u00ed nikdo ne\u0159ekl jinak ne\u017e \u010cerven\u00e1 Karkulka. Ta si jednoho dne doma do velk\u00e9 n\u016f\u0161e sbalila v\u0161echno, co se do n\u00ed jen ve\u0161lo. Oble\u010den\u00ed, n\u011bco na zub, p\u00e1r drobnost\u00ed na pam\u00e1tku a&nbsp;sv\u016fj vlastn\u00ed p\u0159\u00edb\u011bh. Pak u\u017e se vydala na dalekou cestu do \u00fapln\u011b ciz\u00edho lesa.<\/p>\r\n<p>\u010cesko-ukrajinsk\u00e1 inscenace klasick\u00e9 poh\u00e1dky, kter\u00e1 je dob\u0159e zn\u00e1m\u00e1 d\u011btem i&nbsp;dosp\u011bl\u00fdm v&nbsp;obou zem\u00edch. Hraj\u00ed ji dva herci. Marina Byt \u017eije v&nbsp;Kyjev\u011b, Petr Vrb\u011bck\u00fd v&nbsp;Divci. Te\u010f se se\u0161li v\u00a0Hradci Kr\u00e1lov\u00e9 (co\u017e nen\u00ed ani trochu na p\u016fl cesty), aby spole\u010dn\u011b vypr\u00e1v\u011bli stejn\u00fd p\u0159\u00edb\u011bh. Jen\u017ee Marina mluv\u00ed ukrajinsky a&nbsp;Petr \u010desky. A&nbsp;ka\u017ed\u00fd z&nbsp;nich zn\u00e1 ten p\u0159\u00edb\u011bh trochu jinak. Zd\u00e1 se, \u017ee aby se dobrali \u0161\u0165astn\u00e9ho konce, nezbude jim ne\u017e se n\u011bjak domluvit.<\/p>\r\n<p>Hraj\u00ed: Marina Byt a&nbsp;Petr Vrb\u011bck\u00fd<br \/>\r\nSc\u00e9n\u00e1\u0159: Tom\u00e1\u0161 Jarkovsk\u00fd, Barbora Pokorn\u00e1 a&nbsp;kol.<br \/>\r\nSc\u00e9nografie: Tereza Va\u0161\u00ed\u010dkov\u00e1<br \/>\r\nRe\u017eijn\u00ed supervize: Jakub Va\u0161\u00ed\u010dek<br \/>\r\nDramaturgie: Tom\u00e1\u0161 Jarkovsk\u00fd, Barbora Pokorn\u00e1<br \/>\r\nProdukce: Barbora Kalinov\u00e1; v\u00fdkonn\u00e1 produkce: Oleksandra Titarova<br \/>\r\nPremi\u00e9ra 26.&nbsp;6.&nbsp;2022<\/p>\r\n<hr \/>\r\n<p><a href=\"https:\/\/www.praha7.cz\/temata\/art-district-7\/letni-scena-na-strossu\/jakub-folvarcny-karlova-a-jaromirova-pohadka\/\" rel=\"attachment wp-att-68168\"><img loading=\"lazy\" src=\"https:\/\/www.praha7.cz\/wp-content\/uploads\/2023\/07\/Jakub-Folvarcny-Karlova-a-Jaromirova-pohadka-600x400.jpg\" alt=\"\" width=\"600\" height=\"400\" class=\"alignnone wp-image-68168 size-medium\" srcset=\"https:\/\/www.praha7.cz\/wp-content\/uploads\/2023\/07\/Jakub-Folvarcny-Karlova-a-Jaromirova-pohadka-600x400.jpg 600w, https:\/\/www.praha7.cz\/wp-content\/uploads\/2023\/07\/Jakub-Folvarcny-Karlova-a-Jaromirova-pohadka-768x512.jpg 768w, https:\/\/www.praha7.cz\/wp-content\/uploads\/2023\/07\/Jakub-Folvarcny-Karlova-a-Jaromirova-pohadka.jpg 1458w\" sizes=\"(max-width: 600px) 100vw, 600px\" \/><\/a><\/p>\r\n<p><strong>pond\u011bl\u00ed 7.&nbsp;8. | 16.00<\/strong><br \/>\r\n<strong>Jakub Folvar\u010dn\u00fd: Karlova a&nbsp;Jarom\u00edrova poh\u00e1dka<br \/>\r\n<\/strong>50 minut | d\u011btem 4+<\/p>\r\n<p>Klasick\u00e1 poh\u00e1dka Karla Jarom\u00edra Erbena Jablo\u0148ov\u00e1 panna zpracovan\u00e1 velmi netradi\u010dn\u00edm zp\u016fsobem.<\/p>\r\n<p>V poh\u00e1dce je v\u0161e, co m\u00e1 b\u00fdt: state\u010dn\u00fd princ, kr\u00e1sn\u00e1 zaklet\u00e1 princezna a&nbsp;zl\u00e1 babice, kter\u00e1 by cht\u011bla stanout po princov\u011b boku. Ot\u00e1zky p\u0159\u00edb\u011bhu zn\u00ed: Kde se ukr\u00fdv\u00e1 Jablo\u0148ov\u00e1 panna? Kdo koho zaklel?<\/p>\r\n<p>Vymyslel, zrealizoval a&nbsp;hraje: Jakub Folvar\u010dn\u00fd<\/p>\r\n<hr \/>\r\n<p><a href=\"https:\/\/www.praha7.cz\/temata\/art-district-7\/letni-scena-na-strossu\/buchty-a-loutky-zlata-husa\/\" rel=\"attachment wp-att-68169\"><img loading=\"lazy\" src=\"https:\/\/www.praha7.cz\/wp-content\/uploads\/2023\/07\/Buchty-a-loutky-Zlata-husa-600x400.jpg\" alt=\"\" width=\"600\" height=\"400\" class=\"alignnone wp-image-68169 size-medium\" srcset=\"https:\/\/www.praha7.cz\/wp-content\/uploads\/2023\/07\/Buchty-a-loutky-Zlata-husa-600x400.jpg 600w, https:\/\/www.praha7.cz\/wp-content\/uploads\/2023\/07\/Buchty-a-loutky-Zlata-husa.jpg 1264w\" sizes=\"(max-width: 600px) 100vw, 600px\" \/><\/a><\/p>\r\n<p><strong>pond\u011bl\u00ed 14.&nbsp;8. | 16.00<\/strong><br \/>\r\n<strong>Buchty a&nbsp;loutky: Zlat\u00e1 husa<br \/>\r\n<\/strong>45 minut | d\u011btem 4+<\/p>\r\n<p>Loutkov\u00e1 poh\u00e1dka se zlatou husou.<\/p>\r\n<p>Podle poh\u00e1dky brat\u0159\u00ed Grimm\u016f sepsaly a&nbsp;zre\u017e\u00edrovaly Buchty a&nbsp;loutky pod veden\u00edm Marka Be\u010dky.<\/p>\r\n<p>\u00d3 ta zlat\u00e1 husa, jak se leskne a&nbsp;jak je cenn\u00e1, v\u0161echny si p\u0159iv\u00e1b\u00ed a&nbsp;p\u0159ilep\u00ed.<\/p>\r\n<p>Jen nejmlad\u0161\u00ed ze t\u0159\u00ed bratr\u016f, kter\u00e9ho maj\u00ed v\u0161ichni za hloup\u00e9ho, ji rad\u011bji vezme uk\u00e1zat princezn\u011b, to proto, \u017ee se mu princezna l\u00edb\u00ed a&nbsp;chce ji rozesm\u00e1t. A&nbsp;vlastn\u011b by si ji klidn\u011b i&nbsp;vzal za \u017eenu. Jen\u017ee pan kr\u00e1l je proti, a&nbsp;tak mus\u00ed p\u0159ij\u00edt na pomoc i&nbsp;jedna hodn\u00e1 obryn\u011b. Prost\u011b chamtivost se nevypl\u00e1c\u00ed, smutek je \u0161patn\u00fd r\u00e1dce a&nbsp;i&nbsp;ten posledn\u00ed a&nbsp;vysm\u00edvan\u00fd se nakonec m\u016f\u017ee st\u00e1t kr\u00e1lem.<\/p>\r\n<p>Ale d\u00e1l&#8230; d\u00e1l u\u017e rad\u011bji p\u0159ij\u010fte do divadla, a\u0165 stihnete \u0161\u0165astn\u00fd konec.<\/p>\r\n<p>V\u00fdpravu a&nbsp;loutky navrhl Robert Smol\u00edk<br \/>\r\nHudbu slo\u017eil Tom\u00e1\u0161 Proch\u00e1zka<br \/>\r\nLoutky vyrobili \u0160t\u011bp\u00e1n P\u011bnka a&nbsp;Radka Mizerov\u00e1<br \/>\r\nSc\u00e9nu vyrobili Adam a&nbsp;Jarom\u00edr Gottliebovi<br \/>\r\nSt\u0159\u00eddav\u011b hraj\u00ed, osv\u011btluj\u00ed a&nbsp;zvu\u010d\u00ed: Zuzana Bruknerov\u00e1, Marek Be\u010dka, Radek Beran, V\u00edt Brukner, Luk\u00e1\u0161 Valiska<br \/>\r\nPremi\u00e9ra: 20.&nbsp;3.&nbsp;2010<\/p>\r\n                <\/div>\r\n            <\/div>\r\n        <\/div>\r\n    \r\n        <div class=\"collapse-block\">\r\n            <div class=\"card-header\" role=\"tab\" id=\"heading90afe32711800a1d117bdaaa0e65fd46dc2fcd6e\">\r\n                                    <h3 class=\"mb-0\">\r\n                        <a data-toggle=\"collapse\" href=\"#collapse90afe32711800a1d117bdaaa0e65fd46dc2fcd6e\" aria-controls=\"collapse90afe32711800a1d117bdaaa0e65fd46dc2fcd6e\">\r\n                            Letn\u00ed sc\u00e9na na Strossu 2022                            <i class=\"fa fa-2x fa-angle-down\" aria-hidden=\"true\"><\/i>\r\n                        <\/a>\r\n                    <\/h3>\r\n                                \r\n            <\/div>\r\n\r\n            <div id=\"collapse90afe32711800a1d117bdaaa0e65fd46dc2fcd6e\" class=\"collapse\" data-id=\"90afe32711800a1d117bdaaa0e65fd46dc2fcd6e\" role=\"tabpanel\" aria-labelledby=\"heading90afe32711800a1d117bdaaa0e65fd46dc2fcd6e\">\r\n                <div class=\"card-block\">\r\n    \r\n<p>Z\u00e1bavn\u00e1 odpoledne na Strossmayerov\u011b n\u00e1m\u011bst\u00ed se vracej\u00ed. Pravideln\u011b v\u00a0pond\u011bl\u00ed od 16 hodin a\u017e do poloviny srpna 2022 o\u017eije prostor p\u0159ed kostelem sv. Anton\u00edna kulturn\u00edmi akcemi pro d\u011bti a&nbsp;jejich rodi\u010de.<\/p>\r\n<p>Vstupn\u00e9 je zdarma. Zm\u011bna programu vyhrazena. V&nbsp;p\u0159\u00edpad\u011b \u0161patn\u00e9ho po\u010das\u00ed se program ru\u0161\u00ed.<\/p>\r\n<p><a href=\"https:\/\/www.praha7.cz\/temata\/art-district-7\/letni-scena-na-strossu\/thumb_img_6682_1024\/\" rel=\"attachment wp-att-58950\"><img loading=\"lazy\" src=\"https:\/\/www.praha7.cz\/wp-content\/uploads\/2022\/07\/thumb_IMG_6682_1024-600x400.jpg\" alt=\"\" width=\"600\" height=\"400\" class=\"alignnone wp-image-58950 size-medium\" srcset=\"https:\/\/www.praha7.cz\/wp-content\/uploads\/2022\/07\/thumb_IMG_6682_1024-600x400.jpg 600w, https:\/\/www.praha7.cz\/wp-content\/uploads\/2022\/07\/thumb_IMG_6682_1024-768x512.jpg 768w, https:\/\/www.praha7.cz\/wp-content\/uploads\/2022\/07\/thumb_IMG_6682_1024.jpg 1086w\" sizes=\"(max-width: 600px) 100vw, 600px\" \/><\/a><\/p>\r\n<p><strong><br \/>\r\npond\u011bl\u00ed 18.&nbsp;\u010dervence | 16.00 <\/strong><br \/>\r\n<strong>Divadlo b: Locika<\/strong><\/p>\r\n<p><em>Loutkov\u00e1 poh\u00e1dka pro d\u011bti na motivy poh\u00e1dky brat\u0159\u00ed Grimm\u016f.<\/em><\/p>\r\n<p>Vypr\u00e1v\u011bn\u00ed o&nbsp;zlatovlas\u00e9 d\u00edvce a&nbsp;neboj\u00e1cn\u00e9m princi. O&nbsp;\u010darod\u011bjce Cec\u00edlii, kter\u00e1 to v\u0161echno myslela dob\u0159e. O&nbsp;rodi\u010d\u00edch, kte\u0159\u00ed l\u00e9ta hledaj\u00ed svoj\u00ed hol\u010di\u010dku. O&nbsp;kr\u00e1lovn\u011b Roz\u00e1lii, kter\u00e1 musela sv\u00e9mu synu don\u00e9st sva\u010dinu a&nbsp;tato touha ji dovedla a\u017e na pou\u0161\u0165. O&nbsp;tom, jak v\u0161ichni dlouho hledali, a\u017e na\u0161li. Sal\u00e1t. Lociku. Sal\u00e1t Lociku. A&nbsp;o&nbsp;poh\u00e1dkov\u00e9 chuti tohoto sal\u00e1tu. A&nbsp;samoz\u0159ejm\u011b o&nbsp;l\u00e1sce.<\/p>\r\n<p>Hraj\u00ed: Adriana Kubi\u0161tov\u00e1 M\u00e1\u010dikov\u00e1<br \/>\r\nRe\u017eie: Adriana Kubi\u0161tov\u00e1 M\u00e1\u010dikov\u00e1 a&nbsp;kol.<br \/>\r\nHudba: Jan Nikendey<br \/>\r\nSc\u00e9nografie: Karel Czech<br \/>\r\nProdukce: Dan Schenk a&nbsp;Mark\u00e9ta Nikendeyov\u00e1<br \/>\r\nD\u00e9lka p\u0159edstaven\u00ed: 45 minut <br \/>\r\nPro d\u011bti 3+ <br \/>\r\nPremi\u00e9ra: 27.&nbsp;11.&nbsp;2021<\/p>\r\n<hr \/>\r\n<p><strong>pond\u011bl\u00ed 25.&nbsp;\u010dervence | 16.00<\/strong><br \/>\r\n<strong>Studio Dam\u00faza: Golem<\/strong><\/p>\r\n<p><em>Loutkov\u00e1 poh\u00e1dka na motivy star\u00fdch \u017eidovsk\u00fdch pov\u011bst\u00ed, zejm\u00e9na pak legendy o&nbsp;Golemovi.<\/em><\/p>\r\n<p>N\u00e1\u0161 p\u0159\u00edb\u011bh se odehr\u00e1v\u00e1 v&nbsp;obdob\u00ed vl\u00e1dy Rudolfa II. Na pra\u017esk\u00fd hrad se sj\u00ed\u017ed\u00ed nejv\u00fdznamn\u011bj\u0161\u00ed alchymist\u00e9 a&nbsp;um\u011blci sv\u00e9 doby. Proradn\u00fd r\u00e1dce se sna\u017e\u00ed co nejv\u00edce si namastit kapsy, a&nbsp;tak lid\u00e9 v&nbsp;podhrad\u00ed za\u017e\u00edvaj\u00ed kru\u0161n\u00e9 chv\u00edle. Rab\u00edn L\u00f6we, proto na pomoc povol\u00e1 hrdinu z&nbsp;hl\u00edny \u2013 Golema. Golemova s\u00edla je v\u0161ak tak velk\u00e1, \u017ee i&nbsp;samotn\u00e9ho c\u00edsa\u0159e uchv\u00e1t\u00ed touha se ho zmocnit a&nbsp;vyu\u017e\u00edt ho jako v\u00e1le\u010dnou zbra\u0148. D\u00edky odvaze rab\u00ednovy dcery Ester v\u0161ak p\u0159\u00edb\u011bh, jak u\u017e tomu v&nbsp;poh\u00e1dk\u00e1ch b\u00fdv\u00e1, nakonec dob\u0159e skon\u010d\u00ed.<\/p>\r\n<p>Hraj\u00ed: Tom\u00e1\u0161 Podrazil<br \/>\r\nKoncept, re\u017eie: Tom\u00e1\u0161 Podrazil<br \/>\r\nSc\u00e9nografie: Marie H\u00e1skov\u00e1<br \/>\r\nD\u00e9lka p\u0159edstaven\u00ed: 40 minut<br \/>\r\nPro d\u011bti 6+<br \/>\r\nPremi\u00e9ra: 25.&nbsp;6.&nbsp;2015<\/p>\r\n<hr \/>\r\n<p><strong>pond\u011bl\u00ed 1.&nbsp;srpna | 16.00<\/strong><br \/>\r\n<strong>Divadlo Drak: \u010cerven\u00e1 Karkulka | \u0427\u0415\u0420\u0412\u041e\u041d\u0410 \u0428\u0410\u041f\u041e\u0427\u041a\u0410<\/strong><\/p>\r\n<p><em>Poh\u00e1dka o&nbsp;setk\u00e1n\u00ed, setk\u00e1n\u00ed nad poh\u00e1dkou | \u041a\u0410\u0417\u041a\u0410 \u041f\u0420\u041e \u0417\u0423\u0421\u0422\u0420\u0406\u0427, \u0417\u0423\u0421\u0422\u0420\u0406\u0427 \u0417\u0410 \u041a\u0410\u0417\u041a\u041e\u042e<\/em><\/p>\r\n<p>Byla jednou jedna hol\u010di\u010dka, kter\u00e1 nosila na hlav\u011b \u010derven\u00fd \u010depe\u010dek, a&nbsp;proto j\u00ed nikdo ne\u0159ekl jinak ne\u017e \u010cerven\u00e1 Karkulka. Ta si jednoho dne doma do velk\u00e9 n\u016f\u0161e sbalila v\u0161echno, co se do n\u00ed jen ve\u0161lo. Oble\u010den\u00ed, n\u011bco na zub, p\u00e1r drobnost\u00ed na pam\u00e1tku a&nbsp;sv\u016fj vlastn\u00ed p\u0159\u00edb\u011bh. Pak u\u017e se vydala na dalekou cestu do \u00fapln\u011b ciz\u00edho lesa. <br \/>\r\nHraje se v&nbsp;\u010de\u0161tin\u011b a&nbsp;ukrajin\u0161tin\u011b.<\/p>\r\n<p>Hraj\u00ed: Marina Byt a&nbsp;Petr Vrb\u011bck\u00fd <br \/>\r\nSc\u00e9n\u00e1\u0159: Tom\u00e1\u0161 Jarkovsk\u00fd, Barbora Pokorn\u00e1 a&nbsp;kol. <br \/>\r\nSc\u00e9nografie: Tereza Va\u0161\u00ed\u010dkov\u00e1 <br \/>\r\nRe\u017eijn\u00ed supervize: Jakub Va\u0161\u00ed\u010dek<br \/>\r\nDramaturgie: Tom\u00e1\u0161 Jarkovsk\u00fd, Barbora Pokorn\u00e1<br \/>\r\nProdukce: Barbora Kalinov\u00e1; v\u00fdkonn\u00e1 produkce: Oleksandra Titarova<br \/>\r\nD\u00e9lka p\u0159edstaven\u00ed: 35 minut <br \/>\r\nPro d\u011bti 3+ <br \/>\r\nPremi\u00e9ra: 26.&nbsp;6.&nbsp;2022<\/p>\r\n<hr \/>\r\n<p><strong>pond\u011bl\u00ed 8.&nbsp;srpna | 16.00<\/strong><br \/>\r\n<strong>Loutky bez hranic: T\u0159i medv\u011bdi a&nbsp;drz\u00e1 M\u00e1\u0161a<\/strong><\/p>\r\n<p><em>Jak to asi m\u016f\u017ee dopadnout, kdy\u017e n\u011bkdo leze oknem tam, kam nem\u00e1?<\/em><\/p>\r\n<p>Autorsk\u00e1 loutkov\u00e1 poh\u00e1dka o&nbsp;medv\u011bdech, kte\u0159\u00ed \u0161li na med a&nbsp;nechali pr\u00e1zdnou chaloupku, a&nbsp;o&nbsp;M\u00e1\u0161ence, kter\u00e1 se nud\u00ed v&nbsp;lese, a&nbsp;tak vleze do chaloupky oknem. Nad\u011bl\u00e1 si tak spoustu probl\u00e9m\u016f. Co bude d\u00e1l?<\/p>\r\n<p>Vymyslela a&nbsp;hraje: Dorka Bouzkov\u00e1 (alternace Ji\u0159ina Vackov\u00e1)<br \/>\r\nSc\u00e9nografie: Sv\u011btlana Khaletskaya<br \/>\r\nD\u00e9lka p\u0159edstaven\u00ed: 45 minut <br \/>\r\nPro d\u011bti 3+<br \/>\r\nPremi\u00e9ra: 1.&nbsp;7.&nbsp;2010<\/p>\r\n<hr \/>\r\n<p><strong>pond\u011bl\u00ed 15.&nbsp;srpna | 16.00<\/strong><br \/>\r\n<strong>Buchty a&nbsp;loutky: Detektiv Emil a&nbsp;kr\u00e1l\u00edk s&nbsp;velk\u00fdma u\u0161ima<\/strong><\/p>\r\n<p>Kdy\u017e se narod\u00ed chlape\u010dek, kter\u00fd um\u00ed v\u0161echno naj\u00edt, je p\u0159edur\u010den k&nbsp;tomu, aby se stal detektivem. A&nbsp;kdy\u017e jednoho dne najde ztracen\u00e9ho kr\u00e1l\u00edka, kter\u00fd m\u00e1 velmi dlouh\u00e9 u\u0161i, stanou se nerozlu\u010dn\u00fdmi kamar\u00e1dy. Ale ouha! Lstiv\u00fd a&nbsp;nen\u00e1vistn\u00fd kucha\u0159 chce ovl\u00e1dnout jejich m\u011bste\u010dko. A&nbsp;nev\u00e1h\u00e1 pou\u017e\u00edt ty nejd\u011bsiv\u011bj\u0161\u00ed prost\u0159edky, aby se tak stalo. Ale na Emila s&nbsp;kr\u00e1l\u00edkem si nep\u0159ijde. Spravedlnost zv\u00edt\u011bz\u00ed!<\/p>\r\n<p>Hraj\u00ed: Marek Be\u010dka, Radek Beran, V\u00edt Brukner<br \/>\r\nRe\u017eie: V\u00edt Brukner a&nbsp;Buchty a&nbsp;loutky<br \/>\r\nV\u00fdprava: B\u00e1ra \u010cechov\u00e1<br \/>\r\nHudba: V\u00edt Brukner<br \/>\r\nD\u00e9lka p\u0159edstaven\u00ed: 50 minut <br \/>\r\nPro d\u011bti 3+ <br \/>\r\nPremi\u00e9ra: 21.&nbsp;11.&nbsp;2021<\/p>\r\n                <\/div>\r\n            <\/div>\r\n        <\/div>\r\n    \r\n        <div class=\"collapse-block\">\r\n            <div class=\"card-header\" role=\"tab\" id=\"heading16338a48e6ccdb58a1e7105f8491f1ff63863579\">\r\n                                    <h3 class=\"mb-0\">\r\n                        <a data-toggle=\"collapse\" href=\"#collapse16338a48e6ccdb58a1e7105f8491f1ff63863579\" aria-controls=\"collapse16338a48e6ccdb58a1e7105f8491f1ff63863579\">\r\n                            Letn\u00ed sc\u00e9na na Strossu 2021                            <i class=\"fa fa-2x fa-angle-down\" aria-hidden=\"true\"><\/i>\r\n                        <\/a>\r\n                    <\/h3>\r\n                                \r\n            <\/div>\r\n\r\n            <div id=\"collapse16338a48e6ccdb58a1e7105f8491f1ff63863579\" class=\"collapse\" data-id=\"16338a48e6ccdb58a1e7105f8491f1ff63863579\" role=\"tabpanel\" aria-labelledby=\"heading16338a48e6ccdb58a1e7105f8491f1ff63863579\">\r\n                <div class=\"card-block\">\r\n    \r\n<p>Program Letn\u00ed sc\u00e9ny p\u0159ed kostelem sv. Anton\u00edna 2021, Strossmayerovo n\u00e1m\u011bst\u00ed | Praha&nbsp;7, <a href=\"http:\/\/www.facebook.com\/artdistrictpraha7\">www.facebook.com\/artdistrictpraha7<\/a>, #letopredantoninem.\u00a0<\/p>\r\n<p>V p\u0159\u00edpad\u011b \u0161patn\u00e9ho po\u010das\u00ed se program ru\u0161\u00ed. Zm\u011bna programu vyhrazena. Vstupn\u00e9 je zdarma.<\/p>\r\n<p>&nbsp;<\/p>\r\n<p><a href=\"https:\/\/www.praha7.cz\/temata\/art-district-7\/letni-scena-na-strossu\/orbis-pictus-foto-marta-sobotkova-webova-kvalita-1\/\" rel=\"attachment wp-att-49609\"><img loading=\"lazy\" src=\"https:\/\/www.praha7.cz\/wp-content\/uploads\/2021\/07\/Orbis-pictus-foto-Marta-Sobotkov\u00e1-webov\u00e1-kvalita-1-600x400.jpg\" alt=\"\" width=\"600\" height=\"400\" class=\"alignnone wp-image-49609 size-medium\" srcset=\"https:\/\/www.praha7.cz\/wp-content\/uploads\/2021\/07\/Orbis-pictus-foto-Marta-Sobotkov\u00e1-webov\u00e1-kvalita-1-600x400.jpg 600w, https:\/\/www.praha7.cz\/wp-content\/uploads\/2021\/07\/Orbis-pictus-foto-Marta-Sobotkov\u00e1-webov\u00e1-kvalita-1-768x512.jpg 768w, https:\/\/www.praha7.cz\/wp-content\/uploads\/2021\/07\/Orbis-pictus-foto-Marta-Sobotkov\u00e1-webov\u00e1-kvalita-1-1500x1000.jpg 1500w\" sizes=\"(max-width: 600px) 100vw, 600px\" \/><\/a><\/p>\r\n<p><strong><br \/>\r\npond\u011bl\u00ed 12.&nbsp;\u010dervence | 16.00<\/strong><br \/>\r\n<strong>Divadlo b | iOtes\u00e1nek<\/strong>\u00a0 \u00a0 \u00a0 \u00a0 \u00a0 \u00a0 \u00a0 \u00a0 \u00a0 \u00a0 \u00a0 \u00a0 \u00a0 \u00a0 \u00a0 \u00a0 \u00a0 \u00a0 \u00a0 \u00a0 \u00a0 \u00a0 \u00a0 \u00a0 \u00a0 \u00a0 \u00a0 \u00a0 \u00a0 \u00a0<br \/>\r\nloutkov\u00e1 poh\u00e1dka<\/p>\r\n<p>P\u0159edstaven\u00ed pro d\u011bti od t\u0159\u00ed let o&nbsp;zn\u00e1m\u00e9m nenasytovi. Na motivy klasick\u00e9 poh\u00e1dky, jen Otes\u00e1nek je tro\u0161ku&#8230; jin\u00fd. Je to toti\u017e robot. Zpo\u010d\u00e1tku roztomil\u00fd pomocn\u00edk v&nbsp;dom\u00e1cnosti, postupem \u010dasu ale&#8230; Hrajeme s&nbsp;origin\u00e1ln\u00edmi d\u0159ev\u011bn\u00fdmi marionetkami, zvukov\u00fdmi efekty a&nbsp;nadhledem.<br \/>\r\n<strong><br \/>\r\n<br \/>\r\npond\u011bl\u00ed 19.&nbsp;\u010dervence | 16.00<\/strong><br \/>\r\n<strong>Performance Crossings<br \/>\r\n<\/strong>performance art<\/p>\r\n<p>P\u00e1t\u00fd ro\u010dn\u00edk mezin\u00e1rodn\u00edho festivalu performance artu se op\u011bt zastav\u00ed p\u0159ed kostelem sv. Anton\u00edna,\u00a0kde se p\u0159edstav\u00ed dvojice lok\u00e1ln\u00edch um\u011blky\u0148: Maria Komarova, Alesia Yakubouskaya.<br \/>\r\n<br \/>\r\n<strong><br \/>\r\npond\u011bl\u00ed 26.&nbsp;\u010dervence | 16.00<\/strong><br \/>\r\n<strong>Slam poetry na Strossu vol.6<br \/>\r\n<\/strong>slam poetry<\/p>\r\n<p>Stross Slam vych\u00e1z\u00ed z&nbsp;platformy Cross Slam, kter\u00e1 \u010dtvrt\u00fdm rokem prezentuje nov\u00e9 talenty na slamov\u00e9 sc\u00e9n\u011b. Za tu dobu pro\u0161lo Crossem \u0159ada z&nbsp;dnes nejuzn\u00e1van\u011bj\u0161\u00edch b\u00e1sn\u00edk\u016f a&nbsp;b\u00e1sn\u00ed\u0159ek.<\/p>\r\n<p>&nbsp;<\/p>\r\n<p><strong>pond\u011bl\u00ed 2.&nbsp;srpna | 16.00<\/strong><br \/>\r\n<strong>Becka McFadden | Pohyb\/architektura: Nep\u0159\u00edstupn\u00e9 interi\u00e9ry<br \/>\r\n<\/strong>fyzick\u00e9 divadlo<\/p>\r\n<p>\u201cArchitektonick\u00e9 obrazy jsou sliby a&nbsp;pozv\u00e1nkami\u2026\u201d &#8211; Juhani Pallasmaa<\/p>\r\n<p>Pohyb\/Architektura je autorsk\u00fd projekt na hranici tane\u010dn\u00edho a&nbsp;pohybov\u00e9ho divadla. Z\u00e1kladem projektu je origin\u00e1ln\u00ed improviza\u010dn\u00ed metodologie, ve kter\u00e9m performer spolupracuje s&nbsp;architektonick\u00fdm prostorem jako s&nbsp;partnerem a&nbsp;tan\u010d\u00ed s&nbsp;plochami, texturami, sv\u011btlem, architektonick\u00fdmi prvky a&nbsp;pr\u00e1zdn\u00fdm prostorem.<\/p>\r\n<p>&nbsp;<\/p>\r\n<p><strong>pond\u011bl\u00ed 9.&nbsp;srpna | 16.00<\/strong><br \/>\r\n<strong>Al\u017eb\u011bta Johanka Petrov\u00e1 a&nbsp;Ond\u0159ej Hlo\u017eek | Zastaven\u00ed<br \/>\r\n<\/strong>autorsk\u00e9 \u010dten\u00ed<\/p>\r\n<p>Usly\u0161\u00edte autorsk\u00e9 \u010dten\u00ed Al\u017eb\u011bty Johanky Petrov\u00e9, kter\u00e1 p\u0159i t\u00e9to p\u0159\u00edle\u017eitosti uvede svoji debutovou b\u00e1snicko \u2013 fotografickou sb\u00edrku Zastaveni, kter\u00e1 reflektuje sou\u010dasnou pandemii. Jako host se p\u0159edstav\u00ed opavsk\u00fd b\u00e1sn\u00edk Ond\u0159ej Hlo\u017eek, po\u0159adatel kulturn\u00edch akc\u00ed a&nbsp;liter\u00e1rn\u00ed kritik, kter\u00fd bude \u010d\u00edst ze sv\u00e9ho nov\u011b p\u0159ipravovan\u00e9ho souboru B\u0159idli\u010dn\u00e1 pole. Hudebn\u00ed z\u00e1ti\u0161\u00ed vytvo\u0159\u00ed samo m\u011bsto a&nbsp;duo hudebn\u00edk\u016f z&nbsp;kapely List\u00ed v&nbsp;lou\u017ei.<\/p>\r\n<p><strong><br \/>\r\npond\u011bl\u00ed 23.&nbsp;srpna | 16.00<\/strong><br \/>\r\n<strong>Tereza Causidu | K\u00e1vi\u010dku, jako obvykle<br \/>\r\n<\/strong>autorsk\u00e9 p\u0159edstaven\u00ed<\/p>\r\n<p>Dobr\u00e1 serv\u00edrka se pozn\u00e1 podle toho, \u017ee je na v\u0161echny mil\u00e1 a&nbsp;rychle obsluhuje. Nedejbo\u017ee, aby si v\u0161\u00edmala vtipn\u00fdch zvyk\u016f st\u00e1l\u00fdch i&nbsp;nest\u00e1l\u00fdch host\u016f nebo aby si snad n\u011bkter\u00e9 z&nbsp;nich obl\u00edbila\u2026 Na harmoniku doprov\u00e1z\u00ed Jana Bla\u017ekov\u00e1.<\/p>\r\n<p><strong><br \/>\r\npond\u011bl\u00ed 30.&nbsp;srpna | 16.00<\/strong><br \/>\r\n<strong>\u010ceskoslovensk\u00e9 Klacky | Za dve\u0159mi<br \/>\r\n<\/strong>loutkov\u00e9 p\u0159edstaven\u00ed<\/p>\r\n<p>Dobrodru\u017en\u00e1 loutkov\u00e1 poh\u00e1dka s&nbsp;pap\u00edrov\u00fdmi loutkami pro d\u011bti od p\u011bti let. Hlavolam o&nbsp;nerudn\u00e9m sta\u0159\u00edkovi, zam\u010den\u00fdch dve\u0159\u00edch a&nbsp;dvou zv\u011bdav\u00fdch d\u011btech.<\/p>\r\n<p><strong><br \/>\r\npond\u011bl\u00ed 6.&nbsp;z\u00e1\u0159\u00ed | 16.00 a&nbsp;16.30<\/strong><br \/>\r\n<strong>Geisslers Hofcomoedianten | Orbis pictus<br \/>\r\n<\/strong>pouli\u010dn\u00ed divadlo\u00a0<\/p>\r\n<p>N\u011bkolik obraz\u016f ze slavn\u00e9 u\u010debnice u\u010ditele n\u00e1rod\u016f v&nbsp;pouli\u010dn\u00ed \u00faprav\u011b pro zv\u00eddav\u00fd (o)kruh div\u00e1k\u016f. Mini inscenace na ch\u016fd\u00e1ch rozehr\u00e1vaj\u00edc\u00ed barokn\u011b-moralistn\u00ed p\u00edsemn\u00e9 prameny. Variace na n\u011bkolik hesel z&nbsp;p\u0159elomov\u00e9 obr\u00e1zkov\u00e9 encyklopedie J. A. Komensk\u00e9ho Orbis Pictus (1658).<\/p>\r\n<p><strong><br \/>\r\npond\u011bl\u00ed 6.&nbsp;z\u00e1\u0159\u00ed | 17.00<\/strong><br \/>\r\n<strong>Depresivn\u00ed d\u011bti tou\u017e\u00ed po pen\u011bz\u00edch | Finis Coronat Opus<br \/>\r\n<\/strong>pouli\u010dn\u00ed divadlo\u00a0<\/p>\r\n<p>Kr\u00e1tk\u00e1 ver\u0161ovan\u00e1 epopej o&nbsp;dlouh\u00e9 karant\u00e9n\u011b. Divadlo venku \u2013 na \u017eivo \u2013 bezpe\u010dn\u011b. Um\u011bleck\u00fd gang Depresivn\u00ed d\u011bti tou\u017e\u00ed po pen\u011bz\u00edch uvede ve ve\u0159ejn\u00e9m prostoru kr\u00e1tk\u00e9 ver\u0161ovan\u00e9 drama Jakuba \u010cerm\u00e1ka Finis Coronat Opus, kter\u00e9 vzniklo pro projekt Dekameron 2020 Divadla Na Fidlova\u010dce.<\/p>\r\n<p><strong><br \/>\r\npond\u011bl\u00ed 13.&nbsp;z\u00e1\u0159\u00ed | 16.00<\/strong><br \/>\r\n<strong>Slam poetry na Strossu vol.7\u00a0 \u00a0<\/strong> \u00a0 \u00a0 \u00a0 \u00a0 \u00a0 \u00a0 \u00a0 \u00a0 \u00a0 \u00a0 \u00a0 \u00a0 \u00a0 \u00a0 \u00a0 \u00a0 \u00a0 \u00a0 \u00a0 \u00a0<br \/>\r\nslam poetry<\/p>\r\n<p>Agora p\u0159ed Kostelem sv. Anton\u00edna se op\u011bt otev\u00edr\u00e1 hlasu vych\u00e1zej\u00edc\u00edch i&nbsp;etablovan\u00fdch b\u00e1sn\u00ed\u0159ek a&nbsp;b\u00e1sn\u00edk\u016f.<\/p>\r\n                <\/div>\r\n            <\/div>\r\n        <\/div>\r\n    \r\n<p>&nbsp;<\/p>\r\n<p>&nbsp;<\/p>","protected":false},"excerpt":{"rendered":"[perex] I&nbsp;v&nbsp;leto\u0161n\u00edm roce se m\u016f\u017eete t\u011b\u0161it na p\u0159ehl\u00eddku loutkov\u00e9ho divadla pro nejmen\u0161\u00ed div\u00e1ky, kter\u00e1 prob\u011bhne za kostelem sv. Anton\u00edna na Strossmayerov\u011b n\u00e1m\u011bst\u00ed. Op\u011bt se bude hr\u00e1t ka\u017edou st\u0159edu v\u00a0pr\u016fb\u011bhu letn\u00edch pr\u00e1zdnin. Za\u010d\u00e1tek programu je v\u017edy v&nbsp;16 hodin. Vstup je voln\u00fd.\u00a0[\/perex] &nbsp; 2.&nbsp;7. Jakub Folvar\u010dn\u00fd: Cirkus Prd\u00edtko 45 minut, d\u011btem 4+ &nbsp; Kdo se boj\u00ed, [&hellip;]","protected":false},"author":76,"featured_media":0,"parent":5491,"menu_order":0,"comment_status":"closed","ping_status":"closed","template":"","meta":[],"_links":{"self":[{"href":"https:\/\/www.praha7.cz\/api\/wp\/v2\/pages\/48420"}],"collection":[{"href":"https:\/\/www.praha7.cz\/api\/wp\/v2\/pages"}],"about":[{"href":"https:\/\/www.praha7.cz\/api\/wp\/v2\/types\/page"}],"author":[{"embeddable":true,"href":"https:\/\/www.praha7.cz\/api\/wp\/v2\/users\/76"}],"replies":[{"embeddable":true,"href":"https:\/\/www.praha7.cz\/api\/wp\/v2\/comments?post=48420"}],"version-history":[{"count":34,"href":"https:\/\/www.praha7.cz\/api\/wp\/v2\/pages\/48420\/revisions"}],"predecessor-version":[{"id":90641,"href":"https:\/\/www.praha7.cz\/api\/wp\/v2\/pages\/48420\/revisions\/90641"}],"up":[{"embeddable":true,"href":"https:\/\/www.praha7.cz\/api\/wp\/v2\/pages\/5491"}],"wp:attachment":[{"href":"https:\/\/www.praha7.cz\/api\/wp\/v2\/media?parent=48420"}],"curies":[{"name":"wp","href":"https:\/\/api.w.org\/{rel}","templated":true}]}}