    
{"id":48112,"date":"2021-05-17T17:24:02","date_gmt":"2021-05-17T15:24:02","guid":{"rendered":"https:\/\/www.praha7.cz\/?page_id=48112"},"modified":"2021-11-15T12:51:30","modified_gmt":"2021-11-15T11:51:30","slug":"novely-v-zivnostenskem-zakone","status":"publish","type":"page","link":"https:\/\/www.praha7.cz\/potrebuji-zaridit\/podnikani\/zivnostenske-podnikani\/novely-v-zivnostenskem-zakone\/","title":{"rendered":"Novely v&nbsp;\u017eivnostensk\u00e9m z\u00e1kon\u011b"},"content":{"rendered":"<p style=\"text-align: justify;\">Z\u00e1kon \u010d. 455\/1991 Sb., o&nbsp;\u017eivnostensk\u00e9m podnik\u00e1n\u00ed (\u017eivnostensk\u00fd z\u00e1kon), ve zn\u011bn\u00ed pozd\u011bj\u0161\u00edch p\u0159edpis\u016f (d\u00e1le jen \u201e\u017eivnostensk\u00fd z\u00e1kon\u201c) stanovuje jednotn\u00fd pr\u00e1vn\u00ed re\u017eim pro podnik\u00e1n\u00ed fyzick\u00fdch a&nbsp;pr\u00e1vnick\u00fdch osob v\u00a0re\u017eimu \u017eivnostensk\u00e9ho z\u00e1kona. \u017divnostensk\u00fdm z\u00e1konem se \u0159\u00edd\u00ed vstup do podnik\u00e1n\u00ed a&nbsp;jsou j\u00edm stanovena n\u011bkter\u00e1 z\u00e1kladn\u00ed pravidla, podm\u00ednky a&nbsp;povinnosti, je\u017e mus\u00ed ka\u017ed\u00fd podnikatelsk\u00fd subjekt spl\u0148ovat, a&nbsp;to pro v\u011bt\u0161inu \u010dinnost\u00ed, je\u017e jsou podnik\u00e1n\u00edm. \u010cinnosti, na kter\u00e9 se \u017eivnostensk\u00fd z\u00e1kon nevztahuje, jsou taxativn\u011b uvedeny v\u00a0ust. \u00a7 3 citovan\u00e9ho z\u00e1kona (tzv. negativn\u00ed vymezen\u00ed \u017eivnosti). <strong>Vzhledem k&nbsp;tomu, \u017ee \u017eivnostensk\u00fd z\u00e1kon pat\u0159\u00ed k&nbsp;jedn\u011bm z\u00a0nej\u010dast\u011bji novelizovan\u00fdch pr\u00e1vn\u00edch p\u0159edpis\u016f, n\u00ed\u017ee jsou uvedeny zm\u011bny z\u00a0posledn\u00edho obdob\u00ed.<\/strong><\/p>\r\n<h2 style=\"text-align: justify;\"><strong><br \/>\r\nRok 2021<\/strong><\/h2>\r\n<ul style=\"text-align: justify;\">\r\n\t<li><strong>Z\u00e1kon \u010d. 36\/2021 Sb., <span style=\"text-decoration: underline;\">kter\u00fdm se m\u011bn\u00ed n\u011bkter\u00e9 z\u00e1kony v&nbsp;souvislosti s&nbsp;p\u0159ijet\u00edm z\u00e1kona o&nbsp;Sb\u00edrce pr\u00e1vn\u00edch p\u0159edpis\u016f \u00fazemn\u00edch samospr\u00e1vn\u00fdch celk\u016f a&nbsp;n\u011bkter\u00fdch spr\u00e1vn\u00edch \u00fa\u0159ad\u016f<\/span><br \/>\r\n<\/strong><a href=\"https:\/\/www.zakonyprolidi.cz\/cs\/2021-36\">www.zakonyprolidi.cz\/cs\/2021-36<\/a><strong><br \/>\r\n<\/strong><\/li>\r\n<\/ul>\r\n<ul style=\"list-style-type: circle; text-align: justify;\">\r\n\t<li>z\u00e1kon m\u011bn\u00ed, v\u00a0souvislosti s\u00a0p\u0159ijet\u00edm z\u00e1kona \u010d. 35\/2021 Sb., o&nbsp;Sb\u00edrce pr\u00e1vn\u00edch p\u0159edpis\u016f \u00fazemn\u00edch samospr\u00e1vn\u00fdch celk\u016f a&nbsp;n\u011bkter\u00fdch spr\u00e1vn\u00edch \u00fa\u0159ad\u016f, celou \u0159adu p\u0159edpis\u016f, nap\u0159. z\u00e1kon o&nbsp;obc\u00edch, z\u00e1kon o&nbsp;kraj\u00edch, z\u00e1kon o&nbsp;hl. m. Praze<br \/>\r\n<em>\u00fa\u010dinnost od 01.01.2022<\/em><\/li>\r\n<\/ul>\r\n<ul style=\"text-align: justify;\">\r\n\t<li><strong>Z\u00e1kon \u010d. 35\/2021 Sb., <span style=\"text-decoration: underline;\">o Sb\u00edrce pr\u00e1vn\u00edch p\u0159edpis\u016f \u00fazemn\u00edch samospr\u00e1vn\u00fdch celk\u016f a&nbsp;n\u011bkter\u00fdch spr\u00e1vn\u00edch \u00fa\u0159ad\u016f<\/span><br \/>\r\n<\/strong><a href=\"https:\/\/www.zakonyprolidi.cz\/cs\/2021-35\">www.zakonyprolidi.cz\/cs\/2021-35<\/a><strong><br \/>\r\n<\/strong><\/li>\r\n<\/ul>\r\n<ul style=\"list-style-type: circle; text-align: justify;\">\r\n\t<li>z\u00e1kon zav\u00e1d\u00ed Sb\u00edrku pr\u00e1vn\u00edch p\u0159edpis\u016f \u00fazemn\u00edch samospr\u00e1vn\u00fdch celk\u016f a&nbsp;n\u011bkter\u00fdch spr\u00e1vn\u00edch \u00fa\u0159ad\u016f jako informa\u010dn\u00ed syst\u00e9m ve\u0159ejn\u00e9 spr\u00e1vy. Vyhl\u00e1\u0161en\u00ed a&nbsp;platnost t\u011bchto p\u0159edpis\u016f bude nast\u00e1vat jejich zve\u0159ejn\u011bn\u00edm ve Sb\u00edrce. Ve Sb\u00edrce by d\u00e1le m\u011bla b\u00fdt zve\u0159ej\u0148ov\u00e1na rozhodnut\u00ed \u00dastavn\u00edho soudu o&nbsp;n\u00e1vrhu na zru\u0161en\u00ed p\u0159edpisu obce, rozhodnut\u00ed ministerstev o&nbsp;pozastaven\u00ed \u00fa\u010dinnosti a&nbsp;dal\u0161\u00ed.<br \/>\r\n<em>\u00fa\u010dinnost od 01.01.2022<\/em><\/li>\r\n<\/ul>\r\n<ul style=\"text-align: justify;\">\r\n\t<li><strong>Vyhl\u00e1\u0161ka \u010d. 372\/2020 Sb.,<span style=\"text-decoration: underline;\">Ministerstva pro m\u00edstn\u00ed rozvoj, o&nbsp;v\u00fd\u0161i\u00a0 ro\u010dn\u00edho p\u0159\u00edsp\u011bvku cestovn\u00ed kancel\u00e1\u0159e do garan\u010dn\u00edho fondu pro rok<\/span><\/strong><span style=\"text-decoration: underline;\"> 2021<\/span><br \/>\r\n<a href=\"https:\/\/www.zakonyprolidi.cz\/cs\/2020-372\">www.zakonyprolidi.cz\/cs\/2020-372<\/a><strong><br \/>\r\n<\/strong><\/li>\r\n<\/ul>\r\n<ul style=\"list-style-type: circle; text-align: justify;\">\r\n\t<li>podle nov\u00e9 pr\u00e1vn\u00ed \u00fapravy \u010din\u00ed <strong>v\u00fd\u0161e ro\u010dn\u00edho p\u0159\u00edsp\u011bvku cestovn\u00ed kancel\u00e1\u0159e do garan\u010dn\u00edho fondu od 1.&nbsp;ledna 2021 nula % ze z\u00e1kladu<\/strong> pro v\u00fdpo\u010det ro\u010dn\u00edho p\u0159\u00edsp\u011bvku (\u00a7 1 vyhl\u00e1\u0161ky \u010d. 372\/2020 Sb., o&nbsp;v\u00fd\u0161i ro\u010dn\u00edho p\u0159\u00edsp\u011bvku cestovn\u00ed kancel\u00e1\u0159e do garan\u010dn\u00edho fondu pro rok 2021).<\/li>\r\n\t<li>z\u00e1rove\u0148 se (\u00a7 2 cit. vyhl\u00e1\u0161ky) zru\u0161uje vyhl\u00e1\u0161ka \u010d. 426\/2019 Sb., o&nbsp;v\u00fd\u0161i ro\u010dn\u00edho p\u0159\u00edsp\u011bvku cestovn\u00ed kancel\u00e1\u0159e do garan\u010dn\u00edho fondu pro rok 2020<\/li>\r\n\t<li>vyhl\u00e1\u0161kou je tedy pro r. 2021 stanovena nulov\u00e1 v\u00fd\u0161e tohoto p\u0159\u00edsp\u011bvku. Znamen\u00e1 to, \u017ee u&nbsp;\u017e\u00e1dosti o&nbsp;koncesi pro provozov\u00e1n\u00ed cestovn\u00ed kancel\u00e1\u0159e, resp. o&nbsp;jej\u00ed zm\u011bnu podan\u00e9 v\u00a0roce 2021 se nebude po\u017eadovat potvrzen\u00ed o&nbsp;\u00fahrad\u011b ro\u010dn\u00edho p\u0159\u00edsp\u011bvku do garan\u010dn\u00edho fondu pro tento kalend\u00e1\u0159n\u00ed rok<\/li>\r\n<\/ul>\r\n<h2 style=\"text-align: justify;\"><br \/>\r\nRok 2020<\/h2>\r\n<ul style=\"text-align: justify;\">\r\n\t<li><strong>Z\u00e1kon \u010d. 543\/2020 Sb., <span style=\"text-decoration: underline;\">kter\u00fdm se m\u011bn\u00ed n\u011bkter\u00e9 z\u00e1kony v&nbsp;souvislosti s&nbsp;p\u0159ijet\u00edm z\u00e1kona o&nbsp;odpadech a&nbsp;z\u00e1kona o&nbsp;v\u00fdrobc\u00edch s&nbsp;ukon\u010denou<\/span><\/strong><span style=\"text-decoration: underline;\"> \u017eivotnost\u00ed<\/span><br \/>\r\n<a href=\"https:\/\/www.zakonyprolidi.cz\/cs\/2020-543\">www.zakonyprolidi.cz\/cs\/2020-543<\/a><strong><br \/>\r\n<\/strong><\/li>\r\n<\/ul>\r\n<ul style=\"list-style-type: circle; text-align: justify;\">\r\n\t<li>\u017eivnost\u00ed nen\u00ed \u010dinnost provozovatel\u016f kolektivn\u00edch syst\u00e9m\u016f podle z\u00e1kona o&nbsp;v\u00fdrobc\u00edch s\u00a0ukon\u010denou \u017eivotnost\u00ed (\u00a7 3 odst. 3 p\u00edsm. am) \u017eivnostensk\u00e9ho z\u00e1kona)<br \/>\r\n<em>\u00fa\u010dinnost od 01.01.2021<\/em><\/li>\r\n<\/ul>\r\n<ul style=\"text-align: justify;\">\r\n\t<li><strong>Z\u00e1kon \u010d. 540\/2020 Sb., <span style=\"text-decoration: underline;\">kter\u00fdm se m\u011bn\u00ed z\u00e1kon \u010d. 586\/1992 Sb., o&nbsp;dan\u00edch z&nbsp;p\u0159\u00edjm\u016f, ve zn\u011bn\u00ed pozd\u011bj\u0161\u00edch p\u0159edpis\u016f, a&nbsp;n\u011bkter\u00e9 dal\u0161\u00ed z\u00e1kony v&nbsp;souvislosti s&nbsp;pau\u0161\u00e1ln\u00ed dan\u00ed<\/span><br \/>\r\n<\/strong><a href=\"https:\/\/www.zakonyprolidi.cz\/cs\/2020-540\">www.zakonyprolidi.cz\/cs\/2020-540<\/a><strong><br \/>\r\n<\/strong><\/li>\r\n<\/ul>\r\n<ul style=\"list-style-type: circle; text-align: justify;\">\r\n\t<li>nov\u011b m\u016f\u017ee osoba spole\u010dn\u011b s&nbsp;ohl\u00e1\u0161en\u00edm \u017eivnosti nebo \u017e\u00e1dost\u00ed o&nbsp;koncesi na \u017eivnostensk\u00e9m \u00fa\u0159adu u\u010dinit t\u00e9\u017e pod\u00e1n\u00ed obsahuj\u00edc\u00ed \u00fadaje po\u017eadovan\u00e9 v&nbsp;ozn\u00e1men\u00ed o\u00a0vstupu do pau\u0161\u00e1ln\u00edho re\u017eimu dan\u011b z\u00a0p\u0159\u00edjm\u016f (\u00a745b \u017eivnostensk\u00e9ho z\u00e1kona)<br \/>\r\n<em>\u00fa\u010dinnost od 01.01.2021<\/em><\/li>\r\n<\/ul>\r\n<ul style=\"text-align: justify;\">\r\n\t<li><strong>Z\u00e1kon \u010d. 527\/2020 Sb., <span style=\"text-decoration: underline;\">kter\u00fdm se m\u011bn\u00ed z\u00e1kon \u010d. 253\/2008 Sb., o&nbsp;n\u011bkter\u00fdch opat\u0159en\u00edch proti legalizaci v\u00fdnos\u016f z&nbsp;trestn\u00e9 \u010dinnosti a&nbsp;financov\u00e1n\u00ed terorismu, ve zn\u011bn\u00ed pozd\u011bj\u0161\u00edch p\u0159edpis\u016f, a&nbsp;dal\u0161\u00ed souvisej\u00edc\u00ed z\u00e1kony, z\u00e1kony souvisej\u00edc\u00ed s&nbsp;p\u0159ijet\u00edm z\u00e1kona o&nbsp;evidenci skute\u010dn\u00fdch majitel\u016f a&nbsp;z\u00e1kon \u010d. 186\/2016 Sb., o&nbsp;hazardn\u00edch hr\u00e1ch, ve zn\u011bn\u00ed pozd\u011bj\u0161\u00edch p\u0159edpis\u016f<\/span><br \/>\r\n<\/strong><a href=\"https:\/\/www.zakonyprolidi.cz\/cs\/2020-527\">www.zakonyprolidi.cz\/cs\/2020-527<\/a><strong><br \/>\r\n<\/strong><\/li>\r\n<\/ul>\r\n<ul style=\"list-style-type: circle; text-align: justify;\">\r\n\t<li>nov\u011b se stanovuj\u00ed p\u0159ek\u00e1\u017eky provozov\u00e1n\u00ed n\u011bkter\u00fdch \u017eivnost\u00ed pr\u00e1vnick\u00fdmi osobami, dopl\u0148uje se P\u0159\u00edloha \u010d. 6 \u201eSeznam \u017eivnost\u00ed a&nbsp;obor\u016f \u010dinnost\u00ed \u017eivnosti voln\u00e9, jejich\u017e v\u00fdkon pr\u00e1vnickou osobou vy\u017eaduje bez\u00fahonnost jej\u00edho skute\u010dn\u00e9ho majitele a&nbsp;osoby, kter\u00e1 je \u010dlenem jej\u00edho statut\u00e1rn\u00edho org\u00e1nu, z\u00e1stupcem pr\u00e1vnick\u00e9 osoby v&nbsp;tomto org\u00e1nu anebo v&nbsp;postaven\u00ed obdobn\u00e9m postaven\u00ed \u010dlena statut\u00e1rn\u00edho org\u00e1nu, a&nbsp;obor\u016f \u010dinnost\u00ed \u017eivnosti voln\u00e9 podl\u00e9haj\u00edc\u00edch povinn\u00e9mu ohl\u00e1\u0161en\u00ed\u201c<\/li>\r\n\t<li>\u017eivnost v\u00e1zanou &#8222;<strong>\u010cinnost \u00fa\u010detn\u00edch poradc\u016f, veden\u00ed \u00fa\u010detnictv\u00ed, veden\u00ed da\u0148ov\u00e9 evidence<\/strong>&#8220; a&nbsp;obor \u010dinnosti \u017eivnosti voln\u00e9 podle p\u0159\u00edlohy \u010d. 6 k&nbsp;tomuto z\u00e1konu, tedy\u00a0 &#8222;<strong>Poskytov\u00e1n\u00ed slu\u017eeb pro pr\u00e1vnick\u00e9 osoby a&nbsp;sv\u011b\u0159eneck\u00e9 fondy<\/strong>&#8220; a&nbsp;&#8222;<strong>Poskytov\u00e1n\u00ed slu\u017eeb spojen\u00fdch s&nbsp;virtu\u00e1ln\u00edm aktivem<\/strong>&#8220; nem\u016f\u017ee provozovat pr\u00e1vnick\u00e1 osoba, pokud jej\u00ed skute\u010dn\u00fd majitel podle z\u00e1kona o&nbsp;n\u011bkter\u00fdch opat\u0159en\u00edch proti legalizaci v\u00fdnos\u016f z&nbsp;trestn\u00e9 \u010dinnosti a&nbsp;financov\u00e1n\u00ed terorismu nen\u00ed bez\u00fahonn\u00fd nebo fyzick\u00e1 osoba, kter\u00e1 je \u010dlenem jej\u00edho statut\u00e1rn\u00edho org\u00e1nu, z\u00e1stupcem pr\u00e1vnick\u00e9 osoby v&nbsp;tomto org\u00e1nu anebo v&nbsp;postaven\u00ed obdobn\u00e9m postaven\u00ed \u010dlena statut\u00e1rn\u00edho org\u00e1nu, nen\u00ed bez\u00fahonn\u00e1 (\u00a7 8a \u017eivnostensk\u00e9ho z\u00e1kona)<\/li>\r\n\t<li>obory \u010dinnost\u00ed \u017eivnosti voln\u00e9 &#8222;<strong>Poskytov\u00e1n\u00ed slu\u017eeb pro pr\u00e1vnick\u00e9 osoby a&nbsp;sv\u011b\u0159eneck\u00e9 fondy<\/strong>&#8220; a&nbsp;&#8222;<strong>Poskytov\u00e1n\u00ed slu\u017eeb spojen\u00fdch s&nbsp;virtu\u00e1ln\u00edm aktivem<\/strong>&#8220; lze vykon\u00e1vat pouze v&nbsp;p\u0159\u00edpad\u011b, \u017ee byly ohl\u00e1\u0161eny (\u00a7 28 \u017eivnostensk\u00e9ho z\u00e1kona)<br \/>\r\n<em>\u00fa\u010dinnost\u00a0 od 01.01.2021<\/em><\/li>\r\n<\/ul>\r\n<ul style=\"text-align: justify;\">\r\n\t<li><strong>Z\u00e1kon \u010d. 422\/2020 Sb., <span style=\"text-decoration: underline;\">kter\u00fdm se m\u011bn\u00ed z\u00e1kon \u010d. 117\/2020 Sb., kter\u00fdm se m\u011bn\u00ed z\u00e1kon \u010d.\u00a0455\/1991 Sb., o&nbsp;\u017eivnostensk\u00e9m podnik\u00e1n\u00ed, ve zn\u011bn\u00ed pozd\u011bj\u0161\u00edch p\u0159edpis\u016f, a&nbsp;dal\u0161\u00ed souvisej\u00edc\u00ed z\u00e1kony<\/span><br \/>\r\n<\/strong><a href=\"https:\/\/www.zakonyprolidi.cz\/cs\/2020-422\">www.zakonyprolidi.cz\/cs\/2020-422<\/a><strong><br \/>\r\n<\/strong><\/li>\r\n<\/ul>\r\n<ul style=\"list-style-type: circle; text-align: justify;\">\r\n\t<li>dopl\u0148uje se p\u0159echodn\u00e9 ustanoven\u00ed, na jeho\u017e z\u00e1klad\u011b je <strong>vyd\u00e1n\u00ed \u010desk\u00e9ho n\u00e1rodn\u00edho pr\u016fkazu pr\u016fvodce do\u010dasn\u011b, tj. do 28.&nbsp;\u00fanora 2021, osvobozeno od \u00fahrady spr\u00e1vn\u00edho poplatku<\/strong> \u2013 bl\u00ed\u017ee viz z\u00e1kon \u010d. 117\/2020 Sb.<br \/>\r\n<em>\u00fa\u010dinnost od 01.11.2020<\/em><\/li>\r\n<\/ul>\r\n<ul style=\"text-align: justify;\">\r\n\t<li><strong>Z\u00e1kon \u010d. 336\/2020 Sb., <span style=\"text-decoration: underline;\">kter\u00fdm se m\u011bn\u00ed z\u00e1kon \u010d. 19\/1997 Sb., o&nbsp;n\u011bkter\u00fdch opat\u0159en\u00edch souvisej\u00edc\u00edch se z\u00e1kazem chemick\u00fdch zbran\u00ed a&nbsp;o&nbsp;zm\u011bn\u011b a&nbsp;dopln\u011bn\u00ed z\u00e1kona \u010d. 50\/1976 Sb., o&nbsp;\u00fazemn\u00edm pl\u00e1nov\u00e1n\u00ed a&nbsp;stavebn\u00edm \u0159\u00e1du (stavebn\u00ed z\u00e1kon), ve zn\u011bn\u00ed\u00a0pozd\u011bj\u0161\u00edch p\u0159edpis\u016f, z\u00e1kona \u010d. 455\/1991 Sb., o&nbsp;\u017eivnostensk\u00e9m podnik\u00e1n\u00ed (\u017eivnostensk\u00fd z\u00e1kon), ve zn\u011bn\u00ed pozd\u011bj\u0161\u00edch p\u0159edpis\u016f, a&nbsp;z\u00e1kona \u010d. 140\/1961 Sb., trestn\u00ed z\u00e1kon, ve zn\u011bn\u00ed pozd\u011bj\u0161\u00edch p\u0159edpis\u016f, a&nbsp;dal\u0161\u00ed souvisej\u00edc\u00ed z\u00e1kony<\/span><br \/>\r\n<\/strong><a href=\"https:\/\/www.zakonyprolidi.cz\/cs\/2020-336\">www.zakonyprolidi.cz\/cs\/2020-336<\/a><\/li>\r\n<\/ul>\r\n<ul style=\"list-style-type: circle; text-align: justify;\">\r\n\t<li>V \u00a7 3 odst. 3 p\u00edsm. u) \u017eivnostensk\u00e9ho z\u00e1kona se slova \u201evysoce nebezpe\u010dn\u00fdmi l\u00e1tkami\u201c nahrazuj\u00ed slovy \u201el\u00e1tkami za\u0159azen\u00fdmi do seznamu 1 v&nbsp;p\u0159\u00edloze \u00damluvy o&nbsp;z\u00e1kazu v\u00fdvoje, v\u00fdroby, hromad\u011bn\u00ed z\u00e1sob a&nbsp;pou\u017eit\u00ed chemick\u00fdch zbran\u00ed a&nbsp;o&nbsp;jejich zni\u010den\u00ed\u201c (nespad\u00e1 pod re\u017eim \u017eivnostensk\u00e9ho z\u00e1kona)<br \/>\r\n<em>\u00fa\u010dinnost od 01.01.2021\u00a0<\/em>\u00a0\u00a0\u00a0<br \/>\r\n\u00a0\u00a0\u00a0<\/li>\r\n<\/ul>\r\n<ul style=\"text-align: justify;\">\r\n\t<li><strong>Z\u00e1kon \u010d. 238\/2020 Sb., <span style=\"text-decoration: underline;\">kter\u00fdm se m\u011bn\u00ed z\u00e1kon \u010d. 634\/1992 Sb., o&nbsp;ochran\u011b spot\u0159ebitele,\u00a0ve zn\u011bn\u00ed pozd\u011bj\u0161\u00edch p\u0159edpis\u016f, a&nbsp;dal\u0161\u00ed souvisej\u00edc\u00ed z\u00e1kony<\/span><br \/>\r\n<\/strong><a href=\"https:\/\/www.zakonyprolidi.cz\/cs\/2020-238\">www.zakonyprolidi.cz\/cs\/2020-238<\/a><strong><br \/>\r\n<\/strong><\/li>\r\n<\/ul>\r\n<ul style=\"list-style-type: circle; text-align: justify;\">\r\n\t<li>do\u0161lo k&nbsp;<strong>vypu\u0161t\u011bn\u00ed ust. \u00a7 59 \u017eivnostensk\u00e9ho z\u00e1kona (opr\u00e1vn\u011bn\u00ed rozhodnut\u00edm zak\u00e1zat podnikateli provozuj\u00edc\u00edmu cestovn\u00ed agenturu nebo cestovn\u00ed kancel\u00e1\u0159 protipr\u00e1vn\u00ed jedn\u00e1n\u00ed, kter\u00e9ho se kontrolovan\u00e1 osoba dopustila na \u00fazem\u00ed Evropsk\u00fdch spole\u010denstv\u00ed)<\/strong><\/li>\r\n\t<li>d\u016fvodem p\u0159ijet\u00ed pr\u00e1vn\u00ed \u00fapravy je zaji\u0161t\u011bn\u00ed adaptace n\u00e1rodn\u00edho pr\u00e1va na nov\u011b p\u0159ijat\u00e9 na\u0159\u00edzen\u00ed EU v&nbsp;oblasti p\u0159eshrani\u010dn\u00ed spolupr\u00e1ce dozorov\u00fdch org\u00e1n\u016f p\u0159\u00edslu\u0161n\u00fdch k\u00a0vym\u00e1h\u00e1n\u00ed dodr\u017eov\u00e1n\u00ed z\u00e1kon\u016f na ochranu spot\u0159ebitel\u016f. Novela vymezuje \u00fast\u0159edn\u00ed sty\u010dn\u00fd \u00fa\u0159ad, org\u00e1ny p\u0159\u00edslu\u0161n\u00e9 pro vym\u00e1h\u00e1n\u00ed konkr\u00e9tn\u00edch pr\u00e1vn\u00edch p\u0159edpis\u016f EU uveden\u00fdch v&nbsp;p\u0159\u00edloze na\u0159\u00edzen\u00ed (EU) 2017\/2394 a&nbsp;dozorov\u00e9 pravomoci ve vztahu k\u00a0vym\u00e1h\u00e1n\u00ed povinnost\u00ed stanoven\u00fdch v&nbsp;adaptovan\u00e9m na\u0159\u00edzen\u00ed, kter\u00e9 nejsou v&nbsp;na\u0161em pr\u00e1vn\u00edm \u0159\u00e1du zakotveny, nebo pravomoci, kter\u00e9 nemohou b\u00fdt dosud vyu\u017e\u00edv\u00e1ny vzhledem k&nbsp;tomu, \u017ee poru\u0161en\u00ed povinnosti nen\u00ed p\u0159estupkem. Krom\u011b toho stanov\u00ed proces ud\u011blov\u00e1n\u00ed opr\u00e1vn\u011bn\u00ed spot\u0159ebitelsk\u00fdm organizac\u00edm poskytovat org\u00e1n\u016fm p\u0159\u00edslu\u0161n\u00fdm pro vym\u00e1h\u00e1n\u00ed dodr\u017eov\u00e1n\u00ed pr\u00e1vn\u00edch p\u0159edpis\u016f Evropsk\u00e9 unie na ochranu z\u00e1jm\u016f spot\u0159ebitel\u016f jmenovan\u00fdm \u010dlensk\u00fdmi st\u00e1ty Evropsk\u00e9 unie, Evropsk\u00e9ho hospod\u00e1\u0159sk\u00e9ho prostoru a\u00a0Evropsk\u00e9 komisi extern\u00ed varov\u00e1n\u00ed t\u00fdkaj\u00edc\u00ed se podez\u0159en\u00ed na protipr\u00e1vn\u00ed jedn\u00e1n\u00ed uvnit\u0159 Unie a&nbsp;p\u0159\u00edpadn\u011b t\u00e9\u017e souvisej\u00edc\u00ed informace<\/li>\r\n\t<li>Z\u00e1konod\u00e1rce stanovil soubor pravidel obsa\u017een\u00fdch v&nbsp;z\u00e1kon\u011b o&nbsp;ochran\u011b spot\u0159ebitele, kter\u00e1 budou pou\u017eiteln\u00e1 pro p\u0159eshrani\u010dn\u00ed dozor v\u0161emi p\u0159\u00edslu\u0161n\u00fdmi dozorov\u00fdmi org\u00e1ny, a&nbsp;to s&nbsp;p\u0159ihl\u00e9dnut\u00edm k&nbsp;zaji\u0161t\u011bn\u00ed p\u0159ehlednosti a&nbsp;srozumitelnosti, jako\u017e i&nbsp;pos\u00edlen\u00ed pr\u00e1vn\u00ed jistoty t\u011bch, kdo mus\u00ed dodr\u017eovat povinnosti vypl\u00fdvaj\u00edc\u00ed z&nbsp;pr\u00e1va na ochranu spot\u0159ebitele, i&nbsp;p\u0159\u00edslu\u0161n\u00fdch dozorov\u00fdch org\u00e1n\u016f<br \/>\r\n<em>\u00fa\u010dinnost od 01.07.2020<\/em><\/li>\r\n<\/ul>\r\n<ul style=\"text-align: justify;\">\r\n\t<li><strong>Z\u00e1kon \u010d. 190\/2020 Sb., <span style=\"text-decoration: underline;\">kter\u00fdm se m\u011bn\u00ed z\u00e1kon \u010d. 39\/2020 Sb., o&nbsp;realitn\u00edm zprost\u0159edkov\u00e1n\u00ed a&nbsp;o&nbsp;zm\u011bn\u011b souvisej\u00edc\u00edch z\u00e1kon\u016f (z\u00e1kon o&nbsp;realitn\u00edm zprost\u0159edkov\u00e1n\u00ed)<\/span><br \/>\r\n<\/strong><a href=\"https:\/\/www.zakonyprolidi.cz\/cs\/2020-190\">www.zakonyprolidi.cz\/cs\/2020-190<\/a><strong><br \/>\r\n<\/strong><\/li>\r\n<\/ul>\r\n<ul style=\"list-style-type: circle; text-align: justify;\">\r\n\t<li><strong>byla prodlou\u017eena lh\u016fta pro ohl\u00e1\u0161en\u00ed v\u00e1zan\u00e9 \u017eivnosti &#8222;Realitn\u00ed zprost\u0159edkov\u00e1n\u00ed&#8220; na 12 m\u011bs\u00edc\u016f<\/strong><\/li>\r\n\t<li>podnikatel, kter\u00fd <strong>byl p\u0159ede dnem nabyt\u00ed \u00fa\u010dinnosti\u00a0z\u00e1kona \u010d. 39\/2020 Sb. opr\u00e1vn\u011bn poskytovat realitn\u00ed zprost\u0159edkov\u00e1n\u00ed v&nbsp;r\u00e1mci \u017eivnosti voln\u00e9 \u201eV\u00fdroba, obchod a\u00a0slu\u017eby neuveden\u00e9 v&nbsp;p\u0159\u00edloh\u00e1ch 1 a\u017e 3 \u017eivnostensk\u00e9ho z\u00e1kona\u201c a&nbsp;hodl\u00e1 v\u00a0poskytov\u00e1n\u00ed realitn\u00edho zprost\u0159edkov\u00e1n\u00ed pokra\u010dovat, je povinen ve lh\u016ft\u011b\u00a012 m\u011bs\u00edc\u016f ode dne nabyt\u00ed \u00fa\u010dinnosti\u00a0tohoto\u00a0z\u00e1kona (do 03.03.2021),\u00a0ohl\u00e1sit \u017eivnostensk\u00e9mu \u00fa\u0159adu v\u00e1zanou \u017eivnost \u201eRealitn\u00ed zprost\u0159edkov\u00e1n\u00ed\u201c <\/strong>a<strong> dolo\u017eit doklady prokazuj\u00edc\u00ed spln\u011bn\u00ed podm\u00ednky odborn\u00e9 zp\u016fsobilosti<\/strong> pro provozov\u00e1n\u00ed t\u00e9to v\u00e1zan\u00e9 \u017eivnosti, jinak uplynut\u00edm t\u00e9to doby jeho opr\u00e1vn\u011bn\u00ed k&nbsp;poskytov\u00e1n\u00ed realitn\u00edho zprost\u0159edkov\u00e1n\u00ed v&nbsp;r\u00e1mci\u00a0\u017eivnosti ohla\u0161ovac\u00ed voln\u00e9 zanik\u00e1 (\u00fakony nepodl\u00e9haj\u00ed spr\u00e1vn\u00edmu poplatku)<br \/>\r\n<em>\u00fa\u010dinnost od 25.04.2020<\/em><\/li>\r\n<\/ul>\r\n<ul style=\"text-align: justify;\">\r\n\t<li><strong>Z\u00e1kon \u010d. 189\/2020 Sb., <span style=\"text-decoration: underline;\">kter\u00fdm se m\u011bn\u00ed z\u00e1kon \u010d. 159\/1999 Sb., o&nbsp;n\u011bkter\u00fdch podm\u00ednk\u00e1ch podnik\u00e1n\u00ed a&nbsp;o&nbsp;v\u00fdkonu n\u011bkter\u00fdch \u010dinnost\u00ed v&nbsp;oblasti cestovn\u00edho ruchu, ve zn\u011bn\u00ed pozd\u011bj\u0161\u00edch p\u0159edpis\u016f<\/span><br \/>\r\n<\/strong><a href=\"https:\/\/www.zakonyprolidi.cz\/cs\/2020-189\">www.zakonyprolidi.cz\/cs\/2020-189<\/a><strong><br \/>\r\n<br \/>\r\n<\/strong><\/li>\r\n\t<li>z\u00e1kon ukl\u00e1d\u00e1 online zprost\u0159edkovatel\u016fm slu\u017eeb v\u00a0cestovn\u00edm ruchu sd\u011blit obecn\u00edmu \u017eivnostensk\u00e9mu \u00fa\u0159adu do 30 dn\u016f od doru\u010den\u00ed jeho v\u00fdzvy po\u010det uzav\u0159en\u00fdch smluv o&nbsp;slu\u017eb\u011b cestovn\u00edho ruchu za obdob\u00ed uveden\u00e9 ve v\u00fdzv\u011b, celkovou cenu za poskytnut\u00e9 slu\u017eby, adresu m\u00edsta, na kter\u00e9 jsou tyto slu\u017eby poskytov\u00e1ny a&nbsp;ozna\u010den\u00ed poskytovatele slu\u017eby, se kter\u00fdm z\u00e1kazn\u00edkovi zprost\u0159edkoval uzav\u0159en\u00ed smlouvy souvisej\u00edc\u00ed s&nbsp;poskytov\u00e1n\u00edm slu\u017eeb cestovn\u00edho ruchu<br \/>\r\n<em>\u00fa\u010dinnost od 24.04.2020<br \/>\r\n<br \/>\r\n<\/em><\/li>\r\n\t<li><strong>Z\u00e1kon \u010d. 117\/2020 Sb., <span style=\"text-decoration: underline;\">kter\u00fdm se m\u011bn\u00ed z\u00e1kon \u010d. 455\/1991 Sb., o&nbsp;\u017eivnostensk\u00e9m podnik\u00e1n\u00ed (\u017eivnostensk\u00fd z\u00e1kon), ve zn\u011bn\u00ed pozd\u011bj\u0161\u00edch p\u0159edpis\u016f, a&nbsp;dal\u0161\u00ed souvisej\u00edc\u00ed z\u00e1kony \u2013 novelizov\u00e1n z\u00e1konem \u010d. 422\/2020 Sb.,<\/span><br \/>\r\n<\/strong><a href=\"https:\/\/www.zakonyprolidi.cz\/cs\/2020-117\">www.zakonyprolidi.cz\/cs\/2020-117<\/a><strong><br \/>\r\n<\/strong><\/li>\r\n<\/ul>\r\n<ul style=\"list-style-type: circle; text-align: justify;\">\r\n\t<li>z\u00e1konem byla p\u0159ijata <strong>pr\u00e1vn\u00ed regulace pr\u016fvodcovsk\u00e9 \u010dinnosti<\/strong><\/li>\r\n\t<li>fyzick\u00e1 osoba m\u016f\u017ee spole\u010dn\u011b s&nbsp;ohl\u00e1\u0161en\u00edm \u017eivnosti nebo \u017e\u00e1dost\u00ed o&nbsp;koncesi na \u017eivnostensk\u00e9m \u00fa\u0159adu podat\u00a0<strong>\u017e\u00e1dost o&nbsp;vyd\u00e1n\u00ed \u010desk\u00e9ho n\u00e1rodn\u00edho pr\u016fkazu pr\u016fvodce<\/strong>. \u017divnostensk\u00fd \u00fa\u0159ad n\u00e1sledn\u011b \u017e\u00e1dost p\u0159ed\u00e1 Ministerstvu pro m\u00edstn\u00ed rozvoj.<\/li>\r\n\t<li>citovan\u00fd z\u00e1kon zav\u00e1d\u00ed definici pr\u016fvodce cestovn\u00edho ruchu, pr\u016fkaz pr\u016fvodce, upravuje vyd\u00e1v\u00e1n\u00ed pr\u016fkazu a&nbsp;d\u00e1le zav\u00e1d\u00ed seznam pr\u016fvodc\u016f<\/li>\r\n\t<li>pr\u016fvodcem cestovn\u00edho ruchu je fyzick\u00e1 osoba, kter\u00e1 poskytuje skupin\u011b osob nebo jednotlivc\u016fm v\u00fdklad o&nbsp;kulturn\u00edm, historick\u00e9m a&nbsp;p\u0159\u00edrodn\u00edm d\u011bdictv\u00ed zem\u011b a&nbsp;sou\u010dasn\u00e9m \u017eivot\u011b v&nbsp;n\u00ed<\/li>\r\n\t<li>\u010dinnost pr\u016fvodce m\u016f\u017ee nov\u011b od 01.03.2021 vykon\u00e1vat pouze ta osoba, kter\u00e9 byl vyd\u00e1n \u010desk\u00fd n\u00e1rodn\u00ed pr\u016fkaz pr\u016fvodce. Pr\u016fvodce je povinen m\u00edt po celou dobu v\u00fdkladu na \u00fazem\u00ed \u010cR pr\u016fkaz na viditeln\u00e9m m\u00edst\u011b sv\u00e9ho od\u011bvu<\/li>\r\n\t<li>uveden\u00e1 povinnost se nevztahuje na horsk\u00e9 pr\u016fvodce a&nbsp;d\u00e1le na pr\u016fvodce v&nbsp;objektech (hrady, z\u00e1mky, muzea v\u010d. muze\u00ed v&nbsp;p\u0159\u00edrod\u011b apod.) a&nbsp;na pr\u016fvodce vykon\u00e1vaj\u00edc\u00ed \u010dinnost v&nbsp;\u00fazem\u00edch p\u0159\u00edstupn\u00fdch ve\u0159ejnosti vymezen\u00fdch v&nbsp;z\u00e1kon\u011b o&nbsp;ochran\u011b p\u0159\u00edrody a&nbsp;krajiny. Tito pr\u016fvodci nemus\u00ed m\u00edt pr\u016fkaz pr\u016fvodce cestovn\u00edho ruchu<\/li>\r\n\t<li>pr\u016fkaz pr\u016fvodce cestovn\u00edho ruchu nemus\u00ed m\u00edt ani pr\u016fvodci z&nbsp;jin\u00fdch \u010dlensk\u00fdch st\u00e1t\u016f EU, Evropsk\u00e9ho hospod\u00e1\u0159sk\u00e9ho prostoru nebo \u0160v\u00fdcarska, pokud pr\u016fvodcovsk\u00e9 slu\u017eby na \u00fazem\u00ed \u010cR poskytuj\u00ed do\u010dasn\u011b a&nbsp;p\u0159ed prvn\u00edm poskytnut\u00edm slu\u017eby ozn\u00e1m\u00ed tuto skute\u010dnost ministerstvu<br \/>\r\n<a href=\"https:\/\/www.mmr.cz\/cs\/microsites\/pruvodci\/cesky-narodni-prukaz-pruvodce\">www.mmr.cz\/cs\/microsites\/pruvodci\/cesky-narodni-prukaz-pruvodce<\/a><br \/>\r\n<a href=\"https:\/\/www.mmr.cz\/getmedia\/d760b7fd-ba89-41a0-99e0-d546206e07e2\/Zadost-o-vydani-prukazu-pruvodce_v3_1.pdf.aspx?ext=.pdf\">www.mmr.cz\/getmedia\/d760b7fd-ba89-41a0-99e0-d546206e07e2\/Zadost-o-vydani-prukazu-pruvodce<\/a><br \/>\r\n<em>\u00fa\u010dinnost od 01.01.2021 (s&nbsp;v\u00fdjimkou ustanoven\u00ed \u010dl. II bodu 4 (\u00a7 12 odst. 2), kter\u00e9 nab\u00fdv\u00e1 \u00fa\u010dinnosti dnem 01.03.&nbsp;2021)<\/em><\/li>\r\n<\/ul>\r\n<ul style=\"list-style-type: circle; text-align: justify;\">\r\n\t<li><strong>Z\u00e1kon \u010d. 115\/2020 Sb., <span style=\"text-decoration: underline;\">kter\u00fdm se m\u011bn\u00ed z\u00e1kon \u010d. 111\/1994 Sb., o&nbsp;silni\u010dn\u00ed doprav\u011b, ve zn\u011bn\u00ed pozd\u011bj\u0161\u00edch p\u0159edpis\u016f, a&nbsp;dal\u0161\u00ed souvisej\u00edc\u00ed z\u00e1kony<\/span><br \/>\r\n<\/strong><a href=\"https:\/\/www.zakonyprolidi.cz\/cs\/2020-115\">www.zakonyprolidi.cz\/cs\/2020-115<\/a><strong><br \/>\r\n<\/strong>\u00a0\u00a0\u00a0\u00a0\u00a0\u00a0\u00a0\u00a0\u00a0\u00a0\u00a0\u00a0\u00a0\u00a0\u00a0\u00a0\u00a0\u00a0\u00a0\u00a0\u00a0\u00a0\u00a0\u00a0\u00a0\u00a0\u00a0\u00a0\u00a0\u00a0\u00a0<\/li>\r\n\t<li>v souvislosti s&nbsp;upu\u0161t\u011bn\u00edm od vyd\u00e1v\u00e1n\u00ed stanoviska dopravn\u00edho \u00fa\u0159adu k&nbsp;podan\u00e9 \u017e\u00e1dosti o&nbsp;koncesi pro provozov\u00e1n\u00ed silni\u010dn\u00ed dopravy mal\u00fdmi vozidly je odpov\u00eddaj\u00edc\u00ed zm\u011bna \u00fapravy vymezen\u00ed org\u00e1n\u016f st\u00e1tn\u00ed spr\u00e1vy, kter\u00e9 se vyjad\u0159uj\u00ed k&nbsp;\u017e\u00e1dosti o&nbsp;koncesi, v\u00a0\u017eivnostensk\u00e9m z\u00e1kon\u011b<\/li>\r\n\t<li>k \u017e\u00e1dosti o&nbsp;koncesi k&nbsp;provozov\u00e1n\u00ed tzv. \u201emal\u00e9 dopravy\u201c \u2013 <strong>\u201eSilni\u010dn\u00ed motorov\u00e9 dopravy n\u00e1kladn\u00edmi vozidly nebo j\u00edzdn\u00edmi soupravami o&nbsp;nejv\u011bt\u0161\u00ed povolen\u00e9 hmotnosti nep\u0159esahuj\u00edc\u00ed 3,5 tuny, jsou-li ur\u010deny k&nbsp;p\u0159eprav\u011b zv\u00ed\u0159at nebo v\u011bc\u00ed\u201c, <\/strong>a\u00a0k \u017e\u00e1dosti o\u00a0koncesi k&nbsp;provozov\u00e1n\u00ed<strong> \u201eSilni\u010dn\u00ed motorov\u00e9 dopravy osobn\u00edmi vozidly ur\u010den\u00fdmi pro p\u0159epravu nejv\u00fd\u0161e 9 osob v\u010detn\u011b \u0159idi\u010de\u201c se\u00a0ji\u017e nevy\u017eaduje stanovisko dopravn\u00edho \u00fa\u0159adu<\/strong>, \u010d\u00edm\u017e se podstatn\u011b zkr\u00e1t\u00ed rozhodovac\u00ed proces o&nbsp;ud\u011blen\u00ed koncese\u00a0\u00a0<br \/>\r\n<em>\u00fa\u010dinnost od 01.07.2020<\/em><\/li>\r\n<\/ul>\r\n<ul style=\"text-align: justify;\">\r\n\t<li><strong>Z\u00e1kon \u010d. 39\/2020 Sb., <span style=\"text-decoration: underline;\">o realitn\u00edm zprost\u0159edkov\u00e1n\u00ed a&nbsp;o&nbsp;zm\u011bn\u011b souvisej\u00edc\u00edch z\u00e1kon\u016f (z\u00e1kon o&nbsp;realitn\u00edm zprost\u0159edkov\u00e1n\u00ed)<\/span><br \/>\r\n<\/strong><a href=\"https:\/\/www.zakonyprolidi.cz\/cs\/2020-39\">www.zakonyprolidi.cz\/cs\/2020-39<\/a>\u00a0<\/li>\r\n<\/ul>\r\n<ul style=\"list-style-type: circle;\">\r\n\t<li style=\"text-align: justify;\">novou pr\u00e1vn\u00ed \u00fapravou se za\u0159azuje \u010dinnost realitn\u00edho zprost\u0159edkovatele do v\u00e1zan\u00e9 \u017eivnosti \u201e<strong>Realitn\u00ed zprost\u0159edkov\u00e1n\u00ed<\/strong>\u201c, pro ni\u017e se stanovuje odborn\u00e1 zp\u016fsobilost spo\u010d\u00edvaj\u00edc\u00ed ve vzd\u011bl\u00e1n\u00ed, nebo v&nbsp;kombinaci vzd\u011bl\u00e1n\u00ed a&nbsp;praxe nebo v&nbsp;profesn\u00ed kvalifikaci<\/li>\r\n\t<li style=\"text-align: justify;\">u \u017eivnosti voln\u00e9 se obor \u010dinnosti 58.&nbsp;nov\u011b vymezuje jako \u201eN\u00e1kup, prodej, spr\u00e1va a\u00a0\u00fadr\u017eba nemovitosti\u201c<\/li>\r\n\t<li style=\"text-align: justify;\">zav\u00e1d\u00ed se povinn\u00e9 poji\u0161t\u011bn\u00ed odpov\u011bdnosti realitn\u00edch zprost\u0159edkovatel\u016f za p\u0159\u00edpadn\u011b zp\u016fsobenou \u00fajmu a&nbsp;stanov\u00ed se p\u00edsemn\u00e1 forma pro smlouvu o&nbsp;realitn\u00edm zprost\u0159edkov\u00e1n\u00ed<\/li>\r\n\t<li style=\"text-align: justify;\">stanovuje se podm\u00ednka bez\u00fahonnosti, kterou mus\u00ed spl\u0148ovat podnikatel \u2013 fyzick\u00e1 osoba a&nbsp;u&nbsp;pr\u00e1vnick\u00e9 osoby skute\u010dn\u00fd majitel a&nbsp;fyzick\u00e1 osoba, kter\u00e1 je \u010dlenem statut\u00e1rn\u00edho org\u00e1nu, z\u00e1stupcem pr\u00e1vnick\u00e9 osoby v&nbsp;tomto org\u00e1nu nebo v&nbsp;postaven\u00ed obdobn\u00e9m postaven\u00ed \u010dlena statut\u00e1rn\u00edho org\u00e1nu<\/li>\r\n\t<li style=\"text-align: justify;\">podnikatel, kter\u00fd byl p\u0159ede dnem nabyt\u00ed \u00fa\u010dinnosti tohoto z\u00e1kona opr\u00e1vn\u011bn poskytovat realitn\u00ed zprost\u0159edkov\u00e1n\u00ed v&nbsp;r\u00e1mci \u017eivnosti voln\u00e9 \u201eV\u00fdroba, obchod a&nbsp;slu\u017eby neuveden\u00e9 v\u00a0p\u0159\u00edloh\u00e1ch 1 a\u017e 3 \u017eivnostensk\u00e9ho z\u00e1kona\u201c a&nbsp;<strong>hodl\u00e1 v&nbsp;poskytov\u00e1n\u00ed realitn\u00edho zprost\u0159edkov\u00e1n\u00ed pokra\u010dovat, je povinen ve lh\u016ft\u011b\u00a012 m\u011bs\u00edc\u016f ode dne nabyt\u00ed \u00fa\u010dinnosti tohoto z\u00e1kona (do 03.03.2021)\u00a0ohl\u00e1sit \u017eivnostensk\u00e9mu \u00fa\u0159adu v\u00e1zanou \u017eivnost \u201eRealitn\u00ed zprost\u0159edkov\u00e1n\u00ed<\/strong>\u201c a&nbsp;dolo\u017eit doklady prokazuj\u00edc\u00ed spln\u011bn\u00ed podm\u00ednky odborn\u00e9 zp\u016fsobilosti pro provozov\u00e1n\u00ed t\u00e9to v\u00e1zan\u00e9 \u017eivnosti, jinak uplynut\u00edm t\u00e9to doby jeho opr\u00e1vn\u011bn\u00ed k&nbsp;poskytov\u00e1n\u00ed realitn\u00edho zprost\u0159edkov\u00e1n\u00ed v&nbsp;r\u00e1mci\u00a0\u017eivnosti ohla\u0161ovac\u00ed voln\u00e9 zanik\u00e1. Ohl\u00e1\u0161en\u00ed \u017eivnosti v\u00e1zan\u00e9\u00a0nepodl\u00e9h\u00e1 spr\u00e1vn\u00edmu poplatku<\/li>\r\n\t<li style=\"text-align: justify;\">realitn\u00ed zprost\u0159edkovatel je povinen zajistit spln\u011bn\u00ed povinnost\u00ed stanoven\u00fdch v&nbsp;\u00a7 7 odst. 6 \u017eivnostensk\u00e9ho z\u00e1kona nejpozd\u011bji do 2 let ode dne nabyt\u00ed \u00fa\u010dinnosti novely z\u00e1kona (03.03.2022), tedy je<strong> povinen zajistit v\u00fdkon \u010dinnost\u00ed, kter\u00e9 jsou obsahem \u017eivnosti &#8222;Realitn\u00ed zprost\u0159edkov\u00e1n\u00ed&#8220;, pouze fyzick\u00fdmi osobami spl\u0148uj\u00edc\u00edmi po\u017eadavky odborn\u00e9 zp\u016fsobilosti<\/strong>, kter\u00e9 jsou stanoveny v&nbsp;p\u0159\u00edloze \u010d. 5 \u017eivnostensk\u00e9ho z\u00e1kona.<br \/>\r\n<em>\u00fa\u010dinnost od 03.03.2020 \u00a0\u00a0<\/em><\/li>\r\n<\/ul>","protected":false},"excerpt":{"rendered":"Z\u00e1kon \u010d. 455\/1991 Sb., o&nbsp;\u017eivnostensk\u00e9m podnik\u00e1n\u00ed (\u017eivnostensk\u00fd z\u00e1kon), ve zn\u011bn\u00ed pozd\u011bj\u0161\u00edch p\u0159edpis\u016f (d\u00e1le jen \u201e\u017eivnostensk\u00fd z\u00e1kon\u201c) stanovuje jednotn\u00fd pr\u00e1vn\u00ed re\u017eim pro podnik\u00e1n\u00ed fyzick\u00fdch a&nbsp;pr\u00e1vnick\u00fdch osob v\u00a0re\u017eimu \u017eivnostensk\u00e9ho z\u00e1kona. \u017divnostensk\u00fdm z\u00e1konem se \u0159\u00edd\u00ed vstup do podnik\u00e1n\u00ed a&nbsp;jsou j\u00edm stanovena n\u011bkter\u00e1 z\u00e1kladn\u00ed pravidla, podm\u00ednky a&nbsp;povinnosti, je\u017e mus\u00ed ka\u017ed\u00fd podnikatelsk\u00fd subjekt spl\u0148ovat, a&nbsp;to pro v\u011bt\u0161inu \u010dinnost\u00ed, je\u017e jsou [&hellip;]","protected":false},"author":76,"featured_media":0,"parent":4720,"menu_order":0,"comment_status":"closed","ping_status":"closed","template":"","meta":[],"_links":{"self":[{"href":"https:\/\/www.praha7.cz\/api\/wp\/v2\/pages\/48112"}],"collection":[{"href":"https:\/\/www.praha7.cz\/api\/wp\/v2\/pages"}],"about":[{"href":"https:\/\/www.praha7.cz\/api\/wp\/v2\/types\/page"}],"author":[{"embeddable":true,"href":"https:\/\/www.praha7.cz\/api\/wp\/v2\/users\/76"}],"replies":[{"embeddable":true,"href":"https:\/\/www.praha7.cz\/api\/wp\/v2\/comments?post=48112"}],"version-history":[{"count":17,"href":"https:\/\/www.praha7.cz\/api\/wp\/v2\/pages\/48112\/revisions"}],"predecessor-version":[{"id":52406,"href":"https:\/\/www.praha7.cz\/api\/wp\/v2\/pages\/48112\/revisions\/52406"}],"up":[{"embeddable":true,"href":"https:\/\/www.praha7.cz\/api\/wp\/v2\/pages\/4720"}],"wp:attachment":[{"href":"https:\/\/www.praha7.cz\/api\/wp\/v2\/media?parent=48112"}],"curies":[{"name":"wp","href":"https:\/\/api.w.org\/{rel}","templated":true}]}}