    
{"id":47729,"date":"2021-05-04T11:39:42","date_gmt":"2021-05-04T09:39:42","guid":{"rendered":"https:\/\/www.praha7.cz\/?page_id=47729"},"modified":"2024-09-24T18:17:29","modified_gmt":"2024-09-24T16:17:29","slug":"frantiska-krizka","status":"publish","type":"page","link":"https:\/\/www.praha7.cz\/potrebuji-zaridit\/planujte-sedmicku-s-nami\/revitalizace-verejnych-prostranstvi\/frantiska-krizka\/","title":{"rendered":"Franti\u0161ka K\u0159\u00ed\u017eka"},"content":{"rendered":"<p>Ulice Franti\u0161ka K\u0159\u00ed\u017eka je jednou z\u00a0nejd\u016fle\u017eit\u011bj\u0161\u00edch letensk\u00fdch os, kter\u00e1 d\u00edky pr\u016fchodu skrze obchodn\u00ed Centrum Stromovka tvo\u0159\u00ed p\u0159\u00edmou spojnici mezi Letensk\u00fdmi sady a&nbsp;Stromovkou. V\u00a0ulici s\u00eddl\u00ed tak\u00e9 dv\u011b mate\u0159sk\u00e9 a&nbsp;dv\u011b z\u00e1kladn\u00ed \u0161koly, budova polikliniky a&nbsp;popul\u00e1rn\u00ed Bio OKO.\u00a0Ulice je pojmenov\u00e1na po levicov\u00e9m novin\u00e1\u0159i a&nbsp;\u010dlenu protinacistick\u00e9ho odboje Franti\u0161ku K\u0159\u00ed\u017ekovi (1901\u20131941), kter\u00fd byl v&nbsp;\u0159\u00edjnu 1941 popraven.\u00a0\u00a0<\/p>\r\n<p>&nbsp;<\/p>\r\n<p><a href=\"https:\/\/www.praha7.cz\/potrebuji-zaridit\/stavba-rekonstrukce\/planujte-sedmicku-s-nami\/revitalizace-verejnych-prostranstvi\/frantiska-krizka\/fk\/\" rel=\"attachment wp-att-47730\"><img loading=\"lazy\" src=\"https:\/\/www.praha7.cz\/wp-content\/uploads\/2021\/05\/fk.jpg\" alt=\"\" width=\"800\" height=\"450\" class=\"alignnone wp-image-47730 size-full\" srcset=\"https:\/\/www.praha7.cz\/wp-content\/uploads\/2021\/05\/fk.jpg 800w, https:\/\/www.praha7.cz\/wp-content\/uploads\/2021\/05\/fk-600x338.jpg 600w, https:\/\/www.praha7.cz\/wp-content\/uploads\/2021\/05\/fk-768x432.jpg 768w\" sizes=\"(max-width: 800px) 100vw, 800px\" \/><\/a><\/p>\r\n<p><em><strong><br \/>\r\nAktu\u00e1ln\u00ed stav:<\/strong><\/em><\/p>\r\n<p>Projekt byl v&nbsp;kv\u011btnu 2021 pod\u00e1n na stavebn\u00ed \u00fa\u0159ad. Na p\u0159elomu roku 2021\/2022 v\u0161ak bylo stavebn\u00ed \u0159\u00edzen\u00ed p\u0159ibli\u017en\u011b o&nbsp;rok prodlou\u017eeno kv\u016fli odvol\u00e1n\u00ed jednoho z&nbsp;\u00fa\u010dastn\u00edk\u016f \u0159\u00edzen\u00ed. Spole\u010dn\u00e9 rozhodnut\u00ed z\u00e1m\u011bru bylo schv\u00e1leno stavebn\u00edm \u00fa\u0159adem v&nbsp;polovin\u011b roku 2022. Za\u010d\u00e1tkem roku 2023 byl projekt p\u0159ed\u00e1n na spole\u010dnost Technick\u00e1 spr\u00e1va komunikac\u00ed hl. m. Prahy, a.s., jako spr\u00e1vce a&nbsp;budouc\u00edho stavebn\u00edka t\u00e9to akce. Nyn\u00ed prob\u00edh\u00e1 v\u00fdb\u011br projektanta, kter\u00fd projekt p\u0159iprav\u00ed do dokumentace, dle kter\u00e9 pak prob\u011bhne v\u00fdb\u011br zhotovitele stavby a&nbsp;samotn\u00e1 realizace. Term\u00edn bude z\u00e1viset na p\u0159id\u011blen\u00ed finan\u010dn\u00edch\u00a0 prost\u0159edk\u016f na tuto akci hl. m. Prahou.<\/p>\r\n<p>&nbsp;<\/p>\r\n<p><strong><em>O projektu:<\/em><\/strong><\/p>\r\n<p>Praha&nbsp;7 vyhl\u00e1sila v\u00a0listopadu 2017 architektonickou sout\u011b\u017e na novou podobu ulice. Vyhl\u00e1\u0161en\u00ed sout\u011b\u017ee p\u0159edch\u00e1zela dv\u011b pl\u00e1novac\u00ed setk\u00e1n\u00ed, na kter\u00fdch se sb\u00edraly podn\u011bty pro zad\u00e1n\u00ed sout\u011b\u017ee, a&nbsp;n\u00e1sledn\u00e9 projedn\u00e1n\u00ed se \u0161irokou ve\u0159ejnost\u00ed, kter\u00e9 se odehr\u00e1lo v\u00a0kin\u011b Bio OKO. Na t\u011bchto setk\u00e1n\u00edch jsme se dozv\u011bd\u011bli, jak\u00e1 jsou pro ob\u010dany d\u016fle\u017eit\u00e1 t\u00e9mata, jako je bezpe\u010dn\u00fd pohyb d\u011bt\u00ed p\u0159ed \u0161kolami, parkov\u00e1n\u00ed, nov\u00e9 stromy, odstran\u011bn\u00ed bari\u00e9r \u010di \u0159e\u0161en\u00ed p\u0159edprostoru kina.<\/p>\r\n<p>N\u00e1vrh revitalizace reflektuje pot\u0159eby obyvatel, m\u00e1 zv\u00fd\u0161it bezpe\u010dnost a&nbsp;prostupnost ulice a&nbsp;p\u0159em\u011bnit ji v&nbsp;p\u0159\u00edjemn\u00e9 pobytov\u00e9 m\u00edsto. V\u00edt\u011bzn\u00fdm n\u00e1vrhem se stal projekt architekta Josefa Hlavat\u00e9ho, kter\u00fd byl ve\u0159ejnosti p\u0159edstaven 24.&nbsp;\u0159\u00edjna 2018 ve Vod\u00e1rensk\u00e9 v\u011b\u017ei na Letn\u00e9.<\/p>\r\n<p><em><strong>Co je v\u00a0pl\u00e1nu:<\/strong><\/em><\/p>\r\n<p>C\u00edlem revitalizace ulice Franti\u0161ka K\u0159\u00ed\u017eka je vytvo\u0159en\u00ed p\u0159\u00edjemn\u00e9ho funk\u010dn\u00edho ve\u0159ejn\u00e9ho prostoru, kter\u00fd bude dob\u0159e slou\u017eit jak rezident\u016fm, tak ostatn\u00edm n\u00e1v\u0161t\u011bvn\u00edk\u016fm. V\u00a0cel\u00e9 ulici bude vys\u00e1zeno pravideln\u00e9 stromo\u0159ad\u00ed, kter\u00e9 poskytne st\u00edn v&nbsp;hork\u00fdch letn\u00edch dnech, z\u00fatuln\u00ed \u0159e\u0161en\u00fd prostor a&nbsp;umo\u017en\u00ed um\u00edst\u011bn\u00ed p\u0159edzahr\u00e1dek p\u0159ilehl\u00fdch restaurac\u00ed a&nbsp;kav\u00e1ren. P\u0159edprostor t\u0159\u00ed nejd\u016fle\u017eit\u011bj\u0161\u00edch instituc\u00ed (Bio OKO, Z\u0160 Franti\u0161ky Plam\u00ednkov\u00e9 a&nbsp;Z\u0160 Letohradsk\u00e1) bude roz\u0161\u00ed\u0159en a&nbsp;akcentov\u00e1n skupinami strom\u016f odli\u0161n\u00e9ho druhu. Tyto p\u0159edprostory budou vybaveny lavi\u010dkami, cyklostojany a&nbsp;odpadkov\u00fdmi ko\u0161i. Cel\u00e1 ulice bude jednosm\u011brn\u00e1. Po obou stran\u00e1ch budou um\u00edst\u011bna pod\u00e9ln\u00e1 parkovac\u00ed st\u00e1n\u00ed.<\/p>\r\n<p>&nbsp;<\/p>\r\n<p><em><strong>\u010cl\u00e1nky:<\/strong><\/em><\/p>\r\n<ul>\r\n\t<li><a href=\"https:\/\/www.praha7.cz\/slavnostni-vyhlaseni-architektonicke-souteze-o-navrh-revitalizace-ulice-frantiska-krizka\/\">Slavnostn\u00ed vyhl\u00e1\u0161en\u00ed architektonick\u00e9 sout\u011b\u017ee o&nbsp;n\u00e1vrh revitalizace ulice Franti\u0161ka K\u0159\u00ed\u017eka | Praha&nbsp;7<\/a><\/li>\r\n\t<li><a href=\"https:\/\/www.praha7.cz\/ulice-frantiska-krizka-ziskava-svou-novou-podobu\/\">Ulice Franti\u0161ka K\u0159\u00ed\u017eka z\u00edsk\u00e1v\u00e1 svou novou podobu | Praha&nbsp;7<\/a><\/li>\r\n\t<li><a href=\"https:\/\/www.praha7.cz\/novou-podobu-ulice-frantiska-krizka-pomuze-praze-7-najit-architektonicka-soutez\/\">Novou podobu ulice Franti\u0161ka K\u0159\u00ed\u017eka pom\u016f\u017ee Praze 7 naj\u00edt architektonick\u00e1 sout\u011b\u017e | Praha<\/a> 7<\/li>\r\n\t<li><a href=\"https:\/\/www.praha7.cz\/seznamte-se-s-novou-podobou-ulice-frantiska-krizka\/\">Seznamte se s&nbsp;novou podobou ulice Franti\u0161ka K\u0159\u00ed\u017eka | Praha&nbsp;7<\/a><\/li>\r\n<\/ul>","protected":false},"excerpt":{"rendered":"Ulice Franti\u0161ka K\u0159\u00ed\u017eka je jednou z\u00a0nejd\u016fle\u017eit\u011bj\u0161\u00edch letensk\u00fdch os, kter\u00e1 d\u00edky pr\u016fchodu skrze obchodn\u00ed Centrum Stromovka tvo\u0159\u00ed p\u0159\u00edmou spojnici mezi Letensk\u00fdmi sady a&nbsp;Stromovkou. V\u00a0ulici s\u00eddl\u00ed tak\u00e9 dv\u011b mate\u0159sk\u00e9 a&nbsp;dv\u011b z\u00e1kladn\u00ed \u0161koly, budova polikliniky a&nbsp;popul\u00e1rn\u00ed Bio OKO.\u00a0Ulice je pojmenov\u00e1na po levicov\u00e9m novin\u00e1\u0159i a&nbsp;\u010dlenu protinacistick\u00e9ho odboje Franti\u0161ku K\u0159\u00ed\u017ekovi (1901\u20131941), kter\u00fd byl v&nbsp;\u0159\u00edjnu 1941 popraven.\u00a0\u00a0 &nbsp; Aktu\u00e1ln\u00ed stav: Projekt [&hellip;]","protected":false},"author":76,"featured_media":0,"parent":47700,"menu_order":0,"comment_status":"closed","ping_status":"closed","template":"","meta":[],"_links":{"self":[{"href":"https:\/\/www.praha7.cz\/api\/wp\/v2\/pages\/47729"}],"collection":[{"href":"https:\/\/www.praha7.cz\/api\/wp\/v2\/pages"}],"about":[{"href":"https:\/\/www.praha7.cz\/api\/wp\/v2\/types\/page"}],"author":[{"embeddable":true,"href":"https:\/\/www.praha7.cz\/api\/wp\/v2\/users\/76"}],"replies":[{"embeddable":true,"href":"https:\/\/www.praha7.cz\/api\/wp\/v2\/comments?post=47729"}],"version-history":[{"count":13,"href":"https:\/\/www.praha7.cz\/api\/wp\/v2\/pages\/47729\/revisions"}],"predecessor-version":[{"id":79246,"href":"https:\/\/www.praha7.cz\/api\/wp\/v2\/pages\/47729\/revisions\/79246"}],"up":[{"embeddable":true,"href":"https:\/\/www.praha7.cz\/api\/wp\/v2\/pages\/47700"}],"wp:attachment":[{"href":"https:\/\/www.praha7.cz\/api\/wp\/v2\/media?parent=47729"}],"curies":[{"name":"wp","href":"https:\/\/api.w.org\/{rel}","templated":true}]}}