    
{"id":47702,"date":"2021-05-04T10:59:32","date_gmt":"2021-05-04T08:59:32","guid":{"rendered":"https:\/\/www.praha7.cz\/?page_id=47702"},"modified":"2025-01-15T11:38:39","modified_gmt":"2025-01-15T10:38:39","slug":"letensky-kriz","status":"publish","type":"page","link":"https:\/\/www.praha7.cz\/potrebuji-zaridit\/planujte-sedmicku-s-nami\/revitalizace-verejnych-prostranstvi\/letensky-kriz\/","title":{"rendered":"Letensk\u00fd k\u0159\u00ed\u017e"},"content":{"rendered":"<p>Veletr\u017en\u00ed jako nov\u00fd sedmi\u010dkov\u00fd bulv\u00e1r a\u00a0ulice Dukelsk\u00fdch hrdin\u016f jako t\u0159\u00edda, za kterou se nebudeme muset styd\u011bt? Pr\u00e1v\u011b to m\u00e1 v\u00a0pl\u00e1nu projekt radnice a\u00a0Institutu pl\u00e1nov\u00e1n\u00ed a\u00a0rozvoje hlavn\u00edho m\u011bsta Prahy (IPR).\u00a0 Na budouc\u00ed podob\u011b t\u011bchto kl\u00ed\u010dov\u00fdch ulic Sedmi\u010dky jsme spolupracovali s\u00a0ob\u010dany Prahy&nbsp;7.<\/p>\r\n<p>&nbsp;<\/p>\r\n<p><a href=\"https:\/\/www.praha7.cz\/potrebuji-zaridit\/stavba-rekonstrukce\/planujte-sedmicku-s-nami\/revitalizace-verejnych-prostranstvi\/letensky-kriz\/lk\/\" rel=\"attachment wp-att-47703\"><img loading=\"lazy\" src=\"https:\/\/www.praha7.cz\/wp-content\/uploads\/2021\/05\/lk.jpg\" alt=\"\" width=\"986\" height=\"655\" class=\"alignnone wp-image-47703 size-full\" srcset=\"https:\/\/www.praha7.cz\/wp-content\/uploads\/2021\/05\/lk.jpg 986w, https:\/\/www.praha7.cz\/wp-content\/uploads\/2021\/05\/lk-600x400.jpg 600w, https:\/\/www.praha7.cz\/wp-content\/uploads\/2021\/05\/lk-768x510.jpg 768w\" sizes=\"(max-width: 986px) 100vw, 986px\" \/><\/a><\/p>\r\n<p>&nbsp;<\/p>\r\n<p>Ulice Letensk\u00e9ho k\u0159\u00ed\u017ee \u2013 Dukelsk\u00fdch hrdin\u016f, Strojnick\u00e1 a&nbsp;Veletr\u017en\u00ed \u2013 spolu s\u00a0p\u0159ilehl\u00fdm Letensk\u00fdm n\u00e1m\u011bst\u00edm tvo\u0159\u00ed p\u00e1te\u0159 Letn\u00e9 a&nbsp;z\u00e1padn\u00ed \u010d\u00e1sti Hole\u0161ovic. Ka\u017ed\u00e1 z&nbsp;ulic m\u00e1 sv\u00e9bytn\u00fd charakter vych\u00e1zej\u00edc\u00ed z\u00a0historie \u00fazem\u00ed a&nbsp;\u010dlenitosti ter\u00e9nu. Ulice Dukelsk\u00fdch hrdin\u016f je v\u00fdznamnou severoji\u017en\u00ed osou Letn\u00e9 a&nbsp;n\u00e1stupn\u00ed osou are\u00e1lu V\u00fdstavi\u0161t\u011b Hole\u0161ovice. Ulice Veletr\u017en\u00ed je spole\u010dn\u011b s\u00a0ulic\u00ed Milady Hor\u00e1kov\u00e9 hlavn\u00ed t\u0159\u00eddou propojuj\u00edc\u00ed Hole\u0161ovice s\u00a0Buben\u010d\u00ed a&nbsp;p\u0159\u00edmo navazuje na hole\u0161ovickou ulici D\u011blnick\u00e1. Jej\u00ed v\u00fdznam d\u00e1le naroste po zprostupn\u011bn\u00ed velk\u00e9ho rozvojov\u00e9ho \u00fazem\u00ed Hole\u0161ovice Bubny, kdy se stane p\u0159\u00edmou spojnic\u00ed mezi Prahou 8 a&nbsp;Prahou\u00a06. K\u0159\u00ed\u017een\u00ed ulic Letensk\u00e9ho k\u0159\u00ed\u017ee s\u00a0p\u0159edprostory Veletr\u017en\u00edho pal\u00e1ce N\u00e1rodn\u00ed galerie a&nbsp;Parkhotelu je v\u00fdznamn\u00fdm ve\u0159ejn\u00fdm prostorem a&nbsp;jedn\u00edm ze t\u0159\u00ed uzlov\u00fdch bod\u016f Letn\u00e9 (spolu se Strossmayerov\u00fdm a&nbsp;Letensk\u00fdm n\u00e1m\u011bst\u00edm).<\/p>\r\n<p><em><strong><br \/>\r\nCo je v&nbsp;pl\u00e1nu<\/strong>:<\/em><\/p>\r\n<p>C\u00edlem revitalizace je vytvo\u0159it celkov\u00fd p\u0159\u00edv\u011btiv\u00fd charakter ulic Letensk\u00e9ho k\u0159\u00ed\u017ee, zlep\u0161it podm\u00ednky pro p\u011b\u0161\u00ed pohyb pomoc\u00ed dostate\u010dn\u011b \u0161irok\u00fdch chodn\u00edkov\u00fdch ploch, doplnit uli\u010dn\u00ed stromo\u0159ad\u00ed a&nbsp;zv\u00fd\u0161it u\u017eivatelsk\u00fd komfort tramvajov\u00e9 dopravy pro v\u0161echny skupiny cestuj\u00edc\u00edch. V\u00edce informaci najdete zde:\u00a0<a href=\"https:\/\/www.iprpraha.cz\/letenskykriz\" target=\"_blank\" rel=\"noopener\">Letensk\u00fd k\u0159\u00ed\u017e (iprpraha.cz)<\/a><\/p>\r\n<p><strong><em><br \/>\r\n\u010cl\u00e1nky:<\/em><\/strong><\/p>\r\n<p>\u00b7\u00a0\u00a0\u00a0\u00a0\u00a0\u00a0\u00a0\u00a0 <a href=\"https:\/\/www.praha7.cz\/clanek-letensky-kriz\/\">Letensk\u00fd k\u0159\u00ed\u017e | Praha&nbsp;7<\/a><\/p>","protected":false},"excerpt":{"rendered":"Veletr\u017en\u00ed jako nov\u00fd sedmi\u010dkov\u00fd bulv\u00e1r a\u00a0ulice Dukelsk\u00fdch hrdin\u016f jako t\u0159\u00edda, za kterou se nebudeme muset styd\u011bt? Pr\u00e1v\u011b to m\u00e1 v\u00a0pl\u00e1nu projekt radnice a\u00a0Institutu pl\u00e1nov\u00e1n\u00ed a\u00a0rozvoje hlavn\u00edho m\u011bsta Prahy (IPR).\u00a0 Na budouc\u00ed podob\u011b t\u011bchto kl\u00ed\u010dov\u00fdch ulic Sedmi\u010dky jsme spolupracovali s\u00a0ob\u010dany Prahy&nbsp;7. &nbsp; &nbsp; Ulice Letensk\u00e9ho k\u0159\u00ed\u017ee \u2013 Dukelsk\u00fdch hrdin\u016f, Strojnick\u00e1 a&nbsp;Veletr\u017en\u00ed \u2013 spolu s\u00a0p\u0159ilehl\u00fdm Letensk\u00fdm n\u00e1m\u011bst\u00edm [&hellip;]","protected":false},"author":76,"featured_media":0,"parent":47700,"menu_order":0,"comment_status":"closed","ping_status":"closed","template":"","meta":[],"_links":{"self":[{"href":"https:\/\/www.praha7.cz\/api\/wp\/v2\/pages\/47702"}],"collection":[{"href":"https:\/\/www.praha7.cz\/api\/wp\/v2\/pages"}],"about":[{"href":"https:\/\/www.praha7.cz\/api\/wp\/v2\/types\/page"}],"author":[{"embeddable":true,"href":"https:\/\/www.praha7.cz\/api\/wp\/v2\/users\/76"}],"replies":[{"embeddable":true,"href":"https:\/\/www.praha7.cz\/api\/wp\/v2\/comments?post=47702"}],"version-history":[{"count":6,"href":"https:\/\/www.praha7.cz\/api\/wp\/v2\/pages\/47702\/revisions"}],"predecessor-version":[{"id":81658,"href":"https:\/\/www.praha7.cz\/api\/wp\/v2\/pages\/47702\/revisions\/81658"}],"up":[{"embeddable":true,"href":"https:\/\/www.praha7.cz\/api\/wp\/v2\/pages\/47700"}],"wp:attachment":[{"href":"https:\/\/www.praha7.cz\/api\/wp\/v2\/media?parent=47702"}],"curies":[{"name":"wp","href":"https:\/\/api.w.org\/{rel}","templated":true}]}}