    
{"id":47700,"date":"2021-05-04T10:55:41","date_gmt":"2021-05-04T08:55:41","guid":{"rendered":"https:\/\/www.praha7.cz\/?page_id=47700"},"modified":"2024-09-26T12:36:49","modified_gmt":"2024-09-26T10:36:49","slug":"revitalizace-verejnych-prostranstvi","status":"publish","type":"page","link":"https:\/\/www.praha7.cz\/potrebuji-zaridit\/planujte-sedmicku-s-nami\/revitalizace-verejnych-prostranstvi\/","title":{"rendered":"Revitalizace ve\u0159ejn\u00fdch prostranstv\u00ed"},"content":{"rendered":"<p>Obraz m\u011bsta je tvo\u0159en t\u00edm, jak jeho ob\u010dan\u00e9 vn\u00edmaj\u00ed prost\u0159ed\u00ed ulic, park\u016f a&nbsp;ve\u0159ejn\u00fdch prostranstv\u00ed. Je to prostor vn\u011b budov, vnit\u0159n\u00ed prostor m\u011bsta, kter\u00fdm dennodenn\u011b m\u00ed\u0159\u00edme za prac\u00ed, z\u00e1bavou, kde se potk\u00e1v\u00e1me s\u00a0na\u0161imi spoluob\u010dany, a\u0165 u\u017e c\u00edlen\u011b \u010di n\u00e1hodn\u011b. Je to n\u00e1\u0161 prostor. K\u00a0tomu, abychom se zde c\u00edtili dob\u0159e &#8211; jako \u201edoma\u201c, je t\u0159eba, aby prostor byl kvalitn\u00ed, udr\u017eovan\u00fd a&nbsp;bezpe\u010dn\u00fd.\u00a0 Kvalita m\u00e1 v\u0161ak mnoho podob. V\u00a0prvn\u00ed \u0159ad\u011b je to provozn\u00ed uspo\u0159\u00e1d\u00e1n\u00ed, kter\u00e9 stanov\u00ed, jac\u00ed u\u017eivatel\u00e9 budou prostor vyu\u017e\u00edvat a&nbsp;kolik m\u00edsta m\u00e1 m\u00edt doprava. D\u00e1le je t\u0159eba tento prostor za\u0159\u00eddit, budou zde stromy, lavi\u010dky, odpadkov\u00e9 ko\u0161e \u010di um\u011bleck\u00e9 d\u00edlo? Posledn\u00edm krokem je volba povrch\u016f, osazen\u00ed zelen\u00fdch ploch a&nbsp;zaji\u0161t\u011bn\u00ed, aby v\u0161e spr\u00e1vn\u011b fungovalo. Chcete se do tohoto dlouh\u00e9ho a&nbsp;nelehk\u00e9ho procesu zapojit? Poj\u010fte spole\u010dn\u011b s\u00a0Prahou 7 p\u0159em\u011b\u0148ovat cestu Sedmi\u010dkou v\u00a0ka\u017edodenn\u00ed p\u0159\u00edjemn\u00fd z\u00e1\u017eitek.<\/p>\r\n<hr \/>\r\n<p><a href=\"https:\/\/www.praha7.cz\/wp-content\/uploads\/2024\/09\/2.-Zadani-pro-interier-ulic_nova-verze_zmenseno.pdf\">ZAD\u00c1N\u00cd PRO INTERI\u00c9R ULIC prov\u00e1d\u011bn\u00ed \u00faprav ve\u0159ejn\u00fdch prostranstv\u00ed (nejen) v&nbsp;pam\u00e1tkov\u00e9 z\u00f3n\u011b na \u00fazem\u00ed M\u010c Praha&nbsp;7<\/a><\/p>\r\n<hr \/>\r\n\n    <div class=\"container-fluid guidelist text-center\">\n        <div class=\"row\">\n            <div class=\"col-xs-12 col-md-6 guidelist-container\">\n                <a href=\"https:\/\/www.praha7.cz\/potrebuji-zaridit\/planujte-sedmicku-s-nami\/revitalizace-verejnych-prostranstvi\/letensky-kriz\/\" class=\"btn btn-block\">Letensk\u00fd k\u0159\u00ed\u017e<\/a>\n            <\/div>\n            <div class=\"col-xs-12 col-md-6 guidelist-container\">\n                <a href=\"https:\/\/www.praha7.cz\/potrebuji-zaridit\/planujte-sedmicku-s-nami\/revitalizace-verejnych-prostranstvi\/janovskeho\/\" class=\"btn btn-block\">Janovsk\u00e9ho<\/a>\n            <\/div>\n            <div class=\"col-xs-12 col-md-6 guidelist-container\">\n                <a href=\"https:\/\/www.praha7.cz\/potrebuji-zaridit\/planujte-sedmicku-s-nami\/revitalizace-verejnych-prostranstvi\/frantiska-krizka\/\" class=\"btn btn-block\">Franti\u0161ka K\u0159\u00ed\u017eka<\/a>\n            <\/div>\n            <div class=\"col-xs-12 col-md-6 guidelist-container\">\n                <a href=\"https:\/\/www.praha7.cz\/potrebuji-zaridit\/planujte-sedmicku-s-nami\/revitalizace-verejnych-prostranstvi\/ovenecka\/\" class=\"btn btn-block\">Oveneck\u00e1<\/a>\n            <\/div>\n            <div class=\"col-xs-12 col-md-6 guidelist-container\">\n                <a href=\"https:\/\/www.praha7.cz\/potrebuji-zaridit\/planujte-sedmicku-s-nami\/revitalizace-verejnych-prostranstvi\/studie-korunovacni\/\" class=\"btn btn-block\">Korunova\u010dn\u00ed<\/a>\n            <\/div>\n            <div class=\"col-xs-12 col-md-6 guidelist-container\">\n                <a href=\"https:\/\/www.praha7.cz\/potrebuji-zaridit\/planujte-sedmicku-s-nami\/revitalizace-verejnych-prostranstvi\/privozni\/\" class=\"btn btn-block\">P\u0159\u00edvozn\u00ed<\/a>\n            <\/div>\n            <div class=\"col-xs-12 col-md-6 guidelist-container\">\n                <a href=\"https:\/\/www.praha7.cz\/potrebuji-zaridit\/planujte-sedmicku-s-nami\/revitalizace-verejnych-prostranstvi\/letensky-muzejni-distrikt\/\" class=\"btn btn-block\">Letensk\u00fd muzejn\u00ed distrikt<\/a>\n            <\/div>\n            <div class=\"col-xs-12 col-md-6 guidelist-container\">\n                <a href=\"https:\/\/www.praha7.cz\/potrebuji-zaridit\/planujte-sedmicku-s-nami\/okoli-fzs-umelecka\/\" class=\"btn btn-block\">Okol\u00ed FZ\u0160 Um\u011bleck\u00e1<\/a>\n            <\/div>\n        <\/div>\n    <\/div>\n\n","protected":false},"excerpt":{"rendered":"Obraz m\u011bsta je tvo\u0159en t\u00edm, jak jeho ob\u010dan\u00e9 vn\u00edmaj\u00ed prost\u0159ed\u00ed ulic, park\u016f a&nbsp;ve\u0159ejn\u00fdch prostranstv\u00ed. Je to prostor vn\u011b budov, vnit\u0159n\u00ed prostor m\u011bsta, kter\u00fdm dennodenn\u011b m\u00ed\u0159\u00edme za prac\u00ed, z\u00e1bavou, kde se potk\u00e1v\u00e1me s\u00a0na\u0161imi spoluob\u010dany, a\u0165 u\u017e c\u00edlen\u011b \u010di n\u00e1hodn\u011b. Je to n\u00e1\u0161 prostor. K\u00a0tomu, abychom se zde c\u00edtili dob\u0159e &#8211; jako \u201edoma\u201c, je t\u0159eba, aby prostor [&hellip;]","protected":false},"author":76,"featured_media":0,"parent":37223,"menu_order":0,"comment_status":"closed","ping_status":"closed","template":"","meta":[],"_links":{"self":[{"href":"https:\/\/www.praha7.cz\/api\/wp\/v2\/pages\/47700"}],"collection":[{"href":"https:\/\/www.praha7.cz\/api\/wp\/v2\/pages"}],"about":[{"href":"https:\/\/www.praha7.cz\/api\/wp\/v2\/types\/page"}],"author":[{"embeddable":true,"href":"https:\/\/www.praha7.cz\/api\/wp\/v2\/users\/76"}],"replies":[{"embeddable":true,"href":"https:\/\/www.praha7.cz\/api\/wp\/v2\/comments?post=47700"}],"version-history":[{"count":7,"href":"https:\/\/www.praha7.cz\/api\/wp\/v2\/pages\/47700\/revisions"}],"predecessor-version":[{"id":47714,"href":"https:\/\/www.praha7.cz\/api\/wp\/v2\/pages\/47700\/revisions\/47714"}],"up":[{"embeddable":true,"href":"https:\/\/www.praha7.cz\/api\/wp\/v2\/pages\/37223"}],"wp:attachment":[{"href":"https:\/\/www.praha7.cz\/api\/wp\/v2\/media?parent=47700"}],"curies":[{"name":"wp","href":"https:\/\/api.w.org\/{rel}","templated":true}]}}