    
{"id":47336,"date":"2021-04-26T15:04:22","date_gmt":"2021-04-26T13:04:22","guid":{"rendered":"https:\/\/www.praha7.cz\/?page_id=47336"},"modified":"2022-02-01T14:46:30","modified_gmt":"2022-02-01T13:46:30","slug":"spolecne-po-letne-vysledky-ankety","status":"publish","type":"page","link":"https:\/\/www.praha7.cz\/potrebuji-zaridit\/planujte-sedmicku-s-nami\/revitalizace-verejnych-prostranstvi\/letensky-muzejni-distrikt\/spolecne-po-letne-vysledky-ankety\/","title":{"rendered":"Spole\u010dn\u011b po Letn\u00e9 \u2013 v\u00fdsledky ankety"},"content":{"rendered":"<p>V\u00a0r\u00e1mci projektu\u00a0<a href=\"https:\/\/www.praha7.cz\/potrebuji-zaridit\/stavba-rekonstrukce\/planujte-sedmicku-s-nami\/letensky-muzejni-distrikt\/\" target=\"_blank\" rel=\"noopener\">Letensk\u00fd muzejn\u00ed distrikt<\/a>\u00a0prob\u00edhala od 1.\u00a0do 21.\u00a0b\u0159ezna 2021 anketa Spole\u010dn\u011b po Letn\u00e9, kde jsme se ptali na n\u00e1zory ob\u010dan\u016f ohledn\u011b pl\u00e1novan\u00e9 revitalizace ulice Korunova\u010dn\u00ed, ulice Nad \u0160tolou a\u00a0oblasti Letensk\u00fdch muze\u00ed.<\/p>\r\n<p>Anketa prob\u00edhala p\u0159ev\u00e1\u017en\u011b online, ale byla dostupn\u00e1 i\u00a0v\u00a0ti\u0161t\u011bn\u00e9 verzi v\u00a0budov\u011b radnice, v\u00a0infocentru a\u00a0ve vybran\u00fdch podnic\u00edch v\u00a0lokalit\u011b. Dohromady se z\u00fa\u010dastnilo 801 respondent\u016f. D\u011bkujeme v\u0161em, kte\u0159\u00ed se do ankety zapojili a\u00a0sd\u00edleli s\u00a0n\u00e1mi sv\u016fj n\u00e1zor na \u0159e\u0161enou oblast. V\u00fdsledky ankety poslou\u017e\u00ed jako podklad pro tvorbu n\u00e1vrhu.<\/p>\r\n<p>&nbsp;<\/p>\r\n<p><strong>MUZEJN\u00cd DISTRIKT &#8211; DEMOGRAFIE<br \/>\r\n<br \/>\r\n<\/strong><\/p>\r\n<p>&nbsp;<\/p>\r\n<p><iframe loading=\"lazy\" width=\"100%\" height=\"600px\" style=\"border: none;\" referrerpolicy=\"no-referrer-when-downgrade\" src=\"https:\/\/view-awesome-table.com\/-MuVCN5yG65lwhB3-K3d\/view\"><\/iframe><\/p>\r\n<p>&nbsp;<\/p>\r\n<hr \/>\r\n<p><strong>ULICE KORUNOVA\u010cN\u00cd<\/strong><\/p>\r\n<p><br \/>\r\n<iframe loading=\"lazy\" width=\"100%\" height=\"600px\" style=\"border: none;\" referrerpolicy=\"no-referrer-when-downgrade\" src=\"https:\/\/view-awesome-table.com\/-MuVCRvjJD_9Wiq4dDkA\/view\"><\/iframe><\/p>\r\n<p>&nbsp;<\/p>\r\n<p>&nbsp;<\/p>\r\n<hr \/>\r\n<p><strong>OKOL\u00cd Z\u0160 KORUNOVA\u010cN\u00cd<\/strong><\/p>\r\n<p><br \/>\r\n<iframe loading=\"lazy\" width=\"100%\" height=\"600px\" style=\"border: none;\" referrerpolicy=\"no-referrer-when-downgrade\" src=\"https:\/\/view-awesome-table.com\/-MuVCWphm2ZIXlHatuF-\/view\"><\/iframe><\/p>\r\n<hr \/>\r\n<p><strong>ULICE NAD \u0160TOLOU A&nbsp;PROSTOR ZA N\u00c1RODN\u00cdM ZEM\u011aD\u011aLSK\u00ddM MUZEEM<\/strong><\/p>\r\n<p>&nbsp;<\/p>\r\n<p><br \/>\r\n<iframe loading=\"lazy\" width=\"100%\" height=\"600px\" style=\"border: none;\" referrerpolicy=\"no-referrer-when-downgrade\" src=\"https:\/\/view-awesome-table.com\/-MuVC_oDk3VUTD08jHPW\/view\"><\/iframe><\/p>\r\n<hr \/>\r\n<p><strong>PROSTOR P\u0158ED GYMN\u00c1ZIEM NAD \u0160TOLOU<\/strong><\/p>\r\n<p>&nbsp;<\/p>\r\n<p><br \/>\r\n<iframe loading=\"lazy\" width=\"100%\" height=\"600px\" style=\"border: none;\" referrerpolicy=\"no-referrer-when-downgrade\" src=\"https:\/\/view-awesome-table.com\/-MuVCe-4HGx_zymEBeFz\/view\"><\/iframe><\/p>\r\n<hr \/>\r\n<p><strong>MUZEJN\u00cd N\u00c1M\u011aST\u00cd<\/strong><\/p>\r\n<p>&nbsp;<\/p>\r\n<p><br \/>\r\n<iframe loading=\"lazy\" width=\"100%\" height=\"600px\" style=\"border: none;\" referrerpolicy=\"no-referrer-when-downgrade\" src=\"https:\/\/view-awesome-table.com\/-MuVCjJht9OOQ6EqZ9c4\/view\"><\/iframe><\/p>\r\n<hr \/>","protected":false},"excerpt":{"rendered":"V\u00a0r\u00e1mci projektu\u00a0Letensk\u00fd muzejn\u00ed distrikt\u00a0prob\u00edhala od 1.\u00a0do 21.\u00a0b\u0159ezna 2021 anketa Spole\u010dn\u011b po Letn\u00e9, kde jsme se ptali na n\u00e1zory ob\u010dan\u016f ohledn\u011b pl\u00e1novan\u00e9 revitalizace ulice Korunova\u010dn\u00ed, ulice Nad \u0160tolou a\u00a0oblasti Letensk\u00fdch muze\u00ed. Anketa prob\u00edhala p\u0159ev\u00e1\u017en\u011b online, ale byla dostupn\u00e1 i\u00a0v\u00a0ti\u0161t\u011bn\u00e9 verzi v\u00a0budov\u011b radnice, v\u00a0infocentru a\u00a0ve vybran\u00fdch podnic\u00edch v\u00a0lokalit\u011b. Dohromady se z\u00fa\u010dastnilo 801 respondent\u016f. D\u011bkujeme v\u0161em, kte\u0159\u00ed se [&hellip;]","protected":false},"author":76,"featured_media":0,"parent":44358,"menu_order":0,"comment_status":"closed","ping_status":"closed","template":"","meta":[],"_links":{"self":[{"href":"https:\/\/www.praha7.cz\/api\/wp\/v2\/pages\/47336"}],"collection":[{"href":"https:\/\/www.praha7.cz\/api\/wp\/v2\/pages"}],"about":[{"href":"https:\/\/www.praha7.cz\/api\/wp\/v2\/types\/page"}],"author":[{"embeddable":true,"href":"https:\/\/www.praha7.cz\/api\/wp\/v2\/users\/76"}],"replies":[{"embeddable":true,"href":"https:\/\/www.praha7.cz\/api\/wp\/v2\/comments?post=47336"}],"version-history":[{"count":13,"href":"https:\/\/www.praha7.cz\/api\/wp\/v2\/pages\/47336\/revisions"}],"predecessor-version":[{"id":54353,"href":"https:\/\/www.praha7.cz\/api\/wp\/v2\/pages\/47336\/revisions\/54353"}],"up":[{"embeddable":true,"href":"https:\/\/www.praha7.cz\/api\/wp\/v2\/pages\/44358"}],"wp:attachment":[{"href":"https:\/\/www.praha7.cz\/api\/wp\/v2\/media?parent=47336"}],"curies":[{"name":"wp","href":"https:\/\/api.w.org\/{rel}","templated":true}]}}