    
{"id":45919,"date":"2021-02-22T13:53:31","date_gmt":"2021-02-22T12:53:31","guid":{"rendered":"https:\/\/www.praha7.cz\/?page_id=45919"},"modified":"2024-05-07T10:46:59","modified_gmt":"2024-05-07T08:46:59","slug":"poulicni-umelecke-verejne-produkce-busking","status":"publish","type":"page","link":"https:\/\/www.praha7.cz\/potrebuji-zaridit\/poradani-akci\/poulicni-umelecke-verejne-produkce-busking\/","title":{"rendered":"Pouli\u010dn\u00ed um\u011bleck\u00e9 ve\u0159ejn\u00e9 produkce \u2013 busking"},"content":{"rendered":"<p>[perex]<\/p>\r\n<p>Pouli\u010dn\u00ed um\u011bleckou ve\u0159ejnou produkc\u00ed se rozum\u00ed provozov\u00e1n\u00ed \u017eiv\u00e9 um\u011bleck\u00e9 vystoupen\u00ed, zejm\u00e9na akustick\u00e9, divadeln\u00ed a&nbsp;artistick\u00e9, provozovan\u00e9 na ve\u0159ejn\u011b p\u0159\u00edstupn\u00fdch m\u00edstech. Pouli\u010dn\u00ed um\u011bleckou ve\u0159ejnou produkc\u00ed nejsou ve\u0159ejn\u00e1 vystoupen\u00ed zv\u00ed\u0159at. Pouli\u010dn\u00ed um\u011bleckou ve\u0159ejnou produkci lze provozovat pouze na ve\u0159ejn\u011b p\u0159\u00edstupn\u00fdch m\u00edstech pod \u0161ir\u00fdm nebem.<\/p>\r\n<p>[\/perex]<\/p>\r\n<p>Za pouli\u010dn\u00ed um\u011bleckou ve\u0159ejnou produkci se pova\u017euje \u017eiv\u00e9 um\u011bleck\u00e9 vystoupen\u00ed, tzn. mus\u00ed se jednat o&nbsp;vystoupen\u00ed um\u011bleck\u00e9 povahy, produkovan\u00e9 na m\u00edst\u011b p\u0159\u00edmo pouli\u010dn\u00edm um\u011blcem, nikoliv reprodukovan\u00e9 ze z\u00e1znamov\u00e9ho za\u0159\u00edzen\u00ed. Pouli\u010dn\u00ed um\u011blec by m\u011bl prezentovat n\u011bjakou svou dovednost (hru na hudebn\u00ed n\u00e1stroj, zp\u011bv, pantomimu atd.), p\u0159i\u010dem\u017e vystoupen\u00ed by m\u011blo m\u00edt ur\u010ditou \u00farove\u0148. Slovo \u201evystoupen\u00ed\u201c pak evokuje, \u017ee se jedn\u00e1 o&nbsp;ur\u010ditou \u010dinnost, nikoli pouh\u00e9 post\u00e1v\u00e1n\u00ed a&nbsp;nab\u00edzen\u00ed se nap\u0159. jako objekt zaj\u00edmav\u00fd pro fotografov\u00e1n\u00ed.<\/p>\r\n<p><strong><br \/>\r\nM\u00edsta v\u00a0Praze 7, kde je provozov\u00e1n\u00ed pouli\u010dn\u00ed ve\u0159ejn\u00e9 um\u011bleck\u00e9 produkce zak\u00e1z\u00e1no<\/strong>:<br \/>\r\n&#8211; <strong>obecn\u011b<\/strong>:<\/p>\r\n<ul>\r\n\t<li>na d\u011btsk\u00fdch h\u0159i\u0161t\u00edch,<\/li>\r\n\t<li>u kostel\u016f nebo jin\u00fdch modliteben v&nbsp;dob\u011b bohoslu\u017eeb a&nbsp;bezprost\u0159edn\u011b p\u0159ed a&nbsp;po jejich kon\u00e1n\u00ed,<\/li>\r\n\t<li>u \u0161kol (mimo sobot, ned\u011bl\u00ed, st\u00e1tn\u00edch sv\u00e1tk\u016f a&nbsp;\u0161koln\u00edch pr\u00e1zdnin),<\/li>\r\n\t<li>u zdravotnick\u00fdch za\u0159\u00edzen\u00ed,<\/li>\r\n\t<li>v prostoru n\u00e1stupn\u00edch ostr\u016fvk\u016f nebo samostatn\u00fdch n\u00e1stupi\u0161\u0165 ve\u0159ejn\u00e9 dopravy,\u00a0<\/li>\r\n<\/ul>\r\n<p>&#8211; <strong>specificky<\/strong>:<\/p>\r\n<ul>\r\n\t<li>Letensk\u00e9 n\u00e1m\u011bst\u00ed<\/li>\r\n\t<li>park v&nbsp;ulici Tusarova, \u010d. parc. 2316\/1,2 a&nbsp;2316\/5,6, kat. \u00fazem\u00ed Hole\u0161ovice.<\/li>\r\n<\/ul>\r\n<hr \/>\r\n<p><strong>Pouli\u010dn\u00ed ve\u0159ejnou um\u011bleckou produkci lze obecn\u011b provozovat v&nbsp;\u010dasov\u00e9m rozp\u011bt\u00ed: denn\u011b od 9.00 do 21.00 hodin.<\/strong><\/p>\r\n<hr \/>\r\n<p><strong>P\u0159i provozov\u00e1n\u00ed pouli\u010dn\u00ed ve\u0159ejn\u00e9 um\u011bleck\u00e9 produkce lze zabrat plochu<\/strong>:<\/p>\r\n<ul>\r\n\t<li>jeden provozovatel &#8211; plochu ne v\u011bt\u0161\u00ed ne\u017e 2 m2,.<\/li>\r\n\t<li>v\u00edce provozovatel\u016f sou\u010dasn\u011b &#8211; plochu ne v\u011bt\u0161\u00ed ne\u017e 12 m2,<\/li>\r\n\t<li>po ukon\u010den\u00ed pouli\u010dn\u00ed um\u011bleck\u00e9 ve\u0159ejn\u00e9 produkce mus\u00ed b\u00fdt p\u0159edm\u011bty slou\u017e\u00edc\u00ed k\u00a0jej\u00edmu v\u00fdkonu (hudebn\u00ed n\u00e1stroje, p\u00f3dia, atp.), z\u00a0pozemn\u00ed komunikace odstran\u011bny, na pozemn\u00ed komunikaci mohou b\u00fdt um\u00edst\u011bny pouze po dobu v\u00fdkonu produkce. Jeliko\u017e po jej\u00edm ukon\u010den\u00ed se ji\u017e jej\u00ed provozovatel nenach\u00e1z\u00ed v&nbsp;re\u017eimu vyhl\u00e1\u0161ky, pokud tam tyto v\u011bci z\u016fstanou i&nbsp;nad\u00e1le um\u00edst\u011bny, m\u011bl by m\u00edt k&nbsp;tomuto povolen\u00ed od p\u0159\u00edslu\u0161n\u00e9ho silni\u010dn\u00edho spr\u00e1vn\u00edho org\u00e1nu,<\/li>\r\n\t<li>provozovatel pouli\u010dn\u00ed um\u011bleck\u00e9 ve\u0159ejn\u00e9 produkce nesm\u00ed omezovat pr\u016fchod chodc\u016f, vstup do budov a&nbsp;vstup ke vchod\u016fm do metra,<\/li>\r\n\t<li>pokud by cht\u011bl provozovatel zabrat plochu v\u011bt\u0161\u00ed, ne\u017e je stanoveno, m\u011bl by se obr\u00e1tit na p\u0159\u00edslu\u0161n\u00fd silni\u010dn\u00ed spr\u00e1vn\u00ed \u00fa\u0159ad<\/li>\r\n<\/ul>\r\n<hr \/>\r\n<p>V\u00fd\u0161e uveden\u00e9 informace poskytuj\u00ed pouze obecn\u00fd a&nbsp;z\u00e1kladn\u00ed vhled do problematiky. Kompletn\u00ed a&nbsp;podrobn\u00e9 informace naleznete v\u00a0odkazu <a href=\"https:\/\/praha.eu\/web\/kultura\/poulicni-umelecke-verejne-produkce\" target=\"_blank\" rel=\"noopener\">Pouli\u010dn\u00ed um\u011bleck\u00e9 ve\u0159ejn\u00e9 produkce &#8211; busking<\/a><\/p>\r\n<p>&nbsp;<\/p>\r\n        <div class=\"collapse-block\">\r\n            <div class=\"card-header\" role=\"tab\" id=\"headingbcb1e5ffea2e1d30b6b29229f8862ce73923581d\">\r\n                                    <h3 class=\"mb-0\">\r\n                        <a data-toggle=\"collapse\" href=\"#collapsebcb1e5ffea2e1d30b6b29229f8862ce73923581d\" aria-controls=\"collapsebcb1e5ffea2e1d30b6b29229f8862ce73923581d\">\r\n                            Pr\u00e1vn\u00ed p\u0159edpisy                            <i class=\"fa fa-2x fa-angle-down\" aria-hidden=\"true\"><\/i>\r\n                        <\/a>\r\n                    <\/h3>\r\n                                \r\n            <\/div>\r\n\r\n            <div id=\"collapsebcb1e5ffea2e1d30b6b29229f8862ce73923581d\" class=\"collapse\" data-id=\"bcb1e5ffea2e1d30b6b29229f8862ce73923581d\" role=\"tabpanel\" aria-labelledby=\"headingbcb1e5ffea2e1d30b6b29229f8862ce73923581d\">\r\n                <div class=\"card-block\">\r\n    \r\n<ul>\r\n\t<li>Obecn\u011b z\u00e1vazn\u00e1 <a href=\"https:\/\/www.praha.eu\/jnp\/cz\/o_meste\/vyhlasky_a_narizeni\/vyhledavani_v_pravnich_predpisech\/obecne_zavazna_vyhlaska_c_13_2019_sb_hl.html\">vyhl\u00e1\u0161ka \u010d. 13\/2019 Sb. hl. m. Prahy<\/a>, kterou se m\u011bn\u00ed obecn\u011b z\u00e1vazn\u00e1 vyhl\u00e1\u0161ka \u010d. 1\/2016 Sb. hl. m. Prahy, o&nbsp;omezuj\u00edc\u00edch opat\u0159en\u00edch k&nbsp;zabezpe\u010den\u00ed m\u00edstn\u00edch z\u00e1le\u017eitost\u00ed ve\u0159ejn\u00e9ho po\u0159\u00e1dku v&nbsp;souvislosti s&nbsp;provozov\u00e1n\u00edm pouli\u010dn\u00ed um\u011bleck\u00e9 ve\u0159ejn\u00e9 produkce na ve\u0159ejn\u011b p\u0159\u00edstupn\u00fdch m\u00edstech<\/li>\r\n\t<li>provozovatel pouli\u010dn\u00ed um\u011bleck\u00e9 ve\u0159ejn\u00e9 produkce je povinen dodr\u017eovat i&nbsp;ostatn\u00ed platn\u00e9 pr\u00e1vn\u00ed p\u0159edpisy (nap\u0159. z\u00e1kon \u010d. 133\/1985 Sb., o&nbsp;po\u017e\u00e1rn\u00ed ochran\u011b, ve zn\u011bn\u00ed pozd\u011bj\u0161\u00edch p\u0159edpis\u016f, z\u00e1kon \u010d. 13\/1997 Sb., o&nbsp;pozemn\u00edch komunikac\u00edch, ve zn\u011bn\u00ed pozd\u011bj\u0161\u00edch p\u0159edpis\u016f, z\u00e1kon \u010d. 121\/2000 Sb., autorsk\u00fd z\u00e1kon, ve zn\u011bn\u00ed pozd\u011bj\u0161\u00edch p\u0159edpis\u016f).<\/li>\r\n<\/ul>\r\n                <\/div>\r\n            <\/div>\r\n        <\/div>\r\n    ","protected":false},"excerpt":{"rendered":"[perex] Pouli\u010dn\u00ed um\u011bleckou ve\u0159ejnou produkc\u00ed se rozum\u00ed provozov\u00e1n\u00ed \u017eiv\u00e9 um\u011bleck\u00e9 vystoupen\u00ed, zejm\u00e9na akustick\u00e9, divadeln\u00ed a&nbsp;artistick\u00e9, provozovan\u00e9 na ve\u0159ejn\u011b p\u0159\u00edstupn\u00fdch m\u00edstech. Pouli\u010dn\u00ed um\u011bleckou ve\u0159ejnou produkc\u00ed nejsou ve\u0159ejn\u00e1 vystoupen\u00ed zv\u00ed\u0159at. Pouli\u010dn\u00ed um\u011bleckou ve\u0159ejnou produkci lze provozovat pouze na ve\u0159ejn\u011b p\u0159\u00edstupn\u00fdch m\u00edstech pod \u0161ir\u00fdm nebem. [\/perex] Za pouli\u010dn\u00ed um\u011bleckou ve\u0159ejnou produkci se pova\u017euje \u017eiv\u00e9 um\u011bleck\u00e9 vystoupen\u00ed, tzn. mus\u00ed [&hellip;]","protected":false},"author":76,"featured_media":0,"parent":5936,"menu_order":0,"comment_status":"closed","ping_status":"closed","template":"","meta":[],"_links":{"self":[{"href":"https:\/\/www.praha7.cz\/api\/wp\/v2\/pages\/45919"}],"collection":[{"href":"https:\/\/www.praha7.cz\/api\/wp\/v2\/pages"}],"about":[{"href":"https:\/\/www.praha7.cz\/api\/wp\/v2\/types\/page"}],"author":[{"embeddable":true,"href":"https:\/\/www.praha7.cz\/api\/wp\/v2\/users\/76"}],"replies":[{"embeddable":true,"href":"https:\/\/www.praha7.cz\/api\/wp\/v2\/comments?post=45919"}],"version-history":[{"count":9,"href":"https:\/\/www.praha7.cz\/api\/wp\/v2\/pages\/45919\/revisions"}],"predecessor-version":[{"id":75810,"href":"https:\/\/www.praha7.cz\/api\/wp\/v2\/pages\/45919\/revisions\/75810"}],"up":[{"embeddable":true,"href":"https:\/\/www.praha7.cz\/api\/wp\/v2\/pages\/5936"}],"wp:attachment":[{"href":"https:\/\/www.praha7.cz\/api\/wp\/v2\/media?parent=45919"}],"curies":[{"name":"wp","href":"https:\/\/api.w.org\/{rel}","templated":true}]}}