    
{"id":457,"date":"2017-06-28T04:55:14","date_gmt":"2017-06-28T02:55:14","guid":{"rendered":"https:\/\/praha7.cz\/?page_id=457"},"modified":"2024-02-01T13:59:17","modified_gmt":"2024-02-01T12:59:17","slug":"trvaly-pobyt","status":"publish","type":"page","link":"https:\/\/www.praha7.cz\/potrebuji-zaridit\/doklady\/trvaly-pobyt\/","title":{"rendered":"Trval\u00fd pobyt"},"content":{"rendered":"<p style=\"text-align: justify;\">[perex]<\/p>\r\n<p>M\u00edstem trval\u00e9ho pobytu se rozum\u00ed adresa v&nbsp;\u010cesk\u00e9 republice, kterou si ob\u010dan zvol\u00ed zpravidla v&nbsp;m\u00edst\u011b, kde m\u00e1 rodinu, rodi\u010de, byt nebo zam\u011bstn\u00e1n\u00ed. Po p\u0159est\u011bhov\u00e1n\u00ed se trval\u00fd pobyt p\u0159ihla\u0161uje v&nbsp;nov\u00e9m m\u00edst\u011b na obecn\u00edm \u00fa\u0159ad\u011b, v&nbsp;Praze na \u00fa\u0159adech v\u0161ech 57 m\u011bstsk\u00fdch \u010d\u00e1st\u00ed. Na \u00fa\u0159ad\u011b m\u016f\u017eete tak\u00e9 ohl\u00e1sit ukon\u010den\u00ed trval\u00e9ho pobytu na \u00fazem\u00ed \u010cesk\u00e9 republiky nebo si vy\u0159\u00eddit tzv. doru\u010dovac\u00ed adresu (pokud si p\u0159ejete doru\u010dovat p\u00edsemnosti na adresu odli\u0161nou od m\u00edsta trval\u00e9ho pobytu).<\/p>\r\n<p style=\"text-align: justify;\">[\/perex]<\/p>\r\n<p style=\"text-align: justify;\">\n    <div class=\"container-fluid guide-links-list guidelist\">\n        <div class=\"guidelist-container col-xs-12 col-md-6 grey-border-box\">\n            <h3><a href=\"https:\/\/www.praha7.cz\/potrebuji-zaridit\/doklady\/trvaly-pobyt\/obcan-nad-15-let\/\">P\u0159ihl\u00e1\u0161en\u00ed ob\u010dana nad 15 let<\/a><\/h3>\n            <h3><a href=\"https:\/\/www.praha7.cz\/potrebuji-zaridit\/doklady\/trvaly-pobyt\/prihlaseni-deti\/\">P\u0159ihl\u00e1\u0161en\u00ed d\u00edt\u011bte do\u00a015 let<\/a><\/h3>\n            <h3><a href=\"https:\/\/www.praha7.cz\/potrebuji-zaridit\/doklady\/trvaly-pobyt\/dorucovaci-adresa\/\">Doru\u010dovac\u00ed adresa<\/a><\/h3>\n            <h3><a href=\"https:\/\/www.praha7.cz\/potrebuji-zaridit\/doklady\/trvaly-pobyt\/ukonceni-trvaleho-pobytu-v-cr\/\">Ukon\u010den\u00ed pobytu v \u010cR<\/a><\/h3>\n        <\/div>\n    <\/div>   \n\n<\/p>\r\n<div class=\"shortcode-container container-fluid no-bottom-padding division-detail  \"> \n    <div class=\"row\">\n\t\t <div class=\"row div-dept\">\n            <div class=\"col-xs-12 col-md-7 contact-info\">\n                <h4>Kontakt<\/h4>\n                <span>\n                    \u00da\u0159ad m\u011bstsk\u00e9 \u010d\u00e1sti Praha 7\n                <\/span><br>\n                <span>\n                    Odbor spr\u00e1vn\u00edch agend - odd\u011blen\u00ed doklad\u016f a evidence obyvatel\n                <\/span><br>\n                    <span>\n                        U Pr\u016fhonu 1338\/38\n                    <\/span><br>\n                    <span>\n                        Praha 7\n                    <\/span><br>\n                \n                \n            <\/div>\n                <div class=\"col-xs-12 col-md-5 text-center\">\n                    <a href=\"https:\/\/www.praha7.cz\/objednat-online\" class=\"btn btn-block\">Objednat online<\/a>\n                <\/div>\n        <\/div>\n    <\/div>\n<\/div>\r\n\n<div class=\"shortcode-container no-bottom-padding  \">    \n\t<div class=\"row\">\n\t\t<div class=\"col-xs-12 col-md-7\">\n\t\t\t<h3>\u00da\u0159edn\u00ed hodiny \u2013 Odd\u011blen\u00ed doklad\u016f a evidence obyvatel, U Pr\u016fhonu 1338\/38<\/h3>\n\t\t<\/div>\n\t<\/div>\n\t\t<div class=\"row\">\n\t\t\t<div class=\"col-xs-12 col-sm-4 col-md-3\">\n\t\t\t\t<span>pond\u011bl\u00ed a st\u0159eda<\/span>\n\t\t\t<\/div>\n\t\t\t\t<div class=\"col-xs-6 col-sm-4 col-md-3\">\n\t\t\t\t\t<span>7.30\u201312.00<\/span>\n\t\t\t\t<\/div>\n\t\t\t\t\t<div class=\"col-xs-6 col-sm-4 col-md-3\">\n\t\t\t\t\t\t<span>13.00\u201318.00<\/span>\n\t\t\t\t\t<\/div>\n\t\t<\/div>\n\t\t<div class=\"row\">\n\t\t\t<div class=\"col-xs-12 col-sm-4 col-md-3\">\n\t\t\t\t<span>\u00fater\u00fd a \u010dtvrtek<\/span>\n\t\t\t<\/div>\n\t\t\t\t<div class=\"col-xs-6 col-sm-4 col-md-3\">\n\t\t\t\t\t<span>7.30\u201312.00<\/span>\n\t\t\t\t<\/div>\n\t\t\t\t\t<div class=\"col-xs-6 col-sm-4 col-md-3\">\n\t\t\t\t\t\t<span>13.00\u201314.00<\/span>\n\t\t\t\t\t<\/div>\n\t\t<\/div>\n\t<div class=\"row\">\n\t\t<div class=\"col-xs-12 col-md-12 office_hours_info\">\n\t\t\tPosledn\u00ed p\u0159\u00edjem \u017e\u00e1dost\u00ed pro odbaven\u00ed je 30 minut p\u0159ed koncem \u00fa\u0159edn\u00edch hodin.\n\n\t\t<\/div>\t\n\t<\/div>\n<\/div>\r\n<p>Pro ka\u017ed\u00fd po\u017eadovan\u00fd \u00fakon je nutn\u00e9 m\u00edt zvl\u00e1\u0161tn\u00ed po\u0159adov\u00e9 \u010d\u00edslo.<\/p>\r\n<div class=\"shortcode-container container-fluid no-bottom-padding \">\n\t<div class=\"row shortcode-row no-bottom-border\">\n\t\t <div class=\"row contact-item\">\n\t\t\t<div class=\"col-xs-4 col-md-2 contact-photo\">\t\t\n\t\t\t\t<img src=\"https:\/\/www.praha7.cz\/wp-content\/uploads\/2018\/07\/stepanka-koziskova-400x400.jpg\" alt=\"placeholder\">\n\t\t\t<\/div>\n\t\t\t<div class=\"col-xs-8 col-md-5 contact-info\">\n\t\t\t\t<h3>Ko\u017e\u00ed\u0161kov\u00e1 \u0160t\u011bp\u00e1nka<\/h3>\n\t\t\t\t<span>vedouc\u00ed odd\u011blen\u00ed<\/span><br>\n\t\t\t\t<span>dve\u0159e 1.08\/1.08a<\/span><br>\n\t\t\t\t<span>tel. <a>+420220144210<\/a><\/span><br>\n                \n\t\t\t\t<a href=\"mailto:koziskovas@praha7.cz\">koziskovas@praha7.cz<\/a><br>\n\t\t\t<\/div>\n\t\t<\/div>\n\t<\/div>\n<\/div>\r\n<p style=\"text-align: justify;\"><strong>Z\u00e1konn\u00e1 \u00faprava<\/strong><\/p>\r\n<p style=\"text-align: justify;\">Ob\u010dan m\u016f\u017ee m\u00edt jen jedno m\u00edsto trval\u00e9ho pobytu na \u00fazem\u00ed \u010cesk\u00e9 republiky, a&nbsp;to v&nbsp;objektu ur\u010den\u00e9m pro bydlen\u00ed, ubytov\u00e1n\u00ed nebo individu\u00e1ln\u00ed rekreaci (mus\u00ed b\u00fdt ozna\u010den \u010d\u00edslem popisn\u00fdm nebo eviden\u010dn\u00edm).<\/p>\r\n<ul>\r\n\t<li style=\"text-align: justify;\"><a href=\"https:\/\/www.zakonyprolidi.cz\/cs\/2000-133\" target=\"_blank\" rel=\"noopener\">Z\u00e1kon \u010d. 133\/2000 Sb.<\/a>, o&nbsp;evidenci obyvatel a&nbsp;rodn\u00fdch \u010d\u00edslech a&nbsp;o&nbsp;zm\u011bn\u011b n\u011bkter\u00fdch z\u00e1kon\u016f<\/li>\r\n\t<li style=\"text-align: justify;\"><a href=\"https:\/\/www.zakonyprolidi.cz\/cs\/2004-296\" target=\"_blank\" rel=\"noopener\">Vyhl\u00e1\u0161ka \u010d. 296\/2004 Sb.<\/a>, kterou se prov\u00e1d\u00ed z\u00e1kon o&nbsp;evidenci obyvatel<\/li>\r\n<\/ul>\r\n<p style=\"text-align: justify;\"><br \/>\r\n<strong>Dopl\u0148uj\u00edc\u00ed z\u00e1kony a&nbsp;p\u0159edpisy:<\/strong><\/p>\r\n<ul>\r\n\t<li style=\"text-align: justify;\"><a href=\"https:\/\/www.zakonyprolidi.cz\/cs\/2004-634\" target=\"_blank\" rel=\"noopener\">Z\u00e1kon \u010d. 634\/2004 Sb.<\/a>, o&nbsp;spr\u00e1vn\u00edch poplatc\u00edch<\/li>\r\n\t<li style=\"text-align: justify;\"><a href=\"https:\/\/www.zakonyprolidi.cz\/cs\/2004-500\" target=\"_blank\" rel=\"noopener\">Z\u00e1kon \u010d. 500\/2004 Sb.<\/a>, spr\u00e1vn\u00ed \u0159\u00e1d<\/li>\r\n\t<li style=\"text-align: justify;\"><a href=\"https:\/\/www.zakonyprolidi.cz\/cs\/2009-111\" target=\"_blank\" rel=\"noopener\">Z\u00e1kon \u010d. 111\/2009 Sb.<\/a>, o&nbsp;z\u00e1kladn\u00edch registrech<\/li>\r\n\t<li style=\"text-align: justify;\"><a href=\"http:\/\/www.mvcr.cz\/clanek\/zakon-c-227-2000-sb-o-elektronickem-podpisu.aspx\" target=\"_blank\" rel=\"noopener\">Z\u00e1kon \u010d. 227\/2000 Sb.<\/a>, o&nbsp;elektronick\u00e9m podpisu<\/li>\r\n<\/ul>\r\n<p>&nbsp;<\/p>","protected":false},"excerpt":{"rendered":"[perex] M\u00edstem trval\u00e9ho pobytu se rozum\u00ed adresa v&nbsp;\u010cesk\u00e9 republice, kterou si ob\u010dan zvol\u00ed zpravidla v&nbsp;m\u00edst\u011b, kde m\u00e1 rodinu, rodi\u010de, byt nebo zam\u011bstn\u00e1n\u00ed. Po p\u0159est\u011bhov\u00e1n\u00ed se trval\u00fd pobyt p\u0159ihla\u0161uje v&nbsp;nov\u00e9m m\u00edst\u011b na obecn\u00edm \u00fa\u0159ad\u011b, v&nbsp;Praze na \u00fa\u0159adech v\u0161ech 57 m\u011bstsk\u00fdch \u010d\u00e1st\u00ed. Na \u00fa\u0159ad\u011b m\u016f\u017eete tak\u00e9 ohl\u00e1sit ukon\u010den\u00ed trval\u00e9ho pobytu na \u00fazem\u00ed \u010cesk\u00e9 republiky nebo si vy\u0159\u00eddit [&hellip;]","protected":false},"author":2,"featured_media":7926,"parent":236,"menu_order":0,"comment_status":"closed","ping_status":"closed","template":"","meta":[],"_links":{"self":[{"href":"https:\/\/www.praha7.cz\/api\/wp\/v2\/pages\/457"}],"collection":[{"href":"https:\/\/www.praha7.cz\/api\/wp\/v2\/pages"}],"about":[{"href":"https:\/\/www.praha7.cz\/api\/wp\/v2\/types\/page"}],"author":[{"embeddable":true,"href":"https:\/\/www.praha7.cz\/api\/wp\/v2\/users\/2"}],"replies":[{"embeddable":true,"href":"https:\/\/www.praha7.cz\/api\/wp\/v2\/comments?post=457"}],"version-history":[{"count":29,"href":"https:\/\/www.praha7.cz\/api\/wp\/v2\/pages\/457\/revisions"}],"predecessor-version":[{"id":73383,"href":"https:\/\/www.praha7.cz\/api\/wp\/v2\/pages\/457\/revisions\/73383"}],"up":[{"embeddable":true,"href":"https:\/\/www.praha7.cz\/api\/wp\/v2\/pages\/236"}],"wp:featuredmedia":[{"embeddable":true,"href":"https:\/\/www.praha7.cz\/api\/wp\/v2\/media\/7926"}],"wp:attachment":[{"href":"https:\/\/www.praha7.cz\/api\/wp\/v2\/media?parent=457"}],"curies":[{"name":"wp","href":"https:\/\/api.w.org\/{rel}","templated":true}]}}